{"id":1259289,"date":"2025-07-09T05:52:38","date_gmt":"2025-07-09T05:52:38","guid":{"rendered":"https:\/\/talkpal.ai\/vocabulary\/att-prata-om-klimat-pa-armeniska\/"},"modified":"2025-07-09T05:52:38","modified_gmt":"2025-07-09T05:52:38","slug":"att-prata-om-klimat-pa-armeniska","status":"publish","type":"vocabulary","link":"https:\/\/talkpal.ai\/sv\/vocabulary\/att-prata-om-klimat-pa-armeniska\/","title":{"rendered":"Att prata om klimat p\u00e5 armeniska"},"content":{"rendered":"<p>Att <a href=\"https:\/\/talkpal.ai\/locations\/language-courses-in-prata\/\">prata<\/a> om klimatf\u00f6r\u00e4ndringar p\u00e5 <a href=\"https:\/\/talkpal.ai\/learn-armenian\/\">armeniska<\/a> kan vara b\u00e5de en utmaning och en m\u00f6jlighet f\u00f6r spr\u00e5kinl\u00e4rare och milj\u00f6engagerade. Klimatfr\u00e5gor \u00e4r globala och komplexa, och att kunna diskutera dem p\u00e5 olika spr\u00e5k, inklusive armeniska, fr\u00e4mjar inte bara medvetenhet utan ocks\u00e5 internationellt samarbete. Med plattformar som <a href=\"https:\/\/talkpal.ai\/ko\/ai-%ec%96%b8%ec%96%b4-%ea%b5%90%ec%82%ac\/\">Talkpal<\/a> blir det enklare att l\u00e4ra sig nya spr\u00e5k och samtidigt f\u00f6rdjupa sig i viktiga \u00e4mnen som klimatf\u00f6r\u00e4ndringar. I denna artikel g\u00e5r vi igenom hur man kan prata om klimat p\u00e5 armeniska, viktiga milj\u00f6termer, samt tips f\u00f6r effektiv <a href=\"https:\/\/talkpal.ai\/sv\/hur-lar-man-sig-ett-sprak-via-talkpal-chat\/\">spr\u00e5kinl\u00e4rning<\/a> kopplat till klimatdiskussioner.<\/p>\n<h2>Varf\u00f6r \u00e4r det viktigt att prata om klimat p\u00e5 armeniska?<\/h2>\n<p>Armenien, liksom m\u00e5nga andra l\u00e4nder, p\u00e5verkas av klimatf\u00f6r\u00e4ndringar med konsekvenser som torka, f\u00f6r\u00e4ndrade nederb\u00f6rdsm\u00f6nster och hot mot biodiversitet. Att kunna diskutera dessa fr\u00e5gor p\u00e5 armeniska g\u00f6r det m\u00f6jligt f\u00f6r lokalbefolkningen att engagera sig mer aktivt i milj\u00f6fr\u00e5gor. Dessutom kan de som l\u00e4r sig armeniska bidra till att sprida kunskap om klimat och h\u00e5llbarhet inom armenisktalande samh\u00e4llen.<\/p>\n<h3>Klimatf\u00f6r\u00e4ndringar i Armenien<\/h3>\n<p>&#8211; Temperatur\u00f6kningar med i genomsnitt 1,5\u00b0C under de senaste decennierna.<br \/>\n&#8211; Minskad vattenresurs tillg\u00e5ng, s\u00e4rskilt i torra omr\u00e5den.<br \/>\n&#8211; \u00d6kad risk f\u00f6r skogsbr\u00e4nder och jorderosion.<br \/>\n&#8211; P\u00e5verkan p\u00e5 jordbruket, som \u00e4r en viktig n\u00e4ring i Armenien.<\/p>\n<p>Denna milj\u00f6utmaning g\u00f6r det extra relevant att utveckla ett rikt vokabul\u00e4r och en god f\u00f6rm\u00e5ga att diskutera klimatfr\u00e5gor p\u00e5 armeniska.<\/p>\n<h2>Viktiga armeniska klimat- och milj\u00f6termer<\/h2>\n<p>Att l\u00e4ra sig klimatrelaterade ord p\u00e5 armeniska \u00e4r ett f\u00f6rsta steg f\u00f6r att kunna f\u00f6ra meningsfulla samtal. H\u00e4r \u00e4r n\u00e5gra nyckelord och uttryck:<\/p>\n<ul>\n<li><strong>\u053f\u056c\u056b\u0574\u0561 (Klima)<\/strong> \u2013 Klimat<\/li>\n<li><strong>\u053f\u056c\u056b\u0574\u0561\u0575\u0561\u056f\u0561\u0576 \u0583\u0578\u0583\u0578\u056d\u0578\u0582\u0569\u0575\u0578\u0582\u0576\u0576\u0565\u0580 (Klimayakan poxvacutyunner)<\/strong> \u2013 Klimatf\u00f6r\u00e4ndringar<\/li>\n<li><strong>\u054f\u0561\u0584\u0561\u0581\u0578\u0582\u0574 (Takatsum)<\/strong> \u2013 Uppv\u00e4rmning<\/li>\n<li><strong>\u053c\u0565\u057c\u0576\u0561\u0575\u056b\u0576 \u0563\u0578\u057f\u056b (Lernayin goti)<\/strong> \u2013 Bergsomr\u00e5de<\/li>\n<li><strong>\u0532\u0576\u0561\u057a\u0561\u0570\u057a\u0561\u0576\u0578\u0582\u0569\u0575\u0578\u0582\u0576 (Bnapahpanut\u2019yun)<\/strong> \u2013 Milj\u00f6skydd<\/li>\n<li><strong>\u0537\u056f\u0578\u056c\u0578\u0563\u056b\u0561 (Ekologia)<\/strong> \u2013 Ekologi<\/li>\n<li><strong>\u0540\u0578\u0572 (Hogh)<\/strong> \u2013 Jord<\/li>\n<li><strong>\u054e\u0565\u0580\u0561\u056f\u0561\u0576\u0563\u0576\u057e\u0578\u0572 \u0567\u0576\u0565\u0580\u0563\u056b\u0561 (Verakangnvox energiia)<\/strong> \u2013 F\u00f6rnybar energi<\/li>\n<li><strong>\u0532\u0576\u0578\u0582\u0569\u0575\u0561\u0576 \u057a\u0561\u0577\u0561\u0580\u0576\u0565\u0580 (Bnutiun pasharner)<\/strong> \u2013 Naturresurser<\/li>\n<li><strong>\u053f\u0561\u0575\u0578\u0582\u0576 \u0566\u0561\u0580\u0563\u0561\u0581\u0578\u0582\u0574 (Kayun zargatsum)<\/strong> \u2013 H\u00e5llbar utveckling<\/li>\n<\/ul>\n<h3>Exempel p\u00e5 meningar om klimat p\u00e5 armeniska<\/h3>\n<p>Att kunna anv\u00e4nda dessa ord i meningar hj\u00e4lper till att bygga samtalsf\u00f6rm\u00e5ga:<\/p>\n<ul>\n<li>\u053f\u056c\u056b\u0574\u0561\u0575\u0561\u056f\u0561\u0576 \u0583\u0578\u0583\u0578\u056d\u0578\u0582\u0569\u0575\u0578\u0582\u0576\u0576\u0565\u0580\u0568 \u0561\u0566\u0564\u0578\u0582\u0574 \u0565\u0576 \u0574\u0565\u0580 \u056f\u0575\u0561\u0576\u0584\u056b \u057e\u0580\u0561\u0589 (Klimayakan poxvacutyunnery azdum en mer kyanqi vra.) \u2013 Klimatf\u00f6r\u00e4ndringar p\u00e5verkar v\u00e5ra liv.<\/li>\n<li>\u0544\u0565\u0576\u0584 \u057a\u0565\u057f\u0584 \u0567 \u0585\u0563\u057f\u0561\u0563\u0578\u0580\u056e\u0565\u0576\u0584 \u057e\u0565\u0580\u0561\u056f\u0561\u0576\u0563\u0576\u057e\u0578\u0572 \u0567\u0576\u0565\u0580\u0563\u056b\u0561\u0589 (Menk\u2019 petq e ogtagorc\u2019enq verakangnvox energiia.) \u2013 Vi m\u00e5ste anv\u00e4nda f\u00f6rnybar energi.<\/li>\n<li>\u0532\u0576\u0561\u057a\u0561\u0570\u057a\u0561\u0576\u0578\u0582\u0569\u0575\u0578\u0582\u0576\u0568 \u056f\u0561\u0580\u0587\u0578\u0580 \u0567 \u0561\u057a\u0561\u0563\u0561\u0575\u056b \u0570\u0561\u0574\u0561\u0580\u0589 (Bnapahpanut\u2019yuny karavar e apagay hamar.) \u2013 Milj\u00f6skydd \u00e4r viktigt f\u00f6r framtiden.<\/li>\n<\/ul>\n<h2>Hur man l\u00e4r sig prata om klimat p\u00e5 armeniska effektivt<\/h2>\n<p>Att bem\u00e4stra klimatrelaterat ordf\u00f6rr\u00e5d och uttryck p\u00e5 armeniska kr\u00e4ver en strategisk inl\u00e4rningsmetod. H\u00e4r \u00e4r n\u00e5gra tips f\u00f6r att lyckas:<\/p>\n<h3>Anv\u00e4nd spr\u00e5kinl\u00e4rningsplattformar som Talkpal<\/h3>\n<p>Talkpal \u00e4r en interaktiv <a href=\"https:\/\/talkpal.ai\/es\/descargar-la-aplicacion-talkpal-para-android-e-ios\/\">app<\/a> som kopplar ihop spr\u00e5kinl\u00e4rare med modersm\u00e5lstalare genom samtal. F\u00f6r dem som vill l\u00e4ra sig prata om klimat p\u00e5 armeniska erbjuder Talkpal m\u00f6jligheten att:<\/p>\n<ul>\n<li>\u00d6va vardagliga och specialiserade samtal om milj\u00f6 och klimat.<\/li>\n<li>F\u00e5 feedback p\u00e5 uttal och <a href=\"https:\/\/talkpal.ai\/fr\/les\/\">grammatik<\/a> i realtid.<\/li>\n<li>L\u00e4ra sig genom autentiska konversationer med armenisktalande.<\/li>\n<\/ul>\n<h3>Fokusera p\u00e5 kontext och anv\u00e4ndning<\/h3>\n<p>F\u00f6r att l\u00e4ra sig nya ord och uttryck \u00e4r det viktigt att se dem i sammanhang. L\u00e4s armeniska artiklar om klimat, titta p\u00e5 nyheter eller milj\u00f6relaterade videor, och f\u00f6rs\u00f6k att skriva egna meningar eller sm\u00e5 dialoger.<\/p>\n<h3>Skapa \u00e4mnesbaserade vokabul\u00e4rlistor<\/h3>\n<p>Samla ord inom kategorier som v\u00e4der, energi, natur, och milj\u00f6policy. Repetera och anv\u00e4nd dem regelbundet f\u00f6r att bef\u00e4sta kunskapen.<\/p>\n<h3>Delta i diskussionsgrupper och forum<\/h3>\n<p>S\u00f6k efter armenisktalande milj\u00f6- eller spr\u00e5kgrupper online d\u00e4r du kan \u00f6va att diskutera klimatfr\u00e5gor. Det ger b\u00e5de spr\u00e5ktr\u00e4ning och djupare f\u00f6rst\u00e5else f\u00f6r \u00e4mnet.<\/p>\n<h2>Klimatengagemang och spr\u00e5kinl\u00e4rning g\u00e5r hand i hand<\/h2>\n<p>Att prata om klimat p\u00e5 armeniska \u00e4r inte bara en spr\u00e5klig \u00f6vning utan ocks\u00e5 ett s\u00e4tt att bidra till \u00f6kad milj\u00f6medvetenhet. Genom att kombinera spr\u00e5kinl\u00e4rning med aktuella globala fr\u00e5gor blir inl\u00e4rningen mer motiverande och meningsfull. Armenisktalande samh\u00e4llen, b\u00e5de i Armenien och i diasporan, kan d\u00e4rmed f\u00e5 b\u00e4ttre f\u00f6ruts\u00e4ttningar att engagera sig i klimat\u00e5tg\u00e4rder.<\/p>\n<h3>S\u00e5 h\u00e4r kan du bidra<\/h3>\n<ul>\n<li>Dela kunskap om klimatf\u00f6r\u00e4ndringar p\u00e5 armeniska sociala medier.<\/li>\n<li><a href=\"https:\/\/talkpal.ai\/locations\/language-courses-in-delta\/\">Delta<\/a> i lokala milj\u00f6projekt och anv\u00e4nd armeniska f\u00f6r att kommunicera effektivt.<\/li>\n<li>Skapa eller \u00f6vers\u00e4tt informationsmaterial om klimat till armeniska.<\/li>\n<li>Anv\u00e4nd spr\u00e5kinl\u00e4rningsverktyg som Talkpal f\u00f6r att sprida klimatkunskap globalt.<\/li>\n<\/ul>\n<h2>Sammanfattning<\/h2>\n<p>Att prata om klimat p\u00e5 armeniska \u00e4r en viktig och givande f\u00e4rdighet, s\u00e4rskilt med tanke p\u00e5 Armeniens milj\u00f6utmaningar och globala klimatkriser. Genom att l\u00e4ra sig nyckelord, meningar och anv\u00e4nda digitala resurser som Talkpal kan man snabbt f\u00f6rb\u00e4ttra sin f\u00f6rm\u00e5ga att diskutera klimatfr\u00e5gor p\u00e5 armeniska. Denna kompetens st\u00e4rker b\u00e5de spr\u00e5kinl\u00e4rningen och klimatengagemanget \u2013 en kombination som \u00e4r avg\u00f6rande f\u00f6r framtiden. Oavsett om du \u00e4r spr\u00e5kstudent, milj\u00f6aktivist eller bara nyfiken, \u00e4r det ett utm\u00e4rkt m\u00e5l att kunna f\u00f6ra samtal om klimat p\u00e5 armeniska och d\u00e4rigenom bidra till en h\u00e5llbar v\u00e4rld.<\/p>\n","protected":false},"featured_media":1527790,"template":"","vocabulary_language":[4190],"class_list":["post-1259289","vocabulary","type-vocabulary","status-publish","has-post-thumbnail","hentry","vocabulary_language-kannada-sv"],"acf":[],"yoast_head":"<!-- This site is optimized with the Yoast SEO Premium plugin v27.2 (Yoast SEO v27.2) - https:\/\/yoast.com\/product\/yoast-seo-premium-wordpress\/ -->\n<title>Att prata om klimat p\u00e5 armeniska - Talkpal<\/title>\n<meta name=\"description\" content=\"Att prata om klimatf\u00f6r\u00e4ndringar p\u00e5 armeniska kan vara b\u00e5de en utmaning och en m\u00f6jlighet f\u00f6r spr\u00e5kinl\u00e4rare och milj\u00f6engagerade. Klimatfr\u00e5gor \u00e4r globala och\" \/>\n<meta name=\"robots\" content=\"index, follow, max-snippet:-1, max-image-preview:large, max-video-preview:-1\" \/>\n<link rel=\"canonical\" href=\"https:\/\/talkpal.ai\/sv\/vocabulary\/att-prata-om-klimat-pa-armeniska\/\" \/>\n<meta property=\"og:locale\" content=\"sv_SE\" \/>\n<meta property=\"og:type\" content=\"article\" \/>\n<meta property=\"og:title\" content=\"Att prata om klimat p\u00e5 armeniska\" \/>\n<meta property=\"og:description\" content=\"Att prata om klimatf\u00f6r\u00e4ndringar p\u00e5 armeniska kan vara b\u00e5de en utmaning och en m\u00f6jlighet f\u00f6r spr\u00e5kinl\u00e4rare och milj\u00f6engagerade. Klimatfr\u00e5gor \u00e4r globala och\" \/>\n<meta property=\"og:url\" content=\"https:\/\/talkpal.ai\/sv\/vocabulary\/att-prata-om-klimat-pa-armeniska\/\" \/>\n<meta property=\"og:site_name\" content=\"Talkpal\" \/>\n<meta property=\"article:publisher\" content=\"https:\/\/www.facebook.com\/profile.php?id=100090733639311\" \/>\n<meta property=\"og:image\" content=\"https:\/\/talkpal.ai\/wp-content\/uploads\/2024\/10\/talkpal_flat_illustration_of_a_employees_working_together_happi_c674ff77-e477-4e09-835a-01d30e561e99.png\" \/>\n\t<meta property=\"og:image:width\" content=\"1024\" \/>\n\t<meta property=\"og:image:height\" content=\"1024\" \/>\n\t<meta property=\"og:image:type\" content=\"image\/png\" \/>\n<meta name=\"twitter:card\" content=\"summary_large_image\" \/>\n<meta name=\"twitter:site\" content=\"@talkpalai\" \/>\n<meta name=\"twitter:label1\" content=\"Ber\u00e4knad l\u00e4stid\" \/>\n\t<meta name=\"twitter:data1\" content=\"4 minuter\" \/>\n<script type=\"application\/ld+json\" class=\"yoast-schema-graph\">{\"@context\":\"https:\/\/schema.org\",\"@graph\":[{\"@type\":\"WebPage\",\"@id\":\"https:\/\/talkpal.ai\/sv\/vocabulary\/att-prata-om-klimat-pa-armeniska\/\",\"url\":\"https:\/\/talkpal.ai\/sv\/vocabulary\/att-prata-om-klimat-pa-armeniska\/\",\"name\":\"Att prata om klimat p\u00e5 armeniska - Talkpal\",\"isPartOf\":{\"@id\":\"https:\/\/talkpal.ai\/sv\/#website\"},\"primaryImageOfPage\":{\"@id\":\"https:\/\/talkpal.ai\/sv\/vocabulary\/att-prata-om-klimat-pa-armeniska\/#primaryimage\"},\"image\":{\"@id\":\"https:\/\/talkpal.ai\/sv\/vocabulary\/att-prata-om-klimat-pa-armeniska\/#primaryimage\"},\"thumbnailUrl\":\"https:\/\/talkpal.ai\/wp-content\/uploads\/2025\/12\/man-visiting-cafe-to-learn-languages.webp\",\"datePublished\":\"2025-07-09T05:52:38+00:00\",\"description\":\"Att prata om klimatf\u00f6r\u00e4ndringar p\u00e5 armeniska kan vara b\u00e5de en utmaning och en m\u00f6jlighet f\u00f6r spr\u00e5kinl\u00e4rare och milj\u00f6engagerade. Klimatfr\u00e5gor \u00e4r globala och\",\"breadcrumb\":{\"@id\":\"https:\/\/talkpal.ai\/sv\/vocabulary\/att-prata-om-klimat-pa-armeniska\/#breadcrumb\"},\"inLanguage\":\"sv-SE\",\"potentialAction\":[{\"@type\":\"ReadAction\",\"target\":[\"https:\/\/talkpal.ai\/sv\/vocabulary\/att-prata-om-klimat-pa-armeniska\/\"]}]},{\"@type\":\"ImageObject\",\"inLanguage\":\"sv-SE\",\"@id\":\"https:\/\/talkpal.ai\/sv\/vocabulary\/att-prata-om-klimat-pa-armeniska\/#primaryimage\",\"url\":\"https:\/\/talkpal.ai\/wp-content\/uploads\/2025\/12\/man-visiting-cafe-to-learn-languages.webp\",\"contentUrl\":\"https:\/\/talkpal.ai\/wp-content\/uploads\/2025\/12\/man-visiting-cafe-to-learn-languages.webp\",\"width\":1200,\"height\":896,\"caption\":\"A man wears headphones while learning languages at a laptop in a city cafe.\"},{\"@type\":\"BreadcrumbList\",\"@id\":\"https:\/\/talkpal.ai\/sv\/vocabulary\/att-prata-om-klimat-pa-armeniska\/#breadcrumb\",\"itemListElement\":[{\"@type\":\"ListItem\",\"position\":1,\"name\":\"Homepage\",\"item\":\"https:\/\/talkpal.ai\/sv\/\"},{\"@type\":\"ListItem\",\"position\":2,\"name\":\"Att prata om klimat p\u00e5 armeniska\"}]},{\"@type\":\"WebSite\",\"@id\":\"https:\/\/talkpal.ai\/sv\/#website\",\"url\":\"https:\/\/talkpal.ai\/sv\/\",\"name\":\"Talkpal\",\"description\":\"AI Language Learning\",\"publisher\":{\"@id\":\"https:\/\/talkpal.ai\/sv\/#organization\"},\"alternateName\":\"Talkpal AI\",\"potentialAction\":[{\"@type\":\"SearchAction\",\"target\":{\"@type\":\"EntryPoint\",\"urlTemplate\":\"https:\/\/talkpal.ai\/sv\/?s={search_term_string}\"},\"query-input\":{\"@type\":\"PropertyValueSpecification\",\"valueRequired\":true,\"valueName\":\"search_term_string\"}}],\"inLanguage\":\"sv-SE\"},{\"@type\":\"Organization\",\"@id\":\"https:\/\/talkpal.ai\/sv\/#organization\",\"name\":\"Talkpal, Inc.\",\"alternateName\":\"Talkpal AI\",\"url\":\"https:\/\/talkpal.ai\/sv\/\",\"logo\":{\"@type\":\"ImageObject\",\"inLanguage\":\"sv-SE\",\"@id\":\"https:\/\/talkpal.ai\/sv\/#\/schema\/logo\/image\/\",\"url\":\"https:\/\/talkpal.ai\/wp-content\/uploads\/2024\/03\/Talkpal-Logo-Icon.png\",\"contentUrl\":\"https:\/\/talkpal.ai\/wp-content\/uploads\/2024\/03\/Talkpal-Logo-Icon.png\",\"width\":2880,\"height\":2880,\"caption\":\"Talkpal, Inc.\"},\"image\":{\"@id\":\"https:\/\/talkpal.ai\/sv\/#\/schema\/logo\/image\/\"},\"sameAs\":[\"https:\/\/www.facebook.com\/profile.php?id=100090733639311\",\"https:\/\/x.com\/talkpalai\",\"https:\/\/www.linkedin.com\/company\/talkpal\/\",\"https:\/\/www.youtube.com\/@TalkPal\/\",\"https:\/\/www.tiktok.com\/@talkpal\",\"https:\/\/www.instagram.com\/talkpal_ai\/\",\"https:\/\/www.crunchbase.com\/organization\/talkpal-9cde\",\"https:\/\/www.g2.com\/products\/talkpal-for-business\/\",\"https:\/\/www.trustpilot.com\/review\/talkpal.ai\",\"https:\/\/www.capterra.com\/p\/10006800\/TalkPal\/\"],\"description\":\"Talkpal is a language learning web and mobile education app, powered by the latest AI technologies, that provides engaging experiences to its customers in many different languages to help them improve their language skills. Users can chat about unlimited amount of topics with the app and use other modes to practice their language learning.\",\"email\":\"support@talkpal.ai\",\"legalName\":\"Talkpal, Inc.\",\"foundingDate\":\"2023-04-03\",\"duns\":\"118989042\",\"numberOfEmployees\":{\"@type\":\"QuantitativeValue\",\"minValue\":\"11\",\"maxValue\":\"50\"},\"publishingPrinciples\":\"https:\/\/talkpal.ai\/publishing-principles\/\",\"actionableFeedbackPolicy\":\"https:\/\/talkpal.ai\/actionable-feedback-policy\/\",\"correctionsPolicy\":\"https:\/\/talkpal.ai\/corrections-policy\/\",\"ethicsPolicy\":\"https:\/\/talkpal.ai\/ethics-policy\/\",\"diversityPolicy\":\"https:\/\/talkpal.ai\/diversity-policy\/\",\"diversityStaffingReport\":\"https:\/\/talkpal.ai\/diversity-policy\/\"}]}<\/script>\n<!-- \/ Yoast SEO Premium plugin. -->","yoast_head_json":{"title":"Att prata om klimat p\u00e5 armeniska - Talkpal","description":"Att prata om klimatf\u00f6r\u00e4ndringar p\u00e5 armeniska kan vara b\u00e5de en utmaning och en m\u00f6jlighet f\u00f6r spr\u00e5kinl\u00e4rare och milj\u00f6engagerade. Klimatfr\u00e5gor \u00e4r globala och","robots":{"index":"index","follow":"follow","max-snippet":"max-snippet:-1","max-image-preview":"max-image-preview:large","max-video-preview":"max-video-preview:-1"},"canonical":"https:\/\/talkpal.ai\/sv\/vocabulary\/att-prata-om-klimat-pa-armeniska\/","og_locale":"sv_SE","og_type":"article","og_title":"Att prata om klimat p\u00e5 armeniska","og_description":"Att prata om klimatf\u00f6r\u00e4ndringar p\u00e5 armeniska kan vara b\u00e5de en utmaning och en m\u00f6jlighet f\u00f6r spr\u00e5kinl\u00e4rare och milj\u00f6engagerade. Klimatfr\u00e5gor \u00e4r globala och","og_url":"https:\/\/talkpal.ai\/sv\/vocabulary\/att-prata-om-klimat-pa-armeniska\/","og_site_name":"Talkpal","article_publisher":"https:\/\/www.facebook.com\/profile.php?id=100090733639311","og_image":[{"width":1024,"height":1024,"url":"https:\/\/talkpal.ai\/wp-content\/uploads\/2024\/10\/talkpal_flat_illustration_of_a_employees_working_together_happi_c674ff77-e477-4e09-835a-01d30e561e99.png","type":"image\/png"}],"twitter_card":"summary_large_image","twitter_site":"@talkpalai","twitter_misc":{"Ber\u00e4knad l\u00e4stid":"4 minuter"},"schema":{"@context":"https:\/\/schema.org","@graph":[{"@type":"WebPage","@id":"https:\/\/talkpal.ai\/sv\/vocabulary\/att-prata-om-klimat-pa-armeniska\/","url":"https:\/\/talkpal.ai\/sv\/vocabulary\/att-prata-om-klimat-pa-armeniska\/","name":"Att prata om klimat p\u00e5 armeniska - Talkpal","isPartOf":{"@id":"https:\/\/talkpal.ai\/sv\/#website"},"primaryImageOfPage":{"@id":"https:\/\/talkpal.ai\/sv\/vocabulary\/att-prata-om-klimat-pa-armeniska\/#primaryimage"},"image":{"@id":"https:\/\/talkpal.ai\/sv\/vocabulary\/att-prata-om-klimat-pa-armeniska\/#primaryimage"},"thumbnailUrl":"https:\/\/talkpal.ai\/wp-content\/uploads\/2025\/12\/man-visiting-cafe-to-learn-languages.webp","datePublished":"2025-07-09T05:52:38+00:00","description":"Att prata om klimatf\u00f6r\u00e4ndringar p\u00e5 armeniska kan vara b\u00e5de en utmaning och en m\u00f6jlighet f\u00f6r spr\u00e5kinl\u00e4rare och milj\u00f6engagerade. Klimatfr\u00e5gor \u00e4r globala och","breadcrumb":{"@id":"https:\/\/talkpal.ai\/sv\/vocabulary\/att-prata-om-klimat-pa-armeniska\/#breadcrumb"},"inLanguage":"sv-SE","potentialAction":[{"@type":"ReadAction","target":["https:\/\/talkpal.ai\/sv\/vocabulary\/att-prata-om-klimat-pa-armeniska\/"]}]},{"@type":"ImageObject","inLanguage":"sv-SE","@id":"https:\/\/talkpal.ai\/sv\/vocabulary\/att-prata-om-klimat-pa-armeniska\/#primaryimage","url":"https:\/\/talkpal.ai\/wp-content\/uploads\/2025\/12\/man-visiting-cafe-to-learn-languages.webp","contentUrl":"https:\/\/talkpal.ai\/wp-content\/uploads\/2025\/12\/man-visiting-cafe-to-learn-languages.webp","width":1200,"height":896,"caption":"A man wears headphones while learning languages at a laptop in a city cafe."},{"@type":"BreadcrumbList","@id":"https:\/\/talkpal.ai\/sv\/vocabulary\/att-prata-om-klimat-pa-armeniska\/#breadcrumb","itemListElement":[{"@type":"ListItem","position":1,"name":"Homepage","item":"https:\/\/talkpal.ai\/sv\/"},{"@type":"ListItem","position":2,"name":"Att prata om klimat p\u00e5 armeniska"}]},{"@type":"WebSite","@id":"https:\/\/talkpal.ai\/sv\/#website","url":"https:\/\/talkpal.ai\/sv\/","name":"Talkpal","description":"AI Language Learning","publisher":{"@id":"https:\/\/talkpal.ai\/sv\/#organization"},"alternateName":"Talkpal AI","potentialAction":[{"@type":"SearchAction","target":{"@type":"EntryPoint","urlTemplate":"https:\/\/talkpal.ai\/sv\/?s={search_term_string}"},"query-input":{"@type":"PropertyValueSpecification","valueRequired":true,"valueName":"search_term_string"}}],"inLanguage":"sv-SE"},{"@type":"Organization","@id":"https:\/\/talkpal.ai\/sv\/#organization","name":"Talkpal, Inc.","alternateName":"Talkpal AI","url":"https:\/\/talkpal.ai\/sv\/","logo":{"@type":"ImageObject","inLanguage":"sv-SE","@id":"https:\/\/talkpal.ai\/sv\/#\/schema\/logo\/image\/","url":"https:\/\/talkpal.ai\/wp-content\/uploads\/2024\/03\/Talkpal-Logo-Icon.png","contentUrl":"https:\/\/talkpal.ai\/wp-content\/uploads\/2024\/03\/Talkpal-Logo-Icon.png","width":2880,"height":2880,"caption":"Talkpal, Inc."},"image":{"@id":"https:\/\/talkpal.ai\/sv\/#\/schema\/logo\/image\/"},"sameAs":["https:\/\/www.facebook.com\/profile.php?id=100090733639311","https:\/\/x.com\/talkpalai","https:\/\/www.linkedin.com\/company\/talkpal\/","https:\/\/www.youtube.com\/@TalkPal\/","https:\/\/www.tiktok.com\/@talkpal","https:\/\/www.instagram.com\/talkpal_ai\/","https:\/\/www.crunchbase.com\/organization\/talkpal-9cde","https:\/\/www.g2.com\/products\/talkpal-for-business\/","https:\/\/www.trustpilot.com\/review\/talkpal.ai","https:\/\/www.capterra.com\/p\/10006800\/TalkPal\/"],"description":"Talkpal is a language learning web and mobile education app, powered by the latest AI technologies, that provides engaging experiences to its customers in many different languages to help them improve their language skills. Users can chat about unlimited amount of topics with the app and use other modes to practice their language learning.","email":"support@talkpal.ai","legalName":"Talkpal, Inc.","foundingDate":"2023-04-03","duns":"118989042","numberOfEmployees":{"@type":"QuantitativeValue","minValue":"11","maxValue":"50"},"publishingPrinciples":"https:\/\/talkpal.ai\/publishing-principles\/","actionableFeedbackPolicy":"https:\/\/talkpal.ai\/actionable-feedback-policy\/","correctionsPolicy":"https:\/\/talkpal.ai\/corrections-policy\/","ethicsPolicy":"https:\/\/talkpal.ai\/ethics-policy\/","diversityPolicy":"https:\/\/talkpal.ai\/diversity-policy\/","diversityStaffingReport":"https:\/\/talkpal.ai\/diversity-policy\/"}]}},"_links":{"self":[{"href":"https:\/\/talkpal.ai\/sv\/wp-json\/wp\/v2\/vocabulary\/1259289","targetHints":{"allow":["GET"]}}],"collection":[{"href":"https:\/\/talkpal.ai\/sv\/wp-json\/wp\/v2\/vocabulary"}],"about":[{"href":"https:\/\/talkpal.ai\/sv\/wp-json\/wp\/v2\/types\/vocabulary"}],"wp:featuredmedia":[{"embeddable":true,"href":"https:\/\/talkpal.ai\/sv\/wp-json\/wp\/v2\/media\/1527790"}],"wp:attachment":[{"href":"https:\/\/talkpal.ai\/sv\/wp-json\/wp\/v2\/media?parent=1259289"}],"wp:term":[{"taxonomy":"vocabulary_language","embeddable":true,"href":"https:\/\/talkpal.ai\/sv\/wp-json\/wp\/v2\/vocabulary_language?post=1259289"}],"curies":[{"name":"wp","href":"https:\/\/api.w.org\/{rel}","templated":true}]}}