{"id":180676,"date":"2024-01-20T15:06:51","date_gmt":"2024-01-20T15:06:51","guid":{"rendered":"https:\/\/talkpal.ai\/grammar_exercises\/preterito-imperfecto-preterito-indefinido-ovningar-for-spansk-grammatik\/"},"modified":"2024-03-09T06:07:15","modified_gmt":"2024-03-09T06:07:15","slug":"preterito-imperfecto-preterito-indefinido-ovningar-for-spansk-grammatik","status":"publish","type":"grammar_exercises","link":"https:\/\/talkpal.ai\/sv\/grammar_exercises\/preterito-imperfecto-preterito-indefinido-ovningar-for-spansk-grammatik\/","title":{"rendered":"Pret\u00e9rito Imperfecto\/Pret\u00e9rito Indefinido \u00d6vningar f\u00f6r spansk grammatik"},"content":{"rendered":"<p>I <a href=\"https:\/\/talkpal.ai\/culture\/how-do-i-use-den-har-and-det-har\/\">den h\u00e4r<\/a> \u00f6vningsdelen kommer vi att fokusera p\u00e5 de tv\u00e5 f\u00f6rflutna tiderna i <a href=\"https:\/\/talkpal.ai\/sv\/kurser-i-spanska-spraket\/\">spanska spr\u00e5ket<\/a>: <a href=\"https:\/\/talkpal.ai\/es\/grammar\/el-preterito-imperfecto-una-guia-completa-y-detallada-de-la-gramatica-espanola\/\">Pret\u00e9rito Imperfecto<\/a> och Pret\u00e9rito Indefinido. Dessa tv\u00e5 tidsformer anv\u00e4nds f\u00f6r att beskriva h\u00e4ndelser som \u00e4gde rum i det f\u00f6rflutna, men de anv\u00e4nds p\u00e5 olika s\u00e4tt. Pret\u00e9rito <a href=\"https:\/\/talkpal.ai\/zh-hans\/grammar_exercises\/imperfecto-%e8%a5%bf%e7%8f%ad%e7%89%99%e8%af%ad%e6%b3%95%e7%bb%83%e4%b9%a0\/\">Imperfecto<\/a> brukar anv\u00e4ndas f\u00f6r att <a href=\"https:\/\/talkpal.ai\/locations\/language-courses-in-tala\/\">tala<\/a> om p\u00e5g\u00e5ende eller \u00e5terkommande h\u00e4ndelser i det f\u00f6rflutna, medan Pret\u00e9rito Indefinido anv\u00e4nds f\u00f6r att ber\u00e4tta om avslutade h\u00e4ndelser som h\u00e4nde vid en specifik tidpunkt.<\/p>\n<p>F\u00f6r att bem\u00e4stra de f\u00f6rflutna tiderna p\u00e5 <a href=\"https:\/\/talkpal.ai\/learn-spanish\/\">spanska<\/a> \u00e4r det viktigt att \u00f6va. D\u00e4rf\u00f6r har vi sammanst\u00e4llt \u00f6vningar som hj\u00e4lper dig att f\u00f6rst\u00e5 skillnaden mellan Pret\u00e9rito Imperfecto och Pret\u00e9rito Indefinido. Varje mening kr\u00e4ver att du fyller i r\u00e4tt form av verbet i det f\u00f6rflutna. Notera kontextledtr\u00e5darna som ger en indikation p\u00e5 vilken tid som ska anv\u00e4ndas.<\/p>\n<div class=\"input_sentences\">\n<h3>\u00d6vning 1: Fyll i r\u00e4tt form av Pret\u00e9rito Imperfecto<\/h3>\n<p>Cuando era ni\u00f1o, mi abuelo siempre me *contaba* (ber\u00e4tta) historias fascinantes.<\/p>\n<p>Las clases siempre *empezaban* (b\u00f6rja) a las ocho en punto.<\/p>\n<p>Mientras *viv\u00edamos* (bo) en <a href=\"https:\/\/talkpal.ai\/locations\/language-courses-in-madrid\/\">Madrid<\/a>, \u00edbamos a la plaza cada domingo.<\/p>\n<p>\u00bf*Jugabais* (spela) vosotros al f\u00fatbol despu\u00e9s de la escuela?<\/p>\n<p>Mi hermana *ten\u00eda* (ha) una mu\u00f1eca que se llamaba Rosita.<\/p>\n<p>La televisi\u00f3n *estaba* (vara) encendida, pero nadie la miraba.<\/p>\n<p>El gato *se sub\u00eda* (kl\u00e4ttra upp) al tejado todos los d\u00edas.<\/p>\n<p>Nosotros *\u00edbamos* (g\u00e5) al cine todos los viernes por la noche.<\/p>\n<p>Cuando *llov\u00eda* (regna), los ni\u00f1os se quedaban en casa.<\/p>\n<p>Todos los veranos *nos ba\u00f1\u00e1bamos* (bada) en ese r\u00edo.<\/p>\n<p>T\u00fa siempre *llevabas* (ha p\u00e5 sig) ese sombrero cuando sal\u00edas<\/p>\n<p>Antes, aqu\u00ed *hab\u00eda* (finnas) un parque de atracciones.<\/p>\n<p>El profesor *explicaba* (f\u00f6rklara) la lecci\u00f3n y los <a href=\"https:\/\/talkpal.ai\/talkpal-discount-for-students\/\">estudiantes<\/a> escuchaban.<\/p>\n<p>Mis amigos *hac\u00edan* (g\u00f6ra) una fiesta cada fin de semana.<\/p>\n<p>Cuando *tocaba* (spela) el piano, todo el mundo se callaba.<\/p>\n<\/div>\n<div class=\"exercise\"><\/div>\n<div class=\"input_sentences\">\n<h3>\u00d6vning 2: Fyll i r\u00e4tt form av Pret\u00e9rito Indefinido<\/h3>\n<p>Ayer *com\u00ed* (\u00e4ta) en un restaurante italiano.<\/p>\n<p>La semana pasada Juan *perdi\u00f3* (f\u00f6rlora) sus llaves.<\/p>\n<p>\u00bf*Fuiste* (g\u00e5) al concierto el mes pasado?<\/p>\n<p>Nosotros *vimos* (se) una pel\u00edcula muy interesante anoche.<\/p>\n<p>*Nac\u00ed* (f\u00f6das) el 23 de abril de 1990.<\/p>\n<p>*Termin\u00e9* (avsluta) el trabajo antes de las cinco.<\/p>\n<p>El a\u00f1o pasado ellos *viajaron* (resa) a Per\u00fa.<\/p>\n<p>\u00bf*Le\u00edste* (l\u00e4sa) el libro que te regal\u00e9?<\/p>\n<p>*Escribiste* (skriva) una carta a tu abuela, \u00bfverdad?<\/p>\n<p>Mi hermano *lleg\u00f3* (komma) tarde a la reuni\u00f3n.<\/p>\n<p>El tren *sali\u00f3* (avg\u00e5) a las siete en punto.<\/p>\n<p>Ana y yo *fuimos* (g\u00e5) al teatro el s\u00e1bado.<\/p>\n<p>\u00bf*O\u00edste* (h\u00f6ra) la noticia sobre el accidente?<\/p>\n<p>El verano pasado *conoc\u00ed* (tr\u00e4ffa) a una persona muy especial.<\/p>\n<p>La \u00faltima vez que nos *vimos* (se) fue en diciembre.<\/p>\n<\/div>\n<div class=\"exercise\"><\/div>\n","protected":false},"featured_media":1528062,"parent":0,"menu_order":0,"template":"","exercise_language":[3067,3070],"class_list":["post-180676","grammar_exercises","type-grammar_exercises","status-publish","has-post-thumbnail","hentry","exercise_language-spanska-ovningar-sv","exercise_language-spand-jamforelse-sv"],"acf":[],"yoast_head":"<!-- This site is optimized with the Yoast SEO Premium plugin v27.2 (Yoast SEO v27.2) - https:\/\/yoast.com\/product\/yoast-seo-premium-wordpress\/ -->\n<title>Pret\u00e9rito Imperfecto\/Pret\u00e9rito Indefinido \u00d6vningar f\u00f6r spansk grammatik - Talkpal<\/title>\n<meta name=\"description\" content=\"I den h\u00e4r \u00f6vningsdelen kommer vi att fokusera p\u00e5 de tv\u00e5 f\u00f6rflutna tiderna i spanska spr\u00e5ket: Pret\u00e9rito Imperfecto och Pret\u00e9rito Indefinido. Dessa tv\u00e5\" \/>\n<meta name=\"robots\" content=\"index, follow, max-snippet:-1, max-image-preview:large, max-video-preview:-1\" \/>\n<link rel=\"canonical\" href=\"https:\/\/talkpal.ai\/sv\/grammar_exercises\/preterito-imperfecto-preterito-indefinido-ovningar-for-spansk-grammatik\/\" \/>\n<meta property=\"og:locale\" content=\"sv_SE\" \/>\n<meta property=\"og:type\" content=\"article\" \/>\n<meta property=\"og:title\" content=\"Pret\u00e9rito Imperfecto\/Pret\u00e9rito Indefinido \u00d6vningar f\u00f6r spansk grammatik\" \/>\n<meta property=\"og:description\" content=\"I den h\u00e4r \u00f6vningsdelen kommer vi att fokusera p\u00e5 de tv\u00e5 f\u00f6rflutna tiderna i spanska spr\u00e5ket: Pret\u00e9rito Imperfecto och Pret\u00e9rito Indefinido. Dessa tv\u00e5\" \/>\n<meta property=\"og:url\" content=\"https:\/\/talkpal.ai\/sv\/grammar_exercises\/preterito-imperfecto-preterito-indefinido-ovningar-for-spansk-grammatik\/\" \/>\n<meta property=\"og:site_name\" content=\"Talkpal\" \/>\n<meta property=\"article:publisher\" content=\"https:\/\/www.facebook.com\/profile.php?id=100090733639311\" \/>\n<meta property=\"article:modified_time\" content=\"2024-03-09T06:07:15+00:00\" \/>\n<meta property=\"og:image\" content=\"https:\/\/talkpal.ai\/wp-content\/uploads\/2023\/06\/TalkPal-Illustration-of-Grammar-Exercises101.png\" \/>\n\t<meta property=\"og:image:width\" content=\"1456\" \/>\n\t<meta property=\"og:image:height\" content=\"816\" \/>\n\t<meta property=\"og:image:type\" content=\"image\/png\" \/>\n<meta name=\"twitter:card\" content=\"summary_large_image\" \/>\n<meta name=\"twitter:site\" content=\"@talkpalai\" \/>\n<meta name=\"twitter:label1\" content=\"Ber\u00e4knad l\u00e4stid\" \/>\n\t<meta name=\"twitter:data1\" content=\"3 minuter\" \/>\n<script type=\"application\/ld+json\" class=\"yoast-schema-graph\">{\"@context\":\"https:\/\/schema.org\",\"@graph\":[{\"@type\":\"WebPage\",\"@id\":\"https:\/\/talkpal.ai\/sv\/grammar_exercises\/preterito-imperfecto-preterito-indefinido-ovningar-for-spansk-grammatik\/\",\"url\":\"https:\/\/talkpal.ai\/sv\/grammar_exercises\/preterito-imperfecto-preterito-indefinido-ovningar-for-spansk-grammatik\/\",\"name\":\"Pret\u00e9rito Imperfecto\/Pret\u00e9rito Indefinido \u00d6vningar f\u00f6r spansk grammatik - Talkpal\",\"isPartOf\":{\"@id\":\"https:\/\/talkpal.ai\/sv\/#website\"},\"primaryImageOfPage\":{\"@id\":\"https:\/\/talkpal.ai\/sv\/grammar_exercises\/preterito-imperfecto-preterito-indefinido-ovningar-for-spansk-grammatik\/#primaryimage\"},\"image\":{\"@id\":\"https:\/\/talkpal.ai\/sv\/grammar_exercises\/preterito-imperfecto-preterito-indefinido-ovningar-for-spansk-grammatik\/#primaryimage\"},\"thumbnailUrl\":\"https:\/\/talkpal.ai\/wp-content\/uploads\/2025\/12\/two-people-at-table-learning-languages.webp\",\"datePublished\":\"2024-01-20T15:06:51+00:00\",\"dateModified\":\"2024-03-09T06:07:15+00:00\",\"description\":\"I den h\u00e4r \u00f6vningsdelen kommer vi att fokusera p\u00e5 de tv\u00e5 f\u00f6rflutna tiderna i spanska spr\u00e5ket: Pret\u00e9rito Imperfecto och Pret\u00e9rito Indefinido. Dessa tv\u00e5\",\"breadcrumb\":{\"@id\":\"https:\/\/talkpal.ai\/sv\/grammar_exercises\/preterito-imperfecto-preterito-indefinido-ovningar-for-spansk-grammatik\/#breadcrumb\"},\"inLanguage\":\"sv-SE\",\"potentialAction\":[{\"@type\":\"ReadAction\",\"target\":[\"https:\/\/talkpal.ai\/sv\/grammar_exercises\/preterito-imperfecto-preterito-indefinido-ovningar-for-spansk-grammatik\/\"]}]},{\"@type\":\"ImageObject\",\"inLanguage\":\"sv-SE\",\"@id\":\"https:\/\/talkpal.ai\/sv\/grammar_exercises\/preterito-imperfecto-preterito-indefinido-ovningar-for-spansk-grammatik\/#primaryimage\",\"url\":\"https:\/\/talkpal.ai\/wp-content\/uploads\/2025\/12\/two-people-at-table-learning-languages.webp\",\"contentUrl\":\"https:\/\/talkpal.ai\/wp-content\/uploads\/2025\/12\/two-people-at-table-learning-languages.webp\",\"width\":1200,\"height\":896,\"caption\":\"Two students sit at a desk in a sunlit modern study space to learn languages on their laptops.\"},{\"@type\":\"BreadcrumbList\",\"@id\":\"https:\/\/talkpal.ai\/sv\/grammar_exercises\/preterito-imperfecto-preterito-indefinido-ovningar-for-spansk-grammatik\/#breadcrumb\",\"itemListElement\":[{\"@type\":\"ListItem\",\"position\":1,\"name\":\"Homepage\",\"item\":\"https:\/\/talkpal.ai\/sv\/\"},{\"@type\":\"ListItem\",\"position\":2,\"name\":\"Pret\u00e9rito Imperfecto\/Pret\u00e9rito Indefinido \u00d6vningar f\u00f6r spansk grammatik\"}]},{\"@type\":\"WebSite\",\"@id\":\"https:\/\/talkpal.ai\/sv\/#website\",\"url\":\"https:\/\/talkpal.ai\/sv\/\",\"name\":\"Talkpal\",\"description\":\"AI Language Learning\",\"publisher\":{\"@id\":\"https:\/\/talkpal.ai\/sv\/#organization\"},\"alternateName\":\"Talkpal AI\",\"potentialAction\":[{\"@type\":\"SearchAction\",\"target\":{\"@type\":\"EntryPoint\",\"urlTemplate\":\"https:\/\/talkpal.ai\/sv\/?s={search_term_string}\"},\"query-input\":{\"@type\":\"PropertyValueSpecification\",\"valueRequired\":true,\"valueName\":\"search_term_string\"}}],\"inLanguage\":\"sv-SE\"},{\"@type\":\"Organization\",\"@id\":\"https:\/\/talkpal.ai\/sv\/#organization\",\"name\":\"Talkpal, Inc.\",\"alternateName\":\"Talkpal AI\",\"url\":\"https:\/\/talkpal.ai\/sv\/\",\"logo\":{\"@type\":\"ImageObject\",\"inLanguage\":\"sv-SE\",\"@id\":\"https:\/\/talkpal.ai\/sv\/#\/schema\/logo\/image\/\",\"url\":\"https:\/\/talkpal.ai\/wp-content\/uploads\/2024\/03\/Talkpal-Logo-Icon.png\",\"contentUrl\":\"https:\/\/talkpal.ai\/wp-content\/uploads\/2024\/03\/Talkpal-Logo-Icon.png\",\"width\":2880,\"height\":2880,\"caption\":\"Talkpal, Inc.\"},\"image\":{\"@id\":\"https:\/\/talkpal.ai\/sv\/#\/schema\/logo\/image\/\"},\"sameAs\":[\"https:\/\/www.facebook.com\/profile.php?id=100090733639311\",\"https:\/\/x.com\/talkpalai\",\"https:\/\/www.linkedin.com\/company\/talkpal\/\",\"https:\/\/www.youtube.com\/@TalkPal\/\",\"https:\/\/www.tiktok.com\/@talkpal\",\"https:\/\/www.instagram.com\/talkpal_ai\/\",\"https:\/\/www.crunchbase.com\/organization\/talkpal-9cde\",\"https:\/\/www.g2.com\/products\/talkpal-for-business\/\",\"https:\/\/www.trustpilot.com\/review\/talkpal.ai\",\"https:\/\/www.capterra.com\/p\/10006800\/TalkPal\/\"],\"description\":\"Talkpal is a language learning web and mobile education app, powered by the latest AI technologies, that provides engaging experiences to its customers in many different languages to help them improve their language skills. Users can chat about unlimited amount of topics with the app and use other modes to practice their language learning.\",\"email\":\"support@talkpal.ai\",\"legalName\":\"Talkpal, Inc.\",\"foundingDate\":\"2023-04-03\",\"duns\":\"118989042\",\"numberOfEmployees\":{\"@type\":\"QuantitativeValue\",\"minValue\":\"11\",\"maxValue\":\"50\"},\"publishingPrinciples\":\"https:\/\/talkpal.ai\/publishing-principles\/\",\"actionableFeedbackPolicy\":\"https:\/\/talkpal.ai\/actionable-feedback-policy\/\",\"correctionsPolicy\":\"https:\/\/talkpal.ai\/corrections-policy\/\",\"ethicsPolicy\":\"https:\/\/talkpal.ai\/ethics-policy\/\",\"diversityPolicy\":\"https:\/\/talkpal.ai\/diversity-policy\/\",\"diversityStaffingReport\":\"https:\/\/talkpal.ai\/diversity-policy\/\"}]}<\/script>\n<!-- \/ Yoast SEO Premium plugin. -->","yoast_head_json":{"title":"Pret\u00e9rito Imperfecto\/Pret\u00e9rito Indefinido \u00d6vningar f\u00f6r spansk grammatik - Talkpal","description":"I den h\u00e4r \u00f6vningsdelen kommer vi att fokusera p\u00e5 de tv\u00e5 f\u00f6rflutna tiderna i spanska spr\u00e5ket: Pret\u00e9rito Imperfecto och Pret\u00e9rito Indefinido. Dessa tv\u00e5","robots":{"index":"index","follow":"follow","max-snippet":"max-snippet:-1","max-image-preview":"max-image-preview:large","max-video-preview":"max-video-preview:-1"},"canonical":"https:\/\/talkpal.ai\/sv\/grammar_exercises\/preterito-imperfecto-preterito-indefinido-ovningar-for-spansk-grammatik\/","og_locale":"sv_SE","og_type":"article","og_title":"Pret\u00e9rito Imperfecto\/Pret\u00e9rito Indefinido \u00d6vningar f\u00f6r spansk grammatik","og_description":"I den h\u00e4r \u00f6vningsdelen kommer vi att fokusera p\u00e5 de tv\u00e5 f\u00f6rflutna tiderna i spanska spr\u00e5ket: Pret\u00e9rito Imperfecto och Pret\u00e9rito Indefinido. Dessa tv\u00e5","og_url":"https:\/\/talkpal.ai\/sv\/grammar_exercises\/preterito-imperfecto-preterito-indefinido-ovningar-for-spansk-grammatik\/","og_site_name":"Talkpal","article_publisher":"https:\/\/www.facebook.com\/profile.php?id=100090733639311","article_modified_time":"2024-03-09T06:07:15+00:00","og_image":[{"width":1456,"height":816,"url":"https:\/\/talkpal.ai\/wp-content\/uploads\/2023\/06\/TalkPal-Illustration-of-Grammar-Exercises101.png","type":"image\/png"}],"twitter_card":"summary_large_image","twitter_site":"@talkpalai","twitter_misc":{"Ber\u00e4knad l\u00e4stid":"3 minuter"},"schema":{"@context":"https:\/\/schema.org","@graph":[{"@type":"WebPage","@id":"https:\/\/talkpal.ai\/sv\/grammar_exercises\/preterito-imperfecto-preterito-indefinido-ovningar-for-spansk-grammatik\/","url":"https:\/\/talkpal.ai\/sv\/grammar_exercises\/preterito-imperfecto-preterito-indefinido-ovningar-for-spansk-grammatik\/","name":"Pret\u00e9rito Imperfecto\/Pret\u00e9rito Indefinido \u00d6vningar f\u00f6r spansk grammatik - Talkpal","isPartOf":{"@id":"https:\/\/talkpal.ai\/sv\/#website"},"primaryImageOfPage":{"@id":"https:\/\/talkpal.ai\/sv\/grammar_exercises\/preterito-imperfecto-preterito-indefinido-ovningar-for-spansk-grammatik\/#primaryimage"},"image":{"@id":"https:\/\/talkpal.ai\/sv\/grammar_exercises\/preterito-imperfecto-preterito-indefinido-ovningar-for-spansk-grammatik\/#primaryimage"},"thumbnailUrl":"https:\/\/talkpal.ai\/wp-content\/uploads\/2025\/12\/two-people-at-table-learning-languages.webp","datePublished":"2024-01-20T15:06:51+00:00","dateModified":"2024-03-09T06:07:15+00:00","description":"I den h\u00e4r \u00f6vningsdelen kommer vi att fokusera p\u00e5 de tv\u00e5 f\u00f6rflutna tiderna i spanska spr\u00e5ket: Pret\u00e9rito Imperfecto och Pret\u00e9rito Indefinido. Dessa tv\u00e5","breadcrumb":{"@id":"https:\/\/talkpal.ai\/sv\/grammar_exercises\/preterito-imperfecto-preterito-indefinido-ovningar-for-spansk-grammatik\/#breadcrumb"},"inLanguage":"sv-SE","potentialAction":[{"@type":"ReadAction","target":["https:\/\/talkpal.ai\/sv\/grammar_exercises\/preterito-imperfecto-preterito-indefinido-ovningar-for-spansk-grammatik\/"]}]},{"@type":"ImageObject","inLanguage":"sv-SE","@id":"https:\/\/talkpal.ai\/sv\/grammar_exercises\/preterito-imperfecto-preterito-indefinido-ovningar-for-spansk-grammatik\/#primaryimage","url":"https:\/\/talkpal.ai\/wp-content\/uploads\/2025\/12\/two-people-at-table-learning-languages.webp","contentUrl":"https:\/\/talkpal.ai\/wp-content\/uploads\/2025\/12\/two-people-at-table-learning-languages.webp","width":1200,"height":896,"caption":"Two students sit at a desk in a sunlit modern study space to learn languages on their laptops."},{"@type":"BreadcrumbList","@id":"https:\/\/talkpal.ai\/sv\/grammar_exercises\/preterito-imperfecto-preterito-indefinido-ovningar-for-spansk-grammatik\/#breadcrumb","itemListElement":[{"@type":"ListItem","position":1,"name":"Homepage","item":"https:\/\/talkpal.ai\/sv\/"},{"@type":"ListItem","position":2,"name":"Pret\u00e9rito Imperfecto\/Pret\u00e9rito Indefinido \u00d6vningar f\u00f6r spansk grammatik"}]},{"@type":"WebSite","@id":"https:\/\/talkpal.ai\/sv\/#website","url":"https:\/\/talkpal.ai\/sv\/","name":"Talkpal","description":"AI Language Learning","publisher":{"@id":"https:\/\/talkpal.ai\/sv\/#organization"},"alternateName":"Talkpal AI","potentialAction":[{"@type":"SearchAction","target":{"@type":"EntryPoint","urlTemplate":"https:\/\/talkpal.ai\/sv\/?s={search_term_string}"},"query-input":{"@type":"PropertyValueSpecification","valueRequired":true,"valueName":"search_term_string"}}],"inLanguage":"sv-SE"},{"@type":"Organization","@id":"https:\/\/talkpal.ai\/sv\/#organization","name":"Talkpal, Inc.","alternateName":"Talkpal AI","url":"https:\/\/talkpal.ai\/sv\/","logo":{"@type":"ImageObject","inLanguage":"sv-SE","@id":"https:\/\/talkpal.ai\/sv\/#\/schema\/logo\/image\/","url":"https:\/\/talkpal.ai\/wp-content\/uploads\/2024\/03\/Talkpal-Logo-Icon.png","contentUrl":"https:\/\/talkpal.ai\/wp-content\/uploads\/2024\/03\/Talkpal-Logo-Icon.png","width":2880,"height":2880,"caption":"Talkpal, Inc."},"image":{"@id":"https:\/\/talkpal.ai\/sv\/#\/schema\/logo\/image\/"},"sameAs":["https:\/\/www.facebook.com\/profile.php?id=100090733639311","https:\/\/x.com\/talkpalai","https:\/\/www.linkedin.com\/company\/talkpal\/","https:\/\/www.youtube.com\/@TalkPal\/","https:\/\/www.tiktok.com\/@talkpal","https:\/\/www.instagram.com\/talkpal_ai\/","https:\/\/www.crunchbase.com\/organization\/talkpal-9cde","https:\/\/www.g2.com\/products\/talkpal-for-business\/","https:\/\/www.trustpilot.com\/review\/talkpal.ai","https:\/\/www.capterra.com\/p\/10006800\/TalkPal\/"],"description":"Talkpal is a language learning web and mobile education app, powered by the latest AI technologies, that provides engaging experiences to its customers in many different languages to help them improve their language skills. Users can chat about unlimited amount of topics with the app and use other modes to practice their language learning.","email":"support@talkpal.ai","legalName":"Talkpal, Inc.","foundingDate":"2023-04-03","duns":"118989042","numberOfEmployees":{"@type":"QuantitativeValue","minValue":"11","maxValue":"50"},"publishingPrinciples":"https:\/\/talkpal.ai\/publishing-principles\/","actionableFeedbackPolicy":"https:\/\/talkpal.ai\/actionable-feedback-policy\/","correctionsPolicy":"https:\/\/talkpal.ai\/corrections-policy\/","ethicsPolicy":"https:\/\/talkpal.ai\/ethics-policy\/","diversityPolicy":"https:\/\/talkpal.ai\/diversity-policy\/","diversityStaffingReport":"https:\/\/talkpal.ai\/diversity-policy\/"}]}},"_links":{"self":[{"href":"https:\/\/talkpal.ai\/sv\/wp-json\/wp\/v2\/grammar_exercises\/180676","targetHints":{"allow":["GET"]}}],"collection":[{"href":"https:\/\/talkpal.ai\/sv\/wp-json\/wp\/v2\/grammar_exercises"}],"about":[{"href":"https:\/\/talkpal.ai\/sv\/wp-json\/wp\/v2\/types\/grammar_exercises"}],"wp:featuredmedia":[{"embeddable":true,"href":"https:\/\/talkpal.ai\/sv\/wp-json\/wp\/v2\/media\/1528062"}],"wp:attachment":[{"href":"https:\/\/talkpal.ai\/sv\/wp-json\/wp\/v2\/media?parent=180676"}],"wp:term":[{"taxonomy":"exercise_language","embeddable":true,"href":"https:\/\/talkpal.ai\/sv\/wp-json\/wp\/v2\/exercise_language?post=180676"}],"curies":[{"name":"wp","href":"https:\/\/api.w.org\/{rel}","templated":true}]}}