{"id":1142301,"date":"2025-07-06T10:04:18","date_gmt":"2025-07-06T10:04:18","guid":{"rendered":"https:\/\/talkpal.ai\/grammar_exercises\/reflexiva-pronomenovningar-for-nepalesisk-grammatik\/"},"modified":"2025-07-06T10:04:18","modified_gmt":"2025-07-06T10:04:18","slug":"reflexiva-pronomenovningar-for-nepalesisk-grammatik","status":"publish","type":"grammar_exercises","link":"https:\/\/talkpal.ai\/sv\/grammar_exercises\/reflexiva-pronomenovningar-for-nepalesisk-grammatik\/","title":{"rendered":"Reflexiva pronomen\u00f6vningar f\u00f6r nepalesisk grammatik"},"content":{"rendered":"<p>Reflexiva pronomen \u00e4r viktiga i <a href=\"https:\/\/talkpal.ai\/da\/laer-nepalesisk\/\">nepalesisk grammatik<\/a> f\u00f6r att uttrycka att subjektet och objektet i en mening \u00e4r samma person eller sak. I dessa \u00f6vningar f\u00e5r du \u00f6va p\u00e5 att anv\u00e4nda r\u00e4tt reflexivt pronomen i olika meningar, vilket hj\u00e4lper dig att f\u00f6rst\u00e5 hur man refererar tillbaka till subjektet p\u00e5 korrekt s\u00e4tt.<\/p>\n<h3>Reflexiva pronomen\u00f6vningar del 1<\/h3>\n<div class=\"input_sentences\">\n1. \u0909\u0928\u0940 *\u0906\u092b\u0942\u0932\u093e\u0908* \u092e\u093e\u092f\u093e \u0917\u0930\u094d\u091b\u0928\u094d. (Anv\u00e4nd r\u00e4tt reflexivt pronomen f\u00f6r &#8221;sig sj\u00e4lv&#8221; i tredje person singular maskulin.)<br \/>\n2. \u092e *\u0906\u092b\u094d\u0928\u0948* \u0915\u093e\u092e \u0917\u0930\u094d\u091b\u0941. (Anv\u00e4nd r\u00e4tt reflexivt pronomen f\u00f6r &#8221;min egen&#8221;.)<br \/>\n3. \u0924\u093f\u092e\u0940\u0932\u0947 *\u0906\u092b\u0942\u0932\u093e\u0908* \u0928\u0926\u0947\u0916\u0947\u0915\u094b \u091b\u094c? (Anv\u00e4nd r\u00e4tt reflexivt pronomen f\u00f6r &#8221;dig sj\u00e4lv&#8221; i andra person singular.)<br \/>\n4. \u0939\u093e\u092e\u0940\u0932\u0947 *\u0906\u092b\u094d\u0928\u0948* \u0917\u0932\u094d\u0924\u0940 \u0938\u094d\u0935\u0940\u0915\u093e\u0930 \u0917\u0930\u094d\u0928\u0941\u092a\u0930\u094d\u091b. (Anv\u00e4nd r\u00e4tt reflexivt pronomen f\u00f6r &#8221;v\u00e5r egen&#8221;.)<br \/>\n5. \u0909\u0928\u0940\u0939\u0930\u0942\u0932\u0947 *\u0906\u092b\u0942\u0932\u093e\u0908* \u0938\u0941\u0930\u0915\u094d\u0937\u093f\u0924 \u0930\u093e\u0916\u094d\u0928\u0941\u092a\u0930\u094d\u091b. (Anv\u00e4nd r\u00e4tt reflexivt pronomen f\u00f6r &#8221;sig sj\u00e4lva&#8221; i tredje person plural.)<br \/>\n6. \u0909\u0938\u0932\u0947 *\u0906\u092b\u094d\u0928\u094b* \u0915\u093f\u0924\u093e\u092c \u0939\u0930\u093e\u092f\u094b. (Anv\u00e4nd r\u00e4tt reflexivt pronomen f\u00f6r &#8221;sin egen&#8221; i tredje person singular feminin.)<br \/>\n7. \u092e\u0948\u0932\u0947 *\u0906\u092b\u0942\u0932\u093e\u0908* \u0938\u092e\u092f \u0926\u093f\u0928\u0941\u092a\u0930\u094d\u091b. (Anv\u00e4nd r\u00e4tt reflexivt pronomen f\u00f6r &#8221;mig sj\u00e4lv&#8221;.)<br \/>\n8. \u0924\u093f\u092e\u0940\u0939\u0930\u0942\u0932\u0947 *\u0906\u092b\u094d\u0928\u0948* \u0928\u093f\u0930\u094d\u0923\u092f \u0917\u0930\u094d\u0928 \u0938\u0915\u094d\u091b\u094c. (Anv\u00e4nd r\u00e4tt reflexivt pronomen f\u00f6r &#8221;er egen&#8221; i andra person plural.)<br \/>\n9. \u0909\u0928\u0940 *\u0906\u092b\u0942\u0932\u093e\u0908* \u091a\u093f\u0928\u094d\u0924\u093f\u0924 \u092e\u0939\u0938\u0941\u0938 \u0917\u0930\u094d\u091b\u093f\u0928\u094d. (Anv\u00e4nd r\u00e4tt reflexivt pronomen f\u00f6r &#8221;sig sj\u00e4lv&#8221; i tredje person singular feminin.)<br \/>\n10. \u0939\u093e\u092e\u0940 *\u0906\u092b\u0942\u0932\u093e\u0908* \u0938\u0941\u0927\u093e\u0930\u094d\u0928 \u091a\u093e\u0939\u0928\u094d\u091b\u094c\u0902. (Anv\u00e4nd r\u00e4tt reflexivt pronomen f\u00f6r &#8221;oss sj\u00e4lva&#8221;.)\n<\/div>\n<div class=\"exercise\"><\/div>\n<h3>Reflexiva pronomen\u00f6vningar del 2<\/h3>\n<div class=\"input_sentences\">\n1. \u0924\u093f\u092e\u0940\u0932\u0947 *\u0906\u092b\u0942\u0932\u093e\u0908* \u092e\u093e\u092f\u093e \u0917\u0930\u094d\u0928\u0941\u092a\u0930\u094d\u091b. (Anv\u00e4nd r\u00e4tt reflexivt pronomen f\u00f6r &#8221;dig sj\u00e4lv&#8221;.)<br \/>\n2. \u0909\u0938\u0932\u0947 *\u0906\u092b\u094d\u0928\u094b* \u0915\u093e\u092e \u0930\u093e\u092e\u094d\u0930\u094b \u0917\u0930\u094d\u092f\u094b. (Anv\u00e4nd r\u00e4tt reflexivt pronomen f\u00f6r &#8221;sin egen&#8221; i tredje person singular maskulin.)<br \/>\n3. \u0939\u093e\u092e\u0940\u0932\u0947 *\u0906\u092b\u0942\u0932\u093e\u0908* \u0924\u092f\u093e\u0930 \u092a\u093e\u0930\u094d\u200d\u092f\u094c\u0902. (Anv\u00e4nd r\u00e4tt reflexivt pronomen f\u00f6r &#8221;oss sj\u00e4lva&#8221;.)<br \/>\n4. \u0909\u0928\u0940\u0939\u0930\u0942\u0932\u0947 *\u0906\u092b\u094d\u0928\u0948* \u0928\u093f\u0930\u094d\u0923\u092f \u0932\u093f\u0928\u094d\u091b\u0928\u094d. (Anv\u00e4nd r\u00e4tt reflexivt pronomen f\u00f6r &#8221;sig sj\u00e4lva&#8221; i tredje person plural.)<br \/>\n5. \u092e\u0948\u0932\u0947 *\u0906\u092b\u0942\u0932\u093e\u0908* \u0930\u093e\u092e\u094d\u0930\u094b\u0938\u0901\u0917 \u092a\u0930\u093f\u091a\u092f \u0917\u0930\u093e\u090f\u0901. (Anv\u00e4nd r\u00e4tt reflexivt pronomen f\u00f6r &#8221;mig sj\u00e4lv&#8221;.)<br \/>\n6. \u0909\u0938\u0932\u0947 *\u0906\u092b\u0942\u0932\u093e\u0908* \u091a\u094b\u091f \u092a\u0941\u0930\u094d\u200d\u092f\u093e\u092f\u094b. (Anv\u00e4nd r\u00e4tt reflexivt pronomen f\u00f6r &#8221;sig sj\u00e4lv&#8221; i tredje person singular maskulin.)<br \/>\n7. \u0924\u093f\u092e\u0940\u0939\u0930\u0942\u0932\u0947 *\u0906\u092b\u094d\u0928\u094b* \u0918\u0930 \u0938\u092b\u093e \u0917\u0930\u094d\u0928\u0941\u092a\u0930\u094d\u091b. (Anv\u00e4nd r\u00e4tt reflexivt pronomen f\u00f6r &#8221;ert eget&#8221; i andra person plural.)<br \/>\n8. \u0939\u093e\u092e\u0940 *\u0906\u092b\u0942\u0932\u093e\u0908* \u0935\u093f\u0936\u094d\u0935\u093e\u0938 \u0917\u0930\u094d\u091b\u094c\u0902. (Anv\u00e4nd r\u00e4tt reflexivt pronomen f\u00f6r &#8221;oss sj\u00e4lva&#8221;.)<br \/>\n9. \u0909\u0928\u0940 *\u0906\u092b\u094d\u0928\u094b* \u0928\u093f\u0930\u094d\u0923\u092f\u092e\u093e \u0926\u0943\u0922 \u091b\u0928\u094d. (Anv\u00e4nd r\u00e4tt reflexivt pronomen f\u00f6r &#8221;sin egen&#8221; i tredje person singular feminin.)<br \/>\n10. \u092e\u0948\u0932\u0947 *\u0906\u092b\u0942\u0932\u093e\u0908* \u0935\u093f\u0936\u094d\u0930\u093e\u092e \u0926\u093f\u0928 \u0906\u0935\u0936\u094d\u092f\u0915 \u091b. (Anv\u00e4nd r\u00e4tt reflexivt pronomen f\u00f6r &#8221;mig sj\u00e4lv&#8221;.)\n<\/div>\n<div class=\"exercise\"><\/div>\n","protected":false},"featured_media":1527605,"parent":0,"menu_order":0,"template":"","exercise_language":[16176,16191],"class_list":["post-1142301","grammar_exercises","type-grammar_exercises","status-publish","has-post-thumbnail","hentry","exercise_language-nepalesiska-ovningar","exercise_language-pronomen-bestamningar-nepalesisk-grammatik"],"acf":[],"yoast_head":"<!-- This site is optimized with the Yoast SEO Premium plugin v27.2 (Yoast SEO v27.2) - https:\/\/yoast.com\/product\/yoast-seo-premium-wordpress\/ -->\n<title>Reflexiva pronomen\u00f6vningar f\u00f6r nepalesisk grammatik - Talkpal<\/title>\n<meta name=\"description\" content=\"Reflexiva pronomen \u00e4r viktiga i nepalesisk grammatik f\u00f6r att uttrycka att subjektet och objektet i en mening \u00e4r samma person eller sak. I dessa \u00f6vningar\" \/>\n<meta name=\"robots\" content=\"index, follow, max-snippet:-1, max-image-preview:large, max-video-preview:-1\" \/>\n<link rel=\"canonical\" href=\"https:\/\/talkpal.ai\/sv\/grammar_exercises\/reflexiva-pronomenovningar-for-nepalesisk-grammatik\/\" \/>\n<meta property=\"og:locale\" content=\"sv_SE\" \/>\n<meta property=\"og:type\" content=\"article\" \/>\n<meta property=\"og:title\" content=\"Reflexiva pronomen\u00f6vningar f\u00f6r nepalesisk grammatik\" \/>\n<meta property=\"og:description\" content=\"Reflexiva pronomen \u00e4r viktiga i nepalesisk grammatik f\u00f6r att uttrycka att subjektet och objektet i en mening \u00e4r samma person eller sak. I dessa \u00f6vningar\" \/>\n<meta property=\"og:url\" content=\"https:\/\/talkpal.ai\/sv\/grammar_exercises\/reflexiva-pronomenovningar-for-nepalesisk-grammatik\/\" \/>\n<meta property=\"og:site_name\" content=\"Talkpal\" \/>\n<meta property=\"article:publisher\" content=\"https:\/\/www.facebook.com\/profile.php?id=100090733639311\" \/>\n<meta property=\"og:image\" content=\"https:\/\/talkpal.ai\/wp-content\/uploads\/2025\/02\/Progress-tab-16_9.png\" \/>\n\t<meta property=\"og:image:width\" content=\"2880\" \/>\n\t<meta property=\"og:image:height\" content=\"1620\" \/>\n\t<meta property=\"og:image:type\" content=\"image\/png\" \/>\n<meta name=\"twitter:card\" content=\"summary_large_image\" \/>\n<meta name=\"twitter:site\" content=\"@talkpalai\" \/>\n<meta name=\"twitter:label1\" content=\"Ber\u00e4knad l\u00e4stid\" \/>\n\t<meta name=\"twitter:data1\" content=\"2 minuter\" \/>\n<script type=\"application\/ld+json\" class=\"yoast-schema-graph\">{\"@context\":\"https:\/\/schema.org\",\"@graph\":[{\"@type\":\"WebPage\",\"@id\":\"https:\/\/talkpal.ai\/sv\/grammar_exercises\/reflexiva-pronomenovningar-for-nepalesisk-grammatik\/\",\"url\":\"https:\/\/talkpal.ai\/sv\/grammar_exercises\/reflexiva-pronomenovningar-for-nepalesisk-grammatik\/\",\"name\":\"Reflexiva pronomen\u00f6vningar f\u00f6r nepalesisk grammatik - Talkpal\",\"isPartOf\":{\"@id\":\"https:\/\/talkpal.ai\/sv\/#website\"},\"primaryImageOfPage\":{\"@id\":\"https:\/\/talkpal.ai\/sv\/grammar_exercises\/reflexiva-pronomenovningar-for-nepalesisk-grammatik\/#primaryimage\"},\"image\":{\"@id\":\"https:\/\/talkpal.ai\/sv\/grammar_exercises\/reflexiva-pronomenovningar-for-nepalesisk-grammatik\/#primaryimage\"},\"thumbnailUrl\":\"https:\/\/talkpal.ai\/wp-content\/uploads\/2025\/12\/bearded-man-at-desk-learning-languages.webp\",\"datePublished\":\"2025-07-06T10:04:18+00:00\",\"description\":\"Reflexiva pronomen \u00e4r viktiga i nepalesisk grammatik f\u00f6r att uttrycka att subjektet och objektet i en mening \u00e4r samma person eller sak. I dessa \u00f6vningar\",\"breadcrumb\":{\"@id\":\"https:\/\/talkpal.ai\/sv\/grammar_exercises\/reflexiva-pronomenovningar-for-nepalesisk-grammatik\/#breadcrumb\"},\"inLanguage\":\"sv-SE\",\"potentialAction\":[{\"@type\":\"ReadAction\",\"target\":[\"https:\/\/talkpal.ai\/sv\/grammar_exercises\/reflexiva-pronomenovningar-for-nepalesisk-grammatik\/\"]}]},{\"@type\":\"ImageObject\",\"inLanguage\":\"sv-SE\",\"@id\":\"https:\/\/talkpal.ai\/sv\/grammar_exercises\/reflexiva-pronomenovningar-for-nepalesisk-grammatik\/#primaryimage\",\"url\":\"https:\/\/talkpal.ai\/wp-content\/uploads\/2025\/12\/bearded-man-at-desk-learning-languages.webp\",\"contentUrl\":\"https:\/\/talkpal.ai\/wp-content\/uploads\/2025\/12\/bearded-man-at-desk-learning-languages.webp\",\"width\":1200,\"height\":896,\"caption\":\"A bearded man sits at a library desk with stacks of books while focused on learning languages.\"},{\"@type\":\"BreadcrumbList\",\"@id\":\"https:\/\/talkpal.ai\/sv\/grammar_exercises\/reflexiva-pronomenovningar-for-nepalesisk-grammatik\/#breadcrumb\",\"itemListElement\":[{\"@type\":\"ListItem\",\"position\":1,\"name\":\"Homepage\",\"item\":\"https:\/\/talkpal.ai\/sv\/\"},{\"@type\":\"ListItem\",\"position\":2,\"name\":\"Reflexiva pronomen\u00f6vningar f\u00f6r nepalesisk grammatik\"}]},{\"@type\":\"WebSite\",\"@id\":\"https:\/\/talkpal.ai\/sv\/#website\",\"url\":\"https:\/\/talkpal.ai\/sv\/\",\"name\":\"Talkpal\",\"description\":\"AI Language Learning\",\"publisher\":{\"@id\":\"https:\/\/talkpal.ai\/sv\/#organization\"},\"alternateName\":\"Talkpal AI\",\"potentialAction\":[{\"@type\":\"SearchAction\",\"target\":{\"@type\":\"EntryPoint\",\"urlTemplate\":\"https:\/\/talkpal.ai\/sv\/?s={search_term_string}\"},\"query-input\":{\"@type\":\"PropertyValueSpecification\",\"valueRequired\":true,\"valueName\":\"search_term_string\"}}],\"inLanguage\":\"sv-SE\"},{\"@type\":\"Organization\",\"@id\":\"https:\/\/talkpal.ai\/sv\/#organization\",\"name\":\"Talkpal, Inc.\",\"alternateName\":\"Talkpal AI\",\"url\":\"https:\/\/talkpal.ai\/sv\/\",\"logo\":{\"@type\":\"ImageObject\",\"inLanguage\":\"sv-SE\",\"@id\":\"https:\/\/talkpal.ai\/sv\/#\/schema\/logo\/image\/\",\"url\":\"https:\/\/talkpal.ai\/wp-content\/uploads\/2024\/03\/Talkpal-Logo-Icon.png\",\"contentUrl\":\"https:\/\/talkpal.ai\/wp-content\/uploads\/2024\/03\/Talkpal-Logo-Icon.png\",\"width\":2880,\"height\":2880,\"caption\":\"Talkpal, Inc.\"},\"image\":{\"@id\":\"https:\/\/talkpal.ai\/sv\/#\/schema\/logo\/image\/\"},\"sameAs\":[\"https:\/\/www.facebook.com\/profile.php?id=100090733639311\",\"https:\/\/x.com\/talkpalai\",\"https:\/\/www.linkedin.com\/company\/talkpal\/\",\"https:\/\/www.youtube.com\/@TalkPal\/\",\"https:\/\/www.tiktok.com\/@talkpal\",\"https:\/\/www.instagram.com\/talkpal_ai\/\",\"https:\/\/www.crunchbase.com\/organization\/talkpal-9cde\",\"https:\/\/www.g2.com\/products\/talkpal-for-business\/\",\"https:\/\/www.trustpilot.com\/review\/talkpal.ai\",\"https:\/\/www.capterra.com\/p\/10006800\/TalkPal\/\"],\"description\":\"Talkpal is a language learning web and mobile education app, powered by the latest AI technologies, that provides engaging experiences to its customers in many different languages to help them improve their language skills. Users can chat about unlimited amount of topics with the app and use other modes to practice their language learning.\",\"email\":\"support@talkpal.ai\",\"legalName\":\"Talkpal, Inc.\",\"foundingDate\":\"2023-04-03\",\"duns\":\"118989042\",\"numberOfEmployees\":{\"@type\":\"QuantitativeValue\",\"minValue\":\"11\",\"maxValue\":\"50\"},\"publishingPrinciples\":\"https:\/\/talkpal.ai\/publishing-principles\/\",\"actionableFeedbackPolicy\":\"https:\/\/talkpal.ai\/actionable-feedback-policy\/\",\"correctionsPolicy\":\"https:\/\/talkpal.ai\/corrections-policy\/\",\"ethicsPolicy\":\"https:\/\/talkpal.ai\/ethics-policy\/\",\"diversityPolicy\":\"https:\/\/talkpal.ai\/diversity-policy\/\",\"diversityStaffingReport\":\"https:\/\/talkpal.ai\/diversity-policy\/\"}]}<\/script>\n<!-- \/ Yoast SEO Premium plugin. -->","yoast_head_json":{"title":"Reflexiva pronomen\u00f6vningar f\u00f6r nepalesisk grammatik - Talkpal","description":"Reflexiva pronomen \u00e4r viktiga i nepalesisk grammatik f\u00f6r att uttrycka att subjektet och objektet i en mening \u00e4r samma person eller sak. I dessa \u00f6vningar","robots":{"index":"index","follow":"follow","max-snippet":"max-snippet:-1","max-image-preview":"max-image-preview:large","max-video-preview":"max-video-preview:-1"},"canonical":"https:\/\/talkpal.ai\/sv\/grammar_exercises\/reflexiva-pronomenovningar-for-nepalesisk-grammatik\/","og_locale":"sv_SE","og_type":"article","og_title":"Reflexiva pronomen\u00f6vningar f\u00f6r nepalesisk grammatik","og_description":"Reflexiva pronomen \u00e4r viktiga i nepalesisk grammatik f\u00f6r att uttrycka att subjektet och objektet i en mening \u00e4r samma person eller sak. I dessa \u00f6vningar","og_url":"https:\/\/talkpal.ai\/sv\/grammar_exercises\/reflexiva-pronomenovningar-for-nepalesisk-grammatik\/","og_site_name":"Talkpal","article_publisher":"https:\/\/www.facebook.com\/profile.php?id=100090733639311","og_image":[{"width":2880,"height":1620,"url":"https:\/\/talkpal.ai\/wp-content\/uploads\/2025\/02\/Progress-tab-16_9.png","type":"image\/png"}],"twitter_card":"summary_large_image","twitter_site":"@talkpalai","twitter_misc":{"Ber\u00e4knad l\u00e4stid":"2 minuter"},"schema":{"@context":"https:\/\/schema.org","@graph":[{"@type":"WebPage","@id":"https:\/\/talkpal.ai\/sv\/grammar_exercises\/reflexiva-pronomenovningar-for-nepalesisk-grammatik\/","url":"https:\/\/talkpal.ai\/sv\/grammar_exercises\/reflexiva-pronomenovningar-for-nepalesisk-grammatik\/","name":"Reflexiva pronomen\u00f6vningar f\u00f6r nepalesisk grammatik - Talkpal","isPartOf":{"@id":"https:\/\/talkpal.ai\/sv\/#website"},"primaryImageOfPage":{"@id":"https:\/\/talkpal.ai\/sv\/grammar_exercises\/reflexiva-pronomenovningar-for-nepalesisk-grammatik\/#primaryimage"},"image":{"@id":"https:\/\/talkpal.ai\/sv\/grammar_exercises\/reflexiva-pronomenovningar-for-nepalesisk-grammatik\/#primaryimage"},"thumbnailUrl":"https:\/\/talkpal.ai\/wp-content\/uploads\/2025\/12\/bearded-man-at-desk-learning-languages.webp","datePublished":"2025-07-06T10:04:18+00:00","description":"Reflexiva pronomen \u00e4r viktiga i nepalesisk grammatik f\u00f6r att uttrycka att subjektet och objektet i en mening \u00e4r samma person eller sak. I dessa \u00f6vningar","breadcrumb":{"@id":"https:\/\/talkpal.ai\/sv\/grammar_exercises\/reflexiva-pronomenovningar-for-nepalesisk-grammatik\/#breadcrumb"},"inLanguage":"sv-SE","potentialAction":[{"@type":"ReadAction","target":["https:\/\/talkpal.ai\/sv\/grammar_exercises\/reflexiva-pronomenovningar-for-nepalesisk-grammatik\/"]}]},{"@type":"ImageObject","inLanguage":"sv-SE","@id":"https:\/\/talkpal.ai\/sv\/grammar_exercises\/reflexiva-pronomenovningar-for-nepalesisk-grammatik\/#primaryimage","url":"https:\/\/talkpal.ai\/wp-content\/uploads\/2025\/12\/bearded-man-at-desk-learning-languages.webp","contentUrl":"https:\/\/talkpal.ai\/wp-content\/uploads\/2025\/12\/bearded-man-at-desk-learning-languages.webp","width":1200,"height":896,"caption":"A bearded man sits at a library desk with stacks of books while focused on learning languages."},{"@type":"BreadcrumbList","@id":"https:\/\/talkpal.ai\/sv\/grammar_exercises\/reflexiva-pronomenovningar-for-nepalesisk-grammatik\/#breadcrumb","itemListElement":[{"@type":"ListItem","position":1,"name":"Homepage","item":"https:\/\/talkpal.ai\/sv\/"},{"@type":"ListItem","position":2,"name":"Reflexiva pronomen\u00f6vningar f\u00f6r nepalesisk grammatik"}]},{"@type":"WebSite","@id":"https:\/\/talkpal.ai\/sv\/#website","url":"https:\/\/talkpal.ai\/sv\/","name":"Talkpal","description":"AI Language Learning","publisher":{"@id":"https:\/\/talkpal.ai\/sv\/#organization"},"alternateName":"Talkpal AI","potentialAction":[{"@type":"SearchAction","target":{"@type":"EntryPoint","urlTemplate":"https:\/\/talkpal.ai\/sv\/?s={search_term_string}"},"query-input":{"@type":"PropertyValueSpecification","valueRequired":true,"valueName":"search_term_string"}}],"inLanguage":"sv-SE"},{"@type":"Organization","@id":"https:\/\/talkpal.ai\/sv\/#organization","name":"Talkpal, Inc.","alternateName":"Talkpal AI","url":"https:\/\/talkpal.ai\/sv\/","logo":{"@type":"ImageObject","inLanguage":"sv-SE","@id":"https:\/\/talkpal.ai\/sv\/#\/schema\/logo\/image\/","url":"https:\/\/talkpal.ai\/wp-content\/uploads\/2024\/03\/Talkpal-Logo-Icon.png","contentUrl":"https:\/\/talkpal.ai\/wp-content\/uploads\/2024\/03\/Talkpal-Logo-Icon.png","width":2880,"height":2880,"caption":"Talkpal, Inc."},"image":{"@id":"https:\/\/talkpal.ai\/sv\/#\/schema\/logo\/image\/"},"sameAs":["https:\/\/www.facebook.com\/profile.php?id=100090733639311","https:\/\/x.com\/talkpalai","https:\/\/www.linkedin.com\/company\/talkpal\/","https:\/\/www.youtube.com\/@TalkPal\/","https:\/\/www.tiktok.com\/@talkpal","https:\/\/www.instagram.com\/talkpal_ai\/","https:\/\/www.crunchbase.com\/organization\/talkpal-9cde","https:\/\/www.g2.com\/products\/talkpal-for-business\/","https:\/\/www.trustpilot.com\/review\/talkpal.ai","https:\/\/www.capterra.com\/p\/10006800\/TalkPal\/"],"description":"Talkpal is a language learning web and mobile education app, powered by the latest AI technologies, that provides engaging experiences to its customers in many different languages to help them improve their language skills. Users can chat about unlimited amount of topics with the app and use other modes to practice their language learning.","email":"support@talkpal.ai","legalName":"Talkpal, Inc.","foundingDate":"2023-04-03","duns":"118989042","numberOfEmployees":{"@type":"QuantitativeValue","minValue":"11","maxValue":"50"},"publishingPrinciples":"https:\/\/talkpal.ai\/publishing-principles\/","actionableFeedbackPolicy":"https:\/\/talkpal.ai\/actionable-feedback-policy\/","correctionsPolicy":"https:\/\/talkpal.ai\/corrections-policy\/","ethicsPolicy":"https:\/\/talkpal.ai\/ethics-policy\/","diversityPolicy":"https:\/\/talkpal.ai\/diversity-policy\/","diversityStaffingReport":"https:\/\/talkpal.ai\/diversity-policy\/"}]}},"_links":{"self":[{"href":"https:\/\/talkpal.ai\/sv\/wp-json\/wp\/v2\/grammar_exercises\/1142301","targetHints":{"allow":["GET"]}}],"collection":[{"href":"https:\/\/talkpal.ai\/sv\/wp-json\/wp\/v2\/grammar_exercises"}],"about":[{"href":"https:\/\/talkpal.ai\/sv\/wp-json\/wp\/v2\/types\/grammar_exercises"}],"wp:featuredmedia":[{"embeddable":true,"href":"https:\/\/talkpal.ai\/sv\/wp-json\/wp\/v2\/media\/1527605"}],"wp:attachment":[{"href":"https:\/\/talkpal.ai\/sv\/wp-json\/wp\/v2\/media?parent=1142301"}],"wp:term":[{"taxonomy":"exercise_language","embeddable":true,"href":"https:\/\/talkpal.ai\/sv\/wp-json\/wp\/v2\/exercise_language?post=1142301"}],"curies":[{"name":"wp","href":"https:\/\/api.w.org\/{rel}","templated":true}]}}