{"id":1142111,"date":"2025-07-06T10:01:08","date_gmt":"2025-07-06T10:01:08","guid":{"rendered":"https:\/\/talkpal.ai\/grammar_exercises\/reflexiva-verbovningar-for-marathisk-grammatik\/"},"modified":"2025-07-06T10:01:08","modified_gmt":"2025-07-06T10:01:08","slug":"reflexiva-verbovningar-for-marathisk-grammatik","status":"publish","type":"grammar_exercises","link":"https:\/\/talkpal.ai\/sv\/grammar_exercises\/reflexiva-verbovningar-for-marathisk-grammatik\/","title":{"rendered":"Reflexiva verb\u00f6vningar f\u00f6r marathisk grammatik"},"content":{"rendered":"<p><a href=\"https:\/\/talkpal.ai\/sv\/grammar\/reflexiva-verb-i-letisk-grammatik\/\">Reflexiva verb<\/a> \u00e4r verb d\u00e4r subjektet och objektet i meningen \u00e4r samma person, och de anv\u00e4nds ofta med reflexiva pronomen. I dessa \u00f6vningar f\u00e5r du tr\u00e4na p\u00e5 att anv\u00e4nda <a href=\"https:\/\/talkpal.ai\/sv\/grammar\/reflexiva-verb-i-letisk-grammatik\/\">reflexiva verb<\/a> korrekt i <a href=\"https:\/\/talkpal.ai\/sv\/grammar\/sammansatta-meningar-i-marathisk-grammatik\/\">marathisk grammatik<\/a>.<\/p>\n<h3>Reflexiva verb\u00f6vningar: Anv\u00e4ndning av &#8221;\u0938\u094d\u0935\u0924\u0903\u0932\u093e&#8221; (svatah-l\u0101)<\/h3>\n<div class=\"input_sentences\">\n1. \u0924\u0940 \u0930\u094b\u091c \u0938\u0915\u093e\u0933\u0940 *\u0938\u094d\u0935\u0924\u0903\u0932\u093e* \u0924\u092f\u093e\u0930 \u0915\u0930\u0924\u0947. (Hint: Reflexivt pronomen f\u00f6r &#8221;sig sj\u00e4lv&#8221; i singular.)<br \/>\n2. \u092e\u0940 \u092e\u093e\u091d\u094d\u092f\u093e \u0915\u093e\u092e\u093e\u0938\u093e\u0920\u0940 *\u0938\u094d\u0935\u0924\u0903\u0932\u093e* \u091c\u092c\u093e\u092c\u0926\u093e\u0930 \u0927\u0930\u0924\u094b. (Hint: Anv\u00e4nd reflexivt pronomen som betyder &#8221;mig sj\u00e4lv&#8221;.)<br \/>\n3. \u0924\u0947 \u0906\u092a\u0932\u094d\u092f\u093e \u091a\u0941\u0915\u093e \u0913\u0933\u0916\u0942\u0928 *\u0938\u094d\u0935\u0924\u0903\u0932\u093e* \u0938\u0941\u0927\u093e\u0930\u0924\u093e\u0924. (Hint: Reflexivt pronomen i plural f\u00f6r &#8221;sig sj\u00e4lva&#8221;.)<br \/>\n4. \u092e\u0941\u0932\u0917\u093e *\u0938\u094d\u0935\u0924\u0903\u0932\u093e* \u0906\u0930\u0938\u093e \u092a\u093e\u0939\u0924\u094b. (Hint: Reflexivt pronomen f\u00f6r en pojke, &#8221;sig sj\u00e4lv&#8221;.)<br \/>\n5. \u0906\u092e\u094d\u0939\u0940 \u0930\u094b\u091c \u0935\u094d\u092f\u093e\u092f\u093e\u092e\u093e\u0928\u0947 *\u0938\u094d\u0935\u0924\u0903\u0932\u093e* \u0924\u0902\u0926\u0941\u0930\u0941\u0938\u094d\u0924 \u0920\u0947\u0935\u0924\u094b. (Hint: Reflexivt pronomen f\u00f6r &#8221;oss sj\u00e4lva&#8221;.)<br \/>\n6. \u0924\u0940 \u0906\u0908\u0928\u0947 *\u0938\u094d\u0935\u0924\u0903\u0932\u093e* \u0927\u0941\u0923\u0947 \u0936\u093f\u0915\u0935\u0932\u0947. (Hint: Reflexivt pronomen f\u00f6r &#8221;sig sj\u00e4lv&#8221; i feminin form.)<br \/>\n7. \u0924\u0941\u092e\u094d\u0939\u0940 \u0924\u0941\u092e\u091a\u094d\u092f\u093e \u091a\u0941\u0915\u093e \u092e\u093e\u0928\u094d\u092f \u0915\u0930\u0942\u0928 *\u0938\u094d\u0935\u0924\u0903\u0932\u093e* \u0938\u0941\u0927\u093e\u0930\u093e\u0935\u0947. (Hint: Reflexivt pronomen f\u00f6r &#8221;er sj\u00e4lva&#8221;.)<br \/>\n8. \u0924\u094b \u0938\u094d\u0935\u0924\u0903\u0932\u093e \u091c\u092c\u093e\u092c\u0926\u093e\u0930 \u0938\u092e\u091c\u0924\u094b. (Hint: Reflexivt pronomen i singular f\u00f6r en man.)<br \/>\n9. \u0906\u092e\u094d\u0939\u0940 *\u0938\u094d\u0935\u0924\u0903\u0932\u093e* \u0935\u0947\u0933 \u0926\u0947\u0924\u094b. (Hint: Reflexivt pronomen f\u00f6r &#8221;oss&#8221;.)<br \/>\n10. \u0924\u094d\u092f\u093e \u0932\u094b\u0915\u093e\u0902\u0928\u0940 *\u0938\u094d\u0935\u0924\u0903\u0932\u093e* \u0938\u093e\u0902\u092d\u093e\u0933\u093e\u0935\u0947. (Hint: Reflexivt pronomen i plural.)\n<\/div>\n<div class=\"exercise\"><\/div>\n<h3>Reflexiva verb\u00f6vningar: Reflexiva verb i presens och preteritum<\/h3>\n<div class=\"input_sentences\">\n1. \u092e\u0940 \u0915\u093e\u0932 *\u0938\u094d\u0935\u0924\u0903\u0932\u093e* \u0936\u093e\u0933\u0947\u0924 \u0924\u092f\u093e\u0930 \u0915\u0947\u0932\u0947. (Hint: Preteritum form av reflexivt verb, &#8221;mig sj\u00e4lv&#8221;.)<br \/>\n2. \u0924\u0940 \u092a\u094d\u0930\u0924\u094d\u092f\u0947\u0915 \u0926\u093f\u0935\u0936\u0940 *\u0938\u094d\u0935\u0924\u0903\u0932\u093e* \u0938\u094d\u0935\u091a\u094d\u091b \u0915\u0930\u0924\u0947. (Hint: Presens form av reflexivt verb, &#8221;sig sj\u00e4lv&#8221;.)<br \/>\n3. \u0906\u092e\u094d\u0939\u0940 \u0938\u0915\u093e\u0933\u0940 \u0932\u0935\u0915\u0930 *\u0938\u094d\u0935\u0924\u0903\u0932\u093e* \u091c\u093e\u0917\u0947 \u0915\u0930\u0924\u094b. (Hint: Presens form, &#8221;oss sj\u00e4lva&#8221;.)<br \/>\n4. \u0924\u0941\u092e\u094d\u0939\u0940 \u0915\u093e\u0932 *\u0938\u094d\u0935\u0924\u0903\u0932\u093e* \u091b\u093e\u0928 \u0935\u094d\u092f\u0915\u094d\u0924 \u0915\u0947\u0932\u0947. (Hint: Preteritum form, &#8221;er sj\u00e4lva&#8221;.)<br \/>\n5. \u0924\u094b \u0930\u094b\u091c \u0935\u094d\u092f\u093e\u092f\u093e\u092e\u093e\u0928\u0947 *\u0938\u094d\u0935\u0924\u0903\u0932\u093e* \u0924\u0902\u0926\u0941\u0930\u0941\u0938\u094d\u0924 \u0920\u0947\u0935\u0924\u094b. (Hint: Presens form, &#8221;sig sj\u00e4lv&#8221;.)<br \/>\n6. \u0924\u094d\u092f\u093e\u0902\u0928\u0940 \u0906\u092a\u0932\u0947 \u0915\u092a\u0921\u0947 *\u0938\u094d\u0935\u0924\u0903\u0932\u093e* \u0927\u0941\u0935\u0932\u0947. (Hint: Preteritum form, plural.)<br \/>\n7. \u092e\u0940 \u0938\u094d\u0935\u0924\u0903\u0932\u093e \u092a\u0941\u0938\u094d\u0924\u0915 \u0935\u093e\u091a\u0923\u094d\u092f\u093e\u0938\u093e\u0920\u0940 \u0935\u0947\u0933 \u0926\u0947\u0924\u094b. (Hint: Presens form, &#8221;mig sj\u00e4lv&#8221;.)<br \/>\n8. \u0924\u0940 \u0915\u093e\u0932 *\u0938\u094d\u0935\u0924\u0903\u0932\u093e* \u0935\u094d\u092f\u0935\u0938\u094d\u0925\u093f\u0924 \u0938\u091c\u0935\u0932\u0940. (Hint: Preteritum form, feminin singular.)<br \/>\n9. \u0906\u092e\u094d\u0939\u0940 \u0906\u0920\u0935\u0921\u094d\u092f\u093e\u0924\u0942\u0928 \u090f\u0915\u0926\u093e *\u0938\u094d\u0935\u0924\u0903\u0932\u093e* \u0935\u093f\u0936\u094d\u0930\u093e\u0902\u0924\u0940 \u0926\u0947\u0924\u094b. (Hint: Presens form, &#8221;oss sj\u00e4lva&#8221;.)<br \/>\n10. \u0924\u0941\u092e\u094d\u0939\u0940 \u0938\u094d\u0935\u0924\u0903\u0932\u093e \u0935\u0947\u0933 \u0926\u094d\u092f\u093e\u092f\u0932\u093e \u0935\u093f\u0938\u0930\u0942 \u0928\u0915\u093e. (Hint: Presens form, reflexivt pronomen.)\n<\/div>\n<div class=\"exercise\"><\/div>\n","protected":false},"featured_media":1527720,"parent":0,"menu_order":0,"template":"","exercise_language":[16140,16305],"class_list":["post-1142111","grammar_exercises","type-grammar_exercises","status-publish","has-post-thumbnail","hentry","exercise_language-marathi-ovningar","exercise_language-verb-marathi-grammatik"],"acf":[],"yoast_head":"<!-- This site is optimized with the Yoast SEO Premium plugin v27.2 (Yoast SEO v27.2) - https:\/\/yoast.com\/product\/yoast-seo-premium-wordpress\/ -->\n<title>Reflexiva verb\u00f6vningar f\u00f6r marathisk grammatik - Talkpal<\/title>\n<meta name=\"description\" content=\"Reflexiva verb \u00e4r verb d\u00e4r subjektet och objektet i meningen \u00e4r samma person, och de anv\u00e4nds ofta med reflexiva pronomen. I dessa \u00f6vningar f\u00e5r du tr\u00e4na p\u00e5\" \/>\n<meta name=\"robots\" content=\"index, follow, max-snippet:-1, max-image-preview:large, max-video-preview:-1\" \/>\n<link rel=\"canonical\" href=\"https:\/\/talkpal.ai\/sv\/grammar_exercises\/reflexiva-verbovningar-for-marathisk-grammatik\/\" \/>\n<meta property=\"og:locale\" content=\"sv_SE\" \/>\n<meta property=\"og:type\" content=\"article\" \/>\n<meta property=\"og:title\" content=\"Reflexiva verb\u00f6vningar f\u00f6r marathisk grammatik\" \/>\n<meta property=\"og:description\" content=\"Reflexiva verb \u00e4r verb d\u00e4r subjektet och objektet i meningen \u00e4r samma person, och de anv\u00e4nds ofta med reflexiva pronomen. I dessa \u00f6vningar f\u00e5r du tr\u00e4na p\u00e5\" \/>\n<meta property=\"og:url\" content=\"https:\/\/talkpal.ai\/sv\/grammar_exercises\/reflexiva-verbovningar-for-marathisk-grammatik\/\" \/>\n<meta property=\"og:site_name\" content=\"Talkpal\" \/>\n<meta property=\"article:publisher\" content=\"https:\/\/www.facebook.com\/profile.php?id=100090733639311\" \/>\n<meta property=\"og:image\" content=\"https:\/\/talkpal.ai\/wp-content\/uploads\/2025\/02\/Progress-tab-16_9.png\" \/>\n\t<meta property=\"og:image:width\" content=\"2880\" \/>\n\t<meta property=\"og:image:height\" content=\"1620\" \/>\n\t<meta property=\"og:image:type\" content=\"image\/png\" \/>\n<meta name=\"twitter:card\" content=\"summary_large_image\" \/>\n<meta name=\"twitter:site\" content=\"@talkpalai\" \/>\n<meta name=\"twitter:label1\" content=\"Ber\u00e4knad l\u00e4stid\" \/>\n\t<meta name=\"twitter:data1\" content=\"1 minut\" \/>\n<script type=\"application\/ld+json\" class=\"yoast-schema-graph\">{\"@context\":\"https:\/\/schema.org\",\"@graph\":[{\"@type\":\"WebPage\",\"@id\":\"https:\/\/talkpal.ai\/sv\/grammar_exercises\/reflexiva-verbovningar-for-marathisk-grammatik\/\",\"url\":\"https:\/\/talkpal.ai\/sv\/grammar_exercises\/reflexiva-verbovningar-for-marathisk-grammatik\/\",\"name\":\"Reflexiva verb\u00f6vningar f\u00f6r marathisk grammatik - Talkpal\",\"isPartOf\":{\"@id\":\"https:\/\/talkpal.ai\/sv\/#website\"},\"primaryImageOfPage\":{\"@id\":\"https:\/\/talkpal.ai\/sv\/grammar_exercises\/reflexiva-verbovningar-for-marathisk-grammatik\/#primaryimage\"},\"image\":{\"@id\":\"https:\/\/talkpal.ai\/sv\/grammar_exercises\/reflexiva-verbovningar-for-marathisk-grammatik\/#primaryimage\"},\"thumbnailUrl\":\"https:\/\/talkpal.ai\/wp-content\/uploads\/2025\/12\/laptop-screen-viewed-learning-languages.webp\",\"datePublished\":\"2025-07-06T10:01:08+00:00\",\"description\":\"Reflexiva verb \u00e4r verb d\u00e4r subjektet och objektet i meningen \u00e4r samma person, och de anv\u00e4nds ofta med reflexiva pronomen. I dessa \u00f6vningar f\u00e5r du tr\u00e4na p\u00e5\",\"breadcrumb\":{\"@id\":\"https:\/\/talkpal.ai\/sv\/grammar_exercises\/reflexiva-verbovningar-for-marathisk-grammatik\/#breadcrumb\"},\"inLanguage\":\"sv-SE\",\"potentialAction\":[{\"@type\":\"ReadAction\",\"target\":[\"https:\/\/talkpal.ai\/sv\/grammar_exercises\/reflexiva-verbovningar-for-marathisk-grammatik\/\"]}]},{\"@type\":\"ImageObject\",\"inLanguage\":\"sv-SE\",\"@id\":\"https:\/\/talkpal.ai\/sv\/grammar_exercises\/reflexiva-verbovningar-for-marathisk-grammatik\/#primaryimage\",\"url\":\"https:\/\/talkpal.ai\/wp-content\/uploads\/2025\/12\/laptop-screen-viewed-learning-languages.webp\",\"contentUrl\":\"https:\/\/talkpal.ai\/wp-content\/uploads\/2025\/12\/laptop-screen-viewed-learning-languages.webp\",\"width\":1200,\"height\":896,\"caption\":\"Four excited young students look at a laptop screen together while learning languages.\"},{\"@type\":\"BreadcrumbList\",\"@id\":\"https:\/\/talkpal.ai\/sv\/grammar_exercises\/reflexiva-verbovningar-for-marathisk-grammatik\/#breadcrumb\",\"itemListElement\":[{\"@type\":\"ListItem\",\"position\":1,\"name\":\"Homepage\",\"item\":\"https:\/\/talkpal.ai\/sv\/\"},{\"@type\":\"ListItem\",\"position\":2,\"name\":\"Reflexiva verb\u00f6vningar f\u00f6r marathisk grammatik\"}]},{\"@type\":\"WebSite\",\"@id\":\"https:\/\/talkpal.ai\/sv\/#website\",\"url\":\"https:\/\/talkpal.ai\/sv\/\",\"name\":\"Talkpal\",\"description\":\"AI Language Learning\",\"publisher\":{\"@id\":\"https:\/\/talkpal.ai\/sv\/#organization\"},\"alternateName\":\"Talkpal AI\",\"potentialAction\":[{\"@type\":\"SearchAction\",\"target\":{\"@type\":\"EntryPoint\",\"urlTemplate\":\"https:\/\/talkpal.ai\/sv\/?s={search_term_string}\"},\"query-input\":{\"@type\":\"PropertyValueSpecification\",\"valueRequired\":true,\"valueName\":\"search_term_string\"}}],\"inLanguage\":\"sv-SE\"},{\"@type\":\"Organization\",\"@id\":\"https:\/\/talkpal.ai\/sv\/#organization\",\"name\":\"Talkpal, Inc.\",\"alternateName\":\"Talkpal AI\",\"url\":\"https:\/\/talkpal.ai\/sv\/\",\"logo\":{\"@type\":\"ImageObject\",\"inLanguage\":\"sv-SE\",\"@id\":\"https:\/\/talkpal.ai\/sv\/#\/schema\/logo\/image\/\",\"url\":\"https:\/\/talkpal.ai\/wp-content\/uploads\/2024\/03\/Talkpal-Logo-Icon.png\",\"contentUrl\":\"https:\/\/talkpal.ai\/wp-content\/uploads\/2024\/03\/Talkpal-Logo-Icon.png\",\"width\":2880,\"height\":2880,\"caption\":\"Talkpal, Inc.\"},\"image\":{\"@id\":\"https:\/\/talkpal.ai\/sv\/#\/schema\/logo\/image\/\"},\"sameAs\":[\"https:\/\/www.facebook.com\/profile.php?id=100090733639311\",\"https:\/\/x.com\/talkpalai\",\"https:\/\/www.linkedin.com\/company\/talkpal\/\",\"https:\/\/www.youtube.com\/@TalkPal\/\",\"https:\/\/www.tiktok.com\/@talkpal\",\"https:\/\/www.instagram.com\/talkpal_ai\/\",\"https:\/\/www.crunchbase.com\/organization\/talkpal-9cde\",\"https:\/\/www.g2.com\/products\/talkpal-for-business\/\",\"https:\/\/www.trustpilot.com\/review\/talkpal.ai\",\"https:\/\/www.capterra.com\/p\/10006800\/TalkPal\/\"],\"description\":\"Talkpal is a language learning web and mobile education app, powered by the latest AI technologies, that provides engaging experiences to its customers in many different languages to help them improve their language skills. Users can chat about unlimited amount of topics with the app and use other modes to practice their language learning.\",\"email\":\"support@talkpal.ai\",\"legalName\":\"Talkpal, Inc.\",\"foundingDate\":\"2023-04-03\",\"duns\":\"118989042\",\"numberOfEmployees\":{\"@type\":\"QuantitativeValue\",\"minValue\":\"11\",\"maxValue\":\"50\"},\"publishingPrinciples\":\"https:\/\/talkpal.ai\/publishing-principles\/\",\"actionableFeedbackPolicy\":\"https:\/\/talkpal.ai\/actionable-feedback-policy\/\",\"correctionsPolicy\":\"https:\/\/talkpal.ai\/corrections-policy\/\",\"ethicsPolicy\":\"https:\/\/talkpal.ai\/ethics-policy\/\",\"diversityPolicy\":\"https:\/\/talkpal.ai\/diversity-policy\/\",\"diversityStaffingReport\":\"https:\/\/talkpal.ai\/diversity-policy\/\"}]}<\/script>\n<!-- \/ Yoast SEO Premium plugin. -->","yoast_head_json":{"title":"Reflexiva verb\u00f6vningar f\u00f6r marathisk grammatik - Talkpal","description":"Reflexiva verb \u00e4r verb d\u00e4r subjektet och objektet i meningen \u00e4r samma person, och de anv\u00e4nds ofta med reflexiva pronomen. I dessa \u00f6vningar f\u00e5r du tr\u00e4na p\u00e5","robots":{"index":"index","follow":"follow","max-snippet":"max-snippet:-1","max-image-preview":"max-image-preview:large","max-video-preview":"max-video-preview:-1"},"canonical":"https:\/\/talkpal.ai\/sv\/grammar_exercises\/reflexiva-verbovningar-for-marathisk-grammatik\/","og_locale":"sv_SE","og_type":"article","og_title":"Reflexiva verb\u00f6vningar f\u00f6r marathisk grammatik","og_description":"Reflexiva verb \u00e4r verb d\u00e4r subjektet och objektet i meningen \u00e4r samma person, och de anv\u00e4nds ofta med reflexiva pronomen. I dessa \u00f6vningar f\u00e5r du tr\u00e4na p\u00e5","og_url":"https:\/\/talkpal.ai\/sv\/grammar_exercises\/reflexiva-verbovningar-for-marathisk-grammatik\/","og_site_name":"Talkpal","article_publisher":"https:\/\/www.facebook.com\/profile.php?id=100090733639311","og_image":[{"width":2880,"height":1620,"url":"https:\/\/talkpal.ai\/wp-content\/uploads\/2025\/02\/Progress-tab-16_9.png","type":"image\/png"}],"twitter_card":"summary_large_image","twitter_site":"@talkpalai","twitter_misc":{"Ber\u00e4knad l\u00e4stid":"1 minut"},"schema":{"@context":"https:\/\/schema.org","@graph":[{"@type":"WebPage","@id":"https:\/\/talkpal.ai\/sv\/grammar_exercises\/reflexiva-verbovningar-for-marathisk-grammatik\/","url":"https:\/\/talkpal.ai\/sv\/grammar_exercises\/reflexiva-verbovningar-for-marathisk-grammatik\/","name":"Reflexiva verb\u00f6vningar f\u00f6r marathisk grammatik - Talkpal","isPartOf":{"@id":"https:\/\/talkpal.ai\/sv\/#website"},"primaryImageOfPage":{"@id":"https:\/\/talkpal.ai\/sv\/grammar_exercises\/reflexiva-verbovningar-for-marathisk-grammatik\/#primaryimage"},"image":{"@id":"https:\/\/talkpal.ai\/sv\/grammar_exercises\/reflexiva-verbovningar-for-marathisk-grammatik\/#primaryimage"},"thumbnailUrl":"https:\/\/talkpal.ai\/wp-content\/uploads\/2025\/12\/laptop-screen-viewed-learning-languages.webp","datePublished":"2025-07-06T10:01:08+00:00","description":"Reflexiva verb \u00e4r verb d\u00e4r subjektet och objektet i meningen \u00e4r samma person, och de anv\u00e4nds ofta med reflexiva pronomen. I dessa \u00f6vningar f\u00e5r du tr\u00e4na p\u00e5","breadcrumb":{"@id":"https:\/\/talkpal.ai\/sv\/grammar_exercises\/reflexiva-verbovningar-for-marathisk-grammatik\/#breadcrumb"},"inLanguage":"sv-SE","potentialAction":[{"@type":"ReadAction","target":["https:\/\/talkpal.ai\/sv\/grammar_exercises\/reflexiva-verbovningar-for-marathisk-grammatik\/"]}]},{"@type":"ImageObject","inLanguage":"sv-SE","@id":"https:\/\/talkpal.ai\/sv\/grammar_exercises\/reflexiva-verbovningar-for-marathisk-grammatik\/#primaryimage","url":"https:\/\/talkpal.ai\/wp-content\/uploads\/2025\/12\/laptop-screen-viewed-learning-languages.webp","contentUrl":"https:\/\/talkpal.ai\/wp-content\/uploads\/2025\/12\/laptop-screen-viewed-learning-languages.webp","width":1200,"height":896,"caption":"Four excited young students look at a laptop screen together while learning languages."},{"@type":"BreadcrumbList","@id":"https:\/\/talkpal.ai\/sv\/grammar_exercises\/reflexiva-verbovningar-for-marathisk-grammatik\/#breadcrumb","itemListElement":[{"@type":"ListItem","position":1,"name":"Homepage","item":"https:\/\/talkpal.ai\/sv\/"},{"@type":"ListItem","position":2,"name":"Reflexiva verb\u00f6vningar f\u00f6r marathisk grammatik"}]},{"@type":"WebSite","@id":"https:\/\/talkpal.ai\/sv\/#website","url":"https:\/\/talkpal.ai\/sv\/","name":"Talkpal","description":"AI Language Learning","publisher":{"@id":"https:\/\/talkpal.ai\/sv\/#organization"},"alternateName":"Talkpal AI","potentialAction":[{"@type":"SearchAction","target":{"@type":"EntryPoint","urlTemplate":"https:\/\/talkpal.ai\/sv\/?s={search_term_string}"},"query-input":{"@type":"PropertyValueSpecification","valueRequired":true,"valueName":"search_term_string"}}],"inLanguage":"sv-SE"},{"@type":"Organization","@id":"https:\/\/talkpal.ai\/sv\/#organization","name":"Talkpal, Inc.","alternateName":"Talkpal AI","url":"https:\/\/talkpal.ai\/sv\/","logo":{"@type":"ImageObject","inLanguage":"sv-SE","@id":"https:\/\/talkpal.ai\/sv\/#\/schema\/logo\/image\/","url":"https:\/\/talkpal.ai\/wp-content\/uploads\/2024\/03\/Talkpal-Logo-Icon.png","contentUrl":"https:\/\/talkpal.ai\/wp-content\/uploads\/2024\/03\/Talkpal-Logo-Icon.png","width":2880,"height":2880,"caption":"Talkpal, Inc."},"image":{"@id":"https:\/\/talkpal.ai\/sv\/#\/schema\/logo\/image\/"},"sameAs":["https:\/\/www.facebook.com\/profile.php?id=100090733639311","https:\/\/x.com\/talkpalai","https:\/\/www.linkedin.com\/company\/talkpal\/","https:\/\/www.youtube.com\/@TalkPal\/","https:\/\/www.tiktok.com\/@talkpal","https:\/\/www.instagram.com\/talkpal_ai\/","https:\/\/www.crunchbase.com\/organization\/talkpal-9cde","https:\/\/www.g2.com\/products\/talkpal-for-business\/","https:\/\/www.trustpilot.com\/review\/talkpal.ai","https:\/\/www.capterra.com\/p\/10006800\/TalkPal\/"],"description":"Talkpal is a language learning web and mobile education app, powered by the latest AI technologies, that provides engaging experiences to its customers in many different languages to help them improve their language skills. Users can chat about unlimited amount of topics with the app and use other modes to practice their language learning.","email":"support@talkpal.ai","legalName":"Talkpal, Inc.","foundingDate":"2023-04-03","duns":"118989042","numberOfEmployees":{"@type":"QuantitativeValue","minValue":"11","maxValue":"50"},"publishingPrinciples":"https:\/\/talkpal.ai\/publishing-principles\/","actionableFeedbackPolicy":"https:\/\/talkpal.ai\/actionable-feedback-policy\/","correctionsPolicy":"https:\/\/talkpal.ai\/corrections-policy\/","ethicsPolicy":"https:\/\/talkpal.ai\/ethics-policy\/","diversityPolicy":"https:\/\/talkpal.ai\/diversity-policy\/","diversityStaffingReport":"https:\/\/talkpal.ai\/diversity-policy\/"}]}},"_links":{"self":[{"href":"https:\/\/talkpal.ai\/sv\/wp-json\/wp\/v2\/grammar_exercises\/1142111","targetHints":{"allow":["GET"]}}],"collection":[{"href":"https:\/\/talkpal.ai\/sv\/wp-json\/wp\/v2\/grammar_exercises"}],"about":[{"href":"https:\/\/talkpal.ai\/sv\/wp-json\/wp\/v2\/types\/grammar_exercises"}],"wp:featuredmedia":[{"embeddable":true,"href":"https:\/\/talkpal.ai\/sv\/wp-json\/wp\/v2\/media\/1527720"}],"wp:attachment":[{"href":"https:\/\/talkpal.ai\/sv\/wp-json\/wp\/v2\/media?parent=1142111"}],"wp:term":[{"taxonomy":"exercise_language","embeddable":true,"href":"https:\/\/talkpal.ai\/sv\/wp-json\/wp\/v2\/exercise_language?post=1142111"}],"curies":[{"name":"wp","href":"https:\/\/api.w.org\/{rel}","templated":true}]}}