{"id":1141957,"date":"2025-07-06T09:58:33","date_gmt":"2025-07-06T09:58:33","guid":{"rendered":"https:\/\/talkpal.ai\/grammar_exercises\/reflexiva-verbovningar-for-makedonsk-grammatik\/"},"modified":"2025-07-06T09:58:33","modified_gmt":"2025-07-06T09:58:33","slug":"reflexiva-verbovningar-for-makedonsk-grammatik","status":"publish","type":"grammar_exercises","link":"https:\/\/talkpal.ai\/sv\/grammar_exercises\/reflexiva-verbovningar-for-makedonsk-grammatik\/","title":{"rendered":"Reflexiva verb\u00f6vningar f\u00f6r makedonsk grammatik"},"content":{"rendered":"<p><a href=\"https:\/\/talkpal.ai\/sv\/grammar\/reflexiva-verb-i-letisk-grammatik\/\">Reflexiva verb<\/a> \u00e4r verb som anv\u00e4nds n\u00e4r subjektet och objektet i en mening \u00e4r samma person eller sak. I makedonskan anv\u00e4nds reflexiva pronomen f\u00f6r att visa detta. \u00d6vningarna nedan hj\u00e4lper dig att f\u00f6rst\u00e5 och anv\u00e4nda <a href=\"https:\/\/talkpal.ai\/sv\/grammar\/reflexiva-verb-i-letisk-grammatik\/\">reflexiva verb<\/a> korrekt i olika situationer.<\/p>\n<h3>Reflexiva verb\u00f6vningar &#8211; Del 1<\/h3>\n<div class=\"input_sentences\">\n1. \u0408\u0430\u0441 \u0441\u0435\u043a\u043e\u0435 \u0443\u0442\u0440\u043e *\u0441\u0435 \u0431\u0443\u0434\u0430\u043c* \u0440\u0430\u043d\u043e. (Reflexivt verb f\u00f6r att vakna upp)<br \/>\n2. \u0422\u0438 \u0447\u0435\u0441\u0442\u043e *\u0441\u0435 \u0441\u043c\u0435\u0435\u0448* \u043a\u043e\u0433\u0430 \u0433\u043b\u0435\u0434\u0430\u0448 \u043a\u043e\u043c\u0435\u0434\u0438\u0438. (Reflexivt verb f\u00f6r att skratta)<br \/>\n3. \u0422\u043e\u0458 *\u0441\u0435 \u043c\u0438\u0435* \u043f\u0440\u0435\u0434 \u0432\u0435\u0447\u0435\u0440\u0430. (Reflexivt verb f\u00f6r att tv\u00e4tta sig)<br \/>\n4. \u041d\u0438\u0435 *\u0441\u0435 \u043f\u043e\u0434\u0433\u043e\u0442\u0432\u0443\u0432\u0430\u043c\u0435* \u0437\u0430 \u0438\u0441\u043f\u0438\u0442\u043e\u0442 \u0437\u0430\u0435\u0434\u043d\u043e. (Reflexivt verb f\u00f6r att f\u00f6rbereda sig)<br \/>\n5. \u0412\u0438\u0435 *\u0441\u0435 \u043e\u0434\u043c\u0430\u0440\u0430\u0442\u0435* \u043f\u043e \u0434\u043e\u043b\u0433 \u0434\u0435\u043d \u043d\u0430 \u0440\u0430\u0431\u043e\u0442\u0430. (Reflexivt verb f\u00f6r att vila sig)<br \/>\n6. \u0422\u0438\u0435 \u0441\u0435\u043a\u043e\u0433\u0430\u0448 *\u0441\u0435 \u043e\u0431\u043b\u0435\u043a\u0443\u0432\u0430\u0430\u0442* \u0443\u0431\u0430\u0432\u043e \u0437\u0430 \u043f\u0440\u0430\u0437\u043d\u0438\u043a\u043e\u0442. (Reflexivt verb f\u00f6r att <a href=\"https:\/\/talkpal.ai\/culture\/what-is-the-difference-between-kla-pa-sig-and-ta-pa-sig\/\">kl\u00e4 p\u00e5 sig<\/a>)<br \/>\n7. \u0408\u0430\u0441 *\u0441\u0435 \u0441\u0435\u045c\u0430\u0432\u0430\u043c* \u043d\u0430 \u0434\u0435\u0442\u0441\u0442\u0432\u043e\u0442\u043e \u0441\u043e \u0440\u0430\u0434\u043e\u0441\u0442. (Reflexivt verb f\u00f6r att minnas)<br \/>\n8. \u0422\u0438 *\u0441\u0435 \u0441\u0440\u0435\u045c\u0430\u0432\u0430\u0448* \u0441\u043e \u043f\u0440\u0438\u0458\u0430\u0442\u0435\u043b\u0438\u0442\u0435 \u0432\u043e \u043f\u0430\u0440\u043a\u043e\u0442. (Reflexivt verb f\u00f6r att tr\u00e4ffas)<br \/>\n9. \u0422\u0430\u0430 *\u0441\u0435 \u0448\u043c\u0438\u043d\u043a\u0430* \u043f\u0440\u0435\u0434 \u043e\u0433\u043b\u0435\u0434\u0430\u043b\u043e\u0442\u043e. (Reflexivt verb f\u00f6r att sminka sig)<br \/>\n10. \u041d\u0438\u0435 *\u0441\u0435 \u0434\u0440\u0443\u0436\u0438\u043c\u0435* \u0441\u0435\u043a\u043e\u0458 \u0432\u0438\u043a\u0435\u043d\u0434. (Reflexivt verb f\u00f6r att umg\u00e5s)\n<\/div>\n<div class=\"exercise\"><\/div>\n<h3>Reflexiva verb\u00f6vningar &#8211; Del 2<\/h3>\n<div class=\"input_sentences\">\n1. \u0408\u0430\u0441 *\u0441\u0435 \u0447\u0443\u0432\u0441\u0442\u0432\u0443\u0432\u0430\u043c* \u0434\u043e\u0431\u0440\u043e \u0434\u0435\u043d\u0435\u0441. (Reflexivt verb f\u00f6r att k\u00e4nna sig)<br \/>\n2. \u0422\u0438 *\u0441\u0435 \u0437\u0430\u0441\u0440\u0430\u043c\u0443\u0432\u0430\u0448* \u043a\u043e\u0433\u0430 \u0437\u0431\u043e\u0440\u0443\u0432\u0430\u0448 \u043f\u0440\u0435\u0434 \u043f\u0443\u0431\u043b\u0438\u043a\u0430. (Reflexivt verb f\u00f6r att sk\u00e4mmas)<br \/>\n3. \u0422\u043e\u0458 *\u0441\u0435 \u043f\u043b\u0430\u0448\u0438* \u043e\u0434 \u0432\u0438\u0441\u043e\u0447\u0438\u043d\u0438. (Reflexivt verb f\u00f6r att vara r\u00e4dd)<br \/>\n4. \u041d\u0438\u0435 *\u0441\u0435 \u0441\u043c\u0435\u0435\u043c\u0435* \u043d\u0430 \u0448\u0435\u0433\u0438\u0442\u0435 \u0437\u0430\u0435\u0434\u043d\u043e. (Reflexivt verb f\u00f6r att skratta)<br \/>\n5. \u0412\u0438\u0435 *\u0441\u0435 \u043e\u043f\u0443\u0448\u0442\u0430\u0442\u0435* \u043d\u0430 \u043f\u043b\u0430\u0436\u0430. (Reflexivt verb f\u00f6r att slappna av)<br \/>\n6. \u0422\u0438\u0435 *\u0441\u0435 \u0437\u0430\u043d\u0438\u043c\u0430\u0432\u0430\u0430\u0442* \u0441\u043e \u0441\u043f\u043e\u0440\u0442 \u0440\u0435\u0434\u043e\u0432\u043d\u043e. (Reflexivt verb f\u00f6r att h\u00e5lla p\u00e5 med)<br \/>\n7. \u0408\u0430\u0441 *\u0441\u0435 \u0433\u043b\u0435\u0434\u0430\u043c* \u0432\u043e \u043e\u0433\u043b\u0435\u0434\u0430\u043b\u043e\u0442\u043e \u0441\u0435\u043a\u043e\u0435 \u0443\u0442\u0440\u043e. (Reflexivt verb f\u00f6r att titta p\u00e5 sig sj\u00e4lv)<br \/>\n8. \u0422\u0438 *\u0441\u0435 \u0433\u0440\u0438\u0436\u0438\u0448* \u0437\u0430 \u0441\u0432\u043e\u0435\u0442\u043e \u0437\u0434\u0440\u0430\u0432\u0458\u0435. (Reflexivt verb f\u00f6r att ta hand om sig sj\u00e4lv)<br \/>\n9. \u0422\u0430\u0430 *\u0441\u0435 \u0441\u0435\u045c\u0430\u0432\u0430* \u043d\u0430 \u0432\u0430\u0436\u043d\u0438 \u0434\u0430\u0442\u0443\u043c\u0438. (Reflexivt verb f\u00f6r att minnas)<br \/>\n10. \u041d\u0438\u0435 *\u0441\u0435 \u0437\u0430\u0431\u0430\u0432\u0443\u0432\u0430\u043c\u0435* \u043d\u0430 \u0437\u0430\u0431\u0430\u0432\u0430\u0442\u0430. (Reflexivt verb f\u00f6r att ha roligt)\n<\/div>\n<div class=\"exercise\"><\/div>\n","protected":false},"featured_media":1527814,"parent":0,"menu_order":0,"template":"","exercise_language":[16112,16117],"class_list":["post-1141957","grammar_exercises","type-grammar_exercises","status-publish","has-post-thumbnail","hentry","exercise_language-makedonska-ovningar","exercise_language-verb-makedonsk-grammatik"],"acf":[],"yoast_head":"<!-- This site is optimized with the Yoast SEO Premium plugin v27.2 (Yoast SEO v27.2) - https:\/\/yoast.com\/product\/yoast-seo-premium-wordpress\/ -->\n<title>Reflexiva verb\u00f6vningar f\u00f6r makedonsk grammatik - Talkpal<\/title>\n<meta name=\"description\" content=\"Reflexiva verb \u00e4r verb som anv\u00e4nds n\u00e4r subjektet och objektet i en mening \u00e4r samma person eller sak. I makedonskan anv\u00e4nds reflexiva pronomen f\u00f6r att visa\" \/>\n<meta name=\"robots\" content=\"index, follow, max-snippet:-1, max-image-preview:large, max-video-preview:-1\" \/>\n<link rel=\"canonical\" href=\"https:\/\/talkpal.ai\/sv\/grammar_exercises\/reflexiva-verbovningar-for-makedonsk-grammatik\/\" \/>\n<meta property=\"og:locale\" content=\"sv_SE\" \/>\n<meta property=\"og:type\" content=\"article\" \/>\n<meta property=\"og:title\" content=\"Reflexiva verb\u00f6vningar f\u00f6r makedonsk grammatik\" \/>\n<meta property=\"og:description\" content=\"Reflexiva verb \u00e4r verb som anv\u00e4nds n\u00e4r subjektet och objektet i en mening \u00e4r samma person eller sak. I makedonskan anv\u00e4nds reflexiva pronomen f\u00f6r att visa\" \/>\n<meta property=\"og:url\" content=\"https:\/\/talkpal.ai\/sv\/grammar_exercises\/reflexiva-verbovningar-for-makedonsk-grammatik\/\" \/>\n<meta property=\"og:site_name\" content=\"Talkpal\" \/>\n<meta property=\"article:publisher\" content=\"https:\/\/www.facebook.com\/profile.php?id=100090733639311\" \/>\n<meta property=\"og:image\" content=\"https:\/\/talkpal.ai\/wp-content\/uploads\/2025\/02\/Progress-tab-16_9.png\" \/>\n\t<meta property=\"og:image:width\" content=\"2880\" \/>\n\t<meta property=\"og:image:height\" content=\"1620\" \/>\n\t<meta property=\"og:image:type\" content=\"image\/png\" \/>\n<meta name=\"twitter:card\" content=\"summary_large_image\" \/>\n<meta name=\"twitter:site\" content=\"@talkpalai\" \/>\n<meta name=\"twitter:label1\" content=\"Ber\u00e4knad l\u00e4stid\" \/>\n\t<meta name=\"twitter:data1\" content=\"1 minut\" \/>\n<script type=\"application\/ld+json\" class=\"yoast-schema-graph\">{\"@context\":\"https:\/\/schema.org\",\"@graph\":[{\"@type\":\"WebPage\",\"@id\":\"https:\/\/talkpal.ai\/sv\/grammar_exercises\/reflexiva-verbovningar-for-makedonsk-grammatik\/\",\"url\":\"https:\/\/talkpal.ai\/sv\/grammar_exercises\/reflexiva-verbovningar-for-makedonsk-grammatik\/\",\"name\":\"Reflexiva verb\u00f6vningar f\u00f6r makedonsk grammatik - Talkpal\",\"isPartOf\":{\"@id\":\"https:\/\/talkpal.ai\/sv\/#website\"},\"primaryImageOfPage\":{\"@id\":\"https:\/\/talkpal.ai\/sv\/grammar_exercises\/reflexiva-verbovningar-for-makedonsk-grammatik\/#primaryimage\"},\"image\":{\"@id\":\"https:\/\/talkpal.ai\/sv\/grammar_exercises\/reflexiva-verbovningar-for-makedonsk-grammatik\/#primaryimage\"},\"thumbnailUrl\":\"https:\/\/talkpal.ai\/wp-content\/uploads\/2025\/12\/notes-are-taken-to-learn-languages.webp\",\"datePublished\":\"2025-07-06T09:58:33+00:00\",\"description\":\"Reflexiva verb \u00e4r verb som anv\u00e4nds n\u00e4r subjektet och objektet i en mening \u00e4r samma person eller sak. I makedonskan anv\u00e4nds reflexiva pronomen f\u00f6r att visa\",\"breadcrumb\":{\"@id\":\"https:\/\/talkpal.ai\/sv\/grammar_exercises\/reflexiva-verbovningar-for-makedonsk-grammatik\/#breadcrumb\"},\"inLanguage\":\"sv-SE\",\"potentialAction\":[{\"@type\":\"ReadAction\",\"target\":[\"https:\/\/talkpal.ai\/sv\/grammar_exercises\/reflexiva-verbovningar-for-makedonsk-grammatik\/\"]}]},{\"@type\":\"ImageObject\",\"inLanguage\":\"sv-SE\",\"@id\":\"https:\/\/talkpal.ai\/sv\/grammar_exercises\/reflexiva-verbovningar-for-makedonsk-grammatik\/#primaryimage\",\"url\":\"https:\/\/talkpal.ai\/wp-content\/uploads\/2025\/12\/notes-are-taken-to-learn-languages.webp\",\"contentUrl\":\"https:\/\/talkpal.ai\/wp-content\/uploads\/2025\/12\/notes-are-taken-to-learn-languages.webp\",\"width\":1200,\"height\":896,\"caption\":\"A young woman with curly hair sits in a kitchen and writes in a workbook while learning languages.\"},{\"@type\":\"BreadcrumbList\",\"@id\":\"https:\/\/talkpal.ai\/sv\/grammar_exercises\/reflexiva-verbovningar-for-makedonsk-grammatik\/#breadcrumb\",\"itemListElement\":[{\"@type\":\"ListItem\",\"position\":1,\"name\":\"Homepage\",\"item\":\"https:\/\/talkpal.ai\/sv\/\"},{\"@type\":\"ListItem\",\"position\":2,\"name\":\"Reflexiva verb\u00f6vningar f\u00f6r makedonsk grammatik\"}]},{\"@type\":\"WebSite\",\"@id\":\"https:\/\/talkpal.ai\/sv\/#website\",\"url\":\"https:\/\/talkpal.ai\/sv\/\",\"name\":\"Talkpal\",\"description\":\"AI Language Learning\",\"publisher\":{\"@id\":\"https:\/\/talkpal.ai\/sv\/#organization\"},\"alternateName\":\"Talkpal AI\",\"potentialAction\":[{\"@type\":\"SearchAction\",\"target\":{\"@type\":\"EntryPoint\",\"urlTemplate\":\"https:\/\/talkpal.ai\/sv\/?s={search_term_string}\"},\"query-input\":{\"@type\":\"PropertyValueSpecification\",\"valueRequired\":true,\"valueName\":\"search_term_string\"}}],\"inLanguage\":\"sv-SE\"},{\"@type\":\"Organization\",\"@id\":\"https:\/\/talkpal.ai\/sv\/#organization\",\"name\":\"Talkpal, Inc.\",\"alternateName\":\"Talkpal AI\",\"url\":\"https:\/\/talkpal.ai\/sv\/\",\"logo\":{\"@type\":\"ImageObject\",\"inLanguage\":\"sv-SE\",\"@id\":\"https:\/\/talkpal.ai\/sv\/#\/schema\/logo\/image\/\",\"url\":\"https:\/\/talkpal.ai\/wp-content\/uploads\/2024\/03\/Talkpal-Logo-Icon.png\",\"contentUrl\":\"https:\/\/talkpal.ai\/wp-content\/uploads\/2024\/03\/Talkpal-Logo-Icon.png\",\"width\":2880,\"height\":2880,\"caption\":\"Talkpal, Inc.\"},\"image\":{\"@id\":\"https:\/\/talkpal.ai\/sv\/#\/schema\/logo\/image\/\"},\"sameAs\":[\"https:\/\/www.facebook.com\/profile.php?id=100090733639311\",\"https:\/\/x.com\/talkpalai\",\"https:\/\/www.linkedin.com\/company\/talkpal\/\",\"https:\/\/www.youtube.com\/@TalkPal\/\",\"https:\/\/www.tiktok.com\/@talkpal\",\"https:\/\/www.instagram.com\/talkpal_ai\/\",\"https:\/\/www.crunchbase.com\/organization\/talkpal-9cde\",\"https:\/\/www.g2.com\/products\/talkpal-for-business\/\",\"https:\/\/www.trustpilot.com\/review\/talkpal.ai\",\"https:\/\/www.capterra.com\/p\/10006800\/TalkPal\/\"],\"description\":\"Talkpal is a language learning web and mobile education app, powered by the latest AI technologies, that provides engaging experiences to its customers in many different languages to help them improve their language skills. Users can chat about unlimited amount of topics with the app and use other modes to practice their language learning.\",\"email\":\"support@talkpal.ai\",\"legalName\":\"Talkpal, Inc.\",\"foundingDate\":\"2023-04-03\",\"duns\":\"118989042\",\"numberOfEmployees\":{\"@type\":\"QuantitativeValue\",\"minValue\":\"11\",\"maxValue\":\"50\"},\"publishingPrinciples\":\"https:\/\/talkpal.ai\/publishing-principles\/\",\"actionableFeedbackPolicy\":\"https:\/\/talkpal.ai\/actionable-feedback-policy\/\",\"correctionsPolicy\":\"https:\/\/talkpal.ai\/corrections-policy\/\",\"ethicsPolicy\":\"https:\/\/talkpal.ai\/ethics-policy\/\",\"diversityPolicy\":\"https:\/\/talkpal.ai\/diversity-policy\/\",\"diversityStaffingReport\":\"https:\/\/talkpal.ai\/diversity-policy\/\"}]}<\/script>\n<!-- \/ Yoast SEO Premium plugin. -->","yoast_head_json":{"title":"Reflexiva verb\u00f6vningar f\u00f6r makedonsk grammatik - Talkpal","description":"Reflexiva verb \u00e4r verb som anv\u00e4nds n\u00e4r subjektet och objektet i en mening \u00e4r samma person eller sak. I makedonskan anv\u00e4nds reflexiva pronomen f\u00f6r att visa","robots":{"index":"index","follow":"follow","max-snippet":"max-snippet:-1","max-image-preview":"max-image-preview:large","max-video-preview":"max-video-preview:-1"},"canonical":"https:\/\/talkpal.ai\/sv\/grammar_exercises\/reflexiva-verbovningar-for-makedonsk-grammatik\/","og_locale":"sv_SE","og_type":"article","og_title":"Reflexiva verb\u00f6vningar f\u00f6r makedonsk grammatik","og_description":"Reflexiva verb \u00e4r verb som anv\u00e4nds n\u00e4r subjektet och objektet i en mening \u00e4r samma person eller sak. I makedonskan anv\u00e4nds reflexiva pronomen f\u00f6r att visa","og_url":"https:\/\/talkpal.ai\/sv\/grammar_exercises\/reflexiva-verbovningar-for-makedonsk-grammatik\/","og_site_name":"Talkpal","article_publisher":"https:\/\/www.facebook.com\/profile.php?id=100090733639311","og_image":[{"width":2880,"height":1620,"url":"https:\/\/talkpal.ai\/wp-content\/uploads\/2025\/02\/Progress-tab-16_9.png","type":"image\/png"}],"twitter_card":"summary_large_image","twitter_site":"@talkpalai","twitter_misc":{"Ber\u00e4knad l\u00e4stid":"1 minut"},"schema":{"@context":"https:\/\/schema.org","@graph":[{"@type":"WebPage","@id":"https:\/\/talkpal.ai\/sv\/grammar_exercises\/reflexiva-verbovningar-for-makedonsk-grammatik\/","url":"https:\/\/talkpal.ai\/sv\/grammar_exercises\/reflexiva-verbovningar-for-makedonsk-grammatik\/","name":"Reflexiva verb\u00f6vningar f\u00f6r makedonsk grammatik - Talkpal","isPartOf":{"@id":"https:\/\/talkpal.ai\/sv\/#website"},"primaryImageOfPage":{"@id":"https:\/\/talkpal.ai\/sv\/grammar_exercises\/reflexiva-verbovningar-for-makedonsk-grammatik\/#primaryimage"},"image":{"@id":"https:\/\/talkpal.ai\/sv\/grammar_exercises\/reflexiva-verbovningar-for-makedonsk-grammatik\/#primaryimage"},"thumbnailUrl":"https:\/\/talkpal.ai\/wp-content\/uploads\/2025\/12\/notes-are-taken-to-learn-languages.webp","datePublished":"2025-07-06T09:58:33+00:00","description":"Reflexiva verb \u00e4r verb som anv\u00e4nds n\u00e4r subjektet och objektet i en mening \u00e4r samma person eller sak. I makedonskan anv\u00e4nds reflexiva pronomen f\u00f6r att visa","breadcrumb":{"@id":"https:\/\/talkpal.ai\/sv\/grammar_exercises\/reflexiva-verbovningar-for-makedonsk-grammatik\/#breadcrumb"},"inLanguage":"sv-SE","potentialAction":[{"@type":"ReadAction","target":["https:\/\/talkpal.ai\/sv\/grammar_exercises\/reflexiva-verbovningar-for-makedonsk-grammatik\/"]}]},{"@type":"ImageObject","inLanguage":"sv-SE","@id":"https:\/\/talkpal.ai\/sv\/grammar_exercises\/reflexiva-verbovningar-for-makedonsk-grammatik\/#primaryimage","url":"https:\/\/talkpal.ai\/wp-content\/uploads\/2025\/12\/notes-are-taken-to-learn-languages.webp","contentUrl":"https:\/\/talkpal.ai\/wp-content\/uploads\/2025\/12\/notes-are-taken-to-learn-languages.webp","width":1200,"height":896,"caption":"A young woman with curly hair sits in a kitchen and writes in a workbook while learning languages."},{"@type":"BreadcrumbList","@id":"https:\/\/talkpal.ai\/sv\/grammar_exercises\/reflexiva-verbovningar-for-makedonsk-grammatik\/#breadcrumb","itemListElement":[{"@type":"ListItem","position":1,"name":"Homepage","item":"https:\/\/talkpal.ai\/sv\/"},{"@type":"ListItem","position":2,"name":"Reflexiva verb\u00f6vningar f\u00f6r makedonsk grammatik"}]},{"@type":"WebSite","@id":"https:\/\/talkpal.ai\/sv\/#website","url":"https:\/\/talkpal.ai\/sv\/","name":"Talkpal","description":"AI Language Learning","publisher":{"@id":"https:\/\/talkpal.ai\/sv\/#organization"},"alternateName":"Talkpal AI","potentialAction":[{"@type":"SearchAction","target":{"@type":"EntryPoint","urlTemplate":"https:\/\/talkpal.ai\/sv\/?s={search_term_string}"},"query-input":{"@type":"PropertyValueSpecification","valueRequired":true,"valueName":"search_term_string"}}],"inLanguage":"sv-SE"},{"@type":"Organization","@id":"https:\/\/talkpal.ai\/sv\/#organization","name":"Talkpal, Inc.","alternateName":"Talkpal AI","url":"https:\/\/talkpal.ai\/sv\/","logo":{"@type":"ImageObject","inLanguage":"sv-SE","@id":"https:\/\/talkpal.ai\/sv\/#\/schema\/logo\/image\/","url":"https:\/\/talkpal.ai\/wp-content\/uploads\/2024\/03\/Talkpal-Logo-Icon.png","contentUrl":"https:\/\/talkpal.ai\/wp-content\/uploads\/2024\/03\/Talkpal-Logo-Icon.png","width":2880,"height":2880,"caption":"Talkpal, Inc."},"image":{"@id":"https:\/\/talkpal.ai\/sv\/#\/schema\/logo\/image\/"},"sameAs":["https:\/\/www.facebook.com\/profile.php?id=100090733639311","https:\/\/x.com\/talkpalai","https:\/\/www.linkedin.com\/company\/talkpal\/","https:\/\/www.youtube.com\/@TalkPal\/","https:\/\/www.tiktok.com\/@talkpal","https:\/\/www.instagram.com\/talkpal_ai\/","https:\/\/www.crunchbase.com\/organization\/talkpal-9cde","https:\/\/www.g2.com\/products\/talkpal-for-business\/","https:\/\/www.trustpilot.com\/review\/talkpal.ai","https:\/\/www.capterra.com\/p\/10006800\/TalkPal\/"],"description":"Talkpal is a language learning web and mobile education app, powered by the latest AI technologies, that provides engaging experiences to its customers in many different languages to help them improve their language skills. Users can chat about unlimited amount of topics with the app and use other modes to practice their language learning.","email":"support@talkpal.ai","legalName":"Talkpal, Inc.","foundingDate":"2023-04-03","duns":"118989042","numberOfEmployees":{"@type":"QuantitativeValue","minValue":"11","maxValue":"50"},"publishingPrinciples":"https:\/\/talkpal.ai\/publishing-principles\/","actionableFeedbackPolicy":"https:\/\/talkpal.ai\/actionable-feedback-policy\/","correctionsPolicy":"https:\/\/talkpal.ai\/corrections-policy\/","ethicsPolicy":"https:\/\/talkpal.ai\/ethics-policy\/","diversityPolicy":"https:\/\/talkpal.ai\/diversity-policy\/","diversityStaffingReport":"https:\/\/talkpal.ai\/diversity-policy\/"}]}},"_links":{"self":[{"href":"https:\/\/talkpal.ai\/sv\/wp-json\/wp\/v2\/grammar_exercises\/1141957","targetHints":{"allow":["GET"]}}],"collection":[{"href":"https:\/\/talkpal.ai\/sv\/wp-json\/wp\/v2\/grammar_exercises"}],"about":[{"href":"https:\/\/talkpal.ai\/sv\/wp-json\/wp\/v2\/types\/grammar_exercises"}],"wp:featuredmedia":[{"embeddable":true,"href":"https:\/\/talkpal.ai\/sv\/wp-json\/wp\/v2\/media\/1527814"}],"wp:attachment":[{"href":"https:\/\/talkpal.ai\/sv\/wp-json\/wp\/v2\/media?parent=1141957"}],"wp:term":[{"taxonomy":"exercise_language","embeddable":true,"href":"https:\/\/talkpal.ai\/sv\/wp-json\/wp\/v2\/exercise_language?post=1141957"}],"curies":[{"name":"wp","href":"https:\/\/api.w.org\/{rel}","templated":true}]}}