{"id":1141499,"date":"2025-07-06T09:50:57","date_gmt":"2025-07-06T09:50:57","guid":{"rendered":"https:\/\/talkpal.ai\/grammar_exercises\/relativa-adverbsovningar-for-islandsk-grammatik\/"},"modified":"2025-07-06T09:50:57","modified_gmt":"2025-07-06T09:50:57","slug":"relativa-adverbsovningar-for-islandsk-grammatik","status":"publish","type":"grammar_exercises","link":"https:\/\/talkpal.ai\/sv\/grammar_exercises\/relativa-adverbsovningar-for-islandsk-grammatik\/","title":{"rendered":"Relativa adverbs\u00f6vningar f\u00f6r isl\u00e4ndsk grammatik"},"content":{"rendered":"<p>H\u00e4r f\u00e5r du \u00f6va p\u00e5 <a href=\"https:\/\/talkpal.ai\/sv\/grammar\/relativa-adverb-i-kannada-grammatik\/\">relativa adverb<\/a> i <a href=\"https:\/\/talkpal.ai\/sv\/grammar\/positiva-adjektiv-i-islandsk-grammatik\/\">isl\u00e4ndsk grammatik<\/a>. <a href=\"https:\/\/talkpal.ai\/sv\/grammar\/relativa-adverb-i-kannada-grammatik\/\">Relativa adverb<\/a> anv\u00e4nds f\u00f6r att binda ihop satser och refererar till tid, plats eller orsak. I \u00f6vningarna nedan ska du v\u00e4lja r\u00e4tt relativa adverb f\u00f6r att fylla i meningarna. Tips: T\u00e4nk p\u00e5 om satsen beskriver tid (hven\u00e6r), plats (\u00fear sem) eller orsak (af \u00fev\u00ed a\u00f0).<\/p>\n<h3>Relativa adverbs\u00f6vning 1: Tid och plats<\/h3>\n<div class=\"input_sentences\">\n1. \u00c9g man daginn *\u00feegar* vi\u00f0 f\u00f3rum \u00ed sk\u00f3lann. (Hint: Anv\u00e4nds f\u00f6r tid, betyder &#8221;n\u00e4r&#8221;)<br \/>\n2. \u00deetta er sta\u00f0urinn *\u00fear sem* vi\u00f0 hittumst fyrst. (Hint: Anv\u00e4nds f\u00f6r plats, betyder &#8221;d\u00e4r&#8221;)<br \/>\n3. Hann sag\u00f0i m\u00e9r s\u00f6guna *\u00fear sem* allt byrja\u00f0i. (Hint: Anv\u00e4nds f\u00f6r plats) <br \/>\n4. \u00c9g man ekki daginn *\u00feegar* hann kom til borgarinnar. (Hint: Anv\u00e4nds f\u00f6r tid) <br \/>\n5. H\u00fasinu *\u00fear sem* h\u00fan b\u00fdr er mj\u00f6g gamalt. (Hint: Anv\u00e4nds f\u00f6r plats) <br \/>\n6. Vi\u00f0 f\u00f3rum heim *\u00feegar* kennslan lauk. (Hint: Anv\u00e4nds f\u00f6r tid) <br \/>\n7. \u00deetta er sta\u00f0urinn *\u00fear sem* vi\u00f0 fundum t\u00f6skuna m\u00edna. (Hint: Anv\u00e4nds f\u00f6r plats) <br \/>\n8. \u00c9g \u00e6tla a\u00f0 segja \u00fe\u00e9r hva\u00f0 ger\u00f0ist *\u00feegar* \u00e9g var l\u00edtill. (Hint: Anv\u00e4nds f\u00f6r tid) <br \/>\n9. \u00de\u00fa getur sest *\u00fear sem* \u00fe\u00fa vilt. (Hint: Anv\u00e4nds f\u00f6r plats) <br \/>\n10. H\u00fan man ekki daginn *\u00feegar* h\u00fan flutti til \u00cdslands. (Hint: Anv\u00e4nds f\u00f6r tid) \n<\/div>\n<div class=\"exercise\"><\/div>\n<h3>Relativa adverbs\u00f6vning 2: Orsak och tid<\/h3>\n<div class=\"input_sentences\">\n1. \u00c9g gat ekki komi\u00f0 *af \u00fev\u00ed a\u00f0* \u00e9g var veikur. (Hint: Anv\u00e4nds f\u00f6r orsak, betyder &#8221;eftersom&#8221;) <br \/>\n2. Hann f\u00f3r heim *af \u00fev\u00ed a\u00f0* ve\u00f0ri\u00f0 var vont. (Hint: Anv\u00e4nds f\u00f6r orsak) <br \/>\n3. H\u00fan f\u00e9kk ekki vinnuna *af \u00fev\u00ed a\u00f0* h\u00fan skila\u00f0i ekki ums\u00f3kninni. (Hint: Anv\u00e4nds f\u00f6r orsak) <br \/>\n4. Vi\u00f0 ur\u00f0um a\u00f0 h\u00e6tta *af \u00fev\u00ed a\u00f0* rafmagni\u00f0 f\u00f3r. (Hint: Anv\u00e4nds f\u00f6r orsak) <br \/>\n5. \u00c9g var seinn *af \u00fev\u00ed a\u00f0* str\u00e6t\u00f3inn seinka\u00f0i. (Hint: Anv\u00e4nds f\u00f6r orsak) <br \/>\n6. H\u00fan f\u00f3r \u00ed sk\u00f3lann *\u00feegar* kennslan byrja\u00f0i. (Hint: Anv\u00e4nds f\u00f6r tid) <br \/>\n7. Vi\u00f0 hittumst *\u00feegar* \u00e9g var \u00e1 \u00cdslandi s\u00ed\u00f0ast. (Hint: Anv\u00e4nds f\u00f6r tid) <br \/>\n8. Hann hringdi *af \u00fev\u00ed a\u00f0* hann \u00feurfti hj\u00e1lp. (Hint: Anv\u00e4nds f\u00f6r orsak) <br \/>\n9. \u00c9g f\u00e9kk gj\u00f6f *\u00feegar* \u00e9g \u00fatskrifa\u00f0ist. (Hint: Anv\u00e4nds f\u00f6r tid) <br \/>\n10. \u00deau h\u00e6ttu a\u00f0 <a href=\"https:\/\/talkpal.ai\/locations\/language-courses-in-tala\/\">tala<\/a> *af \u00fev\u00ed a\u00f0* \u00feau voru \u00f3samm\u00e1la. (Hint: Anv\u00e4nds f\u00f6r orsak) \n<\/div>\n<div class=\"exercise\"><\/div>\n","protected":false},"featured_media":1527675,"parent":0,"menu_order":0,"template":"","exercise_language":[16735,16727],"class_list":["post-1141499","grammar_exercises","type-grammar_exercises","status-publish","has-post-thumbnail","hentry","exercise_language-adverb-islandsk-grammatik","exercise_language-islandska-ovningar"],"acf":[],"yoast_head":"<!-- This site is optimized with the Yoast SEO Premium plugin v27.2 (Yoast SEO v27.2) - https:\/\/yoast.com\/product\/yoast-seo-premium-wordpress\/ -->\n<title>Relativa adverbs\u00f6vningar f\u00f6r isl\u00e4ndsk grammatik - Talkpal<\/title>\n<meta name=\"description\" content=\"H\u00e4r f\u00e5r du \u00f6va p\u00e5 relativa adverb i isl\u00e4ndsk grammatik. Relativa adverb anv\u00e4nds f\u00f6r att binda ihop satser och refererar till tid, plats eller orsak. I\" \/>\n<meta name=\"robots\" content=\"index, follow, max-snippet:-1, max-image-preview:large, max-video-preview:-1\" \/>\n<link rel=\"canonical\" href=\"https:\/\/talkpal.ai\/sv\/grammar_exercises\/relativa-adverbsovningar-for-islandsk-grammatik\/\" \/>\n<meta property=\"og:locale\" content=\"sv_SE\" \/>\n<meta property=\"og:type\" content=\"article\" \/>\n<meta property=\"og:title\" content=\"Relativa adverbs\u00f6vningar f\u00f6r isl\u00e4ndsk grammatik\" \/>\n<meta property=\"og:description\" content=\"H\u00e4r f\u00e5r du \u00f6va p\u00e5 relativa adverb i isl\u00e4ndsk grammatik. Relativa adverb anv\u00e4nds f\u00f6r att binda ihop satser och refererar till tid, plats eller orsak. I\" \/>\n<meta property=\"og:url\" content=\"https:\/\/talkpal.ai\/sv\/grammar_exercises\/relativa-adverbsovningar-for-islandsk-grammatik\/\" \/>\n<meta property=\"og:site_name\" content=\"Talkpal\" \/>\n<meta property=\"article:publisher\" content=\"https:\/\/www.facebook.com\/profile.php?id=100090733639311\" \/>\n<meta property=\"og:image\" content=\"https:\/\/talkpal.ai\/wp-content\/uploads\/2025\/02\/Progress-tab-16_9.png\" \/>\n\t<meta property=\"og:image:width\" content=\"2880\" \/>\n\t<meta property=\"og:image:height\" content=\"1620\" \/>\n\t<meta property=\"og:image:type\" content=\"image\/png\" \/>\n<meta name=\"twitter:card\" content=\"summary_large_image\" \/>\n<meta name=\"twitter:site\" content=\"@talkpalai\" \/>\n<meta name=\"twitter:label1\" content=\"Ber\u00e4knad l\u00e4stid\" \/>\n\t<meta name=\"twitter:data1\" content=\"2 minuter\" \/>\n<script type=\"application\/ld+json\" class=\"yoast-schema-graph\">{\"@context\":\"https:\/\/schema.org\",\"@graph\":[{\"@type\":\"WebPage\",\"@id\":\"https:\/\/talkpal.ai\/sv\/grammar_exercises\/relativa-adverbsovningar-for-islandsk-grammatik\/\",\"url\":\"https:\/\/talkpal.ai\/sv\/grammar_exercises\/relativa-adverbsovningar-for-islandsk-grammatik\/\",\"name\":\"Relativa adverbs\u00f6vningar f\u00f6r isl\u00e4ndsk grammatik - Talkpal\",\"isPartOf\":{\"@id\":\"https:\/\/talkpal.ai\/sv\/#website\"},\"primaryImageOfPage\":{\"@id\":\"https:\/\/talkpal.ai\/sv\/grammar_exercises\/relativa-adverbsovningar-for-islandsk-grammatik\/#primaryimage\"},\"image\":{\"@id\":\"https:\/\/talkpal.ai\/sv\/grammar_exercises\/relativa-adverbsovningar-for-islandsk-grammatik\/#primaryimage\"},\"thumbnailUrl\":\"https:\/\/talkpal.ai\/wp-content\/uploads\/2025\/12\/grass-is-occupied-while-learning-languages.webp\",\"datePublished\":\"2025-07-06T09:50:57+00:00\",\"description\":\"H\u00e4r f\u00e5r du \u00f6va p\u00e5 relativa adverb i isl\u00e4ndsk grammatik. Relativa adverb anv\u00e4nds f\u00f6r att binda ihop satser och refererar till tid, plats eller orsak. I\",\"breadcrumb\":{\"@id\":\"https:\/\/talkpal.ai\/sv\/grammar_exercises\/relativa-adverbsovningar-for-islandsk-grammatik\/#breadcrumb\"},\"inLanguage\":\"sv-SE\",\"potentialAction\":[{\"@type\":\"ReadAction\",\"target\":[\"https:\/\/talkpal.ai\/sv\/grammar_exercises\/relativa-adverbsovningar-for-islandsk-grammatik\/\"]}]},{\"@type\":\"ImageObject\",\"inLanguage\":\"sv-SE\",\"@id\":\"https:\/\/talkpal.ai\/sv\/grammar_exercises\/relativa-adverbsovningar-for-islandsk-grammatik\/#primaryimage\",\"url\":\"https:\/\/talkpal.ai\/wp-content\/uploads\/2025\/12\/grass-is-occupied-while-learning-languages.webp\",\"contentUrl\":\"https:\/\/talkpal.ai\/wp-content\/uploads\/2025\/12\/grass-is-occupied-while-learning-languages.webp\",\"width\":1200,\"height\":896,\"caption\":\"A group of students sit on the lawn while learning languages outside a university.\"},{\"@type\":\"BreadcrumbList\",\"@id\":\"https:\/\/talkpal.ai\/sv\/grammar_exercises\/relativa-adverbsovningar-for-islandsk-grammatik\/#breadcrumb\",\"itemListElement\":[{\"@type\":\"ListItem\",\"position\":1,\"name\":\"Homepage\",\"item\":\"https:\/\/talkpal.ai\/sv\/\"},{\"@type\":\"ListItem\",\"position\":2,\"name\":\"Relativa adverbs\u00f6vningar f\u00f6r isl\u00e4ndsk grammatik\"}]},{\"@type\":\"WebSite\",\"@id\":\"https:\/\/talkpal.ai\/sv\/#website\",\"url\":\"https:\/\/talkpal.ai\/sv\/\",\"name\":\"Talkpal\",\"description\":\"AI Language Learning\",\"publisher\":{\"@id\":\"https:\/\/talkpal.ai\/sv\/#organization\"},\"alternateName\":\"Talkpal AI\",\"potentialAction\":[{\"@type\":\"SearchAction\",\"target\":{\"@type\":\"EntryPoint\",\"urlTemplate\":\"https:\/\/talkpal.ai\/sv\/?s={search_term_string}\"},\"query-input\":{\"@type\":\"PropertyValueSpecification\",\"valueRequired\":true,\"valueName\":\"search_term_string\"}}],\"inLanguage\":\"sv-SE\"},{\"@type\":\"Organization\",\"@id\":\"https:\/\/talkpal.ai\/sv\/#organization\",\"name\":\"Talkpal, Inc.\",\"alternateName\":\"Talkpal AI\",\"url\":\"https:\/\/talkpal.ai\/sv\/\",\"logo\":{\"@type\":\"ImageObject\",\"inLanguage\":\"sv-SE\",\"@id\":\"https:\/\/talkpal.ai\/sv\/#\/schema\/logo\/image\/\",\"url\":\"https:\/\/talkpal.ai\/wp-content\/uploads\/2024\/03\/Talkpal-Logo-Icon.png\",\"contentUrl\":\"https:\/\/talkpal.ai\/wp-content\/uploads\/2024\/03\/Talkpal-Logo-Icon.png\",\"width\":2880,\"height\":2880,\"caption\":\"Talkpal, Inc.\"},\"image\":{\"@id\":\"https:\/\/talkpal.ai\/sv\/#\/schema\/logo\/image\/\"},\"sameAs\":[\"https:\/\/www.facebook.com\/profile.php?id=100090733639311\",\"https:\/\/x.com\/talkpalai\",\"https:\/\/www.linkedin.com\/company\/talkpal\/\",\"https:\/\/www.youtube.com\/@TalkPal\/\",\"https:\/\/www.tiktok.com\/@talkpal\",\"https:\/\/www.instagram.com\/talkpal_ai\/\",\"https:\/\/www.crunchbase.com\/organization\/talkpal-9cde\",\"https:\/\/www.g2.com\/products\/talkpal-for-business\/\",\"https:\/\/www.trustpilot.com\/review\/talkpal.ai\",\"https:\/\/www.capterra.com\/p\/10006800\/TalkPal\/\"],\"description\":\"Talkpal is a language learning web and mobile education app, powered by the latest AI technologies, that provides engaging experiences to its customers in many different languages to help them improve their language skills. Users can chat about unlimited amount of topics with the app and use other modes to practice their language learning.\",\"email\":\"support@talkpal.ai\",\"legalName\":\"Talkpal, Inc.\",\"foundingDate\":\"2023-04-03\",\"duns\":\"118989042\",\"numberOfEmployees\":{\"@type\":\"QuantitativeValue\",\"minValue\":\"11\",\"maxValue\":\"50\"},\"publishingPrinciples\":\"https:\/\/talkpal.ai\/publishing-principles\/\",\"actionableFeedbackPolicy\":\"https:\/\/talkpal.ai\/actionable-feedback-policy\/\",\"correctionsPolicy\":\"https:\/\/talkpal.ai\/corrections-policy\/\",\"ethicsPolicy\":\"https:\/\/talkpal.ai\/ethics-policy\/\",\"diversityPolicy\":\"https:\/\/talkpal.ai\/diversity-policy\/\",\"diversityStaffingReport\":\"https:\/\/talkpal.ai\/diversity-policy\/\"}]}<\/script>\n<!-- \/ Yoast SEO Premium plugin. -->","yoast_head_json":{"title":"Relativa adverbs\u00f6vningar f\u00f6r isl\u00e4ndsk grammatik - Talkpal","description":"H\u00e4r f\u00e5r du \u00f6va p\u00e5 relativa adverb i isl\u00e4ndsk grammatik. Relativa adverb anv\u00e4nds f\u00f6r att binda ihop satser och refererar till tid, plats eller orsak. I","robots":{"index":"index","follow":"follow","max-snippet":"max-snippet:-1","max-image-preview":"max-image-preview:large","max-video-preview":"max-video-preview:-1"},"canonical":"https:\/\/talkpal.ai\/sv\/grammar_exercises\/relativa-adverbsovningar-for-islandsk-grammatik\/","og_locale":"sv_SE","og_type":"article","og_title":"Relativa adverbs\u00f6vningar f\u00f6r isl\u00e4ndsk grammatik","og_description":"H\u00e4r f\u00e5r du \u00f6va p\u00e5 relativa adverb i isl\u00e4ndsk grammatik. Relativa adverb anv\u00e4nds f\u00f6r att binda ihop satser och refererar till tid, plats eller orsak. I","og_url":"https:\/\/talkpal.ai\/sv\/grammar_exercises\/relativa-adverbsovningar-for-islandsk-grammatik\/","og_site_name":"Talkpal","article_publisher":"https:\/\/www.facebook.com\/profile.php?id=100090733639311","og_image":[{"width":2880,"height":1620,"url":"https:\/\/talkpal.ai\/wp-content\/uploads\/2025\/02\/Progress-tab-16_9.png","type":"image\/png"}],"twitter_card":"summary_large_image","twitter_site":"@talkpalai","twitter_misc":{"Ber\u00e4knad l\u00e4stid":"2 minuter"},"schema":{"@context":"https:\/\/schema.org","@graph":[{"@type":"WebPage","@id":"https:\/\/talkpal.ai\/sv\/grammar_exercises\/relativa-adverbsovningar-for-islandsk-grammatik\/","url":"https:\/\/talkpal.ai\/sv\/grammar_exercises\/relativa-adverbsovningar-for-islandsk-grammatik\/","name":"Relativa adverbs\u00f6vningar f\u00f6r isl\u00e4ndsk grammatik - Talkpal","isPartOf":{"@id":"https:\/\/talkpal.ai\/sv\/#website"},"primaryImageOfPage":{"@id":"https:\/\/talkpal.ai\/sv\/grammar_exercises\/relativa-adverbsovningar-for-islandsk-grammatik\/#primaryimage"},"image":{"@id":"https:\/\/talkpal.ai\/sv\/grammar_exercises\/relativa-adverbsovningar-for-islandsk-grammatik\/#primaryimage"},"thumbnailUrl":"https:\/\/talkpal.ai\/wp-content\/uploads\/2025\/12\/grass-is-occupied-while-learning-languages.webp","datePublished":"2025-07-06T09:50:57+00:00","description":"H\u00e4r f\u00e5r du \u00f6va p\u00e5 relativa adverb i isl\u00e4ndsk grammatik. Relativa adverb anv\u00e4nds f\u00f6r att binda ihop satser och refererar till tid, plats eller orsak. I","breadcrumb":{"@id":"https:\/\/talkpal.ai\/sv\/grammar_exercises\/relativa-adverbsovningar-for-islandsk-grammatik\/#breadcrumb"},"inLanguage":"sv-SE","potentialAction":[{"@type":"ReadAction","target":["https:\/\/talkpal.ai\/sv\/grammar_exercises\/relativa-adverbsovningar-for-islandsk-grammatik\/"]}]},{"@type":"ImageObject","inLanguage":"sv-SE","@id":"https:\/\/talkpal.ai\/sv\/grammar_exercises\/relativa-adverbsovningar-for-islandsk-grammatik\/#primaryimage","url":"https:\/\/talkpal.ai\/wp-content\/uploads\/2025\/12\/grass-is-occupied-while-learning-languages.webp","contentUrl":"https:\/\/talkpal.ai\/wp-content\/uploads\/2025\/12\/grass-is-occupied-while-learning-languages.webp","width":1200,"height":896,"caption":"A group of students sit on the lawn while learning languages outside a university."},{"@type":"BreadcrumbList","@id":"https:\/\/talkpal.ai\/sv\/grammar_exercises\/relativa-adverbsovningar-for-islandsk-grammatik\/#breadcrumb","itemListElement":[{"@type":"ListItem","position":1,"name":"Homepage","item":"https:\/\/talkpal.ai\/sv\/"},{"@type":"ListItem","position":2,"name":"Relativa adverbs\u00f6vningar f\u00f6r isl\u00e4ndsk grammatik"}]},{"@type":"WebSite","@id":"https:\/\/talkpal.ai\/sv\/#website","url":"https:\/\/talkpal.ai\/sv\/","name":"Talkpal","description":"AI Language Learning","publisher":{"@id":"https:\/\/talkpal.ai\/sv\/#organization"},"alternateName":"Talkpal AI","potentialAction":[{"@type":"SearchAction","target":{"@type":"EntryPoint","urlTemplate":"https:\/\/talkpal.ai\/sv\/?s={search_term_string}"},"query-input":{"@type":"PropertyValueSpecification","valueRequired":true,"valueName":"search_term_string"}}],"inLanguage":"sv-SE"},{"@type":"Organization","@id":"https:\/\/talkpal.ai\/sv\/#organization","name":"Talkpal, Inc.","alternateName":"Talkpal AI","url":"https:\/\/talkpal.ai\/sv\/","logo":{"@type":"ImageObject","inLanguage":"sv-SE","@id":"https:\/\/talkpal.ai\/sv\/#\/schema\/logo\/image\/","url":"https:\/\/talkpal.ai\/wp-content\/uploads\/2024\/03\/Talkpal-Logo-Icon.png","contentUrl":"https:\/\/talkpal.ai\/wp-content\/uploads\/2024\/03\/Talkpal-Logo-Icon.png","width":2880,"height":2880,"caption":"Talkpal, Inc."},"image":{"@id":"https:\/\/talkpal.ai\/sv\/#\/schema\/logo\/image\/"},"sameAs":["https:\/\/www.facebook.com\/profile.php?id=100090733639311","https:\/\/x.com\/talkpalai","https:\/\/www.linkedin.com\/company\/talkpal\/","https:\/\/www.youtube.com\/@TalkPal\/","https:\/\/www.tiktok.com\/@talkpal","https:\/\/www.instagram.com\/talkpal_ai\/","https:\/\/www.crunchbase.com\/organization\/talkpal-9cde","https:\/\/www.g2.com\/products\/talkpal-for-business\/","https:\/\/www.trustpilot.com\/review\/talkpal.ai","https:\/\/www.capterra.com\/p\/10006800\/TalkPal\/"],"description":"Talkpal is a language learning web and mobile education app, powered by the latest AI technologies, that provides engaging experiences to its customers in many different languages to help them improve their language skills. Users can chat about unlimited amount of topics with the app and use other modes to practice their language learning.","email":"support@talkpal.ai","legalName":"Talkpal, Inc.","foundingDate":"2023-04-03","duns":"118989042","numberOfEmployees":{"@type":"QuantitativeValue","minValue":"11","maxValue":"50"},"publishingPrinciples":"https:\/\/talkpal.ai\/publishing-principles\/","actionableFeedbackPolicy":"https:\/\/talkpal.ai\/actionable-feedback-policy\/","correctionsPolicy":"https:\/\/talkpal.ai\/corrections-policy\/","ethicsPolicy":"https:\/\/talkpal.ai\/ethics-policy\/","diversityPolicy":"https:\/\/talkpal.ai\/diversity-policy\/","diversityStaffingReport":"https:\/\/talkpal.ai\/diversity-policy\/"}]}},"_links":{"self":[{"href":"https:\/\/talkpal.ai\/sv\/wp-json\/wp\/v2\/grammar_exercises\/1141499","targetHints":{"allow":["GET"]}}],"collection":[{"href":"https:\/\/talkpal.ai\/sv\/wp-json\/wp\/v2\/grammar_exercises"}],"about":[{"href":"https:\/\/talkpal.ai\/sv\/wp-json\/wp\/v2\/types\/grammar_exercises"}],"wp:featuredmedia":[{"embeddable":true,"href":"https:\/\/talkpal.ai\/sv\/wp-json\/wp\/v2\/media\/1527675"}],"wp:attachment":[{"href":"https:\/\/talkpal.ai\/sv\/wp-json\/wp\/v2\/media?parent=1141499"}],"wp:term":[{"taxonomy":"exercise_language","embeddable":true,"href":"https:\/\/talkpal.ai\/sv\/wp-json\/wp\/v2\/exercise_language?post=1141499"}],"curies":[{"name":"wp","href":"https:\/\/api.w.org\/{rel}","templated":true}]}}