{"id":1141374,"date":"2025-07-06T09:48:53","date_gmt":"2025-07-06T09:48:53","guid":{"rendered":"https:\/\/talkpal.ai\/grammar_exercises\/reflexiva-verbovningar-for-ungersk-grammatik\/"},"modified":"2025-07-06T09:48:53","modified_gmt":"2025-07-06T09:48:53","slug":"reflexiva-verbovningar-for-ungersk-grammatik","status":"publish","type":"grammar_exercises","link":"https:\/\/talkpal.ai\/sv\/grammar_exercises\/reflexiva-verbovningar-for-ungersk-grammatik\/","title":{"rendered":"Reflexiva verb\u00f6vningar f\u00f6r ungersk grammatik"},"content":{"rendered":"<p><a href=\"https:\/\/talkpal.ai\/sv\/grammar\/reflexiva-verb-i-letisk-grammatik\/\">Reflexiva verb<\/a> \u00e4r viktiga i <a href=\"https:\/\/talkpal.ai\/sv\/grammar\/kon-och-ungersk-grammatik\/\">ungersk grammatik<\/a> eftersom de visar att subjektet utf\u00f6r handlingen p\u00e5 sig sj\u00e4lv. Dessa \u00f6vningar hj\u00e4lper dig att f\u00f6rst\u00e5 och anv\u00e4nda <a href=\"https:\/\/talkpal.ai\/sv\/grammar\/reflexiva-verb-i-letisk-grammatik\/\">reflexiva verb<\/a> i olika former och sammanhang.<\/p>\n<h3>Reflexiva verb\u00f6vningar: Grundl\u00e4ggande former<\/h3>\n<div class=\"input_sentences\">\n1. \u00c9n mindig *mosakszom* reggel. (Hint: Verb f\u00f6r &#8221;att tv\u00e4tta sig&#8221; i f\u00f6rsta person singular.)<br \/>\n2. Te *f\u00e9s\u00fclk\u00f6dsz* <a href=\"https:\/\/talkpal.ai\/locations\/language-courses-in-minden\/\">minden<\/a> nap. (Hint: Verb f\u00f6r &#8221;att kamma sig&#8221; i andra person singular.)<br \/>\n3. \u0150 *\u00f6lt\u00f6zik* gyorsan az iskol\u00e1ba. (Hint: Verb f\u00f6r &#8221;att <a href=\"https:\/\/talkpal.ai\/culture\/what-is-the-difference-between-kla-pa-sig-and-ta-pa-sig\/\">kl\u00e4 p\u00e5 sig<\/a>&#8221; i tredje person singular.)<br \/>\n4. Mi *pihen\u00fcnk* a parkban. (Hint: Verb f\u00f6r &#8221;att vila sig&#8221; i f\u00f6rsta person plural.)<br \/>\n5. Ti *nevettek* a viccen. (Hint: Reflexivt verb f\u00f6r &#8221;att skratta&#8221; i andra person plural.)<br \/>\n6. \u0150k *borotv\u00e1lkoznak* minden reggel. (Hint: Verb f\u00f6r &#8221;att raka sig&#8221; i tredje person plural.)<br \/>\n7. \u00c9n *f\u00e9s\u00fclk\u00f6d\u00f6m* miel\u0151tt elmegyek. (Hint: Verb f\u00f6r &#8221;att kamma sig&#8221; i f\u00f6rsta person singular.)<br \/>\n8. Te *pihensz* a h\u00e9tv\u00e9g\u00e9n. (Hint: Verb f\u00f6r &#8221;att vila sig&#8221; i andra person singular.)<br \/>\n9. \u0150 *mosakszik* az arca el\u0151tt. (Hint: Verb f\u00f6r &#8221;att tv\u00e4tta sig&#8221; i tredje person singular.)<br \/>\n10. Mi *\u00f6lt\u00f6zk\u00f6d\u00fcnk* hideg id\u0151ben. (Hint: Verb f\u00f6r &#8221;att kl\u00e4 p\u00e5 sig&#8221; i f\u00f6rsta person plural.)\n<\/div>\n<div class=\"exercise\"><\/div>\n<h3>Reflexiva verb\u00f6vningar: Anv\u00e4ndning i meningar med olika tempus<\/h3>\n<div class=\"input_sentences\">\n1. Tegnap \u00e9n *mosakodtam* hossz\u00fa ideig. (Hint: Verb &#8221;att tv\u00e4tta sig&#8221; i f\u00f6rfluten tid, f\u00f6rsta person singular.)<br \/>\n2. Te tegnap este *f\u00e9s\u00fclk\u00f6dt\u00e9l* otthon. (Hint: Verb &#8221;att kamma sig&#8221; i f\u00f6rfluten tid, andra person singular.)<br \/>\n3. \u0150 m\u00falt h\u00e9ten *\u00f6lt\u00f6z\u00f6tt* gyorsan. (Hint: Verb &#8221;att kl\u00e4 p\u00e5 sig&#8221; i f\u00f6rfluten tid, tredje person singular.)<br \/>\n4. Mi tegnap d\u00e9lut\u00e1n *pihent\u00fcnk* a kertben. (Hint: Verb &#8221;att vila sig&#8221; i f\u00f6rfluten tid, f\u00f6rsta person plural.)<br \/>\n5. Ti m\u00faltkor *nevettetek* a filmen. (Hint: Reflexivt verb &#8221;att skratta&#8221; i f\u00f6rfluten tid, andra person plural.)<br \/>\n6. \u0150k tegnap reggel *borotv\u00e1lkoztak* lassan. (Hint: Verb &#8221;att raka sig&#8221; i f\u00f6rfluten tid, tredje person plural.)<br \/>\n7. \u00c9n tegnap *\u00f6lt\u00f6zk\u00f6dtem* hideg id\u0151ben. (Hint: Verb &#8221;att kl\u00e4 p\u00e5 sig&#8221; i f\u00f6rfluten tid, f\u00f6rsta person singular.)<br \/>\n8. Te m\u00faltkor *pihent\u00e9l* a szob\u00e1dban. (Hint: Verb &#8221;att vila sig&#8221; i f\u00f6rfluten tid, andra person singular.)<br \/>\n9. \u0150 tegnap *mosakodott* a f\u00fcrd\u0151szob\u00e1ban. (Hint: Verb &#8221;att tv\u00e4tta sig&#8221; i f\u00f6rfluten tid, tredje person singular.)<br \/>\n10. Mi m\u00faltkor *f\u00e9s\u00fclk\u00f6dt\u00fcnk* egy\u00fctt. (Hint: Verb &#8221;att kamma sig&#8221; i f\u00f6rfluten tid, f\u00f6rsta person plural.)\n<\/div>\n<div class=\"exercise\"><\/div>\n","protected":false},"featured_media":1527628,"parent":0,"menu_order":0,"template":"","exercise_language":[16715,16795],"class_list":["post-1141374","grammar_exercises","type-grammar_exercises","status-publish","has-post-thumbnail","hentry","exercise_language-ungerska-ovningar","exercise_language-verb-ungersk-grammatik"],"acf":[],"yoast_head":"<!-- This site is optimized with the Yoast SEO Premium plugin v27.2 (Yoast SEO v27.2) - https:\/\/yoast.com\/product\/yoast-seo-premium-wordpress\/ -->\n<title>Reflexiva verb\u00f6vningar f\u00f6r ungersk grammatik - Talkpal<\/title>\n<meta name=\"description\" content=\"Reflexiva verb \u00e4r viktiga i ungersk grammatik eftersom de visar att subjektet utf\u00f6r handlingen p\u00e5 sig sj\u00e4lv. Dessa \u00f6vningar hj\u00e4lper dig att f\u00f6rst\u00e5 och\" \/>\n<meta name=\"robots\" content=\"index, follow, max-snippet:-1, max-image-preview:large, max-video-preview:-1\" \/>\n<link rel=\"canonical\" href=\"https:\/\/talkpal.ai\/sv\/grammar_exercises\/reflexiva-verbovningar-for-ungersk-grammatik\/\" \/>\n<meta property=\"og:locale\" content=\"sv_SE\" \/>\n<meta property=\"og:type\" content=\"article\" \/>\n<meta property=\"og:title\" content=\"Reflexiva verb\u00f6vningar f\u00f6r ungersk grammatik\" \/>\n<meta property=\"og:description\" content=\"Reflexiva verb \u00e4r viktiga i ungersk grammatik eftersom de visar att subjektet utf\u00f6r handlingen p\u00e5 sig sj\u00e4lv. Dessa \u00f6vningar hj\u00e4lper dig att f\u00f6rst\u00e5 och\" \/>\n<meta property=\"og:url\" content=\"https:\/\/talkpal.ai\/sv\/grammar_exercises\/reflexiva-verbovningar-for-ungersk-grammatik\/\" \/>\n<meta property=\"og:site_name\" content=\"Talkpal\" \/>\n<meta property=\"article:publisher\" content=\"https:\/\/www.facebook.com\/profile.php?id=100090733639311\" \/>\n<meta property=\"og:image\" content=\"https:\/\/talkpal.ai\/wp-content\/uploads\/2025\/02\/Progress-tab-16_9.png\" \/>\n\t<meta property=\"og:image:width\" content=\"2880\" \/>\n\t<meta property=\"og:image:height\" content=\"1620\" \/>\n\t<meta property=\"og:image:type\" content=\"image\/png\" \/>\n<meta name=\"twitter:card\" content=\"summary_large_image\" \/>\n<meta name=\"twitter:site\" content=\"@talkpalai\" \/>\n<meta name=\"twitter:label1\" content=\"Ber\u00e4knad l\u00e4stid\" \/>\n\t<meta name=\"twitter:data1\" content=\"2 minuter\" \/>\n<script type=\"application\/ld+json\" class=\"yoast-schema-graph\">{\"@context\":\"https:\/\/schema.org\",\"@graph\":[{\"@type\":\"WebPage\",\"@id\":\"https:\/\/talkpal.ai\/sv\/grammar_exercises\/reflexiva-verbovningar-for-ungersk-grammatik\/\",\"url\":\"https:\/\/talkpal.ai\/sv\/grammar_exercises\/reflexiva-verbovningar-for-ungersk-grammatik\/\",\"name\":\"Reflexiva verb\u00f6vningar f\u00f6r ungersk grammatik - Talkpal\",\"isPartOf\":{\"@id\":\"https:\/\/talkpal.ai\/sv\/#website\"},\"primaryImageOfPage\":{\"@id\":\"https:\/\/talkpal.ai\/sv\/grammar_exercises\/reflexiva-verbovningar-for-ungersk-grammatik\/#primaryimage\"},\"image\":{\"@id\":\"https:\/\/talkpal.ai\/sv\/grammar_exercises\/reflexiva-verbovningar-for-ungersk-grammatik\/#primaryimage\"},\"thumbnailUrl\":\"https:\/\/talkpal.ai\/wp-content\/uploads\/2025\/12\/desks-are-filled-while-learning-languages.webp\",\"datePublished\":\"2025-07-06T09:48:53+00:00\",\"description\":\"Reflexiva verb \u00e4r viktiga i ungersk grammatik eftersom de visar att subjektet utf\u00f6r handlingen p\u00e5 sig sj\u00e4lv. Dessa \u00f6vningar hj\u00e4lper dig att f\u00f6rst\u00e5 och\",\"breadcrumb\":{\"@id\":\"https:\/\/talkpal.ai\/sv\/grammar_exercises\/reflexiva-verbovningar-for-ungersk-grammatik\/#breadcrumb\"},\"inLanguage\":\"sv-SE\",\"potentialAction\":[{\"@type\":\"ReadAction\",\"target\":[\"https:\/\/talkpal.ai\/sv\/grammar_exercises\/reflexiva-verbovningar-for-ungersk-grammatik\/\"]}]},{\"@type\":\"ImageObject\",\"inLanguage\":\"sv-SE\",\"@id\":\"https:\/\/talkpal.ai\/sv\/grammar_exercises\/reflexiva-verbovningar-for-ungersk-grammatik\/#primaryimage\",\"url\":\"https:\/\/talkpal.ai\/wp-content\/uploads\/2025\/12\/desks-are-filled-while-learning-languages.webp\",\"contentUrl\":\"https:\/\/talkpal.ai\/wp-content\/uploads\/2025\/12\/desks-are-filled-while-learning-languages.webp\",\"width\":1200,\"height\":896,\"caption\":\"Many people work at individual desks while learning languages in a quiet study hall.\"},{\"@type\":\"BreadcrumbList\",\"@id\":\"https:\/\/talkpal.ai\/sv\/grammar_exercises\/reflexiva-verbovningar-for-ungersk-grammatik\/#breadcrumb\",\"itemListElement\":[{\"@type\":\"ListItem\",\"position\":1,\"name\":\"Homepage\",\"item\":\"https:\/\/talkpal.ai\/sv\/\"},{\"@type\":\"ListItem\",\"position\":2,\"name\":\"Reflexiva verb\u00f6vningar f\u00f6r ungersk grammatik\"}]},{\"@type\":\"WebSite\",\"@id\":\"https:\/\/talkpal.ai\/sv\/#website\",\"url\":\"https:\/\/talkpal.ai\/sv\/\",\"name\":\"Talkpal\",\"description\":\"AI Language Learning\",\"publisher\":{\"@id\":\"https:\/\/talkpal.ai\/sv\/#organization\"},\"alternateName\":\"Talkpal AI\",\"potentialAction\":[{\"@type\":\"SearchAction\",\"target\":{\"@type\":\"EntryPoint\",\"urlTemplate\":\"https:\/\/talkpal.ai\/sv\/?s={search_term_string}\"},\"query-input\":{\"@type\":\"PropertyValueSpecification\",\"valueRequired\":true,\"valueName\":\"search_term_string\"}}],\"inLanguage\":\"sv-SE\"},{\"@type\":\"Organization\",\"@id\":\"https:\/\/talkpal.ai\/sv\/#organization\",\"name\":\"Talkpal, Inc.\",\"alternateName\":\"Talkpal AI\",\"url\":\"https:\/\/talkpal.ai\/sv\/\",\"logo\":{\"@type\":\"ImageObject\",\"inLanguage\":\"sv-SE\",\"@id\":\"https:\/\/talkpal.ai\/sv\/#\/schema\/logo\/image\/\",\"url\":\"https:\/\/talkpal.ai\/wp-content\/uploads\/2024\/03\/Talkpal-Logo-Icon.png\",\"contentUrl\":\"https:\/\/talkpal.ai\/wp-content\/uploads\/2024\/03\/Talkpal-Logo-Icon.png\",\"width\":2880,\"height\":2880,\"caption\":\"Talkpal, Inc.\"},\"image\":{\"@id\":\"https:\/\/talkpal.ai\/sv\/#\/schema\/logo\/image\/\"},\"sameAs\":[\"https:\/\/www.facebook.com\/profile.php?id=100090733639311\",\"https:\/\/x.com\/talkpalai\",\"https:\/\/www.linkedin.com\/company\/talkpal\/\",\"https:\/\/www.youtube.com\/@TalkPal\/\",\"https:\/\/www.tiktok.com\/@talkpal\",\"https:\/\/www.instagram.com\/talkpal_ai\/\",\"https:\/\/www.crunchbase.com\/organization\/talkpal-9cde\",\"https:\/\/www.g2.com\/products\/talkpal-for-business\/\",\"https:\/\/www.trustpilot.com\/review\/talkpal.ai\",\"https:\/\/www.capterra.com\/p\/10006800\/TalkPal\/\"],\"description\":\"Talkpal is a language learning web and mobile education app, powered by the latest AI technologies, that provides engaging experiences to its customers in many different languages to help them improve their language skills. Users can chat about unlimited amount of topics with the app and use other modes to practice their language learning.\",\"email\":\"support@talkpal.ai\",\"legalName\":\"Talkpal, Inc.\",\"foundingDate\":\"2023-04-03\",\"duns\":\"118989042\",\"numberOfEmployees\":{\"@type\":\"QuantitativeValue\",\"minValue\":\"11\",\"maxValue\":\"50\"},\"publishingPrinciples\":\"https:\/\/talkpal.ai\/publishing-principles\/\",\"actionableFeedbackPolicy\":\"https:\/\/talkpal.ai\/actionable-feedback-policy\/\",\"correctionsPolicy\":\"https:\/\/talkpal.ai\/corrections-policy\/\",\"ethicsPolicy\":\"https:\/\/talkpal.ai\/ethics-policy\/\",\"diversityPolicy\":\"https:\/\/talkpal.ai\/diversity-policy\/\",\"diversityStaffingReport\":\"https:\/\/talkpal.ai\/diversity-policy\/\"}]}<\/script>\n<!-- \/ Yoast SEO Premium plugin. -->","yoast_head_json":{"title":"Reflexiva verb\u00f6vningar f\u00f6r ungersk grammatik - Talkpal","description":"Reflexiva verb \u00e4r viktiga i ungersk grammatik eftersom de visar att subjektet utf\u00f6r handlingen p\u00e5 sig sj\u00e4lv. Dessa \u00f6vningar hj\u00e4lper dig att f\u00f6rst\u00e5 och","robots":{"index":"index","follow":"follow","max-snippet":"max-snippet:-1","max-image-preview":"max-image-preview:large","max-video-preview":"max-video-preview:-1"},"canonical":"https:\/\/talkpal.ai\/sv\/grammar_exercises\/reflexiva-verbovningar-for-ungersk-grammatik\/","og_locale":"sv_SE","og_type":"article","og_title":"Reflexiva verb\u00f6vningar f\u00f6r ungersk grammatik","og_description":"Reflexiva verb \u00e4r viktiga i ungersk grammatik eftersom de visar att subjektet utf\u00f6r handlingen p\u00e5 sig sj\u00e4lv. Dessa \u00f6vningar hj\u00e4lper dig att f\u00f6rst\u00e5 och","og_url":"https:\/\/talkpal.ai\/sv\/grammar_exercises\/reflexiva-verbovningar-for-ungersk-grammatik\/","og_site_name":"Talkpal","article_publisher":"https:\/\/www.facebook.com\/profile.php?id=100090733639311","og_image":[{"width":2880,"height":1620,"url":"https:\/\/talkpal.ai\/wp-content\/uploads\/2025\/02\/Progress-tab-16_9.png","type":"image\/png"}],"twitter_card":"summary_large_image","twitter_site":"@talkpalai","twitter_misc":{"Ber\u00e4knad l\u00e4stid":"2 minuter"},"schema":{"@context":"https:\/\/schema.org","@graph":[{"@type":"WebPage","@id":"https:\/\/talkpal.ai\/sv\/grammar_exercises\/reflexiva-verbovningar-for-ungersk-grammatik\/","url":"https:\/\/talkpal.ai\/sv\/grammar_exercises\/reflexiva-verbovningar-for-ungersk-grammatik\/","name":"Reflexiva verb\u00f6vningar f\u00f6r ungersk grammatik - Talkpal","isPartOf":{"@id":"https:\/\/talkpal.ai\/sv\/#website"},"primaryImageOfPage":{"@id":"https:\/\/talkpal.ai\/sv\/grammar_exercises\/reflexiva-verbovningar-for-ungersk-grammatik\/#primaryimage"},"image":{"@id":"https:\/\/talkpal.ai\/sv\/grammar_exercises\/reflexiva-verbovningar-for-ungersk-grammatik\/#primaryimage"},"thumbnailUrl":"https:\/\/talkpal.ai\/wp-content\/uploads\/2025\/12\/desks-are-filled-while-learning-languages.webp","datePublished":"2025-07-06T09:48:53+00:00","description":"Reflexiva verb \u00e4r viktiga i ungersk grammatik eftersom de visar att subjektet utf\u00f6r handlingen p\u00e5 sig sj\u00e4lv. Dessa \u00f6vningar hj\u00e4lper dig att f\u00f6rst\u00e5 och","breadcrumb":{"@id":"https:\/\/talkpal.ai\/sv\/grammar_exercises\/reflexiva-verbovningar-for-ungersk-grammatik\/#breadcrumb"},"inLanguage":"sv-SE","potentialAction":[{"@type":"ReadAction","target":["https:\/\/talkpal.ai\/sv\/grammar_exercises\/reflexiva-verbovningar-for-ungersk-grammatik\/"]}]},{"@type":"ImageObject","inLanguage":"sv-SE","@id":"https:\/\/talkpal.ai\/sv\/grammar_exercises\/reflexiva-verbovningar-for-ungersk-grammatik\/#primaryimage","url":"https:\/\/talkpal.ai\/wp-content\/uploads\/2025\/12\/desks-are-filled-while-learning-languages.webp","contentUrl":"https:\/\/talkpal.ai\/wp-content\/uploads\/2025\/12\/desks-are-filled-while-learning-languages.webp","width":1200,"height":896,"caption":"Many people work at individual desks while learning languages in a quiet study hall."},{"@type":"BreadcrumbList","@id":"https:\/\/talkpal.ai\/sv\/grammar_exercises\/reflexiva-verbovningar-for-ungersk-grammatik\/#breadcrumb","itemListElement":[{"@type":"ListItem","position":1,"name":"Homepage","item":"https:\/\/talkpal.ai\/sv\/"},{"@type":"ListItem","position":2,"name":"Reflexiva verb\u00f6vningar f\u00f6r ungersk grammatik"}]},{"@type":"WebSite","@id":"https:\/\/talkpal.ai\/sv\/#website","url":"https:\/\/talkpal.ai\/sv\/","name":"Talkpal","description":"AI Language Learning","publisher":{"@id":"https:\/\/talkpal.ai\/sv\/#organization"},"alternateName":"Talkpal AI","potentialAction":[{"@type":"SearchAction","target":{"@type":"EntryPoint","urlTemplate":"https:\/\/talkpal.ai\/sv\/?s={search_term_string}"},"query-input":{"@type":"PropertyValueSpecification","valueRequired":true,"valueName":"search_term_string"}}],"inLanguage":"sv-SE"},{"@type":"Organization","@id":"https:\/\/talkpal.ai\/sv\/#organization","name":"Talkpal, Inc.","alternateName":"Talkpal AI","url":"https:\/\/talkpal.ai\/sv\/","logo":{"@type":"ImageObject","inLanguage":"sv-SE","@id":"https:\/\/talkpal.ai\/sv\/#\/schema\/logo\/image\/","url":"https:\/\/talkpal.ai\/wp-content\/uploads\/2024\/03\/Talkpal-Logo-Icon.png","contentUrl":"https:\/\/talkpal.ai\/wp-content\/uploads\/2024\/03\/Talkpal-Logo-Icon.png","width":2880,"height":2880,"caption":"Talkpal, Inc."},"image":{"@id":"https:\/\/talkpal.ai\/sv\/#\/schema\/logo\/image\/"},"sameAs":["https:\/\/www.facebook.com\/profile.php?id=100090733639311","https:\/\/x.com\/talkpalai","https:\/\/www.linkedin.com\/company\/talkpal\/","https:\/\/www.youtube.com\/@TalkPal\/","https:\/\/www.tiktok.com\/@talkpal","https:\/\/www.instagram.com\/talkpal_ai\/","https:\/\/www.crunchbase.com\/organization\/talkpal-9cde","https:\/\/www.g2.com\/products\/talkpal-for-business\/","https:\/\/www.trustpilot.com\/review\/talkpal.ai","https:\/\/www.capterra.com\/p\/10006800\/TalkPal\/"],"description":"Talkpal is a language learning web and mobile education app, powered by the latest AI technologies, that provides engaging experiences to its customers in many different languages to help them improve their language skills. Users can chat about unlimited amount of topics with the app and use other modes to practice their language learning.","email":"support@talkpal.ai","legalName":"Talkpal, Inc.","foundingDate":"2023-04-03","duns":"118989042","numberOfEmployees":{"@type":"QuantitativeValue","minValue":"11","maxValue":"50"},"publishingPrinciples":"https:\/\/talkpal.ai\/publishing-principles\/","actionableFeedbackPolicy":"https:\/\/talkpal.ai\/actionable-feedback-policy\/","correctionsPolicy":"https:\/\/talkpal.ai\/corrections-policy\/","ethicsPolicy":"https:\/\/talkpal.ai\/ethics-policy\/","diversityPolicy":"https:\/\/talkpal.ai\/diversity-policy\/","diversityStaffingReport":"https:\/\/talkpal.ai\/diversity-policy\/"}]}},"_links":{"self":[{"href":"https:\/\/talkpal.ai\/sv\/wp-json\/wp\/v2\/grammar_exercises\/1141374","targetHints":{"allow":["GET"]}}],"collection":[{"href":"https:\/\/talkpal.ai\/sv\/wp-json\/wp\/v2\/grammar_exercises"}],"about":[{"href":"https:\/\/talkpal.ai\/sv\/wp-json\/wp\/v2\/types\/grammar_exercises"}],"wp:featuredmedia":[{"embeddable":true,"href":"https:\/\/talkpal.ai\/sv\/wp-json\/wp\/v2\/media\/1527628"}],"wp:attachment":[{"href":"https:\/\/talkpal.ai\/sv\/wp-json\/wp\/v2\/media?parent=1141374"}],"wp:term":[{"taxonomy":"exercise_language","embeddable":true,"href":"https:\/\/talkpal.ai\/sv\/wp-json\/wp\/v2\/exercise_language?post=1141374"}],"curies":[{"name":"wp","href":"https:\/\/api.w.org\/{rel}","templated":true}]}}