{"id":1141319,"date":"2025-07-06T09:47:58","date_gmt":"2025-07-06T09:47:58","guid":{"rendered":"https:\/\/talkpal.ai\/grammar_exercises\/reflexiva-pronomen-ovningar-for-hebreisk-grammatik\/"},"modified":"2025-07-06T09:47:58","modified_gmt":"2025-07-06T09:47:58","slug":"reflexiva-pronomen-ovningar-for-hebreisk-grammatik","status":"publish","type":"grammar_exercises","link":"https:\/\/talkpal.ai\/sv\/grammar_exercises\/reflexiva-pronomen-ovningar-for-hebreisk-grammatik\/","title":{"rendered":"Reflexiva pronomen \u00f6vningar f\u00f6r hebreisk grammatik"},"content":{"rendered":"<p>Reflexiva pronomen p\u00e5 <a href=\"https:\/\/talkpal.ai\/learn-hebrew\/\">hebreiska<\/a> anv\u00e4nds f\u00f6r att visa att subjektet i meningen och objektet \u00e4r samma person eller sak. I dessa \u00f6vningar f\u00e5r du tr\u00e4na p\u00e5 att anv\u00e4nda r\u00e4tt reflexiva pronomen i olika sammanhang f\u00f6r att f\u00f6rb\u00e4ttra din f\u00f6rst\u00e5else av <a href=\"https:\/\/talkpal.ai\/hebrew-grammar\/\">hebreisk grammatik<\/a>.<\/p>\n<h3>Reflexiva pronomen \u00f6vning 1: Grundl\u00e4ggande anv\u00e4ndning<\/h3>\n<div class=\"input_sentences\">\n1. Han tv\u00e4ttar *\u05d0\u05ea \u05e2\u05e6\u05de\u05d5* varje morgon. (Hint: Anv\u00e4nd reflexivt pronomen f\u00f6r &#8221;sig sj\u00e4lv&#8221; i maskulin form.)<br \/>\n2. Hon ser *\u05d0\u05ea \u05e2\u05e6\u05de\u05d4* i spegeln. (Hint: Reflexivt pronomen i feminin form.)<br \/>\n3. Vi f\u00f6rbereder *\u05d0\u05ea \u05e2\u05e6\u05de\u05e0\u05d5* f\u00f6r provet. (Hint: Reflexivt pronomen f\u00f6r &#8221;oss sj\u00e4lva&#8221; plural.)<br \/>\n4. Du (maskulin) m\u00e5ste p\u00e5minna *\u05d0\u05ea \u05e2\u05e6\u05de\u05da* om m\u00f6tet. (Hint: Reflexivt pronomen f\u00f6r maskulin singular &#8221;dig sj\u00e4lv&#8221;.)<br \/>\n5. De (feminin) hj\u00e4lper *\u05d0\u05ea \u05e2\u05e6\u05de\u05df* med l\u00e4xan. (Hint: Reflexivt pronomen f\u00f6r feminin plural.)<br \/>\n6. Jag \u00e4lskar *\u05d0\u05ea \u05e2\u05e6\u05de\u05d9* precis som jag \u00e4r. (Hint: Reflexivt pronomen f\u00f6r &#8221;mig sj\u00e4lv&#8221;.)<br \/>\n7. Ni (maskulin plural) m\u00e5ste skydda *\u05d0\u05ea \u05e2\u05e6\u05de\u05db\u05dd* i kylan. (Hint: Reflexivt pronomen f\u00f6r maskulin plural.)<br \/>\n8. Hon kl\u00e4r p\u00e5 *\u05d0\u05ea \u05e2\u05e6\u05de\u05d4* snabbt. (Hint: Reflexivt pronomen feminin singular.)<br \/>\n9. De (maskulin) respekterar *\u05d0\u05ea \u05e2\u05e6\u05de\u05dd* mycket. (Hint: Reflexivt pronomen maskulin plural.)<br \/>\n10. Du (feminin) t\u00e4nker ofta p\u00e5 *\u05d0\u05ea \u05e2\u05e6\u05de\u05da*. (Hint: Reflexivt pronomen feminin singular.)\n<\/div>\n<div class=\"exercise\"><\/div>\n<h3>Reflexiva pronomen \u00f6vning 2: Reflexiva verb och pronomen i meningar<\/h3>\n<div class=\"input_sentences\">\n1. Jag k\u00e4nner *\u05d0\u05ea \u05e2\u05e6\u05de\u05d9* b\u00e4ttre efter resan. (Hint: Reflexivt pronomen f\u00f6r f\u00f6rsta person singular.)<br \/>\n2. Du (maskulin) m\u00e5ste l\u00e4ra *\u05d0\u05ea \u05e2\u05e6\u05de\u05da* t\u00e5lamod. (Hint: Reflexivt pronomen maskulin singular.)<br \/>\n3. Han skadar *\u05d0\u05ea \u05e2\u05e6\u05de\u05d5* n\u00e4r han tr\u00e4nar f\u00f6r h\u00e5rt. (Hint: Reflexivt pronomen maskulin singular.)<br \/>\n4. Hon talar med *\u05d0\u05ea \u05e2\u05e6\u05de\u05d4* n\u00e4r hon \u00e4r ensam. (Hint: Reflexivt pronomen feminin singular.)<br \/>\n5. Vi f\u00f6rbereder *\u05d0\u05ea \u05e2\u05e6\u05de\u05e0\u05d5* inf\u00f6r presentationen. (Hint: Reflexivt pronomen f\u00f6rsta person plural.)<br \/>\n6. Ni (feminin plural) m\u00e5ste motivera *\u05d0\u05ea \u05e2\u05e6\u05de\u05db\u05df* varje dag. (Hint: Reflexivt pronomen feminin plural.)<br \/>\n7. De (maskulin) skyddar *\u05d0\u05ea \u05e2\u05e6\u05de\u05dd* fr\u00e5n faror. (Hint: Reflexivt pronomen maskulin plural.)<br \/>\n8. Jag fr\u00e5gar *\u05d0\u05ea \u05e2\u05e6\u05de\u05d9* vad som \u00e4r r\u00e4tt. (Hint: Reflexivt pronomen f\u00f6rsta person singular.)<br \/>\n9. Du (feminin) kl\u00e4r p\u00e5 *\u05d0\u05ea \u05e2\u05e6\u05de\u05da* snabbt p\u00e5 morgonen. (Hint: Reflexivt pronomen feminin singular.)<br \/>\n10. De (feminin) f\u00f6rbereder *\u05d0\u05ea \u05e2\u05e6\u05de\u05df* f\u00f6r t\u00e4vlingen. (Hint: Reflexivt pronomen feminin plural.)\n<\/div>\n<div class=\"exercise\"><\/div>\n","protected":false},"featured_media":1527681,"parent":0,"menu_order":0,"template":"","exercise_language":[16703,16709],"class_list":["post-1141319","grammar_exercises","type-grammar_exercises","status-publish","has-post-thumbnail","hentry","exercise_language-hebreiska-ovningar","exercise_language-pronomen-bestamningsfaktorer-hebreisk-grammatik"],"acf":[],"yoast_head":"<!-- This site is optimized with the Yoast SEO Premium plugin v27.2 (Yoast SEO v27.2) - https:\/\/yoast.com\/product\/yoast-seo-premium-wordpress\/ -->\n<title>Reflexiva pronomen \u00f6vningar f\u00f6r hebreisk grammatik - Talkpal<\/title>\n<meta name=\"description\" content=\"Reflexiva pronomen p\u00e5 hebreiska anv\u00e4nds f\u00f6r att visa att subjektet i meningen och objektet \u00e4r samma person eller sak. I dessa \u00f6vningar f\u00e5r du tr\u00e4na p\u00e5 att\" \/>\n<meta name=\"robots\" content=\"index, follow, max-snippet:-1, max-image-preview:large, max-video-preview:-1\" \/>\n<link rel=\"canonical\" href=\"https:\/\/talkpal.ai\/sv\/grammar_exercises\/reflexiva-pronomen-ovningar-for-hebreisk-grammatik\/\" \/>\n<meta property=\"og:locale\" content=\"sv_SE\" \/>\n<meta property=\"og:type\" content=\"article\" \/>\n<meta property=\"og:title\" content=\"Reflexiva pronomen \u00f6vningar f\u00f6r hebreisk grammatik\" \/>\n<meta property=\"og:description\" content=\"Reflexiva pronomen p\u00e5 hebreiska anv\u00e4nds f\u00f6r att visa att subjektet i meningen och objektet \u00e4r samma person eller sak. I dessa \u00f6vningar f\u00e5r du tr\u00e4na p\u00e5 att\" \/>\n<meta property=\"og:url\" content=\"https:\/\/talkpal.ai\/sv\/grammar_exercises\/reflexiva-pronomen-ovningar-for-hebreisk-grammatik\/\" \/>\n<meta property=\"og:site_name\" content=\"Talkpal\" \/>\n<meta property=\"article:publisher\" content=\"https:\/\/www.facebook.com\/profile.php?id=100090733639311\" \/>\n<meta property=\"og:image\" content=\"https:\/\/talkpal.ai\/wp-content\/uploads\/2025\/02\/Progress-tab-16_9.png\" \/>\n\t<meta property=\"og:image:width\" content=\"2880\" \/>\n\t<meta property=\"og:image:height\" content=\"1620\" \/>\n\t<meta property=\"og:image:type\" content=\"image\/png\" \/>\n<meta name=\"twitter:card\" content=\"summary_large_image\" \/>\n<meta name=\"twitter:site\" content=\"@talkpalai\" \/>\n<meta name=\"twitter:label1\" content=\"Ber\u00e4knad l\u00e4stid\" \/>\n\t<meta name=\"twitter:data1\" content=\"2 minuter\" \/>\n<script type=\"application\/ld+json\" class=\"yoast-schema-graph\">{\"@context\":\"https:\/\/schema.org\",\"@graph\":[{\"@type\":\"WebPage\",\"@id\":\"https:\/\/talkpal.ai\/sv\/grammar_exercises\/reflexiva-pronomen-ovningar-for-hebreisk-grammatik\/\",\"url\":\"https:\/\/talkpal.ai\/sv\/grammar_exercises\/reflexiva-pronomen-ovningar-for-hebreisk-grammatik\/\",\"name\":\"Reflexiva pronomen \u00f6vningar f\u00f6r hebreisk grammatik - Talkpal\",\"isPartOf\":{\"@id\":\"https:\/\/talkpal.ai\/sv\/#website\"},\"primaryImageOfPage\":{\"@id\":\"https:\/\/talkpal.ai\/sv\/grammar_exercises\/reflexiva-pronomen-ovningar-for-hebreisk-grammatik\/#primaryimage\"},\"image\":{\"@id\":\"https:\/\/talkpal.ai\/sv\/grammar_exercises\/reflexiva-pronomen-ovningar-for-hebreisk-grammatik\/#primaryimage\"},\"thumbnailUrl\":\"https:\/\/talkpal.ai\/wp-content\/uploads\/2025\/12\/group-is-learning-languages-together.webp\",\"datePublished\":\"2025-07-06T09:47:58+00:00\",\"description\":\"Reflexiva pronomen p\u00e5 hebreiska anv\u00e4nds f\u00f6r att visa att subjektet i meningen och objektet \u00e4r samma person eller sak. I dessa \u00f6vningar f\u00e5r du tr\u00e4na p\u00e5 att\",\"breadcrumb\":{\"@id\":\"https:\/\/talkpal.ai\/sv\/grammar_exercises\/reflexiva-pronomen-ovningar-for-hebreisk-grammatik\/#breadcrumb\"},\"inLanguage\":\"sv-SE\",\"potentialAction\":[{\"@type\":\"ReadAction\",\"target\":[\"https:\/\/talkpal.ai\/sv\/grammar_exercises\/reflexiva-pronomen-ovningar-for-hebreisk-grammatik\/\"]}]},{\"@type\":\"ImageObject\",\"inLanguage\":\"sv-SE\",\"@id\":\"https:\/\/talkpal.ai\/sv\/grammar_exercises\/reflexiva-pronomen-ovningar-for-hebreisk-grammatik\/#primaryimage\",\"url\":\"https:\/\/talkpal.ai\/wp-content\/uploads\/2025\/12\/group-is-learning-languages-together.webp\",\"contentUrl\":\"https:\/\/talkpal.ai\/wp-content\/uploads\/2025\/12\/group-is-learning-languages-together.webp\",\"width\":1200,\"height\":896,\"caption\":\"An elderly man and two women sit in a cozy room while learning languages together.\"},{\"@type\":\"BreadcrumbList\",\"@id\":\"https:\/\/talkpal.ai\/sv\/grammar_exercises\/reflexiva-pronomen-ovningar-for-hebreisk-grammatik\/#breadcrumb\",\"itemListElement\":[{\"@type\":\"ListItem\",\"position\":1,\"name\":\"Homepage\",\"item\":\"https:\/\/talkpal.ai\/sv\/\"},{\"@type\":\"ListItem\",\"position\":2,\"name\":\"Reflexiva pronomen \u00f6vningar f\u00f6r hebreisk grammatik\"}]},{\"@type\":\"WebSite\",\"@id\":\"https:\/\/talkpal.ai\/sv\/#website\",\"url\":\"https:\/\/talkpal.ai\/sv\/\",\"name\":\"Talkpal\",\"description\":\"AI Language Learning\",\"publisher\":{\"@id\":\"https:\/\/talkpal.ai\/sv\/#organization\"},\"alternateName\":\"Talkpal AI\",\"potentialAction\":[{\"@type\":\"SearchAction\",\"target\":{\"@type\":\"EntryPoint\",\"urlTemplate\":\"https:\/\/talkpal.ai\/sv\/?s={search_term_string}\"},\"query-input\":{\"@type\":\"PropertyValueSpecification\",\"valueRequired\":true,\"valueName\":\"search_term_string\"}}],\"inLanguage\":\"sv-SE\"},{\"@type\":\"Organization\",\"@id\":\"https:\/\/talkpal.ai\/sv\/#organization\",\"name\":\"Talkpal, Inc.\",\"alternateName\":\"Talkpal AI\",\"url\":\"https:\/\/talkpal.ai\/sv\/\",\"logo\":{\"@type\":\"ImageObject\",\"inLanguage\":\"sv-SE\",\"@id\":\"https:\/\/talkpal.ai\/sv\/#\/schema\/logo\/image\/\",\"url\":\"https:\/\/talkpal.ai\/wp-content\/uploads\/2024\/03\/Talkpal-Logo-Icon.png\",\"contentUrl\":\"https:\/\/talkpal.ai\/wp-content\/uploads\/2024\/03\/Talkpal-Logo-Icon.png\",\"width\":2880,\"height\":2880,\"caption\":\"Talkpal, Inc.\"},\"image\":{\"@id\":\"https:\/\/talkpal.ai\/sv\/#\/schema\/logo\/image\/\"},\"sameAs\":[\"https:\/\/www.facebook.com\/profile.php?id=100090733639311\",\"https:\/\/x.com\/talkpalai\",\"https:\/\/www.linkedin.com\/company\/talkpal\/\",\"https:\/\/www.youtube.com\/@TalkPal\/\",\"https:\/\/www.tiktok.com\/@talkpal\",\"https:\/\/www.instagram.com\/talkpal_ai\/\",\"https:\/\/www.crunchbase.com\/organization\/talkpal-9cde\",\"https:\/\/www.g2.com\/products\/talkpal-for-business\/\",\"https:\/\/www.trustpilot.com\/review\/talkpal.ai\",\"https:\/\/www.capterra.com\/p\/10006800\/TalkPal\/\"],\"description\":\"Talkpal is a language learning web and mobile education app, powered by the latest AI technologies, that provides engaging experiences to its customers in many different languages to help them improve their language skills. Users can chat about unlimited amount of topics with the app and use other modes to practice their language learning.\",\"email\":\"support@talkpal.ai\",\"legalName\":\"Talkpal, Inc.\",\"foundingDate\":\"2023-04-03\",\"duns\":\"118989042\",\"numberOfEmployees\":{\"@type\":\"QuantitativeValue\",\"minValue\":\"11\",\"maxValue\":\"50\"},\"publishingPrinciples\":\"https:\/\/talkpal.ai\/publishing-principles\/\",\"actionableFeedbackPolicy\":\"https:\/\/talkpal.ai\/actionable-feedback-policy\/\",\"correctionsPolicy\":\"https:\/\/talkpal.ai\/corrections-policy\/\",\"ethicsPolicy\":\"https:\/\/talkpal.ai\/ethics-policy\/\",\"diversityPolicy\":\"https:\/\/talkpal.ai\/diversity-policy\/\",\"diversityStaffingReport\":\"https:\/\/talkpal.ai\/diversity-policy\/\"}]}<\/script>\n<!-- \/ Yoast SEO Premium plugin. -->","yoast_head_json":{"title":"Reflexiva pronomen \u00f6vningar f\u00f6r hebreisk grammatik - Talkpal","description":"Reflexiva pronomen p\u00e5 hebreiska anv\u00e4nds f\u00f6r att visa att subjektet i meningen och objektet \u00e4r samma person eller sak. I dessa \u00f6vningar f\u00e5r du tr\u00e4na p\u00e5 att","robots":{"index":"index","follow":"follow","max-snippet":"max-snippet:-1","max-image-preview":"max-image-preview:large","max-video-preview":"max-video-preview:-1"},"canonical":"https:\/\/talkpal.ai\/sv\/grammar_exercises\/reflexiva-pronomen-ovningar-for-hebreisk-grammatik\/","og_locale":"sv_SE","og_type":"article","og_title":"Reflexiva pronomen \u00f6vningar f\u00f6r hebreisk grammatik","og_description":"Reflexiva pronomen p\u00e5 hebreiska anv\u00e4nds f\u00f6r att visa att subjektet i meningen och objektet \u00e4r samma person eller sak. I dessa \u00f6vningar f\u00e5r du tr\u00e4na p\u00e5 att","og_url":"https:\/\/talkpal.ai\/sv\/grammar_exercises\/reflexiva-pronomen-ovningar-for-hebreisk-grammatik\/","og_site_name":"Talkpal","article_publisher":"https:\/\/www.facebook.com\/profile.php?id=100090733639311","og_image":[{"width":2880,"height":1620,"url":"https:\/\/talkpal.ai\/wp-content\/uploads\/2025\/02\/Progress-tab-16_9.png","type":"image\/png"}],"twitter_card":"summary_large_image","twitter_site":"@talkpalai","twitter_misc":{"Ber\u00e4knad l\u00e4stid":"2 minuter"},"schema":{"@context":"https:\/\/schema.org","@graph":[{"@type":"WebPage","@id":"https:\/\/talkpal.ai\/sv\/grammar_exercises\/reflexiva-pronomen-ovningar-for-hebreisk-grammatik\/","url":"https:\/\/talkpal.ai\/sv\/grammar_exercises\/reflexiva-pronomen-ovningar-for-hebreisk-grammatik\/","name":"Reflexiva pronomen \u00f6vningar f\u00f6r hebreisk grammatik - Talkpal","isPartOf":{"@id":"https:\/\/talkpal.ai\/sv\/#website"},"primaryImageOfPage":{"@id":"https:\/\/talkpal.ai\/sv\/grammar_exercises\/reflexiva-pronomen-ovningar-for-hebreisk-grammatik\/#primaryimage"},"image":{"@id":"https:\/\/talkpal.ai\/sv\/grammar_exercises\/reflexiva-pronomen-ovningar-for-hebreisk-grammatik\/#primaryimage"},"thumbnailUrl":"https:\/\/talkpal.ai\/wp-content\/uploads\/2025\/12\/group-is-learning-languages-together.webp","datePublished":"2025-07-06T09:47:58+00:00","description":"Reflexiva pronomen p\u00e5 hebreiska anv\u00e4nds f\u00f6r att visa att subjektet i meningen och objektet \u00e4r samma person eller sak. I dessa \u00f6vningar f\u00e5r du tr\u00e4na p\u00e5 att","breadcrumb":{"@id":"https:\/\/talkpal.ai\/sv\/grammar_exercises\/reflexiva-pronomen-ovningar-for-hebreisk-grammatik\/#breadcrumb"},"inLanguage":"sv-SE","potentialAction":[{"@type":"ReadAction","target":["https:\/\/talkpal.ai\/sv\/grammar_exercises\/reflexiva-pronomen-ovningar-for-hebreisk-grammatik\/"]}]},{"@type":"ImageObject","inLanguage":"sv-SE","@id":"https:\/\/talkpal.ai\/sv\/grammar_exercises\/reflexiva-pronomen-ovningar-for-hebreisk-grammatik\/#primaryimage","url":"https:\/\/talkpal.ai\/wp-content\/uploads\/2025\/12\/group-is-learning-languages-together.webp","contentUrl":"https:\/\/talkpal.ai\/wp-content\/uploads\/2025\/12\/group-is-learning-languages-together.webp","width":1200,"height":896,"caption":"An elderly man and two women sit in a cozy room while learning languages together."},{"@type":"BreadcrumbList","@id":"https:\/\/talkpal.ai\/sv\/grammar_exercises\/reflexiva-pronomen-ovningar-for-hebreisk-grammatik\/#breadcrumb","itemListElement":[{"@type":"ListItem","position":1,"name":"Homepage","item":"https:\/\/talkpal.ai\/sv\/"},{"@type":"ListItem","position":2,"name":"Reflexiva pronomen \u00f6vningar f\u00f6r hebreisk grammatik"}]},{"@type":"WebSite","@id":"https:\/\/talkpal.ai\/sv\/#website","url":"https:\/\/talkpal.ai\/sv\/","name":"Talkpal","description":"AI Language Learning","publisher":{"@id":"https:\/\/talkpal.ai\/sv\/#organization"},"alternateName":"Talkpal AI","potentialAction":[{"@type":"SearchAction","target":{"@type":"EntryPoint","urlTemplate":"https:\/\/talkpal.ai\/sv\/?s={search_term_string}"},"query-input":{"@type":"PropertyValueSpecification","valueRequired":true,"valueName":"search_term_string"}}],"inLanguage":"sv-SE"},{"@type":"Organization","@id":"https:\/\/talkpal.ai\/sv\/#organization","name":"Talkpal, Inc.","alternateName":"Talkpal AI","url":"https:\/\/talkpal.ai\/sv\/","logo":{"@type":"ImageObject","inLanguage":"sv-SE","@id":"https:\/\/talkpal.ai\/sv\/#\/schema\/logo\/image\/","url":"https:\/\/talkpal.ai\/wp-content\/uploads\/2024\/03\/Talkpal-Logo-Icon.png","contentUrl":"https:\/\/talkpal.ai\/wp-content\/uploads\/2024\/03\/Talkpal-Logo-Icon.png","width":2880,"height":2880,"caption":"Talkpal, Inc."},"image":{"@id":"https:\/\/talkpal.ai\/sv\/#\/schema\/logo\/image\/"},"sameAs":["https:\/\/www.facebook.com\/profile.php?id=100090733639311","https:\/\/x.com\/talkpalai","https:\/\/www.linkedin.com\/company\/talkpal\/","https:\/\/www.youtube.com\/@TalkPal\/","https:\/\/www.tiktok.com\/@talkpal","https:\/\/www.instagram.com\/talkpal_ai\/","https:\/\/www.crunchbase.com\/organization\/talkpal-9cde","https:\/\/www.g2.com\/products\/talkpal-for-business\/","https:\/\/www.trustpilot.com\/review\/talkpal.ai","https:\/\/www.capterra.com\/p\/10006800\/TalkPal\/"],"description":"Talkpal is a language learning web and mobile education app, powered by the latest AI technologies, that provides engaging experiences to its customers in many different languages to help them improve their language skills. Users can chat about unlimited amount of topics with the app and use other modes to practice their language learning.","email":"support@talkpal.ai","legalName":"Talkpal, Inc.","foundingDate":"2023-04-03","duns":"118989042","numberOfEmployees":{"@type":"QuantitativeValue","minValue":"11","maxValue":"50"},"publishingPrinciples":"https:\/\/talkpal.ai\/publishing-principles\/","actionableFeedbackPolicy":"https:\/\/talkpal.ai\/actionable-feedback-policy\/","correctionsPolicy":"https:\/\/talkpal.ai\/corrections-policy\/","ethicsPolicy":"https:\/\/talkpal.ai\/ethics-policy\/","diversityPolicy":"https:\/\/talkpal.ai\/diversity-policy\/","diversityStaffingReport":"https:\/\/talkpal.ai\/diversity-policy\/"}]}},"_links":{"self":[{"href":"https:\/\/talkpal.ai\/sv\/wp-json\/wp\/v2\/grammar_exercises\/1141319","targetHints":{"allow":["GET"]}}],"collection":[{"href":"https:\/\/talkpal.ai\/sv\/wp-json\/wp\/v2\/grammar_exercises"}],"about":[{"href":"https:\/\/talkpal.ai\/sv\/wp-json\/wp\/v2\/types\/grammar_exercises"}],"wp:featuredmedia":[{"embeddable":true,"href":"https:\/\/talkpal.ai\/sv\/wp-json\/wp\/v2\/media\/1527681"}],"wp:attachment":[{"href":"https:\/\/talkpal.ai\/sv\/wp-json\/wp\/v2\/media?parent=1141319"}],"wp:term":[{"taxonomy":"exercise_language","embeddable":true,"href":"https:\/\/talkpal.ai\/sv\/wp-json\/wp\/v2\/exercise_language?post=1141319"}],"curies":[{"name":"wp","href":"https:\/\/api.w.org\/{rel}","templated":true}]}}