{"id":1141151,"date":"2025-07-06T09:45:08","date_gmt":"2025-07-06T09:45:08","guid":{"rendered":"https:\/\/talkpal.ai\/grammar_exercises\/personliga-pronomenovningar-for-galicisk-grammatik\/"},"modified":"2025-07-06T09:45:08","modified_gmt":"2025-07-06T09:45:08","slug":"personliga-pronomenovningar-for-galicisk-grammatik","status":"publish","type":"grammar_exercises","link":"https:\/\/talkpal.ai\/sv\/grammar_exercises\/personliga-pronomenovningar-for-galicisk-grammatik\/","title":{"rendered":"Personliga pronomen\u00f6vningar f\u00f6r galicisk grammatik"},"content":{"rendered":"<p><a href=\"https:\/\/talkpal.ai\/sv\/grammar_exercises\/ovningar-for-personliga-pronomen-for-slovensk-grammatik\/\">Personliga pronomen<\/a> i <a href=\"https:\/\/talkpal.ai\/learn-galician\/\">galiciska<\/a> anv\u00e4nds f\u00f6r att ers\u00e4tta substantiv och visa vem som utf\u00f6r handlingen eller vem det handlar om. Dessa \u00f6vningar hj\u00e4lper dig att f\u00f6rst\u00e5 och anv\u00e4nda de personliga pronomenen korrekt i olika sammanhang.<\/p>\n<h3>Personliga pronomen\u00f6vningar: Subjektform<\/h3>\n<div class=\"input_sentences\">\n1. *Eu* son estudante. (Tips: F\u00f6rsta person singular, &#8221;jag&#8221;)<br \/>\n2. *Ti* es meu amigo. (Tips: Andra person singular, &#8221;du&#8221;)<br \/>\n3. *El* fala <a href=\"https:\/\/talkpal.ai\/learn-galician\/\">galego<\/a>. (Tips: Tredje person singular maskulinum, &#8221;han&#8221;)<br \/>\n4. *Ela* est\u00e1 na casa. (Tips: Tredje person singular femininum, &#8221;hon&#8221;)<br \/>\n5. *N\u00f3s* vivimos en Galicia. (Tips: F\u00f6rsta person plural, &#8221;vi&#8221;)<br \/>\n6. *V\u00f3s* tendes un coche <a href=\"https:\/\/talkpal.ai\/talkpal-new-years-discount\/\">novo<\/a>. (Tips: Andra person plural, &#8221;ni&#8221;)<br \/>\n7. *Eles* <a href=\"https:\/\/talkpal.ai\/locations\/language-courses-in-van\/\">van<\/a> \u00e1 praia. (Tips: Tredje person plural maskulinum, &#8221;de&#8221;)<br \/>\n8. *Elas* estudan xuntas. (Tips: Tredje person plural femininum, &#8221;de&#8221;)<br \/>\n9. *Eu* escribo unha carta. (Tips: F\u00f6rsta person singular, &#8221;jag&#8221;)<br \/>\n10. *Ti* es moi intelixente. (Tips: Andra person singular, &#8221;du&#8221;)\n<\/div>\n<div class=\"exercise\"><\/div>\n<h3>Personliga pronomen\u00f6vningar: Objektform<\/h3>\n<div class=\"input_sentences\">\n1. Ela viu *me*. (Tips: F\u00f6rsta person singular som objekt, &#8221;mig&#8221;)<br \/>\n2. Eu chamei *te*. (Tips: Andra person singular som objekt, &#8221;dig&#8221;)<br \/>\n3. O profesor axudou *no-lo*. (Tips: Tredje person singular maskulinum som objekt, &#8221;honom&#8221;)<br \/>\n4. Ela invitou *na*. (Tips: Tredje person singular femininum som objekt, &#8221;henne&#8221;)<br \/>\n5. N\u00f3s escoitamos *vos*. (Tips: Andra person plural som objekt, &#8221;er&#8221;)<br \/>\n6. V\u00f3s mirastes *nos*. (Tips: F\u00f6rsta person plural som objekt, &#8221;oss&#8221;)<br \/>\n7. Eles chamaron *os*. (Tips: Tredje person plural maskulinum som objekt, &#8221;dem&#8221;)<br \/>\n8. Elas viron *as*. (Tips: Tredje person plural femininum som objekt, &#8221;dem&#8221;)<br \/>\n9. Eu necesito *vos*. (Tips: Andra person plural som objekt, &#8221;er&#8221;)<br \/>\n10. Ti escoitaches *me*. (Tips: F\u00f6rsta person singular som objekt, &#8221;mig&#8221;)\n<\/div>\n<div class=\"exercise\"><\/div>\n","protected":false},"featured_media":1528102,"parent":0,"menu_order":0,"template":"","exercise_language":[16679,16685],"class_list":["post-1141151","grammar_exercises","type-grammar_exercises","status-publish","has-post-thumbnail","hentry","exercise_language-galiciska-ovningar","exercise_language-pronomen-galicisk-grammatik"],"acf":[],"yoast_head":"<!-- This site is optimized with the Yoast SEO Premium plugin v27.2 (Yoast SEO v27.2) - https:\/\/yoast.com\/product\/yoast-seo-premium-wordpress\/ -->\n<title>Personliga pronomen\u00f6vningar f\u00f6r galicisk grammatik - Talkpal<\/title>\n<meta name=\"description\" content=\"Personliga pronomen i galiciska anv\u00e4nds f\u00f6r att ers\u00e4tta substantiv och visa vem som utf\u00f6r handlingen eller vem det handlar om. Dessa \u00f6vningar hj\u00e4lper dig\" \/>\n<meta name=\"robots\" content=\"index, follow, max-snippet:-1, max-image-preview:large, max-video-preview:-1\" \/>\n<link rel=\"canonical\" href=\"https:\/\/talkpal.ai\/sv\/grammar_exercises\/personliga-pronomenovningar-for-galicisk-grammatik\/\" \/>\n<meta property=\"og:locale\" content=\"sv_SE\" \/>\n<meta property=\"og:type\" content=\"article\" \/>\n<meta property=\"og:title\" content=\"Personliga pronomen\u00f6vningar f\u00f6r galicisk grammatik\" \/>\n<meta property=\"og:description\" content=\"Personliga pronomen i galiciska anv\u00e4nds f\u00f6r att ers\u00e4tta substantiv och visa vem som utf\u00f6r handlingen eller vem det handlar om. Dessa \u00f6vningar hj\u00e4lper dig\" \/>\n<meta property=\"og:url\" content=\"https:\/\/talkpal.ai\/sv\/grammar_exercises\/personliga-pronomenovningar-for-galicisk-grammatik\/\" \/>\n<meta property=\"og:site_name\" content=\"Talkpal\" \/>\n<meta property=\"article:publisher\" content=\"https:\/\/www.facebook.com\/profile.php?id=100090733639311\" \/>\n<meta property=\"og:image\" content=\"https:\/\/talkpal.ai\/wp-content\/uploads\/2025\/02\/Progress-tab-16_9.png\" \/>\n\t<meta property=\"og:image:width\" content=\"2880\" \/>\n\t<meta property=\"og:image:height\" content=\"1620\" \/>\n\t<meta property=\"og:image:type\" content=\"image\/png\" \/>\n<meta name=\"twitter:card\" content=\"summary_large_image\" \/>\n<meta name=\"twitter:site\" content=\"@talkpalai\" \/>\n<meta name=\"twitter:label1\" content=\"Ber\u00e4knad l\u00e4stid\" \/>\n\t<meta name=\"twitter:data1\" content=\"1 minut\" \/>\n<script type=\"application\/ld+json\" class=\"yoast-schema-graph\">{\"@context\":\"https:\/\/schema.org\",\"@graph\":[{\"@type\":\"WebPage\",\"@id\":\"https:\/\/talkpal.ai\/sv\/grammar_exercises\/personliga-pronomenovningar-for-galicisk-grammatik\/\",\"url\":\"https:\/\/talkpal.ai\/sv\/grammar_exercises\/personliga-pronomenovningar-for-galicisk-grammatik\/\",\"name\":\"Personliga pronomen\u00f6vningar f\u00f6r galicisk grammatik - Talkpal\",\"isPartOf\":{\"@id\":\"https:\/\/talkpal.ai\/sv\/#website\"},\"primaryImageOfPage\":{\"@id\":\"https:\/\/talkpal.ai\/sv\/grammar_exercises\/personliga-pronomenovningar-for-galicisk-grammatik\/#primaryimage\"},\"image\":{\"@id\":\"https:\/\/talkpal.ai\/sv\/grammar_exercises\/personliga-pronomenovningar-for-galicisk-grammatik\/#primaryimage\"},\"thumbnailUrl\":\"https:\/\/talkpal.ai\/wp-content\/uploads\/2025\/12\/woman-writing-notes-to-learn-languages.webp\",\"datePublished\":\"2025-07-06T09:45:08+00:00\",\"description\":\"Personliga pronomen i galiciska anv\u00e4nds f\u00f6r att ers\u00e4tta substantiv och visa vem som utf\u00f6r handlingen eller vem det handlar om. Dessa \u00f6vningar hj\u00e4lper dig\",\"breadcrumb\":{\"@id\":\"https:\/\/talkpal.ai\/sv\/grammar_exercises\/personliga-pronomenovningar-for-galicisk-grammatik\/#breadcrumb\"},\"inLanguage\":\"sv-SE\",\"potentialAction\":[{\"@type\":\"ReadAction\",\"target\":[\"https:\/\/talkpal.ai\/sv\/grammar_exercises\/personliga-pronomenovningar-for-galicisk-grammatik\/\"]}]},{\"@type\":\"ImageObject\",\"inLanguage\":\"sv-SE\",\"@id\":\"https:\/\/talkpal.ai\/sv\/grammar_exercises\/personliga-pronomenovningar-for-galicisk-grammatik\/#primaryimage\",\"url\":\"https:\/\/talkpal.ai\/wp-content\/uploads\/2025\/12\/woman-writing-notes-to-learn-languages.webp\",\"contentUrl\":\"https:\/\/talkpal.ai\/wp-content\/uploads\/2025\/12\/woman-writing-notes-to-learn-languages.webp\",\"width\":1200,\"height\":896,\"caption\":\"A woman wearing headphones and glasses writes in a notebook while learning languages at a sunny desk.\"},{\"@type\":\"BreadcrumbList\",\"@id\":\"https:\/\/talkpal.ai\/sv\/grammar_exercises\/personliga-pronomenovningar-for-galicisk-grammatik\/#breadcrumb\",\"itemListElement\":[{\"@type\":\"ListItem\",\"position\":1,\"name\":\"Homepage\",\"item\":\"https:\/\/talkpal.ai\/sv\/\"},{\"@type\":\"ListItem\",\"position\":2,\"name\":\"Personliga pronomen\u00f6vningar f\u00f6r galicisk grammatik\"}]},{\"@type\":\"WebSite\",\"@id\":\"https:\/\/talkpal.ai\/sv\/#website\",\"url\":\"https:\/\/talkpal.ai\/sv\/\",\"name\":\"Talkpal\",\"description\":\"AI Language Learning\",\"publisher\":{\"@id\":\"https:\/\/talkpal.ai\/sv\/#organization\"},\"alternateName\":\"Talkpal AI\",\"potentialAction\":[{\"@type\":\"SearchAction\",\"target\":{\"@type\":\"EntryPoint\",\"urlTemplate\":\"https:\/\/talkpal.ai\/sv\/?s={search_term_string}\"},\"query-input\":{\"@type\":\"PropertyValueSpecification\",\"valueRequired\":true,\"valueName\":\"search_term_string\"}}],\"inLanguage\":\"sv-SE\"},{\"@type\":\"Organization\",\"@id\":\"https:\/\/talkpal.ai\/sv\/#organization\",\"name\":\"Talkpal, Inc.\",\"alternateName\":\"Talkpal AI\",\"url\":\"https:\/\/talkpal.ai\/sv\/\",\"logo\":{\"@type\":\"ImageObject\",\"inLanguage\":\"sv-SE\",\"@id\":\"https:\/\/talkpal.ai\/sv\/#\/schema\/logo\/image\/\",\"url\":\"https:\/\/talkpal.ai\/wp-content\/uploads\/2024\/03\/Talkpal-Logo-Icon.png\",\"contentUrl\":\"https:\/\/talkpal.ai\/wp-content\/uploads\/2024\/03\/Talkpal-Logo-Icon.png\",\"width\":2880,\"height\":2880,\"caption\":\"Talkpal, Inc.\"},\"image\":{\"@id\":\"https:\/\/talkpal.ai\/sv\/#\/schema\/logo\/image\/\"},\"sameAs\":[\"https:\/\/www.facebook.com\/profile.php?id=100090733639311\",\"https:\/\/x.com\/talkpalai\",\"https:\/\/www.linkedin.com\/company\/talkpal\/\",\"https:\/\/www.youtube.com\/@TalkPal\/\",\"https:\/\/www.tiktok.com\/@talkpal\",\"https:\/\/www.instagram.com\/talkpal_ai\/\",\"https:\/\/www.crunchbase.com\/organization\/talkpal-9cde\",\"https:\/\/www.g2.com\/products\/talkpal-for-business\/\",\"https:\/\/www.trustpilot.com\/review\/talkpal.ai\",\"https:\/\/www.capterra.com\/p\/10006800\/TalkPal\/\"],\"description\":\"Talkpal is a language learning web and mobile education app, powered by the latest AI technologies, that provides engaging experiences to its customers in many different languages to help them improve their language skills. Users can chat about unlimited amount of topics with the app and use other modes to practice their language learning.\",\"email\":\"support@talkpal.ai\",\"legalName\":\"Talkpal, Inc.\",\"foundingDate\":\"2023-04-03\",\"duns\":\"118989042\",\"numberOfEmployees\":{\"@type\":\"QuantitativeValue\",\"minValue\":\"11\",\"maxValue\":\"50\"},\"publishingPrinciples\":\"https:\/\/talkpal.ai\/publishing-principles\/\",\"actionableFeedbackPolicy\":\"https:\/\/talkpal.ai\/actionable-feedback-policy\/\",\"correctionsPolicy\":\"https:\/\/talkpal.ai\/corrections-policy\/\",\"ethicsPolicy\":\"https:\/\/talkpal.ai\/ethics-policy\/\",\"diversityPolicy\":\"https:\/\/talkpal.ai\/diversity-policy\/\",\"diversityStaffingReport\":\"https:\/\/talkpal.ai\/diversity-policy\/\"}]}<\/script>\n<!-- \/ Yoast SEO Premium plugin. -->","yoast_head_json":{"title":"Personliga pronomen\u00f6vningar f\u00f6r galicisk grammatik - Talkpal","description":"Personliga pronomen i galiciska anv\u00e4nds f\u00f6r att ers\u00e4tta substantiv och visa vem som utf\u00f6r handlingen eller vem det handlar om. Dessa \u00f6vningar hj\u00e4lper dig","robots":{"index":"index","follow":"follow","max-snippet":"max-snippet:-1","max-image-preview":"max-image-preview:large","max-video-preview":"max-video-preview:-1"},"canonical":"https:\/\/talkpal.ai\/sv\/grammar_exercises\/personliga-pronomenovningar-for-galicisk-grammatik\/","og_locale":"sv_SE","og_type":"article","og_title":"Personliga pronomen\u00f6vningar f\u00f6r galicisk grammatik","og_description":"Personliga pronomen i galiciska anv\u00e4nds f\u00f6r att ers\u00e4tta substantiv och visa vem som utf\u00f6r handlingen eller vem det handlar om. Dessa \u00f6vningar hj\u00e4lper dig","og_url":"https:\/\/talkpal.ai\/sv\/grammar_exercises\/personliga-pronomenovningar-for-galicisk-grammatik\/","og_site_name":"Talkpal","article_publisher":"https:\/\/www.facebook.com\/profile.php?id=100090733639311","og_image":[{"width":2880,"height":1620,"url":"https:\/\/talkpal.ai\/wp-content\/uploads\/2025\/02\/Progress-tab-16_9.png","type":"image\/png"}],"twitter_card":"summary_large_image","twitter_site":"@talkpalai","twitter_misc":{"Ber\u00e4knad l\u00e4stid":"1 minut"},"schema":{"@context":"https:\/\/schema.org","@graph":[{"@type":"WebPage","@id":"https:\/\/talkpal.ai\/sv\/grammar_exercises\/personliga-pronomenovningar-for-galicisk-grammatik\/","url":"https:\/\/talkpal.ai\/sv\/grammar_exercises\/personliga-pronomenovningar-for-galicisk-grammatik\/","name":"Personliga pronomen\u00f6vningar f\u00f6r galicisk grammatik - Talkpal","isPartOf":{"@id":"https:\/\/talkpal.ai\/sv\/#website"},"primaryImageOfPage":{"@id":"https:\/\/talkpal.ai\/sv\/grammar_exercises\/personliga-pronomenovningar-for-galicisk-grammatik\/#primaryimage"},"image":{"@id":"https:\/\/talkpal.ai\/sv\/grammar_exercises\/personliga-pronomenovningar-for-galicisk-grammatik\/#primaryimage"},"thumbnailUrl":"https:\/\/talkpal.ai\/wp-content\/uploads\/2025\/12\/woman-writing-notes-to-learn-languages.webp","datePublished":"2025-07-06T09:45:08+00:00","description":"Personliga pronomen i galiciska anv\u00e4nds f\u00f6r att ers\u00e4tta substantiv och visa vem som utf\u00f6r handlingen eller vem det handlar om. Dessa \u00f6vningar hj\u00e4lper dig","breadcrumb":{"@id":"https:\/\/talkpal.ai\/sv\/grammar_exercises\/personliga-pronomenovningar-for-galicisk-grammatik\/#breadcrumb"},"inLanguage":"sv-SE","potentialAction":[{"@type":"ReadAction","target":["https:\/\/talkpal.ai\/sv\/grammar_exercises\/personliga-pronomenovningar-for-galicisk-grammatik\/"]}]},{"@type":"ImageObject","inLanguage":"sv-SE","@id":"https:\/\/talkpal.ai\/sv\/grammar_exercises\/personliga-pronomenovningar-for-galicisk-grammatik\/#primaryimage","url":"https:\/\/talkpal.ai\/wp-content\/uploads\/2025\/12\/woman-writing-notes-to-learn-languages.webp","contentUrl":"https:\/\/talkpal.ai\/wp-content\/uploads\/2025\/12\/woman-writing-notes-to-learn-languages.webp","width":1200,"height":896,"caption":"A woman wearing headphones and glasses writes in a notebook while learning languages at a sunny desk."},{"@type":"BreadcrumbList","@id":"https:\/\/talkpal.ai\/sv\/grammar_exercises\/personliga-pronomenovningar-for-galicisk-grammatik\/#breadcrumb","itemListElement":[{"@type":"ListItem","position":1,"name":"Homepage","item":"https:\/\/talkpal.ai\/sv\/"},{"@type":"ListItem","position":2,"name":"Personliga pronomen\u00f6vningar f\u00f6r galicisk grammatik"}]},{"@type":"WebSite","@id":"https:\/\/talkpal.ai\/sv\/#website","url":"https:\/\/talkpal.ai\/sv\/","name":"Talkpal","description":"AI Language Learning","publisher":{"@id":"https:\/\/talkpal.ai\/sv\/#organization"},"alternateName":"Talkpal AI","potentialAction":[{"@type":"SearchAction","target":{"@type":"EntryPoint","urlTemplate":"https:\/\/talkpal.ai\/sv\/?s={search_term_string}"},"query-input":{"@type":"PropertyValueSpecification","valueRequired":true,"valueName":"search_term_string"}}],"inLanguage":"sv-SE"},{"@type":"Organization","@id":"https:\/\/talkpal.ai\/sv\/#organization","name":"Talkpal, Inc.","alternateName":"Talkpal AI","url":"https:\/\/talkpal.ai\/sv\/","logo":{"@type":"ImageObject","inLanguage":"sv-SE","@id":"https:\/\/talkpal.ai\/sv\/#\/schema\/logo\/image\/","url":"https:\/\/talkpal.ai\/wp-content\/uploads\/2024\/03\/Talkpal-Logo-Icon.png","contentUrl":"https:\/\/talkpal.ai\/wp-content\/uploads\/2024\/03\/Talkpal-Logo-Icon.png","width":2880,"height":2880,"caption":"Talkpal, Inc."},"image":{"@id":"https:\/\/talkpal.ai\/sv\/#\/schema\/logo\/image\/"},"sameAs":["https:\/\/www.facebook.com\/profile.php?id=100090733639311","https:\/\/x.com\/talkpalai","https:\/\/www.linkedin.com\/company\/talkpal\/","https:\/\/www.youtube.com\/@TalkPal\/","https:\/\/www.tiktok.com\/@talkpal","https:\/\/www.instagram.com\/talkpal_ai\/","https:\/\/www.crunchbase.com\/organization\/talkpal-9cde","https:\/\/www.g2.com\/products\/talkpal-for-business\/","https:\/\/www.trustpilot.com\/review\/talkpal.ai","https:\/\/www.capterra.com\/p\/10006800\/TalkPal\/"],"description":"Talkpal is a language learning web and mobile education app, powered by the latest AI technologies, that provides engaging experiences to its customers in many different languages to help them improve their language skills. Users can chat about unlimited amount of topics with the app and use other modes to practice their language learning.","email":"support@talkpal.ai","legalName":"Talkpal, Inc.","foundingDate":"2023-04-03","duns":"118989042","numberOfEmployees":{"@type":"QuantitativeValue","minValue":"11","maxValue":"50"},"publishingPrinciples":"https:\/\/talkpal.ai\/publishing-principles\/","actionableFeedbackPolicy":"https:\/\/talkpal.ai\/actionable-feedback-policy\/","correctionsPolicy":"https:\/\/talkpal.ai\/corrections-policy\/","ethicsPolicy":"https:\/\/talkpal.ai\/ethics-policy\/","diversityPolicy":"https:\/\/talkpal.ai\/diversity-policy\/","diversityStaffingReport":"https:\/\/talkpal.ai\/diversity-policy\/"}]}},"_links":{"self":[{"href":"https:\/\/talkpal.ai\/sv\/wp-json\/wp\/v2\/grammar_exercises\/1141151","targetHints":{"allow":["GET"]}}],"collection":[{"href":"https:\/\/talkpal.ai\/sv\/wp-json\/wp\/v2\/grammar_exercises"}],"about":[{"href":"https:\/\/talkpal.ai\/sv\/wp-json\/wp\/v2\/types\/grammar_exercises"}],"wp:featuredmedia":[{"embeddable":true,"href":"https:\/\/talkpal.ai\/sv\/wp-json\/wp\/v2\/media\/1528102"}],"wp:attachment":[{"href":"https:\/\/talkpal.ai\/sv\/wp-json\/wp\/v2\/media?parent=1141151"}],"wp:term":[{"taxonomy":"exercise_language","embeddable":true,"href":"https:\/\/talkpal.ai\/sv\/wp-json\/wp\/v2\/exercise_language?post=1141151"}],"curies":[{"name":"wp","href":"https:\/\/api.w.org\/{rel}","templated":true}]}}