{"id":1140928,"date":"2025-07-06T09:41:26","date_gmt":"2025-07-06T09:41:26","guid":{"rendered":"https:\/\/talkpal.ai\/grammar_exercises\/adverb-av-tidsovningar-for-tjeckisk-grammatik\/"},"modified":"2025-07-06T09:41:26","modified_gmt":"2025-07-06T09:41:26","slug":"adverb-av-tidsovningar-for-tjeckisk-grammatik","status":"publish","type":"grammar_exercises","link":"https:\/\/talkpal.ai\/sv\/grammar_exercises\/adverb-av-tidsovningar-for-tjeckisk-grammatik\/","title":{"rendered":"Adverb av tids\u00f6vningar f\u00f6r tjeckisk grammatik"},"content":{"rendered":"<p><a href=\"https:\/\/talkpal.ai\/culture\/how-do-i-use-den-har-and-det-har\/\">Den h\u00e4r<\/a> \u00f6vningen fokuserar p\u00e5 adverb av tid p\u00e5 <a href=\"https:\/\/talkpal.ai\/learn-czech\/\">tjeckiska<\/a>. Du f\u00e5r tr\u00e4na p\u00e5 att anv\u00e4nda r\u00e4tt tidsadverb i meningarna f\u00f6r att uttrycka n\u00e4r n\u00e5got h\u00e4nder. L\u00e4s ledtr\u00e5den noga och v\u00e4lj r\u00e4tt ord f\u00f6r att fylla i meningen.<\/p>\n<h3>Adverb av tid &#8211; \u00d6vning 1<\/h3>\n<div class=\"input_sentences\">\n1. R\u00e1no vst\u00e1v\u00e1m *brzy* (anv\u00e4nd adverb f\u00f6r &#8221;tidigt&#8221;).<br \/>\n2. V\u010dera jsem \u0161el do \u0161koly *v\u010dera* (anv\u00e4nd adverb f\u00f6r &#8221;ig\u00e5r&#8221;).<br \/>\n3. Z\u00edtra pojedeme na v\u00fdlet *z\u00edtra* (anv\u00e4nd adverb f\u00f6r &#8221;imorgon&#8221;).<br \/>\n4. Pr\u00e1v\u011b te\u010f pracuji *pr\u00e1v\u011b* (anv\u00e4nd adverb f\u00f6r &#8221;just nu&#8221;).<br \/>\n5. \u010casto chod\u00edm do parku *\u010dasto* (anv\u00e4nd adverb f\u00f6r &#8221;ofta&#8221;).<br \/>\n6. N\u011bkdy \u010dtu knihy ve\u010der *n\u011bkdy* (anv\u00e4nd adverb f\u00f6r &#8221;ibland&#8221;).<br \/>\n7. Nikdy nepiju k\u00e1vu r\u00e1no *nikdy* (anv\u00e4nd adverb f\u00f6r &#8221;aldrig&#8221;).<br \/>\n8. V l\u00e9t\u011b je velmi teplo *v l\u00e9t\u011b* (anv\u00e4nd tidsadverb f\u00f6r &#8221;p\u00e5 sommaren&#8221;).<br \/>\n9. P\u0159ed t\u00fddnem jsem m\u011bl narozeniny *p\u0159ed t\u00fddnem* (anv\u00e4nd tidsadverb f\u00f6r &#8221;f\u00f6r en vecka sedan&#8221;).<br \/>\n10. Za chv\u00edli za\u010d\u00edn\u00e1 film *za chv\u00edli* (anv\u00e4nd tidsadverb f\u00f6r &#8221;om en stund&#8221;).\n<\/div>\n<div class=\"exercise\"><\/div>\n<h3>Adverb av tid &#8211; \u00d6vning 2<\/h3>\n<div class=\"input_sentences\">\n1. V\u017edycky vst\u00e1v\u00e1m *v\u017edycky* (anv\u00e4nd adverb f\u00f6r &#8221;alltid&#8221;).<br \/>\n2. Dnes je kr\u00e1sn\u00fd den *dnes* (anv\u00e4nd adverb f\u00f6r &#8221;idag&#8221;).<br \/>\n3. Pozd\u011b ve\u010der \u010dtu noviny *pozd\u011b* (anv\u00e4nd adverb f\u00f6r &#8221;sent&#8221;).<br \/>\n4. P\u0159ed chv\u00edl\u00ed jsem dostal dopis *p\u0159ed chv\u00edl\u00ed* (anv\u00e4nd tidsadverb f\u00f6r &#8221;f\u00f6r en stund sedan&#8221;).<br \/>\n5. N\u00e1sleduj\u00edc\u00ed t\u00fdden pojedeme k mo\u0159i *n\u00e1sleduj\u00edc\u00ed t\u00fdden* (anv\u00e4nd tidsadverb f\u00f6r &#8221;n\u00e4sta vecka&#8221;).<br \/>\n6. V\u017edycky si d\u00e1v\u00e1m k\u00e1vu r\u00e1no *v\u017edycky* (anv\u00e4nd adverb f\u00f6r &#8221;alltid&#8221;).<br \/>\n7. \u010casto nav\u0161t\u011bvuji babi\u010dku *\u010dasto* (anv\u00e4nd adverb f\u00f6r &#8221;ofta&#8221;).<br \/>\n8. Za rok budu m\u00edt nov\u00e9 auto *za rok* (anv\u00e4nd tidsadverb f\u00f6r &#8221;om ett \u00e5r&#8221;).<br \/>\n9. Te\u010f nemohu mluvit, jsem zanepr\u00e1zdn\u011bn\u00fd *te\u010f* (anv\u00e4nd adverb f\u00f6r &#8221;nu&#8221;).<br \/>\n10. V noci je ticho *v noci* (anv\u00e4nd tidsadverb f\u00f6r &#8221;p\u00e5 natten&#8221;).\n<\/div>\n<div class=\"exercise\"><\/div>\n","protected":false},"featured_media":1527903,"parent":0,"menu_order":0,"template":"","exercise_language":[16641,16632],"class_list":["post-1140928","grammar_exercises","type-grammar_exercises","status-publish","has-post-thumbnail","hentry","exercise_language-adverb-tjeckisk-grammatik","exercise_language-tjeckiska-ovningar"],"acf":[],"yoast_head":"<!-- This site is optimized with the Yoast SEO Premium plugin v27.2 (Yoast SEO v27.2) - https:\/\/yoast.com\/product\/yoast-seo-premium-wordpress\/ -->\n<title>Adverb av tids\u00f6vningar f\u00f6r tjeckisk grammatik - Talkpal<\/title>\n<meta name=\"description\" content=\"Den h\u00e4r \u00f6vningen fokuserar p\u00e5 adverb av tid p\u00e5 tjeckiska. Du f\u00e5r tr\u00e4na p\u00e5 att anv\u00e4nda r\u00e4tt tidsadverb i meningarna f\u00f6r att uttrycka n\u00e4r n\u00e5got h\u00e4nder. L\u00e4s\" \/>\n<meta name=\"robots\" content=\"index, follow, max-snippet:-1, max-image-preview:large, max-video-preview:-1\" \/>\n<link rel=\"canonical\" href=\"https:\/\/talkpal.ai\/sv\/grammar_exercises\/adverb-av-tidsovningar-for-tjeckisk-grammatik\/\" \/>\n<meta property=\"og:locale\" content=\"sv_SE\" \/>\n<meta property=\"og:type\" content=\"article\" \/>\n<meta property=\"og:title\" content=\"Adverb av tids\u00f6vningar f\u00f6r tjeckisk grammatik\" \/>\n<meta property=\"og:description\" content=\"Den h\u00e4r \u00f6vningen fokuserar p\u00e5 adverb av tid p\u00e5 tjeckiska. Du f\u00e5r tr\u00e4na p\u00e5 att anv\u00e4nda r\u00e4tt tidsadverb i meningarna f\u00f6r att uttrycka n\u00e4r n\u00e5got h\u00e4nder. L\u00e4s\" \/>\n<meta property=\"og:url\" content=\"https:\/\/talkpal.ai\/sv\/grammar_exercises\/adverb-av-tidsovningar-for-tjeckisk-grammatik\/\" \/>\n<meta property=\"og:site_name\" content=\"Talkpal\" \/>\n<meta property=\"article:publisher\" content=\"https:\/\/www.facebook.com\/profile.php?id=100090733639311\" \/>\n<meta property=\"og:image\" content=\"https:\/\/talkpal.ai\/wp-content\/uploads\/2025\/02\/Progress-tab-16_9.png\" \/>\n\t<meta property=\"og:image:width\" content=\"2880\" \/>\n\t<meta property=\"og:image:height\" content=\"1620\" \/>\n\t<meta property=\"og:image:type\" content=\"image\/png\" \/>\n<meta name=\"twitter:card\" content=\"summary_large_image\" \/>\n<meta name=\"twitter:site\" content=\"@talkpalai\" \/>\n<meta name=\"twitter:label1\" content=\"Ber\u00e4knad l\u00e4stid\" \/>\n\t<meta name=\"twitter:data1\" content=\"2 minuter\" \/>\n<script type=\"application\/ld+json\" class=\"yoast-schema-graph\">{\"@context\":\"https:\/\/schema.org\",\"@graph\":[{\"@type\":\"WebPage\",\"@id\":\"https:\/\/talkpal.ai\/sv\/grammar_exercises\/adverb-av-tidsovningar-for-tjeckisk-grammatik\/\",\"url\":\"https:\/\/talkpal.ai\/sv\/grammar_exercises\/adverb-av-tidsovningar-for-tjeckisk-grammatik\/\",\"name\":\"Adverb av tids\u00f6vningar f\u00f6r tjeckisk grammatik - Talkpal\",\"isPartOf\":{\"@id\":\"https:\/\/talkpal.ai\/sv\/#website\"},\"primaryImageOfPage\":{\"@id\":\"https:\/\/talkpal.ai\/sv\/grammar_exercises\/adverb-av-tidsovningar-for-tjeckisk-grammatik\/#primaryimage\"},\"image\":{\"@id\":\"https:\/\/talkpal.ai\/sv\/grammar_exercises\/adverb-av-tidsovningar-for-tjeckisk-grammatik\/#primaryimage\"},\"thumbnailUrl\":\"https:\/\/talkpal.ai\/wp-content\/uploads\/2025\/12\/student-is-reading-to-learn-languages.webp\",\"datePublished\":\"2025-07-06T09:41:26+00:00\",\"description\":\"Den h\u00e4r \u00f6vningen fokuserar p\u00e5 adverb av tid p\u00e5 tjeckiska. Du f\u00e5r tr\u00e4na p\u00e5 att anv\u00e4nda r\u00e4tt tidsadverb i meningarna f\u00f6r att uttrycka n\u00e4r n\u00e5got h\u00e4nder. L\u00e4s\",\"breadcrumb\":{\"@id\":\"https:\/\/talkpal.ai\/sv\/grammar_exercises\/adverb-av-tidsovningar-for-tjeckisk-grammatik\/#breadcrumb\"},\"inLanguage\":\"sv-SE\",\"potentialAction\":[{\"@type\":\"ReadAction\",\"target\":[\"https:\/\/talkpal.ai\/sv\/grammar_exercises\/adverb-av-tidsovningar-for-tjeckisk-grammatik\/\"]}]},{\"@type\":\"ImageObject\",\"inLanguage\":\"sv-SE\",\"@id\":\"https:\/\/talkpal.ai\/sv\/grammar_exercises\/adverb-av-tidsovningar-for-tjeckisk-grammatik\/#primaryimage\",\"url\":\"https:\/\/talkpal.ai\/wp-content\/uploads\/2025\/12\/student-is-reading-to-learn-languages.webp\",\"contentUrl\":\"https:\/\/talkpal.ai\/wp-content\/uploads\/2025\/12\/student-is-reading-to-learn-languages.webp\",\"width\":1200,\"height\":896,\"caption\":\"A student smiles while using a laptop to learn languages in a library filled with books.\"},{\"@type\":\"BreadcrumbList\",\"@id\":\"https:\/\/talkpal.ai\/sv\/grammar_exercises\/adverb-av-tidsovningar-for-tjeckisk-grammatik\/#breadcrumb\",\"itemListElement\":[{\"@type\":\"ListItem\",\"position\":1,\"name\":\"Homepage\",\"item\":\"https:\/\/talkpal.ai\/sv\/\"},{\"@type\":\"ListItem\",\"position\":2,\"name\":\"Adverb av tids\u00f6vningar f\u00f6r tjeckisk grammatik\"}]},{\"@type\":\"WebSite\",\"@id\":\"https:\/\/talkpal.ai\/sv\/#website\",\"url\":\"https:\/\/talkpal.ai\/sv\/\",\"name\":\"Talkpal\",\"description\":\"AI Language Learning\",\"publisher\":{\"@id\":\"https:\/\/talkpal.ai\/sv\/#organization\"},\"alternateName\":\"Talkpal AI\",\"potentialAction\":[{\"@type\":\"SearchAction\",\"target\":{\"@type\":\"EntryPoint\",\"urlTemplate\":\"https:\/\/talkpal.ai\/sv\/?s={search_term_string}\"},\"query-input\":{\"@type\":\"PropertyValueSpecification\",\"valueRequired\":true,\"valueName\":\"search_term_string\"}}],\"inLanguage\":\"sv-SE\"},{\"@type\":\"Organization\",\"@id\":\"https:\/\/talkpal.ai\/sv\/#organization\",\"name\":\"Talkpal, Inc.\",\"alternateName\":\"Talkpal AI\",\"url\":\"https:\/\/talkpal.ai\/sv\/\",\"logo\":{\"@type\":\"ImageObject\",\"inLanguage\":\"sv-SE\",\"@id\":\"https:\/\/talkpal.ai\/sv\/#\/schema\/logo\/image\/\",\"url\":\"https:\/\/talkpal.ai\/wp-content\/uploads\/2024\/03\/Talkpal-Logo-Icon.png\",\"contentUrl\":\"https:\/\/talkpal.ai\/wp-content\/uploads\/2024\/03\/Talkpal-Logo-Icon.png\",\"width\":2880,\"height\":2880,\"caption\":\"Talkpal, Inc.\"},\"image\":{\"@id\":\"https:\/\/talkpal.ai\/sv\/#\/schema\/logo\/image\/\"},\"sameAs\":[\"https:\/\/www.facebook.com\/profile.php?id=100090733639311\",\"https:\/\/x.com\/talkpalai\",\"https:\/\/www.linkedin.com\/company\/talkpal\/\",\"https:\/\/www.youtube.com\/@TalkPal\/\",\"https:\/\/www.tiktok.com\/@talkpal\",\"https:\/\/www.instagram.com\/talkpal_ai\/\",\"https:\/\/www.crunchbase.com\/organization\/talkpal-9cde\",\"https:\/\/www.g2.com\/products\/talkpal-for-business\/\",\"https:\/\/www.trustpilot.com\/review\/talkpal.ai\",\"https:\/\/www.capterra.com\/p\/10006800\/TalkPal\/\"],\"description\":\"Talkpal is a language learning web and mobile education app, powered by the latest AI technologies, that provides engaging experiences to its customers in many different languages to help them improve their language skills. Users can chat about unlimited amount of topics with the app and use other modes to practice their language learning.\",\"email\":\"support@talkpal.ai\",\"legalName\":\"Talkpal, Inc.\",\"foundingDate\":\"2023-04-03\",\"duns\":\"118989042\",\"numberOfEmployees\":{\"@type\":\"QuantitativeValue\",\"minValue\":\"11\",\"maxValue\":\"50\"},\"publishingPrinciples\":\"https:\/\/talkpal.ai\/publishing-principles\/\",\"actionableFeedbackPolicy\":\"https:\/\/talkpal.ai\/actionable-feedback-policy\/\",\"correctionsPolicy\":\"https:\/\/talkpal.ai\/corrections-policy\/\",\"ethicsPolicy\":\"https:\/\/talkpal.ai\/ethics-policy\/\",\"diversityPolicy\":\"https:\/\/talkpal.ai\/diversity-policy\/\",\"diversityStaffingReport\":\"https:\/\/talkpal.ai\/diversity-policy\/\"}]}<\/script>\n<!-- \/ Yoast SEO Premium plugin. -->","yoast_head_json":{"title":"Adverb av tids\u00f6vningar f\u00f6r tjeckisk grammatik - Talkpal","description":"Den h\u00e4r \u00f6vningen fokuserar p\u00e5 adverb av tid p\u00e5 tjeckiska. Du f\u00e5r tr\u00e4na p\u00e5 att anv\u00e4nda r\u00e4tt tidsadverb i meningarna f\u00f6r att uttrycka n\u00e4r n\u00e5got h\u00e4nder. L\u00e4s","robots":{"index":"index","follow":"follow","max-snippet":"max-snippet:-1","max-image-preview":"max-image-preview:large","max-video-preview":"max-video-preview:-1"},"canonical":"https:\/\/talkpal.ai\/sv\/grammar_exercises\/adverb-av-tidsovningar-for-tjeckisk-grammatik\/","og_locale":"sv_SE","og_type":"article","og_title":"Adverb av tids\u00f6vningar f\u00f6r tjeckisk grammatik","og_description":"Den h\u00e4r \u00f6vningen fokuserar p\u00e5 adverb av tid p\u00e5 tjeckiska. Du f\u00e5r tr\u00e4na p\u00e5 att anv\u00e4nda r\u00e4tt tidsadverb i meningarna f\u00f6r att uttrycka n\u00e4r n\u00e5got h\u00e4nder. L\u00e4s","og_url":"https:\/\/talkpal.ai\/sv\/grammar_exercises\/adverb-av-tidsovningar-for-tjeckisk-grammatik\/","og_site_name":"Talkpal","article_publisher":"https:\/\/www.facebook.com\/profile.php?id=100090733639311","og_image":[{"width":2880,"height":1620,"url":"https:\/\/talkpal.ai\/wp-content\/uploads\/2025\/02\/Progress-tab-16_9.png","type":"image\/png"}],"twitter_card":"summary_large_image","twitter_site":"@talkpalai","twitter_misc":{"Ber\u00e4knad l\u00e4stid":"2 minuter"},"schema":{"@context":"https:\/\/schema.org","@graph":[{"@type":"WebPage","@id":"https:\/\/talkpal.ai\/sv\/grammar_exercises\/adverb-av-tidsovningar-for-tjeckisk-grammatik\/","url":"https:\/\/talkpal.ai\/sv\/grammar_exercises\/adverb-av-tidsovningar-for-tjeckisk-grammatik\/","name":"Adverb av tids\u00f6vningar f\u00f6r tjeckisk grammatik - Talkpal","isPartOf":{"@id":"https:\/\/talkpal.ai\/sv\/#website"},"primaryImageOfPage":{"@id":"https:\/\/talkpal.ai\/sv\/grammar_exercises\/adverb-av-tidsovningar-for-tjeckisk-grammatik\/#primaryimage"},"image":{"@id":"https:\/\/talkpal.ai\/sv\/grammar_exercises\/adverb-av-tidsovningar-for-tjeckisk-grammatik\/#primaryimage"},"thumbnailUrl":"https:\/\/talkpal.ai\/wp-content\/uploads\/2025\/12\/student-is-reading-to-learn-languages.webp","datePublished":"2025-07-06T09:41:26+00:00","description":"Den h\u00e4r \u00f6vningen fokuserar p\u00e5 adverb av tid p\u00e5 tjeckiska. Du f\u00e5r tr\u00e4na p\u00e5 att anv\u00e4nda r\u00e4tt tidsadverb i meningarna f\u00f6r att uttrycka n\u00e4r n\u00e5got h\u00e4nder. L\u00e4s","breadcrumb":{"@id":"https:\/\/talkpal.ai\/sv\/grammar_exercises\/adverb-av-tidsovningar-for-tjeckisk-grammatik\/#breadcrumb"},"inLanguage":"sv-SE","potentialAction":[{"@type":"ReadAction","target":["https:\/\/talkpal.ai\/sv\/grammar_exercises\/adverb-av-tidsovningar-for-tjeckisk-grammatik\/"]}]},{"@type":"ImageObject","inLanguage":"sv-SE","@id":"https:\/\/talkpal.ai\/sv\/grammar_exercises\/adverb-av-tidsovningar-for-tjeckisk-grammatik\/#primaryimage","url":"https:\/\/talkpal.ai\/wp-content\/uploads\/2025\/12\/student-is-reading-to-learn-languages.webp","contentUrl":"https:\/\/talkpal.ai\/wp-content\/uploads\/2025\/12\/student-is-reading-to-learn-languages.webp","width":1200,"height":896,"caption":"A student smiles while using a laptop to learn languages in a library filled with books."},{"@type":"BreadcrumbList","@id":"https:\/\/talkpal.ai\/sv\/grammar_exercises\/adverb-av-tidsovningar-for-tjeckisk-grammatik\/#breadcrumb","itemListElement":[{"@type":"ListItem","position":1,"name":"Homepage","item":"https:\/\/talkpal.ai\/sv\/"},{"@type":"ListItem","position":2,"name":"Adverb av tids\u00f6vningar f\u00f6r tjeckisk grammatik"}]},{"@type":"WebSite","@id":"https:\/\/talkpal.ai\/sv\/#website","url":"https:\/\/talkpal.ai\/sv\/","name":"Talkpal","description":"AI Language Learning","publisher":{"@id":"https:\/\/talkpal.ai\/sv\/#organization"},"alternateName":"Talkpal AI","potentialAction":[{"@type":"SearchAction","target":{"@type":"EntryPoint","urlTemplate":"https:\/\/talkpal.ai\/sv\/?s={search_term_string}"},"query-input":{"@type":"PropertyValueSpecification","valueRequired":true,"valueName":"search_term_string"}}],"inLanguage":"sv-SE"},{"@type":"Organization","@id":"https:\/\/talkpal.ai\/sv\/#organization","name":"Talkpal, Inc.","alternateName":"Talkpal AI","url":"https:\/\/talkpal.ai\/sv\/","logo":{"@type":"ImageObject","inLanguage":"sv-SE","@id":"https:\/\/talkpal.ai\/sv\/#\/schema\/logo\/image\/","url":"https:\/\/talkpal.ai\/wp-content\/uploads\/2024\/03\/Talkpal-Logo-Icon.png","contentUrl":"https:\/\/talkpal.ai\/wp-content\/uploads\/2024\/03\/Talkpal-Logo-Icon.png","width":2880,"height":2880,"caption":"Talkpal, Inc."},"image":{"@id":"https:\/\/talkpal.ai\/sv\/#\/schema\/logo\/image\/"},"sameAs":["https:\/\/www.facebook.com\/profile.php?id=100090733639311","https:\/\/x.com\/talkpalai","https:\/\/www.linkedin.com\/company\/talkpal\/","https:\/\/www.youtube.com\/@TalkPal\/","https:\/\/www.tiktok.com\/@talkpal","https:\/\/www.instagram.com\/talkpal_ai\/","https:\/\/www.crunchbase.com\/organization\/talkpal-9cde","https:\/\/www.g2.com\/products\/talkpal-for-business\/","https:\/\/www.trustpilot.com\/review\/talkpal.ai","https:\/\/www.capterra.com\/p\/10006800\/TalkPal\/"],"description":"Talkpal is a language learning web and mobile education app, powered by the latest AI technologies, that provides engaging experiences to its customers in many different languages to help them improve their language skills. Users can chat about unlimited amount of topics with the app and use other modes to practice their language learning.","email":"support@talkpal.ai","legalName":"Talkpal, Inc.","foundingDate":"2023-04-03","duns":"118989042","numberOfEmployees":{"@type":"QuantitativeValue","minValue":"11","maxValue":"50"},"publishingPrinciples":"https:\/\/talkpal.ai\/publishing-principles\/","actionableFeedbackPolicy":"https:\/\/talkpal.ai\/actionable-feedback-policy\/","correctionsPolicy":"https:\/\/talkpal.ai\/corrections-policy\/","ethicsPolicy":"https:\/\/talkpal.ai\/ethics-policy\/","diversityPolicy":"https:\/\/talkpal.ai\/diversity-policy\/","diversityStaffingReport":"https:\/\/talkpal.ai\/diversity-policy\/"}]}},"_links":{"self":[{"href":"https:\/\/talkpal.ai\/sv\/wp-json\/wp\/v2\/grammar_exercises\/1140928","targetHints":{"allow":["GET"]}}],"collection":[{"href":"https:\/\/talkpal.ai\/sv\/wp-json\/wp\/v2\/grammar_exercises"}],"about":[{"href":"https:\/\/talkpal.ai\/sv\/wp-json\/wp\/v2\/types\/grammar_exercises"}],"wp:featuredmedia":[{"embeddable":true,"href":"https:\/\/talkpal.ai\/sv\/wp-json\/wp\/v2\/media\/1527903"}],"wp:attachment":[{"href":"https:\/\/talkpal.ai\/sv\/wp-json\/wp\/v2\/media?parent=1140928"}],"wp:term":[{"taxonomy":"exercise_language","embeddable":true,"href":"https:\/\/talkpal.ai\/sv\/wp-json\/wp\/v2\/exercise_language?post=1140928"}],"curies":[{"name":"wp","href":"https:\/\/api.w.org\/{rel}","templated":true}]}}