{"id":1140891,"date":"2025-07-06T09:40:50","date_gmt":"2025-07-06T09:40:50","guid":{"rendered":"https:\/\/talkpal.ai\/grammar_exercises\/reflexiva-verbovningar-for-tjeckisk-grammatik\/"},"modified":"2025-07-06T09:40:50","modified_gmt":"2025-07-06T09:40:50","slug":"reflexiva-verbovningar-for-tjeckisk-grammatik","status":"publish","type":"grammar_exercises","link":"https:\/\/talkpal.ai\/sv\/grammar_exercises\/reflexiva-verbovningar-for-tjeckisk-grammatik\/","title":{"rendered":"Reflexiva verb\u00f6vningar f\u00f6r tjeckisk grammatik"},"content":{"rendered":"<p><a href=\"https:\/\/talkpal.ai\/sv\/grammar\/reflexiva-verb-i-letisk-grammatik\/\">Reflexiva verb<\/a> i tjeckiskan anv\u00e4nds n\u00e4r subjektet utf\u00f6r en handling p\u00e5 sig sj\u00e4lv. \u00d6vningarna nedan hj\u00e4lper dig att f\u00f6rst\u00e5 hur dessa verb anv\u00e4nds korrekt i olika sammanhang. Fokus ligger p\u00e5 att fylla i r\u00e4tt form av det reflexiva verbet.<\/p>\n<h3>Reflexiva verb\u00f6vningar: Att anv\u00e4nda sig av verbet &#8221;myt se&#8221; (att tv\u00e4tta sig)<\/h3>\n<div class=\"input_sentences\">\n1. Ka\u017ed\u00e9 r\u00e1no *myju se* p\u0159ed sn\u00eddan\u00ed. (Anv\u00e4nd r\u00e4tt form av verbet &#8221;myt se&#8221; i f\u00f6rsta person singular, presens)<br \/>\n2. Oni *myj\u00ed se* po pr\u00e1ci. (Anv\u00e4nd r\u00e4tt form av verbet &#8221;myt se&#8221; i tredje person plural, presens)<br \/>\n3. Ty *myje\u0161 se* ve spr\u0161e? (Anv\u00e4nd r\u00e4tt form av verbet &#8221;myt se&#8221; i andra person singular, presens)<br \/>\n4. My *myjeme se* ka\u017ed\u00fd den. (Anv\u00e4nd r\u00e4tt form av verbet &#8221;myt se&#8221; i f\u00f6rsta person plural, presens)<br \/>\n5. Ona *myje se* ka\u017ed\u00e9 r\u00e1no. (Anv\u00e4nd r\u00e4tt form av verbet &#8221;myt se&#8221; i tredje person singular, presens)<br \/>\n6. Vy *myjete se* v\u017edy p\u0159ed span\u00edm. (Anv\u00e4nd r\u00e4tt form av verbet &#8221;myt se&#8221; i andra person plural, presens)<br \/>\n7. J\u00e1 *myju se* po sportu. (Anv\u00e4nd r\u00e4tt form av verbet &#8221;myt se&#8221; i f\u00f6rsta person singular, presens)<br \/>\n8. D\u011bti *myj\u00ed se* samy. (Anv\u00e4nd r\u00e4tt form av verbet &#8221;myt se&#8221; i tredje person plural, presens)<br \/>\n9. On *myje se* pomalu. (Anv\u00e4nd r\u00e4tt form av verbet &#8221;myt se&#8221; i tredje person singular, presens)<br \/>\n10. Ty *myje\u0161 se* ka\u017ed\u00e9 r\u00e1no a ve\u010der. (Anv\u00e4nd r\u00e4tt form av verbet &#8221;myt se&#8221; i andra person singular, presens)\n<\/div>\n<div class=\"exercise\"><\/div>\n<h3>Reflexiva verb\u00f6vningar: Att anv\u00e4nda sig av verbet &#8221;u\u010dit se&#8221; (att l\u00e4ra sig)<\/h3>\n<div class=\"input_sentences\">\n1. J\u00e1 *u\u010d\u00edm se* nov\u00e1 slova ka\u017ed\u00fd den. (Anv\u00e4nd r\u00e4tt form av verbet &#8221;u\u010dit se&#8221; i f\u00f6rsta person singular, presens)<br \/>\n2. Ty *u\u010d\u00ed\u0161 se* rychle. (Anv\u00e4nd r\u00e4tt form av verbet &#8221;u\u010dit se&#8221; i andra person singular, presens)<br \/>\n3. On *u\u010d\u00ed se* na zkou\u0161ku. (Anv\u00e4nd r\u00e4tt form av verbet &#8221;u\u010dit se&#8221; i tredje person singular, presens)<br \/>\n4. My *u\u010d\u00edme se* spole\u010dn\u011b. (Anv\u00e4nd r\u00e4tt form av verbet &#8221;u\u010dit se&#8221; i f\u00f6rsta person plural, presens)<br \/>\n5. Vy *u\u010d\u00edte se* nov\u00e9 dovednosti. (Anv\u00e4nd r\u00e4tt form av verbet &#8221;u\u010dit se&#8221; i andra person plural, presens)<br \/>\n6. Oni *u\u010d\u00ed se* cel\u00fd t\u00fdden. (Anv\u00e4nd r\u00e4tt form av verbet &#8221;u\u010dit se&#8221; i tredje person plural, presens)<br \/>\n7. J\u00e1 *u\u010d\u00edm se* gramatiku ka\u017ed\u00fd ve\u010der. (Anv\u00e4nd r\u00e4tt form av verbet &#8221;u\u010dit se&#8221; i f\u00f6rsta person singular, presens)<br \/>\n8. Ty *u\u010d\u00ed\u0161 se* dob\u0159e. (Anv\u00e4nd r\u00e4tt form av verbet &#8221;u\u010dit se&#8221; i andra person singular, presens)<br \/>\n9. Ona *u\u010d\u00ed se* nov\u00fdm v\u011bcem. (Anv\u00e4nd r\u00e4tt form av verbet &#8221;u\u010dit se&#8221; i tredje person singular, presens)<br \/>\n10. My *u\u010d\u00edme se* z knihy. (Anv\u00e4nd r\u00e4tt form av verbet &#8221;u\u010dit se&#8221; i f\u00f6rsta person plural, presens)\n<\/div>\n<div class=\"exercise\"><\/div>\n","protected":false},"featured_media":1527970,"parent":0,"menu_order":0,"template":"","exercise_language":[16632,16664],"class_list":["post-1140891","grammar_exercises","type-grammar_exercises","status-publish","has-post-thumbnail","hentry","exercise_language-tjeckiska-ovningar","exercise_language-verb-tjeckisk-grammatik"],"acf":[],"yoast_head":"<!-- This site is optimized with the Yoast SEO Premium plugin v27.2 (Yoast SEO v27.2) - https:\/\/yoast.com\/product\/yoast-seo-premium-wordpress\/ -->\n<title>Reflexiva verb\u00f6vningar f\u00f6r tjeckisk grammatik - Talkpal<\/title>\n<meta name=\"description\" content=\"Reflexiva verb i tjeckiskan anv\u00e4nds n\u00e4r subjektet utf\u00f6r en handling p\u00e5 sig sj\u00e4lv. \u00d6vningarna nedan hj\u00e4lper dig att f\u00f6rst\u00e5 hur dessa verb anv\u00e4nds korrekt i\" \/>\n<meta name=\"robots\" content=\"index, follow, max-snippet:-1, max-image-preview:large, max-video-preview:-1\" \/>\n<link rel=\"canonical\" href=\"https:\/\/talkpal.ai\/sv\/grammar_exercises\/reflexiva-verbovningar-for-tjeckisk-grammatik\/\" \/>\n<meta property=\"og:locale\" content=\"sv_SE\" \/>\n<meta property=\"og:type\" content=\"article\" \/>\n<meta property=\"og:title\" content=\"Reflexiva verb\u00f6vningar f\u00f6r tjeckisk grammatik\" \/>\n<meta property=\"og:description\" content=\"Reflexiva verb i tjeckiskan anv\u00e4nds n\u00e4r subjektet utf\u00f6r en handling p\u00e5 sig sj\u00e4lv. \u00d6vningarna nedan hj\u00e4lper dig att f\u00f6rst\u00e5 hur dessa verb anv\u00e4nds korrekt i\" \/>\n<meta property=\"og:url\" content=\"https:\/\/talkpal.ai\/sv\/grammar_exercises\/reflexiva-verbovningar-for-tjeckisk-grammatik\/\" \/>\n<meta property=\"og:site_name\" content=\"Talkpal\" \/>\n<meta property=\"article:publisher\" content=\"https:\/\/www.facebook.com\/profile.php?id=100090733639311\" \/>\n<meta property=\"og:image\" content=\"https:\/\/talkpal.ai\/wp-content\/uploads\/2025\/02\/Progress-tab-16_9.png\" \/>\n\t<meta property=\"og:image:width\" content=\"2880\" \/>\n\t<meta property=\"og:image:height\" content=\"1620\" \/>\n\t<meta property=\"og:image:type\" content=\"image\/png\" \/>\n<meta name=\"twitter:card\" content=\"summary_large_image\" \/>\n<meta name=\"twitter:site\" content=\"@talkpalai\" \/>\n<meta name=\"twitter:label1\" content=\"Ber\u00e4knad l\u00e4stid\" \/>\n\t<meta name=\"twitter:data1\" content=\"3 minuter\" \/>\n<script type=\"application\/ld+json\" class=\"yoast-schema-graph\">{\"@context\":\"https:\/\/schema.org\",\"@graph\":[{\"@type\":\"WebPage\",\"@id\":\"https:\/\/talkpal.ai\/sv\/grammar_exercises\/reflexiva-verbovningar-for-tjeckisk-grammatik\/\",\"url\":\"https:\/\/talkpal.ai\/sv\/grammar_exercises\/reflexiva-verbovningar-for-tjeckisk-grammatik\/\",\"name\":\"Reflexiva verb\u00f6vningar f\u00f6r tjeckisk grammatik - Talkpal\",\"isPartOf\":{\"@id\":\"https:\/\/talkpal.ai\/sv\/#website\"},\"primaryImageOfPage\":{\"@id\":\"https:\/\/talkpal.ai\/sv\/grammar_exercises\/reflexiva-verbovningar-for-tjeckisk-grammatik\/#primaryimage\"},\"image\":{\"@id\":\"https:\/\/talkpal.ai\/sv\/grammar_exercises\/reflexiva-verbovningar-for-tjeckisk-grammatik\/#primaryimage\"},\"thumbnailUrl\":\"https:\/\/talkpal.ai\/wp-content\/uploads\/2025\/12\/students-sit-outdoors-to-learn-languages.webp\",\"datePublished\":\"2025-07-06T09:40:50+00:00\",\"description\":\"Reflexiva verb i tjeckiskan anv\u00e4nds n\u00e4r subjektet utf\u00f6r en handling p\u00e5 sig sj\u00e4lv. \u00d6vningarna nedan hj\u00e4lper dig att f\u00f6rst\u00e5 hur dessa verb anv\u00e4nds korrekt i\",\"breadcrumb\":{\"@id\":\"https:\/\/talkpal.ai\/sv\/grammar_exercises\/reflexiva-verbovningar-for-tjeckisk-grammatik\/#breadcrumb\"},\"inLanguage\":\"sv-SE\",\"potentialAction\":[{\"@type\":\"ReadAction\",\"target\":[\"https:\/\/talkpal.ai\/sv\/grammar_exercises\/reflexiva-verbovningar-for-tjeckisk-grammatik\/\"]}]},{\"@type\":\"ImageObject\",\"inLanguage\":\"sv-SE\",\"@id\":\"https:\/\/talkpal.ai\/sv\/grammar_exercises\/reflexiva-verbovningar-for-tjeckisk-grammatik\/#primaryimage\",\"url\":\"https:\/\/talkpal.ai\/wp-content\/uploads\/2025\/12\/students-sit-outdoors-to-learn-languages.webp\",\"contentUrl\":\"https:\/\/talkpal.ai\/wp-content\/uploads\/2025\/12\/students-sit-outdoors-to-learn-languages.webp\",\"width\":1200,\"height\":896,\"caption\":\"Two students sit at an outdoor picnic table with a laptop while learning languages on a sunny campus.\"},{\"@type\":\"BreadcrumbList\",\"@id\":\"https:\/\/talkpal.ai\/sv\/grammar_exercises\/reflexiva-verbovningar-for-tjeckisk-grammatik\/#breadcrumb\",\"itemListElement\":[{\"@type\":\"ListItem\",\"position\":1,\"name\":\"Homepage\",\"item\":\"https:\/\/talkpal.ai\/sv\/\"},{\"@type\":\"ListItem\",\"position\":2,\"name\":\"Reflexiva verb\u00f6vningar f\u00f6r tjeckisk grammatik\"}]},{\"@type\":\"WebSite\",\"@id\":\"https:\/\/talkpal.ai\/sv\/#website\",\"url\":\"https:\/\/talkpal.ai\/sv\/\",\"name\":\"Talkpal\",\"description\":\"AI Language Learning\",\"publisher\":{\"@id\":\"https:\/\/talkpal.ai\/sv\/#organization\"},\"alternateName\":\"Talkpal AI\",\"potentialAction\":[{\"@type\":\"SearchAction\",\"target\":{\"@type\":\"EntryPoint\",\"urlTemplate\":\"https:\/\/talkpal.ai\/sv\/?s={search_term_string}\"},\"query-input\":{\"@type\":\"PropertyValueSpecification\",\"valueRequired\":true,\"valueName\":\"search_term_string\"}}],\"inLanguage\":\"sv-SE\"},{\"@type\":\"Organization\",\"@id\":\"https:\/\/talkpal.ai\/sv\/#organization\",\"name\":\"Talkpal, Inc.\",\"alternateName\":\"Talkpal AI\",\"url\":\"https:\/\/talkpal.ai\/sv\/\",\"logo\":{\"@type\":\"ImageObject\",\"inLanguage\":\"sv-SE\",\"@id\":\"https:\/\/talkpal.ai\/sv\/#\/schema\/logo\/image\/\",\"url\":\"https:\/\/talkpal.ai\/wp-content\/uploads\/2024\/03\/Talkpal-Logo-Icon.png\",\"contentUrl\":\"https:\/\/talkpal.ai\/wp-content\/uploads\/2024\/03\/Talkpal-Logo-Icon.png\",\"width\":2880,\"height\":2880,\"caption\":\"Talkpal, Inc.\"},\"image\":{\"@id\":\"https:\/\/talkpal.ai\/sv\/#\/schema\/logo\/image\/\"},\"sameAs\":[\"https:\/\/www.facebook.com\/profile.php?id=100090733639311\",\"https:\/\/x.com\/talkpalai\",\"https:\/\/www.linkedin.com\/company\/talkpal\/\",\"https:\/\/www.youtube.com\/@TalkPal\/\",\"https:\/\/www.tiktok.com\/@talkpal\",\"https:\/\/www.instagram.com\/talkpal_ai\/\",\"https:\/\/www.crunchbase.com\/organization\/talkpal-9cde\",\"https:\/\/www.g2.com\/products\/talkpal-for-business\/\",\"https:\/\/www.trustpilot.com\/review\/talkpal.ai\",\"https:\/\/www.capterra.com\/p\/10006800\/TalkPal\/\"],\"description\":\"Talkpal is a language learning web and mobile education app, powered by the latest AI technologies, that provides engaging experiences to its customers in many different languages to help them improve their language skills. Users can chat about unlimited amount of topics with the app and use other modes to practice their language learning.\",\"email\":\"support@talkpal.ai\",\"legalName\":\"Talkpal, Inc.\",\"foundingDate\":\"2023-04-03\",\"duns\":\"118989042\",\"numberOfEmployees\":{\"@type\":\"QuantitativeValue\",\"minValue\":\"11\",\"maxValue\":\"50\"},\"publishingPrinciples\":\"https:\/\/talkpal.ai\/publishing-principles\/\",\"actionableFeedbackPolicy\":\"https:\/\/talkpal.ai\/actionable-feedback-policy\/\",\"correctionsPolicy\":\"https:\/\/talkpal.ai\/corrections-policy\/\",\"ethicsPolicy\":\"https:\/\/talkpal.ai\/ethics-policy\/\",\"diversityPolicy\":\"https:\/\/talkpal.ai\/diversity-policy\/\",\"diversityStaffingReport\":\"https:\/\/talkpal.ai\/diversity-policy\/\"}]}<\/script>\n<!-- \/ Yoast SEO Premium plugin. -->","yoast_head_json":{"title":"Reflexiva verb\u00f6vningar f\u00f6r tjeckisk grammatik - Talkpal","description":"Reflexiva verb i tjeckiskan anv\u00e4nds n\u00e4r subjektet utf\u00f6r en handling p\u00e5 sig sj\u00e4lv. \u00d6vningarna nedan hj\u00e4lper dig att f\u00f6rst\u00e5 hur dessa verb anv\u00e4nds korrekt i","robots":{"index":"index","follow":"follow","max-snippet":"max-snippet:-1","max-image-preview":"max-image-preview:large","max-video-preview":"max-video-preview:-1"},"canonical":"https:\/\/talkpal.ai\/sv\/grammar_exercises\/reflexiva-verbovningar-for-tjeckisk-grammatik\/","og_locale":"sv_SE","og_type":"article","og_title":"Reflexiva verb\u00f6vningar f\u00f6r tjeckisk grammatik","og_description":"Reflexiva verb i tjeckiskan anv\u00e4nds n\u00e4r subjektet utf\u00f6r en handling p\u00e5 sig sj\u00e4lv. \u00d6vningarna nedan hj\u00e4lper dig att f\u00f6rst\u00e5 hur dessa verb anv\u00e4nds korrekt i","og_url":"https:\/\/talkpal.ai\/sv\/grammar_exercises\/reflexiva-verbovningar-for-tjeckisk-grammatik\/","og_site_name":"Talkpal","article_publisher":"https:\/\/www.facebook.com\/profile.php?id=100090733639311","og_image":[{"width":2880,"height":1620,"url":"https:\/\/talkpal.ai\/wp-content\/uploads\/2025\/02\/Progress-tab-16_9.png","type":"image\/png"}],"twitter_card":"summary_large_image","twitter_site":"@talkpalai","twitter_misc":{"Ber\u00e4knad l\u00e4stid":"3 minuter"},"schema":{"@context":"https:\/\/schema.org","@graph":[{"@type":"WebPage","@id":"https:\/\/talkpal.ai\/sv\/grammar_exercises\/reflexiva-verbovningar-for-tjeckisk-grammatik\/","url":"https:\/\/talkpal.ai\/sv\/grammar_exercises\/reflexiva-verbovningar-for-tjeckisk-grammatik\/","name":"Reflexiva verb\u00f6vningar f\u00f6r tjeckisk grammatik - Talkpal","isPartOf":{"@id":"https:\/\/talkpal.ai\/sv\/#website"},"primaryImageOfPage":{"@id":"https:\/\/talkpal.ai\/sv\/grammar_exercises\/reflexiva-verbovningar-for-tjeckisk-grammatik\/#primaryimage"},"image":{"@id":"https:\/\/talkpal.ai\/sv\/grammar_exercises\/reflexiva-verbovningar-for-tjeckisk-grammatik\/#primaryimage"},"thumbnailUrl":"https:\/\/talkpal.ai\/wp-content\/uploads\/2025\/12\/students-sit-outdoors-to-learn-languages.webp","datePublished":"2025-07-06T09:40:50+00:00","description":"Reflexiva verb i tjeckiskan anv\u00e4nds n\u00e4r subjektet utf\u00f6r en handling p\u00e5 sig sj\u00e4lv. \u00d6vningarna nedan hj\u00e4lper dig att f\u00f6rst\u00e5 hur dessa verb anv\u00e4nds korrekt i","breadcrumb":{"@id":"https:\/\/talkpal.ai\/sv\/grammar_exercises\/reflexiva-verbovningar-for-tjeckisk-grammatik\/#breadcrumb"},"inLanguage":"sv-SE","potentialAction":[{"@type":"ReadAction","target":["https:\/\/talkpal.ai\/sv\/grammar_exercises\/reflexiva-verbovningar-for-tjeckisk-grammatik\/"]}]},{"@type":"ImageObject","inLanguage":"sv-SE","@id":"https:\/\/talkpal.ai\/sv\/grammar_exercises\/reflexiva-verbovningar-for-tjeckisk-grammatik\/#primaryimage","url":"https:\/\/talkpal.ai\/wp-content\/uploads\/2025\/12\/students-sit-outdoors-to-learn-languages.webp","contentUrl":"https:\/\/talkpal.ai\/wp-content\/uploads\/2025\/12\/students-sit-outdoors-to-learn-languages.webp","width":1200,"height":896,"caption":"Two students sit at an outdoor picnic table with a laptop while learning languages on a sunny campus."},{"@type":"BreadcrumbList","@id":"https:\/\/talkpal.ai\/sv\/grammar_exercises\/reflexiva-verbovningar-for-tjeckisk-grammatik\/#breadcrumb","itemListElement":[{"@type":"ListItem","position":1,"name":"Homepage","item":"https:\/\/talkpal.ai\/sv\/"},{"@type":"ListItem","position":2,"name":"Reflexiva verb\u00f6vningar f\u00f6r tjeckisk grammatik"}]},{"@type":"WebSite","@id":"https:\/\/talkpal.ai\/sv\/#website","url":"https:\/\/talkpal.ai\/sv\/","name":"Talkpal","description":"AI Language Learning","publisher":{"@id":"https:\/\/talkpal.ai\/sv\/#organization"},"alternateName":"Talkpal AI","potentialAction":[{"@type":"SearchAction","target":{"@type":"EntryPoint","urlTemplate":"https:\/\/talkpal.ai\/sv\/?s={search_term_string}"},"query-input":{"@type":"PropertyValueSpecification","valueRequired":true,"valueName":"search_term_string"}}],"inLanguage":"sv-SE"},{"@type":"Organization","@id":"https:\/\/talkpal.ai\/sv\/#organization","name":"Talkpal, Inc.","alternateName":"Talkpal AI","url":"https:\/\/talkpal.ai\/sv\/","logo":{"@type":"ImageObject","inLanguage":"sv-SE","@id":"https:\/\/talkpal.ai\/sv\/#\/schema\/logo\/image\/","url":"https:\/\/talkpal.ai\/wp-content\/uploads\/2024\/03\/Talkpal-Logo-Icon.png","contentUrl":"https:\/\/talkpal.ai\/wp-content\/uploads\/2024\/03\/Talkpal-Logo-Icon.png","width":2880,"height":2880,"caption":"Talkpal, Inc."},"image":{"@id":"https:\/\/talkpal.ai\/sv\/#\/schema\/logo\/image\/"},"sameAs":["https:\/\/www.facebook.com\/profile.php?id=100090733639311","https:\/\/x.com\/talkpalai","https:\/\/www.linkedin.com\/company\/talkpal\/","https:\/\/www.youtube.com\/@TalkPal\/","https:\/\/www.tiktok.com\/@talkpal","https:\/\/www.instagram.com\/talkpal_ai\/","https:\/\/www.crunchbase.com\/organization\/talkpal-9cde","https:\/\/www.g2.com\/products\/talkpal-for-business\/","https:\/\/www.trustpilot.com\/review\/talkpal.ai","https:\/\/www.capterra.com\/p\/10006800\/TalkPal\/"],"description":"Talkpal is a language learning web and mobile education app, powered by the latest AI technologies, that provides engaging experiences to its customers in many different languages to help them improve their language skills. Users can chat about unlimited amount of topics with the app and use other modes to practice their language learning.","email":"support@talkpal.ai","legalName":"Talkpal, Inc.","foundingDate":"2023-04-03","duns":"118989042","numberOfEmployees":{"@type":"QuantitativeValue","minValue":"11","maxValue":"50"},"publishingPrinciples":"https:\/\/talkpal.ai\/publishing-principles\/","actionableFeedbackPolicy":"https:\/\/talkpal.ai\/actionable-feedback-policy\/","correctionsPolicy":"https:\/\/talkpal.ai\/corrections-policy\/","ethicsPolicy":"https:\/\/talkpal.ai\/ethics-policy\/","diversityPolicy":"https:\/\/talkpal.ai\/diversity-policy\/","diversityStaffingReport":"https:\/\/talkpal.ai\/diversity-policy\/"}]}},"_links":{"self":[{"href":"https:\/\/talkpal.ai\/sv\/wp-json\/wp\/v2\/grammar_exercises\/1140891","targetHints":{"allow":["GET"]}}],"collection":[{"href":"https:\/\/talkpal.ai\/sv\/wp-json\/wp\/v2\/grammar_exercises"}],"about":[{"href":"https:\/\/talkpal.ai\/sv\/wp-json\/wp\/v2\/types\/grammar_exercises"}],"wp:featuredmedia":[{"embeddable":true,"href":"https:\/\/talkpal.ai\/sv\/wp-json\/wp\/v2\/media\/1527970"}],"wp:attachment":[{"href":"https:\/\/talkpal.ai\/sv\/wp-json\/wp\/v2\/media?parent=1140891"}],"wp:term":[{"taxonomy":"exercise_language","embeddable":true,"href":"https:\/\/talkpal.ai\/sv\/wp-json\/wp\/v2\/exercise_language?post=1140891"}],"curies":[{"name":"wp","href":"https:\/\/api.w.org\/{rel}","templated":true}]}}