{"id":1140784,"date":"2025-07-06T09:39:07","date_gmt":"2025-07-06T09:39:07","guid":{"rendered":"https:\/\/talkpal.ai\/grammar_exercises\/adverbplacering-ovningar-for-katalansk-grammatik\/"},"modified":"2025-07-06T09:39:07","modified_gmt":"2025-07-06T09:39:07","slug":"adverbplacering-ovningar-for-katalansk-grammatik","status":"publish","type":"grammar_exercises","link":"https:\/\/talkpal.ai\/sv\/grammar_exercises\/adverbplacering-ovningar-for-katalansk-grammatik\/","title":{"rendered":"Adverbplacering \u00d6vningar f\u00f6r katalansk grammatik"},"content":{"rendered":"<p>Adverbplacering i katalanskan \u00e4r viktigt f\u00f6r att uttrycka tid, s\u00e4tt, frekvens och andra omst\u00e4ndigheter korrekt. I dessa \u00f6vningar f\u00e5r du tr\u00e4na p\u00e5 att placera adverben p\u00e5 r\u00e4tt plats i meningen f\u00f6r att f\u00f6rb\u00e4ttra din f\u00f6rst\u00e5else av <a href=\"https:\/\/talkpal.ai\/sv\/grammar\/kon-i-katalansk-grammatik\/\">katalansk grammatik<\/a>.<\/p>\n<h3>Adverbplacering i presens och perfekt<\/h3>\n<div class=\"input_sentences\">\n1. Jo *mai* menjo carn. (Hint: &#8217;mai&#8217; betyder &#8217;aldrig&#8217; och placeras f\u00f6re verbet i presens.)<br \/>\n2. Ella ha *sempre* estudiat molt. (Hint: &#8217;sempre&#8217; betyder &#8217;alltid&#8217; och placeras mellan hj\u00e4lpverb och huvudverb i perfekt.)<br \/>\n3. Nosaltres *normalment* anem al cinema els divendres. (Hint: &#8217;normalment&#8217; betyder &#8217;vanligtvis&#8217; och placeras f\u00f6re huvudverbet.)<br \/>\n4. Tu no *mai* has arribat tard. (Hint: &#8217;mai&#8217; betyder &#8217;aldrig&#8217; och placeras mellan hj\u00e4lpverb och huvudverb i perfekt.)<br \/>\n5. Ell *sobretot* <a href=\"https:\/\/talkpal.ai\/locations\/language-courses-in-parla\/\">parla<\/a> <a href=\"https:\/\/talkpal.ai\/learn-catalan\/\">catal\u00e0<\/a> a casa. (Hint: &#8217;sobretot&#8217; betyder &#8217;framf\u00f6r allt&#8217; och placeras f\u00f6re verbet.)<br \/>\n6. Vosaltres heu *ja* acabat la feina? (Hint: &#8217;ja&#8217; betyder &#8217;redan&#8217; och placeras mellan hj\u00e4lpverb och huvudverb.)<br \/>\n7. Jo *de vegades* camino pel parc. (Hint: &#8217;de vegades&#8217; betyder &#8217;ibland&#8217; och placeras f\u00f6re verbet.)<br \/>\n8. Ells no han *encara* arribat. (Hint: &#8217;encara&#8217; betyder &#8217;\u00e4nnu&#8217; och placeras mellan hj\u00e4lpverb och huvudverb.)<br \/>\n9. Nosaltres *rara vegada* veiem aquell programa. (Hint: &#8217;rara vegada&#8217; betyder &#8217;s\u00e4llan&#8217; och placeras f\u00f6re verbet.)<br \/>\n10. Tu *molt* b\u00e9 toques la guitarra. (Hint: &#8217;molt&#8217; betyder &#8217;mycket&#8217; och placeras f\u00f6re adjektivet eller adverbet.)\n<\/div>\n<div class=\"exercise\"><\/div>\n<h3>Adverbplacering med modala och tidsadverb<\/h3>\n<div class=\"input_sentences\">\n1. Jo *ara* comen\u00e7o a estudiar. (Hint: &#8217;ara&#8217; betyder &#8217;nu&#8217; och placeras vanligtvis i b\u00f6rjan av meningen.)<br \/>\n2. Ells *sempre* arriben a <a href=\"https:\/\/talkpal.ai\/zh-hans\/grammar_exercises\/temps-%e6%b3%95%e8%af%ad%e8%af%ad%e6%b3%95%e7%bb%83%e4%b9%a0\/\">temps<\/a>. (Hint: &#8217;sempre&#8217; betyder &#8217;alltid&#8217; och placeras f\u00f6re verbet i presens.)<br \/>\n3. Tu *potser* vindr\u00e0s dem\u00e0. (Hint: &#8217;potser&#8217; betyder &#8217;kanske&#8217; och placeras f\u00f6re verbet.)<br \/>\n4. Nosaltres *avui* tenim una reuni\u00f3 important. (Hint: &#8217;avui&#8217; betyder &#8217;idag&#8217; och placeras i b\u00f6rjan eller f\u00f6re verbet.)<br \/>\n5. Vosaltres *de vegades* mengeu <a href=\"https:\/\/talkpal.ai\/locations\/language-courses-in-massa\/\">massa<\/a> r\u00e0pid. (Hint: &#8217;de vegades&#8217; betyder &#8217;ibland&#8217; och placeras f\u00f6re verbet.)<br \/>\n6. Jo *mai* no he estat a Fran\u00e7a. (Hint: &#8217;mai&#8217; betyder &#8217;aldrig&#8217; och placeras f\u00f6re negationen och hj\u00e4lpverb i perfekt.)<br \/>\n7. Ell *sempre* est\u00e0 content. (Hint: &#8217;sempre&#8217; betyder &#8217;alltid&#8217; och placeras f\u00f6re verbet.)<br \/>\n8. Tu *ja* has vist aquella pel\u00b7l\u00edcula? (Hint: &#8217;ja&#8217; betyder &#8217;redan&#8217; och placeras mellan hj\u00e4lpverb och huvudverb.)<br \/>\n9. Ells *encara* no han acabat. (Hint: &#8217;encara&#8217; betyder &#8217;\u00e4nnu&#8217; och placeras mellan hj\u00e4lpverb och huvudverb.)<br \/>\n10. Nosaltres *molt* sovint anem a la platja. (Hint: &#8217;molt sovint&#8217; betyder &#8217;mycket ofta&#8217; och placeras f\u00f6re verbet.)\n<\/div>\n<div class=\"exercise\"><\/div>\n","protected":false},"featured_media":1528000,"parent":0,"menu_order":0,"template":"","exercise_language":[16605,16587],"class_list":["post-1140784","grammar_exercises","type-grammar_exercises","status-publish","has-post-thumbnail","hentry","exercise_language-adverb-katalansk-grammatik","exercise_language-katalanska"],"acf":[],"yoast_head":"<!-- This site is optimized with the Yoast SEO Premium plugin v27.2 (Yoast SEO v27.2) - https:\/\/yoast.com\/product\/yoast-seo-premium-wordpress\/ -->\n<title>Adverbplacering \u00d6vningar f\u00f6r katalansk grammatik - Talkpal<\/title>\n<meta name=\"description\" content=\"Adverbplacering i katalanskan \u00e4r viktigt f\u00f6r att uttrycka tid, s\u00e4tt, frekvens och andra omst\u00e4ndigheter korrekt. I dessa \u00f6vningar f\u00e5r du tr\u00e4na p\u00e5 att\" \/>\n<meta name=\"robots\" content=\"index, follow, max-snippet:-1, max-image-preview:large, max-video-preview:-1\" \/>\n<link rel=\"canonical\" href=\"https:\/\/talkpal.ai\/sv\/grammar_exercises\/adverbplacering-ovningar-for-katalansk-grammatik\/\" \/>\n<meta property=\"og:locale\" content=\"sv_SE\" \/>\n<meta property=\"og:type\" content=\"article\" \/>\n<meta property=\"og:title\" content=\"Adverbplacering \u00d6vningar f\u00f6r katalansk grammatik\" \/>\n<meta property=\"og:description\" content=\"Adverbplacering i katalanskan \u00e4r viktigt f\u00f6r att uttrycka tid, s\u00e4tt, frekvens och andra omst\u00e4ndigheter korrekt. I dessa \u00f6vningar f\u00e5r du tr\u00e4na p\u00e5 att\" \/>\n<meta property=\"og:url\" content=\"https:\/\/talkpal.ai\/sv\/grammar_exercises\/adverbplacering-ovningar-for-katalansk-grammatik\/\" \/>\n<meta property=\"og:site_name\" content=\"Talkpal\" \/>\n<meta property=\"article:publisher\" content=\"https:\/\/www.facebook.com\/profile.php?id=100090733639311\" \/>\n<meta property=\"og:image\" content=\"https:\/\/talkpal.ai\/wp-content\/uploads\/2025\/02\/Progress-tab-16_9.png\" \/>\n\t<meta property=\"og:image:width\" content=\"2880\" \/>\n\t<meta property=\"og:image:height\" content=\"1620\" \/>\n\t<meta property=\"og:image:type\" content=\"image\/png\" \/>\n<meta name=\"twitter:card\" content=\"summary_large_image\" \/>\n<meta name=\"twitter:site\" content=\"@talkpalai\" \/>\n<meta name=\"twitter:label1\" content=\"Ber\u00e4knad l\u00e4stid\" \/>\n\t<meta name=\"twitter:data1\" content=\"2 minuter\" \/>\n<script type=\"application\/ld+json\" class=\"yoast-schema-graph\">{\"@context\":\"https:\/\/schema.org\",\"@graph\":[{\"@type\":\"WebPage\",\"@id\":\"https:\/\/talkpal.ai\/sv\/grammar_exercises\/adverbplacering-ovningar-for-katalansk-grammatik\/\",\"url\":\"https:\/\/talkpal.ai\/sv\/grammar_exercises\/adverbplacering-ovningar-for-katalansk-grammatik\/\",\"name\":\"Adverbplacering \u00d6vningar f\u00f6r katalansk grammatik - Talkpal\",\"isPartOf\":{\"@id\":\"https:\/\/talkpal.ai\/sv\/#website\"},\"primaryImageOfPage\":{\"@id\":\"https:\/\/talkpal.ai\/sv\/grammar_exercises\/adverbplacering-ovningar-for-katalansk-grammatik\/#primaryimage\"},\"image\":{\"@id\":\"https:\/\/talkpal.ai\/sv\/grammar_exercises\/adverbplacering-ovningar-for-katalansk-grammatik\/#primaryimage\"},\"thumbnailUrl\":\"https:\/\/talkpal.ai\/wp-content\/uploads\/2025\/12\/students-view-screens-to-learn-languages.webp\",\"datePublished\":\"2025-07-06T09:39:07+00:00\",\"description\":\"Adverbplacering i katalanskan \u00e4r viktigt f\u00f6r att uttrycka tid, s\u00e4tt, frekvens och andra omst\u00e4ndigheter korrekt. I dessa \u00f6vningar f\u00e5r du tr\u00e4na p\u00e5 att\",\"breadcrumb\":{\"@id\":\"https:\/\/talkpal.ai\/sv\/grammar_exercises\/adverbplacering-ovningar-for-katalansk-grammatik\/#breadcrumb\"},\"inLanguage\":\"sv-SE\",\"potentialAction\":[{\"@type\":\"ReadAction\",\"target\":[\"https:\/\/talkpal.ai\/sv\/grammar_exercises\/adverbplacering-ovningar-for-katalansk-grammatik\/\"]}]},{\"@type\":\"ImageObject\",\"inLanguage\":\"sv-SE\",\"@id\":\"https:\/\/talkpal.ai\/sv\/grammar_exercises\/adverbplacering-ovningar-for-katalansk-grammatik\/#primaryimage\",\"url\":\"https:\/\/talkpal.ai\/wp-content\/uploads\/2025\/12\/students-view-screens-to-learn-languages.webp\",\"contentUrl\":\"https:\/\/talkpal.ai\/wp-content\/uploads\/2025\/12\/students-view-screens-to-learn-languages.webp\",\"width\":1200,\"height\":896,\"caption\":\"Two students look with surprise at their laptop screens while learning languages in a library.\"},{\"@type\":\"BreadcrumbList\",\"@id\":\"https:\/\/talkpal.ai\/sv\/grammar_exercises\/adverbplacering-ovningar-for-katalansk-grammatik\/#breadcrumb\",\"itemListElement\":[{\"@type\":\"ListItem\",\"position\":1,\"name\":\"Homepage\",\"item\":\"https:\/\/talkpal.ai\/sv\/\"},{\"@type\":\"ListItem\",\"position\":2,\"name\":\"Adverbplacering \u00d6vningar f\u00f6r katalansk grammatik\"}]},{\"@type\":\"WebSite\",\"@id\":\"https:\/\/talkpal.ai\/sv\/#website\",\"url\":\"https:\/\/talkpal.ai\/sv\/\",\"name\":\"Talkpal\",\"description\":\"AI Language Learning\",\"publisher\":{\"@id\":\"https:\/\/talkpal.ai\/sv\/#organization\"},\"alternateName\":\"Talkpal AI\",\"potentialAction\":[{\"@type\":\"SearchAction\",\"target\":{\"@type\":\"EntryPoint\",\"urlTemplate\":\"https:\/\/talkpal.ai\/sv\/?s={search_term_string}\"},\"query-input\":{\"@type\":\"PropertyValueSpecification\",\"valueRequired\":true,\"valueName\":\"search_term_string\"}}],\"inLanguage\":\"sv-SE\"},{\"@type\":\"Organization\",\"@id\":\"https:\/\/talkpal.ai\/sv\/#organization\",\"name\":\"Talkpal, Inc.\",\"alternateName\":\"Talkpal AI\",\"url\":\"https:\/\/talkpal.ai\/sv\/\",\"logo\":{\"@type\":\"ImageObject\",\"inLanguage\":\"sv-SE\",\"@id\":\"https:\/\/talkpal.ai\/sv\/#\/schema\/logo\/image\/\",\"url\":\"https:\/\/talkpal.ai\/wp-content\/uploads\/2024\/03\/Talkpal-Logo-Icon.png\",\"contentUrl\":\"https:\/\/talkpal.ai\/wp-content\/uploads\/2024\/03\/Talkpal-Logo-Icon.png\",\"width\":2880,\"height\":2880,\"caption\":\"Talkpal, Inc.\"},\"image\":{\"@id\":\"https:\/\/talkpal.ai\/sv\/#\/schema\/logo\/image\/\"},\"sameAs\":[\"https:\/\/www.facebook.com\/profile.php?id=100090733639311\",\"https:\/\/x.com\/talkpalai\",\"https:\/\/www.linkedin.com\/company\/talkpal\/\",\"https:\/\/www.youtube.com\/@TalkPal\/\",\"https:\/\/www.tiktok.com\/@talkpal\",\"https:\/\/www.instagram.com\/talkpal_ai\/\",\"https:\/\/www.crunchbase.com\/organization\/talkpal-9cde\",\"https:\/\/www.g2.com\/products\/talkpal-for-business\/\",\"https:\/\/www.trustpilot.com\/review\/talkpal.ai\",\"https:\/\/www.capterra.com\/p\/10006800\/TalkPal\/\"],\"description\":\"Talkpal is a language learning web and mobile education app, powered by the latest AI technologies, that provides engaging experiences to its customers in many different languages to help them improve their language skills. Users can chat about unlimited amount of topics with the app and use other modes to practice their language learning.\",\"email\":\"support@talkpal.ai\",\"legalName\":\"Talkpal, Inc.\",\"foundingDate\":\"2023-04-03\",\"duns\":\"118989042\",\"numberOfEmployees\":{\"@type\":\"QuantitativeValue\",\"minValue\":\"11\",\"maxValue\":\"50\"},\"publishingPrinciples\":\"https:\/\/talkpal.ai\/publishing-principles\/\",\"actionableFeedbackPolicy\":\"https:\/\/talkpal.ai\/actionable-feedback-policy\/\",\"correctionsPolicy\":\"https:\/\/talkpal.ai\/corrections-policy\/\",\"ethicsPolicy\":\"https:\/\/talkpal.ai\/ethics-policy\/\",\"diversityPolicy\":\"https:\/\/talkpal.ai\/diversity-policy\/\",\"diversityStaffingReport\":\"https:\/\/talkpal.ai\/diversity-policy\/\"}]}<\/script>\n<!-- \/ Yoast SEO Premium plugin. -->","yoast_head_json":{"title":"Adverbplacering \u00d6vningar f\u00f6r katalansk grammatik - Talkpal","description":"Adverbplacering i katalanskan \u00e4r viktigt f\u00f6r att uttrycka tid, s\u00e4tt, frekvens och andra omst\u00e4ndigheter korrekt. I dessa \u00f6vningar f\u00e5r du tr\u00e4na p\u00e5 att","robots":{"index":"index","follow":"follow","max-snippet":"max-snippet:-1","max-image-preview":"max-image-preview:large","max-video-preview":"max-video-preview:-1"},"canonical":"https:\/\/talkpal.ai\/sv\/grammar_exercises\/adverbplacering-ovningar-for-katalansk-grammatik\/","og_locale":"sv_SE","og_type":"article","og_title":"Adverbplacering \u00d6vningar f\u00f6r katalansk grammatik","og_description":"Adverbplacering i katalanskan \u00e4r viktigt f\u00f6r att uttrycka tid, s\u00e4tt, frekvens och andra omst\u00e4ndigheter korrekt. I dessa \u00f6vningar f\u00e5r du tr\u00e4na p\u00e5 att","og_url":"https:\/\/talkpal.ai\/sv\/grammar_exercises\/adverbplacering-ovningar-for-katalansk-grammatik\/","og_site_name":"Talkpal","article_publisher":"https:\/\/www.facebook.com\/profile.php?id=100090733639311","og_image":[{"width":2880,"height":1620,"url":"https:\/\/talkpal.ai\/wp-content\/uploads\/2025\/02\/Progress-tab-16_9.png","type":"image\/png"}],"twitter_card":"summary_large_image","twitter_site":"@talkpalai","twitter_misc":{"Ber\u00e4knad l\u00e4stid":"2 minuter"},"schema":{"@context":"https:\/\/schema.org","@graph":[{"@type":"WebPage","@id":"https:\/\/talkpal.ai\/sv\/grammar_exercises\/adverbplacering-ovningar-for-katalansk-grammatik\/","url":"https:\/\/talkpal.ai\/sv\/grammar_exercises\/adverbplacering-ovningar-for-katalansk-grammatik\/","name":"Adverbplacering \u00d6vningar f\u00f6r katalansk grammatik - Talkpal","isPartOf":{"@id":"https:\/\/talkpal.ai\/sv\/#website"},"primaryImageOfPage":{"@id":"https:\/\/talkpal.ai\/sv\/grammar_exercises\/adverbplacering-ovningar-for-katalansk-grammatik\/#primaryimage"},"image":{"@id":"https:\/\/talkpal.ai\/sv\/grammar_exercises\/adverbplacering-ovningar-for-katalansk-grammatik\/#primaryimage"},"thumbnailUrl":"https:\/\/talkpal.ai\/wp-content\/uploads\/2025\/12\/students-view-screens-to-learn-languages.webp","datePublished":"2025-07-06T09:39:07+00:00","description":"Adverbplacering i katalanskan \u00e4r viktigt f\u00f6r att uttrycka tid, s\u00e4tt, frekvens och andra omst\u00e4ndigheter korrekt. I dessa \u00f6vningar f\u00e5r du tr\u00e4na p\u00e5 att","breadcrumb":{"@id":"https:\/\/talkpal.ai\/sv\/grammar_exercises\/adverbplacering-ovningar-for-katalansk-grammatik\/#breadcrumb"},"inLanguage":"sv-SE","potentialAction":[{"@type":"ReadAction","target":["https:\/\/talkpal.ai\/sv\/grammar_exercises\/adverbplacering-ovningar-for-katalansk-grammatik\/"]}]},{"@type":"ImageObject","inLanguage":"sv-SE","@id":"https:\/\/talkpal.ai\/sv\/grammar_exercises\/adverbplacering-ovningar-for-katalansk-grammatik\/#primaryimage","url":"https:\/\/talkpal.ai\/wp-content\/uploads\/2025\/12\/students-view-screens-to-learn-languages.webp","contentUrl":"https:\/\/talkpal.ai\/wp-content\/uploads\/2025\/12\/students-view-screens-to-learn-languages.webp","width":1200,"height":896,"caption":"Two students look with surprise at their laptop screens while learning languages in a library."},{"@type":"BreadcrumbList","@id":"https:\/\/talkpal.ai\/sv\/grammar_exercises\/adverbplacering-ovningar-for-katalansk-grammatik\/#breadcrumb","itemListElement":[{"@type":"ListItem","position":1,"name":"Homepage","item":"https:\/\/talkpal.ai\/sv\/"},{"@type":"ListItem","position":2,"name":"Adverbplacering \u00d6vningar f\u00f6r katalansk grammatik"}]},{"@type":"WebSite","@id":"https:\/\/talkpal.ai\/sv\/#website","url":"https:\/\/talkpal.ai\/sv\/","name":"Talkpal","description":"AI Language Learning","publisher":{"@id":"https:\/\/talkpal.ai\/sv\/#organization"},"alternateName":"Talkpal AI","potentialAction":[{"@type":"SearchAction","target":{"@type":"EntryPoint","urlTemplate":"https:\/\/talkpal.ai\/sv\/?s={search_term_string}"},"query-input":{"@type":"PropertyValueSpecification","valueRequired":true,"valueName":"search_term_string"}}],"inLanguage":"sv-SE"},{"@type":"Organization","@id":"https:\/\/talkpal.ai\/sv\/#organization","name":"Talkpal, Inc.","alternateName":"Talkpal AI","url":"https:\/\/talkpal.ai\/sv\/","logo":{"@type":"ImageObject","inLanguage":"sv-SE","@id":"https:\/\/talkpal.ai\/sv\/#\/schema\/logo\/image\/","url":"https:\/\/talkpal.ai\/wp-content\/uploads\/2024\/03\/Talkpal-Logo-Icon.png","contentUrl":"https:\/\/talkpal.ai\/wp-content\/uploads\/2024\/03\/Talkpal-Logo-Icon.png","width":2880,"height":2880,"caption":"Talkpal, Inc."},"image":{"@id":"https:\/\/talkpal.ai\/sv\/#\/schema\/logo\/image\/"},"sameAs":["https:\/\/www.facebook.com\/profile.php?id=100090733639311","https:\/\/x.com\/talkpalai","https:\/\/www.linkedin.com\/company\/talkpal\/","https:\/\/www.youtube.com\/@TalkPal\/","https:\/\/www.tiktok.com\/@talkpal","https:\/\/www.instagram.com\/talkpal_ai\/","https:\/\/www.crunchbase.com\/organization\/talkpal-9cde","https:\/\/www.g2.com\/products\/talkpal-for-business\/","https:\/\/www.trustpilot.com\/review\/talkpal.ai","https:\/\/www.capterra.com\/p\/10006800\/TalkPal\/"],"description":"Talkpal is a language learning web and mobile education app, powered by the latest AI technologies, that provides engaging experiences to its customers in many different languages to help them improve their language skills. Users can chat about unlimited amount of topics with the app and use other modes to practice their language learning.","email":"support@talkpal.ai","legalName":"Talkpal, Inc.","foundingDate":"2023-04-03","duns":"118989042","numberOfEmployees":{"@type":"QuantitativeValue","minValue":"11","maxValue":"50"},"publishingPrinciples":"https:\/\/talkpal.ai\/publishing-principles\/","actionableFeedbackPolicy":"https:\/\/talkpal.ai\/actionable-feedback-policy\/","correctionsPolicy":"https:\/\/talkpal.ai\/corrections-policy\/","ethicsPolicy":"https:\/\/talkpal.ai\/ethics-policy\/","diversityPolicy":"https:\/\/talkpal.ai\/diversity-policy\/","diversityStaffingReport":"https:\/\/talkpal.ai\/diversity-policy\/"}]}},"_links":{"self":[{"href":"https:\/\/talkpal.ai\/sv\/wp-json\/wp\/v2\/grammar_exercises\/1140784","targetHints":{"allow":["GET"]}}],"collection":[{"href":"https:\/\/talkpal.ai\/sv\/wp-json\/wp\/v2\/grammar_exercises"}],"about":[{"href":"https:\/\/talkpal.ai\/sv\/wp-json\/wp\/v2\/types\/grammar_exercises"}],"wp:featuredmedia":[{"embeddable":true,"href":"https:\/\/talkpal.ai\/sv\/wp-json\/wp\/v2\/media\/1528000"}],"wp:attachment":[{"href":"https:\/\/talkpal.ai\/sv\/wp-json\/wp\/v2\/media?parent=1140784"}],"wp:term":[{"taxonomy":"exercise_language","embeddable":true,"href":"https:\/\/talkpal.ai\/sv\/wp-json\/wp\/v2\/exercise_language?post=1140784"}],"curies":[{"name":"wp","href":"https:\/\/api.w.org\/{rel}","templated":true}]}}