{"id":1140765,"date":"2025-07-06T09:38:45","date_gmt":"2025-07-06T09:38:45","guid":{"rendered":"https:\/\/talkpal.ai\/grammar_exercises\/ordinaladjektiv-ovningar-for-katalansk-grammatik\/"},"modified":"2025-07-06T09:38:45","modified_gmt":"2025-07-06T09:38:45","slug":"ordinaladjektiv-ovningar-for-katalansk-grammatik","status":"publish","type":"grammar_exercises","link":"https:\/\/talkpal.ai\/sv\/grammar_exercises\/ordinaladjektiv-ovningar-for-katalansk-grammatik\/","title":{"rendered":"Ordinaladjektiv \u00d6vningar f\u00f6r katalansk grammatik"},"content":{"rendered":"<p>Ordinaladjektiv anv\u00e4nds f\u00f6r att beskriva ordningen p\u00e5 saker eller personer i en serie, till exempel f\u00f6rsta, andra eller tredje. I <a href=\"https:\/\/talkpal.ai\/sv\/grammar\/kon-i-katalansk-grammatik\/\">katalansk grammatik<\/a> b\u00f6js ordinaladjektiv efter genus och numerus, och det \u00e4r viktigt att anv\u00e4nda r\u00e4tt form beroende p\u00e5 substantivet de beskriver. \u00d6vningarna nedan hj\u00e4lper dig att tr\u00e4na p\u00e5 att anv\u00e4nda ordinaladjektiv korrekt i olika sammanhang.<\/p>\n<h3>\u00d6vning 1: Identifiera r\u00e4tt ordinaladjektiv i meningarna<\/h3>\n<div class=\"input_sentences\">\n1. La meva *primera* casa \u00e9s molt gran. (Anv\u00e4nd ordet f\u00f6r &#8221;f\u00f6rsta&#8221; i feminin form)<br \/>\n2. El seu *tercer* llibre va ser molt popular. (Anv\u00e4nd ordet f\u00f6r &#8221;tredje&#8221; i maskulin form)<br \/>\n3. Vam arribar en la *segona* posici\u00f3 a la cursa. (Anv\u00e4nd ordet f\u00f6r &#8221;andra&#8221; i feminin form)<br \/>\n4. Aquesta \u00e9s la *cinquena* vegada que ho intento. (Anv\u00e4nd ordet f\u00f6r &#8221;femte&#8221; i feminin form)<br \/>\n5. El *quart* dia de la setmana \u00e9s dijous. (Anv\u00e4nd ordet f\u00f6r &#8221;fj\u00e4rde&#8221; i maskulin form)<br \/>\n6. La *setena* p\u00e0gina del llibre \u00e9s interessant. (Anv\u00e4nd ordet f\u00f6r &#8221;sjunde&#8221; i feminin form)<br \/>\n7. El meu germ\u00e0 \u00e9s el *segon* fill de la fam\u00edlia. (Anv\u00e4nd ordet f\u00f6r &#8221;andra&#8221; i maskulin form)<br \/>\n8. La *desena* setmana de l\u2019any \u00e9s a mar\u00e7. (Anv\u00e4nd ordet f\u00f6r &#8221;tionde&#8221; i feminin form)<br \/>\n9. El *vuit\u00e8* cap\u00edtol explica la hist\u00f2ria. (Anv\u00e4nd ordet f\u00f6r &#8221;\u00e5ttonde&#8221; i maskulin form)<br \/>\n10. Aquesta \u00e9s la *sisena* vegada que visito <a href=\"https:\/\/talkpal.ai\/locations\/language-courses-in-barcelona\/\">Barcelona<\/a>. (Anv\u00e4nd ordet f\u00f6r &#8221;sj\u00e4tte&#8221; i feminin form)\n<\/div>\n<div class=\"exercise\"><\/div>\n<h3>\u00d6vning 2: Fyll i med r\u00e4tt ordinaladjektiv i korrekt form<\/h3>\n<div class=\"input_sentences\">\n1. Avui \u00e9s el *primer* dia de classe. (Anv\u00e4nd ordet f\u00f6r &#8221;f\u00f6rsta&#8221; i maskulin form)<br \/>\n2. El *tercer* pis t\u00e9 una <a href=\"https:\/\/talkpal.ai\/locations\/language-courses-in-vista\/\">vista<\/a> espectacular. (Anv\u00e4nd ordet f\u00f6r &#8221;tredje&#8221; i maskulin form)<br \/>\n3. La *quarta* setmana de juliol fa molta calor. (Anv\u00e4nd ordet f\u00f6r &#8221;fj\u00e4rde&#8221; i feminin form)<br \/>\n4. El meu cotxe \u00e9s el *cinqu\u00e8* de la fila. (Anv\u00e4nd ordet f\u00f6r &#8221;femte&#8221; i maskulin form)<br \/>\n5. Aquesta \u00e9s la *segona* vegada que veig aquesta pel\u00b7l\u00edcula. (Anv\u00e4nd ordet f\u00f6r &#8221;andra&#8221; i feminin form)<br \/>\n6. El *set\u00e8* jugador va marcar un gol. (Anv\u00e4nd ordet f\u00f6r &#8221;sjunde&#8221; i maskulin form)<br \/>\n7. La *desena* lli\u00e7\u00f3 \u00e9s sobre la gram\u00e0tica. (Anv\u00e4nd ordet f\u00f6r &#8221;tionde&#8221; i feminin form)<br \/>\n8. El *vuit\u00e8* dia vam visitar el museu. (Anv\u00e4nd ordet f\u00f6r &#8221;\u00e5ttonde&#8221; i maskulin form)<br \/>\n9. La *sisena* <a href=\"https:\/\/talkpal.ai\/ko\/ai-%ec%96%b8%ec%96%b4-%ea%b5%90%ec%82%ac\/\">prova<\/a> \u00e9s la m\u00e9s dif\u00edcil. (Anv\u00e4nd ordet f\u00f6r &#8221;sj\u00e4tte&#8221; i feminin form)<br \/>\n10. El *quart* examen ser\u00e0 la setmana que ve. (Anv\u00e4nd ordet f\u00f6r &#8221;fj\u00e4rde&#8221; i maskulin form)\n<\/div>\n<div class=\"exercise\"><\/div>\n","protected":false},"featured_media":1527753,"parent":0,"menu_order":0,"template":"","exercise_language":[16603,16587],"class_list":["post-1140765","grammar_exercises","type-grammar_exercises","status-publish","has-post-thumbnail","hentry","exercise_language-adjektiv-katalansk-grammatik","exercise_language-katalanska"],"acf":[],"yoast_head":"<!-- This site is optimized with the Yoast SEO Premium plugin v27.2 (Yoast SEO v27.2) - https:\/\/yoast.com\/product\/yoast-seo-premium-wordpress\/ -->\n<title>Ordinaladjektiv \u00d6vningar f\u00f6r katalansk grammatik - Talkpal<\/title>\n<meta name=\"description\" content=\"Ordinaladjektiv anv\u00e4nds f\u00f6r att beskriva ordningen p\u00e5 saker eller personer i en serie, till exempel f\u00f6rsta, andra eller tredje. I katalansk grammatik b\u00f6js\" \/>\n<meta name=\"robots\" content=\"index, follow, max-snippet:-1, max-image-preview:large, max-video-preview:-1\" \/>\n<link rel=\"canonical\" href=\"https:\/\/talkpal.ai\/sv\/grammar_exercises\/ordinaladjektiv-ovningar-for-katalansk-grammatik\/\" \/>\n<meta property=\"og:locale\" content=\"sv_SE\" \/>\n<meta property=\"og:type\" content=\"article\" \/>\n<meta property=\"og:title\" content=\"Ordinaladjektiv \u00d6vningar f\u00f6r katalansk grammatik\" \/>\n<meta property=\"og:description\" content=\"Ordinaladjektiv anv\u00e4nds f\u00f6r att beskriva ordningen p\u00e5 saker eller personer i en serie, till exempel f\u00f6rsta, andra eller tredje. I katalansk grammatik b\u00f6js\" \/>\n<meta property=\"og:url\" content=\"https:\/\/talkpal.ai\/sv\/grammar_exercises\/ordinaladjektiv-ovningar-for-katalansk-grammatik\/\" \/>\n<meta property=\"og:site_name\" content=\"Talkpal\" \/>\n<meta property=\"article:publisher\" content=\"https:\/\/www.facebook.com\/profile.php?id=100090733639311\" \/>\n<meta property=\"og:image\" content=\"https:\/\/talkpal.ai\/wp-content\/uploads\/2025\/02\/Progress-tab-16_9.png\" \/>\n\t<meta property=\"og:image:width\" content=\"2880\" \/>\n\t<meta property=\"og:image:height\" content=\"1620\" \/>\n\t<meta property=\"og:image:type\" content=\"image\/png\" \/>\n<meta name=\"twitter:card\" content=\"summary_large_image\" \/>\n<meta name=\"twitter:site\" content=\"@talkpalai\" \/>\n<meta name=\"twitter:label1\" content=\"Ber\u00e4knad l\u00e4stid\" \/>\n\t<meta name=\"twitter:data1\" content=\"2 minuter\" \/>\n<script type=\"application\/ld+json\" class=\"yoast-schema-graph\">{\"@context\":\"https:\/\/schema.org\",\"@graph\":[{\"@type\":\"WebPage\",\"@id\":\"https:\/\/talkpal.ai\/sv\/grammar_exercises\/ordinaladjektiv-ovningar-for-katalansk-grammatik\/\",\"url\":\"https:\/\/talkpal.ai\/sv\/grammar_exercises\/ordinaladjektiv-ovningar-for-katalansk-grammatik\/\",\"name\":\"Ordinaladjektiv \u00d6vningar f\u00f6r katalansk grammatik - Talkpal\",\"isPartOf\":{\"@id\":\"https:\/\/talkpal.ai\/sv\/#website\"},\"primaryImageOfPage\":{\"@id\":\"https:\/\/talkpal.ai\/sv\/grammar_exercises\/ordinaladjektiv-ovningar-for-katalansk-grammatik\/#primaryimage\"},\"image\":{\"@id\":\"https:\/\/talkpal.ai\/sv\/grammar_exercises\/ordinaladjektiv-ovningar-for-katalansk-grammatik\/#primaryimage\"},\"thumbnailUrl\":\"https:\/\/talkpal.ai\/wp-content\/uploads\/2025\/12\/library-is-entered-to-learn-languages.webp\",\"datePublished\":\"2025-07-06T09:38:45+00:00\",\"description\":\"Ordinaladjektiv anv\u00e4nds f\u00f6r att beskriva ordningen p\u00e5 saker eller personer i en serie, till exempel f\u00f6rsta, andra eller tredje. I katalansk grammatik b\u00f6js\",\"breadcrumb\":{\"@id\":\"https:\/\/talkpal.ai\/sv\/grammar_exercises\/ordinaladjektiv-ovningar-for-katalansk-grammatik\/#breadcrumb\"},\"inLanguage\":\"sv-SE\",\"potentialAction\":[{\"@type\":\"ReadAction\",\"target\":[\"https:\/\/talkpal.ai\/sv\/grammar_exercises\/ordinaladjektiv-ovningar-for-katalansk-grammatik\/\"]}]},{\"@type\":\"ImageObject\",\"inLanguage\":\"sv-SE\",\"@id\":\"https:\/\/talkpal.ai\/sv\/grammar_exercises\/ordinaladjektiv-ovningar-for-katalansk-grammatik\/#primaryimage\",\"url\":\"https:\/\/talkpal.ai\/wp-content\/uploads\/2025\/12\/library-is-entered-to-learn-languages.webp\",\"contentUrl\":\"https:\/\/talkpal.ai\/wp-content\/uploads\/2025\/12\/library-is-entered-to-learn-languages.webp\",\"width\":1200,\"height\":896,\"caption\":\"Students sit at small tables in a cozy library while learning languages.\"},{\"@type\":\"BreadcrumbList\",\"@id\":\"https:\/\/talkpal.ai\/sv\/grammar_exercises\/ordinaladjektiv-ovningar-for-katalansk-grammatik\/#breadcrumb\",\"itemListElement\":[{\"@type\":\"ListItem\",\"position\":1,\"name\":\"Homepage\",\"item\":\"https:\/\/talkpal.ai\/sv\/\"},{\"@type\":\"ListItem\",\"position\":2,\"name\":\"Ordinaladjektiv \u00d6vningar f\u00f6r katalansk grammatik\"}]},{\"@type\":\"WebSite\",\"@id\":\"https:\/\/talkpal.ai\/sv\/#website\",\"url\":\"https:\/\/talkpal.ai\/sv\/\",\"name\":\"Talkpal\",\"description\":\"AI Language Learning\",\"publisher\":{\"@id\":\"https:\/\/talkpal.ai\/sv\/#organization\"},\"alternateName\":\"Talkpal AI\",\"potentialAction\":[{\"@type\":\"SearchAction\",\"target\":{\"@type\":\"EntryPoint\",\"urlTemplate\":\"https:\/\/talkpal.ai\/sv\/?s={search_term_string}\"},\"query-input\":{\"@type\":\"PropertyValueSpecification\",\"valueRequired\":true,\"valueName\":\"search_term_string\"}}],\"inLanguage\":\"sv-SE\"},{\"@type\":\"Organization\",\"@id\":\"https:\/\/talkpal.ai\/sv\/#organization\",\"name\":\"Talkpal, Inc.\",\"alternateName\":\"Talkpal AI\",\"url\":\"https:\/\/talkpal.ai\/sv\/\",\"logo\":{\"@type\":\"ImageObject\",\"inLanguage\":\"sv-SE\",\"@id\":\"https:\/\/talkpal.ai\/sv\/#\/schema\/logo\/image\/\",\"url\":\"https:\/\/talkpal.ai\/wp-content\/uploads\/2024\/03\/Talkpal-Logo-Icon.png\",\"contentUrl\":\"https:\/\/talkpal.ai\/wp-content\/uploads\/2024\/03\/Talkpal-Logo-Icon.png\",\"width\":2880,\"height\":2880,\"caption\":\"Talkpal, Inc.\"},\"image\":{\"@id\":\"https:\/\/talkpal.ai\/sv\/#\/schema\/logo\/image\/\"},\"sameAs\":[\"https:\/\/www.facebook.com\/profile.php?id=100090733639311\",\"https:\/\/x.com\/talkpalai\",\"https:\/\/www.linkedin.com\/company\/talkpal\/\",\"https:\/\/www.youtube.com\/@TalkPal\/\",\"https:\/\/www.tiktok.com\/@talkpal\",\"https:\/\/www.instagram.com\/talkpal_ai\/\",\"https:\/\/www.crunchbase.com\/organization\/talkpal-9cde\",\"https:\/\/www.g2.com\/products\/talkpal-for-business\/\",\"https:\/\/www.trustpilot.com\/review\/talkpal.ai\",\"https:\/\/www.capterra.com\/p\/10006800\/TalkPal\/\"],\"description\":\"Talkpal is a language learning web and mobile education app, powered by the latest AI technologies, that provides engaging experiences to its customers in many different languages to help them improve their language skills. Users can chat about unlimited amount of topics with the app and use other modes to practice their language learning.\",\"email\":\"support@talkpal.ai\",\"legalName\":\"Talkpal, Inc.\",\"foundingDate\":\"2023-04-03\",\"duns\":\"118989042\",\"numberOfEmployees\":{\"@type\":\"QuantitativeValue\",\"minValue\":\"11\",\"maxValue\":\"50\"},\"publishingPrinciples\":\"https:\/\/talkpal.ai\/publishing-principles\/\",\"actionableFeedbackPolicy\":\"https:\/\/talkpal.ai\/actionable-feedback-policy\/\",\"correctionsPolicy\":\"https:\/\/talkpal.ai\/corrections-policy\/\",\"ethicsPolicy\":\"https:\/\/talkpal.ai\/ethics-policy\/\",\"diversityPolicy\":\"https:\/\/talkpal.ai\/diversity-policy\/\",\"diversityStaffingReport\":\"https:\/\/talkpal.ai\/diversity-policy\/\"}]}<\/script>\n<!-- \/ Yoast SEO Premium plugin. -->","yoast_head_json":{"title":"Ordinaladjektiv \u00d6vningar f\u00f6r katalansk grammatik - Talkpal","description":"Ordinaladjektiv anv\u00e4nds f\u00f6r att beskriva ordningen p\u00e5 saker eller personer i en serie, till exempel f\u00f6rsta, andra eller tredje. I katalansk grammatik b\u00f6js","robots":{"index":"index","follow":"follow","max-snippet":"max-snippet:-1","max-image-preview":"max-image-preview:large","max-video-preview":"max-video-preview:-1"},"canonical":"https:\/\/talkpal.ai\/sv\/grammar_exercises\/ordinaladjektiv-ovningar-for-katalansk-grammatik\/","og_locale":"sv_SE","og_type":"article","og_title":"Ordinaladjektiv \u00d6vningar f\u00f6r katalansk grammatik","og_description":"Ordinaladjektiv anv\u00e4nds f\u00f6r att beskriva ordningen p\u00e5 saker eller personer i en serie, till exempel f\u00f6rsta, andra eller tredje. I katalansk grammatik b\u00f6js","og_url":"https:\/\/talkpal.ai\/sv\/grammar_exercises\/ordinaladjektiv-ovningar-for-katalansk-grammatik\/","og_site_name":"Talkpal","article_publisher":"https:\/\/www.facebook.com\/profile.php?id=100090733639311","og_image":[{"width":2880,"height":1620,"url":"https:\/\/talkpal.ai\/wp-content\/uploads\/2025\/02\/Progress-tab-16_9.png","type":"image\/png"}],"twitter_card":"summary_large_image","twitter_site":"@talkpalai","twitter_misc":{"Ber\u00e4knad l\u00e4stid":"2 minuter"},"schema":{"@context":"https:\/\/schema.org","@graph":[{"@type":"WebPage","@id":"https:\/\/talkpal.ai\/sv\/grammar_exercises\/ordinaladjektiv-ovningar-for-katalansk-grammatik\/","url":"https:\/\/talkpal.ai\/sv\/grammar_exercises\/ordinaladjektiv-ovningar-for-katalansk-grammatik\/","name":"Ordinaladjektiv \u00d6vningar f\u00f6r katalansk grammatik - Talkpal","isPartOf":{"@id":"https:\/\/talkpal.ai\/sv\/#website"},"primaryImageOfPage":{"@id":"https:\/\/talkpal.ai\/sv\/grammar_exercises\/ordinaladjektiv-ovningar-for-katalansk-grammatik\/#primaryimage"},"image":{"@id":"https:\/\/talkpal.ai\/sv\/grammar_exercises\/ordinaladjektiv-ovningar-for-katalansk-grammatik\/#primaryimage"},"thumbnailUrl":"https:\/\/talkpal.ai\/wp-content\/uploads\/2025\/12\/library-is-entered-to-learn-languages.webp","datePublished":"2025-07-06T09:38:45+00:00","description":"Ordinaladjektiv anv\u00e4nds f\u00f6r att beskriva ordningen p\u00e5 saker eller personer i en serie, till exempel f\u00f6rsta, andra eller tredje. I katalansk grammatik b\u00f6js","breadcrumb":{"@id":"https:\/\/talkpal.ai\/sv\/grammar_exercises\/ordinaladjektiv-ovningar-for-katalansk-grammatik\/#breadcrumb"},"inLanguage":"sv-SE","potentialAction":[{"@type":"ReadAction","target":["https:\/\/talkpal.ai\/sv\/grammar_exercises\/ordinaladjektiv-ovningar-for-katalansk-grammatik\/"]}]},{"@type":"ImageObject","inLanguage":"sv-SE","@id":"https:\/\/talkpal.ai\/sv\/grammar_exercises\/ordinaladjektiv-ovningar-for-katalansk-grammatik\/#primaryimage","url":"https:\/\/talkpal.ai\/wp-content\/uploads\/2025\/12\/library-is-entered-to-learn-languages.webp","contentUrl":"https:\/\/talkpal.ai\/wp-content\/uploads\/2025\/12\/library-is-entered-to-learn-languages.webp","width":1200,"height":896,"caption":"Students sit at small tables in a cozy library while learning languages."},{"@type":"BreadcrumbList","@id":"https:\/\/talkpal.ai\/sv\/grammar_exercises\/ordinaladjektiv-ovningar-for-katalansk-grammatik\/#breadcrumb","itemListElement":[{"@type":"ListItem","position":1,"name":"Homepage","item":"https:\/\/talkpal.ai\/sv\/"},{"@type":"ListItem","position":2,"name":"Ordinaladjektiv \u00d6vningar f\u00f6r katalansk grammatik"}]},{"@type":"WebSite","@id":"https:\/\/talkpal.ai\/sv\/#website","url":"https:\/\/talkpal.ai\/sv\/","name":"Talkpal","description":"AI Language Learning","publisher":{"@id":"https:\/\/talkpal.ai\/sv\/#organization"},"alternateName":"Talkpal AI","potentialAction":[{"@type":"SearchAction","target":{"@type":"EntryPoint","urlTemplate":"https:\/\/talkpal.ai\/sv\/?s={search_term_string}"},"query-input":{"@type":"PropertyValueSpecification","valueRequired":true,"valueName":"search_term_string"}}],"inLanguage":"sv-SE"},{"@type":"Organization","@id":"https:\/\/talkpal.ai\/sv\/#organization","name":"Talkpal, Inc.","alternateName":"Talkpal AI","url":"https:\/\/talkpal.ai\/sv\/","logo":{"@type":"ImageObject","inLanguage":"sv-SE","@id":"https:\/\/talkpal.ai\/sv\/#\/schema\/logo\/image\/","url":"https:\/\/talkpal.ai\/wp-content\/uploads\/2024\/03\/Talkpal-Logo-Icon.png","contentUrl":"https:\/\/talkpal.ai\/wp-content\/uploads\/2024\/03\/Talkpal-Logo-Icon.png","width":2880,"height":2880,"caption":"Talkpal, Inc."},"image":{"@id":"https:\/\/talkpal.ai\/sv\/#\/schema\/logo\/image\/"},"sameAs":["https:\/\/www.facebook.com\/profile.php?id=100090733639311","https:\/\/x.com\/talkpalai","https:\/\/www.linkedin.com\/company\/talkpal\/","https:\/\/www.youtube.com\/@TalkPal\/","https:\/\/www.tiktok.com\/@talkpal","https:\/\/www.instagram.com\/talkpal_ai\/","https:\/\/www.crunchbase.com\/organization\/talkpal-9cde","https:\/\/www.g2.com\/products\/talkpal-for-business\/","https:\/\/www.trustpilot.com\/review\/talkpal.ai","https:\/\/www.capterra.com\/p\/10006800\/TalkPal\/"],"description":"Talkpal is a language learning web and mobile education app, powered by the latest AI technologies, that provides engaging experiences to its customers in many different languages to help them improve their language skills. Users can chat about unlimited amount of topics with the app and use other modes to practice their language learning.","email":"support@talkpal.ai","legalName":"Talkpal, Inc.","foundingDate":"2023-04-03","duns":"118989042","numberOfEmployees":{"@type":"QuantitativeValue","minValue":"11","maxValue":"50"},"publishingPrinciples":"https:\/\/talkpal.ai\/publishing-principles\/","actionableFeedbackPolicy":"https:\/\/talkpal.ai\/actionable-feedback-policy\/","correctionsPolicy":"https:\/\/talkpal.ai\/corrections-policy\/","ethicsPolicy":"https:\/\/talkpal.ai\/ethics-policy\/","diversityPolicy":"https:\/\/talkpal.ai\/diversity-policy\/","diversityStaffingReport":"https:\/\/talkpal.ai\/diversity-policy\/"}]}},"_links":{"self":[{"href":"https:\/\/talkpal.ai\/sv\/wp-json\/wp\/v2\/grammar_exercises\/1140765","targetHints":{"allow":["GET"]}}],"collection":[{"href":"https:\/\/talkpal.ai\/sv\/wp-json\/wp\/v2\/grammar_exercises"}],"about":[{"href":"https:\/\/talkpal.ai\/sv\/wp-json\/wp\/v2\/types\/grammar_exercises"}],"wp:featuredmedia":[{"embeddable":true,"href":"https:\/\/talkpal.ai\/sv\/wp-json\/wp\/v2\/media\/1527753"}],"wp:attachment":[{"href":"https:\/\/talkpal.ai\/sv\/wp-json\/wp\/v2\/media?parent=1140765"}],"wp:term":[{"taxonomy":"exercise_language","embeddable":true,"href":"https:\/\/talkpal.ai\/sv\/wp-json\/wp\/v2\/exercise_language?post=1140765"}],"curies":[{"name":"wp","href":"https:\/\/api.w.org\/{rel}","templated":true}]}}