{"id":1140741,"date":"2025-07-06T09:38:20","date_gmt":"2025-07-06T09:38:20","guid":{"rendered":"https:\/\/talkpal.ai\/grammar_exercises\/substantiv-adjektivavtal-ovningar-for-katalansk-grammatik\/"},"modified":"2025-07-06T09:38:20","modified_gmt":"2025-07-06T09:38:20","slug":"substantiv-adjektivavtal-ovningar-for-katalansk-grammatik","status":"publish","type":"grammar_exercises","link":"https:\/\/talkpal.ai\/sv\/grammar_exercises\/substantiv-adjektivavtal-ovningar-for-katalansk-grammatik\/","title":{"rendered":"Substantiv-adjektivavtal \u00d6vningar f\u00f6r katalansk grammatik"},"content":{"rendered":"<p>I dessa \u00f6vningar tr\u00e4nar du p\u00e5 substantiv-adjektivavtal i <a href=\"https:\/\/talkpal.ai\/learn-catalan\/\">katalanska<\/a>. Det inneb\u00e4r att adjektivet m\u00e5ste b\u00f6jas i genus och numerus s\u00e5 att det \u00f6verensst\u00e4mmer med substantivet det beskriver. T\u00e4nk p\u00e5 om substantivet \u00e4r maskulint eller feminint, singular eller plural, och v\u00e4lj r\u00e4tt form av adjektivet d\u00e4refter.<\/p>\n<h3>Substantiv-adjektivavtal: Grundl\u00e4ggande \u00f6vningar<\/h3>\n<div class=\"input_sentences\">\n1. La casa \u00e9s *petita*. (Hint: casa \u00e4r feminint singular, v\u00e4lj adjektivets feminina singularform.)<br \/>\n2. Els llibres s\u00f3n *interessants*. (Hint: llibres \u00e4r maskulint plural, v\u00e4lj adjektivets maskulina pluralform.)<br \/>\n3. El cotxe \u00e9s *nou*. (Hint: cotxe \u00e4r maskulint singular, v\u00e4lj adjektivets maskulina singularform.)<br \/>\n4. Les nenes s\u00f3n *alegres*. (Hint: nenes \u00e4r feminint plural, v\u00e4lj adjektivets feminina pluralform.)<br \/>\n5. El jard\u00ed \u00e9s *bonic*. (Hint: jard\u00ed \u00e4r maskulint singular, v\u00e4lj adjektivets maskulina singularform.)<br \/>\n6. La taula \u00e9s *rodona*. (Hint: taula \u00e4r feminint singular, v\u00e4lj adjektivets feminina singularform.)<br \/>\n7. Els gats s\u00f3n *negres*. (Hint: gats \u00e4r maskulint plural, v\u00e4lj adjektivets maskulina pluralform.)<br \/>\n8. La flor \u00e9s *bella*. (Hint: flor \u00e4r feminint singular, v\u00e4lj adjektivets feminina singularform.)<br \/>\n9. Els amics s\u00f3n *simpatics*. (Hint: amics \u00e4r maskulint plural, v\u00e4lj adjektivets maskulina pluralform.)<br \/>\n10. La porta \u00e9s *tancada*. (Hint: porta \u00e4r feminint singular, v\u00e4lj adjektivets feminina singularform.)\n<\/div>\n<div class=\"exercise\"><\/div>\n<h3>Substantiv-adjektivavtal: Plural och genus<\/h3>\n<div class=\"input_sentences\">\n1. Les cases s\u00f3n *grans*. (Hint: cases \u00e4r feminint plural, v\u00e4lj adjektivets feminina pluralform.)<br \/>\n2. Els nens s\u00f3n *contentes*. (Hint: barn (nens) \u00e4r maskulint plural, v\u00e4lj adjektivets maskulina pluralform.)<br \/>\n3. La ciutat \u00e9s *antiga*. (Hint: ciutat \u00e4r feminint singular, v\u00e4lj adjektivets feminina singularform.)<br \/>\n4. Els llibres s\u00f3n *vells*. (Hint: llibres \u00e4r maskulint plural, v\u00e4lj adjektivets maskulina pluralform.)<br \/>\n5. Les fulles s\u00f3n *verdes*. (Hint: fulles \u00e4r feminint plural, v\u00e4lj adjektivets feminina pluralform.)<br \/>\n6. El gos \u00e9s *fort*. (Hint: gos \u00e4r maskulint singular, v\u00e4lj adjektivets maskulina singularform.)<br \/>\n7. Les portes s\u00f3n *obertes*. (Hint: portes \u00e4r feminint plural, v\u00e4lj adjektivets feminina pluralform.)<br \/>\n8. Els cotxes s\u00f3n *r\u00e0pids*. (Hint: cotxes \u00e4r maskulint plural, v\u00e4lj adjektivets maskulina pluralform.)<br \/>\n9. La noia \u00e9s *inteligent*. (Hint: noia \u00e4r feminint singular, v\u00e4lj adjektivets feminina singularform.)<br \/>\n10. Els homes s\u00f3n *alts*. (Hint: homes \u00e4r maskulint plural, v\u00e4lj adjektivets maskulina pluralform.)\n<\/div>\n<div class=\"exercise\"><\/div>\n","protected":false},"featured_media":1527989,"parent":0,"menu_order":0,"template":"","exercise_language":[16587,16597],"class_list":["post-1140741","grammar_exercises","type-grammar_exercises","status-publish","has-post-thumbnail","hentry","exercise_language-katalanska","exercise_language-substantiv-katalansk-grammatik"],"acf":[],"yoast_head":"<!-- This site is optimized with the Yoast SEO Premium plugin v27.2 (Yoast SEO v27.2) - https:\/\/yoast.com\/product\/yoast-seo-premium-wordpress\/ -->\n<title>Substantiv-adjektivavtal \u00d6vningar f\u00f6r katalansk grammatik - Talkpal<\/title>\n<meta name=\"description\" content=\"I dessa \u00f6vningar tr\u00e4nar du p\u00e5 substantiv-adjektivavtal i katalanska. Det inneb\u00e4r att adjektivet m\u00e5ste b\u00f6jas i genus och numerus s\u00e5 att det \u00f6verensst\u00e4mmer\" \/>\n<meta name=\"robots\" content=\"index, follow, max-snippet:-1, max-image-preview:large, max-video-preview:-1\" \/>\n<link rel=\"canonical\" href=\"https:\/\/talkpal.ai\/sv\/grammar_exercises\/substantiv-adjektivavtal-ovningar-for-katalansk-grammatik\/\" \/>\n<meta property=\"og:locale\" content=\"sv_SE\" \/>\n<meta property=\"og:type\" content=\"article\" \/>\n<meta property=\"og:title\" content=\"Substantiv-adjektivavtal \u00d6vningar f\u00f6r katalansk grammatik\" \/>\n<meta property=\"og:description\" content=\"I dessa \u00f6vningar tr\u00e4nar du p\u00e5 substantiv-adjektivavtal i katalanska. Det inneb\u00e4r att adjektivet m\u00e5ste b\u00f6jas i genus och numerus s\u00e5 att det \u00f6verensst\u00e4mmer\" \/>\n<meta property=\"og:url\" content=\"https:\/\/talkpal.ai\/sv\/grammar_exercises\/substantiv-adjektivavtal-ovningar-for-katalansk-grammatik\/\" \/>\n<meta property=\"og:site_name\" content=\"Talkpal\" \/>\n<meta property=\"article:publisher\" content=\"https:\/\/www.facebook.com\/profile.php?id=100090733639311\" \/>\n<meta property=\"og:image\" content=\"https:\/\/talkpal.ai\/wp-content\/uploads\/2025\/02\/Progress-tab-16_9.png\" \/>\n\t<meta property=\"og:image:width\" content=\"2880\" \/>\n\t<meta property=\"og:image:height\" content=\"1620\" \/>\n\t<meta property=\"og:image:type\" content=\"image\/png\" \/>\n<meta name=\"twitter:card\" content=\"summary_large_image\" \/>\n<meta name=\"twitter:site\" content=\"@talkpalai\" \/>\n<meta name=\"twitter:label1\" content=\"Ber\u00e4knad l\u00e4stid\" \/>\n\t<meta name=\"twitter:data1\" content=\"2 minuter\" \/>\n<script type=\"application\/ld+json\" class=\"yoast-schema-graph\">{\"@context\":\"https:\/\/schema.org\",\"@graph\":[{\"@type\":\"WebPage\",\"@id\":\"https:\/\/talkpal.ai\/sv\/grammar_exercises\/substantiv-adjektivavtal-ovningar-for-katalansk-grammatik\/\",\"url\":\"https:\/\/talkpal.ai\/sv\/grammar_exercises\/substantiv-adjektivavtal-ovningar-for-katalansk-grammatik\/\",\"name\":\"Substantiv-adjektivavtal \u00d6vningar f\u00f6r katalansk grammatik - Talkpal\",\"isPartOf\":{\"@id\":\"https:\/\/talkpal.ai\/sv\/#website\"},\"primaryImageOfPage\":{\"@id\":\"https:\/\/talkpal.ai\/sv\/grammar_exercises\/substantiv-adjektivavtal-ovningar-for-katalansk-grammatik\/#primaryimage\"},\"image\":{\"@id\":\"https:\/\/talkpal.ai\/sv\/grammar_exercises\/substantiv-adjektivavtal-ovningar-for-katalansk-grammatik\/#primaryimage\"},\"thumbnailUrl\":\"https:\/\/talkpal.ai\/wp-content\/uploads\/2025\/12\/students-use-computers-learning-languages.webp\",\"datePublished\":\"2025-07-06T09:38:20+00:00\",\"description\":\"I dessa \u00f6vningar tr\u00e4nar du p\u00e5 substantiv-adjektivavtal i katalanska. Det inneb\u00e4r att adjektivet m\u00e5ste b\u00f6jas i genus och numerus s\u00e5 att det \u00f6verensst\u00e4mmer\",\"breadcrumb\":{\"@id\":\"https:\/\/talkpal.ai\/sv\/grammar_exercises\/substantiv-adjektivavtal-ovningar-for-katalansk-grammatik\/#breadcrumb\"},\"inLanguage\":\"sv-SE\",\"potentialAction\":[{\"@type\":\"ReadAction\",\"target\":[\"https:\/\/talkpal.ai\/sv\/grammar_exercises\/substantiv-adjektivavtal-ovningar-for-katalansk-grammatik\/\"]}]},{\"@type\":\"ImageObject\",\"inLanguage\":\"sv-SE\",\"@id\":\"https:\/\/talkpal.ai\/sv\/grammar_exercises\/substantiv-adjektivavtal-ovningar-for-katalansk-grammatik\/#primaryimage\",\"url\":\"https:\/\/talkpal.ai\/wp-content\/uploads\/2025\/12\/students-use-computers-learning-languages.webp\",\"contentUrl\":\"https:\/\/talkpal.ai\/wp-content\/uploads\/2025\/12\/students-use-computers-learning-languages.webp\",\"width\":1200,\"height\":896,\"caption\":\"Students use laptops and notebooks while learning languages in a shared office space during sunset.\"},{\"@type\":\"BreadcrumbList\",\"@id\":\"https:\/\/talkpal.ai\/sv\/grammar_exercises\/substantiv-adjektivavtal-ovningar-for-katalansk-grammatik\/#breadcrumb\",\"itemListElement\":[{\"@type\":\"ListItem\",\"position\":1,\"name\":\"Homepage\",\"item\":\"https:\/\/talkpal.ai\/sv\/\"},{\"@type\":\"ListItem\",\"position\":2,\"name\":\"Substantiv-adjektivavtal \u00d6vningar f\u00f6r katalansk grammatik\"}]},{\"@type\":\"WebSite\",\"@id\":\"https:\/\/talkpal.ai\/sv\/#website\",\"url\":\"https:\/\/talkpal.ai\/sv\/\",\"name\":\"Talkpal\",\"description\":\"AI Language Learning\",\"publisher\":{\"@id\":\"https:\/\/talkpal.ai\/sv\/#organization\"},\"alternateName\":\"Talkpal AI\",\"potentialAction\":[{\"@type\":\"SearchAction\",\"target\":{\"@type\":\"EntryPoint\",\"urlTemplate\":\"https:\/\/talkpal.ai\/sv\/?s={search_term_string}\"},\"query-input\":{\"@type\":\"PropertyValueSpecification\",\"valueRequired\":true,\"valueName\":\"search_term_string\"}}],\"inLanguage\":\"sv-SE\"},{\"@type\":\"Organization\",\"@id\":\"https:\/\/talkpal.ai\/sv\/#organization\",\"name\":\"Talkpal, Inc.\",\"alternateName\":\"Talkpal AI\",\"url\":\"https:\/\/talkpal.ai\/sv\/\",\"logo\":{\"@type\":\"ImageObject\",\"inLanguage\":\"sv-SE\",\"@id\":\"https:\/\/talkpal.ai\/sv\/#\/schema\/logo\/image\/\",\"url\":\"https:\/\/talkpal.ai\/wp-content\/uploads\/2024\/03\/Talkpal-Logo-Icon.png\",\"contentUrl\":\"https:\/\/talkpal.ai\/wp-content\/uploads\/2024\/03\/Talkpal-Logo-Icon.png\",\"width\":2880,\"height\":2880,\"caption\":\"Talkpal, Inc.\"},\"image\":{\"@id\":\"https:\/\/talkpal.ai\/sv\/#\/schema\/logo\/image\/\"},\"sameAs\":[\"https:\/\/www.facebook.com\/profile.php?id=100090733639311\",\"https:\/\/x.com\/talkpalai\",\"https:\/\/www.linkedin.com\/company\/talkpal\/\",\"https:\/\/www.youtube.com\/@TalkPal\/\",\"https:\/\/www.tiktok.com\/@talkpal\",\"https:\/\/www.instagram.com\/talkpal_ai\/\",\"https:\/\/www.crunchbase.com\/organization\/talkpal-9cde\",\"https:\/\/www.g2.com\/products\/talkpal-for-business\/\",\"https:\/\/www.trustpilot.com\/review\/talkpal.ai\",\"https:\/\/www.capterra.com\/p\/10006800\/TalkPal\/\"],\"description\":\"Talkpal is a language learning web and mobile education app, powered by the latest AI technologies, that provides engaging experiences to its customers in many different languages to help them improve their language skills. Users can chat about unlimited amount of topics with the app and use other modes to practice their language learning.\",\"email\":\"support@talkpal.ai\",\"legalName\":\"Talkpal, Inc.\",\"foundingDate\":\"2023-04-03\",\"duns\":\"118989042\",\"numberOfEmployees\":{\"@type\":\"QuantitativeValue\",\"minValue\":\"11\",\"maxValue\":\"50\"},\"publishingPrinciples\":\"https:\/\/talkpal.ai\/publishing-principles\/\",\"actionableFeedbackPolicy\":\"https:\/\/talkpal.ai\/actionable-feedback-policy\/\",\"correctionsPolicy\":\"https:\/\/talkpal.ai\/corrections-policy\/\",\"ethicsPolicy\":\"https:\/\/talkpal.ai\/ethics-policy\/\",\"diversityPolicy\":\"https:\/\/talkpal.ai\/diversity-policy\/\",\"diversityStaffingReport\":\"https:\/\/talkpal.ai\/diversity-policy\/\"}]}<\/script>\n<!-- \/ Yoast SEO Premium plugin. -->","yoast_head_json":{"title":"Substantiv-adjektivavtal \u00d6vningar f\u00f6r katalansk grammatik - Talkpal","description":"I dessa \u00f6vningar tr\u00e4nar du p\u00e5 substantiv-adjektivavtal i katalanska. Det inneb\u00e4r att adjektivet m\u00e5ste b\u00f6jas i genus och numerus s\u00e5 att det \u00f6verensst\u00e4mmer","robots":{"index":"index","follow":"follow","max-snippet":"max-snippet:-1","max-image-preview":"max-image-preview:large","max-video-preview":"max-video-preview:-1"},"canonical":"https:\/\/talkpal.ai\/sv\/grammar_exercises\/substantiv-adjektivavtal-ovningar-for-katalansk-grammatik\/","og_locale":"sv_SE","og_type":"article","og_title":"Substantiv-adjektivavtal \u00d6vningar f\u00f6r katalansk grammatik","og_description":"I dessa \u00f6vningar tr\u00e4nar du p\u00e5 substantiv-adjektivavtal i katalanska. Det inneb\u00e4r att adjektivet m\u00e5ste b\u00f6jas i genus och numerus s\u00e5 att det \u00f6verensst\u00e4mmer","og_url":"https:\/\/talkpal.ai\/sv\/grammar_exercises\/substantiv-adjektivavtal-ovningar-for-katalansk-grammatik\/","og_site_name":"Talkpal","article_publisher":"https:\/\/www.facebook.com\/profile.php?id=100090733639311","og_image":[{"width":2880,"height":1620,"url":"https:\/\/talkpal.ai\/wp-content\/uploads\/2025\/02\/Progress-tab-16_9.png","type":"image\/png"}],"twitter_card":"summary_large_image","twitter_site":"@talkpalai","twitter_misc":{"Ber\u00e4knad l\u00e4stid":"2 minuter"},"schema":{"@context":"https:\/\/schema.org","@graph":[{"@type":"WebPage","@id":"https:\/\/talkpal.ai\/sv\/grammar_exercises\/substantiv-adjektivavtal-ovningar-for-katalansk-grammatik\/","url":"https:\/\/talkpal.ai\/sv\/grammar_exercises\/substantiv-adjektivavtal-ovningar-for-katalansk-grammatik\/","name":"Substantiv-adjektivavtal \u00d6vningar f\u00f6r katalansk grammatik - Talkpal","isPartOf":{"@id":"https:\/\/talkpal.ai\/sv\/#website"},"primaryImageOfPage":{"@id":"https:\/\/talkpal.ai\/sv\/grammar_exercises\/substantiv-adjektivavtal-ovningar-for-katalansk-grammatik\/#primaryimage"},"image":{"@id":"https:\/\/talkpal.ai\/sv\/grammar_exercises\/substantiv-adjektivavtal-ovningar-for-katalansk-grammatik\/#primaryimage"},"thumbnailUrl":"https:\/\/talkpal.ai\/wp-content\/uploads\/2025\/12\/students-use-computers-learning-languages.webp","datePublished":"2025-07-06T09:38:20+00:00","description":"I dessa \u00f6vningar tr\u00e4nar du p\u00e5 substantiv-adjektivavtal i katalanska. Det inneb\u00e4r att adjektivet m\u00e5ste b\u00f6jas i genus och numerus s\u00e5 att det \u00f6verensst\u00e4mmer","breadcrumb":{"@id":"https:\/\/talkpal.ai\/sv\/grammar_exercises\/substantiv-adjektivavtal-ovningar-for-katalansk-grammatik\/#breadcrumb"},"inLanguage":"sv-SE","potentialAction":[{"@type":"ReadAction","target":["https:\/\/talkpal.ai\/sv\/grammar_exercises\/substantiv-adjektivavtal-ovningar-for-katalansk-grammatik\/"]}]},{"@type":"ImageObject","inLanguage":"sv-SE","@id":"https:\/\/talkpal.ai\/sv\/grammar_exercises\/substantiv-adjektivavtal-ovningar-for-katalansk-grammatik\/#primaryimage","url":"https:\/\/talkpal.ai\/wp-content\/uploads\/2025\/12\/students-use-computers-learning-languages.webp","contentUrl":"https:\/\/talkpal.ai\/wp-content\/uploads\/2025\/12\/students-use-computers-learning-languages.webp","width":1200,"height":896,"caption":"Students use laptops and notebooks while learning languages in a shared office space during sunset."},{"@type":"BreadcrumbList","@id":"https:\/\/talkpal.ai\/sv\/grammar_exercises\/substantiv-adjektivavtal-ovningar-for-katalansk-grammatik\/#breadcrumb","itemListElement":[{"@type":"ListItem","position":1,"name":"Homepage","item":"https:\/\/talkpal.ai\/sv\/"},{"@type":"ListItem","position":2,"name":"Substantiv-adjektivavtal \u00d6vningar f\u00f6r katalansk grammatik"}]},{"@type":"WebSite","@id":"https:\/\/talkpal.ai\/sv\/#website","url":"https:\/\/talkpal.ai\/sv\/","name":"Talkpal","description":"AI Language Learning","publisher":{"@id":"https:\/\/talkpal.ai\/sv\/#organization"},"alternateName":"Talkpal AI","potentialAction":[{"@type":"SearchAction","target":{"@type":"EntryPoint","urlTemplate":"https:\/\/talkpal.ai\/sv\/?s={search_term_string}"},"query-input":{"@type":"PropertyValueSpecification","valueRequired":true,"valueName":"search_term_string"}}],"inLanguage":"sv-SE"},{"@type":"Organization","@id":"https:\/\/talkpal.ai\/sv\/#organization","name":"Talkpal, Inc.","alternateName":"Talkpal AI","url":"https:\/\/talkpal.ai\/sv\/","logo":{"@type":"ImageObject","inLanguage":"sv-SE","@id":"https:\/\/talkpal.ai\/sv\/#\/schema\/logo\/image\/","url":"https:\/\/talkpal.ai\/wp-content\/uploads\/2024\/03\/Talkpal-Logo-Icon.png","contentUrl":"https:\/\/talkpal.ai\/wp-content\/uploads\/2024\/03\/Talkpal-Logo-Icon.png","width":2880,"height":2880,"caption":"Talkpal, Inc."},"image":{"@id":"https:\/\/talkpal.ai\/sv\/#\/schema\/logo\/image\/"},"sameAs":["https:\/\/www.facebook.com\/profile.php?id=100090733639311","https:\/\/x.com\/talkpalai","https:\/\/www.linkedin.com\/company\/talkpal\/","https:\/\/www.youtube.com\/@TalkPal\/","https:\/\/www.tiktok.com\/@talkpal","https:\/\/www.instagram.com\/talkpal_ai\/","https:\/\/www.crunchbase.com\/organization\/talkpal-9cde","https:\/\/www.g2.com\/products\/talkpal-for-business\/","https:\/\/www.trustpilot.com\/review\/talkpal.ai","https:\/\/www.capterra.com\/p\/10006800\/TalkPal\/"],"description":"Talkpal is a language learning web and mobile education app, powered by the latest AI technologies, that provides engaging experiences to its customers in many different languages to help them improve their language skills. Users can chat about unlimited amount of topics with the app and use other modes to practice their language learning.","email":"support@talkpal.ai","legalName":"Talkpal, Inc.","foundingDate":"2023-04-03","duns":"118989042","numberOfEmployees":{"@type":"QuantitativeValue","minValue":"11","maxValue":"50"},"publishingPrinciples":"https:\/\/talkpal.ai\/publishing-principles\/","actionableFeedbackPolicy":"https:\/\/talkpal.ai\/actionable-feedback-policy\/","correctionsPolicy":"https:\/\/talkpal.ai\/corrections-policy\/","ethicsPolicy":"https:\/\/talkpal.ai\/ethics-policy\/","diversityPolicy":"https:\/\/talkpal.ai\/diversity-policy\/","diversityStaffingReport":"https:\/\/talkpal.ai\/diversity-policy\/"}]}},"_links":{"self":[{"href":"https:\/\/talkpal.ai\/sv\/wp-json\/wp\/v2\/grammar_exercises\/1140741","targetHints":{"allow":["GET"]}}],"collection":[{"href":"https:\/\/talkpal.ai\/sv\/wp-json\/wp\/v2\/grammar_exercises"}],"about":[{"href":"https:\/\/talkpal.ai\/sv\/wp-json\/wp\/v2\/types\/grammar_exercises"}],"wp:featuredmedia":[{"embeddable":true,"href":"https:\/\/talkpal.ai\/sv\/wp-json\/wp\/v2\/media\/1527989"}],"wp:attachment":[{"href":"https:\/\/talkpal.ai\/sv\/wp-json\/wp\/v2\/media?parent=1140741"}],"wp:term":[{"taxonomy":"exercise_language","embeddable":true,"href":"https:\/\/talkpal.ai\/sv\/wp-json\/wp\/v2\/exercise_language?post=1140741"}],"curies":[{"name":"wp","href":"https:\/\/api.w.org\/{rel}","templated":true}]}}