{"id":1140470,"date":"2025-07-06T09:33:51","date_gmt":"2025-07-06T09:33:51","guid":{"rendered":"https:\/\/talkpal.ai\/grammar_exercises\/reflexiva-pronomenovningar-for-vitryska-grammatik\/"},"modified":"2025-07-06T09:33:51","modified_gmt":"2025-07-06T09:33:51","slug":"reflexiva-pronomenovningar-for-vitryska-grammatik","status":"publish","type":"grammar_exercises","link":"https:\/\/talkpal.ai\/sv\/grammar_exercises\/reflexiva-pronomenovningar-for-vitryska-grammatik\/","title":{"rendered":"Reflexiva pronomen\u00f6vningar f\u00f6r vitryska grammatik"},"content":{"rendered":"<p>Reflexiva pronomen anv\u00e4nds i <a href=\"https:\/\/talkpal.ai\/learn-belarusian\/\">vitryska<\/a> f\u00f6r att visa att subjektet och objektet i en mening \u00e4r samma person eller sak. I dessa \u00f6vningar ska du tr\u00e4na p\u00e5 att anv\u00e4nda r\u00e4tt reflexivt pronomen p\u00e5 vitryska. Varje mening inneh\u00e5ller en ledtr\u00e5d (hint) p\u00e5 <a href=\"https:\/\/talkpal.ai\/learn-swedish\/\">svenska<\/a> som hj\u00e4lper dig att v\u00e4lja r\u00e4tt form.<\/p>\n<h3>Reflexiva pronomen\u00f6vningar f\u00f6r vitryska grammatik \u2013 \u00d6vning 1<\/h3>\n<div class=\"input_sentences\">\n1. \u0401\u043d \u0433\u043b\u044f\u0434\u0437\u0456\u0446\u0446\u0430 \u045e \u043b\u044e\u0441\u0442\u044d\u0440\u043a\u0430, \u0442\u0430\u043c\u0443 \u0448\u0442\u043e \u044f\u043c\u0443 \u0442\u0440\u044d\u0431\u0430 \u045e\u0431\u0430\u0447\u044b\u0446\u044c *\u0441\u044f\u0431\u0435*. (Hint: Reflexivt pronomen f\u00f6r &#8221;sig sj\u00e4lv&#8221; i ackusativ)<br \/>\n2. \u042f\u043d\u0430 \u043b\u044e\u0431\u0456\u0446\u044c *\u0441\u044f\u0431\u0435* \u0456 \u043a\u043b\u0430\u043f\u043e\u0446\u0456\u0446\u0446\u0430 \u043f\u0440\u0430 \u0441\u0432\u0430\u0451 \u0437\u0434\u0430\u0440\u043e\u045e\u0435. (Hint: Reflexivt pronomen i ackusativ, femininum)<br \/>\n3. \u041c\u044b \u0437\u0430\u045e\u0441\u0451\u0434\u044b \u0434\u0430\u043f\u0430\u043c\u0430\u0433\u0430\u0435\u043c *\u0441\u044f\u0431e* \u045e \u0446\u044f\u0436\u043a\u0456\u0445 \u0441\u0456\u0442\u0443\u0430\u0446\u044b\u044f\u0445. (Hint: Reflexivt pronomen i dativ f\u00f6r &#8221;oss sj\u00e4lva&#8221;)<br \/>\n4. \u0422\u044b \u043f\u0430\u0432\u0456\u043d\u043d\u0430 \u043f\u0430\u043c\u044f\u0442\u0430\u0446\u044c \u043f\u0440\u0430 *\u0441\u0435\u0431\u0435* \u0456 \u0430\u0434\u043f\u0430\u0447\u044b\u0432\u0430\u0446\u044c \u0447\u0430\u0441 \u0430\u0434 \u0447\u0430\u0441\u0443. (Hint: Reflexivt pronomen i dativ, singular)<br \/>\n5. \u0414\u0437\u0435\u0446\u0456 \u0433\u0443\u043b\u044f\u043b\u0456 \u0456 \u0441\u043c\u044f\u044f\u043b\u0456\u0441\u044f, \u044f\u043d\u044b \u0431\u044b\u043b\u0456 \u0448\u0447\u0430\u0441\u043b\u0456\u0432\u044b\u044f \u0437 *\u0441\u0430\u0431\u043e\u044e*. (Hint: Reflexivt pronomen i instrumentalis)<br \/>\n6. \u0401\u043d \u0433\u0430\u0432\u043e\u0440\u044b\u0446\u044c \u043f\u0440\u0430 *\u0441\u0435\u0431\u0435* \u0437 \u0432\u044f\u043b\u0456\u043a\u0430\u0439 \u043f\u0430\u0432\u0430\u0433\u0430\u0439. (Hint: Reflexivt pronomen i lokativ)<br \/>\n7. \u041c\u044b \u0431\u0430\u0447\u044b\u043c *\u0441\u044f\u0431\u0435* \u045e \u043b\u044e\u0441\u0442\u044d\u0440\u043a\u0443 \u043a\u043e\u0436\u043d\u044b \u0440\u0430\u043d\u0430\u043a. (Hint: Reflexivt pronomen i ackusativ, plural)<br \/>\n8. \u0422\u044b \u043f\u0430\u0432\u0456\u043d\u0435\u043d \u043b\u044e\u0431\u0456\u0446\u044c \u0456 \u043f\u0430\u0432\u0430\u0436\u0430\u0446\u044c *\u0441\u0435\u0431\u044f*. (Hint: Reflexivt pronomen i ackusativ, maskulinum)<br \/>\n9. \u042f \u0445\u0430\u0447\u0443 \u0437\u0440\u0430\u0431\u0456\u0446\u044c \u043d\u0435\u0448\u0442\u0430 \u0434\u043b\u044f *\u0441\u0435\u0431\u044f*. (Hint: Reflexivt pronomen i genitiv)<br \/>\n10. \u042f\u043d\u044b \u0434\u0443\u043c\u0430\u043b\u0456 \u043f\u0440\u0430 *\u0441\u0435\u0431\u044f* \u043f\u0435\u0440\u0430\u0434 \u0442\u044b\u043c, \u044f\u043a \u043f\u0440\u044b\u043d\u044f\u0446\u044c \u0440\u0430\u0448\u044d\u043d\u043d\u0435. (Hint: Reflexivt pronomen i lokativ plural)\n<\/div>\n<div class=\"exercise\"><\/div>\n<h3>Reflexiva pronomen\u00f6vningar f\u00f6r vitryska grammatik \u2013 \u00d6vning 2<\/h3>\n<div class=\"input_sentences\">\n1. \u042f \u045e\u043c\u044b\u0432\u0430\u044e *\u0441\u044f* \u043a\u043e\u0436\u043d\u0430\u0435 \u0440\u0430\u043d\u0456\u0446\u0443. (Hint: Reflexivt pronomen i f\u00f6rsta person singular)<br \/>\n2. \u0422\u044b \u043f\u0430\u0432\u0456\u043d\u0435\u043d \u043f\u0430\u0432\u0430\u0436\u0430\u0446\u044c *\u0441\u044f\u0431\u0435* \u0456 \u0456\u043d\u0448\u044b\u0445. (Hint: Reflexivt pronomen i andra person singular)<br \/>\n3. \u0401\u043d \u0447\u0430\u0441\u0442\u0430 \u0433\u0430\u0432\u043e\u0440\u044b\u0446\u044c \u043f\u0440\u0430 *\u0441\u044f\u0431\u0435*. (Hint: Reflexivt pronomen i tredje person singular)<br \/>\n4. \u041c\u044b \u043b\u044e\u0431\u0456\u043c \u0434\u0430\u043f\u0430\u043c\u0430\u0433\u0430\u0446\u044c *\u0441\u044f\u0431\u0435* \u0456 \u0441\u044f\u0431\u0440\u0430\u043c. (Hint: Reflexivt pronomen i f\u00f6rsta person plural)<br \/>\n5. \u0412\u044b \u0437\u0430\u045e\u0441\u0451\u0434\u044b \u043f\u0430\u0432\u0456\u043d\u043d\u044b \u043a\u043b\u0430\u043f\u0430\u0446\u0456\u0446\u0446\u0430 \u043f\u0440\u0430 *\u0441\u0435\u0431\u044f*. (Hint: Reflexivt pronomen i andra person plural)<br \/>\n6. \u042f\u043d\u044b \u0447\u0430\u0441\u0442\u0430 \u0441\u0443\u0441\u0442\u0440\u0430\u043a\u0430\u044e\u0446\u0446\u0430, \u043a\u0430\u0431 \u043f\u0430\u0433\u0430\u0432\u0430\u0440\u044b\u0446\u044c \u043f\u0440\u0430 *\u0441\u0435\u0431\u044f*. (Hint: Reflexivt pronomen i tredje person plural)<br \/>\n7. \u0422\u044b \u043f\u0430\u0432\u0456\u043d\u0435\u043d \u043d\u0430\u0432\u0443\u0447\u044b\u0446\u0446\u0430 \u043a\u0430\u043d\u0442\u0440\u0430\u043b\u044f\u0432\u0430\u0446\u044c *\u0441\u044f\u0431\u0435* \u045e \u0441\u043a\u043b\u0430\u0434\u0430\u043d\u044b\u0445 \u0441\u0456\u0442\u0443\u0430\u0446\u044b\u044f\u0445. (Hint: Reflexivt pronomen i andra person singular)<br \/>\n8. \u0401\u043d \u0437\u0430\u045e\u0441\u0451\u0434\u044b \u043f\u0430\u0434\u0442\u0440\u044b\u043c\u043b\u0456\u0432\u0430\u0435 *\u0441\u044f\u0431\u0435* \u045e \u0446\u044f\u0436\u043a\u0456\u044f \u043c\u043e\u043c\u0430\u043d\u0442\u044b. (Hint: Reflexivt pronomen i tredje person maskulinum singular)<br \/>\n9. \u041c\u044b \u0447\u0430\u0441\u0442\u0430 \u0440\u0430\u0437\u0432\u0430\u0436\u0430\u0435\u043c \u043f\u0440\u0430 *\u0441\u0435\u0431\u044f* \u0456 \u0441\u0432\u0430\u0451 \u0436\u044b\u0446\u0446\u0451. (Hint: Reflexivt pronomen i f\u00f6rsta person plural)<br \/>\n10. \u042f\u043d\u044b \u043f\u0430\u0432\u0456\u043d\u043d\u044b \u043b\u044e\u0431\u0456\u0446\u044c \u0456 \u043f\u0430\u0432\u0430\u0436\u0430\u0446\u044c *\u0441\u044f\u0431\u0435*. (Hint: Reflexivt pronomen i tredje person plural)\n<\/div>\n<div class=\"exercise\"><\/div>\n","protected":false},"featured_media":1527916,"parent":0,"menu_order":0,"template":"","exercise_language":[16523,16509],"class_list":["post-1140470","grammar_exercises","type-grammar_exercises","status-publish","has-post-thumbnail","hentry","exercise_language-pronomen-vitrysk-grammatik","exercise_language-vitryska-ovningar"],"acf":[],"yoast_head":"<!-- This site is optimized with the Yoast SEO Premium plugin v27.2 (Yoast SEO v27.2) - https:\/\/yoast.com\/product\/yoast-seo-premium-wordpress\/ -->\n<title>Reflexiva pronomen\u00f6vningar f\u00f6r vitryska grammatik - Talkpal<\/title>\n<meta name=\"description\" content=\"Reflexiva pronomen anv\u00e4nds i vitryska f\u00f6r att visa att subjektet och objektet i en mening \u00e4r samma person eller sak. I dessa \u00f6vningar ska du tr\u00e4na p\u00e5 att\" \/>\n<meta name=\"robots\" content=\"index, follow, max-snippet:-1, max-image-preview:large, max-video-preview:-1\" \/>\n<link rel=\"canonical\" href=\"https:\/\/talkpal.ai\/sv\/grammar_exercises\/reflexiva-pronomenovningar-for-vitryska-grammatik\/\" \/>\n<meta property=\"og:locale\" content=\"sv_SE\" \/>\n<meta property=\"og:type\" content=\"article\" \/>\n<meta property=\"og:title\" content=\"Reflexiva pronomen\u00f6vningar f\u00f6r vitryska grammatik\" \/>\n<meta property=\"og:description\" content=\"Reflexiva pronomen anv\u00e4nds i vitryska f\u00f6r att visa att subjektet och objektet i en mening \u00e4r samma person eller sak. I dessa \u00f6vningar ska du tr\u00e4na p\u00e5 att\" \/>\n<meta property=\"og:url\" content=\"https:\/\/talkpal.ai\/sv\/grammar_exercises\/reflexiva-pronomenovningar-for-vitryska-grammatik\/\" \/>\n<meta property=\"og:site_name\" content=\"Talkpal\" \/>\n<meta property=\"article:publisher\" content=\"https:\/\/www.facebook.com\/profile.php?id=100090733639311\" \/>\n<meta property=\"og:image\" content=\"https:\/\/talkpal.ai\/wp-content\/uploads\/2025\/02\/Progress-tab-16_9.png\" \/>\n\t<meta property=\"og:image:width\" content=\"2880\" \/>\n\t<meta property=\"og:image:height\" content=\"1620\" \/>\n\t<meta property=\"og:image:type\" content=\"image\/png\" \/>\n<meta name=\"twitter:card\" content=\"summary_large_image\" \/>\n<meta name=\"twitter:site\" content=\"@talkpalai\" \/>\n<meta name=\"twitter:label1\" content=\"Ber\u00e4knad l\u00e4stid\" \/>\n\t<meta name=\"twitter:data1\" content=\"1 minut\" \/>\n<script type=\"application\/ld+json\" class=\"yoast-schema-graph\">{\"@context\":\"https:\/\/schema.org\",\"@graph\":[{\"@type\":\"WebPage\",\"@id\":\"https:\/\/talkpal.ai\/sv\/grammar_exercises\/reflexiva-pronomenovningar-for-vitryska-grammatik\/\",\"url\":\"https:\/\/talkpal.ai\/sv\/grammar_exercises\/reflexiva-pronomenovningar-for-vitryska-grammatik\/\",\"name\":\"Reflexiva pronomen\u00f6vningar f\u00f6r vitryska grammatik - Talkpal\",\"isPartOf\":{\"@id\":\"https:\/\/talkpal.ai\/sv\/#website\"},\"primaryImageOfPage\":{\"@id\":\"https:\/\/talkpal.ai\/sv\/grammar_exercises\/reflexiva-pronomenovningar-for-vitryska-grammatik\/#primaryimage\"},\"image\":{\"@id\":\"https:\/\/talkpal.ai\/sv\/grammar_exercises\/reflexiva-pronomenovningar-for-vitryska-grammatik\/#primaryimage\"},\"thumbnailUrl\":\"https:\/\/talkpal.ai\/wp-content\/uploads\/2025\/12\/student-studies-hard-learning-languages.webp\",\"datePublished\":\"2025-07-06T09:33:51+00:00\",\"description\":\"Reflexiva pronomen anv\u00e4nds i vitryska f\u00f6r att visa att subjektet och objektet i en mening \u00e4r samma person eller sak. I dessa \u00f6vningar ska du tr\u00e4na p\u00e5 att\",\"breadcrumb\":{\"@id\":\"https:\/\/talkpal.ai\/sv\/grammar_exercises\/reflexiva-pronomenovningar-for-vitryska-grammatik\/#breadcrumb\"},\"inLanguage\":\"sv-SE\",\"potentialAction\":[{\"@type\":\"ReadAction\",\"target\":[\"https:\/\/talkpal.ai\/sv\/grammar_exercises\/reflexiva-pronomenovningar-for-vitryska-grammatik\/\"]}]},{\"@type\":\"ImageObject\",\"inLanguage\":\"sv-SE\",\"@id\":\"https:\/\/talkpal.ai\/sv\/grammar_exercises\/reflexiva-pronomenovningar-for-vitryska-grammatik\/#primaryimage\",\"url\":\"https:\/\/talkpal.ai\/wp-content\/uploads\/2025\/12\/student-studies-hard-learning-languages.webp\",\"contentUrl\":\"https:\/\/talkpal.ai\/wp-content\/uploads\/2025\/12\/student-studies-hard-learning-languages.webp\",\"width\":1200,\"height\":896,\"caption\":\"A woman writes in her textbook for the purpose of learning languages at a bright library desk.\"},{\"@type\":\"BreadcrumbList\",\"@id\":\"https:\/\/talkpal.ai\/sv\/grammar_exercises\/reflexiva-pronomenovningar-for-vitryska-grammatik\/#breadcrumb\",\"itemListElement\":[{\"@type\":\"ListItem\",\"position\":1,\"name\":\"Homepage\",\"item\":\"https:\/\/talkpal.ai\/sv\/\"},{\"@type\":\"ListItem\",\"position\":2,\"name\":\"Reflexiva pronomen\u00f6vningar f\u00f6r vitryska grammatik\"}]},{\"@type\":\"WebSite\",\"@id\":\"https:\/\/talkpal.ai\/sv\/#website\",\"url\":\"https:\/\/talkpal.ai\/sv\/\",\"name\":\"Talkpal\",\"description\":\"AI Language Learning\",\"publisher\":{\"@id\":\"https:\/\/talkpal.ai\/sv\/#organization\"},\"alternateName\":\"Talkpal AI\",\"potentialAction\":[{\"@type\":\"SearchAction\",\"target\":{\"@type\":\"EntryPoint\",\"urlTemplate\":\"https:\/\/talkpal.ai\/sv\/?s={search_term_string}\"},\"query-input\":{\"@type\":\"PropertyValueSpecification\",\"valueRequired\":true,\"valueName\":\"search_term_string\"}}],\"inLanguage\":\"sv-SE\"},{\"@type\":\"Organization\",\"@id\":\"https:\/\/talkpal.ai\/sv\/#organization\",\"name\":\"Talkpal, Inc.\",\"alternateName\":\"Talkpal AI\",\"url\":\"https:\/\/talkpal.ai\/sv\/\",\"logo\":{\"@type\":\"ImageObject\",\"inLanguage\":\"sv-SE\",\"@id\":\"https:\/\/talkpal.ai\/sv\/#\/schema\/logo\/image\/\",\"url\":\"https:\/\/talkpal.ai\/wp-content\/uploads\/2024\/03\/Talkpal-Logo-Icon.png\",\"contentUrl\":\"https:\/\/talkpal.ai\/wp-content\/uploads\/2024\/03\/Talkpal-Logo-Icon.png\",\"width\":2880,\"height\":2880,\"caption\":\"Talkpal, Inc.\"},\"image\":{\"@id\":\"https:\/\/talkpal.ai\/sv\/#\/schema\/logo\/image\/\"},\"sameAs\":[\"https:\/\/www.facebook.com\/profile.php?id=100090733639311\",\"https:\/\/x.com\/talkpalai\",\"https:\/\/www.linkedin.com\/company\/talkpal\/\",\"https:\/\/www.youtube.com\/@TalkPal\/\",\"https:\/\/www.tiktok.com\/@talkpal\",\"https:\/\/www.instagram.com\/talkpal_ai\/\",\"https:\/\/www.crunchbase.com\/organization\/talkpal-9cde\",\"https:\/\/www.g2.com\/products\/talkpal-for-business\/\",\"https:\/\/www.trustpilot.com\/review\/talkpal.ai\",\"https:\/\/www.capterra.com\/p\/10006800\/TalkPal\/\"],\"description\":\"Talkpal is a language learning web and mobile education app, powered by the latest AI technologies, that provides engaging experiences to its customers in many different languages to help them improve their language skills. Users can chat about unlimited amount of topics with the app and use other modes to practice their language learning.\",\"email\":\"support@talkpal.ai\",\"legalName\":\"Talkpal, Inc.\",\"foundingDate\":\"2023-04-03\",\"duns\":\"118989042\",\"numberOfEmployees\":{\"@type\":\"QuantitativeValue\",\"minValue\":\"11\",\"maxValue\":\"50\"},\"publishingPrinciples\":\"https:\/\/talkpal.ai\/publishing-principles\/\",\"actionableFeedbackPolicy\":\"https:\/\/talkpal.ai\/actionable-feedback-policy\/\",\"correctionsPolicy\":\"https:\/\/talkpal.ai\/corrections-policy\/\",\"ethicsPolicy\":\"https:\/\/talkpal.ai\/ethics-policy\/\",\"diversityPolicy\":\"https:\/\/talkpal.ai\/diversity-policy\/\",\"diversityStaffingReport\":\"https:\/\/talkpal.ai\/diversity-policy\/\"}]}<\/script>\n<!-- \/ Yoast SEO Premium plugin. -->","yoast_head_json":{"title":"Reflexiva pronomen\u00f6vningar f\u00f6r vitryska grammatik - Talkpal","description":"Reflexiva pronomen anv\u00e4nds i vitryska f\u00f6r att visa att subjektet och objektet i en mening \u00e4r samma person eller sak. I dessa \u00f6vningar ska du tr\u00e4na p\u00e5 att","robots":{"index":"index","follow":"follow","max-snippet":"max-snippet:-1","max-image-preview":"max-image-preview:large","max-video-preview":"max-video-preview:-1"},"canonical":"https:\/\/talkpal.ai\/sv\/grammar_exercises\/reflexiva-pronomenovningar-for-vitryska-grammatik\/","og_locale":"sv_SE","og_type":"article","og_title":"Reflexiva pronomen\u00f6vningar f\u00f6r vitryska grammatik","og_description":"Reflexiva pronomen anv\u00e4nds i vitryska f\u00f6r att visa att subjektet och objektet i en mening \u00e4r samma person eller sak. I dessa \u00f6vningar ska du tr\u00e4na p\u00e5 att","og_url":"https:\/\/talkpal.ai\/sv\/grammar_exercises\/reflexiva-pronomenovningar-for-vitryska-grammatik\/","og_site_name":"Talkpal","article_publisher":"https:\/\/www.facebook.com\/profile.php?id=100090733639311","og_image":[{"width":2880,"height":1620,"url":"https:\/\/talkpal.ai\/wp-content\/uploads\/2025\/02\/Progress-tab-16_9.png","type":"image\/png"}],"twitter_card":"summary_large_image","twitter_site":"@talkpalai","twitter_misc":{"Ber\u00e4knad l\u00e4stid":"1 minut"},"schema":{"@context":"https:\/\/schema.org","@graph":[{"@type":"WebPage","@id":"https:\/\/talkpal.ai\/sv\/grammar_exercises\/reflexiva-pronomenovningar-for-vitryska-grammatik\/","url":"https:\/\/talkpal.ai\/sv\/grammar_exercises\/reflexiva-pronomenovningar-for-vitryska-grammatik\/","name":"Reflexiva pronomen\u00f6vningar f\u00f6r vitryska grammatik - Talkpal","isPartOf":{"@id":"https:\/\/talkpal.ai\/sv\/#website"},"primaryImageOfPage":{"@id":"https:\/\/talkpal.ai\/sv\/grammar_exercises\/reflexiva-pronomenovningar-for-vitryska-grammatik\/#primaryimage"},"image":{"@id":"https:\/\/talkpal.ai\/sv\/grammar_exercises\/reflexiva-pronomenovningar-for-vitryska-grammatik\/#primaryimage"},"thumbnailUrl":"https:\/\/talkpal.ai\/wp-content\/uploads\/2025\/12\/student-studies-hard-learning-languages.webp","datePublished":"2025-07-06T09:33:51+00:00","description":"Reflexiva pronomen anv\u00e4nds i vitryska f\u00f6r att visa att subjektet och objektet i en mening \u00e4r samma person eller sak. I dessa \u00f6vningar ska du tr\u00e4na p\u00e5 att","breadcrumb":{"@id":"https:\/\/talkpal.ai\/sv\/grammar_exercises\/reflexiva-pronomenovningar-for-vitryska-grammatik\/#breadcrumb"},"inLanguage":"sv-SE","potentialAction":[{"@type":"ReadAction","target":["https:\/\/talkpal.ai\/sv\/grammar_exercises\/reflexiva-pronomenovningar-for-vitryska-grammatik\/"]}]},{"@type":"ImageObject","inLanguage":"sv-SE","@id":"https:\/\/talkpal.ai\/sv\/grammar_exercises\/reflexiva-pronomenovningar-for-vitryska-grammatik\/#primaryimage","url":"https:\/\/talkpal.ai\/wp-content\/uploads\/2025\/12\/student-studies-hard-learning-languages.webp","contentUrl":"https:\/\/talkpal.ai\/wp-content\/uploads\/2025\/12\/student-studies-hard-learning-languages.webp","width":1200,"height":896,"caption":"A woman writes in her textbook for the purpose of learning languages at a bright library desk."},{"@type":"BreadcrumbList","@id":"https:\/\/talkpal.ai\/sv\/grammar_exercises\/reflexiva-pronomenovningar-for-vitryska-grammatik\/#breadcrumb","itemListElement":[{"@type":"ListItem","position":1,"name":"Homepage","item":"https:\/\/talkpal.ai\/sv\/"},{"@type":"ListItem","position":2,"name":"Reflexiva pronomen\u00f6vningar f\u00f6r vitryska grammatik"}]},{"@type":"WebSite","@id":"https:\/\/talkpal.ai\/sv\/#website","url":"https:\/\/talkpal.ai\/sv\/","name":"Talkpal","description":"AI Language Learning","publisher":{"@id":"https:\/\/talkpal.ai\/sv\/#organization"},"alternateName":"Talkpal AI","potentialAction":[{"@type":"SearchAction","target":{"@type":"EntryPoint","urlTemplate":"https:\/\/talkpal.ai\/sv\/?s={search_term_string}"},"query-input":{"@type":"PropertyValueSpecification","valueRequired":true,"valueName":"search_term_string"}}],"inLanguage":"sv-SE"},{"@type":"Organization","@id":"https:\/\/talkpal.ai\/sv\/#organization","name":"Talkpal, Inc.","alternateName":"Talkpal AI","url":"https:\/\/talkpal.ai\/sv\/","logo":{"@type":"ImageObject","inLanguage":"sv-SE","@id":"https:\/\/talkpal.ai\/sv\/#\/schema\/logo\/image\/","url":"https:\/\/talkpal.ai\/wp-content\/uploads\/2024\/03\/Talkpal-Logo-Icon.png","contentUrl":"https:\/\/talkpal.ai\/wp-content\/uploads\/2024\/03\/Talkpal-Logo-Icon.png","width":2880,"height":2880,"caption":"Talkpal, Inc."},"image":{"@id":"https:\/\/talkpal.ai\/sv\/#\/schema\/logo\/image\/"},"sameAs":["https:\/\/www.facebook.com\/profile.php?id=100090733639311","https:\/\/x.com\/talkpalai","https:\/\/www.linkedin.com\/company\/talkpal\/","https:\/\/www.youtube.com\/@TalkPal\/","https:\/\/www.tiktok.com\/@talkpal","https:\/\/www.instagram.com\/talkpal_ai\/","https:\/\/www.crunchbase.com\/organization\/talkpal-9cde","https:\/\/www.g2.com\/products\/talkpal-for-business\/","https:\/\/www.trustpilot.com\/review\/talkpal.ai","https:\/\/www.capterra.com\/p\/10006800\/TalkPal\/"],"description":"Talkpal is a language learning web and mobile education app, powered by the latest AI technologies, that provides engaging experiences to its customers in many different languages to help them improve their language skills. Users can chat about unlimited amount of topics with the app and use other modes to practice their language learning.","email":"support@talkpal.ai","legalName":"Talkpal, Inc.","foundingDate":"2023-04-03","duns":"118989042","numberOfEmployees":{"@type":"QuantitativeValue","minValue":"11","maxValue":"50"},"publishingPrinciples":"https:\/\/talkpal.ai\/publishing-principles\/","actionableFeedbackPolicy":"https:\/\/talkpal.ai\/actionable-feedback-policy\/","correctionsPolicy":"https:\/\/talkpal.ai\/corrections-policy\/","ethicsPolicy":"https:\/\/talkpal.ai\/ethics-policy\/","diversityPolicy":"https:\/\/talkpal.ai\/diversity-policy\/","diversityStaffingReport":"https:\/\/talkpal.ai\/diversity-policy\/"}]}},"_links":{"self":[{"href":"https:\/\/talkpal.ai\/sv\/wp-json\/wp\/v2\/grammar_exercises\/1140470","targetHints":{"allow":["GET"]}}],"collection":[{"href":"https:\/\/talkpal.ai\/sv\/wp-json\/wp\/v2\/grammar_exercises"}],"about":[{"href":"https:\/\/talkpal.ai\/sv\/wp-json\/wp\/v2\/types\/grammar_exercises"}],"wp:featuredmedia":[{"embeddable":true,"href":"https:\/\/talkpal.ai\/sv\/wp-json\/wp\/v2\/media\/1527916"}],"wp:attachment":[{"href":"https:\/\/talkpal.ai\/sv\/wp-json\/wp\/v2\/media?parent=1140470"}],"wp:term":[{"taxonomy":"exercise_language","embeddable":true,"href":"https:\/\/talkpal.ai\/sv\/wp-json\/wp\/v2\/exercise_language?post=1140470"}],"curies":[{"name":"wp","href":"https:\/\/api.w.org\/{rel}","templated":true}]}}