{"id":1140449,"date":"2025-07-06T09:33:30","date_gmt":"2025-07-06T09:33:30","guid":{"rendered":"https:\/\/talkpal.ai\/grammar_exercises\/reflexiva-verbovningar-for-vitryska-grammatik\/"},"modified":"2025-07-06T09:33:30","modified_gmt":"2025-07-06T09:33:30","slug":"reflexiva-verbovningar-for-vitryska-grammatik","status":"publish","type":"grammar_exercises","link":"https:\/\/talkpal.ai\/sv\/grammar_exercises\/reflexiva-verbovningar-for-vitryska-grammatik\/","title":{"rendered":"Reflexiva verb\u00f6vningar f\u00f6r vitryska grammatik"},"content":{"rendered":"<p><a href=\"https:\/\/talkpal.ai\/sv\/grammar\/reflexiva-verb-i-letisk-grammatik\/\">Reflexiva verb<\/a> \u00e4r verb d\u00e4r subjektet och objektet \u00e4r samma person eller sak, vilket ofta uttrycks med reflexiva pronomen. I <a href=\"https:\/\/talkpal.ai\/learn-belarusian\/\">vitryska<\/a> anv\u00e4nds <a href=\"https:\/\/talkpal.ai\/sv\/grammar\/reflexiva-verb-i-letisk-grammatik\/\">reflexiva verb<\/a> f\u00f6r att visa att handlingen riktas tillbaka mot den som utf\u00f6r den. \u00d6vningarna nedan hj\u00e4lper dig att tr\u00e4na p\u00e5 korrekt anv\u00e4ndning av reflexiva verb i vitryska meningar.<\/p>\n<h3>Reflexiva verb\u00f6vningar \u2013 Del 1<\/h3>\n<div class=\"input_sentences\">\n1. Jag *\u043c\u044b\u044e\u0441\u044f* varje morgon. (Verb: att tv\u00e4tta sig)<br \/>\n2. Hon *\u043e\u0434\u0437i\u0440\u0430\u0435\u0446\u0446\u0430* n\u00e4r hon g\u00e5r \u00f6ver gatan. (Verb: att titta sig omkring)<br \/>\n3. De *\u0430\u0434\u043f\u0430\u0447\u044b\u0432\u0430\u044e\u0446\u044c* p\u00e5 stranden. (Verb: att vila sig)<br \/>\n4. Vi *\u0430\u043f\u0440\u0430\u043d\u0430\u0435\u043c\u0441\u044f* snabbt f\u00f6r skolan. (Verb: att <a href=\"https:\/\/talkpal.ai\/culture\/what-is-the-difference-between-kla-pa-sig-and-ta-pa-sig\/\">kl\u00e4 p\u00e5 sig<\/a>)<br \/>\n5. Du *\u043f\u0430\u0434\u0440\u044b\u0445\u0442\u043e\u045e\u0432\u0430\u0435\u0448\u0441\u044f* till provet. (Verb: att f\u00f6rbereda sig)<br \/>\n6. Barnen *\u0433\u0440\u0430\u044e\u0446\u0446\u0430* i parken. (Verb: att leka sig)<br \/>\n7. Han *\u0441\u043c\u0435\u0435\u0446\u0446\u0430* \u00e5t sk\u00e4mtet. (Verb: att skratta sig)<br \/>\n8. Jag *\u043f\u0430\u0446\u0430\u043b\u0443\u044e\u0441\u044f* med min v\u00e4n. (Verb: att kyssa sig)<br \/>\n9. Ni *\u043f\u0440\u044b\u0433\u0430\u0435\u0446\u0435* h\u00f6gt p\u00e5 studsmattan. (Verb: att hoppa sig)<br \/>\n10. Hon *\u045e\u043c\u044b\u0432\u0430\u0435\u0446\u0446\u0430* innan hon g\u00e5r och l\u00e4gger sig. (Verb: att tv\u00e4tta sig i ansiktet)\n<\/div>\n<div class=\"exercise\"><\/div>\n<h3>Reflexiva verb\u00f6vningar \u2013 Del 2<\/h3>\n<div class=\"input_sentences\">\n1. Vi *\u0440\u0430\u0448\u044b\u043c\u0441\u044f* om semesterresan. (Verb: att best\u00e4mma sig)<br \/>\n2. Du *\u043f\u0430\u0447\u044b\u043d\u0430\u0435\u0448\u0441\u044f* \u0440\u0430\u043d\u0430 \u043f\u0440\u0430\u0446\u0430\u0432\u0430\u0446\u044c. (Verb: att b\u00f6rja sig \u2013 anv\u00e4nd reflexivt f\u00f6r att uttrycka start)<br \/>\n3. Han *\u043f\u0430\u043c\u044f\u0442\u0430\u0435\u0446\u0446\u0430* \u043f\u0440\u0430 \u0441\u0443\u0441\u0442\u0440\u044d\u0447\u0443. (Verb: att minnas sig)<br \/>\n4. De *\u043f\u0440\u044b\u0432\u0456\u0442\u0430\u044e\u0446\u0446\u0430* \u0430\u0434\u0437\u0456\u043d \u0437 \u0430\u0434\u043d\u044b\u043c. (Verb: att h\u00e4lsa sig)<br \/>\n5. \u042f *\u0441\u043f\u044f\u0448\u0430\u044e\u0441\u044f* \u043d\u0430 \u0437\u0430\u043d\u044f\u0442\u043a\u0456. (Verb: att skynda sig)<br \/>\n6. \u0412\u044b *\u043f\u0440\u044b\u0433\u043b\u044f\u0434\u0430\u0435\u0446\u0435\u0441\u044f* \u0434\u0430 \u043d\u043e\u0432\u0430\u0433\u0430 \u043f\u0440\u0430\u0435\u043a\u0442\u0430. (Verb: att titta noga p\u00e5 sig)<br \/>\n7. \u042f\u043d\u0430 *\u0431\u0430\u044f\u0446\u0446\u0430* \u0441\u0430\u0431\u0430\u043a. (Verb: att vara r\u00e4dd f\u00f6r sig)<br \/>\n8. \u041c\u044b *\u043f\u0440\u044b\u0433\u0430\u0434\u0432\u0430\u0435\u043c\u0441\u044f* \u0434\u0437\u044f\u0446\u0456\u043d\u0441\u0442\u0432\u0443. (Verb: att minnas sig)<br \/>\n9. \u0422\u044b *\u0430\u0434\u0447\u0443\u0432\u0430\u0435\u0448\u0441\u044f* \u043b\u0435\u043f\u0448 \u043f\u0430\u0441\u043b\u044f \u0430\u0434\u043f\u0430\u0447\u044b\u043d\u043a\u0443. (Verb: att m\u00e5 sig)<br \/>\n10. \u0401\u043d *\u0441\u043f\u0440\u0430\u045e\u043b\u044f\u0435\u0446\u0446\u0430* \u0437 \u0437\u0430\u0434\u0430\u0447\u0430\u043c\u0456. (Verb: att klara sig)\n<\/div>\n<div class=\"exercise\"><\/div>\n","protected":false},"featured_media":1527762,"parent":0,"menu_order":0,"template":"","exercise_language":[16659,16509],"class_list":["post-1140449","grammar_exercises","type-grammar_exercises","status-publish","has-post-thumbnail","hentry","exercise_language-verb-vitrysk-grammatik","exercise_language-vitryska-ovningar"],"acf":[],"yoast_head":"<!-- This site is optimized with the Yoast SEO Premium plugin v27.2 (Yoast SEO v27.2) - https:\/\/yoast.com\/product\/yoast-seo-premium-wordpress\/ -->\n<title>Reflexiva verb\u00f6vningar f\u00f6r vitryska grammatik - Talkpal<\/title>\n<meta name=\"description\" content=\"Reflexiva verb \u00e4r verb d\u00e4r subjektet och objektet \u00e4r samma person eller sak, vilket ofta uttrycks med reflexiva pronomen. I vitryska anv\u00e4nds reflexiva\" \/>\n<meta name=\"robots\" content=\"index, follow, max-snippet:-1, max-image-preview:large, max-video-preview:-1\" \/>\n<link rel=\"canonical\" href=\"https:\/\/talkpal.ai\/sv\/grammar_exercises\/reflexiva-verbovningar-for-vitryska-grammatik\/\" \/>\n<meta property=\"og:locale\" content=\"sv_SE\" \/>\n<meta property=\"og:type\" content=\"article\" \/>\n<meta property=\"og:title\" content=\"Reflexiva verb\u00f6vningar f\u00f6r vitryska grammatik\" \/>\n<meta property=\"og:description\" content=\"Reflexiva verb \u00e4r verb d\u00e4r subjektet och objektet \u00e4r samma person eller sak, vilket ofta uttrycks med reflexiva pronomen. I vitryska anv\u00e4nds reflexiva\" \/>\n<meta property=\"og:url\" content=\"https:\/\/talkpal.ai\/sv\/grammar_exercises\/reflexiva-verbovningar-for-vitryska-grammatik\/\" \/>\n<meta property=\"og:site_name\" content=\"Talkpal\" \/>\n<meta property=\"article:publisher\" content=\"https:\/\/www.facebook.com\/profile.php?id=100090733639311\" \/>\n<meta property=\"og:image\" content=\"https:\/\/talkpal.ai\/wp-content\/uploads\/2025\/02\/Progress-tab-16_9.png\" \/>\n\t<meta property=\"og:image:width\" content=\"2880\" \/>\n\t<meta property=\"og:image:height\" content=\"1620\" \/>\n\t<meta property=\"og:image:type\" content=\"image\/png\" \/>\n<meta name=\"twitter:card\" content=\"summary_large_image\" \/>\n<meta name=\"twitter:site\" content=\"@talkpalai\" \/>\n<meta name=\"twitter:label1\" content=\"Ber\u00e4knad l\u00e4stid\" \/>\n\t<meta name=\"twitter:data1\" content=\"1 minut\" \/>\n<script type=\"application\/ld+json\" class=\"yoast-schema-graph\">{\"@context\":\"https:\/\/schema.org\",\"@graph\":[{\"@type\":\"WebPage\",\"@id\":\"https:\/\/talkpal.ai\/sv\/grammar_exercises\/reflexiva-verbovningar-for-vitryska-grammatik\/\",\"url\":\"https:\/\/talkpal.ai\/sv\/grammar_exercises\/reflexiva-verbovningar-for-vitryska-grammatik\/\",\"name\":\"Reflexiva verb\u00f6vningar f\u00f6r vitryska grammatik - Talkpal\",\"isPartOf\":{\"@id\":\"https:\/\/talkpal.ai\/sv\/#website\"},\"primaryImageOfPage\":{\"@id\":\"https:\/\/talkpal.ai\/sv\/grammar_exercises\/reflexiva-verbovningar-for-vitryska-grammatik\/#primaryimage\"},\"image\":{\"@id\":\"https:\/\/talkpal.ai\/sv\/grammar_exercises\/reflexiva-verbovningar-for-vitryska-grammatik\/#primaryimage\"},\"thumbnailUrl\":\"https:\/\/talkpal.ai\/wp-content\/uploads\/2025\/12\/man-at-library-table-learning-languages.webp\",\"datePublished\":\"2025-07-06T09:33:30+00:00\",\"description\":\"Reflexiva verb \u00e4r verb d\u00e4r subjektet och objektet \u00e4r samma person eller sak, vilket ofta uttrycks med reflexiva pronomen. I vitryska anv\u00e4nds reflexiva\",\"breadcrumb\":{\"@id\":\"https:\/\/talkpal.ai\/sv\/grammar_exercises\/reflexiva-verbovningar-for-vitryska-grammatik\/#breadcrumb\"},\"inLanguage\":\"sv-SE\",\"potentialAction\":[{\"@type\":\"ReadAction\",\"target\":[\"https:\/\/talkpal.ai\/sv\/grammar_exercises\/reflexiva-verbovningar-for-vitryska-grammatik\/\"]}]},{\"@type\":\"ImageObject\",\"inLanguage\":\"sv-SE\",\"@id\":\"https:\/\/talkpal.ai\/sv\/grammar_exercises\/reflexiva-verbovningar-for-vitryska-grammatik\/#primaryimage\",\"url\":\"https:\/\/talkpal.ai\/wp-content\/uploads\/2025\/12\/man-at-library-table-learning-languages.webp\",\"contentUrl\":\"https:\/\/talkpal.ai\/wp-content\/uploads\/2025\/12\/man-at-library-table-learning-languages.webp\",\"width\":1200,\"height\":896,\"caption\":\"A man sits at a long wooden table in a cathedral-style library while learning languages.\"},{\"@type\":\"BreadcrumbList\",\"@id\":\"https:\/\/talkpal.ai\/sv\/grammar_exercises\/reflexiva-verbovningar-for-vitryska-grammatik\/#breadcrumb\",\"itemListElement\":[{\"@type\":\"ListItem\",\"position\":1,\"name\":\"Homepage\",\"item\":\"https:\/\/talkpal.ai\/sv\/\"},{\"@type\":\"ListItem\",\"position\":2,\"name\":\"Reflexiva verb\u00f6vningar f\u00f6r vitryska grammatik\"}]},{\"@type\":\"WebSite\",\"@id\":\"https:\/\/talkpal.ai\/sv\/#website\",\"url\":\"https:\/\/talkpal.ai\/sv\/\",\"name\":\"Talkpal\",\"description\":\"AI Language Learning\",\"publisher\":{\"@id\":\"https:\/\/talkpal.ai\/sv\/#organization\"},\"alternateName\":\"Talkpal AI\",\"potentialAction\":[{\"@type\":\"SearchAction\",\"target\":{\"@type\":\"EntryPoint\",\"urlTemplate\":\"https:\/\/talkpal.ai\/sv\/?s={search_term_string}\"},\"query-input\":{\"@type\":\"PropertyValueSpecification\",\"valueRequired\":true,\"valueName\":\"search_term_string\"}}],\"inLanguage\":\"sv-SE\"},{\"@type\":\"Organization\",\"@id\":\"https:\/\/talkpal.ai\/sv\/#organization\",\"name\":\"Talkpal, Inc.\",\"alternateName\":\"Talkpal AI\",\"url\":\"https:\/\/talkpal.ai\/sv\/\",\"logo\":{\"@type\":\"ImageObject\",\"inLanguage\":\"sv-SE\",\"@id\":\"https:\/\/talkpal.ai\/sv\/#\/schema\/logo\/image\/\",\"url\":\"https:\/\/talkpal.ai\/wp-content\/uploads\/2024\/03\/Talkpal-Logo-Icon.png\",\"contentUrl\":\"https:\/\/talkpal.ai\/wp-content\/uploads\/2024\/03\/Talkpal-Logo-Icon.png\",\"width\":2880,\"height\":2880,\"caption\":\"Talkpal, Inc.\"},\"image\":{\"@id\":\"https:\/\/talkpal.ai\/sv\/#\/schema\/logo\/image\/\"},\"sameAs\":[\"https:\/\/www.facebook.com\/profile.php?id=100090733639311\",\"https:\/\/x.com\/talkpalai\",\"https:\/\/www.linkedin.com\/company\/talkpal\/\",\"https:\/\/www.youtube.com\/@TalkPal\/\",\"https:\/\/www.tiktok.com\/@talkpal\",\"https:\/\/www.instagram.com\/talkpal_ai\/\",\"https:\/\/www.crunchbase.com\/organization\/talkpal-9cde\",\"https:\/\/www.g2.com\/products\/talkpal-for-business\/\",\"https:\/\/www.trustpilot.com\/review\/talkpal.ai\",\"https:\/\/www.capterra.com\/p\/10006800\/TalkPal\/\"],\"description\":\"Talkpal is a language learning web and mobile education app, powered by the latest AI technologies, that provides engaging experiences to its customers in many different languages to help them improve their language skills. Users can chat about unlimited amount of topics with the app and use other modes to practice their language learning.\",\"email\":\"support@talkpal.ai\",\"legalName\":\"Talkpal, Inc.\",\"foundingDate\":\"2023-04-03\",\"duns\":\"118989042\",\"numberOfEmployees\":{\"@type\":\"QuantitativeValue\",\"minValue\":\"11\",\"maxValue\":\"50\"},\"publishingPrinciples\":\"https:\/\/talkpal.ai\/publishing-principles\/\",\"actionableFeedbackPolicy\":\"https:\/\/talkpal.ai\/actionable-feedback-policy\/\",\"correctionsPolicy\":\"https:\/\/talkpal.ai\/corrections-policy\/\",\"ethicsPolicy\":\"https:\/\/talkpal.ai\/ethics-policy\/\",\"diversityPolicy\":\"https:\/\/talkpal.ai\/diversity-policy\/\",\"diversityStaffingReport\":\"https:\/\/talkpal.ai\/diversity-policy\/\"}]}<\/script>\n<!-- \/ Yoast SEO Premium plugin. -->","yoast_head_json":{"title":"Reflexiva verb\u00f6vningar f\u00f6r vitryska grammatik - Talkpal","description":"Reflexiva verb \u00e4r verb d\u00e4r subjektet och objektet \u00e4r samma person eller sak, vilket ofta uttrycks med reflexiva pronomen. I vitryska anv\u00e4nds reflexiva","robots":{"index":"index","follow":"follow","max-snippet":"max-snippet:-1","max-image-preview":"max-image-preview:large","max-video-preview":"max-video-preview:-1"},"canonical":"https:\/\/talkpal.ai\/sv\/grammar_exercises\/reflexiva-verbovningar-for-vitryska-grammatik\/","og_locale":"sv_SE","og_type":"article","og_title":"Reflexiva verb\u00f6vningar f\u00f6r vitryska grammatik","og_description":"Reflexiva verb \u00e4r verb d\u00e4r subjektet och objektet \u00e4r samma person eller sak, vilket ofta uttrycks med reflexiva pronomen. I vitryska anv\u00e4nds reflexiva","og_url":"https:\/\/talkpal.ai\/sv\/grammar_exercises\/reflexiva-verbovningar-for-vitryska-grammatik\/","og_site_name":"Talkpal","article_publisher":"https:\/\/www.facebook.com\/profile.php?id=100090733639311","og_image":[{"width":2880,"height":1620,"url":"https:\/\/talkpal.ai\/wp-content\/uploads\/2025\/02\/Progress-tab-16_9.png","type":"image\/png"}],"twitter_card":"summary_large_image","twitter_site":"@talkpalai","twitter_misc":{"Ber\u00e4knad l\u00e4stid":"1 minut"},"schema":{"@context":"https:\/\/schema.org","@graph":[{"@type":"WebPage","@id":"https:\/\/talkpal.ai\/sv\/grammar_exercises\/reflexiva-verbovningar-for-vitryska-grammatik\/","url":"https:\/\/talkpal.ai\/sv\/grammar_exercises\/reflexiva-verbovningar-for-vitryska-grammatik\/","name":"Reflexiva verb\u00f6vningar f\u00f6r vitryska grammatik - Talkpal","isPartOf":{"@id":"https:\/\/talkpal.ai\/sv\/#website"},"primaryImageOfPage":{"@id":"https:\/\/talkpal.ai\/sv\/grammar_exercises\/reflexiva-verbovningar-for-vitryska-grammatik\/#primaryimage"},"image":{"@id":"https:\/\/talkpal.ai\/sv\/grammar_exercises\/reflexiva-verbovningar-for-vitryska-grammatik\/#primaryimage"},"thumbnailUrl":"https:\/\/talkpal.ai\/wp-content\/uploads\/2025\/12\/man-at-library-table-learning-languages.webp","datePublished":"2025-07-06T09:33:30+00:00","description":"Reflexiva verb \u00e4r verb d\u00e4r subjektet och objektet \u00e4r samma person eller sak, vilket ofta uttrycks med reflexiva pronomen. I vitryska anv\u00e4nds reflexiva","breadcrumb":{"@id":"https:\/\/talkpal.ai\/sv\/grammar_exercises\/reflexiva-verbovningar-for-vitryska-grammatik\/#breadcrumb"},"inLanguage":"sv-SE","potentialAction":[{"@type":"ReadAction","target":["https:\/\/talkpal.ai\/sv\/grammar_exercises\/reflexiva-verbovningar-for-vitryska-grammatik\/"]}]},{"@type":"ImageObject","inLanguage":"sv-SE","@id":"https:\/\/talkpal.ai\/sv\/grammar_exercises\/reflexiva-verbovningar-for-vitryska-grammatik\/#primaryimage","url":"https:\/\/talkpal.ai\/wp-content\/uploads\/2025\/12\/man-at-library-table-learning-languages.webp","contentUrl":"https:\/\/talkpal.ai\/wp-content\/uploads\/2025\/12\/man-at-library-table-learning-languages.webp","width":1200,"height":896,"caption":"A man sits at a long wooden table in a cathedral-style library while learning languages."},{"@type":"BreadcrumbList","@id":"https:\/\/talkpal.ai\/sv\/grammar_exercises\/reflexiva-verbovningar-for-vitryska-grammatik\/#breadcrumb","itemListElement":[{"@type":"ListItem","position":1,"name":"Homepage","item":"https:\/\/talkpal.ai\/sv\/"},{"@type":"ListItem","position":2,"name":"Reflexiva verb\u00f6vningar f\u00f6r vitryska grammatik"}]},{"@type":"WebSite","@id":"https:\/\/talkpal.ai\/sv\/#website","url":"https:\/\/talkpal.ai\/sv\/","name":"Talkpal","description":"AI Language Learning","publisher":{"@id":"https:\/\/talkpal.ai\/sv\/#organization"},"alternateName":"Talkpal AI","potentialAction":[{"@type":"SearchAction","target":{"@type":"EntryPoint","urlTemplate":"https:\/\/talkpal.ai\/sv\/?s={search_term_string}"},"query-input":{"@type":"PropertyValueSpecification","valueRequired":true,"valueName":"search_term_string"}}],"inLanguage":"sv-SE"},{"@type":"Organization","@id":"https:\/\/talkpal.ai\/sv\/#organization","name":"Talkpal, Inc.","alternateName":"Talkpal AI","url":"https:\/\/talkpal.ai\/sv\/","logo":{"@type":"ImageObject","inLanguage":"sv-SE","@id":"https:\/\/talkpal.ai\/sv\/#\/schema\/logo\/image\/","url":"https:\/\/talkpal.ai\/wp-content\/uploads\/2024\/03\/Talkpal-Logo-Icon.png","contentUrl":"https:\/\/talkpal.ai\/wp-content\/uploads\/2024\/03\/Talkpal-Logo-Icon.png","width":2880,"height":2880,"caption":"Talkpal, Inc."},"image":{"@id":"https:\/\/talkpal.ai\/sv\/#\/schema\/logo\/image\/"},"sameAs":["https:\/\/www.facebook.com\/profile.php?id=100090733639311","https:\/\/x.com\/talkpalai","https:\/\/www.linkedin.com\/company\/talkpal\/","https:\/\/www.youtube.com\/@TalkPal\/","https:\/\/www.tiktok.com\/@talkpal","https:\/\/www.instagram.com\/talkpal_ai\/","https:\/\/www.crunchbase.com\/organization\/talkpal-9cde","https:\/\/www.g2.com\/products\/talkpal-for-business\/","https:\/\/www.trustpilot.com\/review\/talkpal.ai","https:\/\/www.capterra.com\/p\/10006800\/TalkPal\/"],"description":"Talkpal is a language learning web and mobile education app, powered by the latest AI technologies, that provides engaging experiences to its customers in many different languages to help them improve their language skills. Users can chat about unlimited amount of topics with the app and use other modes to practice their language learning.","email":"support@talkpal.ai","legalName":"Talkpal, Inc.","foundingDate":"2023-04-03","duns":"118989042","numberOfEmployees":{"@type":"QuantitativeValue","minValue":"11","maxValue":"50"},"publishingPrinciples":"https:\/\/talkpal.ai\/publishing-principles\/","actionableFeedbackPolicy":"https:\/\/talkpal.ai\/actionable-feedback-policy\/","correctionsPolicy":"https:\/\/talkpal.ai\/corrections-policy\/","ethicsPolicy":"https:\/\/talkpal.ai\/ethics-policy\/","diversityPolicy":"https:\/\/talkpal.ai\/diversity-policy\/","diversityStaffingReport":"https:\/\/talkpal.ai\/diversity-policy\/"}]}},"_links":{"self":[{"href":"https:\/\/talkpal.ai\/sv\/wp-json\/wp\/v2\/grammar_exercises\/1140449","targetHints":{"allow":["GET"]}}],"collection":[{"href":"https:\/\/talkpal.ai\/sv\/wp-json\/wp\/v2\/grammar_exercises"}],"about":[{"href":"https:\/\/talkpal.ai\/sv\/wp-json\/wp\/v2\/types\/grammar_exercises"}],"wp:featuredmedia":[{"embeddable":true,"href":"https:\/\/talkpal.ai\/sv\/wp-json\/wp\/v2\/media\/1527762"}],"wp:attachment":[{"href":"https:\/\/talkpal.ai\/sv\/wp-json\/wp\/v2\/media?parent=1140449"}],"wp:term":[{"taxonomy":"exercise_language","embeddable":true,"href":"https:\/\/talkpal.ai\/sv\/wp-json\/wp\/v2\/exercise_language?post=1140449"}],"curies":[{"name":"wp","href":"https:\/\/api.w.org\/{rel}","templated":true}]}}