{"id":1140000,"date":"2025-07-06T09:25:56","date_gmt":"2025-07-06T09:25:56","guid":{"rendered":"https:\/\/talkpal.ai\/grammar_exercises\/pronomes-reflexivos-ovningar-for-portugisisk-grammatik\/"},"modified":"2025-07-06T09:25:56","modified_gmt":"2025-07-06T09:25:56","slug":"pronomes-reflexivos-ovningar-for-portugisisk-grammatik","status":"publish","type":"grammar_exercises","link":"https:\/\/talkpal.ai\/sv\/grammar_exercises\/pronomes-reflexivos-ovningar-for-portugisisk-grammatik\/","title":{"rendered":"Pronomes Reflexivos \u00d6vningar f\u00f6r portugisisk grammatik"},"content":{"rendered":"<p><a href=\"https:\/\/talkpal.ai\/grammar\/pronomes-reflexivos-in-portuguese-grammar\/\">Pronomes reflexivos<\/a> anv\u00e4nds p\u00e5 <a href=\"https:\/\/talkpal.ai\/learn-portuguese\/\">portugisiska<\/a> f\u00f6r att visa att subjektet i en sats utf\u00f6r handlingen p\u00e5 sig sj\u00e4lv. Dessa pronomen \u00e4r viktiga f\u00f6r att uttrycka handlingar d\u00e4r personen g\u00f6r n\u00e5got \u00e5t sig sj\u00e4lv, till exempel &#8221;lavar-se&#8221; (att tv\u00e4tta sig). I denna \u00f6vning kommer du att \u00f6va p\u00e5 att anv\u00e4nda r\u00e4tt reflexivt pronomen i olika meningar.<\/p>\n<h3>Pronomes Reflexivos \u00d6vning 1<\/h3>\n<div class=\"input_sentences\">\n1. Eu sempre *me* acordo cedo. (Reflexivt pronomen f\u00f6r &#8221;jag&#8221;)<br \/>\n2. Tu precisas de *te* concentrar mais. (Reflexivt pronomen f\u00f6r &#8221;du&#8221;)<br \/>\n3. Ele *se* veste rapidamente para o trabalho. (Reflexivt pronomen f\u00f6r &#8221;han&#8221;)<br \/>\n4. N\u00f3s gostamos de *nos* divertir no fim de semana. (Reflexivt pronomen f\u00f6r &#8221;vi&#8221;)<br \/>\n5. Voc\u00eas devem *se* preparar para o exame. (Reflexivt pronomen f\u00f6r &#8221;ni&#8221;)<br \/>\n6. Elas *se* maquiam antes de sair. (Reflexivt pronomen f\u00f6r &#8221;de&#8221; feminina)<br \/>\n7. Eu n\u00e3o quero *me* esquecer do compromisso. (Reflexivt pronomen f\u00f6r &#8221;jag&#8221;)<br \/>\n8. Tu vais *te* atrasar se n\u00e3o sa\u00edres agora. (Reflexivt pronomen f\u00f6r &#8221;du&#8221;)<br \/>\n9. Ela *se* sente feliz hoje. (Reflexivt pronomen f\u00f6r &#8221;hon&#8221;)<br \/>\n10. N\u00f3s *nos* encontramos no parque \u00e0 tarde. (Reflexivt pronomen f\u00f6r &#8221;vi&#8221;)\n<\/div>\n<div class=\"exercise\"><\/div>\n<h3>Pronomes Reflexivos \u00d6vning 2<\/h3>\n<div class=\"input_sentences\">\n1. Eu *me* cuido todos os dias. (Reflexivt pronomen f\u00f6r &#8221;jag&#8221;)<br \/>\n2. Tu *te* lembras daquela festa? (Reflexivt pronomen f\u00f6r &#8221;du&#8221;)<br \/>\n3. Ele *se* prepara para a apresenta\u00e7\u00e3o. (Reflexivt pronomen f\u00f6r &#8221;han&#8221;)<br \/>\n4. N\u00f3s *nos* vestimos para a festa de anivers\u00e1rio. (Reflexivt pronomen f\u00f6r &#8221;vi&#8221;)<br \/>\n5. Voc\u00eas *se* divertem muito no ver\u00e3o. (Reflexivt pronomen f\u00f6r &#8221;ni&#8221;)<br \/>\n6. Elas *se* encontram no caf\u00e9 depois da aula. (Reflexivt pronomen f\u00f6r &#8221;de&#8221; feminina)<br \/>\n7. Eu *me* sinto cansado hoje. (Reflexivt pronomen f\u00f6r &#8221;jag&#8221;)<br \/>\n8. Tu *te* preocupas com os estudos? (Reflexivt pronomen f\u00f6r &#8221;du&#8221;)<br \/>\n9. Ele *se* lava antes de dormir. (Reflexivt pronomen f\u00f6r &#8221;han&#8221;)<br \/>\n10. N\u00f3s *nos* ajudamos mutuamente no trabalho. (Reflexivt pronomen f\u00f6r &#8221;vi&#8221;)\n<\/div>\n<div class=\"exercise\"><\/div>\n","protected":false},"featured_media":1528083,"parent":0,"menu_order":0,"template":"","exercise_language":[16353,16367],"class_list":["post-1140000","grammar_exercises","type-grammar_exercises","status-publish","has-post-thumbnail","hentry","exercise_language-portugisiska-ovningar","exercise_language-pronomen-portugisisk-grammatik"],"acf":[],"yoast_head":"<!-- This site is optimized with the Yoast SEO Premium plugin v27.2 (Yoast SEO v27.2) - https:\/\/yoast.com\/product\/yoast-seo-premium-wordpress\/ -->\n<title>Pronomes Reflexivos \u00d6vningar f\u00f6r portugisisk grammatik - Talkpal<\/title>\n<meta name=\"description\" content=\"Pronomes reflexivos anv\u00e4nds p\u00e5 portugisiska f\u00f6r att visa att subjektet i en sats utf\u00f6r handlingen p\u00e5 sig sj\u00e4lv. Dessa pronomen \u00e4r viktiga f\u00f6r att uttrycka\" \/>\n<meta name=\"robots\" content=\"index, follow, max-snippet:-1, max-image-preview:large, max-video-preview:-1\" \/>\n<link rel=\"canonical\" href=\"https:\/\/talkpal.ai\/sv\/grammar_exercises\/pronomes-reflexivos-ovningar-for-portugisisk-grammatik\/\" \/>\n<meta property=\"og:locale\" content=\"sv_SE\" \/>\n<meta property=\"og:type\" content=\"article\" \/>\n<meta property=\"og:title\" content=\"Pronomes Reflexivos \u00d6vningar f\u00f6r portugisisk grammatik\" \/>\n<meta property=\"og:description\" content=\"Pronomes reflexivos anv\u00e4nds p\u00e5 portugisiska f\u00f6r att visa att subjektet i en sats utf\u00f6r handlingen p\u00e5 sig sj\u00e4lv. Dessa pronomen \u00e4r viktiga f\u00f6r att uttrycka\" \/>\n<meta property=\"og:url\" content=\"https:\/\/talkpal.ai\/sv\/grammar_exercises\/pronomes-reflexivos-ovningar-for-portugisisk-grammatik\/\" \/>\n<meta property=\"og:site_name\" content=\"Talkpal\" \/>\n<meta property=\"article:publisher\" content=\"https:\/\/www.facebook.com\/profile.php?id=100090733639311\" \/>\n<meta property=\"og:image\" content=\"https:\/\/talkpal.ai\/wp-content\/uploads\/2025\/02\/Progress-tab-16_9.png\" \/>\n\t<meta property=\"og:image:width\" content=\"2880\" \/>\n\t<meta property=\"og:image:height\" content=\"1620\" \/>\n\t<meta property=\"og:image:type\" content=\"image\/png\" \/>\n<meta name=\"twitter:card\" content=\"summary_large_image\" \/>\n<meta name=\"twitter:site\" content=\"@talkpalai\" \/>\n<meta name=\"twitter:label1\" content=\"Ber\u00e4knad l\u00e4stid\" \/>\n\t<meta name=\"twitter:data1\" content=\"2 minuter\" \/>\n<script type=\"application\/ld+json\" class=\"yoast-schema-graph\">{\"@context\":\"https:\/\/schema.org\",\"@graph\":[{\"@type\":\"WebPage\",\"@id\":\"https:\/\/talkpal.ai\/sv\/grammar_exercises\/pronomes-reflexivos-ovningar-for-portugisisk-grammatik\/\",\"url\":\"https:\/\/talkpal.ai\/sv\/grammar_exercises\/pronomes-reflexivos-ovningar-for-portugisisk-grammatik\/\",\"name\":\"Pronomes Reflexivos \u00d6vningar f\u00f6r portugisisk grammatik - Talkpal\",\"isPartOf\":{\"@id\":\"https:\/\/talkpal.ai\/sv\/#website\"},\"primaryImageOfPage\":{\"@id\":\"https:\/\/talkpal.ai\/sv\/grammar_exercises\/pronomes-reflexivos-ovningar-for-portugisisk-grammatik\/#primaryimage\"},\"image\":{\"@id\":\"https:\/\/talkpal.ai\/sv\/grammar_exercises\/pronomes-reflexivos-ovningar-for-portugisisk-grammatik\/#primaryimage\"},\"thumbnailUrl\":\"https:\/\/talkpal.ai\/wp-content\/uploads\/2025\/12\/woman-is-learning-languages-at-home.webp\",\"datePublished\":\"2025-07-06T09:25:56+00:00\",\"description\":\"Pronomes reflexivos anv\u00e4nds p\u00e5 portugisiska f\u00f6r att visa att subjektet i en sats utf\u00f6r handlingen p\u00e5 sig sj\u00e4lv. Dessa pronomen \u00e4r viktiga f\u00f6r att uttrycka\",\"breadcrumb\":{\"@id\":\"https:\/\/talkpal.ai\/sv\/grammar_exercises\/pronomes-reflexivos-ovningar-for-portugisisk-grammatik\/#breadcrumb\"},\"inLanguage\":\"sv-SE\",\"potentialAction\":[{\"@type\":\"ReadAction\",\"target\":[\"https:\/\/talkpal.ai\/sv\/grammar_exercises\/pronomes-reflexivos-ovningar-for-portugisisk-grammatik\/\"]}]},{\"@type\":\"ImageObject\",\"inLanguage\":\"sv-SE\",\"@id\":\"https:\/\/talkpal.ai\/sv\/grammar_exercises\/pronomes-reflexivos-ovningar-for-portugisisk-grammatik\/#primaryimage\",\"url\":\"https:\/\/talkpal.ai\/wp-content\/uploads\/2025\/12\/woman-is-learning-languages-at-home.webp\",\"contentUrl\":\"https:\/\/talkpal.ai\/wp-content\/uploads\/2025\/12\/woman-is-learning-languages-at-home.webp\",\"width\":1200,\"height\":896,\"caption\":\"A young woman uses her laptop for learning languages at a warm, lit desk at home.\"},{\"@type\":\"BreadcrumbList\",\"@id\":\"https:\/\/talkpal.ai\/sv\/grammar_exercises\/pronomes-reflexivos-ovningar-for-portugisisk-grammatik\/#breadcrumb\",\"itemListElement\":[{\"@type\":\"ListItem\",\"position\":1,\"name\":\"Homepage\",\"item\":\"https:\/\/talkpal.ai\/sv\/\"},{\"@type\":\"ListItem\",\"position\":2,\"name\":\"Pronomes Reflexivos \u00d6vningar f\u00f6r portugisisk grammatik\"}]},{\"@type\":\"WebSite\",\"@id\":\"https:\/\/talkpal.ai\/sv\/#website\",\"url\":\"https:\/\/talkpal.ai\/sv\/\",\"name\":\"Talkpal\",\"description\":\"AI Language Learning\",\"publisher\":{\"@id\":\"https:\/\/talkpal.ai\/sv\/#organization\"},\"alternateName\":\"Talkpal AI\",\"potentialAction\":[{\"@type\":\"SearchAction\",\"target\":{\"@type\":\"EntryPoint\",\"urlTemplate\":\"https:\/\/talkpal.ai\/sv\/?s={search_term_string}\"},\"query-input\":{\"@type\":\"PropertyValueSpecification\",\"valueRequired\":true,\"valueName\":\"search_term_string\"}}],\"inLanguage\":\"sv-SE\"},{\"@type\":\"Organization\",\"@id\":\"https:\/\/talkpal.ai\/sv\/#organization\",\"name\":\"Talkpal, Inc.\",\"alternateName\":\"Talkpal AI\",\"url\":\"https:\/\/talkpal.ai\/sv\/\",\"logo\":{\"@type\":\"ImageObject\",\"inLanguage\":\"sv-SE\",\"@id\":\"https:\/\/talkpal.ai\/sv\/#\/schema\/logo\/image\/\",\"url\":\"https:\/\/talkpal.ai\/wp-content\/uploads\/2024\/03\/Talkpal-Logo-Icon.png\",\"contentUrl\":\"https:\/\/talkpal.ai\/wp-content\/uploads\/2024\/03\/Talkpal-Logo-Icon.png\",\"width\":2880,\"height\":2880,\"caption\":\"Talkpal, Inc.\"},\"image\":{\"@id\":\"https:\/\/talkpal.ai\/sv\/#\/schema\/logo\/image\/\"},\"sameAs\":[\"https:\/\/www.facebook.com\/profile.php?id=100090733639311\",\"https:\/\/x.com\/talkpalai\",\"https:\/\/www.linkedin.com\/company\/talkpal\/\",\"https:\/\/www.youtube.com\/@TalkPal\/\",\"https:\/\/www.tiktok.com\/@talkpal\",\"https:\/\/www.instagram.com\/talkpal_ai\/\",\"https:\/\/www.crunchbase.com\/organization\/talkpal-9cde\",\"https:\/\/www.g2.com\/products\/talkpal-for-business\/\",\"https:\/\/www.trustpilot.com\/review\/talkpal.ai\",\"https:\/\/www.capterra.com\/p\/10006800\/TalkPal\/\"],\"description\":\"Talkpal is a language learning web and mobile education app, powered by the latest AI technologies, that provides engaging experiences to its customers in many different languages to help them improve their language skills. Users can chat about unlimited amount of topics with the app and use other modes to practice their language learning.\",\"email\":\"support@talkpal.ai\",\"legalName\":\"Talkpal, Inc.\",\"foundingDate\":\"2023-04-03\",\"duns\":\"118989042\",\"numberOfEmployees\":{\"@type\":\"QuantitativeValue\",\"minValue\":\"11\",\"maxValue\":\"50\"},\"publishingPrinciples\":\"https:\/\/talkpal.ai\/publishing-principles\/\",\"actionableFeedbackPolicy\":\"https:\/\/talkpal.ai\/actionable-feedback-policy\/\",\"correctionsPolicy\":\"https:\/\/talkpal.ai\/corrections-policy\/\",\"ethicsPolicy\":\"https:\/\/talkpal.ai\/ethics-policy\/\",\"diversityPolicy\":\"https:\/\/talkpal.ai\/diversity-policy\/\",\"diversityStaffingReport\":\"https:\/\/talkpal.ai\/diversity-policy\/\"}]}<\/script>\n<!-- \/ Yoast SEO Premium plugin. -->","yoast_head_json":{"title":"Pronomes Reflexivos \u00d6vningar f\u00f6r portugisisk grammatik - Talkpal","description":"Pronomes reflexivos anv\u00e4nds p\u00e5 portugisiska f\u00f6r att visa att subjektet i en sats utf\u00f6r handlingen p\u00e5 sig sj\u00e4lv. Dessa pronomen \u00e4r viktiga f\u00f6r att uttrycka","robots":{"index":"index","follow":"follow","max-snippet":"max-snippet:-1","max-image-preview":"max-image-preview:large","max-video-preview":"max-video-preview:-1"},"canonical":"https:\/\/talkpal.ai\/sv\/grammar_exercises\/pronomes-reflexivos-ovningar-for-portugisisk-grammatik\/","og_locale":"sv_SE","og_type":"article","og_title":"Pronomes Reflexivos \u00d6vningar f\u00f6r portugisisk grammatik","og_description":"Pronomes reflexivos anv\u00e4nds p\u00e5 portugisiska f\u00f6r att visa att subjektet i en sats utf\u00f6r handlingen p\u00e5 sig sj\u00e4lv. Dessa pronomen \u00e4r viktiga f\u00f6r att uttrycka","og_url":"https:\/\/talkpal.ai\/sv\/grammar_exercises\/pronomes-reflexivos-ovningar-for-portugisisk-grammatik\/","og_site_name":"Talkpal","article_publisher":"https:\/\/www.facebook.com\/profile.php?id=100090733639311","og_image":[{"width":2880,"height":1620,"url":"https:\/\/talkpal.ai\/wp-content\/uploads\/2025\/02\/Progress-tab-16_9.png","type":"image\/png"}],"twitter_card":"summary_large_image","twitter_site":"@talkpalai","twitter_misc":{"Ber\u00e4knad l\u00e4stid":"2 minuter"},"schema":{"@context":"https:\/\/schema.org","@graph":[{"@type":"WebPage","@id":"https:\/\/talkpal.ai\/sv\/grammar_exercises\/pronomes-reflexivos-ovningar-for-portugisisk-grammatik\/","url":"https:\/\/talkpal.ai\/sv\/grammar_exercises\/pronomes-reflexivos-ovningar-for-portugisisk-grammatik\/","name":"Pronomes Reflexivos \u00d6vningar f\u00f6r portugisisk grammatik - Talkpal","isPartOf":{"@id":"https:\/\/talkpal.ai\/sv\/#website"},"primaryImageOfPage":{"@id":"https:\/\/talkpal.ai\/sv\/grammar_exercises\/pronomes-reflexivos-ovningar-for-portugisisk-grammatik\/#primaryimage"},"image":{"@id":"https:\/\/talkpal.ai\/sv\/grammar_exercises\/pronomes-reflexivos-ovningar-for-portugisisk-grammatik\/#primaryimage"},"thumbnailUrl":"https:\/\/talkpal.ai\/wp-content\/uploads\/2025\/12\/woman-is-learning-languages-at-home.webp","datePublished":"2025-07-06T09:25:56+00:00","description":"Pronomes reflexivos anv\u00e4nds p\u00e5 portugisiska f\u00f6r att visa att subjektet i en sats utf\u00f6r handlingen p\u00e5 sig sj\u00e4lv. Dessa pronomen \u00e4r viktiga f\u00f6r att uttrycka","breadcrumb":{"@id":"https:\/\/talkpal.ai\/sv\/grammar_exercises\/pronomes-reflexivos-ovningar-for-portugisisk-grammatik\/#breadcrumb"},"inLanguage":"sv-SE","potentialAction":[{"@type":"ReadAction","target":["https:\/\/talkpal.ai\/sv\/grammar_exercises\/pronomes-reflexivos-ovningar-for-portugisisk-grammatik\/"]}]},{"@type":"ImageObject","inLanguage":"sv-SE","@id":"https:\/\/talkpal.ai\/sv\/grammar_exercises\/pronomes-reflexivos-ovningar-for-portugisisk-grammatik\/#primaryimage","url":"https:\/\/talkpal.ai\/wp-content\/uploads\/2025\/12\/woman-is-learning-languages-at-home.webp","contentUrl":"https:\/\/talkpal.ai\/wp-content\/uploads\/2025\/12\/woman-is-learning-languages-at-home.webp","width":1200,"height":896,"caption":"A young woman uses her laptop for learning languages at a warm, lit desk at home."},{"@type":"BreadcrumbList","@id":"https:\/\/talkpal.ai\/sv\/grammar_exercises\/pronomes-reflexivos-ovningar-for-portugisisk-grammatik\/#breadcrumb","itemListElement":[{"@type":"ListItem","position":1,"name":"Homepage","item":"https:\/\/talkpal.ai\/sv\/"},{"@type":"ListItem","position":2,"name":"Pronomes Reflexivos \u00d6vningar f\u00f6r portugisisk grammatik"}]},{"@type":"WebSite","@id":"https:\/\/talkpal.ai\/sv\/#website","url":"https:\/\/talkpal.ai\/sv\/","name":"Talkpal","description":"AI Language Learning","publisher":{"@id":"https:\/\/talkpal.ai\/sv\/#organization"},"alternateName":"Talkpal AI","potentialAction":[{"@type":"SearchAction","target":{"@type":"EntryPoint","urlTemplate":"https:\/\/talkpal.ai\/sv\/?s={search_term_string}"},"query-input":{"@type":"PropertyValueSpecification","valueRequired":true,"valueName":"search_term_string"}}],"inLanguage":"sv-SE"},{"@type":"Organization","@id":"https:\/\/talkpal.ai\/sv\/#organization","name":"Talkpal, Inc.","alternateName":"Talkpal AI","url":"https:\/\/talkpal.ai\/sv\/","logo":{"@type":"ImageObject","inLanguage":"sv-SE","@id":"https:\/\/talkpal.ai\/sv\/#\/schema\/logo\/image\/","url":"https:\/\/talkpal.ai\/wp-content\/uploads\/2024\/03\/Talkpal-Logo-Icon.png","contentUrl":"https:\/\/talkpal.ai\/wp-content\/uploads\/2024\/03\/Talkpal-Logo-Icon.png","width":2880,"height":2880,"caption":"Talkpal, Inc."},"image":{"@id":"https:\/\/talkpal.ai\/sv\/#\/schema\/logo\/image\/"},"sameAs":["https:\/\/www.facebook.com\/profile.php?id=100090733639311","https:\/\/x.com\/talkpalai","https:\/\/www.linkedin.com\/company\/talkpal\/","https:\/\/www.youtube.com\/@TalkPal\/","https:\/\/www.tiktok.com\/@talkpal","https:\/\/www.instagram.com\/talkpal_ai\/","https:\/\/www.crunchbase.com\/organization\/talkpal-9cde","https:\/\/www.g2.com\/products\/talkpal-for-business\/","https:\/\/www.trustpilot.com\/review\/talkpal.ai","https:\/\/www.capterra.com\/p\/10006800\/TalkPal\/"],"description":"Talkpal is a language learning web and mobile education app, powered by the latest AI technologies, that provides engaging experiences to its customers in many different languages to help them improve their language skills. Users can chat about unlimited amount of topics with the app and use other modes to practice their language learning.","email":"support@talkpal.ai","legalName":"Talkpal, Inc.","foundingDate":"2023-04-03","duns":"118989042","numberOfEmployees":{"@type":"QuantitativeValue","minValue":"11","maxValue":"50"},"publishingPrinciples":"https:\/\/talkpal.ai\/publishing-principles\/","actionableFeedbackPolicy":"https:\/\/talkpal.ai\/actionable-feedback-policy\/","correctionsPolicy":"https:\/\/talkpal.ai\/corrections-policy\/","ethicsPolicy":"https:\/\/talkpal.ai\/ethics-policy\/","diversityPolicy":"https:\/\/talkpal.ai\/diversity-policy\/","diversityStaffingReport":"https:\/\/talkpal.ai\/diversity-policy\/"}]}},"_links":{"self":[{"href":"https:\/\/talkpal.ai\/sv\/wp-json\/wp\/v2\/grammar_exercises\/1140000","targetHints":{"allow":["GET"]}}],"collection":[{"href":"https:\/\/talkpal.ai\/sv\/wp-json\/wp\/v2\/grammar_exercises"}],"about":[{"href":"https:\/\/talkpal.ai\/sv\/wp-json\/wp\/v2\/types\/grammar_exercises"}],"wp:featuredmedia":[{"embeddable":true,"href":"https:\/\/talkpal.ai\/sv\/wp-json\/wp\/v2\/media\/1528083"}],"wp:attachment":[{"href":"https:\/\/talkpal.ai\/sv\/wp-json\/wp\/v2\/media?parent=1140000"}],"wp:term":[{"taxonomy":"exercise_language","embeddable":true,"href":"https:\/\/talkpal.ai\/sv\/wp-json\/wp\/v2\/exercise_language?post=1140000"}],"curies":[{"name":"wp","href":"https:\/\/api.w.org\/{rel}","templated":true}]}}