{"id":1139933,"date":"2025-07-06T09:24:52","date_gmt":"2025-07-06T09:24:52","guid":{"rendered":"https:\/\/talkpal.ai\/grammar_exercises\/reflexiva-pronomenovningar-for-koreansk-grammatik\/"},"modified":"2025-07-06T09:24:52","modified_gmt":"2025-07-06T09:24:52","slug":"reflexiva-pronomenovningar-for-koreansk-grammatik","status":"publish","type":"grammar_exercises","link":"https:\/\/talkpal.ai\/sv\/grammar_exercises\/reflexiva-pronomenovningar-for-koreansk-grammatik\/","title":{"rendered":"Reflexiva pronomen\u00f6vningar f\u00f6r koreansk grammatik"},"content":{"rendered":"<p>Reflexiva pronomen anv\u00e4nds i <a href=\"https:\/\/talkpal.ai\/sv\/grammar\/tidigare-progressiv-i-koreansk-grammatik\/\">koreansk grammatik<\/a> f\u00f6r att visa att subjektet och objektet i en sats \u00e4r samma person eller sak. <a href=\"https:\/\/talkpal.ai\/culture\/how-do-i-use-den-har-and-det-har\/\">Den h\u00e4r<\/a> \u00f6vningen hj\u00e4lper dig att \u00f6va p\u00e5 hur du korrekt anv\u00e4nder reflexiva pronomen p\u00e5 <a href=\"https:\/\/talkpal.ai\/learn-korean\/\">koreanska<\/a> i olika sammanhang.<\/p>\n<h3>Reflexiva pronomen\u00f6vningar: Anv\u00e4ndning av &#8217;\uc790\uae30&#8217;<\/h3>\n<div class=\"input_sentences\">\n1. \uadf8\ub294 \uac70\uc6b8\uc744 \ubcf4\uace0 *\uc790\uae30* \uc5bc\uad74\uc744 \ud655\uc778\ud588\ub2e4. (Anv\u00e4nd reflexivt pronomen f\u00f6r &#8221;hans egen&#8221;)<br \/>\n2. \ub098\ub294 *\uc790\uae30* \ubc29\uc744 \uae68\ub057\uc774 \uccad\uc18c\ud588\ub2e4. (Anv\u00e4nd reflexivt pronomen f\u00f6r &#8221;min egen&#8221;)<br \/>\n3. \uadf8\ub140\ub294 *\uc790\uae30* \uc0dd\uac01\uc744 \uc194\uc9c1\ud558\uac8c \ub9d0\ud588\ub2e4. (Anv\u00e4nd reflexivt pronomen f\u00f6r &#8221;hennes egen&#8221;)<br \/>\n4. \uc6b0\ub9ac\ub294 *\uc790\uae30* \uc77c\uc5d0 \ucd5c\uc120\uc744 \ub2e4\ud574\uc57c \ud55c\ub2e4. (Anv\u00e4nd reflexivt pronomen f\u00f6r &#8221;v\u00e5r egen&#8221;)<br \/>\n5. \uadf8 \uc544\uc774\ub294 *\uc790\uae30* \uc774\ub984\uc744 \uc37c\ub2e4. (Anv\u00e4nd reflexivt pronomen f\u00f6r &#8221;sin egen&#8221;)<br \/>\n6. \ub108\ub294 *\uc790\uae30* \uac10\uc815\uc744 \uc798 \ud45c\ud604\ud574\uc57c \ud574. (Anv\u00e4nd reflexivt pronomen f\u00f6r &#8221;din egen&#8221;)<br \/>\n7. \uc120\uc0dd\ub2d8\uc740 *\uc790\uae30* \uacbd\ud5d8\uc744 \uc774\uc57c\uae30\ud588\ub2e4. (Anv\u00e4nd reflexivt pronomen f\u00f6r &#8221;sin egen&#8221;)<br \/>\n8. \uace0\uc591\uc774\ub294 *\uc790\uae30* \uaf2c\ub9ac\ub97c \ucad3\uc558\ub2e4. (Anv\u00e4nd reflexivt pronomen f\u00f6r &#8221;sin egen&#8221;)<br \/>\n9. \uc6b0\ub9ac\ub294 \ubaa8\ub450 *\uc790\uae30* \ucc45\uc784\uc744 \uc838\uc57c \ud55c\ub2e4. (Anv\u00e4nd reflexivt pronomen f\u00f6r &#8221;v\u00e5r egen&#8221;)<br \/>\n10. \uadf8\ub4e4\uc740 *\uc790\uae30* \uc758\uacac\uc744 \uc874\uc911\ud55c\ub2e4. (Anv\u00e4nd reflexivt pronomen f\u00f6r &#8221;deras egen&#8221;)\n<\/div>\n<div class=\"exercise\"><\/div>\n<h3>Reflexiva pronomen\u00f6vningar: Skillnad mellan &#8217;\uc790\uae30&#8217; och andra pronomen<\/h3>\n<div class=\"input_sentences\">\n1. \uadf8\ub294 \uce5c\uad6c\uac00 \uc544\ub2cc *\uc790\uae30* \uc790\uc2e0\uc744 \ubbff\ub294\ub2e4. (Anv\u00e4nd reflexivt pronomen f\u00f6r &#8221;sig sj\u00e4lv&#8221;)<br \/>\n2. \ub098\ub294 *\uc790\uae30* \uc77c\ub9cc \uc2e0\uacbd \uc4f4\ub2e4. (Anv\u00e4nd reflexivt pronomen f\u00f6r &#8221;mig sj\u00e4lv&#8221;)<br \/>\n3. \uadf8\ub140\ub294 *\uc790\uae30* \ubb38\uc81c\ub97c \uc2a4\uc2a4\ub85c \ud574\uacb0\ud588\ub2e4. (Anv\u00e4nd reflexivt pronomen f\u00f6r &#8221;sig sj\u00e4lv&#8221;)<br \/>\n4. \uc6b0\ub9ac\ub294 *\uc790\uae30* \ub2a5\ub825\uc744 \uacfc\uc18c\ud3c9\uac00\ud558\uc9c0 \ub9d0\uc790. (Anv\u00e4nd reflexivt pronomen f\u00f6r &#8221;oss sj\u00e4lva&#8221;)<br \/>\n5. \ub108\ub294 *\uc790\uae30* \uac74\uac15\uc744 \ub354 \uc798 \ucc59\uaca8\uc57c \ud55c\ub2e4. (Anv\u00e4nd reflexivt pronomen f\u00f6r &#8221;dig sj\u00e4lv&#8221;)<br \/>\n6. \uc120\uc0dd\ub2d8\uc740 *\uc790\uae30* \uc218\uc5c5 \uc900\ube44\uc5d0 \uc5f4\uc2ec\uc774\ub2e4. (Anv\u00e4nd reflexivt pronomen f\u00f6r &#8221;sig sj\u00e4lv&#8221;)<br \/>\n7. \uace0\uc591\uc774\ub294 *\uc790\uae30* \ubab8\uc744 \uae68\ub057\uc774 \ud55c\ub2e4. (Anv\u00e4nd reflexivt pronomen f\u00f6r &#8221;sig sj\u00e4lv&#8221;)<br \/>\n8. \uc6b0\ub9ac\ub294 *\uc790\uae30* \uac10\uc815\uc744 \uc194\uc9c1\ud558\uac8c \ud45c\ud604\ud574\uc57c \ud55c\ub2e4. (Anv\u00e4nd reflexivt pronomen f\u00f6r &#8221;oss sj\u00e4lva&#8221;)<br \/>\n9. \uadf8\ub294 *\uc790\uae30* \uc758\uacac\uc744 \ubd84\uba85\ud788 \ub9d0\ud588\ub2e4. (Anv\u00e4nd reflexivt pronomen f\u00f6r &#8221;sig sj\u00e4lv&#8221;)<br \/>\n10. \ub108\ud76c\ub4e4\uc740 *\uc790\uae30* \ubc1c\uc804\uc744 \uc704\ud574 \ub178\ub825\ud574\uc57c \ud55c\ub2e4. (Anv\u00e4nd reflexivt pronomen f\u00f6r &#8221;er sj\u00e4lva&#8221;)\n<\/div>\n<div class=\"exercise\"><\/div>\n","protected":false},"featured_media":1527845,"parent":0,"menu_order":0,"template":"","exercise_language":[16329,16343],"class_list":["post-1139933","grammar_exercises","type-grammar_exercises","status-publish","has-post-thumbnail","hentry","exercise_language-koreanska-ovningar","exercise_language-pronomen-koreansk-grammatik"],"acf":[],"yoast_head":"<!-- This site is optimized with the Yoast SEO Premium plugin v27.2 (Yoast SEO v27.2) - https:\/\/yoast.com\/product\/yoast-seo-premium-wordpress\/ -->\n<title>Reflexiva pronomen\u00f6vningar f\u00f6r koreansk grammatik - Talkpal<\/title>\n<meta name=\"description\" content=\"Reflexiva pronomen anv\u00e4nds i koreansk grammatik f\u00f6r att visa att subjektet och objektet i en sats \u00e4r samma person eller sak. Den h\u00e4r \u00f6vningen hj\u00e4lper dig\" \/>\n<meta name=\"robots\" content=\"index, follow, max-snippet:-1, max-image-preview:large, max-video-preview:-1\" \/>\n<link rel=\"canonical\" href=\"https:\/\/talkpal.ai\/sv\/grammar_exercises\/reflexiva-pronomenovningar-for-koreansk-grammatik\/\" \/>\n<meta property=\"og:locale\" content=\"sv_SE\" \/>\n<meta property=\"og:type\" content=\"article\" \/>\n<meta property=\"og:title\" content=\"Reflexiva pronomen\u00f6vningar f\u00f6r koreansk grammatik\" \/>\n<meta property=\"og:description\" content=\"Reflexiva pronomen anv\u00e4nds i koreansk grammatik f\u00f6r att visa att subjektet och objektet i en sats \u00e4r samma person eller sak. Den h\u00e4r \u00f6vningen hj\u00e4lper dig\" \/>\n<meta property=\"og:url\" content=\"https:\/\/talkpal.ai\/sv\/grammar_exercises\/reflexiva-pronomenovningar-for-koreansk-grammatik\/\" \/>\n<meta property=\"og:site_name\" content=\"Talkpal\" \/>\n<meta property=\"article:publisher\" content=\"https:\/\/www.facebook.com\/profile.php?id=100090733639311\" \/>\n<meta property=\"og:image\" content=\"https:\/\/talkpal.ai\/wp-content\/uploads\/2025\/02\/Progress-tab-16_9.png\" \/>\n\t<meta property=\"og:image:width\" content=\"2880\" \/>\n\t<meta property=\"og:image:height\" content=\"1620\" \/>\n\t<meta property=\"og:image:type\" content=\"image\/png\" \/>\n<meta name=\"twitter:card\" content=\"summary_large_image\" \/>\n<meta name=\"twitter:site\" content=\"@talkpalai\" \/>\n<meta name=\"twitter:label1\" content=\"Ber\u00e4knad l\u00e4stid\" \/>\n\t<meta name=\"twitter:data1\" content=\"1 minut\" \/>\n<script type=\"application\/ld+json\" class=\"yoast-schema-graph\">{\"@context\":\"https:\/\/schema.org\",\"@graph\":[{\"@type\":\"WebPage\",\"@id\":\"https:\/\/talkpal.ai\/sv\/grammar_exercises\/reflexiva-pronomenovningar-for-koreansk-grammatik\/\",\"url\":\"https:\/\/talkpal.ai\/sv\/grammar_exercises\/reflexiva-pronomenovningar-for-koreansk-grammatik\/\",\"name\":\"Reflexiva pronomen\u00f6vningar f\u00f6r koreansk grammatik - Talkpal\",\"isPartOf\":{\"@id\":\"https:\/\/talkpal.ai\/sv\/#website\"},\"primaryImageOfPage\":{\"@id\":\"https:\/\/talkpal.ai\/sv\/grammar_exercises\/reflexiva-pronomenovningar-for-koreansk-grammatik\/#primaryimage\"},\"image\":{\"@id\":\"https:\/\/talkpal.ai\/sv\/grammar_exercises\/reflexiva-pronomenovningar-for-koreansk-grammatik\/#primaryimage\"},\"thumbnailUrl\":\"https:\/\/talkpal.ai\/wp-content\/uploads\/2025\/12\/people-type-to-learn-languages.webp\",\"datePublished\":\"2025-07-06T09:24:52+00:00\",\"description\":\"Reflexiva pronomen anv\u00e4nds i koreansk grammatik f\u00f6r att visa att subjektet och objektet i en sats \u00e4r samma person eller sak. Den h\u00e4r \u00f6vningen hj\u00e4lper dig\",\"breadcrumb\":{\"@id\":\"https:\/\/talkpal.ai\/sv\/grammar_exercises\/reflexiva-pronomenovningar-for-koreansk-grammatik\/#breadcrumb\"},\"inLanguage\":\"sv-SE\",\"potentialAction\":[{\"@type\":\"ReadAction\",\"target\":[\"https:\/\/talkpal.ai\/sv\/grammar_exercises\/reflexiva-pronomenovningar-for-koreansk-grammatik\/\"]}]},{\"@type\":\"ImageObject\",\"inLanguage\":\"sv-SE\",\"@id\":\"https:\/\/talkpal.ai\/sv\/grammar_exercises\/reflexiva-pronomenovningar-for-koreansk-grammatik\/#primaryimage\",\"url\":\"https:\/\/talkpal.ai\/wp-content\/uploads\/2025\/12\/people-type-to-learn-languages.webp\",\"contentUrl\":\"https:\/\/talkpal.ai\/wp-content\/uploads\/2025\/12\/people-type-to-learn-languages.webp\",\"width\":1200,\"height\":896,\"caption\":\"Several people sit at a large desk using laptops for learning languages in a modern, blue-toned workspace.\"},{\"@type\":\"BreadcrumbList\",\"@id\":\"https:\/\/talkpal.ai\/sv\/grammar_exercises\/reflexiva-pronomenovningar-for-koreansk-grammatik\/#breadcrumb\",\"itemListElement\":[{\"@type\":\"ListItem\",\"position\":1,\"name\":\"Homepage\",\"item\":\"https:\/\/talkpal.ai\/sv\/\"},{\"@type\":\"ListItem\",\"position\":2,\"name\":\"Reflexiva pronomen\u00f6vningar f\u00f6r koreansk grammatik\"}]},{\"@type\":\"WebSite\",\"@id\":\"https:\/\/talkpal.ai\/sv\/#website\",\"url\":\"https:\/\/talkpal.ai\/sv\/\",\"name\":\"Talkpal\",\"description\":\"AI Language Learning\",\"publisher\":{\"@id\":\"https:\/\/talkpal.ai\/sv\/#organization\"},\"alternateName\":\"Talkpal AI\",\"potentialAction\":[{\"@type\":\"SearchAction\",\"target\":{\"@type\":\"EntryPoint\",\"urlTemplate\":\"https:\/\/talkpal.ai\/sv\/?s={search_term_string}\"},\"query-input\":{\"@type\":\"PropertyValueSpecification\",\"valueRequired\":true,\"valueName\":\"search_term_string\"}}],\"inLanguage\":\"sv-SE\"},{\"@type\":\"Organization\",\"@id\":\"https:\/\/talkpal.ai\/sv\/#organization\",\"name\":\"Talkpal, Inc.\",\"alternateName\":\"Talkpal AI\",\"url\":\"https:\/\/talkpal.ai\/sv\/\",\"logo\":{\"@type\":\"ImageObject\",\"inLanguage\":\"sv-SE\",\"@id\":\"https:\/\/talkpal.ai\/sv\/#\/schema\/logo\/image\/\",\"url\":\"https:\/\/talkpal.ai\/wp-content\/uploads\/2024\/03\/Talkpal-Logo-Icon.png\",\"contentUrl\":\"https:\/\/talkpal.ai\/wp-content\/uploads\/2024\/03\/Talkpal-Logo-Icon.png\",\"width\":2880,\"height\":2880,\"caption\":\"Talkpal, Inc.\"},\"image\":{\"@id\":\"https:\/\/talkpal.ai\/sv\/#\/schema\/logo\/image\/\"},\"sameAs\":[\"https:\/\/www.facebook.com\/profile.php?id=100090733639311\",\"https:\/\/x.com\/talkpalai\",\"https:\/\/www.linkedin.com\/company\/talkpal\/\",\"https:\/\/www.youtube.com\/@TalkPal\/\",\"https:\/\/www.tiktok.com\/@talkpal\",\"https:\/\/www.instagram.com\/talkpal_ai\/\",\"https:\/\/www.crunchbase.com\/organization\/talkpal-9cde\",\"https:\/\/www.g2.com\/products\/talkpal-for-business\/\",\"https:\/\/www.trustpilot.com\/review\/talkpal.ai\",\"https:\/\/www.capterra.com\/p\/10006800\/TalkPal\/\"],\"description\":\"Talkpal is a language learning web and mobile education app, powered by the latest AI technologies, that provides engaging experiences to its customers in many different languages to help them improve their language skills. Users can chat about unlimited amount of topics with the app and use other modes to practice their language learning.\",\"email\":\"support@talkpal.ai\",\"legalName\":\"Talkpal, Inc.\",\"foundingDate\":\"2023-04-03\",\"duns\":\"118989042\",\"numberOfEmployees\":{\"@type\":\"QuantitativeValue\",\"minValue\":\"11\",\"maxValue\":\"50\"},\"publishingPrinciples\":\"https:\/\/talkpal.ai\/publishing-principles\/\",\"actionableFeedbackPolicy\":\"https:\/\/talkpal.ai\/actionable-feedback-policy\/\",\"correctionsPolicy\":\"https:\/\/talkpal.ai\/corrections-policy\/\",\"ethicsPolicy\":\"https:\/\/talkpal.ai\/ethics-policy\/\",\"diversityPolicy\":\"https:\/\/talkpal.ai\/diversity-policy\/\",\"diversityStaffingReport\":\"https:\/\/talkpal.ai\/diversity-policy\/\"}]}<\/script>\n<!-- \/ Yoast SEO Premium plugin. -->","yoast_head_json":{"title":"Reflexiva pronomen\u00f6vningar f\u00f6r koreansk grammatik - Talkpal","description":"Reflexiva pronomen anv\u00e4nds i koreansk grammatik f\u00f6r att visa att subjektet och objektet i en sats \u00e4r samma person eller sak. Den h\u00e4r \u00f6vningen hj\u00e4lper dig","robots":{"index":"index","follow":"follow","max-snippet":"max-snippet:-1","max-image-preview":"max-image-preview:large","max-video-preview":"max-video-preview:-1"},"canonical":"https:\/\/talkpal.ai\/sv\/grammar_exercises\/reflexiva-pronomenovningar-for-koreansk-grammatik\/","og_locale":"sv_SE","og_type":"article","og_title":"Reflexiva pronomen\u00f6vningar f\u00f6r koreansk grammatik","og_description":"Reflexiva pronomen anv\u00e4nds i koreansk grammatik f\u00f6r att visa att subjektet och objektet i en sats \u00e4r samma person eller sak. Den h\u00e4r \u00f6vningen hj\u00e4lper dig","og_url":"https:\/\/talkpal.ai\/sv\/grammar_exercises\/reflexiva-pronomenovningar-for-koreansk-grammatik\/","og_site_name":"Talkpal","article_publisher":"https:\/\/www.facebook.com\/profile.php?id=100090733639311","og_image":[{"width":2880,"height":1620,"url":"https:\/\/talkpal.ai\/wp-content\/uploads\/2025\/02\/Progress-tab-16_9.png","type":"image\/png"}],"twitter_card":"summary_large_image","twitter_site":"@talkpalai","twitter_misc":{"Ber\u00e4knad l\u00e4stid":"1 minut"},"schema":{"@context":"https:\/\/schema.org","@graph":[{"@type":"WebPage","@id":"https:\/\/talkpal.ai\/sv\/grammar_exercises\/reflexiva-pronomenovningar-for-koreansk-grammatik\/","url":"https:\/\/talkpal.ai\/sv\/grammar_exercises\/reflexiva-pronomenovningar-for-koreansk-grammatik\/","name":"Reflexiva pronomen\u00f6vningar f\u00f6r koreansk grammatik - Talkpal","isPartOf":{"@id":"https:\/\/talkpal.ai\/sv\/#website"},"primaryImageOfPage":{"@id":"https:\/\/talkpal.ai\/sv\/grammar_exercises\/reflexiva-pronomenovningar-for-koreansk-grammatik\/#primaryimage"},"image":{"@id":"https:\/\/talkpal.ai\/sv\/grammar_exercises\/reflexiva-pronomenovningar-for-koreansk-grammatik\/#primaryimage"},"thumbnailUrl":"https:\/\/talkpal.ai\/wp-content\/uploads\/2025\/12\/people-type-to-learn-languages.webp","datePublished":"2025-07-06T09:24:52+00:00","description":"Reflexiva pronomen anv\u00e4nds i koreansk grammatik f\u00f6r att visa att subjektet och objektet i en sats \u00e4r samma person eller sak. Den h\u00e4r \u00f6vningen hj\u00e4lper dig","breadcrumb":{"@id":"https:\/\/talkpal.ai\/sv\/grammar_exercises\/reflexiva-pronomenovningar-for-koreansk-grammatik\/#breadcrumb"},"inLanguage":"sv-SE","potentialAction":[{"@type":"ReadAction","target":["https:\/\/talkpal.ai\/sv\/grammar_exercises\/reflexiva-pronomenovningar-for-koreansk-grammatik\/"]}]},{"@type":"ImageObject","inLanguage":"sv-SE","@id":"https:\/\/talkpal.ai\/sv\/grammar_exercises\/reflexiva-pronomenovningar-for-koreansk-grammatik\/#primaryimage","url":"https:\/\/talkpal.ai\/wp-content\/uploads\/2025\/12\/people-type-to-learn-languages.webp","contentUrl":"https:\/\/talkpal.ai\/wp-content\/uploads\/2025\/12\/people-type-to-learn-languages.webp","width":1200,"height":896,"caption":"Several people sit at a large desk using laptops for learning languages in a modern, blue-toned workspace."},{"@type":"BreadcrumbList","@id":"https:\/\/talkpal.ai\/sv\/grammar_exercises\/reflexiva-pronomenovningar-for-koreansk-grammatik\/#breadcrumb","itemListElement":[{"@type":"ListItem","position":1,"name":"Homepage","item":"https:\/\/talkpal.ai\/sv\/"},{"@type":"ListItem","position":2,"name":"Reflexiva pronomen\u00f6vningar f\u00f6r koreansk grammatik"}]},{"@type":"WebSite","@id":"https:\/\/talkpal.ai\/sv\/#website","url":"https:\/\/talkpal.ai\/sv\/","name":"Talkpal","description":"AI Language Learning","publisher":{"@id":"https:\/\/talkpal.ai\/sv\/#organization"},"alternateName":"Talkpal AI","potentialAction":[{"@type":"SearchAction","target":{"@type":"EntryPoint","urlTemplate":"https:\/\/talkpal.ai\/sv\/?s={search_term_string}"},"query-input":{"@type":"PropertyValueSpecification","valueRequired":true,"valueName":"search_term_string"}}],"inLanguage":"sv-SE"},{"@type":"Organization","@id":"https:\/\/talkpal.ai\/sv\/#organization","name":"Talkpal, Inc.","alternateName":"Talkpal AI","url":"https:\/\/talkpal.ai\/sv\/","logo":{"@type":"ImageObject","inLanguage":"sv-SE","@id":"https:\/\/talkpal.ai\/sv\/#\/schema\/logo\/image\/","url":"https:\/\/talkpal.ai\/wp-content\/uploads\/2024\/03\/Talkpal-Logo-Icon.png","contentUrl":"https:\/\/talkpal.ai\/wp-content\/uploads\/2024\/03\/Talkpal-Logo-Icon.png","width":2880,"height":2880,"caption":"Talkpal, Inc."},"image":{"@id":"https:\/\/talkpal.ai\/sv\/#\/schema\/logo\/image\/"},"sameAs":["https:\/\/www.facebook.com\/profile.php?id=100090733639311","https:\/\/x.com\/talkpalai","https:\/\/www.linkedin.com\/company\/talkpal\/","https:\/\/www.youtube.com\/@TalkPal\/","https:\/\/www.tiktok.com\/@talkpal","https:\/\/www.instagram.com\/talkpal_ai\/","https:\/\/www.crunchbase.com\/organization\/talkpal-9cde","https:\/\/www.g2.com\/products\/talkpal-for-business\/","https:\/\/www.trustpilot.com\/review\/talkpal.ai","https:\/\/www.capterra.com\/p\/10006800\/TalkPal\/"],"description":"Talkpal is a language learning web and mobile education app, powered by the latest AI technologies, that provides engaging experiences to its customers in many different languages to help them improve their language skills. Users can chat about unlimited amount of topics with the app and use other modes to practice their language learning.","email":"support@talkpal.ai","legalName":"Talkpal, Inc.","foundingDate":"2023-04-03","duns":"118989042","numberOfEmployees":{"@type":"QuantitativeValue","minValue":"11","maxValue":"50"},"publishingPrinciples":"https:\/\/talkpal.ai\/publishing-principles\/","actionableFeedbackPolicy":"https:\/\/talkpal.ai\/actionable-feedback-policy\/","correctionsPolicy":"https:\/\/talkpal.ai\/corrections-policy\/","ethicsPolicy":"https:\/\/talkpal.ai\/ethics-policy\/","diversityPolicy":"https:\/\/talkpal.ai\/diversity-policy\/","diversityStaffingReport":"https:\/\/talkpal.ai\/diversity-policy\/"}]}},"_links":{"self":[{"href":"https:\/\/talkpal.ai\/sv\/wp-json\/wp\/v2\/grammar_exercises\/1139933","targetHints":{"allow":["GET"]}}],"collection":[{"href":"https:\/\/talkpal.ai\/sv\/wp-json\/wp\/v2\/grammar_exercises"}],"about":[{"href":"https:\/\/talkpal.ai\/sv\/wp-json\/wp\/v2\/types\/grammar_exercises"}],"wp:featuredmedia":[{"embeddable":true,"href":"https:\/\/talkpal.ai\/sv\/wp-json\/wp\/v2\/media\/1527845"}],"wp:attachment":[{"href":"https:\/\/talkpal.ai\/sv\/wp-json\/wp\/v2\/media?parent=1139933"}],"wp:term":[{"taxonomy":"exercise_language","embeddable":true,"href":"https:\/\/talkpal.ai\/sv\/wp-json\/wp\/v2\/exercise_language?post=1139933"}],"curies":[{"name":"wp","href":"https:\/\/api.w.org\/{rel}","templated":true}]}}