{"id":1139590,"date":"2025-07-06T09:19:07","date_gmt":"2025-07-06T09:19:07","guid":{"rendered":"https:\/\/talkpal.ai\/grammar_exercises\/reflexiva-verbovningar-for-finsk-grammatik\/"},"modified":"2025-07-06T09:19:07","modified_gmt":"2025-07-06T09:19:07","slug":"reflexiva-verbovningar-for-finsk-grammatik","status":"publish","type":"grammar_exercises","link":"https:\/\/talkpal.ai\/sv\/grammar_exercises\/reflexiva-verbovningar-for-finsk-grammatik\/","title":{"rendered":"Reflexiva verb\u00f6vningar f\u00f6r finsk grammatik"},"content":{"rendered":"<p><a href=\"https:\/\/talkpal.ai\/sv\/grammar\/reflexiva-verb-i-letisk-grammatik\/\">Reflexiva verb<\/a> \u00e4r verb d\u00e4r subjektet och objektet \u00e4r samma person eller sak. I finskan anv\u00e4nds <a href=\"https:\/\/talkpal.ai\/sv\/grammar\/reflexiva-verb-i-letisk-grammatik\/\">reflexiva verb<\/a> ofta med personliga pronominer f\u00f6r att visa att handlingen riktas tillbaka p\u00e5 subjektet. \u00d6vningarna nedan hj\u00e4lper dig att tr\u00e4na p\u00e5 att anv\u00e4nda reflexiva verb korrekt i olika sammanhang.<\/p>\n<h3>Reflexiva verb\u00f6vningar: Presensform<\/h3>\n<div class=\"input_sentences\">\n1. H\u00e4n *pukeutuu* nopeasti aamulla. (Verb i presens, betyder &#8221;kl\u00e4r p\u00e5 sig&#8221;)<br \/>\n2. Me *peseydymme* ennen nukkumaanmenoa. (Verb i presens, betyder &#8221;tv\u00e4ttar oss&#8221;)<br \/>\n3. Sin\u00e4 *harjaat* hampaat joka p\u00e4iv\u00e4. (Verb i presens, betyder &#8221;borstar dig&#8221;)<br \/>\n4. He *nauravat* yhdess\u00e4 hauskoille asioille. (Verb i presens, betyder &#8221;skrattar&#8221;)<br \/>\n5. Min\u00e4 *her\u00e4\u00e4n* aikaisin aamulla. (Verb i presens, betyder &#8221;vaknar&#8221;)<br \/>\n6. Te *valmistaututte* kokeeseen huolellisesti. (Verb i presens, betyder &#8221;f\u00f6rbereder er&#8221;)<br \/>\n7. H\u00e4n *k\u00e4ytt\u00e4ytyy* hyvin juhlissa. (Verb i presens, betyder &#8221;beter sig&#8221;)<br \/>\n8. Me *rentoudumme* viikonloppuisin kotona. (Verb i presens, betyder &#8221;slappnar av&#8221;)<br \/>\n9. Sin\u00e4 *ajat* itsesi peilin edess\u00e4. (Verb i presens, betyder &#8221;t\u00e4nker efter&#8221;)<br \/>\n10. He *valitsevat* vaatteensa huolellisesti. (Verb i presens, betyder &#8221;v\u00e4ljer&#8221;)\n<\/div>\n<div class=\"exercise\"><\/div>\n<h3>Reflexiva verb\u00f6vningar: Imperfektform<\/h3>\n<div class=\"input_sentences\">\n1. H\u00e4n *pukeutui* nopeasti aamulla. (Verb i imperfekt, betyder &#8221;kl\u00e4dde p\u00e5 sig&#8221;)<br \/>\n2. Me *peseydyimme* ennen nukkumaanmenoa. (Verb i imperfekt, betyder &#8221;tv\u00e4ttade oss&#8221;)<br \/>\n3. Sin\u00e4 *harjasit* hampaat eilen illalla. (Verb i imperfekt, betyder &#8221;borstade dig&#8221;)<br \/>\n4. He *nauravat* yhdess\u00e4 hauskoille asioille. (Verb i imperfekt, betyder &#8221;skrattade&#8221;)<br \/>\n5. Min\u00e4 *her\u00e4sin* aikaisin aamulla. (Verb i imperfekt, betyder &#8221;vaknade&#8221;)<br \/>\n6. Te *valmistautuitte* kokeeseen huolellisesti. (Verb i imperfekt, betyder &#8221;f\u00f6rberedde er&#8221;)<br \/>\n7. H\u00e4n *k\u00e4ytt\u00e4ytyi* hyvin juhlissa. (Verb i imperfekt, betyder &#8221;betedde sig&#8221;)<br \/>\n8. Me *rentouduimme* viikonloppuisin kotona. (Verb i imperfekt, betyder &#8221;slappnade av&#8221;)<br \/>\n9. Sin\u00e4 *ajat* itsesi peilin edess\u00e4. (Verb i imperfekt, betyder &#8221;t\u00e4nkte efter&#8221;)<br \/>\n10. He *valitsivat* vaatteensa huolellisesti. (Verb i imperfekt, betyder &#8221;valde&#8221;)\n<\/div>\n<div class=\"exercise\"><\/div>\n","protected":false},"featured_media":1528084,"parent":0,"menu_order":0,"template":"","exercise_language":[16205,16215],"class_list":["post-1139590","grammar_exercises","type-grammar_exercises","status-publish","has-post-thumbnail","hentry","exercise_language-finska-ovningar","exercise_language-verb-finsk-grammatik"],"acf":[],"yoast_head":"<!-- This site is optimized with the Yoast SEO Premium plugin v27.2 (Yoast SEO v27.2) - https:\/\/yoast.com\/product\/yoast-seo-premium-wordpress\/ -->\n<title>Reflexiva verb\u00f6vningar f\u00f6r finsk grammatik - Talkpal<\/title>\n<meta name=\"description\" content=\"Reflexiva verb \u00e4r verb d\u00e4r subjektet och objektet \u00e4r samma person eller sak. I finskan anv\u00e4nds reflexiva verb ofta med personliga pronominer f\u00f6r att visa\" \/>\n<meta name=\"robots\" content=\"index, follow, max-snippet:-1, max-image-preview:large, max-video-preview:-1\" \/>\n<link rel=\"canonical\" href=\"https:\/\/talkpal.ai\/sv\/grammar_exercises\/reflexiva-verbovningar-for-finsk-grammatik\/\" \/>\n<meta property=\"og:locale\" content=\"sv_SE\" \/>\n<meta property=\"og:type\" content=\"article\" \/>\n<meta property=\"og:title\" content=\"Reflexiva verb\u00f6vningar f\u00f6r finsk grammatik\" \/>\n<meta property=\"og:description\" content=\"Reflexiva verb \u00e4r verb d\u00e4r subjektet och objektet \u00e4r samma person eller sak. I finskan anv\u00e4nds reflexiva verb ofta med personliga pronominer f\u00f6r att visa\" \/>\n<meta property=\"og:url\" content=\"https:\/\/talkpal.ai\/sv\/grammar_exercises\/reflexiva-verbovningar-for-finsk-grammatik\/\" \/>\n<meta property=\"og:site_name\" content=\"Talkpal\" \/>\n<meta property=\"article:publisher\" content=\"https:\/\/www.facebook.com\/profile.php?id=100090733639311\" \/>\n<meta property=\"og:image\" content=\"https:\/\/talkpal.ai\/wp-content\/uploads\/2025\/02\/Progress-tab-16_9.png\" \/>\n\t<meta property=\"og:image:width\" content=\"2880\" \/>\n\t<meta property=\"og:image:height\" content=\"1620\" \/>\n\t<meta property=\"og:image:type\" content=\"image\/png\" \/>\n<meta name=\"twitter:card\" content=\"summary_large_image\" \/>\n<meta name=\"twitter:site\" content=\"@talkpalai\" \/>\n<meta name=\"twitter:label1\" content=\"Ber\u00e4knad l\u00e4stid\" \/>\n\t<meta name=\"twitter:data1\" content=\"1 minut\" \/>\n<script type=\"application\/ld+json\" class=\"yoast-schema-graph\">{\"@context\":\"https:\/\/schema.org\",\"@graph\":[{\"@type\":\"WebPage\",\"@id\":\"https:\/\/talkpal.ai\/sv\/grammar_exercises\/reflexiva-verbovningar-for-finsk-grammatik\/\",\"url\":\"https:\/\/talkpal.ai\/sv\/grammar_exercises\/reflexiva-verbovningar-for-finsk-grammatik\/\",\"name\":\"Reflexiva verb\u00f6vningar f\u00f6r finsk grammatik - Talkpal\",\"isPartOf\":{\"@id\":\"https:\/\/talkpal.ai\/sv\/#website\"},\"primaryImageOfPage\":{\"@id\":\"https:\/\/talkpal.ai\/sv\/grammar_exercises\/reflexiva-verbovningar-for-finsk-grammatik\/#primaryimage\"},\"image\":{\"@id\":\"https:\/\/talkpal.ai\/sv\/grammar_exercises\/reflexiva-verbovningar-for-finsk-grammatik\/#primaryimage\"},\"thumbnailUrl\":\"https:\/\/talkpal.ai\/wp-content\/uploads\/2025\/12\/woman-is-practicing-to-learn-languages.webp\",\"datePublished\":\"2025-07-06T09:19:07+00:00\",\"description\":\"Reflexiva verb \u00e4r verb d\u00e4r subjektet och objektet \u00e4r samma person eller sak. I finskan anv\u00e4nds reflexiva verb ofta med personliga pronominer f\u00f6r att visa\",\"breadcrumb\":{\"@id\":\"https:\/\/talkpal.ai\/sv\/grammar_exercises\/reflexiva-verbovningar-for-finsk-grammatik\/#breadcrumb\"},\"inLanguage\":\"sv-SE\",\"potentialAction\":[{\"@type\":\"ReadAction\",\"target\":[\"https:\/\/talkpal.ai\/sv\/grammar_exercises\/reflexiva-verbovningar-for-finsk-grammatik\/\"]}]},{\"@type\":\"ImageObject\",\"inLanguage\":\"sv-SE\",\"@id\":\"https:\/\/talkpal.ai\/sv\/grammar_exercises\/reflexiva-verbovningar-for-finsk-grammatik\/#primaryimage\",\"url\":\"https:\/\/talkpal.ai\/wp-content\/uploads\/2025\/12\/woman-is-practicing-to-learn-languages.webp\",\"contentUrl\":\"https:\/\/talkpal.ai\/wp-content\/uploads\/2025\/12\/woman-is-practicing-to-learn-languages.webp\",\"width\":1200,\"height\":896,\"caption\":\"An older woman wearing headphones writes notes for learning languages at a messy desk.\"},{\"@type\":\"BreadcrumbList\",\"@id\":\"https:\/\/talkpal.ai\/sv\/grammar_exercises\/reflexiva-verbovningar-for-finsk-grammatik\/#breadcrumb\",\"itemListElement\":[{\"@type\":\"ListItem\",\"position\":1,\"name\":\"Homepage\",\"item\":\"https:\/\/talkpal.ai\/sv\/\"},{\"@type\":\"ListItem\",\"position\":2,\"name\":\"Reflexiva verb\u00f6vningar f\u00f6r finsk grammatik\"}]},{\"@type\":\"WebSite\",\"@id\":\"https:\/\/talkpal.ai\/sv\/#website\",\"url\":\"https:\/\/talkpal.ai\/sv\/\",\"name\":\"Talkpal\",\"description\":\"AI Language Learning\",\"publisher\":{\"@id\":\"https:\/\/talkpal.ai\/sv\/#organization\"},\"alternateName\":\"Talkpal AI\",\"potentialAction\":[{\"@type\":\"SearchAction\",\"target\":{\"@type\":\"EntryPoint\",\"urlTemplate\":\"https:\/\/talkpal.ai\/sv\/?s={search_term_string}\"},\"query-input\":{\"@type\":\"PropertyValueSpecification\",\"valueRequired\":true,\"valueName\":\"search_term_string\"}}],\"inLanguage\":\"sv-SE\"},{\"@type\":\"Organization\",\"@id\":\"https:\/\/talkpal.ai\/sv\/#organization\",\"name\":\"Talkpal, Inc.\",\"alternateName\":\"Talkpal AI\",\"url\":\"https:\/\/talkpal.ai\/sv\/\",\"logo\":{\"@type\":\"ImageObject\",\"inLanguage\":\"sv-SE\",\"@id\":\"https:\/\/talkpal.ai\/sv\/#\/schema\/logo\/image\/\",\"url\":\"https:\/\/talkpal.ai\/wp-content\/uploads\/2024\/03\/Talkpal-Logo-Icon.png\",\"contentUrl\":\"https:\/\/talkpal.ai\/wp-content\/uploads\/2024\/03\/Talkpal-Logo-Icon.png\",\"width\":2880,\"height\":2880,\"caption\":\"Talkpal, Inc.\"},\"image\":{\"@id\":\"https:\/\/talkpal.ai\/sv\/#\/schema\/logo\/image\/\"},\"sameAs\":[\"https:\/\/www.facebook.com\/profile.php?id=100090733639311\",\"https:\/\/x.com\/talkpalai\",\"https:\/\/www.linkedin.com\/company\/talkpal\/\",\"https:\/\/www.youtube.com\/@TalkPal\/\",\"https:\/\/www.tiktok.com\/@talkpal\",\"https:\/\/www.instagram.com\/talkpal_ai\/\",\"https:\/\/www.crunchbase.com\/organization\/talkpal-9cde\",\"https:\/\/www.g2.com\/products\/talkpal-for-business\/\",\"https:\/\/www.trustpilot.com\/review\/talkpal.ai\",\"https:\/\/www.capterra.com\/p\/10006800\/TalkPal\/\"],\"description\":\"Talkpal is a language learning web and mobile education app, powered by the latest AI technologies, that provides engaging experiences to its customers in many different languages to help them improve their language skills. Users can chat about unlimited amount of topics with the app and use other modes to practice their language learning.\",\"email\":\"support@talkpal.ai\",\"legalName\":\"Talkpal, Inc.\",\"foundingDate\":\"2023-04-03\",\"duns\":\"118989042\",\"numberOfEmployees\":{\"@type\":\"QuantitativeValue\",\"minValue\":\"11\",\"maxValue\":\"50\"},\"publishingPrinciples\":\"https:\/\/talkpal.ai\/publishing-principles\/\",\"actionableFeedbackPolicy\":\"https:\/\/talkpal.ai\/actionable-feedback-policy\/\",\"correctionsPolicy\":\"https:\/\/talkpal.ai\/corrections-policy\/\",\"ethicsPolicy\":\"https:\/\/talkpal.ai\/ethics-policy\/\",\"diversityPolicy\":\"https:\/\/talkpal.ai\/diversity-policy\/\",\"diversityStaffingReport\":\"https:\/\/talkpal.ai\/diversity-policy\/\"}]}<\/script>\n<!-- \/ Yoast SEO Premium plugin. -->","yoast_head_json":{"title":"Reflexiva verb\u00f6vningar f\u00f6r finsk grammatik - Talkpal","description":"Reflexiva verb \u00e4r verb d\u00e4r subjektet och objektet \u00e4r samma person eller sak. I finskan anv\u00e4nds reflexiva verb ofta med personliga pronominer f\u00f6r att visa","robots":{"index":"index","follow":"follow","max-snippet":"max-snippet:-1","max-image-preview":"max-image-preview:large","max-video-preview":"max-video-preview:-1"},"canonical":"https:\/\/talkpal.ai\/sv\/grammar_exercises\/reflexiva-verbovningar-for-finsk-grammatik\/","og_locale":"sv_SE","og_type":"article","og_title":"Reflexiva verb\u00f6vningar f\u00f6r finsk grammatik","og_description":"Reflexiva verb \u00e4r verb d\u00e4r subjektet och objektet \u00e4r samma person eller sak. I finskan anv\u00e4nds reflexiva verb ofta med personliga pronominer f\u00f6r att visa","og_url":"https:\/\/talkpal.ai\/sv\/grammar_exercises\/reflexiva-verbovningar-for-finsk-grammatik\/","og_site_name":"Talkpal","article_publisher":"https:\/\/www.facebook.com\/profile.php?id=100090733639311","og_image":[{"width":2880,"height":1620,"url":"https:\/\/talkpal.ai\/wp-content\/uploads\/2025\/02\/Progress-tab-16_9.png","type":"image\/png"}],"twitter_card":"summary_large_image","twitter_site":"@talkpalai","twitter_misc":{"Ber\u00e4knad l\u00e4stid":"1 minut"},"schema":{"@context":"https:\/\/schema.org","@graph":[{"@type":"WebPage","@id":"https:\/\/talkpal.ai\/sv\/grammar_exercises\/reflexiva-verbovningar-for-finsk-grammatik\/","url":"https:\/\/talkpal.ai\/sv\/grammar_exercises\/reflexiva-verbovningar-for-finsk-grammatik\/","name":"Reflexiva verb\u00f6vningar f\u00f6r finsk grammatik - Talkpal","isPartOf":{"@id":"https:\/\/talkpal.ai\/sv\/#website"},"primaryImageOfPage":{"@id":"https:\/\/talkpal.ai\/sv\/grammar_exercises\/reflexiva-verbovningar-for-finsk-grammatik\/#primaryimage"},"image":{"@id":"https:\/\/talkpal.ai\/sv\/grammar_exercises\/reflexiva-verbovningar-for-finsk-grammatik\/#primaryimage"},"thumbnailUrl":"https:\/\/talkpal.ai\/wp-content\/uploads\/2025\/12\/woman-is-practicing-to-learn-languages.webp","datePublished":"2025-07-06T09:19:07+00:00","description":"Reflexiva verb \u00e4r verb d\u00e4r subjektet och objektet \u00e4r samma person eller sak. I finskan anv\u00e4nds reflexiva verb ofta med personliga pronominer f\u00f6r att visa","breadcrumb":{"@id":"https:\/\/talkpal.ai\/sv\/grammar_exercises\/reflexiva-verbovningar-for-finsk-grammatik\/#breadcrumb"},"inLanguage":"sv-SE","potentialAction":[{"@type":"ReadAction","target":["https:\/\/talkpal.ai\/sv\/grammar_exercises\/reflexiva-verbovningar-for-finsk-grammatik\/"]}]},{"@type":"ImageObject","inLanguage":"sv-SE","@id":"https:\/\/talkpal.ai\/sv\/grammar_exercises\/reflexiva-verbovningar-for-finsk-grammatik\/#primaryimage","url":"https:\/\/talkpal.ai\/wp-content\/uploads\/2025\/12\/woman-is-practicing-to-learn-languages.webp","contentUrl":"https:\/\/talkpal.ai\/wp-content\/uploads\/2025\/12\/woman-is-practicing-to-learn-languages.webp","width":1200,"height":896,"caption":"An older woman wearing headphones writes notes for learning languages at a messy desk."},{"@type":"BreadcrumbList","@id":"https:\/\/talkpal.ai\/sv\/grammar_exercises\/reflexiva-verbovningar-for-finsk-grammatik\/#breadcrumb","itemListElement":[{"@type":"ListItem","position":1,"name":"Homepage","item":"https:\/\/talkpal.ai\/sv\/"},{"@type":"ListItem","position":2,"name":"Reflexiva verb\u00f6vningar f\u00f6r finsk grammatik"}]},{"@type":"WebSite","@id":"https:\/\/talkpal.ai\/sv\/#website","url":"https:\/\/talkpal.ai\/sv\/","name":"Talkpal","description":"AI Language Learning","publisher":{"@id":"https:\/\/talkpal.ai\/sv\/#organization"},"alternateName":"Talkpal AI","potentialAction":[{"@type":"SearchAction","target":{"@type":"EntryPoint","urlTemplate":"https:\/\/talkpal.ai\/sv\/?s={search_term_string}"},"query-input":{"@type":"PropertyValueSpecification","valueRequired":true,"valueName":"search_term_string"}}],"inLanguage":"sv-SE"},{"@type":"Organization","@id":"https:\/\/talkpal.ai\/sv\/#organization","name":"Talkpal, Inc.","alternateName":"Talkpal AI","url":"https:\/\/talkpal.ai\/sv\/","logo":{"@type":"ImageObject","inLanguage":"sv-SE","@id":"https:\/\/talkpal.ai\/sv\/#\/schema\/logo\/image\/","url":"https:\/\/talkpal.ai\/wp-content\/uploads\/2024\/03\/Talkpal-Logo-Icon.png","contentUrl":"https:\/\/talkpal.ai\/wp-content\/uploads\/2024\/03\/Talkpal-Logo-Icon.png","width":2880,"height":2880,"caption":"Talkpal, Inc."},"image":{"@id":"https:\/\/talkpal.ai\/sv\/#\/schema\/logo\/image\/"},"sameAs":["https:\/\/www.facebook.com\/profile.php?id=100090733639311","https:\/\/x.com\/talkpalai","https:\/\/www.linkedin.com\/company\/talkpal\/","https:\/\/www.youtube.com\/@TalkPal\/","https:\/\/www.tiktok.com\/@talkpal","https:\/\/www.instagram.com\/talkpal_ai\/","https:\/\/www.crunchbase.com\/organization\/talkpal-9cde","https:\/\/www.g2.com\/products\/talkpal-for-business\/","https:\/\/www.trustpilot.com\/review\/talkpal.ai","https:\/\/www.capterra.com\/p\/10006800\/TalkPal\/"],"description":"Talkpal is a language learning web and mobile education app, powered by the latest AI technologies, that provides engaging experiences to its customers in many different languages to help them improve their language skills. Users can chat about unlimited amount of topics with the app and use other modes to practice their language learning.","email":"support@talkpal.ai","legalName":"Talkpal, Inc.","foundingDate":"2023-04-03","duns":"118989042","numberOfEmployees":{"@type":"QuantitativeValue","minValue":"11","maxValue":"50"},"publishingPrinciples":"https:\/\/talkpal.ai\/publishing-principles\/","actionableFeedbackPolicy":"https:\/\/talkpal.ai\/actionable-feedback-policy\/","correctionsPolicy":"https:\/\/talkpal.ai\/corrections-policy\/","ethicsPolicy":"https:\/\/talkpal.ai\/ethics-policy\/","diversityPolicy":"https:\/\/talkpal.ai\/diversity-policy\/","diversityStaffingReport":"https:\/\/talkpal.ai\/diversity-policy\/"}]}},"_links":{"self":[{"href":"https:\/\/talkpal.ai\/sv\/wp-json\/wp\/v2\/grammar_exercises\/1139590","targetHints":{"allow":["GET"]}}],"collection":[{"href":"https:\/\/talkpal.ai\/sv\/wp-json\/wp\/v2\/grammar_exercises"}],"about":[{"href":"https:\/\/talkpal.ai\/sv\/wp-json\/wp\/v2\/types\/grammar_exercises"}],"wp:featuredmedia":[{"embeddable":true,"href":"https:\/\/talkpal.ai\/sv\/wp-json\/wp\/v2\/media\/1528084"}],"wp:attachment":[{"href":"https:\/\/talkpal.ai\/sv\/wp-json\/wp\/v2\/media?parent=1139590"}],"wp:term":[{"taxonomy":"exercise_language","embeddable":true,"href":"https:\/\/talkpal.ai\/sv\/wp-json\/wp\/v2\/exercise_language?post=1139590"}],"curies":[{"name":"wp","href":"https:\/\/api.w.org\/{rel}","templated":true}]}}