{"id":1102103,"date":"2025-07-03T12:06:07","date_gmt":"2025-07-03T12:06:07","guid":{"rendered":"https:\/\/talkpal.ai\/grammar\/passiv-rost-och-vietnamesisk-grammatik\/"},"modified":"2025-07-03T12:06:07","modified_gmt":"2025-07-03T12:06:07","slug":"passiv-rost-och-vietnamesisk-grammatik","status":"publish","type":"grammar","link":"https:\/\/talkpal.ai\/sv\/grammar\/passiv-rost-och-vietnamesisk-grammatik\/","title":{"rendered":"Passiv r\u00f6st och vietnamesisk grammatik"},"content":{"rendered":"<p>Att f\u00f6rst\u00e5 <a href=\"https:\/\/talkpal.ai\/ja\/grammar\/%e5%8f%97%e5%8b%95%e6%85%8b\/\">passiv<\/a> r\u00f6st och <a href=\"https:\/\/talkpal.ai\/no\/laer-vietnamesisk\/\">vietnamesisk grammatik<\/a> \u00e4r avg\u00f6rande f\u00f6r alla som vill bem\u00e4stra <a href=\"https:\/\/talkpal.ai\/learn-vietnamese\/\">vietnamesiska<\/a> spr\u00e5ket p\u00e5 djupet. <a href=\"https:\/\/talkpal.ai\/ja\/grammar\/%e5%8f%97%e5%8b%95%e6%85%8b\/\">Passiv<\/a> r\u00f6st anv\u00e4nds f\u00f6r att betona handlingens mottagare snarare \u00e4n utf\u00f6raren, och i vietnamesiska skiljer sig dess konstruktion fr\u00e5n m\u00e5nga v\u00e4sterl\u00e4ndska spr\u00e5k. Genom att l\u00e4ra sig dessa grammatiska strukturer kan du f\u00f6rb\u00e4ttra b\u00e5de din skriftliga och muntliga kommunikation. <a href=\"https:\/\/talkpal.ai\/ko\/ai-%ec%96%b8%ec%96%b4-%ea%b5%90%ec%82%ac\/\">Talkpal<\/a> erbjuder en utm\u00e4rkt plattform f\u00f6r att l\u00e4ra sig passiv r\u00f6st och vietnamesisk grammatik, med interaktiva lektioner och praktiska \u00f6vningar som g\u00f6r inl\u00e4rningen b\u00e5de effektiv och rolig.<\/p>\n<h2>Vad \u00e4r passiv r\u00f6st?<\/h2>\n<p>Passiv r\u00f6st \u00e4r en grammatisk konstruktion d\u00e4r fokus ligger p\u00e5 objektet som p\u00e5verkas av en handling, snarare \u00e4n p\u00e5 den som utf\u00f6r handlingen. I <a href=\"https:\/\/talkpal.ai\/learn-swedish\/\">svenska<\/a> exempelvis kan en aktiv mening som &#8221;L\u00e4raren undervisar eleverna&#8221; omvandlas till passiv r\u00f6st: &#8221;Eleverna undervisas av l\u00e4raren&#8221;.<\/p>\n<h3>Passiv r\u00f6st i vietnamesiska: En \u00f6versikt<\/h3>\n<p>Vietnamesiska anv\u00e4nder passiv r\u00f6st men p\u00e5 ett s\u00e4tt som skiljer sig fr\u00e5n svenska och andra europeiska spr\u00e5k. Ist\u00e4llet f\u00f6r att \u00e4ndra verbets form anv\u00e4nds partiklar f\u00f6r att markera passiv betydelse. De vanligaste partiklarna \u00e4r <em>b\u1ecb<\/em>, <em>\u0111\u01b0\u1ee3c<\/em> och <em>cho<\/em>.<\/p>\n<ul>\n<li><strong>B\u1ecb<\/strong>: Indikerar en negativ eller o\u00f6nskad handling som utf\u00f6rs p\u00e5 subjektet.<\/li>\n<li><strong>\u0110\u01b0\u1ee3c<\/strong>: Anv\u00e4nds f\u00f6r att uttrycka en positiv eller \u00f6nskv\u00e4rd handling.<\/li>\n<li><strong>Cho<\/strong>: Kan ibland anv\u00e4ndas f\u00f6r att uttrycka passivitet, s\u00e4rskilt i vardagligt tal.<\/li>\n<\/ul>\n<h2>Hur bildas passiv r\u00f6st i vietnamesiska?<\/h2>\n<p>Passiv r\u00f6st i vietnamesiska bildas genom att placera partiklarna <em>b\u1ecb<\/em> eller <em>\u0111\u01b0\u1ee3c<\/em> mellan subjektet och verbet. Valet av <a href=\"https:\/\/talkpal.ai\/ja\/grammar\/%e7%b2%92%e5%ad%90%e3%81%b8\/\">partikel<\/a> beror p\u00e5 kontexten och den k\u00e4nslom\u00e4ssiga laddningen i meningen.<\/p>\n<h3>Exempel p\u00e5 passiv r\u00f6st med <em>b\u1ecb<\/em><\/h3>\n<ul>\n<li>Ng\u01b0\u1eddi \u1ea5y <strong>b\u1ecb<\/strong> \u0111\u00e1nh. (Den personen blev slagen.)<\/li>\n<li>C\u1eeda <strong>b\u1ecb<\/strong> \u0111\u00f3ng. (D\u00f6rren blev st\u00e4ngd.)<\/li>\n<\/ul>\n<h3>Exempel p\u00e5 passiv r\u00f6st med <em>\u0111\u01b0\u1ee3c<\/em><\/h3>\n<ul>\n<li>T\u00f4i <strong>\u0111\u01b0\u1ee3c<\/strong> khen. (Jag blev ber\u00f6md\/ber\u00f6mdes.)<\/li>\n<li>Anh \u1ea5y <strong>\u0111\u01b0\u1ee3c<\/strong> gi\u00fap \u0111\u1ee1. (Han blev hj\u00e4lpt.)<\/li>\n<\/ul>\n<h2>Skillnader mellan aktiv och passiv r\u00f6st i vietnamesiska<\/h2>\n<p>Det \u00e4r viktigt att f\u00f6rst\u00e5 skillnaderna f\u00f6r att anv\u00e4nda passiv r\u00f6st korrekt i vietnamesiska:<\/p>\n<ul>\n<li><strong>Aktiv r\u00f6st<\/strong> fokuserar p\u00e5 vem som utf\u00f6r handlingen: <em>Ng\u01b0\u1eddi \u1ea5y \u0111\u00e1nh t\u00f4i<\/em> (Den personen sl\u00e5r mig).<\/li>\n<li><strong>Passiv r\u00f6st<\/strong> betonar den som p\u00e5verkas av handlingen: <em>T\u00f4i b\u1ecb ng\u01b0\u1eddi \u1ea5y \u0111\u00e1nh<\/em> (Jag blev slagen av den personen).<\/li>\n<\/ul>\n<p>Notera att i vietnamesiska \u00e4r agenten (den som utf\u00f6r handlingen) ofta utel\u00e4mnad i passiva meningar, s\u00e4rskilt n\u00e4r det \u00e4r uppenbart eller oviktigt.<\/p>\n<h2>Grammatisk struktur i vietnamesiska och dess unika egenskaper<\/h2>\n<p>Vietnamesiska \u00e4r ett tonalt och analytiskt spr\u00e5k, vilket inneb\u00e4r att grammatiken inte f\u00f6r\u00e4ndras genom b\u00f6jning av verb eller substantiv utan genom ordf\u00f6ljd och partiklar. Detta p\u00e5verkar hur passiv r\u00f6st uttrycks.<\/p>\n<h3>Tonala skillnader och deras p\u00e5verkan<\/h3>\n<p>Vietnamesiska har sex toner som kan f\u00f6r\u00e4ndra ordets betydelse helt. Det \u00e4r d\u00e4rf\u00f6r viktigt att uttala passiva partiklar och verb korrekt f\u00f6r att undvika missf\u00f6rst\u00e5nd.<\/p>\n<h3>Partiklar och ordf\u00f6ljd i vietnamesisk grammatik<\/h3>\n<ul>\n<li>Partiklar som <em>b\u1ecb<\/em> och <em>\u0111\u01b0\u1ee3c<\/em> placeras direkt f\u00f6re verbet.<\/li>\n<li>Subjektet st\u00e5r f\u00f6rst, f\u00f6ljt av partikel, sedan verb och eventuellt objekt.<\/li>\n<li>Agenten kan till\u00e4ggas med prepositionen <em>b\u1edfi<\/em> (av), men ofta utel\u00e4mnas den.<\/li>\n<\/ul>\n<h2>Exempel p\u00e5 passiva meningar i vietnamesiska<\/h2>\n<p>H\u00e4r \u00e4r n\u00e5gra exempel f\u00f6r att illustrera passiv r\u00f6st i praktiken:<\/p>\n<ul>\n<li><strong>T\u1ea5m \u1ea3nh b\u1ecb m\u1ea5t.<\/strong> (Fotot blev f\u00f6rlorat.)<\/li>\n<li><strong>Cu\u1ed1n s\u00e1ch \u0111\u01b0\u1ee3c \u0111\u1ecdc nhi\u1ec1u.<\/strong> (Boken l\u00e4ses mycket.)<\/li>\n<li><strong>C\u00f4 \u1ea5y b\u1ecb b\u1eaft g\u1eb7p khi n\u00f3i d\u1ed1i.<\/strong> (Hon blev p\u00e5kommen n\u00e4r hon lj\u00f6g.)<\/li>\n<li><strong>Anh \u1ea5y \u0111\u01b0\u1ee3c m\u1ecdi ng\u01b0\u1eddi gi\u00fap \u0111\u1ee1.<\/strong> (Han blev hj\u00e4lpt av alla.)<\/li>\n<\/ul>\n<h2>Vanliga misstag vid anv\u00e4ndning av passiv r\u00f6st i vietnamesiska<\/h2>\n<p>Att l\u00e4ra sig passiv r\u00f6st i vietnamesiska kan vara utmanande, och h\u00e4r \u00e4r n\u00e5gra vanliga fallgropar att undvika:<\/p>\n<ul>\n<li><strong>Felaktigt val av partikel:<\/strong> Att anv\u00e4nda <em>b\u1ecb<\/em> n\u00e4r situationen \u00e4r positiv kan ge en oavsiktligt negativ klang.<\/li>\n<li><strong>Utelslutning av partikel:<\/strong> Passiv r\u00f6st kr\u00e4ver alltid en passiv partikel, annars blir meningen aktiv.<\/li>\n<li><strong>Felaktig ordf\u00f6ljd:<\/strong> Partikeln m\u00e5ste placeras direkt f\u00f6re verbet f\u00f6r att markera passivitet.<\/li>\n<li><strong>\u00d6veranv\u00e4ndning av agenten:<\/strong> I vietnamesiska \u00e4r det ofta naturligt att utel\u00e4mna agenten om den \u00e4r irrelevant.<\/li>\n<\/ul>\n<h2>Hur Talkpal kan hj\u00e4lpa dig att l\u00e4ra dig passiv r\u00f6st och vietnamesisk grammatik<\/h2>\n<p>Talkpal \u00e4r en innovativ spr\u00e5kinl\u00e4rningsplattform som \u00e4r s\u00e4rskilt anv\u00e4ndbar f\u00f6r att bem\u00e4stra komplexa grammatiska strukturer som passiv r\u00f6st i vietnamesiska. Genom dess interaktiva verktyg f\u00e5r du:<\/p>\n<ul>\n<li>Personligt anpassade lektioner som fokuserar p\u00e5 passiva konstruktioner.<\/li>\n<li>Exempelmeningar och \u00f6vningar som speglar verkliga konversationer.<\/li>\n<li>Omfattande feedback fr\u00e5n modersm\u00e5lstalare och spr\u00e5kl\u00e4rare.<\/li>\n<li>Flexibilitet att \u00f6va n\u00e4r som helst och var som helst, vilket g\u00f6r inl\u00e4rningen effektiv.<\/li>\n<\/ul>\n<p>Att anv\u00e4nda Talkpal kan p\u00e5skynda din f\u00f6rst\u00e5else och anv\u00e4ndning av passiv r\u00f6st i vietnamesiska, samtidigt som du bygger en solid grund i vietnamesisk grammatik \u00f6verlag.<\/p>\n<h2>Sammanfattning<\/h2>\n<p>Passiv r\u00f6st i vietnamesiska \u00e4r en viktig del av spr\u00e5ket som skiljer sig markant fr\u00e5n svenska och andra v\u00e4sterl\u00e4ndska spr\u00e5k. Genom att anv\u00e4nda partiklar som <em>b\u1ecb<\/em> och <em>\u0111\u01b0\u1ee3c<\/em> kan talare uttrycka passivitet med subtila nyanser av mening och k\u00e4nsla. F\u00f6r att bem\u00e4stra detta kr\u00e4vs f\u00f6rst\u00e5else f\u00f6r vietnamesisk grammatik, tonala skillnader och korrekt ordf\u00f6ljd. Talkpal erbjuder en effektiv och engagerande metod f\u00f6r att l\u00e4ra sig dessa strukturer och f\u00f6rb\u00e4ttra din spr\u00e5kliga kompetens. Med regelbunden tr\u00e4ning och r\u00e4tt verktyg kan du snabbt utveckla din f\u00f6rm\u00e5ga att kommunicera naturligt och korrekt p\u00e5 vietnamesiska.<\/p>\n","protected":false},"featured_media":1527920,"template":"","language":[7647,7712],"class_list":["post-1102103","grammar","type-grammar","status-publish","has-post-thumbnail","hentry","language-meningar-vietnamesisk-grammatik","language-vietnamesiska"],"acf":[],"yoast_head":"<!-- This site is optimized with the Yoast SEO Premium plugin v27.2 (Yoast SEO v27.2) - https:\/\/yoast.com\/product\/yoast-seo-premium-wordpress\/ -->\n<title>Passiv r\u00f6st och vietnamesisk grammatik - Talkpal<\/title>\n<meta name=\"description\" content=\"Att f\u00f6rst\u00e5 passiv r\u00f6st och vietnamesisk grammatik \u00e4r avg\u00f6rande f\u00f6r alla som vill bem\u00e4stra vietnamesiska spr\u00e5ket p\u00e5 djupet. Passiv r\u00f6st anv\u00e4nds f\u00f6r att\" \/>\n<meta name=\"robots\" content=\"index, follow, max-snippet:-1, max-image-preview:large, max-video-preview:-1\" \/>\n<link rel=\"canonical\" href=\"https:\/\/talkpal.ai\/sv\/grammar\/passiv-rost-och-vietnamesisk-grammatik\/\" \/>\n<meta property=\"og:locale\" content=\"sv_SE\" \/>\n<meta property=\"og:type\" content=\"article\" \/>\n<meta property=\"og:title\" content=\"Passiv r\u00f6st och vietnamesisk grammatik\" \/>\n<meta property=\"og:description\" content=\"Att f\u00f6rst\u00e5 passiv r\u00f6st och vietnamesisk grammatik \u00e4r avg\u00f6rande f\u00f6r alla som vill bem\u00e4stra vietnamesiska spr\u00e5ket p\u00e5 djupet. Passiv r\u00f6st anv\u00e4nds f\u00f6r att\" \/>\n<meta property=\"og:url\" content=\"https:\/\/talkpal.ai\/sv\/grammar\/passiv-rost-och-vietnamesisk-grammatik\/\" \/>\n<meta property=\"og:site_name\" content=\"Talkpal\" \/>\n<meta property=\"article:publisher\" content=\"https:\/\/www.facebook.com\/profile.php?id=100090733639311\" \/>\n<meta property=\"og:image\" content=\"https:\/\/talkpal.ai\/wp-content\/uploads\/2025\/02\/Progress-tab-16_9.png\" \/>\n\t<meta property=\"og:image:width\" content=\"2880\" \/>\n\t<meta property=\"og:image:height\" content=\"1620\" \/>\n\t<meta property=\"og:image:type\" content=\"image\/png\" \/>\n<meta name=\"twitter:card\" content=\"summary_large_image\" \/>\n<meta name=\"twitter:site\" content=\"@talkpalai\" \/>\n<meta name=\"twitter:label1\" content=\"Ber\u00e4knad l\u00e4stid\" \/>\n\t<meta name=\"twitter:data1\" content=\"5 minuter\" \/>\n<script type=\"application\/ld+json\" class=\"yoast-schema-graph\">{\"@context\":\"https:\/\/schema.org\",\"@graph\":[{\"@type\":\"WebPage\",\"@id\":\"https:\/\/talkpal.ai\/sv\/grammar\/passiv-rost-och-vietnamesisk-grammatik\/\",\"url\":\"https:\/\/talkpal.ai\/sv\/grammar\/passiv-rost-och-vietnamesisk-grammatik\/\",\"name\":\"Passiv r\u00f6st och vietnamesisk grammatik - Talkpal\",\"isPartOf\":{\"@id\":\"https:\/\/talkpal.ai\/sv\/#website\"},\"primaryImageOfPage\":{\"@id\":\"https:\/\/talkpal.ai\/sv\/grammar\/passiv-rost-och-vietnamesisk-grammatik\/#primaryimage\"},\"image\":{\"@id\":\"https:\/\/talkpal.ai\/sv\/grammar\/passiv-rost-och-vietnamesisk-grammatik\/#primaryimage\"},\"thumbnailUrl\":\"https:\/\/talkpal.ai\/wp-content\/uploads\/2025\/12\/student-writes-notes-to-learn-languages.webp\",\"datePublished\":\"2025-07-03T12:06:07+00:00\",\"description\":\"Att f\u00f6rst\u00e5 passiv r\u00f6st och vietnamesisk grammatik \u00e4r avg\u00f6rande f\u00f6r alla som vill bem\u00e4stra vietnamesiska spr\u00e5ket p\u00e5 djupet. Passiv r\u00f6st anv\u00e4nds f\u00f6r att\",\"breadcrumb\":{\"@id\":\"https:\/\/talkpal.ai\/sv\/grammar\/passiv-rost-och-vietnamesisk-grammatik\/#breadcrumb\"},\"inLanguage\":\"sv-SE\",\"potentialAction\":[{\"@type\":\"ReadAction\",\"target\":[\"https:\/\/talkpal.ai\/sv\/grammar\/passiv-rost-och-vietnamesisk-grammatik\/\"]}]},{\"@type\":\"ImageObject\",\"inLanguage\":\"sv-SE\",\"@id\":\"https:\/\/talkpal.ai\/sv\/grammar\/passiv-rost-och-vietnamesisk-grammatik\/#primaryimage\",\"url\":\"https:\/\/talkpal.ai\/wp-content\/uploads\/2025\/12\/student-writes-notes-to-learn-languages.webp\",\"contentUrl\":\"https:\/\/talkpal.ai\/wp-content\/uploads\/2025\/12\/student-writes-notes-to-learn-languages.webp\",\"width\":1200,\"height\":896,\"caption\":\"A student writes notes in a book while learning languages in a library with tall, filled bookshelves.\"},{\"@type\":\"BreadcrumbList\",\"@id\":\"https:\/\/talkpal.ai\/sv\/grammar\/passiv-rost-och-vietnamesisk-grammatik\/#breadcrumb\",\"itemListElement\":[{\"@type\":\"ListItem\",\"position\":1,\"name\":\"Homepage\",\"item\":\"https:\/\/talkpal.ai\/sv\/\"},{\"@type\":\"ListItem\",\"position\":2,\"name\":\"Passiv r\u00f6st och vietnamesisk grammatik\"}]},{\"@type\":\"WebSite\",\"@id\":\"https:\/\/talkpal.ai\/sv\/#website\",\"url\":\"https:\/\/talkpal.ai\/sv\/\",\"name\":\"Talkpal\",\"description\":\"AI Language Learning\",\"publisher\":{\"@id\":\"https:\/\/talkpal.ai\/sv\/#organization\"},\"alternateName\":\"Talkpal AI\",\"potentialAction\":[{\"@type\":\"SearchAction\",\"target\":{\"@type\":\"EntryPoint\",\"urlTemplate\":\"https:\/\/talkpal.ai\/sv\/?s={search_term_string}\"},\"query-input\":{\"@type\":\"PropertyValueSpecification\",\"valueRequired\":true,\"valueName\":\"search_term_string\"}}],\"inLanguage\":\"sv-SE\"},{\"@type\":\"Organization\",\"@id\":\"https:\/\/talkpal.ai\/sv\/#organization\",\"name\":\"Talkpal, Inc.\",\"alternateName\":\"Talkpal AI\",\"url\":\"https:\/\/talkpal.ai\/sv\/\",\"logo\":{\"@type\":\"ImageObject\",\"inLanguage\":\"sv-SE\",\"@id\":\"https:\/\/talkpal.ai\/sv\/#\/schema\/logo\/image\/\",\"url\":\"https:\/\/talkpal.ai\/wp-content\/uploads\/2024\/03\/Talkpal-Logo-Icon.png\",\"contentUrl\":\"https:\/\/talkpal.ai\/wp-content\/uploads\/2024\/03\/Talkpal-Logo-Icon.png\",\"width\":2880,\"height\":2880,\"caption\":\"Talkpal, Inc.\"},\"image\":{\"@id\":\"https:\/\/talkpal.ai\/sv\/#\/schema\/logo\/image\/\"},\"sameAs\":[\"https:\/\/www.facebook.com\/profile.php?id=100090733639311\",\"https:\/\/x.com\/talkpalai\",\"https:\/\/www.linkedin.com\/company\/talkpal\/\",\"https:\/\/www.youtube.com\/@TalkPal\/\",\"https:\/\/www.tiktok.com\/@talkpal\",\"https:\/\/www.instagram.com\/talkpal_ai\/\",\"https:\/\/www.crunchbase.com\/organization\/talkpal-9cde\",\"https:\/\/www.g2.com\/products\/talkpal-for-business\/\",\"https:\/\/www.trustpilot.com\/review\/talkpal.ai\",\"https:\/\/www.capterra.com\/p\/10006800\/TalkPal\/\"],\"description\":\"Talkpal is a language learning web and mobile education app, powered by the latest AI technologies, that provides engaging experiences to its customers in many different languages to help them improve their language skills. Users can chat about unlimited amount of topics with the app and use other modes to practice their language learning.\",\"email\":\"support@talkpal.ai\",\"legalName\":\"Talkpal, Inc.\",\"foundingDate\":\"2023-04-03\",\"duns\":\"118989042\",\"numberOfEmployees\":{\"@type\":\"QuantitativeValue\",\"minValue\":\"11\",\"maxValue\":\"50\"},\"publishingPrinciples\":\"https:\/\/talkpal.ai\/publishing-principles\/\",\"actionableFeedbackPolicy\":\"https:\/\/talkpal.ai\/actionable-feedback-policy\/\",\"correctionsPolicy\":\"https:\/\/talkpal.ai\/corrections-policy\/\",\"ethicsPolicy\":\"https:\/\/talkpal.ai\/ethics-policy\/\",\"diversityPolicy\":\"https:\/\/talkpal.ai\/diversity-policy\/\",\"diversityStaffingReport\":\"https:\/\/talkpal.ai\/diversity-policy\/\"}]}<\/script>\n<!-- \/ Yoast SEO Premium plugin. -->","yoast_head_json":{"title":"Passiv r\u00f6st och vietnamesisk grammatik - Talkpal","description":"Att f\u00f6rst\u00e5 passiv r\u00f6st och vietnamesisk grammatik \u00e4r avg\u00f6rande f\u00f6r alla som vill bem\u00e4stra vietnamesiska spr\u00e5ket p\u00e5 djupet. Passiv r\u00f6st anv\u00e4nds f\u00f6r att","robots":{"index":"index","follow":"follow","max-snippet":"max-snippet:-1","max-image-preview":"max-image-preview:large","max-video-preview":"max-video-preview:-1"},"canonical":"https:\/\/talkpal.ai\/sv\/grammar\/passiv-rost-och-vietnamesisk-grammatik\/","og_locale":"sv_SE","og_type":"article","og_title":"Passiv r\u00f6st och vietnamesisk grammatik","og_description":"Att f\u00f6rst\u00e5 passiv r\u00f6st och vietnamesisk grammatik \u00e4r avg\u00f6rande f\u00f6r alla som vill bem\u00e4stra vietnamesiska spr\u00e5ket p\u00e5 djupet. Passiv r\u00f6st anv\u00e4nds f\u00f6r att","og_url":"https:\/\/talkpal.ai\/sv\/grammar\/passiv-rost-och-vietnamesisk-grammatik\/","og_site_name":"Talkpal","article_publisher":"https:\/\/www.facebook.com\/profile.php?id=100090733639311","og_image":[{"width":2880,"height":1620,"url":"https:\/\/talkpal.ai\/wp-content\/uploads\/2025\/02\/Progress-tab-16_9.png","type":"image\/png"}],"twitter_card":"summary_large_image","twitter_site":"@talkpalai","twitter_misc":{"Ber\u00e4knad l\u00e4stid":"5 minuter"},"schema":{"@context":"https:\/\/schema.org","@graph":[{"@type":"WebPage","@id":"https:\/\/talkpal.ai\/sv\/grammar\/passiv-rost-och-vietnamesisk-grammatik\/","url":"https:\/\/talkpal.ai\/sv\/grammar\/passiv-rost-och-vietnamesisk-grammatik\/","name":"Passiv r\u00f6st och vietnamesisk grammatik - Talkpal","isPartOf":{"@id":"https:\/\/talkpal.ai\/sv\/#website"},"primaryImageOfPage":{"@id":"https:\/\/talkpal.ai\/sv\/grammar\/passiv-rost-och-vietnamesisk-grammatik\/#primaryimage"},"image":{"@id":"https:\/\/talkpal.ai\/sv\/grammar\/passiv-rost-och-vietnamesisk-grammatik\/#primaryimage"},"thumbnailUrl":"https:\/\/talkpal.ai\/wp-content\/uploads\/2025\/12\/student-writes-notes-to-learn-languages.webp","datePublished":"2025-07-03T12:06:07+00:00","description":"Att f\u00f6rst\u00e5 passiv r\u00f6st och vietnamesisk grammatik \u00e4r avg\u00f6rande f\u00f6r alla som vill bem\u00e4stra vietnamesiska spr\u00e5ket p\u00e5 djupet. Passiv r\u00f6st anv\u00e4nds f\u00f6r att","breadcrumb":{"@id":"https:\/\/talkpal.ai\/sv\/grammar\/passiv-rost-och-vietnamesisk-grammatik\/#breadcrumb"},"inLanguage":"sv-SE","potentialAction":[{"@type":"ReadAction","target":["https:\/\/talkpal.ai\/sv\/grammar\/passiv-rost-och-vietnamesisk-grammatik\/"]}]},{"@type":"ImageObject","inLanguage":"sv-SE","@id":"https:\/\/talkpal.ai\/sv\/grammar\/passiv-rost-och-vietnamesisk-grammatik\/#primaryimage","url":"https:\/\/talkpal.ai\/wp-content\/uploads\/2025\/12\/student-writes-notes-to-learn-languages.webp","contentUrl":"https:\/\/talkpal.ai\/wp-content\/uploads\/2025\/12\/student-writes-notes-to-learn-languages.webp","width":1200,"height":896,"caption":"A student writes notes in a book while learning languages in a library with tall, filled bookshelves."},{"@type":"BreadcrumbList","@id":"https:\/\/talkpal.ai\/sv\/grammar\/passiv-rost-och-vietnamesisk-grammatik\/#breadcrumb","itemListElement":[{"@type":"ListItem","position":1,"name":"Homepage","item":"https:\/\/talkpal.ai\/sv\/"},{"@type":"ListItem","position":2,"name":"Passiv r\u00f6st och vietnamesisk grammatik"}]},{"@type":"WebSite","@id":"https:\/\/talkpal.ai\/sv\/#website","url":"https:\/\/talkpal.ai\/sv\/","name":"Talkpal","description":"AI Language Learning","publisher":{"@id":"https:\/\/talkpal.ai\/sv\/#organization"},"alternateName":"Talkpal AI","potentialAction":[{"@type":"SearchAction","target":{"@type":"EntryPoint","urlTemplate":"https:\/\/talkpal.ai\/sv\/?s={search_term_string}"},"query-input":{"@type":"PropertyValueSpecification","valueRequired":true,"valueName":"search_term_string"}}],"inLanguage":"sv-SE"},{"@type":"Organization","@id":"https:\/\/talkpal.ai\/sv\/#organization","name":"Talkpal, Inc.","alternateName":"Talkpal AI","url":"https:\/\/talkpal.ai\/sv\/","logo":{"@type":"ImageObject","inLanguage":"sv-SE","@id":"https:\/\/talkpal.ai\/sv\/#\/schema\/logo\/image\/","url":"https:\/\/talkpal.ai\/wp-content\/uploads\/2024\/03\/Talkpal-Logo-Icon.png","contentUrl":"https:\/\/talkpal.ai\/wp-content\/uploads\/2024\/03\/Talkpal-Logo-Icon.png","width":2880,"height":2880,"caption":"Talkpal, Inc."},"image":{"@id":"https:\/\/talkpal.ai\/sv\/#\/schema\/logo\/image\/"},"sameAs":["https:\/\/www.facebook.com\/profile.php?id=100090733639311","https:\/\/x.com\/talkpalai","https:\/\/www.linkedin.com\/company\/talkpal\/","https:\/\/www.youtube.com\/@TalkPal\/","https:\/\/www.tiktok.com\/@talkpal","https:\/\/www.instagram.com\/talkpal_ai\/","https:\/\/www.crunchbase.com\/organization\/talkpal-9cde","https:\/\/www.g2.com\/products\/talkpal-for-business\/","https:\/\/www.trustpilot.com\/review\/talkpal.ai","https:\/\/www.capterra.com\/p\/10006800\/TalkPal\/"],"description":"Talkpal is a language learning web and mobile education app, powered by the latest AI technologies, that provides engaging experiences to its customers in many different languages to help them improve their language skills. Users can chat about unlimited amount of topics with the app and use other modes to practice their language learning.","email":"support@talkpal.ai","legalName":"Talkpal, Inc.","foundingDate":"2023-04-03","duns":"118989042","numberOfEmployees":{"@type":"QuantitativeValue","minValue":"11","maxValue":"50"},"publishingPrinciples":"https:\/\/talkpal.ai\/publishing-principles\/","actionableFeedbackPolicy":"https:\/\/talkpal.ai\/actionable-feedback-policy\/","correctionsPolicy":"https:\/\/talkpal.ai\/corrections-policy\/","ethicsPolicy":"https:\/\/talkpal.ai\/ethics-policy\/","diversityPolicy":"https:\/\/talkpal.ai\/diversity-policy\/","diversityStaffingReport":"https:\/\/talkpal.ai\/diversity-policy\/"}]}},"_links":{"self":[{"href":"https:\/\/talkpal.ai\/sv\/wp-json\/wp\/v2\/grammar\/1102103","targetHints":{"allow":["GET"]}}],"collection":[{"href":"https:\/\/talkpal.ai\/sv\/wp-json\/wp\/v2\/grammar"}],"about":[{"href":"https:\/\/talkpal.ai\/sv\/wp-json\/wp\/v2\/types\/grammar"}],"wp:featuredmedia":[{"embeddable":true,"href":"https:\/\/talkpal.ai\/sv\/wp-json\/wp\/v2\/media\/1527920"}],"wp:attachment":[{"href":"https:\/\/talkpal.ai\/sv\/wp-json\/wp\/v2\/media?parent=1102103"}],"wp:term":[{"taxonomy":"language","embeddable":true,"href":"https:\/\/talkpal.ai\/sv\/wp-json\/wp\/v2\/language?post=1102103"}],"curies":[{"name":"wp","href":"https:\/\/api.w.org\/{rel}","templated":true}]}}