{"id":1102077,"date":"2025-07-03T12:04:52","date_gmt":"2025-07-03T12:04:52","guid":{"rendered":"https:\/\/talkpal.ai\/grammar\/adverb-av-grad-i-vietnamesisk-grammatik\/"},"modified":"2025-07-03T12:04:52","modified_gmt":"2025-07-03T12:04:52","slug":"adverb-av-grad-i-vietnamesisk-grammatik","status":"publish","type":"grammar","link":"https:\/\/talkpal.ai\/sv\/grammar\/adverb-av-grad-i-vietnamesisk-grammatik\/","title":{"rendered":"Adverb av grad i vietnamesisk grammatik"},"content":{"rendered":"<p>Att bem\u00e4stra <a href=\"https:\/\/talkpal.ai\/sv\/grammar\/adverb-av-grad-i-afrikaans-grammatik\/\">adverb av grad<\/a> i <a href=\"https:\/\/talkpal.ai\/no\/laer-vietnamesisk\/\">vietnamesisk grammatik<\/a> \u00e4r avg\u00f6rande f\u00f6r alla som vill uppn\u00e5 flytande och nyanserad kommunikation p\u00e5 <a href=\"https:\/\/talkpal.ai\/learn-vietnamese\/\">vietnamesiska<\/a>. Dessa adverb hj\u00e4lper till att uttrycka intensitet, j\u00e4mf\u00f6relser och f\u00f6rst\u00e4rkningar i spr\u00e5ket, vilket g\u00f6r meningarna mer levande och precisa. F\u00f6r dem som vill l\u00e4ra sig detta effektivt \u00e4r <a href=\"https:\/\/talkpal.ai\/ko\/ai-%ec%96%b8%ec%96%b4-%ea%b5%90%ec%82%ac\/\">Talkpal<\/a> en utm\u00e4rkt plattform, som erbjuder strukturerade lektioner och interaktiva \u00f6vningar f\u00f6r att f\u00f6rst\u00e5 och anv\u00e4nda adverb av grad p\u00e5 r\u00e4tt s\u00e4tt. I denna artikel g\u00e5r vi igenom vad adverb av grad \u00e4r, deras olika typer, hur de fungerar i <a href=\"https:\/\/talkpal.ai\/learn-vietnamese\/\">vietnamesisk<\/a> <a href=\"https:\/\/talkpal.ai\/fr\/les\/\">grammatik<\/a>, samt praktiska exempel och tips f\u00f6r att integrera dem i ditt spr\u00e5kbruk.<\/p>\n<h2>Vad \u00e4r adverb av grad i vietnamesisk grammatik?<\/h2>\n<p>Adverb av grad (<a href=\"https:\/\/talkpal.ai\/hoc-tieng-nhat-mien-phi-bi-quyet-nhanh-chong-va-hieu-qua\/\">ti\u1ebfng Vi\u1ec7t<\/a>: <em>tr\u1ea1ng t\u1eeb ch\u1ec9 m\u1ee9c \u0111\u1ed9<\/em>) anv\u00e4nds f\u00f6r att modifiera verb, adjektiv eller andra adverb och beskriva graden av en handling eller ett tillst\u00e5nd. De svarar p\u00e5 fr\u00e5gor som &#8221;hur mycket?&#8221;, &#8221;i vilken grad?&#8221; eller &#8221;till vilken niv\u00e5?&#8221;. I vietnamesiskan \u00e4r dessa adverb s\u00e4rskilt viktiga eftersom spr\u00e5ket i sig inte har b\u00f6jningar f\u00f6r att uttrycka j\u00e4mf\u00f6relse eller intensitet, utan f\u00f6rlitar sig p\u00e5 adverb och kontext.<\/p>\n<h3>Varf\u00f6r \u00e4r adverb av grad viktiga?<\/h3>\n<ul>\n<li><strong>F\u00f6rtydligar meningar:<\/strong> De hj\u00e4lper till att ge mer exakt information om handlingen eller egenskapen.<\/li>\n<li><strong>Uttrycker k\u00e4nslor och nyanser:<\/strong> Kan f\u00f6rst\u00e4rka eller mildra ett p\u00e5st\u00e5ende.<\/li>\n<li><strong>Skapar j\u00e4mf\u00f6relser:<\/strong> Anv\u00e4nds f\u00f6r att j\u00e4mf\u00f6ra olika situationer eller intensiteter.<\/li>\n<li><strong>Avg\u00f6r r\u00e4tt ton och stil:<\/strong> Viktigt i b\u00e5de formellt och vardagligt spr\u00e5kbruk.<\/li>\n<\/ul>\n<h2>Vanliga adverb av grad i vietnamesiskan<\/h2>\n<p>Nedan listas n\u00e5gra av de mest frekventa adverben av grad i vietnamesiskan, med deras betydelse och exempel p\u00e5 anv\u00e4ndning.<\/p>\n<table>\n<thead>\n<tr>\n<th>Adverb<\/th>\n<th>Betydelse<\/th>\n<th>Exempel p\u00e5 vietnamesiska<\/th>\n<th>\u00d6vers\u00e4ttning<\/th>\n<\/tr>\n<\/thead>\n<tbody>\n<tr>\n<td>r\u1ea5t<\/td>\n<td>mycket<\/td>\n<td>Anh \u1ea5y <em>r\u1ea5t<\/em> th\u00f4ng minh.<\/td>\n<td>Han \u00e4r <em>mycket<\/em> intelligent.<\/td>\n<\/tr>\n<tr>\n<td>qu\u00e1<\/td>\n<td>f\u00f6r mycket<\/td>\n<td>M\u00f3n \u0103n n\u00e0y <em>qu\u00e1<\/em> cay.<\/td>\n<td>Den h\u00e4r matr\u00e4tten \u00e4r <em>f\u00f6r<\/em> stark.<\/td>\n<\/tr>\n<tr>\n<td>h\u01a1i<\/td>\n<td>lite, n\u00e5got<\/td>\n<td>Tr\u1eddi <em>h\u01a1i<\/em> l\u1ea1nh h\u00f4m nay.<\/td>\n<td>Det \u00e4r <em>lite<\/em> kallt idag.<\/td>\n<\/tr>\n<tr>\n<td>c\u1ef1c k\u1ef3<\/td>\n<td>extremt<\/td>\n<td>C\u00f4 \u1ea5y <em>c\u1ef1c k\u1ef3<\/em> xinh \u0111\u1eb9p.<\/td>\n<td>Hon \u00e4r <em>extremt<\/em> vacker.<\/td>\n<\/tr>\n<tr>\n<td>kh\u00e1<\/td>\n<td>ganska<\/td>\n<td>Phim n\u00e0y <em>kh\u00e1<\/em> th\u00fa v\u1ecb.<\/td>\n<td>Den h\u00e4r filmen \u00e4r <em>ganska<\/em> intressant.<\/td>\n<\/tr>\n<\/tbody>\n<\/table>\n<h2>Placering av adverb av grad i vietnamesisk mening<\/h2>\n<p>Till skillnad fr\u00e5n m\u00e5nga europeiska spr\u00e5k har vietnamesiskan en relativt fast placering av adverb, s\u00e4rskilt adverb av grad. De placeras ofta f\u00f6re det ord de modifierar. H\u00e4r \u00e4r n\u00e5gra regler och exempel:<\/p>\n<h3>Adverb som modifierar adjektiv<\/h3>\n<p>Adverbet placeras direkt f\u00f6re adjektivet.<\/p>\n<ul>\n<li><em>r\u1ea5t \u0111\u1eb9p<\/em> \u2013 mycket vacker<\/li>\n<li><em>h\u01a1i n\u00f3ng<\/em> \u2013 lite varm<\/li>\n<\/ul>\n<h3>Adverb som modifierar verb<\/h3>\n<p>Adverbet placeras vanligtvis f\u00f6re verbet f\u00f6r att ange graden eller intensiteten.<\/p>\n<ul>\n<li><em>r\u1ea5t th\u00edch<\/em> \u2013 tycker mycket om<\/li>\n<li><em>qu\u00e1 nhanh<\/em> \u2013 f\u00f6r snabbt<\/li>\n<\/ul>\n<h3>Adverb som modifierar andra adverb<\/h3>\n<p>Det \u00e4r ocks\u00e5 m\u00f6jligt att adverb modifierar andra adverb, och placeringen \u00e4r liknande \u2013 f\u00f6re det adverb de f\u00f6rst\u00e4rker.<\/p>\n<h2>Skillnader mellan adverb av grad och andra typer av adverb<\/h2>\n<p>Det \u00e4r viktigt att s\u00e4rskilja adverb av grad fr\u00e5n andra adverb som uttrycker tid, plats eller s\u00e4tt. Adverb av grad fokuserar endast p\u00e5 intensitet eller omfattning.<\/p>\n<table>\n<thead>\n<tr>\n<th>Typ av adverb<\/th>\n<th>Funktion<\/th>\n<th>Exempel p\u00e5 vietnamesiska<\/th>\n<th>Betydelse<\/th>\n<\/tr>\n<\/thead>\n<tbody>\n<tr>\n<td>Adverb av grad<\/td>\n<td>Uttrycker intensitet<\/td>\n<td>r\u1ea5t, h\u01a1i, qu\u00e1<\/td>\n<td>mycket, lite, f\u00f6r mycket<\/td>\n<\/tr>\n<tr>\n<td>Adverb av tid<\/td>\n<td>Anger n\u00e4r n\u00e5got h\u00e4nder<\/td>\n<td>h\u00f4m nay, s\u00e1ng nay<\/td>\n<td>idag, i morse<\/td>\n<\/tr>\n<tr>\n<td>Adverb av plats<\/td>\n<td>Anger var n\u00e5got h\u00e4nder<\/td>\n<td>\u1edf \u0111\u00e2y, b\u00ean ngo\u00e0i<\/td>\n<td>h\u00e4r, utanf\u00f6r<\/td>\n<\/tr>\n<tr>\n<td>Adverb av s\u00e4tt<\/td>\n<td>Beskriver hur n\u00e5got g\u00f6rs<\/td>\n<td>nhanh, ch\u1eadm<\/td>\n<td>snabbt, l\u00e5ngsamt<\/td>\n<\/tr>\n<\/tbody>\n<\/table>\n<h2>Hur man l\u00e4r sig och \u00f6var adverb av grad effektivt<\/h2>\n<p>Att l\u00e4ra sig adverb av grad kr\u00e4ver b\u00e5de teoretisk f\u00f6rst\u00e5else och praktisk anv\u00e4ndning. H\u00e4r \u00e4r n\u00e5gra metoder f\u00f6r att f\u00f6rb\u00e4ttra din f\u00f6rm\u00e5ga att anv\u00e4nda dessa adverb korrekt:<\/p>\n<h3>Anv\u00e4nd Talkpal f\u00f6r strukturerad inl\u00e4rning<\/h3>\n<ul>\n<li><strong>Interaktiva lektioner:<\/strong> Talkpal erbjuder lektioner som fokuserar specifikt p\u00e5 vietnamesisk grammatik, inklusive adverb av grad.<\/li>\n<li><strong>Dialog\u00f6vningar:<\/strong> Praktisera samtal med modersm\u00e5lstalare f\u00f6r att se hur adverb anv\u00e4nds naturligt.<\/li>\n<li><strong>Feedback och korrigering:<\/strong> F\u00e5 direkt \u00e5terkoppling f\u00f6r att f\u00f6rb\u00e4ttra uttal och anv\u00e4ndning.<\/li>\n<\/ul>\n<h3>Praktiska tips f\u00f6r egen studie<\/h3>\n<ul>\n<li><strong>Skapa egna meningar:<\/strong> Skriv dagliga meningar d\u00e4r du inkluderar olika adverb av grad.<\/li>\n<li><strong>L\u00e4s vietnamesiska texter:<\/strong> Notera hur adverb anv\u00e4nds i b\u00f6cker, artiklar eller p\u00e5 sociala medier.<\/li>\n<li><strong>Lyssna p\u00e5 vietnamesiska:<\/strong> Podcast och filmer \u00e4r utm\u00e4rkta f\u00f6r att h\u00f6ra naturlig anv\u00e4ndning av adverb.<\/li>\n<li><strong>Tr\u00e4na j\u00e4mf\u00f6relser:<\/strong> G\u00f6r \u00f6vningar d\u00e4r du j\u00e4mf\u00f6r olika saker med hj\u00e4lp av adverb av grad.<\/li>\n<\/ul>\n<h2>Vanliga misstag att undvika<\/h2>\n<p>F\u00f6r nyb\u00f6rjare \u00e4r det vanligt att g\u00f6ra vissa misstag n\u00e4r det g\u00e4ller adverb av grad. H\u00e4r \u00e4r n\u00e5gra av de vanligaste och hur du kan undvika dem:<\/p>\n<ul>\n<li><strong>Fel placering av adverb:<\/strong> Kom ih\u00e5g att adverbet ska komma f\u00f6re ordet det modifierar.<\/li>\n<li><strong>\u00d6veranv\u00e4ndning av &#8221;qu\u00e1&#8221;:<\/strong> &#8221;Qu\u00e1&#8221; betyder &#8221;f\u00f6r mycket&#8221; och kan ge en negativ klang om det anv\u00e4nds felaktigt.<\/li>\n<li><strong>F\u00f6rv\u00e4xling med adjektiv:<\/strong> Adverb av grad \u00e4ndrar inte substantiv direkt, utan modifierar verb, adjektiv eller andra adverb.<\/li>\n<li><strong>Ignorera tonala skillnader:<\/strong> Vietnamesiska \u00e4r ett tonespr\u00e5k, och fel ton kan f\u00f6r\u00e4ndra betydelsen.<\/li>\n<\/ul>\n<h2>Sammanfattning<\/h2>\n<p>Adverb av grad \u00e4r en grundl\u00e4ggande del av vietnamesisk grammatik som hj\u00e4lper dig att uttrycka intensitet, nyanser och j\u00e4mf\u00f6relser p\u00e5 ett effektivt s\u00e4tt. Genom att f\u00f6rst\u00e5 deras anv\u00e4ndning, placering och betydelse kan du g\u00f6ra ditt vietnamesiska spr\u00e5k mer rikt och uttrycksfullt. Att anv\u00e4nda resurser som Talkpal g\u00f6r inl\u00e4rningen b\u00e5de rolig och effektiv, med m\u00f6jligheter till praktisk tr\u00e4ning och personlig \u00e5terkoppling. Genom regelbunden \u00f6vning och exponering f\u00f6r spr\u00e5ket kommer du snabbt att k\u00e4nna dig bekv\u00e4m med att anv\u00e4nda adverb av grad i vardagliga samtal och mer formella sammanhang.<\/p>\n","protected":false},"featured_media":1528062,"template":"","language":[7641,7712],"class_list":["post-1102077","grammar","type-grammar","status-publish","has-post-thumbnail","hentry","language-adverb-vietnamesisk-grammatik","language-vietnamesiska"],"acf":[],"yoast_head":"<!-- This site is optimized with the Yoast SEO Premium plugin v27.2 (Yoast SEO v27.2) - https:\/\/yoast.com\/product\/yoast-seo-premium-wordpress\/ -->\n<title>Adverb av grad i vietnamesisk grammatik - Talkpal<\/title>\n<meta name=\"description\" content=\"Att bem\u00e4stra adverb av grad i vietnamesisk grammatik \u00e4r avg\u00f6rande f\u00f6r alla som vill uppn\u00e5 flytande och nyanserad kommunikation p\u00e5 vietnamesiska. Dessa\" \/>\n<meta name=\"robots\" content=\"index, follow, max-snippet:-1, max-image-preview:large, max-video-preview:-1\" \/>\n<link rel=\"canonical\" href=\"https:\/\/talkpal.ai\/sv\/grammar\/adverb-av-grad-i-vietnamesisk-grammatik\/\" \/>\n<meta property=\"og:locale\" content=\"sv_SE\" \/>\n<meta property=\"og:type\" content=\"article\" \/>\n<meta property=\"og:title\" content=\"Adverb av grad i vietnamesisk grammatik\" \/>\n<meta property=\"og:description\" content=\"Att bem\u00e4stra adverb av grad i vietnamesisk grammatik \u00e4r avg\u00f6rande f\u00f6r alla som vill uppn\u00e5 flytande och nyanserad kommunikation p\u00e5 vietnamesiska. Dessa\" \/>\n<meta property=\"og:url\" content=\"https:\/\/talkpal.ai\/sv\/grammar\/adverb-av-grad-i-vietnamesisk-grammatik\/\" \/>\n<meta property=\"og:site_name\" content=\"Talkpal\" \/>\n<meta property=\"article:publisher\" content=\"https:\/\/www.facebook.com\/profile.php?id=100090733639311\" \/>\n<meta property=\"og:image\" content=\"https:\/\/talkpal.ai\/wp-content\/uploads\/2025\/02\/Progress-tab-16_9.png\" \/>\n\t<meta property=\"og:image:width\" content=\"2880\" \/>\n\t<meta property=\"og:image:height\" content=\"1620\" \/>\n\t<meta property=\"og:image:type\" content=\"image\/png\" \/>\n<meta name=\"twitter:card\" content=\"summary_large_image\" \/>\n<meta name=\"twitter:site\" content=\"@talkpalai\" \/>\n<meta name=\"twitter:label1\" content=\"Ber\u00e4knad l\u00e4stid\" \/>\n\t<meta name=\"twitter:data1\" content=\"5 minuter\" \/>\n<script type=\"application\/ld+json\" class=\"yoast-schema-graph\">{\"@context\":\"https:\/\/schema.org\",\"@graph\":[{\"@type\":\"WebPage\",\"@id\":\"https:\/\/talkpal.ai\/sv\/grammar\/adverb-av-grad-i-vietnamesisk-grammatik\/\",\"url\":\"https:\/\/talkpal.ai\/sv\/grammar\/adverb-av-grad-i-vietnamesisk-grammatik\/\",\"name\":\"Adverb av grad i vietnamesisk grammatik - Talkpal\",\"isPartOf\":{\"@id\":\"https:\/\/talkpal.ai\/sv\/#website\"},\"primaryImageOfPage\":{\"@id\":\"https:\/\/talkpal.ai\/sv\/grammar\/adverb-av-grad-i-vietnamesisk-grammatik\/#primaryimage\"},\"image\":{\"@id\":\"https:\/\/talkpal.ai\/sv\/grammar\/adverb-av-grad-i-vietnamesisk-grammatik\/#primaryimage\"},\"thumbnailUrl\":\"https:\/\/talkpal.ai\/wp-content\/uploads\/2025\/12\/two-people-at-table-learning-languages.webp\",\"datePublished\":\"2025-07-03T12:04:52+00:00\",\"description\":\"Att bem\u00e4stra adverb av grad i vietnamesisk grammatik \u00e4r avg\u00f6rande f\u00f6r alla som vill uppn\u00e5 flytande och nyanserad kommunikation p\u00e5 vietnamesiska. Dessa\",\"breadcrumb\":{\"@id\":\"https:\/\/talkpal.ai\/sv\/grammar\/adverb-av-grad-i-vietnamesisk-grammatik\/#breadcrumb\"},\"inLanguage\":\"sv-SE\",\"potentialAction\":[{\"@type\":\"ReadAction\",\"target\":[\"https:\/\/talkpal.ai\/sv\/grammar\/adverb-av-grad-i-vietnamesisk-grammatik\/\"]}]},{\"@type\":\"ImageObject\",\"inLanguage\":\"sv-SE\",\"@id\":\"https:\/\/talkpal.ai\/sv\/grammar\/adverb-av-grad-i-vietnamesisk-grammatik\/#primaryimage\",\"url\":\"https:\/\/talkpal.ai\/wp-content\/uploads\/2025\/12\/two-people-at-table-learning-languages.webp\",\"contentUrl\":\"https:\/\/talkpal.ai\/wp-content\/uploads\/2025\/12\/two-people-at-table-learning-languages.webp\",\"width\":1200,\"height\":896,\"caption\":\"Two students sit at a desk in a sunlit modern study space to learn languages on their laptops.\"},{\"@type\":\"BreadcrumbList\",\"@id\":\"https:\/\/talkpal.ai\/sv\/grammar\/adverb-av-grad-i-vietnamesisk-grammatik\/#breadcrumb\",\"itemListElement\":[{\"@type\":\"ListItem\",\"position\":1,\"name\":\"Homepage\",\"item\":\"https:\/\/talkpal.ai\/sv\/\"},{\"@type\":\"ListItem\",\"position\":2,\"name\":\"Adverb av grad i vietnamesisk grammatik\"}]},{\"@type\":\"WebSite\",\"@id\":\"https:\/\/talkpal.ai\/sv\/#website\",\"url\":\"https:\/\/talkpal.ai\/sv\/\",\"name\":\"Talkpal\",\"description\":\"AI Language Learning\",\"publisher\":{\"@id\":\"https:\/\/talkpal.ai\/sv\/#organization\"},\"alternateName\":\"Talkpal AI\",\"potentialAction\":[{\"@type\":\"SearchAction\",\"target\":{\"@type\":\"EntryPoint\",\"urlTemplate\":\"https:\/\/talkpal.ai\/sv\/?s={search_term_string}\"},\"query-input\":{\"@type\":\"PropertyValueSpecification\",\"valueRequired\":true,\"valueName\":\"search_term_string\"}}],\"inLanguage\":\"sv-SE\"},{\"@type\":\"Organization\",\"@id\":\"https:\/\/talkpal.ai\/sv\/#organization\",\"name\":\"Talkpal, Inc.\",\"alternateName\":\"Talkpal AI\",\"url\":\"https:\/\/talkpal.ai\/sv\/\",\"logo\":{\"@type\":\"ImageObject\",\"inLanguage\":\"sv-SE\",\"@id\":\"https:\/\/talkpal.ai\/sv\/#\/schema\/logo\/image\/\",\"url\":\"https:\/\/talkpal.ai\/wp-content\/uploads\/2024\/03\/Talkpal-Logo-Icon.png\",\"contentUrl\":\"https:\/\/talkpal.ai\/wp-content\/uploads\/2024\/03\/Talkpal-Logo-Icon.png\",\"width\":2880,\"height\":2880,\"caption\":\"Talkpal, Inc.\"},\"image\":{\"@id\":\"https:\/\/talkpal.ai\/sv\/#\/schema\/logo\/image\/\"},\"sameAs\":[\"https:\/\/www.facebook.com\/profile.php?id=100090733639311\",\"https:\/\/x.com\/talkpalai\",\"https:\/\/www.linkedin.com\/company\/talkpal\/\",\"https:\/\/www.youtube.com\/@TalkPal\/\",\"https:\/\/www.tiktok.com\/@talkpal\",\"https:\/\/www.instagram.com\/talkpal_ai\/\",\"https:\/\/www.crunchbase.com\/organization\/talkpal-9cde\",\"https:\/\/www.g2.com\/products\/talkpal-for-business\/\",\"https:\/\/www.trustpilot.com\/review\/talkpal.ai\",\"https:\/\/www.capterra.com\/p\/10006800\/TalkPal\/\"],\"description\":\"Talkpal is a language learning web and mobile education app, powered by the latest AI technologies, that provides engaging experiences to its customers in many different languages to help them improve their language skills. Users can chat about unlimited amount of topics with the app and use other modes to practice their language learning.\",\"email\":\"support@talkpal.ai\",\"legalName\":\"Talkpal, Inc.\",\"foundingDate\":\"2023-04-03\",\"duns\":\"118989042\",\"numberOfEmployees\":{\"@type\":\"QuantitativeValue\",\"minValue\":\"11\",\"maxValue\":\"50\"},\"publishingPrinciples\":\"https:\/\/talkpal.ai\/publishing-principles\/\",\"actionableFeedbackPolicy\":\"https:\/\/talkpal.ai\/actionable-feedback-policy\/\",\"correctionsPolicy\":\"https:\/\/talkpal.ai\/corrections-policy\/\",\"ethicsPolicy\":\"https:\/\/talkpal.ai\/ethics-policy\/\",\"diversityPolicy\":\"https:\/\/talkpal.ai\/diversity-policy\/\",\"diversityStaffingReport\":\"https:\/\/talkpal.ai\/diversity-policy\/\"}]}<\/script>\n<!-- \/ Yoast SEO Premium plugin. -->","yoast_head_json":{"title":"Adverb av grad i vietnamesisk grammatik - Talkpal","description":"Att bem\u00e4stra adverb av grad i vietnamesisk grammatik \u00e4r avg\u00f6rande f\u00f6r alla som vill uppn\u00e5 flytande och nyanserad kommunikation p\u00e5 vietnamesiska. Dessa","robots":{"index":"index","follow":"follow","max-snippet":"max-snippet:-1","max-image-preview":"max-image-preview:large","max-video-preview":"max-video-preview:-1"},"canonical":"https:\/\/talkpal.ai\/sv\/grammar\/adverb-av-grad-i-vietnamesisk-grammatik\/","og_locale":"sv_SE","og_type":"article","og_title":"Adverb av grad i vietnamesisk grammatik","og_description":"Att bem\u00e4stra adverb av grad i vietnamesisk grammatik \u00e4r avg\u00f6rande f\u00f6r alla som vill uppn\u00e5 flytande och nyanserad kommunikation p\u00e5 vietnamesiska. Dessa","og_url":"https:\/\/talkpal.ai\/sv\/grammar\/adverb-av-grad-i-vietnamesisk-grammatik\/","og_site_name":"Talkpal","article_publisher":"https:\/\/www.facebook.com\/profile.php?id=100090733639311","og_image":[{"width":2880,"height":1620,"url":"https:\/\/talkpal.ai\/wp-content\/uploads\/2025\/02\/Progress-tab-16_9.png","type":"image\/png"}],"twitter_card":"summary_large_image","twitter_site":"@talkpalai","twitter_misc":{"Ber\u00e4knad l\u00e4stid":"5 minuter"},"schema":{"@context":"https:\/\/schema.org","@graph":[{"@type":"WebPage","@id":"https:\/\/talkpal.ai\/sv\/grammar\/adverb-av-grad-i-vietnamesisk-grammatik\/","url":"https:\/\/talkpal.ai\/sv\/grammar\/adverb-av-grad-i-vietnamesisk-grammatik\/","name":"Adverb av grad i vietnamesisk grammatik - Talkpal","isPartOf":{"@id":"https:\/\/talkpal.ai\/sv\/#website"},"primaryImageOfPage":{"@id":"https:\/\/talkpal.ai\/sv\/grammar\/adverb-av-grad-i-vietnamesisk-grammatik\/#primaryimage"},"image":{"@id":"https:\/\/talkpal.ai\/sv\/grammar\/adverb-av-grad-i-vietnamesisk-grammatik\/#primaryimage"},"thumbnailUrl":"https:\/\/talkpal.ai\/wp-content\/uploads\/2025\/12\/two-people-at-table-learning-languages.webp","datePublished":"2025-07-03T12:04:52+00:00","description":"Att bem\u00e4stra adverb av grad i vietnamesisk grammatik \u00e4r avg\u00f6rande f\u00f6r alla som vill uppn\u00e5 flytande och nyanserad kommunikation p\u00e5 vietnamesiska. Dessa","breadcrumb":{"@id":"https:\/\/talkpal.ai\/sv\/grammar\/adverb-av-grad-i-vietnamesisk-grammatik\/#breadcrumb"},"inLanguage":"sv-SE","potentialAction":[{"@type":"ReadAction","target":["https:\/\/talkpal.ai\/sv\/grammar\/adverb-av-grad-i-vietnamesisk-grammatik\/"]}]},{"@type":"ImageObject","inLanguage":"sv-SE","@id":"https:\/\/talkpal.ai\/sv\/grammar\/adverb-av-grad-i-vietnamesisk-grammatik\/#primaryimage","url":"https:\/\/talkpal.ai\/wp-content\/uploads\/2025\/12\/two-people-at-table-learning-languages.webp","contentUrl":"https:\/\/talkpal.ai\/wp-content\/uploads\/2025\/12\/two-people-at-table-learning-languages.webp","width":1200,"height":896,"caption":"Two students sit at a desk in a sunlit modern study space to learn languages on their laptops."},{"@type":"BreadcrumbList","@id":"https:\/\/talkpal.ai\/sv\/grammar\/adverb-av-grad-i-vietnamesisk-grammatik\/#breadcrumb","itemListElement":[{"@type":"ListItem","position":1,"name":"Homepage","item":"https:\/\/talkpal.ai\/sv\/"},{"@type":"ListItem","position":2,"name":"Adverb av grad i vietnamesisk grammatik"}]},{"@type":"WebSite","@id":"https:\/\/talkpal.ai\/sv\/#website","url":"https:\/\/talkpal.ai\/sv\/","name":"Talkpal","description":"AI Language Learning","publisher":{"@id":"https:\/\/talkpal.ai\/sv\/#organization"},"alternateName":"Talkpal AI","potentialAction":[{"@type":"SearchAction","target":{"@type":"EntryPoint","urlTemplate":"https:\/\/talkpal.ai\/sv\/?s={search_term_string}"},"query-input":{"@type":"PropertyValueSpecification","valueRequired":true,"valueName":"search_term_string"}}],"inLanguage":"sv-SE"},{"@type":"Organization","@id":"https:\/\/talkpal.ai\/sv\/#organization","name":"Talkpal, Inc.","alternateName":"Talkpal AI","url":"https:\/\/talkpal.ai\/sv\/","logo":{"@type":"ImageObject","inLanguage":"sv-SE","@id":"https:\/\/talkpal.ai\/sv\/#\/schema\/logo\/image\/","url":"https:\/\/talkpal.ai\/wp-content\/uploads\/2024\/03\/Talkpal-Logo-Icon.png","contentUrl":"https:\/\/talkpal.ai\/wp-content\/uploads\/2024\/03\/Talkpal-Logo-Icon.png","width":2880,"height":2880,"caption":"Talkpal, Inc."},"image":{"@id":"https:\/\/talkpal.ai\/sv\/#\/schema\/logo\/image\/"},"sameAs":["https:\/\/www.facebook.com\/profile.php?id=100090733639311","https:\/\/x.com\/talkpalai","https:\/\/www.linkedin.com\/company\/talkpal\/","https:\/\/www.youtube.com\/@TalkPal\/","https:\/\/www.tiktok.com\/@talkpal","https:\/\/www.instagram.com\/talkpal_ai\/","https:\/\/www.crunchbase.com\/organization\/talkpal-9cde","https:\/\/www.g2.com\/products\/talkpal-for-business\/","https:\/\/www.trustpilot.com\/review\/talkpal.ai","https:\/\/www.capterra.com\/p\/10006800\/TalkPal\/"],"description":"Talkpal is a language learning web and mobile education app, powered by the latest AI technologies, that provides engaging experiences to its customers in many different languages to help them improve their language skills. Users can chat about unlimited amount of topics with the app and use other modes to practice their language learning.","email":"support@talkpal.ai","legalName":"Talkpal, Inc.","foundingDate":"2023-04-03","duns":"118989042","numberOfEmployees":{"@type":"QuantitativeValue","minValue":"11","maxValue":"50"},"publishingPrinciples":"https:\/\/talkpal.ai\/publishing-principles\/","actionableFeedbackPolicy":"https:\/\/talkpal.ai\/actionable-feedback-policy\/","correctionsPolicy":"https:\/\/talkpal.ai\/corrections-policy\/","ethicsPolicy":"https:\/\/talkpal.ai\/ethics-policy\/","diversityPolicy":"https:\/\/talkpal.ai\/diversity-policy\/","diversityStaffingReport":"https:\/\/talkpal.ai\/diversity-policy\/"}]}},"_links":{"self":[{"href":"https:\/\/talkpal.ai\/sv\/wp-json\/wp\/v2\/grammar\/1102077","targetHints":{"allow":["GET"]}}],"collection":[{"href":"https:\/\/talkpal.ai\/sv\/wp-json\/wp\/v2\/grammar"}],"about":[{"href":"https:\/\/talkpal.ai\/sv\/wp-json\/wp\/v2\/types\/grammar"}],"wp:featuredmedia":[{"embeddable":true,"href":"https:\/\/talkpal.ai\/sv\/wp-json\/wp\/v2\/media\/1528062"}],"wp:attachment":[{"href":"https:\/\/talkpal.ai\/sv\/wp-json\/wp\/v2\/media?parent=1102077"}],"wp:term":[{"taxonomy":"language","embeddable":true,"href":"https:\/\/talkpal.ai\/sv\/wp-json\/wp\/v2\/language?post=1102077"}],"curies":[{"name":"wp","href":"https:\/\/api.w.org\/{rel}","templated":true}]}}