{"id":1101378,"date":"2025-07-03T11:29:54","date_gmt":"2025-07-03T11:29:54","guid":{"rendered":"https:\/\/talkpal.ai\/grammar\/fortiden-i-slovensk-grammatik\/"},"modified":"2025-07-03T11:29:54","modified_gmt":"2025-07-03T11:29:54","slug":"fortiden-i-slovensk-grammatik","status":"publish","type":"grammar","link":"https:\/\/talkpal.ai\/sv\/grammar\/fortiden-i-slovensk-grammatik\/","title":{"rendered":"F\u00f6rtiden i slovensk grammatik"},"content":{"rendered":"<p>Att f\u00f6rst\u00e5 f\u00f6rtiden i <a href=\"https:\/\/talkpal.ai\/slovenian-grammar\/\">slovensk grammatik<\/a> \u00e4r avg\u00f6rande f\u00f6r alla som vill bem\u00e4stra detta sydslaviska spr\u00e5k. F\u00f6rtiden, eller perfektum, anv\u00e4nds f\u00f6r att beskriva handlingar som har \u00e4gt rum i det f\u00f6rflutna men som fortfarande har relevans i nuet. Genom att l\u00e4ra sig de grammatiska reglerna och strukturerna kan du f\u00f6rb\u00e4ttra ditt slovenska spr\u00e5kbruk avsev\u00e4rt. <a href=\"https:\/\/talkpal.ai\/ko\/ai-%ec%96%b8%ec%96%b4-%ea%b5%90%ec%82%ac\/\">Talkpal<\/a> \u00e4r ett utm\u00e4rkt verktyg f\u00f6r att l\u00e4ra sig och \u00f6va p\u00e5 f\u00f6rtiden i <a href=\"https:\/\/talkpal.ai\/learn-slovenian\/\">slovensk<\/a> <a href=\"https:\/\/talkpal.ai\/fr\/les\/\">grammatik<\/a>, eftersom det kombinerar interaktiva \u00f6vningar med riktiga exempel och personlig feedback.<\/p>\n<h2>Vad \u00e4r f\u00f6rtiden i slovensk grammatik?<\/h2>\n<p>F\u00f6rtiden, eller perfektum, \u00e4r en verbform som anv\u00e4nds f\u00f6r att uttrycka handlingar eller tillst\u00e5nd som \u00e4r avslutade men som har en koppling till nuet. I slovenska fungerar f\u00f6rtiden som en av de viktigaste tidsformerna f\u00f6r att <a href=\"https:\/\/talkpal.ai\/locations\/language-courses-in-tala\/\">tala<\/a> om det f\u00f6rflutna. Det \u00e4r s\u00e4rskilt anv\u00e4ndbart n\u00e4r man vill betona resultatet eller effekten av en tidigare handling.<\/p>\n<h3>Grundl\u00e4ggande definition och anv\u00e4ndning<\/h3>\n<ul>\n<li><strong>Definition:<\/strong> F\u00f6rtiden beskriver handlingar som <a href=\"https:\/\/talkpal.ai\/locations\/learn-english-in-redan\/\">redan<\/a> har fullbordats.<\/li>\n<li><strong>Anv\u00e4ndning:<\/strong> Den anv\u00e4nds ofta f\u00f6r att referera till erfarenheter, avslutade handlingar med relevans f\u00f6r nuet, eller f\u00f6r att ber\u00e4tta om n\u00e5got som nyligen har h\u00e4nt.<\/li>\n<li><strong>Exempel i mening:<\/strong> &#8221;Sem prebral knjigo.&#8221; (Jag har l\u00e4st boken.)<\/li>\n<\/ul>\n<h2>Hur bildas f\u00f6rtiden i slovenska?<\/h2>\n<p>Bilden av f\u00f6rtiden i slovenska \u00e4r relativt regelbunden och best\u00e5r av hj\u00e4lpverbet <em>imeti<\/em> (att ha) i presens f\u00f6ljt av perfektparticip av huvudverbet. <a href=\"https:\/\/talkpal.ai\/culture\/how-do-i-use-det-finns-correctly\/\">Det finns<\/a> dock n\u00e5gra undantag och s\u00e4rskilda former beroende p\u00e5 verbets aspekt och b\u00f6jning.<\/p>\n<h3>Struktur av perfektum<\/h3>\n<p>Den typiska strukturen \u00e4r:<\/p>\n<ul>\n<li><strong>Hj\u00e4lpverb:<\/strong> <em>imeti<\/em> i presens (jag har, du har, han\/hon har, etc.)<\/li>\n<li><strong>Perfektparticip:<\/strong> En form av verbet som oftast slutar p\u00e5 -l, -la, -lo, beroende p\u00e5 k\u00f6n och antal.<\/li>\n<\/ul>\n<p>Exempel:<\/p>\n<ul>\n<li><em>Jaz sem jedel.<\/em> \u2013 Jag har \u00e4tit. (maskulint)<\/li>\n<li><em>Ti si jedla.<\/em> \u2013 Du har \u00e4tit. (feminint)<\/li>\n<li><em>On je \u0161el.<\/em> \u2013 Han har g\u00e5tt.<\/li>\n<\/ul>\n<h3>Perfektparticip och k\u00f6ns\u00f6verensst\u00e4mmelse<\/h3>\n<p>I slovenska m\u00e5ste perfektparticipet anpassas efter subjektets k\u00f6n och antal:<\/p>\n<ul>\n<li><strong>Maskulin singular:<\/strong> -l (npr. jedel \u2013 \u00e4tit)<\/li>\n<li><strong>Feminin singular:<\/strong> -la (npr. jedla)<\/li>\n<li><strong>Neutrum singular:<\/strong> -lo (npr. jedlo)<\/li>\n<li><strong>Plural:<\/strong> -li (maskulin), -le (feminin), -la (neutrum)<\/li>\n<\/ul>\n<h3>Exempel p\u00e5 hj\u00e4lpverbet <em>imeti<\/em> i presens<\/h3>\n<table>\n<tr>\n<th>Person<\/th>\n<th>Form av &#8221;imeti&#8221;<\/th>\n<\/tr>\n<tr>\n<td>Jag<\/td>\n<td>sem<\/td>\n<\/tr>\n<tr>\n<td>Du<\/td>\n<td>si<\/td>\n<\/tr>\n<tr>\n<td>Han\/hon\/det<\/td>\n<td>je<\/td>\n<\/tr>\n<tr>\n<td>Vi<\/td>\n<td>smo<\/td>\n<\/tr>\n<tr>\n<td>Ni<\/td>\n<td>ste<\/td>\n<\/tr>\n<tr>\n<td>De<\/td>\n<td>so<\/td>\n<\/tr>\n<\/table>\n<h2>Aspektens roll i slovenska f\u00f6rtiden<\/h2>\n<p>Slovenska \u00e4r ett aspektbaserat spr\u00e5k, vilket betyder att verb uttrycker antingen fullbordad (perfektiv) eller ofullbordad (imperfektiv) handling. Detta p\u00e5verkar hur f\u00f6rtiden anv\u00e4nds och bildas.<\/p>\n<h3>Perfektiva och imperfektiva verb<\/h3>\n<ul>\n<li><strong>Perfektiv:<\/strong> Verb som uttrycker fullbordade handlingar och vanligtvis anv\u00e4nds i perfektum f\u00f6r att indikera att handlingen \u00e4r avslutad.<\/li>\n<li><strong>Imperfektiv:<\/strong> Verb som beskriver p\u00e5g\u00e5ende, upprepade eller icke-avslutade handlingar, och ofta anv\u00e4nds i andra tidsformer.<\/li>\n<\/ul>\n<p>Exempel:<\/p>\n<ul>\n<li><em>Perfektiv:<\/em> &#8221;Napisal sem pismo.&#8221; (Jag har skrivit brevet.)<\/li>\n<li><em>Imperfektiv:<\/em> &#8221;Pisati sem pismo.&#8221; (Jag h\u00f6ll p\u00e5 att skriva brevet.)<\/li>\n<\/ul>\n<h2>Vanliga verb och deras perfektumformer<\/h2>\n<p>H\u00e4r \u00e4r n\u00e5gra vanliga slovenska verb med deras perfekta former, vilket kan vara till stor hj\u00e4lp n\u00e4r du l\u00e4r dig f\u00f6rtiden:<\/p>\n<table>\n<tr>\n<th>Infinitiv<\/th>\n<th>Perfektparticip (maskulin singular)<\/th>\n<th>Betydelse<\/th>\n<\/tr>\n<tr>\n<td>jesti<\/td>\n<td>jedel<\/td>\n<td>\u00e4ta<\/td>\n<\/tr>\n<tr>\n<td>iti<\/td>\n<td>\u0161el<\/td>\n<td>g\u00e5<\/td>\n<\/tr>\n<tr>\n<td>delati<\/td>\n<td>delal<\/td>\n<td>arbeta\/g\u00f6ra<\/td>\n<\/tr>\n<tr>\n<td>videti<\/td>\n<td>videl<\/td>\n<td>se<\/td>\n<\/tr>\n<tr>\n<td>narediti<\/td>\n<td>naredil<\/td>\n<td>g\u00f6ra, tillverka<\/td>\n<\/tr>\n<\/table>\n<h2>Tips f\u00f6r att l\u00e4ra sig f\u00f6rtiden i slovensk grammatik<\/h2>\n<p>Att bem\u00e4stra f\u00f6rtiden kr\u00e4ver b\u00e5de f\u00f6rst\u00e5else och \u00f6vning. H\u00e4r \u00e4r n\u00e5gra tips f\u00f6r att effektivt l\u00e4ra sig och anv\u00e4nda perfektum i slovenska:<\/p>\n<ul>\n<li><strong>\u00d6va med Talkpal:<\/strong> Anv\u00e4nd Talkpal f\u00f6r att f\u00e5 interaktiva \u00f6vningar och personliga korrigeringar, vilket g\u00f6r inl\u00e4rningen mer dynamisk och effektiv.<\/li>\n<li><strong>L\u00e4r dig hj\u00e4lpverbet <em>imeti<\/em> utantill:<\/strong> Att snabbt kunna b\u00f6ja hj\u00e4lpverbet \u00e4r grundl\u00e4ggande f\u00f6r att bilda f\u00f6rtiden korrekt.<\/li>\n<li><strong>Studera perfektparticipets b\u00f6jning:<\/strong> \u00d6va p\u00e5 att anpassa perfektparticipet efter k\u00f6n och antal.<\/li>\n<li><strong>Fokusera p\u00e5 verbaspekt:<\/strong> F\u00f6rst\u00e5 skillnaden mellan perfektiva och imperfektiva verb och n\u00e4r de anv\u00e4nds.<\/li>\n<li><strong>Anv\u00e4nd autentiska texter:<\/strong> L\u00e4s slovenska texter, lyssna p\u00e5 konversationer och f\u00f6rs\u00f6k identifiera och analysera f\u00f6rtidsformer.<\/li>\n<li><strong>Upprepa och skapa egna meningar:<\/strong> Skriv och tala med f\u00f6rtidsformer f\u00f6r att bef\u00e4sta kunskapen.<\/li>\n<\/ul>\n<h2>Vanliga misstag att undvika<\/h2>\n<p>Flera vanliga misstag kan uppst\u00e5 n\u00e4r man l\u00e4r sig f\u00f6rtiden i slovenska. Att vara medveten om dessa kan hj\u00e4lpa dig att undvika dem:<\/p>\n<ul>\n<li><strong>Felaktig b\u00f6jning av hj\u00e4lpverbet:<\/strong> Att gl\u00f6mma r\u00e4tt form av <em>imeti<\/em> i presens leder till grammatiska fel.<\/li>\n<li><strong>Ignorera aspekt:<\/strong> Att anv\u00e4nda imperfektiv form d\u00e4r perfektiv \u00e4r n\u00f6dv\u00e4ndig kan f\u00f6rvirra betydelsen.<\/li>\n<li><strong>Fel i perfektparticipets k\u00f6ns\u00f6verensst\u00e4mmelse:<\/strong> Det \u00e4r viktigt att perfektparticipet matchar subjektets k\u00f6n och antal.<\/li>\n<li><strong>\u00d6vers\u00e4tta direkt fr\u00e5n svenska:<\/strong> Svenska och slovenska har olika s\u00e4tt att uttrycka f\u00f6rfluten tid, s\u00e5 direkt\u00f6vers\u00e4ttning kan skapa fel.<\/li>\n<\/ul>\n<h2>Sammanfattning<\/h2>\n<p>F\u00f6rtiden i slovensk grammatik \u00e4r en central del av spr\u00e5ket som hj\u00e4lper till att uttrycka fullbordade handlingar med koppling till nuet. Genom att f\u00f6rst\u00e5 hj\u00e4lpverbet <em>imeti<\/em>, perfektparticipets b\u00f6jning och verbaspektens betydelse, kan du effektivt anv\u00e4nda perfektum i dina samtal och texter. F\u00f6r att p\u00e5skynda inl\u00e4rningen \u00e4r verktyg som Talkpal ov\u00e4rderliga, eftersom de erbjuder strukturerad tr\u00e4ning och anpassad feedback. Med regelbunden \u00f6vning och medvetenhet om vanliga fallgropar kommer du snabbt att f\u00f6rb\u00e4ttra din f\u00f6rm\u00e5ga att anv\u00e4nda f\u00f6rtiden p\u00e5 ett korrekt och naturligt s\u00e4tt.<\/p>\n","protected":false},"featured_media":1528092,"template":"","language":[7447,7449],"class_list":["post-1101378","grammar","type-grammar","status-publish","has-post-thumbnail","hentry","language-slovenska","language-tempus-slovensk-grammatik"],"acf":[],"yoast_head":"<!-- This site is optimized with the Yoast SEO Premium plugin v27.2 (Yoast SEO v27.2) - https:\/\/yoast.com\/product\/yoast-seo-premium-wordpress\/ -->\n<title>F\u00f6rtiden i slovensk grammatik - Talkpal<\/title>\n<meta name=\"description\" content=\"Att f\u00f6rst\u00e5 f\u00f6rtiden i slovensk grammatik \u00e4r avg\u00f6rande f\u00f6r alla som vill bem\u00e4stra detta sydslaviska spr\u00e5k. F\u00f6rtiden, eller perfektum, anv\u00e4nds f\u00f6r att\" \/>\n<meta name=\"robots\" content=\"index, follow, max-snippet:-1, max-image-preview:large, max-video-preview:-1\" \/>\n<link rel=\"canonical\" href=\"https:\/\/talkpal.ai\/sv\/grammar\/fortiden-i-slovensk-grammatik\/\" \/>\n<meta property=\"og:locale\" content=\"sv_SE\" \/>\n<meta property=\"og:type\" content=\"article\" \/>\n<meta property=\"og:title\" content=\"F\u00f6rtiden i slovensk grammatik\" \/>\n<meta property=\"og:description\" content=\"Att f\u00f6rst\u00e5 f\u00f6rtiden i slovensk grammatik \u00e4r avg\u00f6rande f\u00f6r alla som vill bem\u00e4stra detta sydslaviska spr\u00e5k. F\u00f6rtiden, eller perfektum, anv\u00e4nds f\u00f6r att\" \/>\n<meta property=\"og:url\" content=\"https:\/\/talkpal.ai\/sv\/grammar\/fortiden-i-slovensk-grammatik\/\" \/>\n<meta property=\"og:site_name\" content=\"Talkpal\" \/>\n<meta property=\"article:publisher\" content=\"https:\/\/www.facebook.com\/profile.php?id=100090733639311\" \/>\n<meta property=\"og:image\" content=\"https:\/\/talkpal.ai\/wp-content\/uploads\/2025\/02\/Progress-tab-16_9.png\" \/>\n\t<meta property=\"og:image:width\" content=\"2880\" \/>\n\t<meta property=\"og:image:height\" content=\"1620\" \/>\n\t<meta property=\"og:image:type\" content=\"image\/png\" \/>\n<meta name=\"twitter:card\" content=\"summary_large_image\" \/>\n<meta name=\"twitter:site\" content=\"@talkpalai\" \/>\n<meta name=\"twitter:label1\" content=\"Ber\u00e4knad l\u00e4stid\" \/>\n\t<meta name=\"twitter:data1\" content=\"5 minuter\" \/>\n<script type=\"application\/ld+json\" class=\"yoast-schema-graph\">{\"@context\":\"https:\/\/schema.org\",\"@graph\":[{\"@type\":\"WebPage\",\"@id\":\"https:\/\/talkpal.ai\/sv\/grammar\/fortiden-i-slovensk-grammatik\/\",\"url\":\"https:\/\/talkpal.ai\/sv\/grammar\/fortiden-i-slovensk-grammatik\/\",\"name\":\"F\u00f6rtiden i slovensk grammatik - Talkpal\",\"isPartOf\":{\"@id\":\"https:\/\/talkpal.ai\/sv\/#website\"},\"primaryImageOfPage\":{\"@id\":\"https:\/\/talkpal.ai\/sv\/grammar\/fortiden-i-slovensk-grammatik\/#primaryimage\"},\"image\":{\"@id\":\"https:\/\/talkpal.ai\/sv\/grammar\/fortiden-i-slovensk-grammatik\/#primaryimage\"},\"thumbnailUrl\":\"https:\/\/talkpal.ai\/wp-content\/uploads\/2025\/12\/woman-near-large-clock-learning-languages.webp\",\"datePublished\":\"2025-07-03T11:29:54+00:00\",\"description\":\"Att f\u00f6rst\u00e5 f\u00f6rtiden i slovensk grammatik \u00e4r avg\u00f6rande f\u00f6r alla som vill bem\u00e4stra detta sydslaviska spr\u00e5k. F\u00f6rtiden, eller perfektum, anv\u00e4nds f\u00f6r att\",\"breadcrumb\":{\"@id\":\"https:\/\/talkpal.ai\/sv\/grammar\/fortiden-i-slovensk-grammatik\/#breadcrumb\"},\"inLanguage\":\"sv-SE\",\"potentialAction\":[{\"@type\":\"ReadAction\",\"target\":[\"https:\/\/talkpal.ai\/sv\/grammar\/fortiden-i-slovensk-grammatik\/\"]}]},{\"@type\":\"ImageObject\",\"inLanguage\":\"sv-SE\",\"@id\":\"https:\/\/talkpal.ai\/sv\/grammar\/fortiden-i-slovensk-grammatik\/#primaryimage\",\"url\":\"https:\/\/talkpal.ai\/wp-content\/uploads\/2025\/12\/woman-near-large-clock-learning-languages.webp\",\"contentUrl\":\"https:\/\/talkpal.ai\/wp-content\/uploads\/2025\/12\/woman-near-large-clock-learning-languages.webp\",\"width\":1200,\"height\":896,\"caption\":\"A woman with dark hair studies at a desk in a library with a large wall clock while learning languages.\"},{\"@type\":\"BreadcrumbList\",\"@id\":\"https:\/\/talkpal.ai\/sv\/grammar\/fortiden-i-slovensk-grammatik\/#breadcrumb\",\"itemListElement\":[{\"@type\":\"ListItem\",\"position\":1,\"name\":\"Homepage\",\"item\":\"https:\/\/talkpal.ai\/sv\/\"},{\"@type\":\"ListItem\",\"position\":2,\"name\":\"F\u00f6rtiden i slovensk grammatik\"}]},{\"@type\":\"WebSite\",\"@id\":\"https:\/\/talkpal.ai\/sv\/#website\",\"url\":\"https:\/\/talkpal.ai\/sv\/\",\"name\":\"Talkpal\",\"description\":\"AI Language Learning\",\"publisher\":{\"@id\":\"https:\/\/talkpal.ai\/sv\/#organization\"},\"alternateName\":\"Talkpal AI\",\"potentialAction\":[{\"@type\":\"SearchAction\",\"target\":{\"@type\":\"EntryPoint\",\"urlTemplate\":\"https:\/\/talkpal.ai\/sv\/?s={search_term_string}\"},\"query-input\":{\"@type\":\"PropertyValueSpecification\",\"valueRequired\":true,\"valueName\":\"search_term_string\"}}],\"inLanguage\":\"sv-SE\"},{\"@type\":\"Organization\",\"@id\":\"https:\/\/talkpal.ai\/sv\/#organization\",\"name\":\"Talkpal, Inc.\",\"alternateName\":\"Talkpal AI\",\"url\":\"https:\/\/talkpal.ai\/sv\/\",\"logo\":{\"@type\":\"ImageObject\",\"inLanguage\":\"sv-SE\",\"@id\":\"https:\/\/talkpal.ai\/sv\/#\/schema\/logo\/image\/\",\"url\":\"https:\/\/talkpal.ai\/wp-content\/uploads\/2024\/03\/Talkpal-Logo-Icon.png\",\"contentUrl\":\"https:\/\/talkpal.ai\/wp-content\/uploads\/2024\/03\/Talkpal-Logo-Icon.png\",\"width\":2880,\"height\":2880,\"caption\":\"Talkpal, Inc.\"},\"image\":{\"@id\":\"https:\/\/talkpal.ai\/sv\/#\/schema\/logo\/image\/\"},\"sameAs\":[\"https:\/\/www.facebook.com\/profile.php?id=100090733639311\",\"https:\/\/x.com\/talkpalai\",\"https:\/\/www.linkedin.com\/company\/talkpal\/\",\"https:\/\/www.youtube.com\/@TalkPal\/\",\"https:\/\/www.tiktok.com\/@talkpal\",\"https:\/\/www.instagram.com\/talkpal_ai\/\",\"https:\/\/www.crunchbase.com\/organization\/talkpal-9cde\",\"https:\/\/www.g2.com\/products\/talkpal-for-business\/\",\"https:\/\/www.trustpilot.com\/review\/talkpal.ai\",\"https:\/\/www.capterra.com\/p\/10006800\/TalkPal\/\"],\"description\":\"Talkpal is a language learning web and mobile education app, powered by the latest AI technologies, that provides engaging experiences to its customers in many different languages to help them improve their language skills. Users can chat about unlimited amount of topics with the app and use other modes to practice their language learning.\",\"email\":\"support@talkpal.ai\",\"legalName\":\"Talkpal, Inc.\",\"foundingDate\":\"2023-04-03\",\"duns\":\"118989042\",\"numberOfEmployees\":{\"@type\":\"QuantitativeValue\",\"minValue\":\"11\",\"maxValue\":\"50\"},\"publishingPrinciples\":\"https:\/\/talkpal.ai\/publishing-principles\/\",\"actionableFeedbackPolicy\":\"https:\/\/talkpal.ai\/actionable-feedback-policy\/\",\"correctionsPolicy\":\"https:\/\/talkpal.ai\/corrections-policy\/\",\"ethicsPolicy\":\"https:\/\/talkpal.ai\/ethics-policy\/\",\"diversityPolicy\":\"https:\/\/talkpal.ai\/diversity-policy\/\",\"diversityStaffingReport\":\"https:\/\/talkpal.ai\/diversity-policy\/\"}]}<\/script>\n<!-- \/ Yoast SEO Premium plugin. -->","yoast_head_json":{"title":"F\u00f6rtiden i slovensk grammatik - Talkpal","description":"Att f\u00f6rst\u00e5 f\u00f6rtiden i slovensk grammatik \u00e4r avg\u00f6rande f\u00f6r alla som vill bem\u00e4stra detta sydslaviska spr\u00e5k. F\u00f6rtiden, eller perfektum, anv\u00e4nds f\u00f6r att","robots":{"index":"index","follow":"follow","max-snippet":"max-snippet:-1","max-image-preview":"max-image-preview:large","max-video-preview":"max-video-preview:-1"},"canonical":"https:\/\/talkpal.ai\/sv\/grammar\/fortiden-i-slovensk-grammatik\/","og_locale":"sv_SE","og_type":"article","og_title":"F\u00f6rtiden i slovensk grammatik","og_description":"Att f\u00f6rst\u00e5 f\u00f6rtiden i slovensk grammatik \u00e4r avg\u00f6rande f\u00f6r alla som vill bem\u00e4stra detta sydslaviska spr\u00e5k. F\u00f6rtiden, eller perfektum, anv\u00e4nds f\u00f6r att","og_url":"https:\/\/talkpal.ai\/sv\/grammar\/fortiden-i-slovensk-grammatik\/","og_site_name":"Talkpal","article_publisher":"https:\/\/www.facebook.com\/profile.php?id=100090733639311","og_image":[{"width":2880,"height":1620,"url":"https:\/\/talkpal.ai\/wp-content\/uploads\/2025\/02\/Progress-tab-16_9.png","type":"image\/png"}],"twitter_card":"summary_large_image","twitter_site":"@talkpalai","twitter_misc":{"Ber\u00e4knad l\u00e4stid":"5 minuter"},"schema":{"@context":"https:\/\/schema.org","@graph":[{"@type":"WebPage","@id":"https:\/\/talkpal.ai\/sv\/grammar\/fortiden-i-slovensk-grammatik\/","url":"https:\/\/talkpal.ai\/sv\/grammar\/fortiden-i-slovensk-grammatik\/","name":"F\u00f6rtiden i slovensk grammatik - Talkpal","isPartOf":{"@id":"https:\/\/talkpal.ai\/sv\/#website"},"primaryImageOfPage":{"@id":"https:\/\/talkpal.ai\/sv\/grammar\/fortiden-i-slovensk-grammatik\/#primaryimage"},"image":{"@id":"https:\/\/talkpal.ai\/sv\/grammar\/fortiden-i-slovensk-grammatik\/#primaryimage"},"thumbnailUrl":"https:\/\/talkpal.ai\/wp-content\/uploads\/2025\/12\/woman-near-large-clock-learning-languages.webp","datePublished":"2025-07-03T11:29:54+00:00","description":"Att f\u00f6rst\u00e5 f\u00f6rtiden i slovensk grammatik \u00e4r avg\u00f6rande f\u00f6r alla som vill bem\u00e4stra detta sydslaviska spr\u00e5k. F\u00f6rtiden, eller perfektum, anv\u00e4nds f\u00f6r att","breadcrumb":{"@id":"https:\/\/talkpal.ai\/sv\/grammar\/fortiden-i-slovensk-grammatik\/#breadcrumb"},"inLanguage":"sv-SE","potentialAction":[{"@type":"ReadAction","target":["https:\/\/talkpal.ai\/sv\/grammar\/fortiden-i-slovensk-grammatik\/"]}]},{"@type":"ImageObject","inLanguage":"sv-SE","@id":"https:\/\/talkpal.ai\/sv\/grammar\/fortiden-i-slovensk-grammatik\/#primaryimage","url":"https:\/\/talkpal.ai\/wp-content\/uploads\/2025\/12\/woman-near-large-clock-learning-languages.webp","contentUrl":"https:\/\/talkpal.ai\/wp-content\/uploads\/2025\/12\/woman-near-large-clock-learning-languages.webp","width":1200,"height":896,"caption":"A woman with dark hair studies at a desk in a library with a large wall clock while learning languages."},{"@type":"BreadcrumbList","@id":"https:\/\/talkpal.ai\/sv\/grammar\/fortiden-i-slovensk-grammatik\/#breadcrumb","itemListElement":[{"@type":"ListItem","position":1,"name":"Homepage","item":"https:\/\/talkpal.ai\/sv\/"},{"@type":"ListItem","position":2,"name":"F\u00f6rtiden i slovensk grammatik"}]},{"@type":"WebSite","@id":"https:\/\/talkpal.ai\/sv\/#website","url":"https:\/\/talkpal.ai\/sv\/","name":"Talkpal","description":"AI Language Learning","publisher":{"@id":"https:\/\/talkpal.ai\/sv\/#organization"},"alternateName":"Talkpal AI","potentialAction":[{"@type":"SearchAction","target":{"@type":"EntryPoint","urlTemplate":"https:\/\/talkpal.ai\/sv\/?s={search_term_string}"},"query-input":{"@type":"PropertyValueSpecification","valueRequired":true,"valueName":"search_term_string"}}],"inLanguage":"sv-SE"},{"@type":"Organization","@id":"https:\/\/talkpal.ai\/sv\/#organization","name":"Talkpal, Inc.","alternateName":"Talkpal AI","url":"https:\/\/talkpal.ai\/sv\/","logo":{"@type":"ImageObject","inLanguage":"sv-SE","@id":"https:\/\/talkpal.ai\/sv\/#\/schema\/logo\/image\/","url":"https:\/\/talkpal.ai\/wp-content\/uploads\/2024\/03\/Talkpal-Logo-Icon.png","contentUrl":"https:\/\/talkpal.ai\/wp-content\/uploads\/2024\/03\/Talkpal-Logo-Icon.png","width":2880,"height":2880,"caption":"Talkpal, Inc."},"image":{"@id":"https:\/\/talkpal.ai\/sv\/#\/schema\/logo\/image\/"},"sameAs":["https:\/\/www.facebook.com\/profile.php?id=100090733639311","https:\/\/x.com\/talkpalai","https:\/\/www.linkedin.com\/company\/talkpal\/","https:\/\/www.youtube.com\/@TalkPal\/","https:\/\/www.tiktok.com\/@talkpal","https:\/\/www.instagram.com\/talkpal_ai\/","https:\/\/www.crunchbase.com\/organization\/talkpal-9cde","https:\/\/www.g2.com\/products\/talkpal-for-business\/","https:\/\/www.trustpilot.com\/review\/talkpal.ai","https:\/\/www.capterra.com\/p\/10006800\/TalkPal\/"],"description":"Talkpal is a language learning web and mobile education app, powered by the latest AI technologies, that provides engaging experiences to its customers in many different languages to help them improve their language skills. Users can chat about unlimited amount of topics with the app and use other modes to practice their language learning.","email":"support@talkpal.ai","legalName":"Talkpal, Inc.","foundingDate":"2023-04-03","duns":"118989042","numberOfEmployees":{"@type":"QuantitativeValue","minValue":"11","maxValue":"50"},"publishingPrinciples":"https:\/\/talkpal.ai\/publishing-principles\/","actionableFeedbackPolicy":"https:\/\/talkpal.ai\/actionable-feedback-policy\/","correctionsPolicy":"https:\/\/talkpal.ai\/corrections-policy\/","ethicsPolicy":"https:\/\/talkpal.ai\/ethics-policy\/","diversityPolicy":"https:\/\/talkpal.ai\/diversity-policy\/","diversityStaffingReport":"https:\/\/talkpal.ai\/diversity-policy\/"}]}},"_links":{"self":[{"href":"https:\/\/talkpal.ai\/sv\/wp-json\/wp\/v2\/grammar\/1101378","targetHints":{"allow":["GET"]}}],"collection":[{"href":"https:\/\/talkpal.ai\/sv\/wp-json\/wp\/v2\/grammar"}],"about":[{"href":"https:\/\/talkpal.ai\/sv\/wp-json\/wp\/v2\/types\/grammar"}],"wp:featuredmedia":[{"embeddable":true,"href":"https:\/\/talkpal.ai\/sv\/wp-json\/wp\/v2\/media\/1528092"}],"wp:attachment":[{"href":"https:\/\/talkpal.ai\/sv\/wp-json\/wp\/v2\/media?parent=1101378"}],"wp:term":[{"taxonomy":"language","embeddable":true,"href":"https:\/\/talkpal.ai\/sv\/wp-json\/wp\/v2\/language?post=1101378"}],"curies":[{"name":"wp","href":"https:\/\/api.w.org\/{rel}","templated":true}]}}