{"id":1101186,"date":"2025-07-03T11:20:19","date_gmt":"2025-07-03T11:20:19","guid":{"rendered":"https:\/\/talkpal.ai\/grammar\/konjunktivadverb-i-rumansk-grammatik\/"},"modified":"2025-07-03T11:20:19","modified_gmt":"2025-07-03T11:20:19","slug":"konjunktivadverb-i-rumansk-grammatik","status":"publish","type":"grammar","link":"https:\/\/talkpal.ai\/sv\/grammar\/konjunktivadverb-i-rumansk-grammatik\/","title":{"rendered":"Konjunktivadverb i rum\u00e4nsk grammatik"},"content":{"rendered":"<p>Att f\u00f6rst\u00e5 och anv\u00e4nda konjunktivadverb korrekt \u00e4r en avg\u00f6rande del av att bem\u00e4stra <a href=\"https:\/\/talkpal.ai\/sv\/grammar\/kon-i-rumansk-grammatik\/\">rum\u00e4nsk grammatik<\/a>. Dessa verb uttrycker ofta \u00f6nskan, m\u00f6jlighet, os\u00e4kerhet eller hypotetiska situationer, vilket g\u00f6r dem centrala i b\u00e5de tal och skrift. F\u00f6r den som vill f\u00f6rdjupa sina kunskaper i <a href=\"https:\/\/talkpal.ai\/learn-romanian\/\">rum\u00e4nska<\/a> \u00e4r det viktigt att l\u00e4ra sig hur konjunktivadverb fungerar, deras b\u00f6jningar och anv\u00e4ndningsomr\u00e5den. <a href=\"https:\/\/talkpal.ai\/ko\/ai-%ec%96%b8%ec%96%b4-%ea%b5%90%ec%82%ac\/\">Talkpal<\/a> erbjuder en utm\u00e4rkt plattform f\u00f6r att p\u00e5 ett interaktivt och effektivt s\u00e4tt l\u00e4ra sig konjunktivadverb i <a href=\"https:\/\/talkpal.ai\/romanian-grammar-exercises\/\">rum\u00e4nsk<\/a> <a href=\"https:\/\/talkpal.ai\/fr\/les\/\">grammatik<\/a>, vilket g\u00f6r spr\u00e5kinl\u00e4rningen b\u00e5de roligare och mer givande.<\/p>\n<h2>Vad \u00e4r konjunktivadverb i rum\u00e4nsk grammatik?<\/h2>\n<p>Konjunktivadverb, eller <em>subjonctiv<\/em> p\u00e5 rum\u00e4nska, \u00e4r en verbform som anv\u00e4nds f\u00f6r att uttrycka subjektiva attityder som \u00f6nskningar, tvivel, m\u00f6jligheter eller hypotetiska situationer snarare \u00e4n faktiska h\u00e4ndelser. Det \u00e4r en verbmodus som skiljer sig fr\u00e5n indikativ, som anv\u00e4nds f\u00f6r att uttrycka fakta och verkliga h\u00e4ndelser.<\/p>\n<h3>Funktion och betydelse<\/h3>\n<p>Konjunktivadverbets huvudfunktion \u00e4r att markera att handlingen \u00e4r os\u00e4ker, \u00f6nskad eller beroende av en annan handling eller villkor. Detta modus anv\u00e4nds ofta efter uttryck som:<\/p>\n<ul>\n<li>\u00f6nskningar och f\u00f6rhoppningar (exempel: <em>S\u0103 vin\u0103!<\/em> \u2013 M\u00e5 han komma!)<\/li>\n<li>tvivel eller os\u00e4kerhet (exempel: <em>Poate s\u0103 plou\u0103.<\/em> \u2013 Det kan h\u00e4nda att det regnar.)<\/li>\n<li>behov eller n\u00f6dv\u00e4ndighet (exempel: <em>Trebuie s\u0103 plece.<\/em> \u2013 Han m\u00e5ste g\u00e5.)<\/li>\n<li>k\u00e4nslor och subjektiva bed\u00f6mningar (exempel: <em>\u00cemi pare bine s\u0103 te v\u0103d.<\/em> \u2013 Jag \u00e4r glad att se dig.)<\/li>\n<\/ul>\n<h2>B\u00f6jning av konjunktivadverb i rum\u00e4nska<\/h2>\n<p>Konjunktivadverb i rum\u00e4nska b\u00f6js enligt person och nummer, likt indikativ, men med specifika \u00e4ndelser som skiljer sig fr\u00e5n andra modus. <a href=\"https:\/\/talkpal.ai\/culture\/how-do-i-use-det-finns-correctly\/\">Det finns<\/a> tv\u00e5 huvudsakliga grupper av verb: de regelbundna och de oregelbundna, och b\u00e5da f\u00f6ljer olika m\u00f6nster i <a href=\"https:\/\/talkpal.ai\/ja\/grammar_exercises\/konjunktiv-%e3%83%89%e3%82%a4%e3%83%84%e6%96%87%e6%b3%95%e3%81%ae%e6%bc%94%e7%bf%92\/\">konjunktiv<\/a>.<\/p>\n<h3>Regelbunden b\u00f6jning<\/h3>\n<p>F\u00f6r <a href=\"https:\/\/talkpal.ai\/sv\/grammar_exercises\/regelbundna-verbovningar-for-dansk-grammatik\/\">regelbundna verb<\/a> anv\u00e4nds ofta \u00e4ndelser som:<\/p>\n<ul>\n<li>-e pentru verburile din prima conjugare (exempel: <em>a lucra<\/em> \u2013 att arbeta):\n<ul>\n<li>eu s\u0103 lucrez<\/li>\n<li>tu s\u0103 lucrezi<\/li>\n<li>el\/ea s\u0103 lucreze<\/li>\n<li>noi s\u0103 lucr\u0103m<\/li>\n<li>voi s\u0103 lucra\u021bi<\/li>\n<li>ei\/ele s\u0103 lucreze<\/li>\n<\/ul>\n<\/li>\n<li>-\u0103 pentru verburile din a doua \u0219i a treia conjugare (exempel: <em>a merge<\/em> \u2013 att g\u00e5):\n<ul>\n<li>eu s\u0103 merg<\/li>\n<li>tu s\u0103 mergi<\/li>\n<li>el\/ea s\u0103 mearg\u0103<\/li>\n<li>noi s\u0103 mergem<\/li>\n<li>voi s\u0103 merge\u021bi<\/li>\n<li>ei\/ele s\u0103 mearg\u0103<\/li>\n<\/ul>\n<\/li>\n<\/ul>\n<h3>Oregelbundna konjunktivformer<\/h3>\n<p>Vissa verb har oregelbundna former i konjunktiv, vilket kr\u00e4ver s\u00e4rskild uppm\u00e4rksamhet. Exempel p\u00e5 vanliga oregelbundna konjunktivverb \u00e4r:<\/p>\n<ul>\n<li><strong>a fi<\/strong> (att vara): s\u0103 fiu, s\u0103 fii, s\u0103 fie, s\u0103 fim, s\u0103 fi\u021bi, s\u0103 fie<\/li>\n<li><strong>a avea<\/strong> (att ha): s\u0103 am, s\u0103 ai, s\u0103 aib\u0103, s\u0103 avem, s\u0103 ave\u021bi, s\u0103 aib\u0103<\/li>\n<li><strong>a vrea<\/strong> (att vilja): s\u0103 vreau, s\u0103 vrei, s\u0103 vrea, s\u0103 vrem, s\u0103 vre\u021bi, s\u0103 vrea<\/li>\n<li><strong>a putea<\/strong> (att kunna): s\u0103 pot, s\u0103 po\u021bi, s\u0103 poat\u0103, s\u0103 putem, s\u0103 pute\u021bi, s\u0103 poat\u0103<\/li>\n<\/ul>\n<h2>Anv\u00e4ndning av konjunktivadverb i olika kontexter<\/h2>\n<p>Konjunktivadverb anv\u00e4nds i en m\u00e4ngd olika kontextuella situationer, ofta i samband med vissa konjunktioner och uttryck som signalerar os\u00e4kerhet, \u00f6nskan eller subjektivitet.<\/p>\n<h3>Efter uttryck av vilja och \u00f6nskan<\/h3>\n<p>Konjunktiv anv\u00e4nds ofta efter uttryck som:<\/p>\n<ul>\n<li><em>s\u0103 vrea<\/em> (att vilja)<\/li>\n<li><em>s\u0103 dori<\/em> (att \u00f6nska)<\/li>\n<li><em>s\u0103 sper<\/em> (att hoppas)<\/li>\n<\/ul>\n<p>Exempel: <em>Vreau s\u0103 pleci acum.<\/em> \u2013 Jag vill att du g\u00e5r nu.<\/p>\n<h3>Efter uttryck av n\u00f6dv\u00e4ndighet<\/h3>\n<p>Verb som <em>trebuie<\/em> (m\u00e5ste) eller <em>e nevoie<\/em> (det \u00e4r n\u00f6dv\u00e4ndigt) kr\u00e4ver konjunktiv:<\/p>\n<ul>\n<li><em>Trebuie s\u0103 \u00eenve\u021bi mai mult.<\/em> \u2013 Du m\u00e5ste studera mer.<\/li>\n<li><em>E nevoie s\u0103 fim aten\u021bi.<\/em> \u2013 Det \u00e4r n\u00f6dv\u00e4ndigt att vi \u00e4r uppm\u00e4rksamma.<\/li>\n<\/ul>\n<h3>Efter konjunktioner som uttrycker os\u00e4kerhet eller hypotetiska situationer<\/h3>\n<p>Konjunktiv anv\u00e4nds efter ord som <em>de\u0219i<\/em> (fast\u00e4n), <em>ca s\u0103<\/em> (f\u00f6r att), och <em>pentru ca<\/em> (s\u00e5 att):<\/p>\n<ul>\n<li><em>Vin ca s\u0103 te ajut.<\/em> \u2013 Jag kommer f\u00f6r att hj\u00e4lpa dig.<\/li>\n<li><em>Stai acas\u0103 de\u0219i \u021bi-ai dori s\u0103 ie\u0219i.<\/em> \u2013 Stanna hemma fast\u00e4n du skulle vilja g\u00e5 ut.<\/li>\n<\/ul>\n<h2>Skillnader mellan konjunktiv och indikativ i rum\u00e4nska<\/h2>\n<p>Det \u00e4r viktigt att skilja mellan konjunktiv och indikativ d\u00e5 de ofta f\u00f6rekommer i liknande sammanhang men uttrycker olika nyanser.<\/p>\n<table>\n<thead>\n<tr>\n<th>Aspekt<\/th>\n<th>Indikativ<\/th>\n<th>Konjunktiv<\/th>\n<\/tr>\n<\/thead>\n<tbody>\n<tr>\n<td>Faktiska h\u00e4ndelser<\/td>\n<td>Jag vet att han kommer.<\/td>\n<td>&#8211;<\/td>\n<\/tr>\n<tr>\n<td>\u00d6nskan eller m\u00f6jlighet<\/td>\n<td>&#8211;<\/td>\n<td>Jag vill att han ska komma.<\/td>\n<\/tr>\n<tr>\n<td>Verklighet vs. hypotetisk<\/td>\n<td>Han g\u00e5r till skolan.<\/td>\n<td>Om han g\u00e5r till skolan (men det \u00e4r os\u00e4kert).<\/td>\n<\/tr>\n<\/tbody>\n<\/table>\n<h2>Tips f\u00f6r att l\u00e4ra sig konjunktivadverb i rum\u00e4nska<\/h2>\n<p>Att bem\u00e4stra konjunktivadverb kr\u00e4ver regelbunden \u00f6vning och exponering. H\u00e4r \u00e4r n\u00e5gra effektiva metoder:<\/p>\n<ul>\n<li><strong>Anv\u00e4nd Talkpal:<\/strong> Plattformen erbjuder interaktiva lektioner och \u00f6vningar som fokuserar p\u00e5 konjunktivens former och anv\u00e4ndning.<\/li>\n<li><strong>Lyssna p\u00e5 autentiskt tal:<\/strong> Filmer, podcasts och samtal p\u00e5 rum\u00e4nska ger en naturlig k\u00e4nsla f\u00f6r n\u00e4r konjunktiv anv\u00e4nds.<\/li>\n<li><strong>\u00d6va med skrivuppgifter:<\/strong> Skriv meningar och korta texter d\u00e4r du aktivt anv\u00e4nder konjunktiv.<\/li>\n<li><strong>L\u00e4r dig oregelbundna verb utantill:<\/strong> Dessa \u00e4r vanliga och viktiga f\u00f6r korrekt anv\u00e4ndning.<\/li>\n<li><strong>Studera vanliga uttryck och konjunktioner:<\/strong> Det hj\u00e4lper dig att identifiera n\u00e4r konjunktiv ska anv\u00e4ndas.<\/li>\n<\/ul>\n<h2>Vanliga misstag att undvika<\/h2>\n<p>N\u00e5gra typiska fallgropar n\u00e4r man l\u00e4r sig konjunktivadverb \u00e4r:<\/p>\n<ul>\n<li>Att anv\u00e4nda indikativ ist\u00e4llet f\u00f6r konjunktiv efter uttryck av vilja eller n\u00f6dv\u00e4ndighet.<\/li>\n<li>Att gl\u00f6mma att b\u00f6ja verbet korrekt efter person och nummer.<\/li>\n<li>Att blanda ihop konjunktivens och indikativens tempus.<\/li>\n<li>Att underskatta betydelsen av oregelbundna verbformer.<\/li>\n<\/ul>\n<h2>Sammanfattning<\/h2>\n<p>Konjunktivadverb \u00e4r en central del av rum\u00e4nsk grammatik och anv\u00e4nds f\u00f6r att uttrycka \u00f6nskningar, m\u00f6jligheter, os\u00e4kerheter och hypotetiska situationer. Att bem\u00e4stra dess former och anv\u00e4ndningsomr\u00e5den \u00e4r avg\u00f6rande f\u00f6r att tala och skriva korrekt rum\u00e4nska. Genom att anv\u00e4nda verktyg som Talkpal, kombinera teori med praktiska \u00f6vningar och vara medveten om vanliga misstag kan inl\u00e4rare effektivt utveckla sin f\u00f6rm\u00e5ga att anv\u00e4nda konjunktiv. Med regelbunden tr\u00e4ning blir det l\u00e4ttare att identifiera n\u00e4r och hur konjunktivadverb ska anv\u00e4ndas, vilket h\u00f6jer b\u00e5de spr\u00e5kf\u00f6rst\u00e5else och kommunikativ f\u00f6rm\u00e5ga.<\/p>\n","protected":false},"featured_media":1527833,"template":"","language":[8055,8045],"class_list":["post-1101186","grammar","type-grammar","status-publish","has-post-thumbnail","hentry","language-adverb-rumansk-grammatik","language-rumanska"],"acf":[],"yoast_head":"<!-- This site is optimized with the Yoast SEO Premium plugin v27.2 (Yoast SEO v27.2) - https:\/\/yoast.com\/product\/yoast-seo-premium-wordpress\/ -->\n<title>Konjunktivadverb i rum\u00e4nsk grammatik - Talkpal<\/title>\n<meta name=\"description\" content=\"Att f\u00f6rst\u00e5 och anv\u00e4nda konjunktivadverb korrekt \u00e4r en avg\u00f6rande del av att bem\u00e4stra rum\u00e4nsk grammatik. Dessa verb uttrycker ofta \u00f6nskan, m\u00f6jlighet,\" \/>\n<meta name=\"robots\" content=\"index, follow, max-snippet:-1, max-image-preview:large, max-video-preview:-1\" \/>\n<link rel=\"canonical\" href=\"https:\/\/talkpal.ai\/sv\/grammar\/konjunktivadverb-i-rumansk-grammatik\/\" \/>\n<meta property=\"og:locale\" content=\"sv_SE\" \/>\n<meta property=\"og:type\" content=\"article\" \/>\n<meta property=\"og:title\" content=\"Konjunktivadverb i rum\u00e4nsk grammatik\" \/>\n<meta property=\"og:description\" content=\"Att f\u00f6rst\u00e5 och anv\u00e4nda konjunktivadverb korrekt \u00e4r en avg\u00f6rande del av att bem\u00e4stra rum\u00e4nsk grammatik. Dessa verb uttrycker ofta \u00f6nskan, m\u00f6jlighet,\" \/>\n<meta property=\"og:url\" content=\"https:\/\/talkpal.ai\/sv\/grammar\/konjunktivadverb-i-rumansk-grammatik\/\" \/>\n<meta property=\"og:site_name\" content=\"Talkpal\" \/>\n<meta property=\"article:publisher\" content=\"https:\/\/www.facebook.com\/profile.php?id=100090733639311\" \/>\n<meta property=\"og:image\" content=\"https:\/\/talkpal.ai\/wp-content\/uploads\/2025\/02\/Progress-tab-16_9.png\" \/>\n\t<meta property=\"og:image:width\" content=\"2880\" \/>\n\t<meta property=\"og:image:height\" content=\"1620\" \/>\n\t<meta property=\"og:image:type\" content=\"image\/png\" \/>\n<meta name=\"twitter:card\" content=\"summary_large_image\" \/>\n<meta name=\"twitter:site\" content=\"@talkpalai\" \/>\n<meta name=\"twitter:label1\" content=\"Ber\u00e4knad l\u00e4stid\" \/>\n\t<meta name=\"twitter:data1\" content=\"5 minuter\" \/>\n<script type=\"application\/ld+json\" class=\"yoast-schema-graph\">{\"@context\":\"https:\/\/schema.org\",\"@graph\":[{\"@type\":\"WebPage\",\"@id\":\"https:\/\/talkpal.ai\/sv\/grammar\/konjunktivadverb-i-rumansk-grammatik\/\",\"url\":\"https:\/\/talkpal.ai\/sv\/grammar\/konjunktivadverb-i-rumansk-grammatik\/\",\"name\":\"Konjunktivadverb i rum\u00e4nsk grammatik - Talkpal\",\"isPartOf\":{\"@id\":\"https:\/\/talkpal.ai\/sv\/#website\"},\"primaryImageOfPage\":{\"@id\":\"https:\/\/talkpal.ai\/sv\/grammar\/konjunktivadverb-i-rumansk-grammatik\/#primaryimage\"},\"image\":{\"@id\":\"https:\/\/talkpal.ai\/sv\/grammar\/konjunktivadverb-i-rumansk-grammatik\/#primaryimage\"},\"thumbnailUrl\":\"https:\/\/talkpal.ai\/wp-content\/uploads\/2025\/12\/people-at-desks-learning-languages.webp\",\"datePublished\":\"2025-07-03T11:20:19+00:00\",\"description\":\"Att f\u00f6rst\u00e5 och anv\u00e4nda konjunktivadverb korrekt \u00e4r en avg\u00f6rande del av att bem\u00e4stra rum\u00e4nsk grammatik. Dessa verb uttrycker ofta \u00f6nskan, m\u00f6jlighet,\",\"breadcrumb\":{\"@id\":\"https:\/\/talkpal.ai\/sv\/grammar\/konjunktivadverb-i-rumansk-grammatik\/#breadcrumb\"},\"inLanguage\":\"sv-SE\",\"potentialAction\":[{\"@type\":\"ReadAction\",\"target\":[\"https:\/\/talkpal.ai\/sv\/grammar\/konjunktivadverb-i-rumansk-grammatik\/\"]}]},{\"@type\":\"ImageObject\",\"inLanguage\":\"sv-SE\",\"@id\":\"https:\/\/talkpal.ai\/sv\/grammar\/konjunktivadverb-i-rumansk-grammatik\/#primaryimage\",\"url\":\"https:\/\/talkpal.ai\/wp-content\/uploads\/2025\/12\/people-at-desks-learning-languages.webp\",\"contentUrl\":\"https:\/\/talkpal.ai\/wp-content\/uploads\/2025\/12\/people-at-desks-learning-languages.webp\",\"width\":1200,\"height\":896,\"caption\":\"Many people sit at long wooden desks with laptops in a large, dim library for the purpose of learning languages.\"},{\"@type\":\"BreadcrumbList\",\"@id\":\"https:\/\/talkpal.ai\/sv\/grammar\/konjunktivadverb-i-rumansk-grammatik\/#breadcrumb\",\"itemListElement\":[{\"@type\":\"ListItem\",\"position\":1,\"name\":\"Homepage\",\"item\":\"https:\/\/talkpal.ai\/sv\/\"},{\"@type\":\"ListItem\",\"position\":2,\"name\":\"Konjunktivadverb i rum\u00e4nsk grammatik\"}]},{\"@type\":\"WebSite\",\"@id\":\"https:\/\/talkpal.ai\/sv\/#website\",\"url\":\"https:\/\/talkpal.ai\/sv\/\",\"name\":\"Talkpal\",\"description\":\"AI Language Learning\",\"publisher\":{\"@id\":\"https:\/\/talkpal.ai\/sv\/#organization\"},\"alternateName\":\"Talkpal AI\",\"potentialAction\":[{\"@type\":\"SearchAction\",\"target\":{\"@type\":\"EntryPoint\",\"urlTemplate\":\"https:\/\/talkpal.ai\/sv\/?s={search_term_string}\"},\"query-input\":{\"@type\":\"PropertyValueSpecification\",\"valueRequired\":true,\"valueName\":\"search_term_string\"}}],\"inLanguage\":\"sv-SE\"},{\"@type\":\"Organization\",\"@id\":\"https:\/\/talkpal.ai\/sv\/#organization\",\"name\":\"Talkpal, Inc.\",\"alternateName\":\"Talkpal AI\",\"url\":\"https:\/\/talkpal.ai\/sv\/\",\"logo\":{\"@type\":\"ImageObject\",\"inLanguage\":\"sv-SE\",\"@id\":\"https:\/\/talkpal.ai\/sv\/#\/schema\/logo\/image\/\",\"url\":\"https:\/\/talkpal.ai\/wp-content\/uploads\/2024\/03\/Talkpal-Logo-Icon.png\",\"contentUrl\":\"https:\/\/talkpal.ai\/wp-content\/uploads\/2024\/03\/Talkpal-Logo-Icon.png\",\"width\":2880,\"height\":2880,\"caption\":\"Talkpal, Inc.\"},\"image\":{\"@id\":\"https:\/\/talkpal.ai\/sv\/#\/schema\/logo\/image\/\"},\"sameAs\":[\"https:\/\/www.facebook.com\/profile.php?id=100090733639311\",\"https:\/\/x.com\/talkpalai\",\"https:\/\/www.linkedin.com\/company\/talkpal\/\",\"https:\/\/www.youtube.com\/@TalkPal\/\",\"https:\/\/www.tiktok.com\/@talkpal\",\"https:\/\/www.instagram.com\/talkpal_ai\/\",\"https:\/\/www.crunchbase.com\/organization\/talkpal-9cde\",\"https:\/\/www.g2.com\/products\/talkpal-for-business\/\",\"https:\/\/www.trustpilot.com\/review\/talkpal.ai\",\"https:\/\/www.capterra.com\/p\/10006800\/TalkPal\/\"],\"description\":\"Talkpal is a language learning web and mobile education app, powered by the latest AI technologies, that provides engaging experiences to its customers in many different languages to help them improve their language skills. Users can chat about unlimited amount of topics with the app and use other modes to practice their language learning.\",\"email\":\"support@talkpal.ai\",\"legalName\":\"Talkpal, Inc.\",\"foundingDate\":\"2023-04-03\",\"duns\":\"118989042\",\"numberOfEmployees\":{\"@type\":\"QuantitativeValue\",\"minValue\":\"11\",\"maxValue\":\"50\"},\"publishingPrinciples\":\"https:\/\/talkpal.ai\/publishing-principles\/\",\"actionableFeedbackPolicy\":\"https:\/\/talkpal.ai\/actionable-feedback-policy\/\",\"correctionsPolicy\":\"https:\/\/talkpal.ai\/corrections-policy\/\",\"ethicsPolicy\":\"https:\/\/talkpal.ai\/ethics-policy\/\",\"diversityPolicy\":\"https:\/\/talkpal.ai\/diversity-policy\/\",\"diversityStaffingReport\":\"https:\/\/talkpal.ai\/diversity-policy\/\"}]}<\/script>\n<!-- \/ Yoast SEO Premium plugin. -->","yoast_head_json":{"title":"Konjunktivadverb i rum\u00e4nsk grammatik - Talkpal","description":"Att f\u00f6rst\u00e5 och anv\u00e4nda konjunktivadverb korrekt \u00e4r en avg\u00f6rande del av att bem\u00e4stra rum\u00e4nsk grammatik. Dessa verb uttrycker ofta \u00f6nskan, m\u00f6jlighet,","robots":{"index":"index","follow":"follow","max-snippet":"max-snippet:-1","max-image-preview":"max-image-preview:large","max-video-preview":"max-video-preview:-1"},"canonical":"https:\/\/talkpal.ai\/sv\/grammar\/konjunktivadverb-i-rumansk-grammatik\/","og_locale":"sv_SE","og_type":"article","og_title":"Konjunktivadverb i rum\u00e4nsk grammatik","og_description":"Att f\u00f6rst\u00e5 och anv\u00e4nda konjunktivadverb korrekt \u00e4r en avg\u00f6rande del av att bem\u00e4stra rum\u00e4nsk grammatik. Dessa verb uttrycker ofta \u00f6nskan, m\u00f6jlighet,","og_url":"https:\/\/talkpal.ai\/sv\/grammar\/konjunktivadverb-i-rumansk-grammatik\/","og_site_name":"Talkpal","article_publisher":"https:\/\/www.facebook.com\/profile.php?id=100090733639311","og_image":[{"width":2880,"height":1620,"url":"https:\/\/talkpal.ai\/wp-content\/uploads\/2025\/02\/Progress-tab-16_9.png","type":"image\/png"}],"twitter_card":"summary_large_image","twitter_site":"@talkpalai","twitter_misc":{"Ber\u00e4knad l\u00e4stid":"5 minuter"},"schema":{"@context":"https:\/\/schema.org","@graph":[{"@type":"WebPage","@id":"https:\/\/talkpal.ai\/sv\/grammar\/konjunktivadverb-i-rumansk-grammatik\/","url":"https:\/\/talkpal.ai\/sv\/grammar\/konjunktivadverb-i-rumansk-grammatik\/","name":"Konjunktivadverb i rum\u00e4nsk grammatik - Talkpal","isPartOf":{"@id":"https:\/\/talkpal.ai\/sv\/#website"},"primaryImageOfPage":{"@id":"https:\/\/talkpal.ai\/sv\/grammar\/konjunktivadverb-i-rumansk-grammatik\/#primaryimage"},"image":{"@id":"https:\/\/talkpal.ai\/sv\/grammar\/konjunktivadverb-i-rumansk-grammatik\/#primaryimage"},"thumbnailUrl":"https:\/\/talkpal.ai\/wp-content\/uploads\/2025\/12\/people-at-desks-learning-languages.webp","datePublished":"2025-07-03T11:20:19+00:00","description":"Att f\u00f6rst\u00e5 och anv\u00e4nda konjunktivadverb korrekt \u00e4r en avg\u00f6rande del av att bem\u00e4stra rum\u00e4nsk grammatik. Dessa verb uttrycker ofta \u00f6nskan, m\u00f6jlighet,","breadcrumb":{"@id":"https:\/\/talkpal.ai\/sv\/grammar\/konjunktivadverb-i-rumansk-grammatik\/#breadcrumb"},"inLanguage":"sv-SE","potentialAction":[{"@type":"ReadAction","target":["https:\/\/talkpal.ai\/sv\/grammar\/konjunktivadverb-i-rumansk-grammatik\/"]}]},{"@type":"ImageObject","inLanguage":"sv-SE","@id":"https:\/\/talkpal.ai\/sv\/grammar\/konjunktivadverb-i-rumansk-grammatik\/#primaryimage","url":"https:\/\/talkpal.ai\/wp-content\/uploads\/2025\/12\/people-at-desks-learning-languages.webp","contentUrl":"https:\/\/talkpal.ai\/wp-content\/uploads\/2025\/12\/people-at-desks-learning-languages.webp","width":1200,"height":896,"caption":"Many people sit at long wooden desks with laptops in a large, dim library for the purpose of learning languages."},{"@type":"BreadcrumbList","@id":"https:\/\/talkpal.ai\/sv\/grammar\/konjunktivadverb-i-rumansk-grammatik\/#breadcrumb","itemListElement":[{"@type":"ListItem","position":1,"name":"Homepage","item":"https:\/\/talkpal.ai\/sv\/"},{"@type":"ListItem","position":2,"name":"Konjunktivadverb i rum\u00e4nsk grammatik"}]},{"@type":"WebSite","@id":"https:\/\/talkpal.ai\/sv\/#website","url":"https:\/\/talkpal.ai\/sv\/","name":"Talkpal","description":"AI Language Learning","publisher":{"@id":"https:\/\/talkpal.ai\/sv\/#organization"},"alternateName":"Talkpal AI","potentialAction":[{"@type":"SearchAction","target":{"@type":"EntryPoint","urlTemplate":"https:\/\/talkpal.ai\/sv\/?s={search_term_string}"},"query-input":{"@type":"PropertyValueSpecification","valueRequired":true,"valueName":"search_term_string"}}],"inLanguage":"sv-SE"},{"@type":"Organization","@id":"https:\/\/talkpal.ai\/sv\/#organization","name":"Talkpal, Inc.","alternateName":"Talkpal AI","url":"https:\/\/talkpal.ai\/sv\/","logo":{"@type":"ImageObject","inLanguage":"sv-SE","@id":"https:\/\/talkpal.ai\/sv\/#\/schema\/logo\/image\/","url":"https:\/\/talkpal.ai\/wp-content\/uploads\/2024\/03\/Talkpal-Logo-Icon.png","contentUrl":"https:\/\/talkpal.ai\/wp-content\/uploads\/2024\/03\/Talkpal-Logo-Icon.png","width":2880,"height":2880,"caption":"Talkpal, Inc."},"image":{"@id":"https:\/\/talkpal.ai\/sv\/#\/schema\/logo\/image\/"},"sameAs":["https:\/\/www.facebook.com\/profile.php?id=100090733639311","https:\/\/x.com\/talkpalai","https:\/\/www.linkedin.com\/company\/talkpal\/","https:\/\/www.youtube.com\/@TalkPal\/","https:\/\/www.tiktok.com\/@talkpal","https:\/\/www.instagram.com\/talkpal_ai\/","https:\/\/www.crunchbase.com\/organization\/talkpal-9cde","https:\/\/www.g2.com\/products\/talkpal-for-business\/","https:\/\/www.trustpilot.com\/review\/talkpal.ai","https:\/\/www.capterra.com\/p\/10006800\/TalkPal\/"],"description":"Talkpal is a language learning web and mobile education app, powered by the latest AI technologies, that provides engaging experiences to its customers in many different languages to help them improve their language skills. Users can chat about unlimited amount of topics with the app and use other modes to practice their language learning.","email":"support@talkpal.ai","legalName":"Talkpal, Inc.","foundingDate":"2023-04-03","duns":"118989042","numberOfEmployees":{"@type":"QuantitativeValue","minValue":"11","maxValue":"50"},"publishingPrinciples":"https:\/\/talkpal.ai\/publishing-principles\/","actionableFeedbackPolicy":"https:\/\/talkpal.ai\/actionable-feedback-policy\/","correctionsPolicy":"https:\/\/talkpal.ai\/corrections-policy\/","ethicsPolicy":"https:\/\/talkpal.ai\/ethics-policy\/","diversityPolicy":"https:\/\/talkpal.ai\/diversity-policy\/","diversityStaffingReport":"https:\/\/talkpal.ai\/diversity-policy\/"}]}},"_links":{"self":[{"href":"https:\/\/talkpal.ai\/sv\/wp-json\/wp\/v2\/grammar\/1101186","targetHints":{"allow":["GET"]}}],"collection":[{"href":"https:\/\/talkpal.ai\/sv\/wp-json\/wp\/v2\/grammar"}],"about":[{"href":"https:\/\/talkpal.ai\/sv\/wp-json\/wp\/v2\/types\/grammar"}],"wp:featuredmedia":[{"embeddable":true,"href":"https:\/\/talkpal.ai\/sv\/wp-json\/wp\/v2\/media\/1527833"}],"wp:attachment":[{"href":"https:\/\/talkpal.ai\/sv\/wp-json\/wp\/v2\/media?parent=1101186"}],"wp:term":[{"taxonomy":"language","embeddable":true,"href":"https:\/\/talkpal.ai\/sv\/wp-json\/wp\/v2\/language?post=1101186"}],"curies":[{"name":"wp","href":"https:\/\/api.w.org\/{rel}","templated":true}]}}