{"id":1101182,"date":"2025-07-03T11:20:05","date_gmt":"2025-07-03T11:20:05","guid":{"rendered":"https:\/\/talkpal.ai\/grammar\/placera-adverb-i-rumansk-grammatik\/"},"modified":"2025-07-03T11:20:05","modified_gmt":"2025-07-03T11:20:05","slug":"placera-adverb-i-rumansk-grammatik","status":"publish","type":"grammar","link":"https:\/\/talkpal.ai\/sv\/grammar\/placera-adverb-i-rumansk-grammatik\/","title":{"rendered":"Placera Adverb i rum\u00e4nsk grammatik"},"content":{"rendered":"<p>Att placera adverb korrekt i <a href=\"https:\/\/talkpal.ai\/sv\/grammar\/kon-i-rumansk-grammatik\/\">rum\u00e4nsk grammatik<\/a> \u00e4r en viktig del av spr\u00e5kinl\u00e4rningen f\u00f6r alla som vill beh\u00e4rska spr\u00e5ket p\u00e5 en h\u00f6g niv\u00e5. Adverb hj\u00e4lper till att modifiera verb, adjektiv och andra adverb, vilket ger tydligare och mer nyanserade uttryck. I <a href=\"https:\/\/talkpal.ai\/learn-romanian\/\">rum\u00e4nska<\/a>, liksom i m\u00e5nga andra spr\u00e5k, finns specifika regler och m\u00f6nster f\u00f6r var adverben ska placeras i en mening f\u00f6r att kommunikationen ska vara b\u00e5de korrekt och naturlig. Att f\u00f6rst\u00e5 dessa regler f\u00f6rb\u00e4ttrar inte bara din grammatiska noggrannhet utan g\u00f6r ocks\u00e5 ditt tal och skrift mer flytande och l\u00e4ttf\u00f6rst\u00e5eligt. F\u00f6r dem som <a href=\"https:\/\/talkpal.ai\/learn-romanian\/\">l\u00e4r sig rum\u00e4nska<\/a> \u00e4r <a href=\"https:\/\/talkpal.ai\/ko\/ai-%ec%96%b8%ec%96%b4-%ea%b5%90%ec%82%ac\/\">Talkpal<\/a> en utm\u00e4rkt resurs f\u00f6r att \u00f6va och bem\u00e4stra placeringen av adverb i olika kontexter.<\/p>\n<h2>Vad \u00e4r adverb i rum\u00e4nsk grammatik?<\/h2>\n<p>Adverb \u00e4r ord som modifierar verb, adjektiv eller andra adverb och ger mer information om tid, plats, s\u00e4tt, grad, frekvens och andra omst\u00e4ndigheter kring handlingen eller tillst\u00e5ndet. I rum\u00e4nska spr\u00e5ket \u00e4r adverb ofta of\u00f6r\u00e4nderliga och har en specifik roll i meningsbyggnaden.<\/p>\n<ul>\n<li><strong>Tid:<\/strong> ieri (ig\u00e5r), acum (nu), des (ofta)<\/li>\n<li><strong>Plats:<\/strong> aici (h\u00e4r), acolo (d\u00e4r), sus (uppe)<\/li>\n<li><strong>S\u00e4tt:<\/strong> bine (<a href=\"https:\/\/talkpal.ai\/locations\/learn-english-in-bra\/\">bra<\/a>), repede (snabbt), \u00eencet (l\u00e5ngsamt)<\/li>\n<li><strong>Grad:<\/strong> foarte (mycket), pu\u021bin (lite), destul (tillr\u00e4ckligt)<\/li>\n<\/ul>\n<p>Att f\u00f6rst\u00e5 och kunna placera dessa adverb r\u00e4tt i meningen \u00e4r avg\u00f6rande f\u00f6r att uttrycka sig korrekt p\u00e5 rum\u00e4nska.<\/p>\n<h2>Grundl\u00e4ggande regler f\u00f6r placering av adverb i rum\u00e4nska meningar<\/h2>\n<p>Placeringen av adverb i rum\u00e4nska skiljer sig fr\u00e5n <a href=\"https:\/\/talkpal.ai\/learn-swedish\/\">svenska<\/a> och andra spr\u00e5k, men <a href=\"https:\/\/talkpal.ai\/culture\/how-do-i-use-det-finns-correctly\/\">det finns<\/a> tydliga m\u00f6nster att f\u00f6lja. Nedan f\u00f6ljer de viktigaste reglerna och riktlinjerna f\u00f6r hur man placerar adverb i rum\u00e4nska meningar.<\/p>\n<h3>1. Adverbets placering i f\u00f6rh\u00e5llande till verbet<\/h3>\n<p>Det vanligaste \u00e4r att adverbet placeras antingen f\u00f6re eller efter verbet, beroende p\u00e5 vilken typ av adverb det \u00e4r.<\/p>\n<ul>\n<li><strong>Adverb som uttrycker s\u00e4tt (hur n\u00e5got g\u00f6rs):<\/strong> placeras oftast efter verbet.<br \/>\n  Exempel: <em>El vorbe\u0219te \u00eencet.<\/em> (Han talar l\u00e5ngsamt.)<\/li>\n<li><strong>Adverb av tid och frekvens:<\/strong> placeras vanligtvis f\u00f6re verbet.<br \/>\n  Exempel: <em>De obicei, merg la \u0219coal\u0103 pe jos.<\/em> (Vanligtvis g\u00e5r jag till skolan till fots.)<\/li>\n<\/ul>\n<h3>2. Adverb som modifierar adjektiv eller andra adverb<\/h3>\n<p>Dessa adverb placeras direkt f\u00f6re det ord de modifierar f\u00f6r att visa graden eller intensiteten.<\/p>\n<ul>\n<li><em>Foarte frumos<\/em> (mycket vacker)<\/li>\n<li><em>Destul de repede<\/em> (ganska snabbt)<\/li>\n<\/ul>\n<h3>3. Placering av negativa adverb<\/h3>\n<p>Negativa adverb som <em>nu<\/em> (inte) placeras f\u00f6re det verb de negerar och p\u00e5verkar hela verbfrasen.<\/p>\n<p>Exempel:<\/p>\n<ul>\n<li><em>Nu merg la petrecere.<\/em> (Jag g\u00e5r inte p\u00e5 festen.)<\/li>\n<li><em>Nu a venit \u00eenc\u0103.<\/em> (Han har \u00e4nnu inte kommit.)<\/li>\n<\/ul>\n<h3>4. Adverb i komplexa meningar<\/h3>\n<p>Vid l\u00e4ngre meningar med flera verb eller bisatser kan adverb placeras i b\u00f6rjan, mitten eller slutet beroende p\u00e5 vad som ska betonas.<\/p>\n<ul>\n<li><em>De obicei, el merge la munc\u0103 cu autobuzul.<\/em> (Vanligtvis \u00e5ker han buss till jobbet.)<\/li>\n<li><em>El merge, de obicei, la munc\u0103 cu autobuzul.<\/em> (Han \u00e5ker, vanligtvis, buss till jobbet.)<\/li>\n<li><em>El merge la munc\u0103 cu autobuzul, de obicei.<\/em> (Han \u00e5ker buss till jobbet, vanligtvis.)<\/li>\n<\/ul>\n<p>Alla tre varianter \u00e4r grammatiskt korrekta men har n\u00e5got olika fokus beroende p\u00e5 placeringen av adverbet.<\/p>\n<h2>Olika typer av adverb och deras placering<\/h2>\n<p>Det \u00e4r viktigt att k\u00e4nna till vilken typ av adverb man arbetar med f\u00f6r att placera dem r\u00e4tt i meningen. H\u00e4r f\u00f6ljer en detaljerad \u00f6versikt av olika adverbstyper och deras vanliga placeringar i rum\u00e4nska meningar.<\/p>\n<h3>Adverb av tid<\/h3>\n<p>Dessa adverb anger n\u00e4r n\u00e5got h\u00e4nder och placeras ofta i b\u00f6rjan eller slutet av meningen, eller f\u00f6re huvudverbet.<\/p>\n<ul>\n<li><strong>Exempel:<\/strong> azi (idag), ieri (ig\u00e5r), acum (nu), mai t\u00e2rziu (senare)<\/li>\n<li><em>Acum plec la serviciu.<\/em> (Nu g\u00e5r jag till jobbet.)<\/li>\n<li><em>Am fost ieri la magazin.<\/em> (Jag var i aff\u00e4ren ig\u00e5r.)<\/li>\n<\/ul>\n<h3>Adverb av plats<\/h3>\n<p>Dessa adverb anger var n\u00e5got sker och placeras ofta n\u00e4ra verbet.<\/p>\n<ul>\n<li><strong>Exempel:<\/strong> aici (h\u00e4r), acolo (d\u00e4r), sus (uppe), jos (nere)<\/li>\n<li><em>Stau aici.<\/em> (Jag stannar h\u00e4r.)<\/li>\n<li><em>El a mers acolo.<\/em> (Han gick dit.)<\/li>\n<\/ul>\n<h3>Adverb av s\u00e4tt<\/h3>\n<p>Beskriver hur en handling utf\u00f6rs och placeras vanligtvis efter verbet.<\/p>\n<ul>\n<li><strong>Exempel:<\/strong> repede (snabbt), bine (bra), \u00eencet (l\u00e5ngsamt)<\/li>\n<li><em>Vorbe\u0219te bine rom\u00e2ne\u0219te.<\/em> (Han talar rum\u00e4nska bra.)<\/li>\n<li><em>Alearg\u0103 repede.<\/em> (Han springer snabbt.)<\/li>\n<\/ul>\n<h3>Adverb av grad<\/h3>\n<p>Modifierar adjektiv eller andra adverb f\u00f6r att ange intensitet och placeras f\u00f6re det ord de modifierar.<\/p>\n<ul>\n<li><strong>Exempel:<\/strong> foarte (mycket), pu\u021bin (lite), destul de (ganska)<\/li>\n<li><em>Este foarte frumos.<\/em> (Han \u00e4r mycket vacker.)<\/li>\n<li><em>Vorbe\u0219te pu\u021bin \u00eencet.<\/em> (Han talar lite l\u00e5ngsamt.)<\/li>\n<\/ul>\n<h3>Adverb av frekvens<\/h3>\n<p>Anger hur ofta n\u00e5got h\u00e4nder och placeras ofta f\u00f6re huvudverbet.<\/p>\n<ul>\n<li><strong>Exempel:<\/strong> mereu (alltid), des (ofta), uneori (ibland)<\/li>\n<li><em>Eu merg mereu la sal\u0103.<\/em> (Jag g\u00e5r alltid till gymmet.)<\/li>\n<li><em>Ei vin des la noi.<\/em> (De kommer ofta till oss.)<\/li>\n<\/ul>\n<h2>Specifika fall och undantag vid adverbplacering<\/h2>\n<p>Som med alla grammatiska regler finns det undantag och speciella fall att vara medveten om n\u00e4r det g\u00e4ller placeringen av adverb i rum\u00e4nska.<\/p>\n<h3>Adverb och hj\u00e4lpverb<\/h3>\n<p>N\u00e4r meningar inneh\u00e5ller hj\u00e4lpverb (exempelvis i perfekt eller futurum) placeras ofta adverbet mellan hj\u00e4lpverbet och huvudverbet.<\/p>\n<ul>\n<li><em>Am \u00eentotdeauna m\u00e2ncat s\u0103n\u0103tos.<\/em> (Jag har alltid \u00e4tit h\u00e4lsosamt.)<\/li>\n<li><em>Va veni probabil m\u00e2ine.<\/em> (Han kommer f\u00f6rmodligen imorgon.)<\/li>\n<\/ul>\n<h3>Dubbel negation<\/h3>\n<p>Rum\u00e4nska anv\u00e4nder ofta dubbel negation f\u00f6r att f\u00f6rst\u00e4rka negeringen, vilket p\u00e5verkar adverbets placering.<\/p>\n<ul>\n<li><em>Nu vreau niciodat\u0103 s\u0103 merg acolo.<\/em> (Jag vill aldrig g\u00e5 dit.)<\/li>\n<li><em>Nu am v\u0103zut nimic.<\/em> (Jag s\u00e5g ingenting.)<\/li>\n<\/ul>\n<h3>Adverb som kan flyttas f\u00f6r betoning<\/h3>\n<p>Vissa adverb kan placeras i olika positioner f\u00f6r att skapa olika betoning eller stilniv\u00e5.<\/p>\n<ul>\n<li><em>El a spus adev\u0103rul sincer.<\/em> (Han sa sanningen uppriktigt.)<\/li>\n<li><em>Sincer, el a spus adev\u0103rul.<\/em> (Uppriktigt sagt, han sa sanningen.)<\/li>\n<\/ul>\n<h2>Hur Talkpal kan hj\u00e4lpa dig att beh\u00e4rska placering av adverb<\/h2>\n<p>Att l\u00e4ra sig placera adverb korrekt i rum\u00e4nska kr\u00e4ver regelbunden \u00f6vning och f\u00f6rst\u00e5else av kontext. Talkpal \u00e4r en interaktiv plattform som erbjuder strukturerade lektioner, exempelmeningar och \u00f6vningar som hj\u00e4lper dig att internalisera dessa regler p\u00e5 ett effektivt s\u00e4tt.<\/p>\n<ul>\n<li><strong>Interaktiva \u00f6vningar:<\/strong> \u00d6va p\u00e5 att placera adverb i olika meningar med omedelbar feedback.<\/li>\n<li><strong>Konversationssimuleringar:<\/strong> Anv\u00e4nd adverb i naturliga samtal f\u00f6r att \u00f6ka din flyt.<\/li>\n<li><strong>Personlig anpassning:<\/strong> F\u00e5 anpassade lektioner baserade p\u00e5 din niv\u00e5 och behov.<\/li>\n<li><strong>Exempel och f\u00f6rklaringar:<\/strong> F\u00e5 detaljerade grammatikf\u00f6rklaringar och exempel p\u00e5 korrekt adverbplacering.<\/li>\n<\/ul>\n<p>Med Talkpal kan du steg f\u00f6r steg f\u00f6rb\u00e4ttra ditt rum\u00e4nska och k\u00e4nna dig trygg i att anv\u00e4nda adverb p\u00e5 r\u00e4tt plats i dina meningar.<\/p>\n<h2>Sammanfattning<\/h2>\n<p>Placeringen av adverb i rum\u00e4nsk grammatik \u00e4r avg\u00f6rande f\u00f6r att uttrycka sig korrekt och naturligt. De flesta adverb placeras antingen f\u00f6re eller efter verbet beroende p\u00e5 deras typ, och negativa adverb som <em>nu<\/em> placeras f\u00f6re verbet. Att k\u00e4nna till skillnaderna mellan adverb av tid, plats, s\u00e4tt, grad och frekvens g\u00f6r det l\u00e4ttare att placera dem r\u00e4tt. Undantag och speciella konstruktioner som hj\u00e4lpverb och dubbel negation kr\u00e4ver extra uppm\u00e4rksamhet. Genom att anv\u00e4nda resurser som Talkpal kan du effektivt \u00f6va och f\u00f6rb\u00e4ttra din f\u00f6rm\u00e5ga att placera adverb korrekt i rum\u00e4nska meningar, vilket leder till mer flytande och korrekt spr\u00e5kbruk.<\/p>\n","protected":false},"featured_media":1527650,"template":"","language":[8055,8045],"class_list":["post-1101182","grammar","type-grammar","status-publish","has-post-thumbnail","hentry","language-adverb-rumansk-grammatik","language-rumanska"],"acf":[],"yoast_head":"<!-- This site is optimized with the Yoast SEO Premium plugin v27.2 (Yoast SEO v27.2) - https:\/\/yoast.com\/product\/yoast-seo-premium-wordpress\/ -->\n<title>Placera Adverb i rum\u00e4nsk grammatik - Talkpal<\/title>\n<meta name=\"description\" content=\"Att placera adverb korrekt i rum\u00e4nsk grammatik \u00e4r en viktig del av spr\u00e5kinl\u00e4rningen f\u00f6r alla som vill beh\u00e4rska spr\u00e5ket p\u00e5 en h\u00f6g niv\u00e5. Adverb hj\u00e4lper till\" \/>\n<meta name=\"robots\" content=\"index, follow, max-snippet:-1, max-image-preview:large, max-video-preview:-1\" \/>\n<link rel=\"canonical\" href=\"https:\/\/talkpal.ai\/sv\/grammar\/placera-adverb-i-rumansk-grammatik\/\" \/>\n<meta property=\"og:locale\" content=\"sv_SE\" \/>\n<meta property=\"og:type\" content=\"article\" \/>\n<meta property=\"og:title\" content=\"Placera Adverb i rum\u00e4nsk grammatik\" \/>\n<meta property=\"og:description\" content=\"Att placera adverb korrekt i rum\u00e4nsk grammatik \u00e4r en viktig del av spr\u00e5kinl\u00e4rningen f\u00f6r alla som vill beh\u00e4rska spr\u00e5ket p\u00e5 en h\u00f6g niv\u00e5. Adverb hj\u00e4lper till\" \/>\n<meta property=\"og:url\" content=\"https:\/\/talkpal.ai\/sv\/grammar\/placera-adverb-i-rumansk-grammatik\/\" \/>\n<meta property=\"og:site_name\" content=\"Talkpal\" \/>\n<meta property=\"article:publisher\" content=\"https:\/\/www.facebook.com\/profile.php?id=100090733639311\" \/>\n<meta property=\"og:image\" content=\"https:\/\/talkpal.ai\/wp-content\/uploads\/2025\/02\/Progress-tab-16_9.png\" \/>\n\t<meta property=\"og:image:width\" content=\"2880\" \/>\n\t<meta property=\"og:image:height\" content=\"1620\" \/>\n\t<meta property=\"og:image:type\" content=\"image\/png\" \/>\n<meta name=\"twitter:card\" content=\"summary_large_image\" \/>\n<meta name=\"twitter:site\" content=\"@talkpalai\" \/>\n<meta name=\"twitter:label1\" content=\"Ber\u00e4knad l\u00e4stid\" \/>\n\t<meta name=\"twitter:data1\" content=\"6 minuter\" \/>\n<script type=\"application\/ld+json\" class=\"yoast-schema-graph\">{\"@context\":\"https:\/\/schema.org\",\"@graph\":[{\"@type\":\"WebPage\",\"@id\":\"https:\/\/talkpal.ai\/sv\/grammar\/placera-adverb-i-rumansk-grammatik\/\",\"url\":\"https:\/\/talkpal.ai\/sv\/grammar\/placera-adverb-i-rumansk-grammatik\/\",\"name\":\"Placera Adverb i rum\u00e4nsk grammatik - Talkpal\",\"isPartOf\":{\"@id\":\"https:\/\/talkpal.ai\/sv\/#website\"},\"primaryImageOfPage\":{\"@id\":\"https:\/\/talkpal.ai\/sv\/grammar\/placera-adverb-i-rumansk-grammatik\/#primaryimage\"},\"image\":{\"@id\":\"https:\/\/talkpal.ai\/sv\/grammar\/placera-adverb-i-rumansk-grammatik\/#primaryimage\"},\"thumbnailUrl\":\"https:\/\/talkpal.ai\/wp-content\/uploads\/2025\/12\/five-students-on-lawn-learning-languages.webp\",\"datePublished\":\"2025-07-03T11:20:05+00:00\",\"description\":\"Att placera adverb korrekt i rum\u00e4nsk grammatik \u00e4r en viktig del av spr\u00e5kinl\u00e4rningen f\u00f6r alla som vill beh\u00e4rska spr\u00e5ket p\u00e5 en h\u00f6g niv\u00e5. Adverb hj\u00e4lper till\",\"breadcrumb\":{\"@id\":\"https:\/\/talkpal.ai\/sv\/grammar\/placera-adverb-i-rumansk-grammatik\/#breadcrumb\"},\"inLanguage\":\"sv-SE\",\"potentialAction\":[{\"@type\":\"ReadAction\",\"target\":[\"https:\/\/talkpal.ai\/sv\/grammar\/placera-adverb-i-rumansk-grammatik\/\"]}]},{\"@type\":\"ImageObject\",\"inLanguage\":\"sv-SE\",\"@id\":\"https:\/\/talkpal.ai\/sv\/grammar\/placera-adverb-i-rumansk-grammatik\/#primaryimage\",\"url\":\"https:\/\/talkpal.ai\/wp-content\/uploads\/2025\/12\/five-students-on-lawn-learning-languages.webp\",\"contentUrl\":\"https:\/\/talkpal.ai\/wp-content\/uploads\/2025\/12\/five-students-on-lawn-learning-languages.webp\",\"width\":1200,\"height\":896,\"caption\":\"Five students sit in a circle on the grass with books and laptops for learning languages together.\"},{\"@type\":\"BreadcrumbList\",\"@id\":\"https:\/\/talkpal.ai\/sv\/grammar\/placera-adverb-i-rumansk-grammatik\/#breadcrumb\",\"itemListElement\":[{\"@type\":\"ListItem\",\"position\":1,\"name\":\"Homepage\",\"item\":\"https:\/\/talkpal.ai\/sv\/\"},{\"@type\":\"ListItem\",\"position\":2,\"name\":\"Placera Adverb i rum\u00e4nsk grammatik\"}]},{\"@type\":\"WebSite\",\"@id\":\"https:\/\/talkpal.ai\/sv\/#website\",\"url\":\"https:\/\/talkpal.ai\/sv\/\",\"name\":\"Talkpal\",\"description\":\"AI Language Learning\",\"publisher\":{\"@id\":\"https:\/\/talkpal.ai\/sv\/#organization\"},\"alternateName\":\"Talkpal AI\",\"potentialAction\":[{\"@type\":\"SearchAction\",\"target\":{\"@type\":\"EntryPoint\",\"urlTemplate\":\"https:\/\/talkpal.ai\/sv\/?s={search_term_string}\"},\"query-input\":{\"@type\":\"PropertyValueSpecification\",\"valueRequired\":true,\"valueName\":\"search_term_string\"}}],\"inLanguage\":\"sv-SE\"},{\"@type\":\"Organization\",\"@id\":\"https:\/\/talkpal.ai\/sv\/#organization\",\"name\":\"Talkpal, Inc.\",\"alternateName\":\"Talkpal AI\",\"url\":\"https:\/\/talkpal.ai\/sv\/\",\"logo\":{\"@type\":\"ImageObject\",\"inLanguage\":\"sv-SE\",\"@id\":\"https:\/\/talkpal.ai\/sv\/#\/schema\/logo\/image\/\",\"url\":\"https:\/\/talkpal.ai\/wp-content\/uploads\/2024\/03\/Talkpal-Logo-Icon.png\",\"contentUrl\":\"https:\/\/talkpal.ai\/wp-content\/uploads\/2024\/03\/Talkpal-Logo-Icon.png\",\"width\":2880,\"height\":2880,\"caption\":\"Talkpal, Inc.\"},\"image\":{\"@id\":\"https:\/\/talkpal.ai\/sv\/#\/schema\/logo\/image\/\"},\"sameAs\":[\"https:\/\/www.facebook.com\/profile.php?id=100090733639311\",\"https:\/\/x.com\/talkpalai\",\"https:\/\/www.linkedin.com\/company\/talkpal\/\",\"https:\/\/www.youtube.com\/@TalkPal\/\",\"https:\/\/www.tiktok.com\/@talkpal\",\"https:\/\/www.instagram.com\/talkpal_ai\/\",\"https:\/\/www.crunchbase.com\/organization\/talkpal-9cde\",\"https:\/\/www.g2.com\/products\/talkpal-for-business\/\",\"https:\/\/www.trustpilot.com\/review\/talkpal.ai\",\"https:\/\/www.capterra.com\/p\/10006800\/TalkPal\/\"],\"description\":\"Talkpal is a language learning web and mobile education app, powered by the latest AI technologies, that provides engaging experiences to its customers in many different languages to help them improve their language skills. Users can chat about unlimited amount of topics with the app and use other modes to practice their language learning.\",\"email\":\"support@talkpal.ai\",\"legalName\":\"Talkpal, Inc.\",\"foundingDate\":\"2023-04-03\",\"duns\":\"118989042\",\"numberOfEmployees\":{\"@type\":\"QuantitativeValue\",\"minValue\":\"11\",\"maxValue\":\"50\"},\"publishingPrinciples\":\"https:\/\/talkpal.ai\/publishing-principles\/\",\"actionableFeedbackPolicy\":\"https:\/\/talkpal.ai\/actionable-feedback-policy\/\",\"correctionsPolicy\":\"https:\/\/talkpal.ai\/corrections-policy\/\",\"ethicsPolicy\":\"https:\/\/talkpal.ai\/ethics-policy\/\",\"diversityPolicy\":\"https:\/\/talkpal.ai\/diversity-policy\/\",\"diversityStaffingReport\":\"https:\/\/talkpal.ai\/diversity-policy\/\"}]}<\/script>\n<!-- \/ Yoast SEO Premium plugin. -->","yoast_head_json":{"title":"Placera Adverb i rum\u00e4nsk grammatik - Talkpal","description":"Att placera adverb korrekt i rum\u00e4nsk grammatik \u00e4r en viktig del av spr\u00e5kinl\u00e4rningen f\u00f6r alla som vill beh\u00e4rska spr\u00e5ket p\u00e5 en h\u00f6g niv\u00e5. Adverb hj\u00e4lper till","robots":{"index":"index","follow":"follow","max-snippet":"max-snippet:-1","max-image-preview":"max-image-preview:large","max-video-preview":"max-video-preview:-1"},"canonical":"https:\/\/talkpal.ai\/sv\/grammar\/placera-adverb-i-rumansk-grammatik\/","og_locale":"sv_SE","og_type":"article","og_title":"Placera Adverb i rum\u00e4nsk grammatik","og_description":"Att placera adverb korrekt i rum\u00e4nsk grammatik \u00e4r en viktig del av spr\u00e5kinl\u00e4rningen f\u00f6r alla som vill beh\u00e4rska spr\u00e5ket p\u00e5 en h\u00f6g niv\u00e5. Adverb hj\u00e4lper till","og_url":"https:\/\/talkpal.ai\/sv\/grammar\/placera-adverb-i-rumansk-grammatik\/","og_site_name":"Talkpal","article_publisher":"https:\/\/www.facebook.com\/profile.php?id=100090733639311","og_image":[{"width":2880,"height":1620,"url":"https:\/\/talkpal.ai\/wp-content\/uploads\/2025\/02\/Progress-tab-16_9.png","type":"image\/png"}],"twitter_card":"summary_large_image","twitter_site":"@talkpalai","twitter_misc":{"Ber\u00e4knad l\u00e4stid":"6 minuter"},"schema":{"@context":"https:\/\/schema.org","@graph":[{"@type":"WebPage","@id":"https:\/\/talkpal.ai\/sv\/grammar\/placera-adverb-i-rumansk-grammatik\/","url":"https:\/\/talkpal.ai\/sv\/grammar\/placera-adverb-i-rumansk-grammatik\/","name":"Placera Adverb i rum\u00e4nsk grammatik - Talkpal","isPartOf":{"@id":"https:\/\/talkpal.ai\/sv\/#website"},"primaryImageOfPage":{"@id":"https:\/\/talkpal.ai\/sv\/grammar\/placera-adverb-i-rumansk-grammatik\/#primaryimage"},"image":{"@id":"https:\/\/talkpal.ai\/sv\/grammar\/placera-adverb-i-rumansk-grammatik\/#primaryimage"},"thumbnailUrl":"https:\/\/talkpal.ai\/wp-content\/uploads\/2025\/12\/five-students-on-lawn-learning-languages.webp","datePublished":"2025-07-03T11:20:05+00:00","description":"Att placera adverb korrekt i rum\u00e4nsk grammatik \u00e4r en viktig del av spr\u00e5kinl\u00e4rningen f\u00f6r alla som vill beh\u00e4rska spr\u00e5ket p\u00e5 en h\u00f6g niv\u00e5. Adverb hj\u00e4lper till","breadcrumb":{"@id":"https:\/\/talkpal.ai\/sv\/grammar\/placera-adverb-i-rumansk-grammatik\/#breadcrumb"},"inLanguage":"sv-SE","potentialAction":[{"@type":"ReadAction","target":["https:\/\/talkpal.ai\/sv\/grammar\/placera-adverb-i-rumansk-grammatik\/"]}]},{"@type":"ImageObject","inLanguage":"sv-SE","@id":"https:\/\/talkpal.ai\/sv\/grammar\/placera-adverb-i-rumansk-grammatik\/#primaryimage","url":"https:\/\/talkpal.ai\/wp-content\/uploads\/2025\/12\/five-students-on-lawn-learning-languages.webp","contentUrl":"https:\/\/talkpal.ai\/wp-content\/uploads\/2025\/12\/five-students-on-lawn-learning-languages.webp","width":1200,"height":896,"caption":"Five students sit in a circle on the grass with books and laptops for learning languages together."},{"@type":"BreadcrumbList","@id":"https:\/\/talkpal.ai\/sv\/grammar\/placera-adverb-i-rumansk-grammatik\/#breadcrumb","itemListElement":[{"@type":"ListItem","position":1,"name":"Homepage","item":"https:\/\/talkpal.ai\/sv\/"},{"@type":"ListItem","position":2,"name":"Placera Adverb i rum\u00e4nsk grammatik"}]},{"@type":"WebSite","@id":"https:\/\/talkpal.ai\/sv\/#website","url":"https:\/\/talkpal.ai\/sv\/","name":"Talkpal","description":"AI Language Learning","publisher":{"@id":"https:\/\/talkpal.ai\/sv\/#organization"},"alternateName":"Talkpal AI","potentialAction":[{"@type":"SearchAction","target":{"@type":"EntryPoint","urlTemplate":"https:\/\/talkpal.ai\/sv\/?s={search_term_string}"},"query-input":{"@type":"PropertyValueSpecification","valueRequired":true,"valueName":"search_term_string"}}],"inLanguage":"sv-SE"},{"@type":"Organization","@id":"https:\/\/talkpal.ai\/sv\/#organization","name":"Talkpal, Inc.","alternateName":"Talkpal AI","url":"https:\/\/talkpal.ai\/sv\/","logo":{"@type":"ImageObject","inLanguage":"sv-SE","@id":"https:\/\/talkpal.ai\/sv\/#\/schema\/logo\/image\/","url":"https:\/\/talkpal.ai\/wp-content\/uploads\/2024\/03\/Talkpal-Logo-Icon.png","contentUrl":"https:\/\/talkpal.ai\/wp-content\/uploads\/2024\/03\/Talkpal-Logo-Icon.png","width":2880,"height":2880,"caption":"Talkpal, Inc."},"image":{"@id":"https:\/\/talkpal.ai\/sv\/#\/schema\/logo\/image\/"},"sameAs":["https:\/\/www.facebook.com\/profile.php?id=100090733639311","https:\/\/x.com\/talkpalai","https:\/\/www.linkedin.com\/company\/talkpal\/","https:\/\/www.youtube.com\/@TalkPal\/","https:\/\/www.tiktok.com\/@talkpal","https:\/\/www.instagram.com\/talkpal_ai\/","https:\/\/www.crunchbase.com\/organization\/talkpal-9cde","https:\/\/www.g2.com\/products\/talkpal-for-business\/","https:\/\/www.trustpilot.com\/review\/talkpal.ai","https:\/\/www.capterra.com\/p\/10006800\/TalkPal\/"],"description":"Talkpal is a language learning web and mobile education app, powered by the latest AI technologies, that provides engaging experiences to its customers in many different languages to help them improve their language skills. Users can chat about unlimited amount of topics with the app and use other modes to practice their language learning.","email":"support@talkpal.ai","legalName":"Talkpal, Inc.","foundingDate":"2023-04-03","duns":"118989042","numberOfEmployees":{"@type":"QuantitativeValue","minValue":"11","maxValue":"50"},"publishingPrinciples":"https:\/\/talkpal.ai\/publishing-principles\/","actionableFeedbackPolicy":"https:\/\/talkpal.ai\/actionable-feedback-policy\/","correctionsPolicy":"https:\/\/talkpal.ai\/corrections-policy\/","ethicsPolicy":"https:\/\/talkpal.ai\/ethics-policy\/","diversityPolicy":"https:\/\/talkpal.ai\/diversity-policy\/","diversityStaffingReport":"https:\/\/talkpal.ai\/diversity-policy\/"}]}},"_links":{"self":[{"href":"https:\/\/talkpal.ai\/sv\/wp-json\/wp\/v2\/grammar\/1101182","targetHints":{"allow":["GET"]}}],"collection":[{"href":"https:\/\/talkpal.ai\/sv\/wp-json\/wp\/v2\/grammar"}],"about":[{"href":"https:\/\/talkpal.ai\/sv\/wp-json\/wp\/v2\/types\/grammar"}],"wp:featuredmedia":[{"embeddable":true,"href":"https:\/\/talkpal.ai\/sv\/wp-json\/wp\/v2\/media\/1527650"}],"wp:attachment":[{"href":"https:\/\/talkpal.ai\/sv\/wp-json\/wp\/v2\/media?parent=1101182"}],"wp:term":[{"taxonomy":"language","embeddable":true,"href":"https:\/\/talkpal.ai\/sv\/wp-json\/wp\/v2\/language?post=1101182"}],"curies":[{"name":"wp","href":"https:\/\/api.w.org\/{rel}","templated":true}]}}