{"id":1101180,"date":"2025-07-03T11:19:55","date_gmt":"2025-07-03T11:19:55","guid":{"rendered":"https:\/\/talkpal.ai\/grammar\/frekvens-adverb-i-rumansk-grammatik\/"},"modified":"2025-07-03T11:19:55","modified_gmt":"2025-07-03T11:19:55","slug":"frekvens-adverb-i-rumansk-grammatik","status":"publish","type":"grammar","link":"https:\/\/talkpal.ai\/sv\/grammar\/frekvens-adverb-i-rumansk-grammatik\/","title":{"rendered":"Frekvens Adverb i rum\u00e4nsk grammatik"},"content":{"rendered":"<p>Att bem\u00e4stra frekvensadverb i <a href=\"https:\/\/talkpal.ai\/sv\/grammar\/kon-i-rumansk-grammatik\/\">rum\u00e4nsk grammatik<\/a> \u00e4r en viktig del av spr\u00e5kinl\u00e4rningen f\u00f6r alla som vill <a href=\"https:\/\/talkpal.ai\/locations\/language-courses-in-tala\/\">tala<\/a> och f\u00f6rst\u00e5 <a href=\"https:\/\/talkpal.ai\/learn-romanian\/\">rum\u00e4nska<\/a> flytande. Dessa adverb hj\u00e4lper till att uttrycka hur ofta en handling sker och ger mer nyanserad information i konversationer och skrift. Genom att anv\u00e4nda r\u00e4tt frekvensadverb kan du g\u00f6ra dina meningar mer precisa och naturliga. <a href=\"https:\/\/talkpal.ai\/ko\/ai-%ec%96%b8%ec%96%b4-%ea%b5%90%ec%82%ac\/\">Talkpal<\/a> \u00e4r en utm\u00e4rkt plattform f\u00f6r att l\u00e4ra sig och \u00f6va frekvensadverb i <a href=\"https:\/\/talkpal.ai\/romanian-grammar-exercises\/\">rum\u00e4nsk<\/a> <a href=\"https:\/\/talkpal.ai\/fr\/les\/\">grammatik<\/a> p\u00e5 ett interaktivt och effektivt s\u00e4tt.<\/p>\n<h2>Vad \u00e4r frekvensadverb och deras roll i rum\u00e4nsk grammatik?<\/h2>\n<p>Frekvensadverb \u00e4r ord som beskriver hur ofta en handling eller ett tillst\u00e5nd intr\u00e4ffar. I rum\u00e4nsk grammatik \u00e4r dessa adverb avg\u00f6rande f\u00f6r att uttrycka tid och regelbundenhet i handlingar, vilket f\u00f6rb\u00e4ttrar kommunikationen avsev\u00e4rt. De hj\u00e4lper till att svara p\u00e5 fr\u00e5gor som \u201dHur ofta?\u201d och ger kontext till verbets handling.<\/p>\n<h3>Vanliga frekvensadverb i rum\u00e4nska<\/h3>\n<ul>\n<li><strong>\u00centotdeauna<\/strong> \u2013 alltid<\/li>\n<li><strong>De obicei<\/strong> \u2013 vanligtvis<\/li>\n<li><strong>Adesea<\/strong> \u2013 ofta<\/li>\n<li><strong>Uneori<\/strong> \u2013 ibland<\/li>\n<li><strong>Rar<\/strong> \u2013 s\u00e4llan<\/li>\n<li><strong>Niciodat\u0103<\/strong> \u2013 aldrig<\/li>\n<\/ul>\n<p>Dessa ord anv\u00e4nds f\u00f6r att modifiera verb och ge en tydligare bild av frekvensen i handlingen. Till exempel: \u201dEu merg \u00eentotdeauna la \u0219coal\u0103\u201d betyder \u201dJag g\u00e5r alltid till skolan.\u201d<\/p>\n<h2>Positionen av frekvensadverb i en rum\u00e4nsk mening<\/h2>\n<p>Placeringen av frekvensadverb i rum\u00e4nska meningar \u00e4r viktig f\u00f6r att bibeh\u00e5lla meningsklarhet och korrekt grammatik. Vanligtvis placeras frekvensadverb:<\/p>\n<ul>\n<li>Direkt f\u00f6re huvudverbet: <em>\u201eEu adesea citesc c\u0103r\u021bi.\u201d<\/em> (Jag l\u00e4ser ofta b\u00f6cker.)<\/li>\n<li>Efter verbet \u201da fi\u201d (att vara): <em>\u201eEl este \u00eentotdeauna fericit.\u201d<\/em> (Han \u00e4r alltid glad.)<\/li>\n<li>Vid sammansatta verbformer placeras adverbet mellan hj\u00e4lpverbet och huvudverbet: <em>\u201eAm adesea mers la pia\u021b\u0103.\u201d<\/em><\/li>\n<\/ul>\n<p>Det \u00e4r viktigt att notera att fel placering kan p\u00e5verka meningsbetydelsen eller g\u00f6ra meningen ogrammatisk.<\/p>\n<h2>Hur frekvensadverb p\u00e5verkar verbb\u00f6jningar och meningens ton<\/h2>\n<p>\u00c4ven om frekvensadverb inte \u00e4ndrar verbets b\u00f6jning direkt, p\u00e5verkar de meningsinneh\u00e5llet och tonen. Genom att anv\u00e4nda olika frekvensadverb kan talaren:<\/p>\n<ul>\n<li>Uttrycka vana eller rutin (<em>de obicei<\/em>, <em>\u00eentotdeauna<\/em>)<\/li>\n<li>Visa oregelbundenhet eller os\u00e4kerhet (<em>uneori<\/em>)<\/li>\n<li>Indikera undantag eller s\u00e4llsynthet (<em>rar<\/em>, <em>niciodat\u0103<\/em>)<\/li>\n<\/ul>\n<p>Exempel:<\/p>\n<ul>\n<li><em>\u201eEa merge de obicei la bibliotec\u0103.\u201d<\/em> \u2013 Hon g\u00e5r vanligtvis till biblioteket.<\/li>\n<li><em>\u201eEl nu merge niciodat\u0103 t\u00e2rziu.\u201d<\/em> \u2013 Han kommer aldrig sent.<\/li>\n<\/ul>\n<h2>Skillnader mellan rum\u00e4nska och svenska frekvensadverb<\/h2>\n<p>F\u00f6r svensktalande som l\u00e4r sig rum\u00e4nska kan det vara f\u00f6rdelaktigt att f\u00f6rst\u00e5 skillnader och likheter mellan frekvensadverb i b\u00e5da spr\u00e5ken. N\u00e5gra skillnader \u00e4r:<\/p>\n<ul>\n<li><strong>Placering i meningen:<\/strong> Svenska frekvensadverb kan placeras b\u00e5de f\u00f6re och efter verbet, medan rum\u00e4nska ofta har en striktare ordning.<\/li>\n<li><strong>Form och variation:<\/strong> Rum\u00e4nska frekvensadverb \u00e4r oftast of\u00f6r\u00e4nderliga, medan svenska ibland kan b\u00f6jas eller kombineras med andra ord.<\/li>\n<li><strong>Anv\u00e4ndningsomr\u00e5de:<\/strong> Vissa rum\u00e4nska frekvensadverb har inga direkta motsvarigheter i svenska och kr\u00e4ver kontextuell f\u00f6rst\u00e5else.<\/li>\n<\/ul>\n<p>Genom att studera dessa skillnader kan spr\u00e5kinl\u00e4rare undvika vanliga misstag och anv\u00e4nda frekvensadverb mer naturligt.<\/p>\n<h2>Tips f\u00f6r att l\u00e4ra sig och anv\u00e4nda frekvensadverb i rum\u00e4nska<\/h2>\n<p>Att beh\u00e4rska frekvensadverb kr\u00e4ver regelbunden \u00f6vning och exponering. H\u00e4r \u00e4r n\u00e5gra effektiva strategier:<\/p>\n<ul>\n<li><strong>Anv\u00e4nd Talkpal:<\/strong> Denna plattform erbjuder interaktiva \u00f6vningar och samtal som fokuserar p\u00e5 frekvensadverb och deras korrekta anv\u00e4ndning.<\/li>\n<li><strong>Skapa meningar:<\/strong> Skriv och s\u00e4g meningar med olika frekvensadverb f\u00f6r att \u00f6va placering och betydelse.<\/li>\n<li><strong>Lyssna p\u00e5 autentiskt material:<\/strong> Lyssna p\u00e5 rum\u00e4nska poddar, filmer och l\u00e5tar f\u00f6r att h\u00f6ra hur frekvensadverb anv\u00e4nds naturligt.<\/li>\n<li><strong>J\u00e4mf\u00f6r med svenska:<\/strong> G\u00f6r j\u00e4mf\u00f6relser mellan svenska och rum\u00e4nska frekvensadverb f\u00f6r att f\u00f6rst\u00e5 skillnader och likheter.<\/li>\n<li><strong>F\u00e5 feedback:<\/strong> Anv\u00e4nd spr\u00e5kpartners eller l\u00e4rare f\u00f6r att f\u00e5 konstruktiv kritik och f\u00f6rb\u00e4ttra din anv\u00e4ndning.<\/li>\n<\/ul>\n<h2>Vanliga misstag att undvika<\/h2>\n<p>N\u00e4r man l\u00e4r sig frekvensadverb i rum\u00e4nska \u00e4r det l\u00e4tt att g\u00f6ra vissa vanliga misstag, s\u00e4rskilt f\u00f6r nyb\u00f6rjare:<\/p>\n<ul>\n<li><strong>Felaktig placering:<\/strong> Att placera adverbet p\u00e5 fel st\u00e4lle i meningen kan g\u00f6ra den otydlig eller grammatiskt felaktig.<\/li>\n<li><strong>\u00d6veranv\u00e4ndning:<\/strong> Att anv\u00e4nda frekvensadverb f\u00f6r ofta kan g\u00f6ra talet onaturligt och repetitivt.<\/li>\n<li><strong>F\u00f6rv\u00e4xling av betydelser:<\/strong> Vissa adverb liknar varandra men har olika nyanser, till exempel \u201drar\u201d och \u201dniciodat\u0103\u201d.<\/li>\n<li><strong>Ignorera kontext:<\/strong> Att anv\u00e4nda frekvensadverb utan att ta h\u00e4nsyn till kontext kan leda till missf\u00f6rst\u00e5nd.<\/li>\n<\/ul>\n<p>Att vara medveten om dessa fallgropar hj\u00e4lper dig att utveckla en mer korrekt och naturlig spr\u00e5kanv\u00e4ndning.<\/p>\n<h2>Sammanfattning<\/h2>\n<p>Frekvensadverb i rum\u00e4nsk grammatik \u00e4r nyckeln till att uttrycka tid och regelbundenhet i handlingar, vilket f\u00f6rb\u00e4ttrar spr\u00e5klig precision och flyt. Genom att f\u00f6rst\u00e5 deras betydelse, placering och anv\u00e4ndning kan du kommunicera mer effektivt p\u00e5 rum\u00e4nska. Talkpal erbjuder en idealisk milj\u00f6 f\u00f6r att \u00f6va och till\u00e4mpa frekvensadverb i praktiken, med interaktiva verktyg som hj\u00e4lper dig att bli s\u00e4ker i spr\u00e5ket. Med r\u00e4tt \u00f6vning och medvetenhet om vanliga misstag kommer du snabbt att kunna anv\u00e4nda frekvensadverb korrekt och naturligt i dina rum\u00e4nska meningar.<\/p>\n","protected":false},"featured_media":1528107,"template":"","language":[8055,8045],"class_list":["post-1101180","grammar","type-grammar","status-publish","has-post-thumbnail","hentry","language-adverb-rumansk-grammatik","language-rumanska"],"acf":[],"yoast_head":"<!-- This site is optimized with the Yoast SEO Premium plugin v27.2 (Yoast SEO v27.2) - https:\/\/yoast.com\/product\/yoast-seo-premium-wordpress\/ -->\n<title>Frekvens Adverb i rum\u00e4nsk grammatik - Talkpal<\/title>\n<meta name=\"description\" content=\"Att bem\u00e4stra frekvensadverb i rum\u00e4nsk grammatik \u00e4r en viktig del av spr\u00e5kinl\u00e4rningen f\u00f6r alla som vill tala och f\u00f6rst\u00e5 rum\u00e4nska flytande. Dessa adverb\" \/>\n<meta name=\"robots\" content=\"index, follow, max-snippet:-1, max-image-preview:large, max-video-preview:-1\" \/>\n<link rel=\"canonical\" href=\"https:\/\/talkpal.ai\/sv\/grammar\/frekvens-adverb-i-rumansk-grammatik\/\" \/>\n<meta property=\"og:locale\" content=\"sv_SE\" \/>\n<meta property=\"og:type\" content=\"article\" \/>\n<meta property=\"og:title\" content=\"Frekvens Adverb i rum\u00e4nsk grammatik\" \/>\n<meta property=\"og:description\" content=\"Att bem\u00e4stra frekvensadverb i rum\u00e4nsk grammatik \u00e4r en viktig del av spr\u00e5kinl\u00e4rningen f\u00f6r alla som vill tala och f\u00f6rst\u00e5 rum\u00e4nska flytande. Dessa adverb\" \/>\n<meta property=\"og:url\" content=\"https:\/\/talkpal.ai\/sv\/grammar\/frekvens-adverb-i-rumansk-grammatik\/\" \/>\n<meta property=\"og:site_name\" content=\"Talkpal\" \/>\n<meta property=\"article:publisher\" content=\"https:\/\/www.facebook.com\/profile.php?id=100090733639311\" \/>\n<meta property=\"og:image\" content=\"https:\/\/talkpal.ai\/wp-content\/uploads\/2025\/02\/Progress-tab-16_9.png\" \/>\n\t<meta property=\"og:image:width\" content=\"2880\" \/>\n\t<meta property=\"og:image:height\" content=\"1620\" \/>\n\t<meta property=\"og:image:type\" content=\"image\/png\" \/>\n<meta name=\"twitter:card\" content=\"summary_large_image\" \/>\n<meta name=\"twitter:site\" content=\"@talkpalai\" \/>\n<meta name=\"twitter:label1\" content=\"Ber\u00e4knad l\u00e4stid\" \/>\n\t<meta name=\"twitter:data1\" content=\"4 minuter\" \/>\n<script type=\"application\/ld+json\" class=\"yoast-schema-graph\">{\"@context\":\"https:\/\/schema.org\",\"@graph\":[{\"@type\":\"WebPage\",\"@id\":\"https:\/\/talkpal.ai\/sv\/grammar\/frekvens-adverb-i-rumansk-grammatik\/\",\"url\":\"https:\/\/talkpal.ai\/sv\/grammar\/frekvens-adverb-i-rumansk-grammatik\/\",\"name\":\"Frekvens Adverb i rum\u00e4nsk grammatik - Talkpal\",\"isPartOf\":{\"@id\":\"https:\/\/talkpal.ai\/sv\/#website\"},\"primaryImageOfPage\":{\"@id\":\"https:\/\/talkpal.ai\/sv\/grammar\/frekvens-adverb-i-rumansk-grammatik\/#primaryimage\"},\"image\":{\"@id\":\"https:\/\/talkpal.ai\/sv\/grammar\/frekvens-adverb-i-rumansk-grammatik\/#primaryimage\"},\"thumbnailUrl\":\"https:\/\/talkpal.ai\/wp-content\/uploads\/2025\/12\/workbook-is-read-learning-languages.webp\",\"datePublished\":\"2025-07-03T11:19:55+00:00\",\"description\":\"Att bem\u00e4stra frekvensadverb i rum\u00e4nsk grammatik \u00e4r en viktig del av spr\u00e5kinl\u00e4rningen f\u00f6r alla som vill tala och f\u00f6rst\u00e5 rum\u00e4nska flytande. Dessa adverb\",\"breadcrumb\":{\"@id\":\"https:\/\/talkpal.ai\/sv\/grammar\/frekvens-adverb-i-rumansk-grammatik\/#breadcrumb\"},\"inLanguage\":\"sv-SE\",\"potentialAction\":[{\"@type\":\"ReadAction\",\"target\":[\"https:\/\/talkpal.ai\/sv\/grammar\/frekvens-adverb-i-rumansk-grammatik\/\"]}]},{\"@type\":\"ImageObject\",\"inLanguage\":\"sv-SE\",\"@id\":\"https:\/\/talkpal.ai\/sv\/grammar\/frekvens-adverb-i-rumansk-grammatik\/#primaryimage\",\"url\":\"https:\/\/talkpal.ai\/wp-content\/uploads\/2025\/12\/workbook-is-read-learning-languages.webp\",\"contentUrl\":\"https:\/\/talkpal.ai\/wp-content\/uploads\/2025\/12\/workbook-is-read-learning-languages.webp\",\"width\":1200,\"height\":896,\"caption\":\"Digital materials are reviewed by three students sitting at a library table while learning languages.\"},{\"@type\":\"BreadcrumbList\",\"@id\":\"https:\/\/talkpal.ai\/sv\/grammar\/frekvens-adverb-i-rumansk-grammatik\/#breadcrumb\",\"itemListElement\":[{\"@type\":\"ListItem\",\"position\":1,\"name\":\"Homepage\",\"item\":\"https:\/\/talkpal.ai\/sv\/\"},{\"@type\":\"ListItem\",\"position\":2,\"name\":\"Frekvens Adverb i rum\u00e4nsk grammatik\"}]},{\"@type\":\"WebSite\",\"@id\":\"https:\/\/talkpal.ai\/sv\/#website\",\"url\":\"https:\/\/talkpal.ai\/sv\/\",\"name\":\"Talkpal\",\"description\":\"AI Language Learning\",\"publisher\":{\"@id\":\"https:\/\/talkpal.ai\/sv\/#organization\"},\"alternateName\":\"Talkpal AI\",\"potentialAction\":[{\"@type\":\"SearchAction\",\"target\":{\"@type\":\"EntryPoint\",\"urlTemplate\":\"https:\/\/talkpal.ai\/sv\/?s={search_term_string}\"},\"query-input\":{\"@type\":\"PropertyValueSpecification\",\"valueRequired\":true,\"valueName\":\"search_term_string\"}}],\"inLanguage\":\"sv-SE\"},{\"@type\":\"Organization\",\"@id\":\"https:\/\/talkpal.ai\/sv\/#organization\",\"name\":\"Talkpal, Inc.\",\"alternateName\":\"Talkpal AI\",\"url\":\"https:\/\/talkpal.ai\/sv\/\",\"logo\":{\"@type\":\"ImageObject\",\"inLanguage\":\"sv-SE\",\"@id\":\"https:\/\/talkpal.ai\/sv\/#\/schema\/logo\/image\/\",\"url\":\"https:\/\/talkpal.ai\/wp-content\/uploads\/2024\/03\/Talkpal-Logo-Icon.png\",\"contentUrl\":\"https:\/\/talkpal.ai\/wp-content\/uploads\/2024\/03\/Talkpal-Logo-Icon.png\",\"width\":2880,\"height\":2880,\"caption\":\"Talkpal, Inc.\"},\"image\":{\"@id\":\"https:\/\/talkpal.ai\/sv\/#\/schema\/logo\/image\/\"},\"sameAs\":[\"https:\/\/www.facebook.com\/profile.php?id=100090733639311\",\"https:\/\/x.com\/talkpalai\",\"https:\/\/www.linkedin.com\/company\/talkpal\/\",\"https:\/\/www.youtube.com\/@TalkPal\/\",\"https:\/\/www.tiktok.com\/@talkpal\",\"https:\/\/www.instagram.com\/talkpal_ai\/\",\"https:\/\/www.crunchbase.com\/organization\/talkpal-9cde\",\"https:\/\/www.g2.com\/products\/talkpal-for-business\/\",\"https:\/\/www.trustpilot.com\/review\/talkpal.ai\",\"https:\/\/www.capterra.com\/p\/10006800\/TalkPal\/\"],\"description\":\"Talkpal is a language learning web and mobile education app, powered by the latest AI technologies, that provides engaging experiences to its customers in many different languages to help them improve their language skills. Users can chat about unlimited amount of topics with the app and use other modes to practice their language learning.\",\"email\":\"support@talkpal.ai\",\"legalName\":\"Talkpal, Inc.\",\"foundingDate\":\"2023-04-03\",\"duns\":\"118989042\",\"numberOfEmployees\":{\"@type\":\"QuantitativeValue\",\"minValue\":\"11\",\"maxValue\":\"50\"},\"publishingPrinciples\":\"https:\/\/talkpal.ai\/publishing-principles\/\",\"actionableFeedbackPolicy\":\"https:\/\/talkpal.ai\/actionable-feedback-policy\/\",\"correctionsPolicy\":\"https:\/\/talkpal.ai\/corrections-policy\/\",\"ethicsPolicy\":\"https:\/\/talkpal.ai\/ethics-policy\/\",\"diversityPolicy\":\"https:\/\/talkpal.ai\/diversity-policy\/\",\"diversityStaffingReport\":\"https:\/\/talkpal.ai\/diversity-policy\/\"}]}<\/script>\n<!-- \/ Yoast SEO Premium plugin. -->","yoast_head_json":{"title":"Frekvens Adverb i rum\u00e4nsk grammatik - Talkpal","description":"Att bem\u00e4stra frekvensadverb i rum\u00e4nsk grammatik \u00e4r en viktig del av spr\u00e5kinl\u00e4rningen f\u00f6r alla som vill tala och f\u00f6rst\u00e5 rum\u00e4nska flytande. Dessa adverb","robots":{"index":"index","follow":"follow","max-snippet":"max-snippet:-1","max-image-preview":"max-image-preview:large","max-video-preview":"max-video-preview:-1"},"canonical":"https:\/\/talkpal.ai\/sv\/grammar\/frekvens-adverb-i-rumansk-grammatik\/","og_locale":"sv_SE","og_type":"article","og_title":"Frekvens Adverb i rum\u00e4nsk grammatik","og_description":"Att bem\u00e4stra frekvensadverb i rum\u00e4nsk grammatik \u00e4r en viktig del av spr\u00e5kinl\u00e4rningen f\u00f6r alla som vill tala och f\u00f6rst\u00e5 rum\u00e4nska flytande. Dessa adverb","og_url":"https:\/\/talkpal.ai\/sv\/grammar\/frekvens-adverb-i-rumansk-grammatik\/","og_site_name":"Talkpal","article_publisher":"https:\/\/www.facebook.com\/profile.php?id=100090733639311","og_image":[{"width":2880,"height":1620,"url":"https:\/\/talkpal.ai\/wp-content\/uploads\/2025\/02\/Progress-tab-16_9.png","type":"image\/png"}],"twitter_card":"summary_large_image","twitter_site":"@talkpalai","twitter_misc":{"Ber\u00e4knad l\u00e4stid":"4 minuter"},"schema":{"@context":"https:\/\/schema.org","@graph":[{"@type":"WebPage","@id":"https:\/\/talkpal.ai\/sv\/grammar\/frekvens-adverb-i-rumansk-grammatik\/","url":"https:\/\/talkpal.ai\/sv\/grammar\/frekvens-adverb-i-rumansk-grammatik\/","name":"Frekvens Adverb i rum\u00e4nsk grammatik - Talkpal","isPartOf":{"@id":"https:\/\/talkpal.ai\/sv\/#website"},"primaryImageOfPage":{"@id":"https:\/\/talkpal.ai\/sv\/grammar\/frekvens-adverb-i-rumansk-grammatik\/#primaryimage"},"image":{"@id":"https:\/\/talkpal.ai\/sv\/grammar\/frekvens-adverb-i-rumansk-grammatik\/#primaryimage"},"thumbnailUrl":"https:\/\/talkpal.ai\/wp-content\/uploads\/2025\/12\/workbook-is-read-learning-languages.webp","datePublished":"2025-07-03T11:19:55+00:00","description":"Att bem\u00e4stra frekvensadverb i rum\u00e4nsk grammatik \u00e4r en viktig del av spr\u00e5kinl\u00e4rningen f\u00f6r alla som vill tala och f\u00f6rst\u00e5 rum\u00e4nska flytande. Dessa adverb","breadcrumb":{"@id":"https:\/\/talkpal.ai\/sv\/grammar\/frekvens-adverb-i-rumansk-grammatik\/#breadcrumb"},"inLanguage":"sv-SE","potentialAction":[{"@type":"ReadAction","target":["https:\/\/talkpal.ai\/sv\/grammar\/frekvens-adverb-i-rumansk-grammatik\/"]}]},{"@type":"ImageObject","inLanguage":"sv-SE","@id":"https:\/\/talkpal.ai\/sv\/grammar\/frekvens-adverb-i-rumansk-grammatik\/#primaryimage","url":"https:\/\/talkpal.ai\/wp-content\/uploads\/2025\/12\/workbook-is-read-learning-languages.webp","contentUrl":"https:\/\/talkpal.ai\/wp-content\/uploads\/2025\/12\/workbook-is-read-learning-languages.webp","width":1200,"height":896,"caption":"Digital materials are reviewed by three students sitting at a library table while learning languages."},{"@type":"BreadcrumbList","@id":"https:\/\/talkpal.ai\/sv\/grammar\/frekvens-adverb-i-rumansk-grammatik\/#breadcrumb","itemListElement":[{"@type":"ListItem","position":1,"name":"Homepage","item":"https:\/\/talkpal.ai\/sv\/"},{"@type":"ListItem","position":2,"name":"Frekvens Adverb i rum\u00e4nsk grammatik"}]},{"@type":"WebSite","@id":"https:\/\/talkpal.ai\/sv\/#website","url":"https:\/\/talkpal.ai\/sv\/","name":"Talkpal","description":"AI Language Learning","publisher":{"@id":"https:\/\/talkpal.ai\/sv\/#organization"},"alternateName":"Talkpal AI","potentialAction":[{"@type":"SearchAction","target":{"@type":"EntryPoint","urlTemplate":"https:\/\/talkpal.ai\/sv\/?s={search_term_string}"},"query-input":{"@type":"PropertyValueSpecification","valueRequired":true,"valueName":"search_term_string"}}],"inLanguage":"sv-SE"},{"@type":"Organization","@id":"https:\/\/talkpal.ai\/sv\/#organization","name":"Talkpal, Inc.","alternateName":"Talkpal AI","url":"https:\/\/talkpal.ai\/sv\/","logo":{"@type":"ImageObject","inLanguage":"sv-SE","@id":"https:\/\/talkpal.ai\/sv\/#\/schema\/logo\/image\/","url":"https:\/\/talkpal.ai\/wp-content\/uploads\/2024\/03\/Talkpal-Logo-Icon.png","contentUrl":"https:\/\/talkpal.ai\/wp-content\/uploads\/2024\/03\/Talkpal-Logo-Icon.png","width":2880,"height":2880,"caption":"Talkpal, Inc."},"image":{"@id":"https:\/\/talkpal.ai\/sv\/#\/schema\/logo\/image\/"},"sameAs":["https:\/\/www.facebook.com\/profile.php?id=100090733639311","https:\/\/x.com\/talkpalai","https:\/\/www.linkedin.com\/company\/talkpal\/","https:\/\/www.youtube.com\/@TalkPal\/","https:\/\/www.tiktok.com\/@talkpal","https:\/\/www.instagram.com\/talkpal_ai\/","https:\/\/www.crunchbase.com\/organization\/talkpal-9cde","https:\/\/www.g2.com\/products\/talkpal-for-business\/","https:\/\/www.trustpilot.com\/review\/talkpal.ai","https:\/\/www.capterra.com\/p\/10006800\/TalkPal\/"],"description":"Talkpal is a language learning web and mobile education app, powered by the latest AI technologies, that provides engaging experiences to its customers in many different languages to help them improve their language skills. Users can chat about unlimited amount of topics with the app and use other modes to practice their language learning.","email":"support@talkpal.ai","legalName":"Talkpal, Inc.","foundingDate":"2023-04-03","duns":"118989042","numberOfEmployees":{"@type":"QuantitativeValue","minValue":"11","maxValue":"50"},"publishingPrinciples":"https:\/\/talkpal.ai\/publishing-principles\/","actionableFeedbackPolicy":"https:\/\/talkpal.ai\/actionable-feedback-policy\/","correctionsPolicy":"https:\/\/talkpal.ai\/corrections-policy\/","ethicsPolicy":"https:\/\/talkpal.ai\/ethics-policy\/","diversityPolicy":"https:\/\/talkpal.ai\/diversity-policy\/","diversityStaffingReport":"https:\/\/talkpal.ai\/diversity-policy\/"}]}},"_links":{"self":[{"href":"https:\/\/talkpal.ai\/sv\/wp-json\/wp\/v2\/grammar\/1101180","targetHints":{"allow":["GET"]}}],"collection":[{"href":"https:\/\/talkpal.ai\/sv\/wp-json\/wp\/v2\/grammar"}],"about":[{"href":"https:\/\/talkpal.ai\/sv\/wp-json\/wp\/v2\/types\/grammar"}],"wp:featuredmedia":[{"embeddable":true,"href":"https:\/\/talkpal.ai\/sv\/wp-json\/wp\/v2\/media\/1528107"}],"wp:attachment":[{"href":"https:\/\/talkpal.ai\/sv\/wp-json\/wp\/v2\/media?parent=1101180"}],"wp:term":[{"taxonomy":"language","embeddable":true,"href":"https:\/\/talkpal.ai\/sv\/wp-json\/wp\/v2\/language?post=1101180"}],"curies":[{"name":"wp","href":"https:\/\/api.w.org\/{rel}","templated":true}]}}