{"id":1100680,"date":"2025-07-03T10:55:00","date_gmt":"2025-07-03T10:55:00","guid":{"rendered":"https:\/\/talkpal.ai\/grammar\/adverb-of-time-och-marathisk-grammatik\/"},"modified":"2025-07-03T10:55:00","modified_gmt":"2025-07-03T10:55:00","slug":"adverb-of-time-och-marathisk-grammatik","status":"publish","type":"grammar","link":"https:\/\/talkpal.ai\/sv\/grammar\/adverb-of-time-och-marathisk-grammatik\/","title":{"rendered":"Adverb of Time och marathisk grammatik"},"content":{"rendered":"<p>Att f\u00f6rst\u00e5 och bem\u00e4stra adverb av tid i <a href=\"https:\/\/talkpal.ai\/contact\/\">samband<\/a> med <a href=\"https:\/\/talkpal.ai\/sv\/grammar\/sammansatta-meningar-i-marathisk-grammatik\/\">marathisk grammatik<\/a> \u00e4r avg\u00f6rande f\u00f6r alla som vill f\u00f6rdjupa sig i detta rika och m\u00e5ngfacetterade spr\u00e5k. Adverb av tid hj\u00e4lper till att beskriva n\u00e4r en handling sker, vilket \u00e4r centralt f\u00f6r att skapa tydliga och korrekta meningar. Marathiskan, som \u00e4r ett av de officiella spr\u00e5ken i Indien, har sina egna unika grammatiska regler och strukturer som skiljer sig fr\u00e5n m\u00e5nga andra spr\u00e5k. F\u00f6r den som vill l\u00e4ra sig <a href=\"https:\/\/talkpal.ai\/learn-marathi\/\">marathiska<\/a> p\u00e5 ett effektivt s\u00e4tt \u00e4r <a href=\"https:\/\/talkpal.ai\/ko\/ai-%ec%96%b8%ec%96%b4-%ea%b5%90%ec%82%ac\/\">Talkpal<\/a> ett utm\u00e4rkt verktyg, eftersom det erbjuder interaktiva och anpassade lektioner f\u00f6r att f\u00f6rst\u00e5 b\u00e5de adverb av tid och <a href=\"https:\/\/talkpal.ai\/learn-marathi\/\">marathisk<\/a> <a href=\"https:\/\/talkpal.ai\/fr\/les\/\">grammatik<\/a> i detalj.<\/p>\n<h2>Vad \u00e4r Adverb of Time?<\/h2>\n<p>Adverb av tid, eller tidsadverb, \u00e4r ord som beskriver n\u00e4r en handling sker. De svarar p\u00e5 fr\u00e5gan &#8221;N\u00e4r?&#8221; och \u00e4r viktiga f\u00f6r att ge en exakt tidsram i kommunikationen. Exempel p\u00e5 vanliga tidsadverb p\u00e5 <a href=\"https:\/\/talkpal.ai\/learn-swedish\/\">svenska<\/a> inkluderar <em>nu<\/em>, <em>snart<\/em>, <em>ig\u00e5r<\/em>, <em>aldrig<\/em>, och <em>alltid<\/em>.<\/p>\n<h3>Funktion och betydelse<\/h3>\n<ul>\n<li><strong>Anger tidpunkt:<\/strong> Exempelvis &#8221;Jag kommer <em>imorgon<\/em>&#8221;.<\/li>\n<li><strong>Beskriver frekvens:<\/strong> Exempelvis &#8221;Hon tr\u00e4nar <em>alltid<\/em> p\u00e5 morgonen.&#8221;<\/li>\n<li><strong>Uttrycker varaktighet:<\/strong> Exempelvis &#8221;Vi stannade <em>l\u00e4nge<\/em>.&#8221;<\/li>\n<li><strong>Indikerar tidsintervall:<\/strong> Exempelvis &#8221;Mellan <em>klockan fyra och sex<\/em>.&#8221;<\/li>\n<\/ul>\n<h2>Adverb of Time i Marathisk Grammatik<\/h2>\n<p>I marathiskan spelar tidsadverb en central roll f\u00f6r att uttrycka tid p\u00e5 ett nyanserat s\u00e4tt. De anv\u00e4nds ofta tillsammans med verbets tempus och aspekt f\u00f6r att ge en fullst\u00e4ndig bild av n\u00e4r och hur en handling sker.<\/p>\n<h3>Vanliga marathiska adverb av tid<\/h3>\n<ul>\n<li><strong>\u0906\u0924\u093e (\u0101ta)<\/strong> \u2013 nu<\/li>\n<li><strong>\u0906\u091c (\u0101j)<\/strong> \u2013 idag<\/li>\n<li><strong>\u0915\u093e\u0932 (k\u0101l)<\/strong> \u2013 ig\u00e5r<\/li>\n<li><strong>\u0909\u0926\u094d\u092f\u093e (udy\u0101)<\/strong> \u2013 imorgon<\/li>\n<li><strong>\u0915\u0927\u0940\u0939\u0940 (kadh\u012bh\u012b)<\/strong> \u2013 aldrig<\/li>\n<li><strong>\u0938\u0930\u094d\u0935\u0926\u093e (sarvad\u0101)<\/strong> \u2013 alltid<\/li>\n<\/ul>\n<h3>Anv\u00e4ndning och placering i meningar<\/h3>\n<p>I marathiskan placeras tidsadverb ofta f\u00f6re verbet, men kan \u00e4ven placeras i b\u00f6rjan av meningen f\u00f6r att betona tidpunkten. Till exempel:<\/p>\n<ul>\n<li>\u0906\u0924\u093e \u0924\u094b \u092f\u0947\u0924\u094b \u0906\u0939\u0947. (\u0100t\u0101 to yeto \u0101he.) \u2013 Han kommer nu.<\/li>\n<li>\u0915\u093e\u0932 \u092e\u0940 \u092c\u093e\u091c\u093e\u0930\u093e\u0924 \u0917\u0947\u0932\u094b \u0939\u094b\u0924\u094b. (K\u0101l m\u012b b\u0101z\u0101r\u0101t gelo hoto.) \u2013 Jag gick till marknaden ig\u00e5r.<\/li>\n<\/ul>\n<h3>Verbets tempus och tidsadverb<\/h3>\n<p>Marathiskan har flera tempusformer som p\u00e5verkas av adverb av tid. H\u00e4r \u00e4r n\u00e5gra exempel:<\/p>\n<ul>\n<li><strong>Presens + \u0906\u0924\u093e (nu):<\/strong> \u0906\u0924\u093e \u0924\u0940 \u0936\u093f\u0915\u0924 \u0906\u0939\u0947. (\u0100t\u0101 t\u012b shikat \u0101he.) \u2013 Hon studerar nu.<\/li>\n<li><strong>Preteritum + \u0915\u093e\u0932 (ig\u00e5r):<\/strong> \u0915\u093e\u0932 \u0906\u092e\u094d\u0939\u0940 \u091a\u093f\u0924\u094d\u0930\u092a\u091f \u092a\u093e\u0939\u093f\u0932\u093e. (K\u0101l \u0101mh\u012b chitrapa\u1e6d p\u0101hil\u0101.) \u2013 Vi s\u00e5g en film ig\u00e5r.<\/li>\n<li><strong>Futurum + \u0909\u0926\u094d\u092f\u093e (imorgon):<\/strong> \u0909\u0926\u094d\u092f\u093e \u092e\u0940 \u092a\u094d\u0930\u0935\u093e\u0938 \u0915\u0930\u0940\u0928. (Udy\u0101 m\u012b prav\u0101s kar\u012bn.) \u2013 Jag kommer att resa imorgon.<\/li>\n<\/ul>\n<h2>Skillnader mellan svenska och marathiska tidsadverb<\/h2>\n<p>\u00c4ven om b\u00e5de svenska och marathiska anv\u00e4nder adverb av tid f\u00f6r att uttrycka n\u00e4r n\u00e5got sker, finns det flera skillnader i hur dessa adverb anv\u00e4nds och placeras i meningar.<\/p>\n<h3>Placering i meningar<\/h3>\n<ul>\n<li><strong>Svenska:<\/strong> Tidsadverb kan placeras i b\u00f6rjan, mitten eller slutet av meningen beroende p\u00e5 betoning. Exempel: <em>Ig\u00e5r gick jag till aff\u00e4ren.<\/em><\/li>\n<li><strong>Marathiska:<\/strong> Tidsadverb placeras oftast f\u00f6re verbet f\u00f6r att tydligt ange tidpunkten. Exempel: <em>\u0915\u093e\u0932 \u092e\u0940 \u092c\u093e\u091c\u093e\u0930\u093e\u0924 \u0917\u0947\u0932\u094b. (K\u0101l m\u012b b\u0101z\u0101r\u0101t gelo.)<\/em><\/li>\n<\/ul>\n<h3>Tempus och aspekt<\/h3>\n<p>Marathiskan har en mer komplex aspektstruktur \u00e4n svenska, vilket g\u00f6r att tidsadverb samverkar p\u00e5 ett mer detaljerat s\u00e4tt med verbens former f\u00f6r att ange tid och varaktighet.<\/p>\n<h2>L\u00e4r dig Adverb of Time och marathisk grammatik med Talkpal<\/h2>\n<p>Att l\u00e4ra sig ett nytt spr\u00e5k kan vara utmanande, men med r\u00e4tt verktyg blir processen b\u00e5de roligare och mer effektiv. Talkpal erbjuder interaktiva lektioner som \u00e4r s\u00e4rskilt utformade f\u00f6r att hj\u00e4lpa dig f\u00f6rst\u00e5 och anv\u00e4nda adverb av tid i marathiskan, samtidigt som du f\u00e5r en djupare inblick i dess grammatik. H\u00e4r \u00e4r n\u00e5gra f\u00f6rdelar med Talkpal:<\/p>\n<ul>\n<li><strong>Interaktiva \u00f6vningar:<\/strong> \u00d6va p\u00e5 att placera tidsadverb korrekt i meningar.<\/li>\n<li><strong>Personlig feedback:<\/strong> F\u00e5 korrigeringar och tips fr\u00e5n modersm\u00e5lstalare.<\/li>\n<li><strong>Flexibel inl\u00e4rning:<\/strong> L\u00e4r dig i din egen takt, n\u00e4r och var som helst.<\/li>\n<li><strong>Engagerande inneh\u00e5ll:<\/strong> Kombinera teori med praktisk anv\u00e4ndning f\u00f6r b\u00e4ttre retention.<\/li>\n<\/ul>\n<h2>Tips f\u00f6r att bem\u00e4stra adverb of time i marathiskan<\/h2>\n<p>F\u00f6r att snabbt f\u00f6rb\u00e4ttra din anv\u00e4ndning av tidsadverb i marathiskan rekommenderas f\u00f6ljande strategier:<\/p>\n<ul>\n<li><strong>Lyssna p\u00e5 autentiskt material:<\/strong> Poddar, filmer och l\u00e5tar p\u00e5 marathiska hj\u00e4lper dig att h\u00f6ra tidsadverb i naturligt sammanhang.<\/li>\n<li><strong>\u00d6va regelbundet:<\/strong> Skriv egna meningar och anv\u00e4nd tidsadverb aktivt i konversation.<\/li>\n<li><strong>Anv\u00e4nd flashcards:<\/strong> Memorera vanliga tidsadverb med hj\u00e4lp av flashcards eller appar.<\/li>\n<li><strong>Fokusera p\u00e5 verbets tempus:<\/strong> F\u00f6rst\u00e5 hur olika tempusformer p\u00e5verkar anv\u00e4ndningen av tidsadverb.<\/li>\n<li><strong>F\u00e5 feedback:<\/strong> Anv\u00e4nd plattformar som Talkpal f\u00f6r att f\u00e5 korrekturl\u00e4sning och tips.<\/li>\n<\/ul>\n<h2>Sammanfattning<\/h2>\n<p><a href=\"https:\/\/talkpal.ai\/sv\/grammar\/adverb-of-time-i-azerbajdzjansk-grammatik\/\">Adverb of time<\/a> \u00e4r en grundl\u00e4ggande del av marathisk grammatik och spelar en avg\u00f6rande roll f\u00f6r att uttrycka n\u00e4r en handling sker. Genom att f\u00f6rst\u00e5 deras funktion, placering och samspel med verbens tempus kan du f\u00f6rb\u00e4ttra b\u00e5de din f\u00f6rst\u00e5else och din f\u00f6rm\u00e5ga att kommunicera effektivt p\u00e5 marathiska. Med hj\u00e4lp av moderna spr\u00e5kinl\u00e4rningsverktyg som Talkpal kan du snabbt f\u00e5 den kunskap och praktiska tr\u00e4ning som beh\u00f6vs f\u00f6r att beh\u00e4rska dessa aspekter. Genom regelbunden \u00f6vning och anv\u00e4ndning av tidsadverb i olika sammanhang blir du snart bekv\u00e4m med att anv\u00e4nda marathiskan p\u00e5 ett korrekt och naturligt s\u00e4tt.<\/p>\n","protected":false},"featured_media":1527632,"template":"","language":[7971,7961],"class_list":["post-1100680","grammar","type-grammar","status-publish","has-post-thumbnail","hentry","language-adverb-marathi-grammatik","language-marathi-sv"],"acf":[],"yoast_head":"<!-- This site is optimized with the Yoast SEO Premium plugin v27.2 (Yoast SEO v27.2) - https:\/\/yoast.com\/product\/yoast-seo-premium-wordpress\/ -->\n<title>Adverb of Time och marathisk grammatik - Talkpal<\/title>\n<meta name=\"description\" content=\"Att f\u00f6rst\u00e5 och bem\u00e4stra adverb av tid i samband med marathisk grammatik \u00e4r avg\u00f6rande f\u00f6r alla som vill f\u00f6rdjupa sig i detta rika och m\u00e5ngfacetterade\" \/>\n<meta name=\"robots\" content=\"index, follow, max-snippet:-1, max-image-preview:large, max-video-preview:-1\" \/>\n<link rel=\"canonical\" href=\"https:\/\/talkpal.ai\/sv\/grammar\/adverb-of-time-och-marathisk-grammatik\/\" \/>\n<meta property=\"og:locale\" content=\"sv_SE\" \/>\n<meta property=\"og:type\" content=\"article\" \/>\n<meta property=\"og:title\" content=\"Adverb of Time och marathisk grammatik\" \/>\n<meta property=\"og:description\" content=\"Att f\u00f6rst\u00e5 och bem\u00e4stra adverb av tid i samband med marathisk grammatik \u00e4r avg\u00f6rande f\u00f6r alla som vill f\u00f6rdjupa sig i detta rika och m\u00e5ngfacetterade\" \/>\n<meta property=\"og:url\" content=\"https:\/\/talkpal.ai\/sv\/grammar\/adverb-of-time-och-marathisk-grammatik\/\" \/>\n<meta property=\"og:site_name\" content=\"Talkpal\" \/>\n<meta property=\"article:publisher\" content=\"https:\/\/www.facebook.com\/profile.php?id=100090733639311\" \/>\n<meta property=\"og:image\" content=\"https:\/\/talkpal.ai\/wp-content\/uploads\/2025\/02\/Progress-tab-16_9.png\" \/>\n\t<meta property=\"og:image:width\" content=\"2880\" \/>\n\t<meta property=\"og:image:height\" content=\"1620\" \/>\n\t<meta property=\"og:image:type\" content=\"image\/png\" \/>\n<meta name=\"twitter:card\" content=\"summary_large_image\" \/>\n<meta name=\"twitter:site\" content=\"@talkpalai\" \/>\n<meta name=\"twitter:label1\" content=\"Ber\u00e4knad l\u00e4stid\" \/>\n\t<meta name=\"twitter:data1\" content=\"4 minuter\" \/>\n<script type=\"application\/ld+json\" class=\"yoast-schema-graph\">{\"@context\":\"https:\/\/schema.org\",\"@graph\":[{\"@type\":\"WebPage\",\"@id\":\"https:\/\/talkpal.ai\/sv\/grammar\/adverb-of-time-och-marathisk-grammatik\/\",\"url\":\"https:\/\/talkpal.ai\/sv\/grammar\/adverb-of-time-och-marathisk-grammatik\/\",\"name\":\"Adverb of Time och marathisk grammatik - Talkpal\",\"isPartOf\":{\"@id\":\"https:\/\/talkpal.ai\/sv\/#website\"},\"primaryImageOfPage\":{\"@id\":\"https:\/\/talkpal.ai\/sv\/grammar\/adverb-of-time-och-marathisk-grammatik\/#primaryimage\"},\"image\":{\"@id\":\"https:\/\/talkpal.ai\/sv\/grammar\/adverb-of-time-och-marathisk-grammatik\/#primaryimage\"},\"thumbnailUrl\":\"https:\/\/talkpal.ai\/wp-content\/uploads\/2025\/12\/dialogue-is-shared-learning-languages.webp\",\"datePublished\":\"2025-07-03T10:55:00+00:00\",\"description\":\"Att f\u00f6rst\u00e5 och bem\u00e4stra adverb av tid i samband med marathisk grammatik \u00e4r avg\u00f6rande f\u00f6r alla som vill f\u00f6rdjupa sig i detta rika och m\u00e5ngfacetterade\",\"breadcrumb\":{\"@id\":\"https:\/\/talkpal.ai\/sv\/grammar\/adverb-of-time-och-marathisk-grammatik\/#breadcrumb\"},\"inLanguage\":\"sv-SE\",\"potentialAction\":[{\"@type\":\"ReadAction\",\"target\":[\"https:\/\/talkpal.ai\/sv\/grammar\/adverb-of-time-och-marathisk-grammatik\/\"]}]},{\"@type\":\"ImageObject\",\"inLanguage\":\"sv-SE\",\"@id\":\"https:\/\/talkpal.ai\/sv\/grammar\/adverb-of-time-och-marathisk-grammatik\/#primaryimage\",\"url\":\"https:\/\/talkpal.ai\/wp-content\/uploads\/2025\/12\/dialogue-is-shared-learning-languages.webp\",\"contentUrl\":\"https:\/\/talkpal.ai\/wp-content\/uploads\/2025\/12\/dialogue-is-shared-learning-languages.webp\",\"width\":1200,\"height\":896,\"caption\":\"A group conversation is shared by three students at a laptop while learning languages.\"},{\"@type\":\"BreadcrumbList\",\"@id\":\"https:\/\/talkpal.ai\/sv\/grammar\/adverb-of-time-och-marathisk-grammatik\/#breadcrumb\",\"itemListElement\":[{\"@type\":\"ListItem\",\"position\":1,\"name\":\"Homepage\",\"item\":\"https:\/\/talkpal.ai\/sv\/\"},{\"@type\":\"ListItem\",\"position\":2,\"name\":\"Adverb of Time och marathisk grammatik\"}]},{\"@type\":\"WebSite\",\"@id\":\"https:\/\/talkpal.ai\/sv\/#website\",\"url\":\"https:\/\/talkpal.ai\/sv\/\",\"name\":\"Talkpal\",\"description\":\"AI Language Learning\",\"publisher\":{\"@id\":\"https:\/\/talkpal.ai\/sv\/#organization\"},\"alternateName\":\"Talkpal AI\",\"potentialAction\":[{\"@type\":\"SearchAction\",\"target\":{\"@type\":\"EntryPoint\",\"urlTemplate\":\"https:\/\/talkpal.ai\/sv\/?s={search_term_string}\"},\"query-input\":{\"@type\":\"PropertyValueSpecification\",\"valueRequired\":true,\"valueName\":\"search_term_string\"}}],\"inLanguage\":\"sv-SE\"},{\"@type\":\"Organization\",\"@id\":\"https:\/\/talkpal.ai\/sv\/#organization\",\"name\":\"Talkpal, Inc.\",\"alternateName\":\"Talkpal AI\",\"url\":\"https:\/\/talkpal.ai\/sv\/\",\"logo\":{\"@type\":\"ImageObject\",\"inLanguage\":\"sv-SE\",\"@id\":\"https:\/\/talkpal.ai\/sv\/#\/schema\/logo\/image\/\",\"url\":\"https:\/\/talkpal.ai\/wp-content\/uploads\/2024\/03\/Talkpal-Logo-Icon.png\",\"contentUrl\":\"https:\/\/talkpal.ai\/wp-content\/uploads\/2024\/03\/Talkpal-Logo-Icon.png\",\"width\":2880,\"height\":2880,\"caption\":\"Talkpal, Inc.\"},\"image\":{\"@id\":\"https:\/\/talkpal.ai\/sv\/#\/schema\/logo\/image\/\"},\"sameAs\":[\"https:\/\/www.facebook.com\/profile.php?id=100090733639311\",\"https:\/\/x.com\/talkpalai\",\"https:\/\/www.linkedin.com\/company\/talkpal\/\",\"https:\/\/www.youtube.com\/@TalkPal\/\",\"https:\/\/www.tiktok.com\/@talkpal\",\"https:\/\/www.instagram.com\/talkpal_ai\/\",\"https:\/\/www.crunchbase.com\/organization\/talkpal-9cde\",\"https:\/\/www.g2.com\/products\/talkpal-for-business\/\",\"https:\/\/www.trustpilot.com\/review\/talkpal.ai\",\"https:\/\/www.capterra.com\/p\/10006800\/TalkPal\/\"],\"description\":\"Talkpal is a language learning web and mobile education app, powered by the latest AI technologies, that provides engaging experiences to its customers in many different languages to help them improve their language skills. Users can chat about unlimited amount of topics with the app and use other modes to practice their language learning.\",\"email\":\"support@talkpal.ai\",\"legalName\":\"Talkpal, Inc.\",\"foundingDate\":\"2023-04-03\",\"duns\":\"118989042\",\"numberOfEmployees\":{\"@type\":\"QuantitativeValue\",\"minValue\":\"11\",\"maxValue\":\"50\"},\"publishingPrinciples\":\"https:\/\/talkpal.ai\/publishing-principles\/\",\"actionableFeedbackPolicy\":\"https:\/\/talkpal.ai\/actionable-feedback-policy\/\",\"correctionsPolicy\":\"https:\/\/talkpal.ai\/corrections-policy\/\",\"ethicsPolicy\":\"https:\/\/talkpal.ai\/ethics-policy\/\",\"diversityPolicy\":\"https:\/\/talkpal.ai\/diversity-policy\/\",\"diversityStaffingReport\":\"https:\/\/talkpal.ai\/diversity-policy\/\"}]}<\/script>\n<!-- \/ Yoast SEO Premium plugin. -->","yoast_head_json":{"title":"Adverb of Time och marathisk grammatik - Talkpal","description":"Att f\u00f6rst\u00e5 och bem\u00e4stra adverb av tid i samband med marathisk grammatik \u00e4r avg\u00f6rande f\u00f6r alla som vill f\u00f6rdjupa sig i detta rika och m\u00e5ngfacetterade","robots":{"index":"index","follow":"follow","max-snippet":"max-snippet:-1","max-image-preview":"max-image-preview:large","max-video-preview":"max-video-preview:-1"},"canonical":"https:\/\/talkpal.ai\/sv\/grammar\/adverb-of-time-och-marathisk-grammatik\/","og_locale":"sv_SE","og_type":"article","og_title":"Adverb of Time och marathisk grammatik","og_description":"Att f\u00f6rst\u00e5 och bem\u00e4stra adverb av tid i samband med marathisk grammatik \u00e4r avg\u00f6rande f\u00f6r alla som vill f\u00f6rdjupa sig i detta rika och m\u00e5ngfacetterade","og_url":"https:\/\/talkpal.ai\/sv\/grammar\/adverb-of-time-och-marathisk-grammatik\/","og_site_name":"Talkpal","article_publisher":"https:\/\/www.facebook.com\/profile.php?id=100090733639311","og_image":[{"width":2880,"height":1620,"url":"https:\/\/talkpal.ai\/wp-content\/uploads\/2025\/02\/Progress-tab-16_9.png","type":"image\/png"}],"twitter_card":"summary_large_image","twitter_site":"@talkpalai","twitter_misc":{"Ber\u00e4knad l\u00e4stid":"4 minuter"},"schema":{"@context":"https:\/\/schema.org","@graph":[{"@type":"WebPage","@id":"https:\/\/talkpal.ai\/sv\/grammar\/adverb-of-time-och-marathisk-grammatik\/","url":"https:\/\/talkpal.ai\/sv\/grammar\/adverb-of-time-och-marathisk-grammatik\/","name":"Adverb of Time och marathisk grammatik - Talkpal","isPartOf":{"@id":"https:\/\/talkpal.ai\/sv\/#website"},"primaryImageOfPage":{"@id":"https:\/\/talkpal.ai\/sv\/grammar\/adverb-of-time-och-marathisk-grammatik\/#primaryimage"},"image":{"@id":"https:\/\/talkpal.ai\/sv\/grammar\/adverb-of-time-och-marathisk-grammatik\/#primaryimage"},"thumbnailUrl":"https:\/\/talkpal.ai\/wp-content\/uploads\/2025\/12\/dialogue-is-shared-learning-languages.webp","datePublished":"2025-07-03T10:55:00+00:00","description":"Att f\u00f6rst\u00e5 och bem\u00e4stra adverb av tid i samband med marathisk grammatik \u00e4r avg\u00f6rande f\u00f6r alla som vill f\u00f6rdjupa sig i detta rika och m\u00e5ngfacetterade","breadcrumb":{"@id":"https:\/\/talkpal.ai\/sv\/grammar\/adverb-of-time-och-marathisk-grammatik\/#breadcrumb"},"inLanguage":"sv-SE","potentialAction":[{"@type":"ReadAction","target":["https:\/\/talkpal.ai\/sv\/grammar\/adverb-of-time-och-marathisk-grammatik\/"]}]},{"@type":"ImageObject","inLanguage":"sv-SE","@id":"https:\/\/talkpal.ai\/sv\/grammar\/adverb-of-time-och-marathisk-grammatik\/#primaryimage","url":"https:\/\/talkpal.ai\/wp-content\/uploads\/2025\/12\/dialogue-is-shared-learning-languages.webp","contentUrl":"https:\/\/talkpal.ai\/wp-content\/uploads\/2025\/12\/dialogue-is-shared-learning-languages.webp","width":1200,"height":896,"caption":"A group conversation is shared by three students at a laptop while learning languages."},{"@type":"BreadcrumbList","@id":"https:\/\/talkpal.ai\/sv\/grammar\/adverb-of-time-och-marathisk-grammatik\/#breadcrumb","itemListElement":[{"@type":"ListItem","position":1,"name":"Homepage","item":"https:\/\/talkpal.ai\/sv\/"},{"@type":"ListItem","position":2,"name":"Adverb of Time och marathisk grammatik"}]},{"@type":"WebSite","@id":"https:\/\/talkpal.ai\/sv\/#website","url":"https:\/\/talkpal.ai\/sv\/","name":"Talkpal","description":"AI Language Learning","publisher":{"@id":"https:\/\/talkpal.ai\/sv\/#organization"},"alternateName":"Talkpal AI","potentialAction":[{"@type":"SearchAction","target":{"@type":"EntryPoint","urlTemplate":"https:\/\/talkpal.ai\/sv\/?s={search_term_string}"},"query-input":{"@type":"PropertyValueSpecification","valueRequired":true,"valueName":"search_term_string"}}],"inLanguage":"sv-SE"},{"@type":"Organization","@id":"https:\/\/talkpal.ai\/sv\/#organization","name":"Talkpal, Inc.","alternateName":"Talkpal AI","url":"https:\/\/talkpal.ai\/sv\/","logo":{"@type":"ImageObject","inLanguage":"sv-SE","@id":"https:\/\/talkpal.ai\/sv\/#\/schema\/logo\/image\/","url":"https:\/\/talkpal.ai\/wp-content\/uploads\/2024\/03\/Talkpal-Logo-Icon.png","contentUrl":"https:\/\/talkpal.ai\/wp-content\/uploads\/2024\/03\/Talkpal-Logo-Icon.png","width":2880,"height":2880,"caption":"Talkpal, Inc."},"image":{"@id":"https:\/\/talkpal.ai\/sv\/#\/schema\/logo\/image\/"},"sameAs":["https:\/\/www.facebook.com\/profile.php?id=100090733639311","https:\/\/x.com\/talkpalai","https:\/\/www.linkedin.com\/company\/talkpal\/","https:\/\/www.youtube.com\/@TalkPal\/","https:\/\/www.tiktok.com\/@talkpal","https:\/\/www.instagram.com\/talkpal_ai\/","https:\/\/www.crunchbase.com\/organization\/talkpal-9cde","https:\/\/www.g2.com\/products\/talkpal-for-business\/","https:\/\/www.trustpilot.com\/review\/talkpal.ai","https:\/\/www.capterra.com\/p\/10006800\/TalkPal\/"],"description":"Talkpal is a language learning web and mobile education app, powered by the latest AI technologies, that provides engaging experiences to its customers in many different languages to help them improve their language skills. Users can chat about unlimited amount of topics with the app and use other modes to practice their language learning.","email":"support@talkpal.ai","legalName":"Talkpal, Inc.","foundingDate":"2023-04-03","duns":"118989042","numberOfEmployees":{"@type":"QuantitativeValue","minValue":"11","maxValue":"50"},"publishingPrinciples":"https:\/\/talkpal.ai\/publishing-principles\/","actionableFeedbackPolicy":"https:\/\/talkpal.ai\/actionable-feedback-policy\/","correctionsPolicy":"https:\/\/talkpal.ai\/corrections-policy\/","ethicsPolicy":"https:\/\/talkpal.ai\/ethics-policy\/","diversityPolicy":"https:\/\/talkpal.ai\/diversity-policy\/","diversityStaffingReport":"https:\/\/talkpal.ai\/diversity-policy\/"}]}},"_links":{"self":[{"href":"https:\/\/talkpal.ai\/sv\/wp-json\/wp\/v2\/grammar\/1100680","targetHints":{"allow":["GET"]}}],"collection":[{"href":"https:\/\/talkpal.ai\/sv\/wp-json\/wp\/v2\/grammar"}],"about":[{"href":"https:\/\/talkpal.ai\/sv\/wp-json\/wp\/v2\/types\/grammar"}],"wp:featuredmedia":[{"embeddable":true,"href":"https:\/\/talkpal.ai\/sv\/wp-json\/wp\/v2\/media\/1527632"}],"wp:attachment":[{"href":"https:\/\/talkpal.ai\/sv\/wp-json\/wp\/v2\/media?parent=1100680"}],"wp:term":[{"taxonomy":"language","embeddable":true,"href":"https:\/\/talkpal.ai\/sv\/wp-json\/wp\/v2\/language?post=1100680"}],"curies":[{"name":"wp","href":"https:\/\/api.w.org\/{rel}","templated":true}]}}