{"id":1100662,"date":"2025-07-03T10:54:06","date_gmt":"2025-07-03T10:54:06","guid":{"rendered":"https:\/\/talkpal.ai\/grammar\/reflexiva-pronomen-i-marathisk-grammatik\/"},"modified":"2025-07-03T10:54:06","modified_gmt":"2025-07-03T10:54:06","slug":"reflexiva-pronomen-i-marathisk-grammatik","status":"publish","type":"grammar","link":"https:\/\/talkpal.ai\/sv\/grammar\/reflexiva-pronomen-i-marathisk-grammatik\/","title":{"rendered":"Reflexiva pronomen i marathisk grammatik"},"content":{"rendered":"<p>Att f\u00f6rst\u00e5 reflexiva pronomen i <a href=\"https:\/\/talkpal.ai\/sv\/grammar\/sammansatta-meningar-i-marathisk-grammatik\/\">marathisk grammatik<\/a> \u00e4r avg\u00f6rande f\u00f6r att beh\u00e4rska spr\u00e5ket p\u00e5 en djupare niv\u00e5. Reflexiva pronomen hj\u00e4lper till att uttrycka handlingar d\u00e4r subjektet och objektet \u00e4r samma person eller sak, vilket \u00e4r vanligt i dagligt tal och skrift. Genom att l\u00e4ra sig dessa pronomen kan man kommunicera mer exakt och naturligt p\u00e5 <a href=\"https:\/\/talkpal.ai\/learn-marathi\/\">marathi<\/a>. <a href=\"https:\/\/talkpal.ai\/ko\/ai-%ec%96%b8%ec%96%b4-%ea%b5%90%ec%82%ac\/\">Talkpal<\/a> \u00e4r ett utm\u00e4rkt verktyg f\u00f6r att l\u00e4ra sig och \u00f6va p\u00e5 reflexiva pronomen i <a href=\"https:\/\/talkpal.ai\/learn-marathi\/\">marathisk<\/a> <a href=\"https:\/\/talkpal.ai\/fr\/les\/\">grammatik<\/a>, eftersom det erbjuder interaktiva lektioner och praktiska exempel som g\u00f6r inl\u00e4rningen b\u00e5de effektiv och rolig.<\/p>\n<h2>Vad \u00e4r reflexiva pronomen i marathisk grammatik?<\/h2>\n<p>Reflexiva pronomen \u00e4r pronomen som anv\u00e4nds n\u00e4r subjektet och objektet i en mening \u00e4r samma person eller sak. I marathi, liksom i m\u00e5nga andra spr\u00e5k, anv\u00e4nds reflexiva pronomen f\u00f6r att betona att handlingen riktas tillbaka mot subjektet.<\/p>\n<p>Exempel p\u00e5 reflexiva pronomen i marathi inkluderar ord som: <em>\u0938\u094d\u0935\u0924\u0903 (svatah)<\/em>, <em>\u0906\u092a\u0923 (apan)<\/em>, och <em>\u0938\u094d\u0935\u0924:\u091a (svatahch)<\/em>. Dessa anv\u00e4nds f\u00f6r att f\u00f6rst\u00e4rka eller f\u00f6rtydliga att n\u00e5gon g\u00f6r n\u00e5got \u00e5t sig sj\u00e4lv.<\/p>\n<h3>Varf\u00f6r \u00e4r reflexiva pronomen viktiga?<\/h3>\n<ul>\n<li><strong>Klarhet i kommunikation:<\/strong> De hj\u00e4lper till att undvika missf\u00f6rst\u00e5nd genom att tydligt visa att subjektet och objektet \u00e4r samma.<\/li>\n<li><strong>Spr\u00e5klig precision:<\/strong> Reflexiva pronomen bidrar till mer nyanserad och korrekt anv\u00e4ndning av marathisk grammatik.<\/li>\n<li><strong>Naturligt spr\u00e5kbruk:<\/strong> De \u00e4r en integrerad del av vardagligt marathi, vilket g\u00f6r spr\u00e5ket mer naturligt och flytande.<\/li>\n<\/ul>\n<h2>De vanligaste reflexiva pronomen i marathi<\/h2>\n<p>Marathiska reflexiva pronomen kan variera beroende p\u00e5 person och formell eller informell ton. H\u00e4r \u00e4r en \u00f6versikt av de mest anv\u00e4nda reflexiva pronomenen:<\/p>\n<table>\n<thead>\n<tr>\n<th>Person<\/th>\n<th>Reflexivt pronomen<\/th>\n<th>Exempel<\/th>\n<\/tr>\n<\/thead>\n<tbody>\n<tr>\n<td>F\u00f6rsta person singular<\/td>\n<td>\u0938\u094d\u0935\u0924\u0903 (svatah)<\/td>\n<td>\u092e\u0940 \u0938\u094d\u0935\u0924\u0903 \u0936\u093f\u0915\u094d\u0937\u0923 \u0918\u0947\u0924\u094b. (Jag l\u00e4r mig sj\u00e4lv.)<\/td>\n<\/tr>\n<tr>\n<td>Andra person singular<\/td>\n<td>\u0938\u094d\u0935\u0924\u0903 (svatah)<\/td>\n<td>\u0924\u0942 \u0938\u094d\u0935\u0924\u0903\u0932\u093e \u0938\u093e\u0902\u092d\u093e\u0933. (Ta hand om dig sj\u00e4lv.)<\/td>\n<\/tr>\n<tr>\n<td>Tredje person singular<\/td>\n<td>\u0938\u094d\u0935\u0924\u0903 (svatah)<\/td>\n<td>\u0924\u094b \u0938\u094d\u0935\u0924\u0903 \u0915\u093e\u092e \u0915\u0930\u0924\u094b. (Han arbetar sj\u00e4lv.)<\/td>\n<\/tr>\n<tr>\n<td>F\u00f6rsta person plural<\/td>\n<td>\u0906\u092a\u0923 \u0938\u094d\u0935\u0924\u0903 (apan svatah)<\/td>\n<td>\u0906\u092e\u094d\u0939\u0940 \u0938\u094d\u0935\u0924\u0903 \u0936\u093f\u0915\u0924\u094b. (Vi l\u00e4r oss sj\u00e4lva.)<\/td>\n<\/tr>\n<tr>\n<td>Andra person plural<\/td>\n<td>\u0938\u094d\u0935\u0924\u0903 (svatah)<\/td>\n<td>\u0924\u0941\u092e\u094d\u0939\u0940 \u0938\u094d\u0935\u0924\u0903\u0932\u093e \u0938\u093e\u0902\u092d\u093e\u0933\u093e. (Ta hand om er sj\u00e4lva.)<\/td>\n<\/tr>\n<tr>\n<td>Tredje person plural<\/td>\n<td>\u0938\u094d\u0935\u0924\u0903 (svatah)<\/td>\n<td>\u0924\u0947 \u0938\u094d\u0935\u0924\u0903 \u0915\u093e\u092e \u0915\u0930\u0924\u093e\u0924. (De arbetar sj\u00e4lva.)<\/td>\n<\/tr>\n<\/tbody>\n<\/table>\n<h2>Anv\u00e4ndning av reflexiva pronomen i olika kontexter<\/h2>\n<h3>Dagligt tal<\/h3>\n<p>I vardagligt marathi anv\u00e4nds reflexiva pronomen ofta f\u00f6r att uttrycka handlingar d\u00e4r personen g\u00f6r n\u00e5got f\u00f6r eller mot sig sj\u00e4lv. Exempelvis:<\/p>\n<ul>\n<li>\u092e\u0940 \u0938\u094d\u0935\u0924\u0903\u0932\u093e \u0906\u0930\u0938\u093e \u092a\u093e\u0939\u093f\u0932\u093e. (Jag s\u00e5g mig sj\u00e4lv i spegeln.)<\/li>\n<li>\u0924\u0942 \u0938\u094d\u0935\u0924\u0903\u091a\u0940 \u0915\u093e\u0933\u091c\u0940 \u0918\u0947\u0924 \u0906\u0939\u0947\u0938 \u0915\u093e? (Tar du hand om dig sj\u00e4lv?)<\/li>\n<\/ul>\n<h3>Formellt spr\u00e5kbruk<\/h3>\n<p>I mer formella sammanhang kan reflexiva pronomen anv\u00e4ndas f\u00f6r att betona ansvar eller sj\u00e4lvst\u00e4ndighet.<\/p>\n<ul>\n<li>\u0936\u093f\u0915\u094d\u0937\u0915\u093e\u0902\u0928\u0940 \u0938\u094d\u0935\u0924\u0903\u091a\u0940 \u0924\u092f\u093e\u0930\u0940 \u0915\u0947\u0932\u0940 \u092a\u093e\u0939\u093f\u091c\u0947. (L\u00e4raren m\u00e5ste f\u00f6rbereda sig sj\u00e4lv.)<\/li>\n<li>\u0935\u093f\u0926\u094d\u092f\u093e\u0930\u094d\u0925\u094d\u092f\u093e\u0902\u0928\u0940 \u0938\u094d\u0935\u0924\u0903\u091a\u094d\u092f\u093e \u0915\u093e\u092e\u093e\u0935\u0930 \u0932\u0915\u094d\u0937 \u0926\u094d\u092f\u093e\u0935\u0947. (Studenterna b\u00f6r fokusera p\u00e5 sitt eget arbete.)<\/li>\n<\/ul>\n<h3>Litteratur och poesi<\/h3>\n<p>Inom marathisk litteratur anv\u00e4nds reflexiva pronomen f\u00f6r att f\u00f6rmedla introspektion och djupare sj\u00e4lvreflektion:<\/p>\n<ul>\n<li>\u0938\u094d\u0935\u0924\u0903\u0936\u0940 \u0938\u0902\u0935\u093e\u0926 \u0938\u093e\u0927\u0923\u0947 \u0906\u0924\u094d\u092e\u091c\u094d\u091e\u093e\u0928 \u0935\u093e\u0922\u0935\u0924\u0947. (Att tala med sig sj\u00e4lv \u00f6kar sj\u00e4lvk\u00e4nnedom.)<\/li>\n<\/ul>\n<h2>Vanliga misstag och hur man undviker dem<\/h2>\n<p>Att l\u00e4ra sig reflexiva pronomen korrekt kan vara utmanande, s\u00e4rskilt f\u00f6r nyb\u00f6rjare. H\u00e4r \u00e4r n\u00e5gra vanliga misstag och tips f\u00f6r att undvika dem:<\/p>\n<ul>\n<li><strong>Felaktig placering:<\/strong> Reflexiva pronomen b\u00f6r placeras n\u00e4ra verbet de refererar till. Undvik att placera dem f\u00f6r l\u00e5ngt ifr\u00e5n verbet.<\/li>\n<li><strong>F\u00f6rv\u00e4xling med possessiva pronomen:<\/strong> Reflexiva pronomen uttrycker handling mot subjektet, medan possessiva pronomen visar \u00e4gande. Exempel: <em>\u0938\u094d\u0935\u0924\u0903\u091a\u093e (svatacha)<\/em> vs <em>\u0938\u094d\u0935\u0924\u0903 (svatah)<\/em>.<\/li>\n<li><strong>Ignorera person och antal:<\/strong> Anv\u00e4nd alltid korrekt form beroende p\u00e5 subjektets person och antal.<\/li>\n<\/ul>\n<h2>Hur Talkpal underl\u00e4ttar l\u00e4randet av reflexiva pronomen i marathisk grammatik<\/h2>\n<p>Talkpal erbjuder en innovativ plattform f\u00f6r att l\u00e4ra sig marathisk grammatik, inklusive reflexiva pronomen, genom:<\/p>\n<ul>\n<li><strong>Interaktiva \u00f6vningar:<\/strong> \u00d6vningar som hj\u00e4lper anv\u00e4ndare att praktisera reflexiva pronomen i olika meningar och kontexter.<\/li>\n<li><strong>Exempel och f\u00f6rklaringar:<\/strong> Tydliga f\u00f6rklaringar och exempel g\u00f6r det l\u00e4ttare att f\u00f6rst\u00e5 anv\u00e4ndningen.<\/li>\n<li><strong>Personlig feedback:<\/strong> Anv\u00e4ndare f\u00e5r direkt feedback p\u00e5 sina svar, vilket f\u00f6rb\u00e4ttrar inl\u00e4rningen.<\/li>\n<li><strong>Flexibelt l\u00e4rande:<\/strong> M\u00f6jlighet att l\u00e4ra sig i egen takt, n\u00e4r och var som helst.<\/li>\n<\/ul>\n<h2>Sammanfattning<\/h2>\n<p>Reflexiva pronomen \u00e4r en fundamental del av marathisk grammatik som m\u00f6jligg\u00f6r tydlig och korrekt kommunikation n\u00e4r subjektet och objektet \u00e4r samma. Genom att bem\u00e4stra dessa pronomen kan spr\u00e5kinl\u00e4rare uttrycka sig mer naturligt och precist. Talkpal \u00e4r ett utm\u00e4rkt verktyg f\u00f6r att effektivt l\u00e4ra sig och \u00f6va reflexiva pronomen i marathisk grammatik, tack vare dess interaktiva och anv\u00e4ndarv\u00e4nliga uppl\u00e4gg. Oavsett om du \u00e4r nyb\u00f6rjare eller vill f\u00f6rdjupa dina kunskaper, kan en strukturerad inl\u00e4rningsmetod som Talkpal hj\u00e4lpa dig att n\u00e5 dina spr\u00e5kliga m\u00e5l.<\/p>\n","protected":false},"featured_media":1527900,"template":"","language":[7961,7969],"class_list":["post-1100662","grammar","type-grammar","status-publish","has-post-thumbnail","hentry","language-marathi-sv","language-pronomen-bestamningsord"],"acf":[],"yoast_head":"<!-- This site is optimized with the Yoast SEO Premium plugin v27.2 (Yoast SEO v27.2) - https:\/\/yoast.com\/product\/yoast-seo-premium-wordpress\/ -->\n<title>Reflexiva pronomen i marathisk grammatik - Talkpal<\/title>\n<meta name=\"description\" content=\"Att f\u00f6rst\u00e5 reflexiva pronomen i marathisk grammatik \u00e4r avg\u00f6rande f\u00f6r att beh\u00e4rska spr\u00e5ket p\u00e5 en djupare niv\u00e5. Reflexiva pronomen hj\u00e4lper till att uttrycka\" \/>\n<meta name=\"robots\" content=\"index, follow, max-snippet:-1, max-image-preview:large, max-video-preview:-1\" \/>\n<link rel=\"canonical\" href=\"https:\/\/talkpal.ai\/sv\/grammar\/reflexiva-pronomen-i-marathisk-grammatik\/\" \/>\n<meta property=\"og:locale\" content=\"sv_SE\" \/>\n<meta property=\"og:type\" content=\"article\" \/>\n<meta property=\"og:title\" content=\"Reflexiva pronomen i marathisk grammatik\" \/>\n<meta property=\"og:description\" content=\"Att f\u00f6rst\u00e5 reflexiva pronomen i marathisk grammatik \u00e4r avg\u00f6rande f\u00f6r att beh\u00e4rska spr\u00e5ket p\u00e5 en djupare niv\u00e5. Reflexiva pronomen hj\u00e4lper till att uttrycka\" \/>\n<meta property=\"og:url\" content=\"https:\/\/talkpal.ai\/sv\/grammar\/reflexiva-pronomen-i-marathisk-grammatik\/\" \/>\n<meta property=\"og:site_name\" content=\"Talkpal\" \/>\n<meta property=\"article:publisher\" content=\"https:\/\/www.facebook.com\/profile.php?id=100090733639311\" \/>\n<meta property=\"og:image\" content=\"https:\/\/talkpal.ai\/wp-content\/uploads\/2025\/02\/Progress-tab-16_9.png\" \/>\n\t<meta property=\"og:image:width\" content=\"2880\" \/>\n\t<meta property=\"og:image:height\" content=\"1620\" \/>\n\t<meta property=\"og:image:type\" content=\"image\/png\" \/>\n<meta name=\"twitter:card\" content=\"summary_large_image\" \/>\n<meta name=\"twitter:site\" content=\"@talkpalai\" \/>\n<meta name=\"twitter:label1\" content=\"Ber\u00e4knad l\u00e4stid\" \/>\n\t<meta name=\"twitter:data1\" content=\"4 minuter\" \/>\n<script type=\"application\/ld+json\" class=\"yoast-schema-graph\">{\"@context\":\"https:\/\/schema.org\",\"@graph\":[{\"@type\":\"WebPage\",\"@id\":\"https:\/\/talkpal.ai\/sv\/grammar\/reflexiva-pronomen-i-marathisk-grammatik\/\",\"url\":\"https:\/\/talkpal.ai\/sv\/grammar\/reflexiva-pronomen-i-marathisk-grammatik\/\",\"name\":\"Reflexiva pronomen i marathisk grammatik - Talkpal\",\"isPartOf\":{\"@id\":\"https:\/\/talkpal.ai\/sv\/#website\"},\"primaryImageOfPage\":{\"@id\":\"https:\/\/talkpal.ai\/sv\/grammar\/reflexiva-pronomen-i-marathisk-grammatik\/#primaryimage\"},\"image\":{\"@id\":\"https:\/\/talkpal.ai\/sv\/grammar\/reflexiva-pronomen-i-marathisk-grammatik\/#primaryimage\"},\"thumbnailUrl\":\"https:\/\/talkpal.ai\/wp-content\/uploads\/2025\/12\/student-is-learning-languages-outside.webp\",\"datePublished\":\"2025-07-03T10:54:06+00:00\",\"description\":\"Att f\u00f6rst\u00e5 reflexiva pronomen i marathisk grammatik \u00e4r avg\u00f6rande f\u00f6r att beh\u00e4rska spr\u00e5ket p\u00e5 en djupare niv\u00e5. Reflexiva pronomen hj\u00e4lper till att uttrycka\",\"breadcrumb\":{\"@id\":\"https:\/\/talkpal.ai\/sv\/grammar\/reflexiva-pronomen-i-marathisk-grammatik\/#breadcrumb\"},\"inLanguage\":\"sv-SE\",\"potentialAction\":[{\"@type\":\"ReadAction\",\"target\":[\"https:\/\/talkpal.ai\/sv\/grammar\/reflexiva-pronomen-i-marathisk-grammatik\/\"]}]},{\"@type\":\"ImageObject\",\"inLanguage\":\"sv-SE\",\"@id\":\"https:\/\/talkpal.ai\/sv\/grammar\/reflexiva-pronomen-i-marathisk-grammatik\/#primaryimage\",\"url\":\"https:\/\/talkpal.ai\/wp-content\/uploads\/2025\/12\/student-is-learning-languages-outside.webp\",\"contentUrl\":\"https:\/\/talkpal.ai\/wp-content\/uploads\/2025\/12\/student-is-learning-languages-outside.webp\",\"width\":1200,\"height\":896,\"caption\":\"A student sits on the stairs of a university and reads an open book while learning languages on a sunny day.\"},{\"@type\":\"BreadcrumbList\",\"@id\":\"https:\/\/talkpal.ai\/sv\/grammar\/reflexiva-pronomen-i-marathisk-grammatik\/#breadcrumb\",\"itemListElement\":[{\"@type\":\"ListItem\",\"position\":1,\"name\":\"Homepage\",\"item\":\"https:\/\/talkpal.ai\/sv\/\"},{\"@type\":\"ListItem\",\"position\":2,\"name\":\"Reflexiva pronomen i marathisk grammatik\"}]},{\"@type\":\"WebSite\",\"@id\":\"https:\/\/talkpal.ai\/sv\/#website\",\"url\":\"https:\/\/talkpal.ai\/sv\/\",\"name\":\"Talkpal\",\"description\":\"AI Language Learning\",\"publisher\":{\"@id\":\"https:\/\/talkpal.ai\/sv\/#organization\"},\"alternateName\":\"Talkpal AI\",\"potentialAction\":[{\"@type\":\"SearchAction\",\"target\":{\"@type\":\"EntryPoint\",\"urlTemplate\":\"https:\/\/talkpal.ai\/sv\/?s={search_term_string}\"},\"query-input\":{\"@type\":\"PropertyValueSpecification\",\"valueRequired\":true,\"valueName\":\"search_term_string\"}}],\"inLanguage\":\"sv-SE\"},{\"@type\":\"Organization\",\"@id\":\"https:\/\/talkpal.ai\/sv\/#organization\",\"name\":\"Talkpal, Inc.\",\"alternateName\":\"Talkpal AI\",\"url\":\"https:\/\/talkpal.ai\/sv\/\",\"logo\":{\"@type\":\"ImageObject\",\"inLanguage\":\"sv-SE\",\"@id\":\"https:\/\/talkpal.ai\/sv\/#\/schema\/logo\/image\/\",\"url\":\"https:\/\/talkpal.ai\/wp-content\/uploads\/2024\/03\/Talkpal-Logo-Icon.png\",\"contentUrl\":\"https:\/\/talkpal.ai\/wp-content\/uploads\/2024\/03\/Talkpal-Logo-Icon.png\",\"width\":2880,\"height\":2880,\"caption\":\"Talkpal, Inc.\"},\"image\":{\"@id\":\"https:\/\/talkpal.ai\/sv\/#\/schema\/logo\/image\/\"},\"sameAs\":[\"https:\/\/www.facebook.com\/profile.php?id=100090733639311\",\"https:\/\/x.com\/talkpalai\",\"https:\/\/www.linkedin.com\/company\/talkpal\/\",\"https:\/\/www.youtube.com\/@TalkPal\/\",\"https:\/\/www.tiktok.com\/@talkpal\",\"https:\/\/www.instagram.com\/talkpal_ai\/\",\"https:\/\/www.crunchbase.com\/organization\/talkpal-9cde\",\"https:\/\/www.g2.com\/products\/talkpal-for-business\/\",\"https:\/\/www.trustpilot.com\/review\/talkpal.ai\",\"https:\/\/www.capterra.com\/p\/10006800\/TalkPal\/\"],\"description\":\"Talkpal is a language learning web and mobile education app, powered by the latest AI technologies, that provides engaging experiences to its customers in many different languages to help them improve their language skills. Users can chat about unlimited amount of topics with the app and use other modes to practice their language learning.\",\"email\":\"support@talkpal.ai\",\"legalName\":\"Talkpal, Inc.\",\"foundingDate\":\"2023-04-03\",\"duns\":\"118989042\",\"numberOfEmployees\":{\"@type\":\"QuantitativeValue\",\"minValue\":\"11\",\"maxValue\":\"50\"},\"publishingPrinciples\":\"https:\/\/talkpal.ai\/publishing-principles\/\",\"actionableFeedbackPolicy\":\"https:\/\/talkpal.ai\/actionable-feedback-policy\/\",\"correctionsPolicy\":\"https:\/\/talkpal.ai\/corrections-policy\/\",\"ethicsPolicy\":\"https:\/\/talkpal.ai\/ethics-policy\/\",\"diversityPolicy\":\"https:\/\/talkpal.ai\/diversity-policy\/\",\"diversityStaffingReport\":\"https:\/\/talkpal.ai\/diversity-policy\/\"}]}<\/script>\n<!-- \/ Yoast SEO Premium plugin. -->","yoast_head_json":{"title":"Reflexiva pronomen i marathisk grammatik - Talkpal","description":"Att f\u00f6rst\u00e5 reflexiva pronomen i marathisk grammatik \u00e4r avg\u00f6rande f\u00f6r att beh\u00e4rska spr\u00e5ket p\u00e5 en djupare niv\u00e5. Reflexiva pronomen hj\u00e4lper till att uttrycka","robots":{"index":"index","follow":"follow","max-snippet":"max-snippet:-1","max-image-preview":"max-image-preview:large","max-video-preview":"max-video-preview:-1"},"canonical":"https:\/\/talkpal.ai\/sv\/grammar\/reflexiva-pronomen-i-marathisk-grammatik\/","og_locale":"sv_SE","og_type":"article","og_title":"Reflexiva pronomen i marathisk grammatik","og_description":"Att f\u00f6rst\u00e5 reflexiva pronomen i marathisk grammatik \u00e4r avg\u00f6rande f\u00f6r att beh\u00e4rska spr\u00e5ket p\u00e5 en djupare niv\u00e5. Reflexiva pronomen hj\u00e4lper till att uttrycka","og_url":"https:\/\/talkpal.ai\/sv\/grammar\/reflexiva-pronomen-i-marathisk-grammatik\/","og_site_name":"Talkpal","article_publisher":"https:\/\/www.facebook.com\/profile.php?id=100090733639311","og_image":[{"width":2880,"height":1620,"url":"https:\/\/talkpal.ai\/wp-content\/uploads\/2025\/02\/Progress-tab-16_9.png","type":"image\/png"}],"twitter_card":"summary_large_image","twitter_site":"@talkpalai","twitter_misc":{"Ber\u00e4knad l\u00e4stid":"4 minuter"},"schema":{"@context":"https:\/\/schema.org","@graph":[{"@type":"WebPage","@id":"https:\/\/talkpal.ai\/sv\/grammar\/reflexiva-pronomen-i-marathisk-grammatik\/","url":"https:\/\/talkpal.ai\/sv\/grammar\/reflexiva-pronomen-i-marathisk-grammatik\/","name":"Reflexiva pronomen i marathisk grammatik - Talkpal","isPartOf":{"@id":"https:\/\/talkpal.ai\/sv\/#website"},"primaryImageOfPage":{"@id":"https:\/\/talkpal.ai\/sv\/grammar\/reflexiva-pronomen-i-marathisk-grammatik\/#primaryimage"},"image":{"@id":"https:\/\/talkpal.ai\/sv\/grammar\/reflexiva-pronomen-i-marathisk-grammatik\/#primaryimage"},"thumbnailUrl":"https:\/\/talkpal.ai\/wp-content\/uploads\/2025\/12\/student-is-learning-languages-outside.webp","datePublished":"2025-07-03T10:54:06+00:00","description":"Att f\u00f6rst\u00e5 reflexiva pronomen i marathisk grammatik \u00e4r avg\u00f6rande f\u00f6r att beh\u00e4rska spr\u00e5ket p\u00e5 en djupare niv\u00e5. Reflexiva pronomen hj\u00e4lper till att uttrycka","breadcrumb":{"@id":"https:\/\/talkpal.ai\/sv\/grammar\/reflexiva-pronomen-i-marathisk-grammatik\/#breadcrumb"},"inLanguage":"sv-SE","potentialAction":[{"@type":"ReadAction","target":["https:\/\/talkpal.ai\/sv\/grammar\/reflexiva-pronomen-i-marathisk-grammatik\/"]}]},{"@type":"ImageObject","inLanguage":"sv-SE","@id":"https:\/\/talkpal.ai\/sv\/grammar\/reflexiva-pronomen-i-marathisk-grammatik\/#primaryimage","url":"https:\/\/talkpal.ai\/wp-content\/uploads\/2025\/12\/student-is-learning-languages-outside.webp","contentUrl":"https:\/\/talkpal.ai\/wp-content\/uploads\/2025\/12\/student-is-learning-languages-outside.webp","width":1200,"height":896,"caption":"A student sits on the stairs of a university and reads an open book while learning languages on a sunny day."},{"@type":"BreadcrumbList","@id":"https:\/\/talkpal.ai\/sv\/grammar\/reflexiva-pronomen-i-marathisk-grammatik\/#breadcrumb","itemListElement":[{"@type":"ListItem","position":1,"name":"Homepage","item":"https:\/\/talkpal.ai\/sv\/"},{"@type":"ListItem","position":2,"name":"Reflexiva pronomen i marathisk grammatik"}]},{"@type":"WebSite","@id":"https:\/\/talkpal.ai\/sv\/#website","url":"https:\/\/talkpal.ai\/sv\/","name":"Talkpal","description":"AI Language Learning","publisher":{"@id":"https:\/\/talkpal.ai\/sv\/#organization"},"alternateName":"Talkpal AI","potentialAction":[{"@type":"SearchAction","target":{"@type":"EntryPoint","urlTemplate":"https:\/\/talkpal.ai\/sv\/?s={search_term_string}"},"query-input":{"@type":"PropertyValueSpecification","valueRequired":true,"valueName":"search_term_string"}}],"inLanguage":"sv-SE"},{"@type":"Organization","@id":"https:\/\/talkpal.ai\/sv\/#organization","name":"Talkpal, Inc.","alternateName":"Talkpal AI","url":"https:\/\/talkpal.ai\/sv\/","logo":{"@type":"ImageObject","inLanguage":"sv-SE","@id":"https:\/\/talkpal.ai\/sv\/#\/schema\/logo\/image\/","url":"https:\/\/talkpal.ai\/wp-content\/uploads\/2024\/03\/Talkpal-Logo-Icon.png","contentUrl":"https:\/\/talkpal.ai\/wp-content\/uploads\/2024\/03\/Talkpal-Logo-Icon.png","width":2880,"height":2880,"caption":"Talkpal, Inc."},"image":{"@id":"https:\/\/talkpal.ai\/sv\/#\/schema\/logo\/image\/"},"sameAs":["https:\/\/www.facebook.com\/profile.php?id=100090733639311","https:\/\/x.com\/talkpalai","https:\/\/www.linkedin.com\/company\/talkpal\/","https:\/\/www.youtube.com\/@TalkPal\/","https:\/\/www.tiktok.com\/@talkpal","https:\/\/www.instagram.com\/talkpal_ai\/","https:\/\/www.crunchbase.com\/organization\/talkpal-9cde","https:\/\/www.g2.com\/products\/talkpal-for-business\/","https:\/\/www.trustpilot.com\/review\/talkpal.ai","https:\/\/www.capterra.com\/p\/10006800\/TalkPal\/"],"description":"Talkpal is a language learning web and mobile education app, powered by the latest AI technologies, that provides engaging experiences to its customers in many different languages to help them improve their language skills. Users can chat about unlimited amount of topics with the app and use other modes to practice their language learning.","email":"support@talkpal.ai","legalName":"Talkpal, Inc.","foundingDate":"2023-04-03","duns":"118989042","numberOfEmployees":{"@type":"QuantitativeValue","minValue":"11","maxValue":"50"},"publishingPrinciples":"https:\/\/talkpal.ai\/publishing-principles\/","actionableFeedbackPolicy":"https:\/\/talkpal.ai\/actionable-feedback-policy\/","correctionsPolicy":"https:\/\/talkpal.ai\/corrections-policy\/","ethicsPolicy":"https:\/\/talkpal.ai\/ethics-policy\/","diversityPolicy":"https:\/\/talkpal.ai\/diversity-policy\/","diversityStaffingReport":"https:\/\/talkpal.ai\/diversity-policy\/"}]}},"_links":{"self":[{"href":"https:\/\/talkpal.ai\/sv\/wp-json\/wp\/v2\/grammar\/1100662","targetHints":{"allow":["GET"]}}],"collection":[{"href":"https:\/\/talkpal.ai\/sv\/wp-json\/wp\/v2\/grammar"}],"about":[{"href":"https:\/\/talkpal.ai\/sv\/wp-json\/wp\/v2\/types\/grammar"}],"wp:featuredmedia":[{"embeddable":true,"href":"https:\/\/talkpal.ai\/sv\/wp-json\/wp\/v2\/media\/1527900"}],"wp:attachment":[{"href":"https:\/\/talkpal.ai\/sv\/wp-json\/wp\/v2\/media?parent=1100662"}],"wp:term":[{"taxonomy":"language","embeddable":true,"href":"https:\/\/talkpal.ai\/sv\/wp-json\/wp\/v2\/language?post=1100662"}],"curies":[{"name":"wp","href":"https:\/\/api.w.org\/{rel}","templated":true}]}}