{"id":1100496,"date":"2025-07-03T10:45:46","date_gmt":"2025-07-03T10:45:46","guid":{"rendered":"https:\/\/talkpal.ai\/grammar\/reflexiva-pronomen-i-makedonsk-grammatik\/"},"modified":"2025-07-03T10:45:46","modified_gmt":"2025-07-03T10:45:46","slug":"reflexiva-pronomen-i-makedonsk-grammatik","status":"publish","type":"grammar","link":"https:\/\/talkpal.ai\/sv\/grammar\/reflexiva-pronomen-i-makedonsk-grammatik\/","title":{"rendered":"Reflexiva pronomen i makedonsk grammatik"},"content":{"rendered":"<p>Att beh\u00e4rska reflexiva pronomen i <a href=\"https:\/\/talkpal.ai\/sv\/grammar\/forfluten-tid-i-makedonsk-grammatik\/\">makedonsk grammatik<\/a> \u00e4r en viktig del av spr\u00e5kinl\u00e4rningen f\u00f6r alla som vill <a href=\"https:\/\/talkpal.ai\/locations\/language-courses-in-tala\/\">tala<\/a> och skriva korrekt p\u00e5 makedonska. Reflexiva pronomen hj\u00e4lper till att uttrycka handlingar som utf\u00f6rs av subjektet p\u00e5 sig sj\u00e4lv, vilket \u00e4r grundl\u00e4ggande f\u00f6r att f\u00f6rst\u00e5 och anv\u00e4nda vardagligt och formellt spr\u00e5k effektivt. Genom att anv\u00e4nda plattformar som <a href=\"https:\/\/talkpal.ai\/ko\/ai-%ec%96%b8%ec%96%b4-%ea%b5%90%ec%82%ac\/\">Talkpal<\/a> kan du p\u00e5 ett interaktivt och pedagogiskt s\u00e4tt f\u00f6rdjupa dina kunskaper om reflexiva pronomen i <a href=\"https:\/\/talkpal.ai\/learn-macedonian\/\">makedonsk<\/a> <a href=\"https:\/\/talkpal.ai\/fr\/les\/\">grammatik<\/a>, vilket g\u00f6r l\u00e4rprocessen b\u00e5de rolig och effektiv.<\/p>\n<h2>Vad \u00e4r reflexiva pronomen i makedonsk grammatik?<\/h2>\n<p>Reflexiva pronomen \u00e4r ord som anv\u00e4nds n\u00e4r subjektet i en mening b\u00e5de utf\u00f6r och mottar handlingen. P\u00e5 makedonska fungerar dessa pronomen f\u00f6r att markera att handlingen riktas tillbaka mot subjektet sj\u00e4lvt. De \u00e4r avg\u00f6rande f\u00f6r att uttrycka meningar d\u00e4r personen g\u00f6r n\u00e5got \u00e5t sig sj\u00e4lv, till exempel &#8221;han tv\u00e4ttar sig&#8221; eller &#8221;hon kl\u00e4r p\u00e5 sig&#8221;.<\/p>\n<h3>Grundl\u00e4ggande reflexiva pronomen p\u00e5 makedonska<\/h3>\n<p>De reflexiva pronomen som anv\u00e4nds p\u00e5 makedonska \u00e4r f\u00f6ljande:<\/p>\n<ul>\n<li><strong>\u0421\u0435<\/strong> (se) \u2013 anv\u00e4nds som det allm\u00e4nna reflexiva pronomenet f\u00f6r alla personer.<\/li>\n<\/ul>\n<p>Till skillnad fr\u00e5n m\u00e5nga andra spr\u00e5k har makedonskan endast ett reflexivt pronomen &#8221;\u0441\u0435&#8221; som anv\u00e4nds f\u00f6r alla subjekt, oavsett person och numerus. Detta g\u00f6r makedonsk reflexivitet relativt enkel att l\u00e4ra sig j\u00e4mf\u00f6rt med spr\u00e5k som <a href=\"https:\/\/talkpal.ai\/learn-swedish\/\">svenska<\/a> eller <a href=\"https:\/\/talkpal.ai\/learn-english-with-ai\/\">engelska<\/a> d\u00e4r pronomenen \u00e4ndras beroende p\u00e5 subjektets person.<\/p>\n<h2>Anv\u00e4ndning av reflexiva pronomen i makedonska meningar<\/h2>\n<p>Reflexiva pronomenet &#8221;\u0441\u0435&#8221; placeras i meningen beroende p\u00e5 verbets form och meningsstruktur. Vanligtvis placeras &#8221;\u0441\u0435&#8221; f\u00f6re verbet eller mellan hj\u00e4lpverbet och huvudverbet i sammansatta verbkonstruktioner.<\/p>\n<h3>Exempel p\u00e5 reflexiva pronomen i meningar<\/h3>\n<ul>\n<li><em>\u0422\u043e\u0458 \u0441\u0435 \u043c\u0438\u0435.<\/em> \u2013 Han tv\u00e4ttar sig.<\/li>\n<li><em>\u0422\u0438\u0435 \u0441\u0435 \u043f\u043e\u0434\u0433\u043e\u0442\u0432\u0443\u0432\u0430\u0430\u0442.<\/em> \u2013 De f\u00f6rbereder sig.<\/li>\n<li><em>\u0408\u0430\u0441 \u0441\u0435 \u043e\u0431\u043b\u0435\u043a\u0443\u0432\u0430\u043c.<\/em> \u2013 Jag kl\u00e4r p\u00e5 mig.<\/li>\n<li><em>\u0422\u0438 \u0441\u0435 \u0433\u043b\u0435\u0434\u0430\u0448 \u0432\u043e \u043e\u0433\u043b\u0435\u0434\u0430\u043b\u043e\u0442\u043e.<\/em> \u2013 Du tittar p\u00e5 dig sj\u00e4lv i spegeln.<\/li>\n<\/ul>\n<h3>Placering av reflexiva pronomen vid olika verbformer<\/h3>\n<p>Makendonskan har flera verbformer d\u00e4r reflexiva pronomenets placering kan variera:<\/p>\n<ul>\n<li><strong>Presens:<\/strong> &#8221;\u0441\u0435&#8221; placeras f\u00f6re verbet. Exempel: <em>\u0441\u0435 \u0448\u0435\u0442\u0430\u043c<\/em> (jag promenerar).<\/li>\n<li><strong>Perfekt och futurum:<\/strong> &#8221;\u0441\u0435&#8221; placeras mellan hj\u00e4lpverbet och huvudverbet. Exempel: <em>\u0441\u0435 \u0438\u043c\u0430\u043b<\/em> (han har haft sig).<\/li>\n<li><strong>Imperativ:<\/strong> &#8221;\u0441\u0435&#8221; f\u00e4sts ofta som en suffix till verbet. Exempel: <em>\u043e\u0431\u043b\u0435\u0447\u0438 \u0441\u0435!<\/em> (kl\u00e4 p\u00e5 dig!).<\/li>\n<\/ul>\n<h2>Skillnader mellan reflexiva och icke-reflexiva verb i makedonska<\/h2>\n<p>Det \u00e4r viktigt att skilja mellan reflexiva och icke-reflexiva verb f\u00f6r att korrekt anv\u00e4nda reflexiva pronomen. M\u00e5nga verb kan vara b\u00e5de reflexiva och icke-reflexiva beroende p\u00e5 meningens kontext.<\/p>\n<h3>Exempel p\u00e5 verb som kan vara reflexiva och icke-reflexiva<\/h3>\n<ul>\n<li><strong>\u041c\u0438\u0435 (tv\u00e4tta):<\/strong>\n<ul>\n<li>\u0422\u043e\u0458 \u043c\u0438\u0435 \u0441\u0430\u0434\u043e\u0432\u0438. (Han tv\u00e4ttar disk.) \u2013 icke-reflexivt.<\/li>\n<li>\u0422\u043e\u0458 \u0441\u0435 \u043c\u0438\u0435. (Han tv\u00e4ttar sig.) \u2013 reflexivt.<\/li>\n<\/ul>\n<\/li>\n<li><strong>\u041e\u0431\u043b\u0435\u043a\u0443\u0432\u0430 (kl\u00e4 p\u00e5):<\/strong>\n<ul>\n<li>\u0422\u0430\u0430 \u043e\u0431\u043b\u0435\u043a\u0443\u0432\u0430 \u0434\u0435\u0442\u0435. (Hon kl\u00e4r p\u00e5 ett barn.) \u2013 icke-reflexivt.<\/li>\n<li>\u0422\u0430\u0430 \u0441\u0435 \u043e\u0431\u043b\u0435\u043a\u0443\u0432\u0430. (Hon kl\u00e4r p\u00e5 sig sj\u00e4lv.) \u2013 reflexivt.<\/li>\n<\/ul>\n<\/li>\n<\/ul>\n<h2>Reflexiva verb och deras syntaktiska egenskaper<\/h2>\n<p>Reflexiva verb i makedonska \u00e4r verb som alltid eller ofta anv\u00e4nds med reflexiva pronomenet &#8221;\u0441\u0435&#8221;. Dessa verb uttrycker handlingar d\u00e4r subjektet \u00e4r b\u00e5de agent och patient i handlingen.<\/p>\n<h3>Lista \u00f6ver vanliga reflexiva verb<\/h3>\n<ul>\n<li>\u0421\u0435 \u043c\u0438\u0435 (att tv\u00e4tta sig)<\/li>\n<li>\u0421\u0435 \u0431\u0443\u0434\u0438 (att vakna)<\/li>\n<li>\u0421\u0435 \u043e\u0431\u043b\u0435\u043a\u0443\u0432\u0430 (att kl\u00e4 p\u00e5 sig)<\/li>\n<li>\u0421\u0435 \u0433\u043b\u0435\u0434\u0430 (att titta p\u00e5 sig sj\u00e4lv)<\/li>\n<li>\u0421\u0435 \u0441\u043c\u0435\u0435\u0448 (att skratta)<\/li>\n<li>\u0421\u0435 \u0441\u0435\u045c\u0430\u0432\u0430 (att minnas)<\/li>\n<\/ul>\n<h3>Verb som f\u00f6r\u00e4ndrar betydelse med reflexivt pronomen<\/h3>\n<p>Vissa verb \u00e4ndrar sin betydelse helt n\u00e4r de anv\u00e4nds reflexivt:<\/p>\n<ul>\n<li><strong>\u0421\u0435 \u0433\u043b\u0435\u0434\u0430:<\/strong> kan betyda &#8221;att ses&#8221; i passiv mening eller &#8221;att titta p\u00e5 sig sj\u00e4lv&#8221; reflexivt.<\/li>\n<li><strong>\u0421\u0435 \u0441\u0435\u045c\u0430\u0432\u0430:<\/strong> betyder &#8221;att minnas&#8221; (reflexivt), medan <em>\u0441\u0435\u045c\u0430\u0432\u0430<\/em> utan &#8221;\u0441\u0435&#8221; inte anv\u00e4nds.<\/li>\n<\/ul>\n<h2>Praktiska tips f\u00f6r att l\u00e4ra sig reflexiva pronomen i makedonsk grammatik<\/h2>\n<p>Att l\u00e4ra sig anv\u00e4nda reflexiva pronomen korrekt kan k\u00e4nnas utmanande, men med r\u00e4tt metoder och resurser blir processen smidigare.<\/p>\n<h3>Effektiva metoder f\u00f6r inl\u00e4rning<\/h3>\n<ul>\n<li><strong>Interaktiv \u00f6vning:<\/strong> Anv\u00e4nd plattformar som Talkpal d\u00e4r du kan \u00f6va reflexiva pronomen i verkliga konversationer och f\u00e5 direkt feedback.<\/li>\n<li><strong>Lyssna och imitera:<\/strong> Lyssna p\u00e5 makedonska talare och f\u00f6rs\u00f6k h\u00e4rma deras anv\u00e4ndning av reflexiva pronomen i vardagligt tal.<\/li>\n<li><strong>Skapa egna meningar:<\/strong> Tr\u00e4na p\u00e5 att skriva och s\u00e4ga meningar med reflexiva pronomen f\u00f6r att bef\u00e4sta kunskapen.<\/li>\n<li><strong>Studera skillnader:<\/strong> J\u00e4mf\u00f6r reflexiva och icke-reflexiva verb f\u00f6r att f\u00f6rst\u00e5 n\u00e4r pronomenet ska anv\u00e4ndas.<\/li>\n<\/ul>\n<h3>Vanliga misstag att undvika<\/h3>\n<ul>\n<li>Att gl\u00f6mma reflexiva pronomenet &#8221;\u0441\u0435&#8221; i meningar d\u00e4r det kr\u00e4vs.<\/li>\n<li>Felplacering av &#8221;\u0441\u0435&#8221; i meningen, s\u00e4rskilt i sammansatta verbformer.<\/li>\n<li>Att anv\u00e4nda andra pronomen \u00e4n &#8221;\u0441\u0435&#8221; f\u00f6r reflexiva handlingar, vilket \u00e4r grammatiskt inkorrekt i makedonska.<\/li>\n<\/ul>\n<h2>Sammanfattning<\/h2>\n<p>Reflexiva pronomen i makedonsk grammatik \u00e4r en essentiell komponent f\u00f6r att uttrycka handlingar som riktas tillbaka mot subjektet. Med endast ett reflexivt pronomen &#8221;\u0441\u0435&#8221; f\u00f6r alla personer och numerus, \u00e4r systemet relativt enkelt j\u00e4mf\u00f6rt med m\u00e5nga andra spr\u00e5k. Genom att f\u00f6rst\u00e5 placeringen och anv\u00e4ndningen av &#8221;\u0441\u0435&#8221; i olika verbformer kan du f\u00f6rb\u00e4ttra din spr\u00e5kliga precision och f\u00f6rst\u00e5else. Att anv\u00e4nda interaktiva verktyg som Talkpal kan p\u00e5skynda din inl\u00e4rning och ge dig en praktisk, kontextbaserad tr\u00e4ning. Med regelbunden \u00f6vning och medvetenhet om vanliga fel kan du snabbt bem\u00e4stra reflexiva pronomen i makedonska och ta ditt spr\u00e5k till n\u00e4sta niv\u00e5.<\/p>\n","protected":false},"featured_media":1527983,"template":"","language":[7933,7941],"class_list":["post-1100496","grammar","type-grammar","status-publish","has-post-thumbnail","hentry","language-makedonska","language-pronomen-makedonsk-grammatik"],"acf":[],"yoast_head":"<!-- This site is optimized with the Yoast SEO Premium plugin v27.2 (Yoast SEO v27.2) - https:\/\/yoast.com\/product\/yoast-seo-premium-wordpress\/ -->\n<title>Reflexiva pronomen i makedonsk grammatik - Talkpal<\/title>\n<meta name=\"description\" content=\"Att beh\u00e4rska reflexiva pronomen i makedonsk grammatik \u00e4r en viktig del av spr\u00e5kinl\u00e4rningen f\u00f6r alla som vill tala och skriva korrekt p\u00e5 makedonska.\" \/>\n<meta name=\"robots\" content=\"index, follow, max-snippet:-1, max-image-preview:large, max-video-preview:-1\" \/>\n<link rel=\"canonical\" href=\"https:\/\/talkpal.ai\/sv\/grammar\/reflexiva-pronomen-i-makedonsk-grammatik\/\" \/>\n<meta property=\"og:locale\" content=\"sv_SE\" \/>\n<meta property=\"og:type\" content=\"article\" \/>\n<meta property=\"og:title\" content=\"Reflexiva pronomen i makedonsk grammatik\" \/>\n<meta property=\"og:description\" content=\"Att beh\u00e4rska reflexiva pronomen i makedonsk grammatik \u00e4r en viktig del av spr\u00e5kinl\u00e4rningen f\u00f6r alla som vill tala och skriva korrekt p\u00e5 makedonska.\" \/>\n<meta property=\"og:url\" content=\"https:\/\/talkpal.ai\/sv\/grammar\/reflexiva-pronomen-i-makedonsk-grammatik\/\" \/>\n<meta property=\"og:site_name\" content=\"Talkpal\" \/>\n<meta property=\"article:publisher\" content=\"https:\/\/www.facebook.com\/profile.php?id=100090733639311\" \/>\n<meta property=\"og:image\" content=\"https:\/\/talkpal.ai\/wp-content\/uploads\/2025\/02\/Progress-tab-16_9.png\" \/>\n\t<meta property=\"og:image:width\" content=\"2880\" \/>\n\t<meta property=\"og:image:height\" content=\"1620\" \/>\n\t<meta property=\"og:image:type\" content=\"image\/png\" \/>\n<meta name=\"twitter:card\" content=\"summary_large_image\" \/>\n<meta name=\"twitter:site\" content=\"@talkpalai\" \/>\n<meta name=\"twitter:label1\" content=\"Ber\u00e4knad l\u00e4stid\" \/>\n\t<meta name=\"twitter:data1\" content=\"4 minuter\" \/>\n<script type=\"application\/ld+json\" class=\"yoast-schema-graph\">{\"@context\":\"https:\/\/schema.org\",\"@graph\":[{\"@type\":\"WebPage\",\"@id\":\"https:\/\/talkpal.ai\/sv\/grammar\/reflexiva-pronomen-i-makedonsk-grammatik\/\",\"url\":\"https:\/\/talkpal.ai\/sv\/grammar\/reflexiva-pronomen-i-makedonsk-grammatik\/\",\"name\":\"Reflexiva pronomen i makedonsk grammatik - Talkpal\",\"isPartOf\":{\"@id\":\"https:\/\/talkpal.ai\/sv\/#website\"},\"primaryImageOfPage\":{\"@id\":\"https:\/\/talkpal.ai\/sv\/grammar\/reflexiva-pronomen-i-makedonsk-grammatik\/#primaryimage\"},\"image\":{\"@id\":\"https:\/\/talkpal.ai\/sv\/grammar\/reflexiva-pronomen-i-makedonsk-grammatik\/#primaryimage\"},\"thumbnailUrl\":\"https:\/\/talkpal.ai\/wp-content\/uploads\/2025\/12\/students-studying-together-to-learn-languages.webp\",\"datePublished\":\"2025-07-03T10:45:46+00:00\",\"description\":\"Att beh\u00e4rska reflexiva pronomen i makedonsk grammatik \u00e4r en viktig del av spr\u00e5kinl\u00e4rningen f\u00f6r alla som vill tala och skriva korrekt p\u00e5 makedonska.\",\"breadcrumb\":{\"@id\":\"https:\/\/talkpal.ai\/sv\/grammar\/reflexiva-pronomen-i-makedonsk-grammatik\/#breadcrumb\"},\"inLanguage\":\"sv-SE\",\"potentialAction\":[{\"@type\":\"ReadAction\",\"target\":[\"https:\/\/talkpal.ai\/sv\/grammar\/reflexiva-pronomen-i-makedonsk-grammatik\/\"]}]},{\"@type\":\"ImageObject\",\"inLanguage\":\"sv-SE\",\"@id\":\"https:\/\/talkpal.ai\/sv\/grammar\/reflexiva-pronomen-i-makedonsk-grammatik\/#primaryimage\",\"url\":\"https:\/\/talkpal.ai\/wp-content\/uploads\/2025\/12\/students-studying-together-to-learn-languages.webp\",\"contentUrl\":\"https:\/\/talkpal.ai\/wp-content\/uploads\/2025\/12\/students-studying-together-to-learn-languages.webp\",\"width\":1200,\"height\":896,\"caption\":\"Two students sit at a long wooden library table while focused on learning languages.\"},{\"@type\":\"BreadcrumbList\",\"@id\":\"https:\/\/talkpal.ai\/sv\/grammar\/reflexiva-pronomen-i-makedonsk-grammatik\/#breadcrumb\",\"itemListElement\":[{\"@type\":\"ListItem\",\"position\":1,\"name\":\"Homepage\",\"item\":\"https:\/\/talkpal.ai\/sv\/\"},{\"@type\":\"ListItem\",\"position\":2,\"name\":\"Reflexiva pronomen i makedonsk grammatik\"}]},{\"@type\":\"WebSite\",\"@id\":\"https:\/\/talkpal.ai\/sv\/#website\",\"url\":\"https:\/\/talkpal.ai\/sv\/\",\"name\":\"Talkpal\",\"description\":\"AI Language Learning\",\"publisher\":{\"@id\":\"https:\/\/talkpal.ai\/sv\/#organization\"},\"alternateName\":\"Talkpal AI\",\"potentialAction\":[{\"@type\":\"SearchAction\",\"target\":{\"@type\":\"EntryPoint\",\"urlTemplate\":\"https:\/\/talkpal.ai\/sv\/?s={search_term_string}\"},\"query-input\":{\"@type\":\"PropertyValueSpecification\",\"valueRequired\":true,\"valueName\":\"search_term_string\"}}],\"inLanguage\":\"sv-SE\"},{\"@type\":\"Organization\",\"@id\":\"https:\/\/talkpal.ai\/sv\/#organization\",\"name\":\"Talkpal, Inc.\",\"alternateName\":\"Talkpal AI\",\"url\":\"https:\/\/talkpal.ai\/sv\/\",\"logo\":{\"@type\":\"ImageObject\",\"inLanguage\":\"sv-SE\",\"@id\":\"https:\/\/talkpal.ai\/sv\/#\/schema\/logo\/image\/\",\"url\":\"https:\/\/talkpal.ai\/wp-content\/uploads\/2024\/03\/Talkpal-Logo-Icon.png\",\"contentUrl\":\"https:\/\/talkpal.ai\/wp-content\/uploads\/2024\/03\/Talkpal-Logo-Icon.png\",\"width\":2880,\"height\":2880,\"caption\":\"Talkpal, Inc.\"},\"image\":{\"@id\":\"https:\/\/talkpal.ai\/sv\/#\/schema\/logo\/image\/\"},\"sameAs\":[\"https:\/\/www.facebook.com\/profile.php?id=100090733639311\",\"https:\/\/x.com\/talkpalai\",\"https:\/\/www.linkedin.com\/company\/talkpal\/\",\"https:\/\/www.youtube.com\/@TalkPal\/\",\"https:\/\/www.tiktok.com\/@talkpal\",\"https:\/\/www.instagram.com\/talkpal_ai\/\",\"https:\/\/www.crunchbase.com\/organization\/talkpal-9cde\",\"https:\/\/www.g2.com\/products\/talkpal-for-business\/\",\"https:\/\/www.trustpilot.com\/review\/talkpal.ai\",\"https:\/\/www.capterra.com\/p\/10006800\/TalkPal\/\"],\"description\":\"Talkpal is a language learning web and mobile education app, powered by the latest AI technologies, that provides engaging experiences to its customers in many different languages to help them improve their language skills. Users can chat about unlimited amount of topics with the app and use other modes to practice their language learning.\",\"email\":\"support@talkpal.ai\",\"legalName\":\"Talkpal, Inc.\",\"foundingDate\":\"2023-04-03\",\"duns\":\"118989042\",\"numberOfEmployees\":{\"@type\":\"QuantitativeValue\",\"minValue\":\"11\",\"maxValue\":\"50\"},\"publishingPrinciples\":\"https:\/\/talkpal.ai\/publishing-principles\/\",\"actionableFeedbackPolicy\":\"https:\/\/talkpal.ai\/actionable-feedback-policy\/\",\"correctionsPolicy\":\"https:\/\/talkpal.ai\/corrections-policy\/\",\"ethicsPolicy\":\"https:\/\/talkpal.ai\/ethics-policy\/\",\"diversityPolicy\":\"https:\/\/talkpal.ai\/diversity-policy\/\",\"diversityStaffingReport\":\"https:\/\/talkpal.ai\/diversity-policy\/\"}]}<\/script>\n<!-- \/ Yoast SEO Premium plugin. -->","yoast_head_json":{"title":"Reflexiva pronomen i makedonsk grammatik - Talkpal","description":"Att beh\u00e4rska reflexiva pronomen i makedonsk grammatik \u00e4r en viktig del av spr\u00e5kinl\u00e4rningen f\u00f6r alla som vill tala och skriva korrekt p\u00e5 makedonska.","robots":{"index":"index","follow":"follow","max-snippet":"max-snippet:-1","max-image-preview":"max-image-preview:large","max-video-preview":"max-video-preview:-1"},"canonical":"https:\/\/talkpal.ai\/sv\/grammar\/reflexiva-pronomen-i-makedonsk-grammatik\/","og_locale":"sv_SE","og_type":"article","og_title":"Reflexiva pronomen i makedonsk grammatik","og_description":"Att beh\u00e4rska reflexiva pronomen i makedonsk grammatik \u00e4r en viktig del av spr\u00e5kinl\u00e4rningen f\u00f6r alla som vill tala och skriva korrekt p\u00e5 makedonska.","og_url":"https:\/\/talkpal.ai\/sv\/grammar\/reflexiva-pronomen-i-makedonsk-grammatik\/","og_site_name":"Talkpal","article_publisher":"https:\/\/www.facebook.com\/profile.php?id=100090733639311","og_image":[{"width":2880,"height":1620,"url":"https:\/\/talkpal.ai\/wp-content\/uploads\/2025\/02\/Progress-tab-16_9.png","type":"image\/png"}],"twitter_card":"summary_large_image","twitter_site":"@talkpalai","twitter_misc":{"Ber\u00e4knad l\u00e4stid":"4 minuter"},"schema":{"@context":"https:\/\/schema.org","@graph":[{"@type":"WebPage","@id":"https:\/\/talkpal.ai\/sv\/grammar\/reflexiva-pronomen-i-makedonsk-grammatik\/","url":"https:\/\/talkpal.ai\/sv\/grammar\/reflexiva-pronomen-i-makedonsk-grammatik\/","name":"Reflexiva pronomen i makedonsk grammatik - Talkpal","isPartOf":{"@id":"https:\/\/talkpal.ai\/sv\/#website"},"primaryImageOfPage":{"@id":"https:\/\/talkpal.ai\/sv\/grammar\/reflexiva-pronomen-i-makedonsk-grammatik\/#primaryimage"},"image":{"@id":"https:\/\/talkpal.ai\/sv\/grammar\/reflexiva-pronomen-i-makedonsk-grammatik\/#primaryimage"},"thumbnailUrl":"https:\/\/talkpal.ai\/wp-content\/uploads\/2025\/12\/students-studying-together-to-learn-languages.webp","datePublished":"2025-07-03T10:45:46+00:00","description":"Att beh\u00e4rska reflexiva pronomen i makedonsk grammatik \u00e4r en viktig del av spr\u00e5kinl\u00e4rningen f\u00f6r alla som vill tala och skriva korrekt p\u00e5 makedonska.","breadcrumb":{"@id":"https:\/\/talkpal.ai\/sv\/grammar\/reflexiva-pronomen-i-makedonsk-grammatik\/#breadcrumb"},"inLanguage":"sv-SE","potentialAction":[{"@type":"ReadAction","target":["https:\/\/talkpal.ai\/sv\/grammar\/reflexiva-pronomen-i-makedonsk-grammatik\/"]}]},{"@type":"ImageObject","inLanguage":"sv-SE","@id":"https:\/\/talkpal.ai\/sv\/grammar\/reflexiva-pronomen-i-makedonsk-grammatik\/#primaryimage","url":"https:\/\/talkpal.ai\/wp-content\/uploads\/2025\/12\/students-studying-together-to-learn-languages.webp","contentUrl":"https:\/\/talkpal.ai\/wp-content\/uploads\/2025\/12\/students-studying-together-to-learn-languages.webp","width":1200,"height":896,"caption":"Two students sit at a long wooden library table while focused on learning languages."},{"@type":"BreadcrumbList","@id":"https:\/\/talkpal.ai\/sv\/grammar\/reflexiva-pronomen-i-makedonsk-grammatik\/#breadcrumb","itemListElement":[{"@type":"ListItem","position":1,"name":"Homepage","item":"https:\/\/talkpal.ai\/sv\/"},{"@type":"ListItem","position":2,"name":"Reflexiva pronomen i makedonsk grammatik"}]},{"@type":"WebSite","@id":"https:\/\/talkpal.ai\/sv\/#website","url":"https:\/\/talkpal.ai\/sv\/","name":"Talkpal","description":"AI Language Learning","publisher":{"@id":"https:\/\/talkpal.ai\/sv\/#organization"},"alternateName":"Talkpal AI","potentialAction":[{"@type":"SearchAction","target":{"@type":"EntryPoint","urlTemplate":"https:\/\/talkpal.ai\/sv\/?s={search_term_string}"},"query-input":{"@type":"PropertyValueSpecification","valueRequired":true,"valueName":"search_term_string"}}],"inLanguage":"sv-SE"},{"@type":"Organization","@id":"https:\/\/talkpal.ai\/sv\/#organization","name":"Talkpal, Inc.","alternateName":"Talkpal AI","url":"https:\/\/talkpal.ai\/sv\/","logo":{"@type":"ImageObject","inLanguage":"sv-SE","@id":"https:\/\/talkpal.ai\/sv\/#\/schema\/logo\/image\/","url":"https:\/\/talkpal.ai\/wp-content\/uploads\/2024\/03\/Talkpal-Logo-Icon.png","contentUrl":"https:\/\/talkpal.ai\/wp-content\/uploads\/2024\/03\/Talkpal-Logo-Icon.png","width":2880,"height":2880,"caption":"Talkpal, Inc."},"image":{"@id":"https:\/\/talkpal.ai\/sv\/#\/schema\/logo\/image\/"},"sameAs":["https:\/\/www.facebook.com\/profile.php?id=100090733639311","https:\/\/x.com\/talkpalai","https:\/\/www.linkedin.com\/company\/talkpal\/","https:\/\/www.youtube.com\/@TalkPal\/","https:\/\/www.tiktok.com\/@talkpal","https:\/\/www.instagram.com\/talkpal_ai\/","https:\/\/www.crunchbase.com\/organization\/talkpal-9cde","https:\/\/www.g2.com\/products\/talkpal-for-business\/","https:\/\/www.trustpilot.com\/review\/talkpal.ai","https:\/\/www.capterra.com\/p\/10006800\/TalkPal\/"],"description":"Talkpal is a language learning web and mobile education app, powered by the latest AI technologies, that provides engaging experiences to its customers in many different languages to help them improve their language skills. Users can chat about unlimited amount of topics with the app and use other modes to practice their language learning.","email":"support@talkpal.ai","legalName":"Talkpal, Inc.","foundingDate":"2023-04-03","duns":"118989042","numberOfEmployees":{"@type":"QuantitativeValue","minValue":"11","maxValue":"50"},"publishingPrinciples":"https:\/\/talkpal.ai\/publishing-principles\/","actionableFeedbackPolicy":"https:\/\/talkpal.ai\/actionable-feedback-policy\/","correctionsPolicy":"https:\/\/talkpal.ai\/corrections-policy\/","ethicsPolicy":"https:\/\/talkpal.ai\/ethics-policy\/","diversityPolicy":"https:\/\/talkpal.ai\/diversity-policy\/","diversityStaffingReport":"https:\/\/talkpal.ai\/diversity-policy\/"}]}},"_links":{"self":[{"href":"https:\/\/talkpal.ai\/sv\/wp-json\/wp\/v2\/grammar\/1100496","targetHints":{"allow":["GET"]}}],"collection":[{"href":"https:\/\/talkpal.ai\/sv\/wp-json\/wp\/v2\/grammar"}],"about":[{"href":"https:\/\/talkpal.ai\/sv\/wp-json\/wp\/v2\/types\/grammar"}],"wp:featuredmedia":[{"embeddable":true,"href":"https:\/\/talkpal.ai\/sv\/wp-json\/wp\/v2\/media\/1527983"}],"wp:attachment":[{"href":"https:\/\/talkpal.ai\/sv\/wp-json\/wp\/v2\/media?parent=1100496"}],"wp:term":[{"taxonomy":"language","embeddable":true,"href":"https:\/\/talkpal.ai\/sv\/wp-json\/wp\/v2\/language?post=1100496"}],"curies":[{"name":"wp","href":"https:\/\/api.w.org\/{rel}","templated":true}]}}