{"id":1099939,"date":"2025-07-03T10:18:00","date_gmt":"2025-07-03T10:18:00","guid":{"rendered":"https:\/\/talkpal.ai\/grammar\/jamforande-adverb-i-ungarsk-grammatik\/"},"modified":"2025-07-03T10:18:00","modified_gmt":"2025-07-03T10:18:00","slug":"jamforande-adverb-i-ungarsk-grammatik","status":"publish","type":"grammar","link":"https:\/\/talkpal.ai\/sv\/grammar\/jamforande-adverb-i-ungarsk-grammatik\/","title":{"rendered":"J\u00e4mf\u00f6rande adverb i ungarsk grammatik"},"content":{"rendered":"<p>Att beh\u00e4rska j\u00e4mf\u00f6rande adverb i <a href=\"https:\/\/talkpal.ai\/sv\/grammar\/obestamd-artikel-i-ungarsk-grammatik\/\">ungarsk grammatik<\/a> \u00e4r en viktig del f\u00f6r dem som vill f\u00f6rdjupa sina kunskaper i spr\u00e5ket och kommunicera mer nyanserat. J\u00e4mf\u00f6rande adverb hj\u00e4lper till att uttrycka skillnader och likheter mellan handlingar eller tillst\u00e5nd, vilket g\u00f6r spr\u00e5ket mer uttrycksfullt och precist. F\u00f6r den som l\u00e4r sig <a href=\"https:\/\/talkpal.ai\/learn-hungarian\/\">ungerska<\/a> kan verktyg som <a href=\"https:\/\/talkpal.ai\/ko\/ai-%ec%96%b8%ec%96%b4-%ea%b5%90%ec%82%ac\/\">Talkpal<\/a> vara ov\u00e4rderliga, d\u00e5 de erbjuder interaktiva och engagerande s\u00e4tt att \u00f6va dessa grammatiska konstruktioner i praktiken. I denna artikel g\u00e5r vi igenom vad j\u00e4mf\u00f6rande adverb \u00e4r, hur de anv\u00e4nds i ungerskan, och ger detaljerade exempel f\u00f6r att underl\u00e4tta f\u00f6rst\u00e5elsen.<\/p>\n<h2>Vad \u00e4r j\u00e4mf\u00f6rande adverb?<\/h2>\n<p>J\u00e4mf\u00f6rande adverb \u00e4r ord som anv\u00e4nds f\u00f6r att j\u00e4mf\u00f6ra handlingar eller tillst\u00e5nd och beskriva hur n\u00e5got sker i f\u00f6rh\u00e5llande till n\u00e5got annat. De svarar ofta p\u00e5 fr\u00e5gor som &#8221;hur mycket?&#8221;, &#8221;i vilken grad?&#8221; eller &#8221;p\u00e5 vilket s\u00e4tt?&#8221;. I <a href=\"https:\/\/talkpal.ai\/learn-swedish\/\">svenska<\/a> motsvaras de ofta av ord som &#8221;mer&#8221;, &#8221;mindre&#8221;, &#8221;b\u00e4ttre&#8221; eller &#8221;snabbare&#8221;. I ungerskan har j\u00e4mf\u00f6rande adverb en egen struktur och uppbyggnad som skiljer sig fr\u00e5n svenskan, vilket g\u00f6r det viktigt att f\u00f6rst\u00e5 deras regler och anv\u00e4ndning.<\/p>\n<h3>Varf\u00f6r \u00e4r det viktigt att kunna j\u00e4mf\u00f6rande adverb i ungerska?<\/h3>\n<ul>\n<li><strong>F\u00f6rb\u00e4ttrar kommunikationen:<\/strong> J\u00e4mf\u00f6rande adverb g\u00f6r det m\u00f6jligt att uttrycka nyanser och j\u00e4mf\u00f6relser, vilket g\u00f6r spr\u00e5ket mer exakt.<\/li>\n<li><strong>\u00d6kar spr\u00e5klig flexibilitet:<\/strong> Genom att anv\u00e4nda j\u00e4mf\u00f6rande former kan du l\u00e4ttare beskriva f\u00f6r\u00e4ndringar, skillnader och likheter.<\/li>\n<li><strong>F\u00f6rst\u00e5r och tolkar texter b\u00e4ttre:<\/strong> M\u00e5nga texter inneh\u00e5ller j\u00e4mf\u00f6relser, och att f\u00f6rst\u00e5 j\u00e4mf\u00f6rande adverb hj\u00e4lper dig att tolka inneb\u00f6rden korrekt.<\/li>\n<\/ul>\n<h2>J\u00e4mf\u00f6rande adverb i ungersk grammatik \u2013 grundl\u00e4ggande regler<\/h2>\n<p>Ungerska j\u00e4mf\u00f6rande adverb bildas ofta genom att l\u00e4gga till suffixet <em>-bb<\/em> till adverbet eller adjektivet, vilket motsvarar svenska \u00e4ndelser som &#8221;-are&#8221; eller ordet &#8221;mer&#8221;. Detta \u00e4r en <a href=\"https:\/\/talkpal.ai\/locations\/language-courses-in-central\/\">central<\/a> regel som g\u00e4ller f\u00f6r m\u00e5nga ord, men <a href=\"https:\/\/talkpal.ai\/culture\/how-do-i-use-det-finns-correctly\/\">det finns<\/a> ocks\u00e5 undantag och oregelbundna former.<\/p>\n<h3>Bildandet av j\u00e4mf\u00f6rande adverb<\/h3>\n<p>Generellt f\u00f6ljer j\u00e4mf\u00f6rande adverb i ungerska detta m\u00f6nster:<\/p>\n<ul>\n<li><strong>Grundform av adverb\/adjektiv + -bb<\/strong> \u2013 ex: <em>gyors<\/em> (snabb) \u2192 <em>gyorsabb<\/em> (snabbare)<\/li>\n<li>Om adjektivet slutar p\u00e5 en vokal, kan vokalen ibland tas bort innan suffixet l\u00e4ggs till \u2013 ex: <em>sz\u00e9p<\/em> (vacker) \u2192 <em>szebb<\/em> (vackrare)<\/li>\n<li>Vid vissa ord l\u00e4ggs en vokal <em>-ebb<\/em> till f\u00f6r att underl\u00e4tta uttalet \u2013 ex: <em>k\u00f6nny\u0171<\/em> (l\u00e4tt) \u2192 <em>k\u00f6nnyebb<\/em> (l\u00e4ttare)<\/li>\n<\/ul>\n<h3>Exempel p\u00e5 j\u00e4mf\u00f6rande adverb<\/h3>\n<table>\n<thead>\n<tr>\n<th>Svenska<\/th>\n<th>Ungerska grundform<\/th>\n<th>Ungerska j\u00e4mf\u00f6rande form<\/th>\n<th>\u00d6vers\u00e4ttning<\/th>\n<\/tr>\n<\/thead>\n<tbody>\n<tr>\n<td>Snabb<\/td>\n<td>gyors<\/td>\n<td>gyorsabb<\/td>\n<td>snabbare<\/td>\n<\/tr>\n<tr>\n<td>Vacker<\/td>\n<td>sz\u00e9p<\/td>\n<td>szebb<\/td>\n<td>vackrare<\/td>\n<\/tr>\n<tr>\n<td>L\u00e4tt<\/td>\n<td>k\u00f6nny\u0171<\/td>\n<td>k\u00f6nnyebb<\/td>\n<td>l\u00e4ttare<\/td>\n<\/tr>\n<tr>\n<td>H\u00f6g<\/td>\n<td>magas<\/td>\n<td>magasabb<\/td>\n<td>h\u00f6gre<\/td>\n<\/tr>\n<\/tbody>\n<\/table>\n<h2>Oregelbundna j\u00e4mf\u00f6rande adverb i ungerskan<\/h2>\n<p>Precis som i m\u00e5nga andra spr\u00e5k finns det oregelbundna former av j\u00e4mf\u00f6rande adverb i ungerskan. Dessa m\u00e5ste l\u00e4ras in separat d\u00e5 de inte f\u00f6ljer de vanliga suffixreglerna.<\/p>\n<h3>Vanliga oregelbundna exempel<\/h3>\n<ul>\n<li><strong>j\u00f3<\/strong> (<a href=\"https:\/\/talkpal.ai\/locations\/learn-english-in-bra\/\">bra<\/a>) \u2192 <strong>jobb<\/strong> (b\u00e4ttre)<\/li>\n<li><strong>rossz<\/strong> (d\u00e5lig) \u2192 <strong>rosszabb<\/strong> (s\u00e4mre)<\/li>\n<li><strong>sok<\/strong> (mycket) \u2192 <strong>t\u00f6bb<\/strong> (mer)<\/li>\n<li><strong>kev\u00e9s<\/strong> (lite) \u2192 <strong>kevesebb<\/strong> (mindre)<\/li>\n<\/ul>\n<p>Dessa oregelbundna former \u00e4r mycket frekventa i ungerska och viktiga att kunna f\u00f6r effektiv kommunikation.<\/p>\n<h2>Anv\u00e4ndning av j\u00e4mf\u00f6rande adverb i meningar<\/h2>\n<p>Att kunna bilda j\u00e4mf\u00f6rande adverb \u00e4r en sak, men att anv\u00e4nda dem korrekt i meningar \u00e4r avg\u00f6rande f\u00f6r att uttrycka sig naturligt och tydligt.<\/p>\n<h3>Grundl\u00e4ggande anv\u00e4ndning<\/h3>\n<p>J\u00e4mf\u00f6rande adverb anv\u00e4nds f\u00f6r att j\u00e4mf\u00f6ra tv\u00e5 handlingar eller tillst\u00e5nd. Exempel:<\/p>\n<ul>\n<li><em>\u0150 gyorsabban fut, mint \u00e9n.<\/em> \u2013 Han\/hon springer snabbare \u00e4n jag.<\/li>\n<li><em>Ma jobban \u00e9rzem magam.<\/em> \u2013 Jag m\u00e5r b\u00e4ttre idag.<\/li>\n<li><em>A testv\u00e9rem t\u00f6bbet olvas, mint \u00e9n.<\/em> \u2013 Min bror\/syster l\u00e4ser mer \u00e4n jag.<\/li>\n<\/ul>\n<h3>Vanliga strukturer med j\u00e4mf\u00f6rande adverb<\/h3>\n<ul>\n<li><strong>Subjekt + j\u00e4mf\u00f6rande adverb + verb + mint + j\u00e4mf\u00f6relseobjekt<\/strong><\/li>\n<li><em>\u0150 gyorsabban besz\u00e9l, mint te.<\/em> (Han\/hon talar snabbare \u00e4n du.)<\/li>\n<li><strong>Subjekt + verb + j\u00e4mf\u00f6rande adverb + mint + j\u00e4mf\u00f6relseobjekt<\/strong><\/li>\n<li><em>\u0150 fut gyorsabban, mint \u00e9n.<\/em> (Han\/hon springer snabbare \u00e4n jag.)<\/li>\n<\/ul>\n<h2>Skillnaden mellan j\u00e4mf\u00f6rande adverb och adjektiv i ungerska<\/h2>\n<p>Det \u00e4r viktigt att skilja p\u00e5 j\u00e4mf\u00f6rande adverb och adjektiv eftersom de anv\u00e4nds i olika sammanhang \u00e4ven om de kan likna varandra i form.<\/p>\n<ul>\n<li><strong>Adjektiv<\/strong> beskriver substantiv: <em>gyors aut\u00f3<\/em> (en snabb bil)<\/li>\n<li><strong>Adverb<\/strong> beskriver verb, adjektiv eller andra adverb: <em>gyorsan fut<\/em> (springer snabbt)<\/li>\n<li>J\u00e4mf\u00f6rande adverb j\u00e4mf\u00f6r hur en handling utf\u00f6rs: <em>gyorsabban fut<\/em> (springer snabbare)<\/li>\n<\/ul>\n<h2>Tips f\u00f6r att l\u00e4ra sig j\u00e4mf\u00f6rande adverb i ungerska<\/h2>\n<p>Att beh\u00e4rska j\u00e4mf\u00f6rande adverb kr\u00e4ver \u00f6vning och r\u00e4tt inl\u00e4rningsstrategier. H\u00e4r \u00e4r n\u00e5gra tips f\u00f6r effektivt l\u00e4rande:<\/p>\n<ul>\n<li><strong>Anv\u00e4nd interaktiva verktyg som Talkpal:<\/strong> Dessa plattformar erbjuder \u00f6vningar och samtalssimuleringar som g\u00f6r inl\u00e4rningen roligare och mer effektiv.<\/li>\n<li><strong>Memorera de oregelbundna formerna:<\/strong> Skapa flashcards f\u00f6r att snabbt repetera de vanligaste oregelbundna j\u00e4mf\u00f6relseorden.<\/li>\n<li><strong>\u00d6va p\u00e5 att s\u00e4tta in j\u00e4mf\u00f6rande adverb i meningar:<\/strong> Skriv egna exempelmeningar och be en l\u00e4rare eller spr\u00e5kpartner r\u00e4tta dem.<\/li>\n<li><strong>Lyssna p\u00e5 ungerska samtal och texter:<\/strong> Det hj\u00e4lper dig att h\u00f6ra hur j\u00e4mf\u00f6rande adverb anv\u00e4nds naturligt i tal.<\/li>\n<li><strong>J\u00e4mf\u00f6r med svenska motsvarigheter:<\/strong> Det kan underl\u00e4tta f\u00f6rst\u00e5elsen av n\u00e4r och hur de anv\u00e4nds.<\/li>\n<\/ul>\n<h2>Sammanfattning<\/h2>\n<p>J\u00e4mf\u00f6rande adverb i <a href=\"https:\/\/talkpal.ai\/sv\/grammar\/kon-och-ungersk-grammatik\/\">ungersk grammatik<\/a> \u00e4r en grundl\u00e4ggande del f\u00f6r att uttrycka skillnader i handlingar och tillst\u00e5nd. Genom att anv\u00e4nda suffix som <em>-bb<\/em> och k\u00e4nna till de oregelbundna formerna kan man skapa korrekta j\u00e4mf\u00f6relser. Att \u00f6va p\u00e5 att anv\u00e4nda dessa i meningar och f\u00f6rst\u00e5 skillnaderna mellan adverb och adjektiv \u00e4r avg\u00f6rande f\u00f6r att kommunicera effektivt p\u00e5 ungerska. Med hj\u00e4lp av moderna inl\u00e4rningsverktyg som Talkpal kan inl\u00e4rningen bli b\u00e5de enklare och mer engagerande, vilket bidrar till snabbare framsteg i spr\u00e5ket.<\/p>\n","protected":false},"featured_media":1528321,"template":"","language":[7758,7738],"class_list":["post-1099939","grammar","type-grammar","status-publish","has-post-thumbnail","hentry","language-adverb-ungersk-grammatik","language-ungerska"],"acf":[],"yoast_head":"<!-- This site is optimized with the Yoast SEO Premium plugin v27.2 (Yoast SEO v27.2) - https:\/\/yoast.com\/product\/yoast-seo-premium-wordpress\/ -->\n<title>J\u00e4mf\u00f6rande adverb i ungarsk grammatik - Talkpal<\/title>\n<meta name=\"description\" content=\"Att beh\u00e4rska j\u00e4mf\u00f6rande adverb i ungarsk grammatik \u00e4r en viktig del f\u00f6r dem som vill f\u00f6rdjupa sina kunskaper i spr\u00e5ket och kommunicera mer nyanserat.\" \/>\n<meta name=\"robots\" content=\"index, follow, max-snippet:-1, max-image-preview:large, max-video-preview:-1\" \/>\n<link rel=\"canonical\" href=\"https:\/\/talkpal.ai\/sv\/grammar\/jamforande-adverb-i-ungarsk-grammatik\/\" \/>\n<meta property=\"og:locale\" content=\"sv_SE\" \/>\n<meta property=\"og:type\" content=\"article\" \/>\n<meta property=\"og:title\" content=\"J\u00e4mf\u00f6rande adverb i ungarsk grammatik\" \/>\n<meta property=\"og:description\" content=\"Att beh\u00e4rska j\u00e4mf\u00f6rande adverb i ungarsk grammatik \u00e4r en viktig del f\u00f6r dem som vill f\u00f6rdjupa sina kunskaper i spr\u00e5ket och kommunicera mer nyanserat.\" \/>\n<meta property=\"og:url\" content=\"https:\/\/talkpal.ai\/sv\/grammar\/jamforande-adverb-i-ungarsk-grammatik\/\" \/>\n<meta property=\"og:site_name\" content=\"Talkpal\" \/>\n<meta property=\"article:publisher\" content=\"https:\/\/www.facebook.com\/profile.php?id=100090733639311\" \/>\n<meta property=\"og:image\" content=\"https:\/\/talkpal.ai\/wp-content\/uploads\/2025\/02\/Progress-tab-16_9.png\" \/>\n\t<meta property=\"og:image:width\" content=\"2880\" \/>\n\t<meta property=\"og:image:height\" content=\"1620\" \/>\n\t<meta property=\"og:image:type\" content=\"image\/png\" \/>\n<meta name=\"twitter:card\" content=\"summary_large_image\" \/>\n<meta name=\"twitter:site\" content=\"@talkpalai\" \/>\n<meta name=\"twitter:label1\" content=\"Ber\u00e4knad l\u00e4stid\" \/>\n\t<meta name=\"twitter:data1\" content=\"5 minuter\" \/>\n<script type=\"application\/ld+json\" class=\"yoast-schema-graph\">{\"@context\":\"https:\/\/schema.org\",\"@graph\":[{\"@type\":\"WebPage\",\"@id\":\"https:\/\/talkpal.ai\/sv\/grammar\/jamforande-adverb-i-ungarsk-grammatik\/\",\"url\":\"https:\/\/talkpal.ai\/sv\/grammar\/jamforande-adverb-i-ungarsk-grammatik\/\",\"name\":\"J\u00e4mf\u00f6rande adverb i ungarsk grammatik - Talkpal\",\"isPartOf\":{\"@id\":\"https:\/\/talkpal.ai\/sv\/#website\"},\"primaryImageOfPage\":{\"@id\":\"https:\/\/talkpal.ai\/sv\/grammar\/jamforande-adverb-i-ungarsk-grammatik\/#primaryimage\"},\"image\":{\"@id\":\"https:\/\/talkpal.ai\/sv\/grammar\/jamforande-adverb-i-ungarsk-grammatik\/#primaryimage\"},\"thumbnailUrl\":\"https:\/\/talkpal.ai\/wp-content\/uploads\/2025\/12\/trio-reads-books-to-learn-languages.webp\",\"datePublished\":\"2025-07-03T10:18:00+00:00\",\"description\":\"Att beh\u00e4rska j\u00e4mf\u00f6rande adverb i ungarsk grammatik \u00e4r en viktig del f\u00f6r dem som vill f\u00f6rdjupa sina kunskaper i spr\u00e5ket och kommunicera mer nyanserat.\",\"breadcrumb\":{\"@id\":\"https:\/\/talkpal.ai\/sv\/grammar\/jamforande-adverb-i-ungarsk-grammatik\/#breadcrumb\"},\"inLanguage\":\"sv-SE\",\"potentialAction\":[{\"@type\":\"ReadAction\",\"target\":[\"https:\/\/talkpal.ai\/sv\/grammar\/jamforande-adverb-i-ungarsk-grammatik\/\"]}]},{\"@type\":\"ImageObject\",\"inLanguage\":\"sv-SE\",\"@id\":\"https:\/\/talkpal.ai\/sv\/grammar\/jamforande-adverb-i-ungarsk-grammatik\/#primaryimage\",\"url\":\"https:\/\/talkpal.ai\/wp-content\/uploads\/2025\/12\/trio-reads-books-to-learn-languages.webp\",\"contentUrl\":\"https:\/\/talkpal.ai\/wp-content\/uploads\/2025\/12\/trio-reads-books-to-learn-languages.webp\",\"width\":1200,\"height\":896,\"caption\":\"Three students study textbooks together while learning languages in a cozy room.\"},{\"@type\":\"BreadcrumbList\",\"@id\":\"https:\/\/talkpal.ai\/sv\/grammar\/jamforande-adverb-i-ungarsk-grammatik\/#breadcrumb\",\"itemListElement\":[{\"@type\":\"ListItem\",\"position\":1,\"name\":\"Homepage\",\"item\":\"https:\/\/talkpal.ai\/sv\/\"},{\"@type\":\"ListItem\",\"position\":2,\"name\":\"J\u00e4mf\u00f6rande adverb i ungarsk grammatik\"}]},{\"@type\":\"WebSite\",\"@id\":\"https:\/\/talkpal.ai\/sv\/#website\",\"url\":\"https:\/\/talkpal.ai\/sv\/\",\"name\":\"Talkpal\",\"description\":\"AI Language Learning\",\"publisher\":{\"@id\":\"https:\/\/talkpal.ai\/sv\/#organization\"},\"alternateName\":\"Talkpal AI\",\"potentialAction\":[{\"@type\":\"SearchAction\",\"target\":{\"@type\":\"EntryPoint\",\"urlTemplate\":\"https:\/\/talkpal.ai\/sv\/?s={search_term_string}\"},\"query-input\":{\"@type\":\"PropertyValueSpecification\",\"valueRequired\":true,\"valueName\":\"search_term_string\"}}],\"inLanguage\":\"sv-SE\"},{\"@type\":\"Organization\",\"@id\":\"https:\/\/talkpal.ai\/sv\/#organization\",\"name\":\"Talkpal, Inc.\",\"alternateName\":\"Talkpal AI\",\"url\":\"https:\/\/talkpal.ai\/sv\/\",\"logo\":{\"@type\":\"ImageObject\",\"inLanguage\":\"sv-SE\",\"@id\":\"https:\/\/talkpal.ai\/sv\/#\/schema\/logo\/image\/\",\"url\":\"https:\/\/talkpal.ai\/wp-content\/uploads\/2024\/03\/Talkpal-Logo-Icon.png\",\"contentUrl\":\"https:\/\/talkpal.ai\/wp-content\/uploads\/2024\/03\/Talkpal-Logo-Icon.png\",\"width\":2880,\"height\":2880,\"caption\":\"Talkpal, Inc.\"},\"image\":{\"@id\":\"https:\/\/talkpal.ai\/sv\/#\/schema\/logo\/image\/\"},\"sameAs\":[\"https:\/\/www.facebook.com\/profile.php?id=100090733639311\",\"https:\/\/x.com\/talkpalai\",\"https:\/\/www.linkedin.com\/company\/talkpal\/\",\"https:\/\/www.youtube.com\/@TalkPal\/\",\"https:\/\/www.tiktok.com\/@talkpal\",\"https:\/\/www.instagram.com\/talkpal_ai\/\",\"https:\/\/www.crunchbase.com\/organization\/talkpal-9cde\",\"https:\/\/www.g2.com\/products\/talkpal-for-business\/\",\"https:\/\/www.trustpilot.com\/review\/talkpal.ai\",\"https:\/\/www.capterra.com\/p\/10006800\/TalkPal\/\"],\"description\":\"Talkpal is a language learning web and mobile education app, powered by the latest AI technologies, that provides engaging experiences to its customers in many different languages to help them improve their language skills. Users can chat about unlimited amount of topics with the app and use other modes to practice their language learning.\",\"email\":\"support@talkpal.ai\",\"legalName\":\"Talkpal, Inc.\",\"foundingDate\":\"2023-04-03\",\"duns\":\"118989042\",\"numberOfEmployees\":{\"@type\":\"QuantitativeValue\",\"minValue\":\"11\",\"maxValue\":\"50\"},\"publishingPrinciples\":\"https:\/\/talkpal.ai\/publishing-principles\/\",\"actionableFeedbackPolicy\":\"https:\/\/talkpal.ai\/actionable-feedback-policy\/\",\"correctionsPolicy\":\"https:\/\/talkpal.ai\/corrections-policy\/\",\"ethicsPolicy\":\"https:\/\/talkpal.ai\/ethics-policy\/\",\"diversityPolicy\":\"https:\/\/talkpal.ai\/diversity-policy\/\",\"diversityStaffingReport\":\"https:\/\/talkpal.ai\/diversity-policy\/\"}]}<\/script>\n<!-- \/ Yoast SEO Premium plugin. -->","yoast_head_json":{"title":"J\u00e4mf\u00f6rande adverb i ungarsk grammatik - Talkpal","description":"Att beh\u00e4rska j\u00e4mf\u00f6rande adverb i ungarsk grammatik \u00e4r en viktig del f\u00f6r dem som vill f\u00f6rdjupa sina kunskaper i spr\u00e5ket och kommunicera mer nyanserat.","robots":{"index":"index","follow":"follow","max-snippet":"max-snippet:-1","max-image-preview":"max-image-preview:large","max-video-preview":"max-video-preview:-1"},"canonical":"https:\/\/talkpal.ai\/sv\/grammar\/jamforande-adverb-i-ungarsk-grammatik\/","og_locale":"sv_SE","og_type":"article","og_title":"J\u00e4mf\u00f6rande adverb i ungarsk grammatik","og_description":"Att beh\u00e4rska j\u00e4mf\u00f6rande adverb i ungarsk grammatik \u00e4r en viktig del f\u00f6r dem som vill f\u00f6rdjupa sina kunskaper i spr\u00e5ket och kommunicera mer nyanserat.","og_url":"https:\/\/talkpal.ai\/sv\/grammar\/jamforande-adverb-i-ungarsk-grammatik\/","og_site_name":"Talkpal","article_publisher":"https:\/\/www.facebook.com\/profile.php?id=100090733639311","og_image":[{"width":2880,"height":1620,"url":"https:\/\/talkpal.ai\/wp-content\/uploads\/2025\/02\/Progress-tab-16_9.png","type":"image\/png"}],"twitter_card":"summary_large_image","twitter_site":"@talkpalai","twitter_misc":{"Ber\u00e4knad l\u00e4stid":"5 minuter"},"schema":{"@context":"https:\/\/schema.org","@graph":[{"@type":"WebPage","@id":"https:\/\/talkpal.ai\/sv\/grammar\/jamforande-adverb-i-ungarsk-grammatik\/","url":"https:\/\/talkpal.ai\/sv\/grammar\/jamforande-adverb-i-ungarsk-grammatik\/","name":"J\u00e4mf\u00f6rande adverb i ungarsk grammatik - Talkpal","isPartOf":{"@id":"https:\/\/talkpal.ai\/sv\/#website"},"primaryImageOfPage":{"@id":"https:\/\/talkpal.ai\/sv\/grammar\/jamforande-adverb-i-ungarsk-grammatik\/#primaryimage"},"image":{"@id":"https:\/\/talkpal.ai\/sv\/grammar\/jamforande-adverb-i-ungarsk-grammatik\/#primaryimage"},"thumbnailUrl":"https:\/\/talkpal.ai\/wp-content\/uploads\/2025\/12\/trio-reads-books-to-learn-languages.webp","datePublished":"2025-07-03T10:18:00+00:00","description":"Att beh\u00e4rska j\u00e4mf\u00f6rande adverb i ungarsk grammatik \u00e4r en viktig del f\u00f6r dem som vill f\u00f6rdjupa sina kunskaper i spr\u00e5ket och kommunicera mer nyanserat.","breadcrumb":{"@id":"https:\/\/talkpal.ai\/sv\/grammar\/jamforande-adverb-i-ungarsk-grammatik\/#breadcrumb"},"inLanguage":"sv-SE","potentialAction":[{"@type":"ReadAction","target":["https:\/\/talkpal.ai\/sv\/grammar\/jamforande-adverb-i-ungarsk-grammatik\/"]}]},{"@type":"ImageObject","inLanguage":"sv-SE","@id":"https:\/\/talkpal.ai\/sv\/grammar\/jamforande-adverb-i-ungarsk-grammatik\/#primaryimage","url":"https:\/\/talkpal.ai\/wp-content\/uploads\/2025\/12\/trio-reads-books-to-learn-languages.webp","contentUrl":"https:\/\/talkpal.ai\/wp-content\/uploads\/2025\/12\/trio-reads-books-to-learn-languages.webp","width":1200,"height":896,"caption":"Three students study textbooks together while learning languages in a cozy room."},{"@type":"BreadcrumbList","@id":"https:\/\/talkpal.ai\/sv\/grammar\/jamforande-adverb-i-ungarsk-grammatik\/#breadcrumb","itemListElement":[{"@type":"ListItem","position":1,"name":"Homepage","item":"https:\/\/talkpal.ai\/sv\/"},{"@type":"ListItem","position":2,"name":"J\u00e4mf\u00f6rande adverb i ungarsk grammatik"}]},{"@type":"WebSite","@id":"https:\/\/talkpal.ai\/sv\/#website","url":"https:\/\/talkpal.ai\/sv\/","name":"Talkpal","description":"AI Language Learning","publisher":{"@id":"https:\/\/talkpal.ai\/sv\/#organization"},"alternateName":"Talkpal AI","potentialAction":[{"@type":"SearchAction","target":{"@type":"EntryPoint","urlTemplate":"https:\/\/talkpal.ai\/sv\/?s={search_term_string}"},"query-input":{"@type":"PropertyValueSpecification","valueRequired":true,"valueName":"search_term_string"}}],"inLanguage":"sv-SE"},{"@type":"Organization","@id":"https:\/\/talkpal.ai\/sv\/#organization","name":"Talkpal, Inc.","alternateName":"Talkpal AI","url":"https:\/\/talkpal.ai\/sv\/","logo":{"@type":"ImageObject","inLanguage":"sv-SE","@id":"https:\/\/talkpal.ai\/sv\/#\/schema\/logo\/image\/","url":"https:\/\/talkpal.ai\/wp-content\/uploads\/2024\/03\/Talkpal-Logo-Icon.png","contentUrl":"https:\/\/talkpal.ai\/wp-content\/uploads\/2024\/03\/Talkpal-Logo-Icon.png","width":2880,"height":2880,"caption":"Talkpal, Inc."},"image":{"@id":"https:\/\/talkpal.ai\/sv\/#\/schema\/logo\/image\/"},"sameAs":["https:\/\/www.facebook.com\/profile.php?id=100090733639311","https:\/\/x.com\/talkpalai","https:\/\/www.linkedin.com\/company\/talkpal\/","https:\/\/www.youtube.com\/@TalkPal\/","https:\/\/www.tiktok.com\/@talkpal","https:\/\/www.instagram.com\/talkpal_ai\/","https:\/\/www.crunchbase.com\/organization\/talkpal-9cde","https:\/\/www.g2.com\/products\/talkpal-for-business\/","https:\/\/www.trustpilot.com\/review\/talkpal.ai","https:\/\/www.capterra.com\/p\/10006800\/TalkPal\/"],"description":"Talkpal is a language learning web and mobile education app, powered by the latest AI technologies, that provides engaging experiences to its customers in many different languages to help them improve their language skills. Users can chat about unlimited amount of topics with the app and use other modes to practice their language learning.","email":"support@talkpal.ai","legalName":"Talkpal, Inc.","foundingDate":"2023-04-03","duns":"118989042","numberOfEmployees":{"@type":"QuantitativeValue","minValue":"11","maxValue":"50"},"publishingPrinciples":"https:\/\/talkpal.ai\/publishing-principles\/","actionableFeedbackPolicy":"https:\/\/talkpal.ai\/actionable-feedback-policy\/","correctionsPolicy":"https:\/\/talkpal.ai\/corrections-policy\/","ethicsPolicy":"https:\/\/talkpal.ai\/ethics-policy\/","diversityPolicy":"https:\/\/talkpal.ai\/diversity-policy\/","diversityStaffingReport":"https:\/\/talkpal.ai\/diversity-policy\/"}]}},"_links":{"self":[{"href":"https:\/\/talkpal.ai\/sv\/wp-json\/wp\/v2\/grammar\/1099939","targetHints":{"allow":["GET"]}}],"collection":[{"href":"https:\/\/talkpal.ai\/sv\/wp-json\/wp\/v2\/grammar"}],"about":[{"href":"https:\/\/talkpal.ai\/sv\/wp-json\/wp\/v2\/types\/grammar"}],"wp:featuredmedia":[{"embeddable":true,"href":"https:\/\/talkpal.ai\/sv\/wp-json\/wp\/v2\/media\/1528321"}],"wp:attachment":[{"href":"https:\/\/talkpal.ai\/sv\/wp-json\/wp\/v2\/media?parent=1099939"}],"wp:term":[{"taxonomy":"language","embeddable":true,"href":"https:\/\/talkpal.ai\/sv\/wp-json\/wp\/v2\/language?post=1099939"}],"curies":[{"name":"wp","href":"https:\/\/api.w.org\/{rel}","templated":true}]}}