{"id":1099934,"date":"2025-07-03T10:17:47","date_gmt":"2025-07-03T10:17:47","guid":{"rendered":"https:\/\/talkpal.ai\/grammar\/jamforande-adjektiv-i-ungarsk-grammatik\/"},"modified":"2025-07-03T10:17:47","modified_gmt":"2025-07-03T10:17:47","slug":"jamforande-adjektiv-i-ungarsk-grammatik","status":"publish","type":"grammar","link":"https:\/\/talkpal.ai\/sv\/grammar\/jamforande-adjektiv-i-ungarsk-grammatik\/","title":{"rendered":"J\u00e4mf\u00f6rande adjektiv i ungarsk grammatik"},"content":{"rendered":"<p>Att l\u00e4ra sig j\u00e4mf\u00f6rande adjektiv i <a href=\"https:\/\/talkpal.ai\/sv\/grammar\/obestamd-artikel-i-ungarsk-grammatik\/\">ungarsk grammatik<\/a> \u00e4r en viktig del av att bem\u00e4stra spr\u00e5ket, eftersom det hj\u00e4lper till att uttrycka skillnader och likheter mellan objekt, personer eller situationer p\u00e5 ett korrekt och nyanserat s\u00e4tt. Genom att f\u00f6rst\u00e5 hur man bildar och anv\u00e4nder dessa adjektiv kan du f\u00f6rb\u00e4ttra din kommunikativa f\u00f6rm\u00e5ga betydligt. <a href=\"https:\/\/talkpal.ai\/ko\/ai-%ec%96%b8%ec%96%b4-%ea%b5%90%ec%82%ac\/\">Talkpal<\/a> \u00e4r en utm\u00e4rkt plattform f\u00f6r att l\u00e4ra sig detta, d\u00e5 den erbjuder interaktiva lektioner och \u00f6vningar som g\u00f6r grammatikinl\u00e4rningen b\u00e5de rolig och effektiv.<\/p>\n<h2>Grundl\u00e4ggande om adjektiv i ungerska<\/h2>\n<p>Innan vi g\u00e5r in p\u00e5 j\u00e4mf\u00f6rande adjektiv \u00e4r det viktigt att ha en grundl\u00e4ggande f\u00f6rst\u00e5else f\u00f6r hur adjektiv fungerar i <a href=\"https:\/\/talkpal.ai\/learn-hungarian\/\">ungerska<\/a>. Adjektiv anv\u00e4nds f\u00f6r att beskriva egenskaper hos substantiv och b\u00f6js inte efter genus, men de kan b\u00f6jas efter kasus och numerus n\u00e4r de anv\u00e4nds attributivt.<\/p>\n<ul>\n<li><strong>Plats i meningen:<\/strong> Adjektiv kommer vanligtvis f\u00f6re substantivet de beskriver.<\/li>\n<li><strong>B\u00f6jning:<\/strong> Adjektiv \u00e4ndras f\u00f6r att anpassa sig till substantivets kasus och numerus, men <a href=\"https:\/\/talkpal.ai\/culture\/how-do-i-use-det-finns-correctly\/\">det finns<\/a> inga genusformer.<\/li>\n<li><strong>Exempel:<\/strong> <em>nagy h\u00e1z<\/em> (stor hus), <em>k\u00e9k aut\u00f3<\/em> (bl\u00e5 bil).<\/li>\n<\/ul>\n<h2>Vad \u00e4r j\u00e4mf\u00f6rande adjektiv?<\/h2>\n<p>J\u00e4mf\u00f6rande adjektiv, eller komparativ, anv\u00e4nds f\u00f6r att j\u00e4mf\u00f6ra tv\u00e5 eller flera saker och uttrycka en skillnad i egenskaper. I ungerska finns det s\u00e4rskilda regler och former f\u00f6r hur dessa adjektiv bildas och anv\u00e4nds, vilket skiljer sig fr\u00e5n exempelvis <a href=\"https:\/\/talkpal.ai\/learn-swedish\/\">svenska<\/a> eller <a href=\"https:\/\/talkpal.ai\/learn-english-with-ai\/\">engelska<\/a>.<\/p>\n<h3>J\u00e4mf\u00f6relse av egenskaper<\/h3>\n<p>J\u00e4mf\u00f6rande adjektiv anv\u00e4nds f\u00f6r att uttrycka att n\u00e5got har en h\u00f6gre eller l\u00e4gre grad av en viss egenskap j\u00e4mf\u00f6rt med n\u00e5got annat. Exempel p\u00e5 meningar \u00e4r:<\/p>\n<ul>\n<li><em>Az aut\u00f3 gyorsabb, mint a motorbicikli.<\/em> (Bilen \u00e4r snabbare \u00e4n motorcykeln.)<\/li>\n<li><em>A h\u00e1z nagyobb, mint az el\u0151z\u0151.<\/em> (Huset \u00e4r st\u00f6rre \u00e4n det f\u00f6rra.)<\/li>\n<\/ul>\n<h2>Hur bildas j\u00e4mf\u00f6rande adjektiv i ungerska?<\/h2>\n<p><a href=\"https:\/\/talkpal.ai\/culture\/how-do-i-use-det-finns-correctly\/\">Det finns<\/a> flera metoder att bilda komparativ i ungerska, beroende p\u00e5 adjektivets struktur och ljud. De vanligaste formerna \u00e4r:<\/p>\n<h3>1. Suffixet <em>-abb<\/em> eller <em>-ebb<\/em><\/h3>\n<p>Det mest anv\u00e4nda s\u00e4ttet att bilda komparativ \u00e4r att l\u00e4gga till suffixet <em>-abb<\/em> eller <em>-ebb<\/em> till grundformen av adjektivet. Vilket suffix som anv\u00e4nds beror p\u00e5 vokalen i adjektivet.<\/p>\n<ul>\n<li><strong>-abb<\/strong> anv\u00e4nds efter adjektiv med bakre vokaler (a, \u00e1, o, \u00f3, u, \u00fa).<\/li>\n<li><strong>-ebb<\/strong> anv\u00e4nds efter adjektiv med fr\u00e4mre vokaler (e, \u00e9, i, \u00ed, \u00f6, \u0151, \u00fc, \u0171).<\/li>\n<\/ul>\n<p><strong>Exempel:<\/strong><\/p>\n<ul>\n<li><em>nagy<\/em> (stor) \u2192 <em>nagyabb<\/em> (st\u00f6rre)<\/li>\n<li><em>kicsi<\/em> (liten) \u2192 <em>kisebb<\/em> (mindre)<\/li>\n<li><em>gyors<\/em> (snabb) \u2192 <em>gyorsabb<\/em> (snabbare)<\/li>\n<li><em>sz\u00e9p<\/em> (vacker) \u2192 <em>szebb<\/em> (vackrare)<\/li>\n<\/ul>\n<h3>2. Oregelbundna komparativformer<\/h3>\n<p>Precis som i m\u00e5nga spr\u00e5k finns det oregelbundna adjektiv som inte f\u00f6ljer standardm\u00f6nstret f\u00f6r komparativbildning. N\u00e5gra vanliga oregelbundna komparativ \u00e4r:<\/p>\n<ul>\n<li><em>j\u00f3<\/em> (<a href=\"https:\/\/talkpal.ai\/locations\/learn-english-in-bra\/\">bra<\/a>) \u2192 <em>jobb<\/em> (b\u00e4ttre)<\/li>\n<li><em>rossz<\/em> (d\u00e5lig) \u2192 <em>rosszabb<\/em> (s\u00e4mre)<\/li>\n<\/ul>\n<p>Dessa m\u00e5ste l\u00e4ras utantill eftersom de inte f\u00f6ljer reglerna f\u00f6r suffixering.<\/p>\n<h3>3. J\u00e4mf\u00f6relse med hj\u00e4lp av ordet <em>\u201cmint\u201d<\/em><\/h3>\n<p>F\u00f6r att j\u00e4mf\u00f6ra tv\u00e5 substantiv anv\u00e4nds ofta ordet <em>\u201cmint\u201d<\/em> som motsvarar svenska \u201c\u00e4n\u201d. Det placeras efter det substantiv eller pronomen som j\u00e4mf\u00f6relsen g\u00f6rs med.<\/p>\n<p><strong>Exempel:<\/strong> <em>\u0150 okosabb, mint \u00e9n.<\/em> (Han\/hon \u00e4r smartare \u00e4n jag.)<\/p>\n<h2>Grammatiska regler f\u00f6r j\u00e4mf\u00f6rande adjektiv<\/h2>\n<h3>Kasusb\u00f6jning<\/h3>\n<p>Precis som grundformen av adjektiv, kan \u00e4ven komparativa adjektiv b\u00f6jas efter kasus n\u00e4r de anv\u00e4nds attributivt. Exempelvis:<\/p>\n<ul>\n<li><em>a nagyobb h\u00e1z<\/em> (det st\u00f6rre huset \u2013 nominativ)<\/li>\n<li><em>a nagyobb h\u00e1zban<\/em> (i det st\u00f6rre huset \u2013 inessiv)<\/li>\n<\/ul>\n<h3>Numerus och best\u00e4mdhet<\/h3>\n<p>Adjektiv i ungerska \u00e4ndras ocks\u00e5 f\u00f6r att matcha substantivets numerus och best\u00e4mdhet i vissa konstruktioner, s\u00e4rskilt i verbfraser med best\u00e4md objekt.<\/p>\n<p><em>Plurals: <\/em> <em>nagyobb h\u00e1zak<\/em> (st\u00f6rre hus)<\/p>\n<h2>Anv\u00e4ndning av j\u00e4mf\u00f6rande adjektiv i meningar<\/h2>\n<p>F\u00f6r att f\u00f6rb\u00e4ttra din f\u00f6rst\u00e5else av j\u00e4mf\u00f6rande adjektiv i ungerska \u00e4r det viktigt att se hur de anv\u00e4nds i olika kontext.<\/p>\n<h3>J\u00e4mf\u00f6relse mellan tv\u00e5 saker<\/h3>\n<ul>\n<li><em>A k\u00f6nyv \u00e9rdekesebb, mint a film.<\/em> (Boken \u00e4r mer intressant \u00e4n filmen.)<\/li>\n<li><em>A kutya gyorsabb, mint a macska.<\/em> (Hunden \u00e4r snabbare \u00e4n katten.)<\/li>\n<\/ul>\n<h3>J\u00e4mf\u00f6relse med superlativ och andra grader<\/h3>\n<p>Ungerska har \u00e4ven en superlativform som uttrycker \u201cmest\u201d eller \u201c-ast\/-\u00e4st\u201d. Superlativ bildas ofta med prefixet <em>leg-<\/em> f\u00f6re komparativformen.<\/p>\n<ul>\n<li><em>legnagyobb<\/em> (st\u00f6rst)<\/li>\n<li><em>leggyorsabb<\/em> (snabbast)<\/li>\n<\/ul>\n<p>Exempel: <em>\u0150 a legjobb di\u00e1k.<\/em> (Han\/hon \u00e4r den b\u00e4sta eleven.)<\/p>\n<h2>Vanliga misstag och tips f\u00f6r inl\u00e4rning<\/h2>\n<p>Att l\u00e4ra sig j\u00e4mf\u00f6rande adjektiv i ungersk grammatik kan vara utmanande, s\u00e4rskilt f\u00f6r svensktalande. H\u00e4r \u00e4r n\u00e5gra vanliga misstag att undvika och tips f\u00f6r effektiv inl\u00e4rning:<\/p>\n<ul>\n<li><strong>F\u00f6rv\u00e4xla suffixen:<\/strong> Kom ih\u00e5g skillnaden mellan <em>-abb<\/em> och <em>-ebb<\/em> baserat p\u00e5 vokalen i adjektivet.<\/li>\n<li><strong>Gl\u00f6m inte <em>mint<\/em> i j\u00e4mf\u00f6relser:<\/strong> Det \u00e4r n\u00f6dv\u00e4ndigt f\u00f6r att korrekt uttrycka \u201d\u00e4n\u201d i meningar.<\/li>\n<li><strong>L\u00e4r dig oregelbundna former:<\/strong> S\u00e4rskilt adjektiven <em>j\u00f3<\/em> och <em>rossz<\/em> har unika komparativ.<\/li>\n<li><strong>Anv\u00e4nd Talkpal:<\/strong> Praktiska \u00f6vningar och interaktiva lektioner hj\u00e4lper dig att internalisera reglerna.<\/li>\n<\/ul>\n<h2>Sammanfattning<\/h2>\n<p>Att bem\u00e4stra j\u00e4mf\u00f6rande adjektiv i ungersk grammatik \u00e4r avg\u00f6rande f\u00f6r att kunna uttrycka nyanserade j\u00e4mf\u00f6relser. Genom att f\u00f6rst\u00e5 suffixreglerna, anv\u00e4ndningen av <em>mint<\/em> och att k\u00e4nna till oregelbundna former kan du kommunicera mycket mer precist och naturligt p\u00e5 ungerska. F\u00f6r att g\u00f6ra inl\u00e4rningsprocessen enklare och mer effektiv rekommenderas starkt att anv\u00e4nda verktyg som Talkpal, som erbjuder strukturerade och interaktiva s\u00e4tt att tr\u00e4na dessa grammatiska konstruktioner.<\/p>\n","protected":false},"featured_media":1527772,"template":"","language":[7756,7738],"class_list":["post-1099934","grammar","type-grammar","status-publish","has-post-thumbnail","hentry","language-adjektiv-ungersk-grammatik","language-ungerska"],"acf":[],"yoast_head":"<!-- This site is optimized with the Yoast SEO Premium plugin v27.2 (Yoast SEO v27.2) - https:\/\/yoast.com\/product\/yoast-seo-premium-wordpress\/ -->\n<title>J\u00e4mf\u00f6rande adjektiv i ungarsk grammatik - Talkpal<\/title>\n<meta name=\"description\" content=\"Att l\u00e4ra sig j\u00e4mf\u00f6rande adjektiv i ungarsk grammatik \u00e4r en viktig del av att bem\u00e4stra spr\u00e5ket, eftersom det hj\u00e4lper till att uttrycka skillnader och\" \/>\n<meta name=\"robots\" content=\"index, follow, max-snippet:-1, max-image-preview:large, max-video-preview:-1\" \/>\n<link rel=\"canonical\" href=\"https:\/\/talkpal.ai\/sv\/grammar\/jamforande-adjektiv-i-ungarsk-grammatik\/\" \/>\n<meta property=\"og:locale\" content=\"sv_SE\" \/>\n<meta property=\"og:type\" content=\"article\" \/>\n<meta property=\"og:title\" content=\"J\u00e4mf\u00f6rande adjektiv i ungarsk grammatik\" \/>\n<meta property=\"og:description\" content=\"Att l\u00e4ra sig j\u00e4mf\u00f6rande adjektiv i ungarsk grammatik \u00e4r en viktig del av att bem\u00e4stra spr\u00e5ket, eftersom det hj\u00e4lper till att uttrycka skillnader och\" \/>\n<meta property=\"og:url\" content=\"https:\/\/talkpal.ai\/sv\/grammar\/jamforande-adjektiv-i-ungarsk-grammatik\/\" \/>\n<meta property=\"og:site_name\" content=\"Talkpal\" \/>\n<meta property=\"article:publisher\" content=\"https:\/\/www.facebook.com\/profile.php?id=100090733639311\" \/>\n<meta property=\"og:image\" content=\"https:\/\/talkpal.ai\/wp-content\/uploads\/2025\/02\/Progress-tab-16_9.png\" \/>\n\t<meta property=\"og:image:width\" content=\"2880\" \/>\n\t<meta property=\"og:image:height\" content=\"1620\" \/>\n\t<meta property=\"og:image:type\" content=\"image\/png\" \/>\n<meta name=\"twitter:card\" content=\"summary_large_image\" \/>\n<meta name=\"twitter:site\" content=\"@talkpalai\" \/>\n<meta name=\"twitter:label1\" content=\"Ber\u00e4knad l\u00e4stid\" \/>\n\t<meta name=\"twitter:data1\" content=\"5 minuter\" \/>\n<script type=\"application\/ld+json\" class=\"yoast-schema-graph\">{\"@context\":\"https:\/\/schema.org\",\"@graph\":[{\"@type\":\"WebPage\",\"@id\":\"https:\/\/talkpal.ai\/sv\/grammar\/jamforande-adjektiv-i-ungarsk-grammatik\/\",\"url\":\"https:\/\/talkpal.ai\/sv\/grammar\/jamforande-adjektiv-i-ungarsk-grammatik\/\",\"name\":\"J\u00e4mf\u00f6rande adjektiv i ungarsk grammatik - Talkpal\",\"isPartOf\":{\"@id\":\"https:\/\/talkpal.ai\/sv\/#website\"},\"primaryImageOfPage\":{\"@id\":\"https:\/\/talkpal.ai\/sv\/grammar\/jamforande-adjektiv-i-ungarsk-grammatik\/#primaryimage\"},\"image\":{\"@id\":\"https:\/\/talkpal.ai\/sv\/grammar\/jamforande-adjektiv-i-ungarsk-grammatik\/#primaryimage\"},\"thumbnailUrl\":\"https:\/\/talkpal.ai\/wp-content\/uploads\/2025\/12\/man-is-studying-to-learn-languages.webp\",\"datePublished\":\"2025-07-03T10:17:47+00:00\",\"description\":\"Att l\u00e4ra sig j\u00e4mf\u00f6rande adjektiv i ungarsk grammatik \u00e4r en viktig del av att bem\u00e4stra spr\u00e5ket, eftersom det hj\u00e4lper till att uttrycka skillnader och\",\"breadcrumb\":{\"@id\":\"https:\/\/talkpal.ai\/sv\/grammar\/jamforande-adjektiv-i-ungarsk-grammatik\/#breadcrumb\"},\"inLanguage\":\"sv-SE\",\"potentialAction\":[{\"@type\":\"ReadAction\",\"target\":[\"https:\/\/talkpal.ai\/sv\/grammar\/jamforande-adjektiv-i-ungarsk-grammatik\/\"]}]},{\"@type\":\"ImageObject\",\"inLanguage\":\"sv-SE\",\"@id\":\"https:\/\/talkpal.ai\/sv\/grammar\/jamforande-adjektiv-i-ungarsk-grammatik\/#primaryimage\",\"url\":\"https:\/\/talkpal.ai\/wp-content\/uploads\/2025\/12\/man-is-studying-to-learn-languages.webp\",\"contentUrl\":\"https:\/\/talkpal.ai\/wp-content\/uploads\/2025\/12\/man-is-studying-to-learn-languages.webp\",\"width\":1200,\"height\":896,\"caption\":\"A bearded man writes in a book for learning languages at a desk with warm sunlight.\"},{\"@type\":\"BreadcrumbList\",\"@id\":\"https:\/\/talkpal.ai\/sv\/grammar\/jamforande-adjektiv-i-ungarsk-grammatik\/#breadcrumb\",\"itemListElement\":[{\"@type\":\"ListItem\",\"position\":1,\"name\":\"Homepage\",\"item\":\"https:\/\/talkpal.ai\/sv\/\"},{\"@type\":\"ListItem\",\"position\":2,\"name\":\"J\u00e4mf\u00f6rande adjektiv i ungarsk grammatik\"}]},{\"@type\":\"WebSite\",\"@id\":\"https:\/\/talkpal.ai\/sv\/#website\",\"url\":\"https:\/\/talkpal.ai\/sv\/\",\"name\":\"Talkpal\",\"description\":\"AI Language Learning\",\"publisher\":{\"@id\":\"https:\/\/talkpal.ai\/sv\/#organization\"},\"alternateName\":\"Talkpal AI\",\"potentialAction\":[{\"@type\":\"SearchAction\",\"target\":{\"@type\":\"EntryPoint\",\"urlTemplate\":\"https:\/\/talkpal.ai\/sv\/?s={search_term_string}\"},\"query-input\":{\"@type\":\"PropertyValueSpecification\",\"valueRequired\":true,\"valueName\":\"search_term_string\"}}],\"inLanguage\":\"sv-SE\"},{\"@type\":\"Organization\",\"@id\":\"https:\/\/talkpal.ai\/sv\/#organization\",\"name\":\"Talkpal, Inc.\",\"alternateName\":\"Talkpal AI\",\"url\":\"https:\/\/talkpal.ai\/sv\/\",\"logo\":{\"@type\":\"ImageObject\",\"inLanguage\":\"sv-SE\",\"@id\":\"https:\/\/talkpal.ai\/sv\/#\/schema\/logo\/image\/\",\"url\":\"https:\/\/talkpal.ai\/wp-content\/uploads\/2024\/03\/Talkpal-Logo-Icon.png\",\"contentUrl\":\"https:\/\/talkpal.ai\/wp-content\/uploads\/2024\/03\/Talkpal-Logo-Icon.png\",\"width\":2880,\"height\":2880,\"caption\":\"Talkpal, Inc.\"},\"image\":{\"@id\":\"https:\/\/talkpal.ai\/sv\/#\/schema\/logo\/image\/\"},\"sameAs\":[\"https:\/\/www.facebook.com\/profile.php?id=100090733639311\",\"https:\/\/x.com\/talkpalai\",\"https:\/\/www.linkedin.com\/company\/talkpal\/\",\"https:\/\/www.youtube.com\/@TalkPal\/\",\"https:\/\/www.tiktok.com\/@talkpal\",\"https:\/\/www.instagram.com\/talkpal_ai\/\",\"https:\/\/www.crunchbase.com\/organization\/talkpal-9cde\",\"https:\/\/www.g2.com\/products\/talkpal-for-business\/\",\"https:\/\/www.trustpilot.com\/review\/talkpal.ai\",\"https:\/\/www.capterra.com\/p\/10006800\/TalkPal\/\"],\"description\":\"Talkpal is a language learning web and mobile education app, powered by the latest AI technologies, that provides engaging experiences to its customers in many different languages to help them improve their language skills. Users can chat about unlimited amount of topics with the app and use other modes to practice their language learning.\",\"email\":\"support@talkpal.ai\",\"legalName\":\"Talkpal, Inc.\",\"foundingDate\":\"2023-04-03\",\"duns\":\"118989042\",\"numberOfEmployees\":{\"@type\":\"QuantitativeValue\",\"minValue\":\"11\",\"maxValue\":\"50\"},\"publishingPrinciples\":\"https:\/\/talkpal.ai\/publishing-principles\/\",\"actionableFeedbackPolicy\":\"https:\/\/talkpal.ai\/actionable-feedback-policy\/\",\"correctionsPolicy\":\"https:\/\/talkpal.ai\/corrections-policy\/\",\"ethicsPolicy\":\"https:\/\/talkpal.ai\/ethics-policy\/\",\"diversityPolicy\":\"https:\/\/talkpal.ai\/diversity-policy\/\",\"diversityStaffingReport\":\"https:\/\/talkpal.ai\/diversity-policy\/\"}]}<\/script>\n<!-- \/ Yoast SEO Premium plugin. -->","yoast_head_json":{"title":"J\u00e4mf\u00f6rande adjektiv i ungarsk grammatik - Talkpal","description":"Att l\u00e4ra sig j\u00e4mf\u00f6rande adjektiv i ungarsk grammatik \u00e4r en viktig del av att bem\u00e4stra spr\u00e5ket, eftersom det hj\u00e4lper till att uttrycka skillnader och","robots":{"index":"index","follow":"follow","max-snippet":"max-snippet:-1","max-image-preview":"max-image-preview:large","max-video-preview":"max-video-preview:-1"},"canonical":"https:\/\/talkpal.ai\/sv\/grammar\/jamforande-adjektiv-i-ungarsk-grammatik\/","og_locale":"sv_SE","og_type":"article","og_title":"J\u00e4mf\u00f6rande adjektiv i ungarsk grammatik","og_description":"Att l\u00e4ra sig j\u00e4mf\u00f6rande adjektiv i ungarsk grammatik \u00e4r en viktig del av att bem\u00e4stra spr\u00e5ket, eftersom det hj\u00e4lper till att uttrycka skillnader och","og_url":"https:\/\/talkpal.ai\/sv\/grammar\/jamforande-adjektiv-i-ungarsk-grammatik\/","og_site_name":"Talkpal","article_publisher":"https:\/\/www.facebook.com\/profile.php?id=100090733639311","og_image":[{"width":2880,"height":1620,"url":"https:\/\/talkpal.ai\/wp-content\/uploads\/2025\/02\/Progress-tab-16_9.png","type":"image\/png"}],"twitter_card":"summary_large_image","twitter_site":"@talkpalai","twitter_misc":{"Ber\u00e4knad l\u00e4stid":"5 minuter"},"schema":{"@context":"https:\/\/schema.org","@graph":[{"@type":"WebPage","@id":"https:\/\/talkpal.ai\/sv\/grammar\/jamforande-adjektiv-i-ungarsk-grammatik\/","url":"https:\/\/talkpal.ai\/sv\/grammar\/jamforande-adjektiv-i-ungarsk-grammatik\/","name":"J\u00e4mf\u00f6rande adjektiv i ungarsk grammatik - Talkpal","isPartOf":{"@id":"https:\/\/talkpal.ai\/sv\/#website"},"primaryImageOfPage":{"@id":"https:\/\/talkpal.ai\/sv\/grammar\/jamforande-adjektiv-i-ungarsk-grammatik\/#primaryimage"},"image":{"@id":"https:\/\/talkpal.ai\/sv\/grammar\/jamforande-adjektiv-i-ungarsk-grammatik\/#primaryimage"},"thumbnailUrl":"https:\/\/talkpal.ai\/wp-content\/uploads\/2025\/12\/man-is-studying-to-learn-languages.webp","datePublished":"2025-07-03T10:17:47+00:00","description":"Att l\u00e4ra sig j\u00e4mf\u00f6rande adjektiv i ungarsk grammatik \u00e4r en viktig del av att bem\u00e4stra spr\u00e5ket, eftersom det hj\u00e4lper till att uttrycka skillnader och","breadcrumb":{"@id":"https:\/\/talkpal.ai\/sv\/grammar\/jamforande-adjektiv-i-ungarsk-grammatik\/#breadcrumb"},"inLanguage":"sv-SE","potentialAction":[{"@type":"ReadAction","target":["https:\/\/talkpal.ai\/sv\/grammar\/jamforande-adjektiv-i-ungarsk-grammatik\/"]}]},{"@type":"ImageObject","inLanguage":"sv-SE","@id":"https:\/\/talkpal.ai\/sv\/grammar\/jamforande-adjektiv-i-ungarsk-grammatik\/#primaryimage","url":"https:\/\/talkpal.ai\/wp-content\/uploads\/2025\/12\/man-is-studying-to-learn-languages.webp","contentUrl":"https:\/\/talkpal.ai\/wp-content\/uploads\/2025\/12\/man-is-studying-to-learn-languages.webp","width":1200,"height":896,"caption":"A bearded man writes in a book for learning languages at a desk with warm sunlight."},{"@type":"BreadcrumbList","@id":"https:\/\/talkpal.ai\/sv\/grammar\/jamforande-adjektiv-i-ungarsk-grammatik\/#breadcrumb","itemListElement":[{"@type":"ListItem","position":1,"name":"Homepage","item":"https:\/\/talkpal.ai\/sv\/"},{"@type":"ListItem","position":2,"name":"J\u00e4mf\u00f6rande adjektiv i ungarsk grammatik"}]},{"@type":"WebSite","@id":"https:\/\/talkpal.ai\/sv\/#website","url":"https:\/\/talkpal.ai\/sv\/","name":"Talkpal","description":"AI Language Learning","publisher":{"@id":"https:\/\/talkpal.ai\/sv\/#organization"},"alternateName":"Talkpal AI","potentialAction":[{"@type":"SearchAction","target":{"@type":"EntryPoint","urlTemplate":"https:\/\/talkpal.ai\/sv\/?s={search_term_string}"},"query-input":{"@type":"PropertyValueSpecification","valueRequired":true,"valueName":"search_term_string"}}],"inLanguage":"sv-SE"},{"@type":"Organization","@id":"https:\/\/talkpal.ai\/sv\/#organization","name":"Talkpal, Inc.","alternateName":"Talkpal AI","url":"https:\/\/talkpal.ai\/sv\/","logo":{"@type":"ImageObject","inLanguage":"sv-SE","@id":"https:\/\/talkpal.ai\/sv\/#\/schema\/logo\/image\/","url":"https:\/\/talkpal.ai\/wp-content\/uploads\/2024\/03\/Talkpal-Logo-Icon.png","contentUrl":"https:\/\/talkpal.ai\/wp-content\/uploads\/2024\/03\/Talkpal-Logo-Icon.png","width":2880,"height":2880,"caption":"Talkpal, Inc."},"image":{"@id":"https:\/\/talkpal.ai\/sv\/#\/schema\/logo\/image\/"},"sameAs":["https:\/\/www.facebook.com\/profile.php?id=100090733639311","https:\/\/x.com\/talkpalai","https:\/\/www.linkedin.com\/company\/talkpal\/","https:\/\/www.youtube.com\/@TalkPal\/","https:\/\/www.tiktok.com\/@talkpal","https:\/\/www.instagram.com\/talkpal_ai\/","https:\/\/www.crunchbase.com\/organization\/talkpal-9cde","https:\/\/www.g2.com\/products\/talkpal-for-business\/","https:\/\/www.trustpilot.com\/review\/talkpal.ai","https:\/\/www.capterra.com\/p\/10006800\/TalkPal\/"],"description":"Talkpal is a language learning web and mobile education app, powered by the latest AI technologies, that provides engaging experiences to its customers in many different languages to help them improve their language skills. Users can chat about unlimited amount of topics with the app and use other modes to practice their language learning.","email":"support@talkpal.ai","legalName":"Talkpal, Inc.","foundingDate":"2023-04-03","duns":"118989042","numberOfEmployees":{"@type":"QuantitativeValue","minValue":"11","maxValue":"50"},"publishingPrinciples":"https:\/\/talkpal.ai\/publishing-principles\/","actionableFeedbackPolicy":"https:\/\/talkpal.ai\/actionable-feedback-policy\/","correctionsPolicy":"https:\/\/talkpal.ai\/corrections-policy\/","ethicsPolicy":"https:\/\/talkpal.ai\/ethics-policy\/","diversityPolicy":"https:\/\/talkpal.ai\/diversity-policy\/","diversityStaffingReport":"https:\/\/talkpal.ai\/diversity-policy\/"}]}},"_links":{"self":[{"href":"https:\/\/talkpal.ai\/sv\/wp-json\/wp\/v2\/grammar\/1099934","targetHints":{"allow":["GET"]}}],"collection":[{"href":"https:\/\/talkpal.ai\/sv\/wp-json\/wp\/v2\/grammar"}],"about":[{"href":"https:\/\/talkpal.ai\/sv\/wp-json\/wp\/v2\/types\/grammar"}],"wp:featuredmedia":[{"embeddable":true,"href":"https:\/\/talkpal.ai\/sv\/wp-json\/wp\/v2\/media\/1527772"}],"wp:attachment":[{"href":"https:\/\/talkpal.ai\/sv\/wp-json\/wp\/v2\/media?parent=1099934"}],"wp:term":[{"taxonomy":"language","embeddable":true,"href":"https:\/\/talkpal.ai\/sv\/wp-json\/wp\/v2\/language?post=1099934"}],"curies":[{"name":"wp","href":"https:\/\/api.w.org\/{rel}","templated":true}]}}