{"id":1099904,"date":"2025-07-03T10:16:17","date_gmt":"2025-07-03T10:16:17","guid":{"rendered":"https:\/\/talkpal.ai\/grammar\/modala-verb-i-ungarsk-grammatik\/"},"modified":"2025-07-03T10:16:17","modified_gmt":"2025-07-03T10:16:17","slug":"modala-verb-i-ungarsk-grammatik","status":"publish","type":"grammar","link":"https:\/\/talkpal.ai\/sv\/grammar\/modala-verb-i-ungarsk-grammatik\/","title":{"rendered":"Modala verb i ungarsk grammatik"},"content":{"rendered":"<p>Att l\u00e4ra sig modala verb i <a href=\"https:\/\/talkpal.ai\/sv\/grammar\/obestamd-artikel-i-ungarsk-grammatik\/\">ungarsk grammatik<\/a> \u00e4r en viktig del av att beh\u00e4rska spr\u00e5ket eftersom dessa verb uttrycker n\u00f6dv\u00e4ndighet, m\u00f6jlighet, vilja och andra modaliteter som \u00e4r avg\u00f6rande f\u00f6r att kommunicera effektivt. <a href=\"https:\/\/talkpal.ai\/learn-hungarian\/\">Ungerska<\/a> modala verb skiljer sig i struktur och anv\u00e4ndning j\u00e4mf\u00f6rt med <a href=\"https:\/\/talkpal.ai\/learn-swedish\/\">svenska<\/a> och andra europeiska spr\u00e5k, vilket kan g\u00f6ra dem utmanande f\u00f6r spr\u00e5kstudenter. Genom att anv\u00e4nda verktyg som <a href=\"https:\/\/talkpal.ai\/ko\/ai-%ec%96%b8%ec%96%b4-%ea%b5%90%ec%82%ac\/\">Talkpal<\/a> kan du enkelt \u00f6va och f\u00f6rb\u00e4ttra din f\u00f6rst\u00e5else f\u00f6r dessa verb, vilket g\u00f6r inl\u00e4rningsprocessen b\u00e5de interaktiv och effektiv. Denna artikel ger en djupg\u00e5ende genomg\u00e5ng av modala verb i <a href=\"https:\/\/talkpal.ai\/sv\/grammar\/kon-och-ungersk-grammatik\/\">ungersk grammatik<\/a>, inklusive deras former, anv\u00e4ndning och viktiga skillnader i j\u00e4mf\u00f6relse med svenska, f\u00f6r att hj\u00e4lpa dig n\u00e5 en h\u00f6gre niv\u00e5 i spr\u00e5ket.<\/p>\n<h2>Vad \u00e4r modala verb i ungersk grammatik?<\/h2>\n<p>Modala verb \u00e4r en kategori av hj\u00e4lpverb som uttrycker talarens attityd till handlingen eller tillst\u00e5ndet i huvudsatsen. De anv\u00e4nds f\u00f6r att indikera m\u00f6jlighet, n\u00f6dv\u00e4ndighet, f\u00f6rm\u00e5ga, till\u00e5telse eller \u00f6nskan. I ungerskan \u00e4r modala verb s\u00e4rskilt viktiga eftersom de styr verbets modus och p\u00e5verkar satsens betydelse p\u00e5 ett s\u00e4tt som skiljer sig fr\u00e5n m\u00e5nga andra spr\u00e5k.<\/p>\n<h3>Grundl\u00e4ggande modala verb i ungerskan<\/h3>\n<ul>\n<li><strong>tud<\/strong> \u2013 kan, att kunna (f\u00f6rm\u00e5ga)<\/li>\n<li><strong>kell<\/strong> \u2013 m\u00e5ste, att beh\u00f6va (n\u00f6dv\u00e4ndighet)<\/li>\n<li><strong>szabad<\/strong> \u2013 f\u00e5r, att ha till\u00e5telse<\/li>\n<li><strong>akar<\/strong> \u2013 vill, att vilja<\/li>\n<li><strong>lehet<\/strong> \u2013 kan, m\u00f6jlighet<\/li>\n<\/ul>\n<p>Dessa modala verb anv\u00e4nds ofta i kombination med infinitiv f\u00f6r att bilda meningar som uttrycker olika modaliteter.<\/p>\n<h2>Modala verbens b\u00f6jning och anv\u00e4ndning<\/h2>\n<h3>B\u00f6jning av modala verb<\/h3>\n<p>Modala verb i ungerskan b\u00f6js efter subjektet, precis som <a href=\"https:\/\/talkpal.ai\/sv\/grammar\/vanliga-verb-i-maori-grammatik\/\">vanliga verb<\/a>. De f\u00f6ljer vanliga personb\u00f6jningsm\u00f6nster men har vissa unika egenskaper n\u00e4r de kombineras med andra verb.<\/p>\n<table>\n<thead>\n<tr>\n<th>Verb<\/th>\n<th>Jag (\u00e9n)<\/th>\n<th>Du (te)<\/th>\n<th>Han\/Hon (\u0151)<\/th>\n<th>Vi (mi)<\/th>\n<th>Ni (ti)<\/th>\n<th>De (\u0151k)<\/th>\n<\/tr>\n<\/thead>\n<tbody>\n<tr>\n<td>tud (kunna)<\/td>\n<td>tudok<\/td>\n<td>tudsz<\/td>\n<td>tud<\/td>\n<td>tudunk<\/td>\n<td>tudtok<\/td>\n<td>tudnak<\/td>\n<\/tr>\n<tr>\n<td>kell (m\u00e5ste)<\/td>\n<td>kell<\/td>\n<td>kell<\/td>\n<td>kell<\/td>\n<td>kell<\/td>\n<td>kell<\/td>\n<td>kell<\/td>\n<\/tr>\n<tr>\n<td>szabad (f\u00e5r)<\/td>\n<td>szabad<\/td>\n<td>szabad<\/td>\n<td>szabad<\/td>\n<td>szabad<\/td>\n<td>szabad<\/td>\n<td>szabad<\/td>\n<\/tr>\n<tr>\n<td>akar (vill)<\/td>\n<td>akarok<\/td>\n<td>akarsz<\/td>\n<td>akar<\/td>\n<td>akarunk<\/td>\n<td>akartok<\/td>\n<td>akarnak<\/td>\n<\/tr>\n<tr>\n<td>lehet (kan, m\u00f6jlighet)<\/td>\n<td>lehet<\/td>\n<td>lehet<\/td>\n<td>lehet<\/td>\n<td>lehet<\/td>\n<td>lehet<\/td>\n<td>lehet<\/td>\n<\/tr>\n<\/tbody>\n<\/table>\n<p>Observera att vissa modala verb som <em>kell<\/em>, <em>szabad<\/em> och <em>lehet<\/em> \u00e4r ob\u00f6jliga i presens och anv\u00e4nds ofta i samma form oavsett subjekt.<\/p>\n<h3>Anv\u00e4ndning av modala verb i meningar<\/h3>\n<p>Modala verb kombineras alltid med huvudverbets infinitivform f\u00f6r att uttrycka modalitet. H\u00e4r \u00e4r exempel p\u00e5 hur de anv\u00e4nds i olika sammanhang:<\/p>\n<ul>\n<li><strong>Tudok besz\u00e9lni magyarul.<\/strong> \u2013 Jag kan <a href=\"https:\/\/talkpal.ai\/locations\/language-courses-in-tala\/\">tala<\/a> <a href=\"https:\/\/talkpal.ai\/learn-hungarian\/\">ungerska<\/a>.<\/li>\n<li><strong>Meg kell tanulnod a szavakat.<\/strong> \u2013 Du m\u00e5ste l\u00e4ra dig orden.<\/li>\n<li><strong>Szabad bemennem a szob\u00e1ba?<\/strong> \u2013 F\u00e5r jag g\u00e5 in i rummet?<\/li>\n<li><strong>Akarok enni.<\/strong> \u2013 Jag vill \u00e4ta.<\/li>\n<li><strong>Lehet esni ma.<\/strong> \u2013 Det kan regna idag.<\/li>\n<\/ul>\n<h2>Skillnader mellan modala verb i ungerska och svenska<\/h2>\n<p>Trots att b\u00e5de ungerska och svenska anv\u00e4nder modala verb f\u00f6r att uttrycka liknande modaliteter, finns viktiga skillnader i deras grammatiska funktion och b\u00f6jningsm\u00f6nster.<\/p>\n<h3>Infinitivens roll<\/h3>\n<p>I svenska f\u00f6ljs modala hj\u00e4lpverb oftast av en infinitiv utan att markeras med \u201datt\u201d (t.ex. \u201dkan g\u00e5\u201d, \u201dm\u00e5ste stanna\u201d). I ungerska \u00e4r huvudverbet i infinitiv ocks\u00e5 obligatoriskt, men modala verb p\u00e5verkar ofta verbets aspekt och ordf\u00f6ljd mer komplext.<\/p>\n<h3>B\u00f6jning och person\u00e4ndelser<\/h3>\n<p>Medan svenska modala verb b\u00f6js efter subjektets person och numerus, har ungerskan en blandning d\u00e4r vissa modala verb \u00e4r ob\u00f6jliga i presens (t.ex. kell, szabad) och andra b\u00f6js fullt ut (t.ex. tud, akar). Detta kan skapa f\u00f6rvirring f\u00f6r svenska talare som \u00e4r vana vid en mer enhetlig b\u00f6jningsstruktur.<\/p>\n<h3>Anv\u00e4ndning av negation<\/h3>\n<p>Negation i ungerska modala verb skiljer sig ocks\u00e5 fr\u00e5n svenska. Negationen placeras framf\u00f6r modala verbet och p\u00e5verkar hela satsen. Exempel:<\/p>\n<ul>\n<li><strong>Nem tudok j\u00f6nni.<\/strong> \u2013 Jag kan inte komma.<\/li>\n<li><strong>Nem kell menned.<\/strong> \u2013 Du beh\u00f6ver inte g\u00e5.<\/li>\n<\/ul>\n<h2>Vanliga fallgropar vid inl\u00e4rning av modala verb i ungerska<\/h2>\n<p>F\u00f6r svenska studenter finns flera utmaningar n\u00e4r det g\u00e4ller att l\u00e4ra sig modala verb i ungersk grammatik. H\u00e4r \u00e4r n\u00e5gra av de vanligaste fallgroparna:<\/p>\n<ul>\n<li><strong>Felaktig b\u00f6jning:<\/strong> Att b\u00f6ja verb som \u00e4r ob\u00f6jliga eller att ignorera personb\u00f6jning kan leda till grammatiska fel.<\/li>\n<li><strong>Felaktig ordf\u00f6ljd:<\/strong> Ungerskan har striktare regler f\u00f6r ordf\u00f6ljd n\u00e4r modala verb anv\u00e4nds, s\u00e4rskilt i nekande satser.<\/li>\n<li><strong>F\u00f6rv\u00e4xling av modala verb:<\/strong> Att anv\u00e4nda <em>lehet<\/em> ist\u00e4llet f\u00f6r <em>tud<\/em> eller vice versa kan \u00e4ndra meningen avsev\u00e4rt eftersom de uttrycker olika nyanser av m\u00f6jlighet och f\u00f6rm\u00e5ga.<\/li>\n<li><strong>Negationens placering:<\/strong> Att placera negationen fel kan g\u00f6ra meningen obegriplig eller felaktig.<\/li>\n<\/ul>\n<h2>S\u00e5 l\u00e4r du dig modala verb effektivt med Talkpal<\/h2>\n<p>Talkpal \u00e4r en interaktiv plattform designad f\u00f6r att hj\u00e4lpa spr\u00e5kstudenter att bem\u00e4stra utmanande grammatiska strukturer som modala verb i ungerska. Genom att anv\u00e4nda Talkpal kan du:<\/p>\n<ul>\n<li>\u00d6va modala verb i olika kontexter med autentiska exempel.<\/li>\n<li>F\u00e5 omedelbar feedback p\u00e5 uttal och grammatik.<\/li>\n<li>Delta i konversations\u00f6vningar som st\u00e4rker f\u00f6rst\u00e5elsen av modala verb i vardagligt tal.<\/li>\n<li>Sp\u00e5ra din progression och fokusera p\u00e5 omr\u00e5den d\u00e4r du beh\u00f6ver f\u00f6rb\u00e4ttras.<\/li>\n<\/ul>\n<p>Med Talkpals hj\u00e4lp blir modala verb i ungersk grammatik mindre skr\u00e4mmande och du kan snabbare uppn\u00e5 flyt i spr\u00e5ket.<\/p>\n<h2>Sammanfattning<\/h2>\n<p>Modala verb \u00e4r en central del av ungersk grammatik som hj\u00e4lper till att uttrycka f\u00f6rm\u00e5ga, n\u00f6dv\u00e4ndighet, till\u00e5telse, vilja och m\u00f6jlighet. Genom att f\u00f6rst\u00e5 deras b\u00f6jningsm\u00f6nster, anv\u00e4ndning och skillnader gentemot svenska modala verb kan du kommunicera mer precist och naturligt p\u00e5 ungerska. Utmaningar som b\u00f6jning, ordf\u00f6ljd och negation kan \u00f6vervinnas med regelbunden \u00f6vning och r\u00e4tt hj\u00e4lpmedel. Talkpal erbjuder en utm\u00e4rkt plattform f\u00f6r att l\u00e4ra sig och \u00f6va modala verb i en praktisk och engagerande milj\u00f6, vilket g\u00f6r spr\u00e5kinl\u00e4rningen b\u00e5de roligare och mer effektiv.<\/p>\n","protected":false},"featured_media":1527927,"template":"","language":[7738,7748],"class_list":["post-1099904","grammar","type-grammar","status-publish","has-post-thumbnail","hentry","language-ungerska","language-verb-ungersk-grammatik"],"acf":[],"yoast_head":"<!-- This site is optimized with the Yoast SEO Premium plugin v27.2 (Yoast SEO v27.2) - https:\/\/yoast.com\/product\/yoast-seo-premium-wordpress\/ -->\n<title>Modala verb i ungarsk grammatik - Talkpal<\/title>\n<meta name=\"description\" content=\"Att l\u00e4ra sig modala verb i ungarsk grammatik \u00e4r en viktig del av att beh\u00e4rska spr\u00e5ket eftersom dessa verb uttrycker n\u00f6dv\u00e4ndighet, m\u00f6jlighet, vilja och\" \/>\n<meta name=\"robots\" content=\"index, follow, max-snippet:-1, max-image-preview:large, max-video-preview:-1\" \/>\n<link rel=\"canonical\" href=\"https:\/\/talkpal.ai\/sv\/grammar\/modala-verb-i-ungarsk-grammatik\/\" \/>\n<meta property=\"og:locale\" content=\"sv_SE\" \/>\n<meta property=\"og:type\" content=\"article\" \/>\n<meta property=\"og:title\" content=\"Modala verb i ungarsk grammatik\" \/>\n<meta property=\"og:description\" content=\"Att l\u00e4ra sig modala verb i ungarsk grammatik \u00e4r en viktig del av att beh\u00e4rska spr\u00e5ket eftersom dessa verb uttrycker n\u00f6dv\u00e4ndighet, m\u00f6jlighet, vilja och\" \/>\n<meta property=\"og:url\" content=\"https:\/\/talkpal.ai\/sv\/grammar\/modala-verb-i-ungarsk-grammatik\/\" \/>\n<meta property=\"og:site_name\" content=\"Talkpal\" \/>\n<meta property=\"article:publisher\" content=\"https:\/\/www.facebook.com\/profile.php?id=100090733639311\" \/>\n<meta property=\"og:image\" content=\"https:\/\/talkpal.ai\/wp-content\/uploads\/2025\/02\/Progress-tab-16_9.png\" \/>\n\t<meta property=\"og:image:width\" content=\"2880\" \/>\n\t<meta property=\"og:image:height\" content=\"1620\" \/>\n\t<meta property=\"og:image:type\" content=\"image\/png\" \/>\n<meta name=\"twitter:card\" content=\"summary_large_image\" \/>\n<meta name=\"twitter:site\" content=\"@talkpalai\" \/>\n<meta name=\"twitter:label1\" content=\"Ber\u00e4knad l\u00e4stid\" \/>\n\t<meta name=\"twitter:data1\" content=\"5 minuter\" \/>\n<script type=\"application\/ld+json\" class=\"yoast-schema-graph\">{\"@context\":\"https:\/\/schema.org\",\"@graph\":[{\"@type\":\"WebPage\",\"@id\":\"https:\/\/talkpal.ai\/sv\/grammar\/modala-verb-i-ungarsk-grammatik\/\",\"url\":\"https:\/\/talkpal.ai\/sv\/grammar\/modala-verb-i-ungarsk-grammatik\/\",\"name\":\"Modala verb i ungarsk grammatik - Talkpal\",\"isPartOf\":{\"@id\":\"https:\/\/talkpal.ai\/sv\/#website\"},\"primaryImageOfPage\":{\"@id\":\"https:\/\/talkpal.ai\/sv\/grammar\/modala-verb-i-ungarsk-grammatik\/#primaryimage\"},\"image\":{\"@id\":\"https:\/\/talkpal.ai\/sv\/grammar\/modala-verb-i-ungarsk-grammatik\/#primaryimage\"},\"thumbnailUrl\":\"https:\/\/talkpal.ai\/wp-content\/uploads\/2025\/12\/students-around-laptop-learning-languages.webp\",\"datePublished\":\"2025-07-03T10:16:17+00:00\",\"description\":\"Att l\u00e4ra sig modala verb i ungarsk grammatik \u00e4r en viktig del av att beh\u00e4rska spr\u00e5ket eftersom dessa verb uttrycker n\u00f6dv\u00e4ndighet, m\u00f6jlighet, vilja och\",\"breadcrumb\":{\"@id\":\"https:\/\/talkpal.ai\/sv\/grammar\/modala-verb-i-ungarsk-grammatik\/#breadcrumb\"},\"inLanguage\":\"sv-SE\",\"potentialAction\":[{\"@type\":\"ReadAction\",\"target\":[\"https:\/\/talkpal.ai\/sv\/grammar\/modala-verb-i-ungarsk-grammatik\/\"]}]},{\"@type\":\"ImageObject\",\"inLanguage\":\"sv-SE\",\"@id\":\"https:\/\/talkpal.ai\/sv\/grammar\/modala-verb-i-ungarsk-grammatik\/#primaryimage\",\"url\":\"https:\/\/talkpal.ai\/wp-content\/uploads\/2025\/12\/students-around-laptop-learning-languages.webp\",\"contentUrl\":\"https:\/\/talkpal.ai\/wp-content\/uploads\/2025\/12\/students-around-laptop-learning-languages.webp\",\"width\":1200,\"height\":896,\"caption\":\"A group of students gather closely around a laptop screen while learning languages.\"},{\"@type\":\"BreadcrumbList\",\"@id\":\"https:\/\/talkpal.ai\/sv\/grammar\/modala-verb-i-ungarsk-grammatik\/#breadcrumb\",\"itemListElement\":[{\"@type\":\"ListItem\",\"position\":1,\"name\":\"Homepage\",\"item\":\"https:\/\/talkpal.ai\/sv\/\"},{\"@type\":\"ListItem\",\"position\":2,\"name\":\"Modala verb i ungarsk grammatik\"}]},{\"@type\":\"WebSite\",\"@id\":\"https:\/\/talkpal.ai\/sv\/#website\",\"url\":\"https:\/\/talkpal.ai\/sv\/\",\"name\":\"Talkpal\",\"description\":\"AI Language Learning\",\"publisher\":{\"@id\":\"https:\/\/talkpal.ai\/sv\/#organization\"},\"alternateName\":\"Talkpal AI\",\"potentialAction\":[{\"@type\":\"SearchAction\",\"target\":{\"@type\":\"EntryPoint\",\"urlTemplate\":\"https:\/\/talkpal.ai\/sv\/?s={search_term_string}\"},\"query-input\":{\"@type\":\"PropertyValueSpecification\",\"valueRequired\":true,\"valueName\":\"search_term_string\"}}],\"inLanguage\":\"sv-SE\"},{\"@type\":\"Organization\",\"@id\":\"https:\/\/talkpal.ai\/sv\/#organization\",\"name\":\"Talkpal, Inc.\",\"alternateName\":\"Talkpal AI\",\"url\":\"https:\/\/talkpal.ai\/sv\/\",\"logo\":{\"@type\":\"ImageObject\",\"inLanguage\":\"sv-SE\",\"@id\":\"https:\/\/talkpal.ai\/sv\/#\/schema\/logo\/image\/\",\"url\":\"https:\/\/talkpal.ai\/wp-content\/uploads\/2024\/03\/Talkpal-Logo-Icon.png\",\"contentUrl\":\"https:\/\/talkpal.ai\/wp-content\/uploads\/2024\/03\/Talkpal-Logo-Icon.png\",\"width\":2880,\"height\":2880,\"caption\":\"Talkpal, Inc.\"},\"image\":{\"@id\":\"https:\/\/talkpal.ai\/sv\/#\/schema\/logo\/image\/\"},\"sameAs\":[\"https:\/\/www.facebook.com\/profile.php?id=100090733639311\",\"https:\/\/x.com\/talkpalai\",\"https:\/\/www.linkedin.com\/company\/talkpal\/\",\"https:\/\/www.youtube.com\/@TalkPal\/\",\"https:\/\/www.tiktok.com\/@talkpal\",\"https:\/\/www.instagram.com\/talkpal_ai\/\",\"https:\/\/www.crunchbase.com\/organization\/talkpal-9cde\",\"https:\/\/www.g2.com\/products\/talkpal-for-business\/\",\"https:\/\/www.trustpilot.com\/review\/talkpal.ai\",\"https:\/\/www.capterra.com\/p\/10006800\/TalkPal\/\"],\"description\":\"Talkpal is a language learning web and mobile education app, powered by the latest AI technologies, that provides engaging experiences to its customers in many different languages to help them improve their language skills. Users can chat about unlimited amount of topics with the app and use other modes to practice their language learning.\",\"email\":\"support@talkpal.ai\",\"legalName\":\"Talkpal, Inc.\",\"foundingDate\":\"2023-04-03\",\"duns\":\"118989042\",\"numberOfEmployees\":{\"@type\":\"QuantitativeValue\",\"minValue\":\"11\",\"maxValue\":\"50\"},\"publishingPrinciples\":\"https:\/\/talkpal.ai\/publishing-principles\/\",\"actionableFeedbackPolicy\":\"https:\/\/talkpal.ai\/actionable-feedback-policy\/\",\"correctionsPolicy\":\"https:\/\/talkpal.ai\/corrections-policy\/\",\"ethicsPolicy\":\"https:\/\/talkpal.ai\/ethics-policy\/\",\"diversityPolicy\":\"https:\/\/talkpal.ai\/diversity-policy\/\",\"diversityStaffingReport\":\"https:\/\/talkpal.ai\/diversity-policy\/\"}]}<\/script>\n<!-- \/ Yoast SEO Premium plugin. -->","yoast_head_json":{"title":"Modala verb i ungarsk grammatik - Talkpal","description":"Att l\u00e4ra sig modala verb i ungarsk grammatik \u00e4r en viktig del av att beh\u00e4rska spr\u00e5ket eftersom dessa verb uttrycker n\u00f6dv\u00e4ndighet, m\u00f6jlighet, vilja och","robots":{"index":"index","follow":"follow","max-snippet":"max-snippet:-1","max-image-preview":"max-image-preview:large","max-video-preview":"max-video-preview:-1"},"canonical":"https:\/\/talkpal.ai\/sv\/grammar\/modala-verb-i-ungarsk-grammatik\/","og_locale":"sv_SE","og_type":"article","og_title":"Modala verb i ungarsk grammatik","og_description":"Att l\u00e4ra sig modala verb i ungarsk grammatik \u00e4r en viktig del av att beh\u00e4rska spr\u00e5ket eftersom dessa verb uttrycker n\u00f6dv\u00e4ndighet, m\u00f6jlighet, vilja och","og_url":"https:\/\/talkpal.ai\/sv\/grammar\/modala-verb-i-ungarsk-grammatik\/","og_site_name":"Talkpal","article_publisher":"https:\/\/www.facebook.com\/profile.php?id=100090733639311","og_image":[{"width":2880,"height":1620,"url":"https:\/\/talkpal.ai\/wp-content\/uploads\/2025\/02\/Progress-tab-16_9.png","type":"image\/png"}],"twitter_card":"summary_large_image","twitter_site":"@talkpalai","twitter_misc":{"Ber\u00e4knad l\u00e4stid":"5 minuter"},"schema":{"@context":"https:\/\/schema.org","@graph":[{"@type":"WebPage","@id":"https:\/\/talkpal.ai\/sv\/grammar\/modala-verb-i-ungarsk-grammatik\/","url":"https:\/\/talkpal.ai\/sv\/grammar\/modala-verb-i-ungarsk-grammatik\/","name":"Modala verb i ungarsk grammatik - Talkpal","isPartOf":{"@id":"https:\/\/talkpal.ai\/sv\/#website"},"primaryImageOfPage":{"@id":"https:\/\/talkpal.ai\/sv\/grammar\/modala-verb-i-ungarsk-grammatik\/#primaryimage"},"image":{"@id":"https:\/\/talkpal.ai\/sv\/grammar\/modala-verb-i-ungarsk-grammatik\/#primaryimage"},"thumbnailUrl":"https:\/\/talkpal.ai\/wp-content\/uploads\/2025\/12\/students-around-laptop-learning-languages.webp","datePublished":"2025-07-03T10:16:17+00:00","description":"Att l\u00e4ra sig modala verb i ungarsk grammatik \u00e4r en viktig del av att beh\u00e4rska spr\u00e5ket eftersom dessa verb uttrycker n\u00f6dv\u00e4ndighet, m\u00f6jlighet, vilja och","breadcrumb":{"@id":"https:\/\/talkpal.ai\/sv\/grammar\/modala-verb-i-ungarsk-grammatik\/#breadcrumb"},"inLanguage":"sv-SE","potentialAction":[{"@type":"ReadAction","target":["https:\/\/talkpal.ai\/sv\/grammar\/modala-verb-i-ungarsk-grammatik\/"]}]},{"@type":"ImageObject","inLanguage":"sv-SE","@id":"https:\/\/talkpal.ai\/sv\/grammar\/modala-verb-i-ungarsk-grammatik\/#primaryimage","url":"https:\/\/talkpal.ai\/wp-content\/uploads\/2025\/12\/students-around-laptop-learning-languages.webp","contentUrl":"https:\/\/talkpal.ai\/wp-content\/uploads\/2025\/12\/students-around-laptop-learning-languages.webp","width":1200,"height":896,"caption":"A group of students gather closely around a laptop screen while learning languages."},{"@type":"BreadcrumbList","@id":"https:\/\/talkpal.ai\/sv\/grammar\/modala-verb-i-ungarsk-grammatik\/#breadcrumb","itemListElement":[{"@type":"ListItem","position":1,"name":"Homepage","item":"https:\/\/talkpal.ai\/sv\/"},{"@type":"ListItem","position":2,"name":"Modala verb i ungarsk grammatik"}]},{"@type":"WebSite","@id":"https:\/\/talkpal.ai\/sv\/#website","url":"https:\/\/talkpal.ai\/sv\/","name":"Talkpal","description":"AI Language Learning","publisher":{"@id":"https:\/\/talkpal.ai\/sv\/#organization"},"alternateName":"Talkpal AI","potentialAction":[{"@type":"SearchAction","target":{"@type":"EntryPoint","urlTemplate":"https:\/\/talkpal.ai\/sv\/?s={search_term_string}"},"query-input":{"@type":"PropertyValueSpecification","valueRequired":true,"valueName":"search_term_string"}}],"inLanguage":"sv-SE"},{"@type":"Organization","@id":"https:\/\/talkpal.ai\/sv\/#organization","name":"Talkpal, Inc.","alternateName":"Talkpal AI","url":"https:\/\/talkpal.ai\/sv\/","logo":{"@type":"ImageObject","inLanguage":"sv-SE","@id":"https:\/\/talkpal.ai\/sv\/#\/schema\/logo\/image\/","url":"https:\/\/talkpal.ai\/wp-content\/uploads\/2024\/03\/Talkpal-Logo-Icon.png","contentUrl":"https:\/\/talkpal.ai\/wp-content\/uploads\/2024\/03\/Talkpal-Logo-Icon.png","width":2880,"height":2880,"caption":"Talkpal, Inc."},"image":{"@id":"https:\/\/talkpal.ai\/sv\/#\/schema\/logo\/image\/"},"sameAs":["https:\/\/www.facebook.com\/profile.php?id=100090733639311","https:\/\/x.com\/talkpalai","https:\/\/www.linkedin.com\/company\/talkpal\/","https:\/\/www.youtube.com\/@TalkPal\/","https:\/\/www.tiktok.com\/@talkpal","https:\/\/www.instagram.com\/talkpal_ai\/","https:\/\/www.crunchbase.com\/organization\/talkpal-9cde","https:\/\/www.g2.com\/products\/talkpal-for-business\/","https:\/\/www.trustpilot.com\/review\/talkpal.ai","https:\/\/www.capterra.com\/p\/10006800\/TalkPal\/"],"description":"Talkpal is a language learning web and mobile education app, powered by the latest AI technologies, that provides engaging experiences to its customers in many different languages to help them improve their language skills. Users can chat about unlimited amount of topics with the app and use other modes to practice their language learning.","email":"support@talkpal.ai","legalName":"Talkpal, Inc.","foundingDate":"2023-04-03","duns":"118989042","numberOfEmployees":{"@type":"QuantitativeValue","minValue":"11","maxValue":"50"},"publishingPrinciples":"https:\/\/talkpal.ai\/publishing-principles\/","actionableFeedbackPolicy":"https:\/\/talkpal.ai\/actionable-feedback-policy\/","correctionsPolicy":"https:\/\/talkpal.ai\/corrections-policy\/","ethicsPolicy":"https:\/\/talkpal.ai\/ethics-policy\/","diversityPolicy":"https:\/\/talkpal.ai\/diversity-policy\/","diversityStaffingReport":"https:\/\/talkpal.ai\/diversity-policy\/"}]}},"_links":{"self":[{"href":"https:\/\/talkpal.ai\/sv\/wp-json\/wp\/v2\/grammar\/1099904","targetHints":{"allow":["GET"]}}],"collection":[{"href":"https:\/\/talkpal.ai\/sv\/wp-json\/wp\/v2\/grammar"}],"about":[{"href":"https:\/\/talkpal.ai\/sv\/wp-json\/wp\/v2\/types\/grammar"}],"wp:featuredmedia":[{"embeddable":true,"href":"https:\/\/talkpal.ai\/sv\/wp-json\/wp\/v2\/media\/1527927"}],"wp:attachment":[{"href":"https:\/\/talkpal.ai\/sv\/wp-json\/wp\/v2\/media?parent=1099904"}],"wp:term":[{"taxonomy":"language","embeddable":true,"href":"https:\/\/talkpal.ai\/sv\/wp-json\/wp\/v2\/language?post=1099904"}],"curies":[{"name":"wp","href":"https:\/\/api.w.org\/{rel}","templated":true}]}}