{"id":1099865,"date":"2025-07-03T10:14:16","date_gmt":"2025-07-03T10:14:16","guid":{"rendered":"https:\/\/talkpal.ai\/grammar\/jamforelse-av-adverb-i-hebreisk-grammatik\/"},"modified":"2025-07-03T10:14:16","modified_gmt":"2025-07-03T10:14:16","slug":"jamforelse-av-adverb-i-hebreisk-grammatik","status":"publish","type":"grammar","link":"https:\/\/talkpal.ai\/sv\/grammar\/jamforelse-av-adverb-i-hebreisk-grammatik\/","title":{"rendered":"J\u00e4mf\u00f6relse av adverb i hebreisk grammatik"},"content":{"rendered":"<p>Att f\u00f6rst\u00e5 och anv\u00e4nda j\u00e4mf\u00f6relse av adverb i <a href=\"https:\/\/talkpal.ai\/hebrew-grammar\/\">hebreisk grammatik<\/a> \u00e4r en viktig del f\u00f6r att beh\u00e4rska spr\u00e5ket p\u00e5 en h\u00f6gre niv\u00e5. Adverb, som beskriver verb, adjektiv eller andra adverb, kan j\u00e4mf\u00f6ras f\u00f6r att uttrycka olika grader av handlingar eller tillst\u00e5nd, vilket \u00e4r avg\u00f6rande f\u00f6r att kommunicera nyanserat och korrekt. <a href=\"https:\/\/talkpal.ai\/learn-hebrew\/\">Hebreiska<\/a>, med sin unika struktur och rika spr\u00e5khistoria, erbjuder intressanta s\u00e4tt att uttrycka komparation av adverb, vilka skiljer sig fr\u00e5n <a href=\"https:\/\/talkpal.ai\/learn-swedish\/\">svenska<\/a> och m\u00e5nga andra spr\u00e5k. F\u00f6r den som vill l\u00e4ra sig <a href=\"https:\/\/talkpal.ai\/learn-hebrew\/\">hebreiska<\/a> effektivt \u00e4r <a href=\"https:\/\/talkpal.ai\/ko\/ai-%ec%96%b8%ec%96%b4-%ea%b5%90%ec%82%ac\/\">Talkpal<\/a> ett utm\u00e4rkt verktyg som kombinerar pedagogik med praktisk tr\u00e4ning, s\u00e4rskilt n\u00e4r det g\u00e4ller komplexa grammatiska fenomen som adverbsj\u00e4mf\u00f6relse.<\/p>\n<h2>Grundl\u00e4ggande om adverb i hebreiska<\/h2>\n<p>Innan vi g\u00e5r in p\u00e5 j\u00e4mf\u00f6relseformen av adverb i hebreiska \u00e4r det viktigt att f\u00f6rst\u00e5 vad adverb \u00e4r och hur de fungerar i spr\u00e5ket. Adverb i hebreiska beskriver vanligen verb, men kan ocks\u00e5 modifiera adjektiv eller andra adverb. De svarar p\u00e5 fr\u00e5gor som &#8221;hur?&#8221;, &#8221;n\u00e4r?&#8221;, &#8221;var?&#8221; och &#8221;i vilken grad?&#8221;.<\/p>\n<ul>\n<li><strong>Exempel p\u00e5 adverb:<\/strong> \u05de\u05d4\u05e8 (maher) \u2013 snabbt, \u05d8\u05d5\u05d1 (tov) \u2013 <a href=\"https:\/\/talkpal.ai\/locations\/learn-english-in-bra\/\">bra<\/a> (kan ocks\u00e5 fungera som adverb), \u05d9\u05e4\u05d4 (yafe) \u2013 vackert.<\/li>\n<li>Adverb i hebreiska \u00e4r ofta identiska med adjektiv i grundform, men anv\u00e4nds i olika sammanhang.<\/li>\n<li>Adverb kan ocks\u00e5 bildas med hj\u00e4lp av prepositioner och partiklar f\u00f6r att uttrycka tid, plats och s\u00e4tt.<\/li>\n<\/ul>\n<h2>J\u00e4mf\u00f6relse av adverb: Grundl\u00e4ggande former<\/h2>\n<p>I hebreiska uttrycks komparation av adverb inte p\u00e5 samma s\u00e4tt som i svenska, d\u00e4r man ofta l\u00e4gger till \u00e4ndelser som &#8221;-are&#8221; eller anv\u00e4nder ord som &#8221;mer&#8221; och &#8221;mest&#8221;. Ist\u00e4llet anv\u00e4nds andra strategier f\u00f6r att ange gradskillnader.<\/p>\n<h3>Positiv, komparativ och superlativ i hebreiska<\/h3>\n<p>Precis som i svenska finns det tre grader i komparation:<\/p>\n<ul>\n<li><strong>Positiv:<\/strong> Grundformen av adverbet, t.ex. \u05de\u05d4\u05e8 (maher) \u2013 snabbt.<\/li>\n<li><strong>Komparativ:<\/strong> Anv\u00e4nds f\u00f6r att j\u00e4mf\u00f6ra tv\u00e5 handlingar eller tillst\u00e5nd, t.ex. &#8221;snabbare&#8221;.<\/li>\n<li><strong>Superlativ:<\/strong> Uttrycker h\u00f6gsta graden, t.ex. &#8221;snabbast&#8221;.<\/li>\n<\/ul>\n<p>Men i hebreiska sker dessa grader oftast inte genom b\u00f6jningar utan via till\u00e4gg av s\u00e4rskilda ord eller uttryck.<\/p>\n<h3>Anv\u00e4ndning av ord f\u00f6r att bilda komparation<\/h3>\n<p>De vanligaste s\u00e4tten att uttrycka komparativ och superlativ i hebreiska \u00e4r:<\/p>\n<ul>\n<li><strong>Komparativ:<\/strong> Genom att anv\u00e4nda ord som \u05d9\u05d5\u05ea\u05e8 (yoter) som betyder &#8221;mer&#8221;. Exempel: \u05de\u05d4\u05e8 \u05d9\u05d5\u05ea\u05e8 (maher yoter) \u2013 snabbare.<\/li>\n<li><strong>Superlativ:<\/strong> Anv\u00e4ndning av \u05d4\u05db\u05d9 (hachi) som betyder &#8221;mest&#8221;. Exempel: \u05d4\u05db\u05d9 \u05de\u05d4\u05e8 (hachi maher) \u2013 snabbast.<\/li>\n<\/ul>\n<p>Dessa adverb anv\u00e4nds tillsammans med grundformen av adverbet f\u00f6r att uttrycka j\u00e4mf\u00f6relse.<\/p>\n<h2>Detaljerad analys av komparativ och superlativ<\/h2>\n<h3>Komparativ form med \u05d9\u05d5\u05ea\u05e8 (yoter)<\/h3>\n<p>Ordet \u05d9\u05d5\u05ea\u05e8 (yoter) placeras f\u00f6re adverbet f\u00f6r att skapa komparativ form.<\/p>\n<ul>\n<li><strong>Exempel:<\/strong><\/li>\n<li>\u05d4\u05d5\u05d0 \u05e8\u05e5 \u05de\u05d4\u05e8 \u05d9\u05d5\u05ea\u05e8 \u05de\u05d4\u05d9\u05dc\u05d3 \u2013 Han springer snabbare \u00e4n pojken.<\/li>\n<li>\u05d4\u05d9\u05d0 \u05de\u05d3\u05d1\u05e8\u05ea \u05d8\u05d5\u05d1 \u05d9\u05d5\u05ea\u05e8 \u05de\u05d0\u05d7\u05d5\u05ea\u05d4 \u2013 Hon talar b\u00e4ttre \u00e4n sin syster.<\/li>\n<\/ul>\n<p>Det \u00e4r viktigt att notera att \u05d9\u05d5\u05ea\u05e8 (yoter) kan anv\u00e4ndas b\u00e5de med adjektiv och adverb f\u00f6r att uttrycka &#8221;mer&#8221;.<\/p>\n<h3>Superlativ form med \u05d4\u05db\u05d9 (hachi)<\/h3>\n<p>Ordet \u05d4\u05db\u05d9 (hachi) anv\u00e4nds f\u00f6r att markera superlativ, det vill s\u00e4ga den h\u00f6gsta graden av egenskapen.<\/p>\n<ul>\n<li><strong>Exempel:<\/strong><\/li>\n<li>\u05d4\u05d5\u05d0 \u05e8\u05e5 \u05d4\u05db\u05d9 \u05de\u05d4\u05e8 \u2013 Han springer snabbast.<\/li>\n<li>\u05d4\u05d9\u05d0 \u05de\u05d3\u05d1\u05e8\u05ea \u05d4\u05db\u05d9 \u05d8\u05d5\u05d1 \u05d1\u05db\u05d9\u05ea\u05d4 \u2013 Hon talar <a href=\"https:\/\/talkpal.ai\/es\/la-mejor-aplicacion-de-conversacion-con-ia\/\">b\u00e4st<\/a> i klassen.<\/li>\n<\/ul>\n<p>Denna konstruktion \u00e4r mycket vanlig i b\u00e5de talspr\u00e5k och skrift och \u00e4r den prim\u00e4ra metoden f\u00f6r att uttrycka superlativ i hebreiska.<\/p>\n<h2>Alternativa s\u00e4tt att uttrycka j\u00e4mf\u00f6relse av adverb<\/h2>\n<p>F\u00f6rutom de vanliga orden \u05d9\u05d5\u05ea\u05e8 (yoter) och \u05d4\u05db\u05d9 (hachi) finns det ytterligare s\u00e4tt att uttrycka j\u00e4mf\u00f6relse p\u00e5, vilka kan vara anv\u00e4ndbara i mer formella eller poetiska sammanhang.<\/p>\n<h3>Anv\u00e4ndning av \u05e4\u05e1\u05d9\u05db\u05d9 (psichi) och \u05d9\u05ea\u05e8 (yeter)<\/h3>\n<p>Vissa \u00e4ldre eller mer formella texter kan anv\u00e4nda ord som \u05d9\u05ea\u05e8 (yeter) f\u00f6r &#8221;mer&#8221; och \u05e4\u05e1\u05d9\u05db\u05d9 (psichi) f\u00f6r &#8221;mest&#8221;, men dessa \u00e4r ovanliga i modernt spr\u00e5kbruk.<\/p>\n<h3>J\u00e4mf\u00f6relse med hj\u00e4lp av prepositioner<\/h3>\n<p>Hebreiska kan ocks\u00e5 uttrycka j\u00e4mf\u00f6relse genom prepositioner som \u05de\u05d0\u05e9\u05e8 (me&#8217;asher) som betyder &#8221;\u00e4n&#8221; eller &#8221;j\u00e4mf\u00f6rt med&#8221;.<\/p>\n<ul>\n<li>\u05d4\u05d5\u05d0 \u05e8\u05e5 \u05de\u05d4\u05e8 \u05d9\u05d5\u05ea\u05e8 \u05de\u05d0\u05e9\u05e8 \u05d0\u05e0\u05d9 \u2013 Han springer snabbare \u00e4n jag.<\/li>\n<li>\u05d4\u05d9\u05d0 \u05de\u05d3\u05d1\u05e8\u05ea \u05d8\u05d5\u05d1 \u05d9\u05d5\u05ea\u05e8 \u05de\u05d0\u05e9\u05e8 \u05db\u05d5\u05dc\u05dd \u2013 Hon talar b\u00e4ttre \u00e4n alla.<\/li>\n<\/ul>\n<p>Dessa uttryck hj\u00e4lper till att f\u00f6rtydliga j\u00e4mf\u00f6relsen och \u00e4r vanliga i formella sammanhang.<\/p>\n<h2>Vanliga fallgropar vid j\u00e4mf\u00f6relse av adverb i hebreiska<\/h2>\n<p>F\u00f6r svensktalande som l\u00e4r sig hebreiska finns det n\u00e5gra vanliga misstag att undvika:<\/p>\n<ul>\n<li><strong>Att f\u00f6rs\u00f6ka b\u00f6ja adverb:<\/strong> Till skillnad fr\u00e5n svenska b\u00f6js inte hebreiska adverb i komparativ eller superlativ; man anv\u00e4nder ist\u00e4llet ord som \u05d9\u05d5\u05ea\u05e8 och \u05d4\u05db\u05d9.<\/li>\n<li><strong>Placeringen av \u05d9\u05d5\u05ea\u05e8 och \u05d4\u05db\u05d9:<\/strong> Dessa ord ska alltid st\u00e5 f\u00f6re adverbet, inte efter.<\/li>\n<li><strong>\u00d6vers\u00e4ttning av \u201dmer\u201d och \u201dmest\u201d bokstavligt:<\/strong> Direkt \u00f6vers\u00e4ttning fr\u00e5n svenska kan leda till felaktiga meningar utan dessa nyckelord.<\/li>\n<\/ul>\n<h2>Praktiska tips f\u00f6r att l\u00e4ra sig j\u00e4mf\u00f6relse av adverb i hebreiska<\/h2>\n<p>F\u00f6r att effektivt l\u00e4ra sig och anv\u00e4nda j\u00e4mf\u00f6relse av adverb i hebreiska rekommenderas f\u00f6ljande strategier:<\/p>\n<ul>\n<li><strong>Tr\u00e4na med Talkpal:<\/strong> Denna plattform erbjuder interaktiva \u00f6vningar och praktiska exempel som hj\u00e4lper dig att internalisera reglerna f\u00f6r j\u00e4mf\u00f6relse.<\/li>\n<li><strong>Lyssna p\u00e5 modersm\u00e5lstalare:<\/strong> Genom att h\u00f6ra hur komparation uttrycks naturligt i samtal f\u00f6rb\u00e4ttras b\u00e5de f\u00f6rst\u00e5else och uttal.<\/li>\n<li><strong>G\u00f6r egna meningar:<\/strong> Praktisk anv\u00e4ndning av j\u00e4mf\u00f6relseformer i egna meningar st\u00e4rker minnet.<\/li>\n<li><strong>Studera texter och dialoger:<\/strong> Analysera hur komparation uttrycks i autentiska texter och dialoger.<\/li>\n<\/ul>\n<h2>Sammanfattning<\/h2>\n<p>J\u00e4mf\u00f6relse av adverb i hebreisk grammatik skiljer sig fr\u00e5n svenska genom att man inte b\u00f6jer adverben utan anv\u00e4nder hj\u00e4lpord som \u05d9\u05d5\u05ea\u05e8 (yoter) f\u00f6r komparativ och \u05d4\u05db\u05d9 (hachi) f\u00f6r superlativ. Dessa ord placeras f\u00f6re adverbet f\u00f6r att skapa de olika graderna av j\u00e4mf\u00f6relse. Det \u00e4r ocks\u00e5 vanligt att anv\u00e4nda prepositioner som \u05de\u05d0\u05e9\u05e8 (me&#8217;asher) f\u00f6r att uttrycka &#8221;\u00e4n&#8221;. F\u00f6r spr\u00e5kstudenter \u00e4r det viktigt att \u00f6va p\u00e5 dessa konstruktioner f\u00f6r att undvika vanliga misstag och f\u00f6r att kunna uttrycka sig nyanserat och korrekt p\u00e5 hebreiska. Med hj\u00e4lp av resurser som Talkpal kan man p\u00e5 ett effektivt och roligt s\u00e4tt bem\u00e4stra denna del av hebreisk grammatik.<\/p>\n","protected":false},"featured_media":1527909,"template":"","language":[7732,7708],"class_list":["post-1099865","grammar","type-grammar","status-publish","has-post-thumbnail","hentry","language-adverb-hebreisk-grammatik","language-hebreiska"],"acf":[],"yoast_head":"<!-- This site is optimized with the Yoast SEO Premium plugin v27.2 (Yoast SEO v27.2) - https:\/\/yoast.com\/product\/yoast-seo-premium-wordpress\/ -->\n<title>J\u00e4mf\u00f6relse av adverb i hebreisk grammatik - Talkpal<\/title>\n<meta name=\"description\" content=\"Att f\u00f6rst\u00e5 och anv\u00e4nda j\u00e4mf\u00f6relse av adverb i hebreisk grammatik \u00e4r en viktig del f\u00f6r att beh\u00e4rska spr\u00e5ket p\u00e5 en h\u00f6gre niv\u00e5. Adverb, som beskriver verb,\" \/>\n<meta name=\"robots\" content=\"index, follow, max-snippet:-1, max-image-preview:large, max-video-preview:-1\" \/>\n<link rel=\"canonical\" href=\"https:\/\/talkpal.ai\/sv\/grammar\/jamforelse-av-adverb-i-hebreisk-grammatik\/\" \/>\n<meta property=\"og:locale\" content=\"sv_SE\" \/>\n<meta property=\"og:type\" content=\"article\" \/>\n<meta property=\"og:title\" content=\"J\u00e4mf\u00f6relse av adverb i hebreisk grammatik\" \/>\n<meta property=\"og:description\" content=\"Att f\u00f6rst\u00e5 och anv\u00e4nda j\u00e4mf\u00f6relse av adverb i hebreisk grammatik \u00e4r en viktig del f\u00f6r att beh\u00e4rska spr\u00e5ket p\u00e5 en h\u00f6gre niv\u00e5. Adverb, som beskriver verb,\" \/>\n<meta property=\"og:url\" content=\"https:\/\/talkpal.ai\/sv\/grammar\/jamforelse-av-adverb-i-hebreisk-grammatik\/\" \/>\n<meta property=\"og:site_name\" content=\"Talkpal\" \/>\n<meta property=\"article:publisher\" content=\"https:\/\/www.facebook.com\/profile.php?id=100090733639311\" \/>\n<meta property=\"og:image\" content=\"https:\/\/talkpal.ai\/wp-content\/uploads\/2025\/02\/Progress-tab-16_9.png\" \/>\n\t<meta property=\"og:image:width\" content=\"2880\" \/>\n\t<meta property=\"og:image:height\" content=\"1620\" \/>\n\t<meta property=\"og:image:type\" content=\"image\/png\" \/>\n<meta name=\"twitter:card\" content=\"summary_large_image\" \/>\n<meta name=\"twitter:site\" content=\"@talkpalai\" \/>\n<meta name=\"twitter:label1\" content=\"Ber\u00e4knad l\u00e4stid\" \/>\n\t<meta name=\"twitter:data1\" content=\"5 minuter\" \/>\n<script type=\"application\/ld+json\" class=\"yoast-schema-graph\">{\"@context\":\"https:\/\/schema.org\",\"@graph\":[{\"@type\":\"WebPage\",\"@id\":\"https:\/\/talkpal.ai\/sv\/grammar\/jamforelse-av-adverb-i-hebreisk-grammatik\/\",\"url\":\"https:\/\/talkpal.ai\/sv\/grammar\/jamforelse-av-adverb-i-hebreisk-grammatik\/\",\"name\":\"J\u00e4mf\u00f6relse av adverb i hebreisk grammatik - Talkpal\",\"isPartOf\":{\"@id\":\"https:\/\/talkpal.ai\/sv\/#website\"},\"primaryImageOfPage\":{\"@id\":\"https:\/\/talkpal.ai\/sv\/grammar\/jamforelse-av-adverb-i-hebreisk-grammatik\/#primaryimage\"},\"image\":{\"@id\":\"https:\/\/talkpal.ai\/sv\/grammar\/jamforelse-av-adverb-i-hebreisk-grammatik\/#primaryimage\"},\"thumbnailUrl\":\"https:\/\/talkpal.ai\/wp-content\/uploads\/2025\/12\/student-memorizing-phrases-learning-languages.webp\",\"datePublished\":\"2025-07-03T10:14:16+00:00\",\"description\":\"Att f\u00f6rst\u00e5 och anv\u00e4nda j\u00e4mf\u00f6relse av adverb i hebreisk grammatik \u00e4r en viktig del f\u00f6r att beh\u00e4rska spr\u00e5ket p\u00e5 en h\u00f6gre niv\u00e5. Adverb, som beskriver verb,\",\"breadcrumb\":{\"@id\":\"https:\/\/talkpal.ai\/sv\/grammar\/jamforelse-av-adverb-i-hebreisk-grammatik\/#breadcrumb\"},\"inLanguage\":\"sv-SE\",\"potentialAction\":[{\"@type\":\"ReadAction\",\"target\":[\"https:\/\/talkpal.ai\/sv\/grammar\/jamforelse-av-adverb-i-hebreisk-grammatik\/\"]}]},{\"@type\":\"ImageObject\",\"inLanguage\":\"sv-SE\",\"@id\":\"https:\/\/talkpal.ai\/sv\/grammar\/jamforelse-av-adverb-i-hebreisk-grammatik\/#primaryimage\",\"url\":\"https:\/\/talkpal.ai\/wp-content\/uploads\/2025\/12\/student-memorizing-phrases-learning-languages.webp\",\"contentUrl\":\"https:\/\/talkpal.ai\/wp-content\/uploads\/2025\/12\/student-memorizing-phrases-learning-languages.webp\",\"width\":1200,\"height\":896,\"caption\":\"A young man with glasses and headphones writes in a notebook to learn languages at a desk.\"},{\"@type\":\"BreadcrumbList\",\"@id\":\"https:\/\/talkpal.ai\/sv\/grammar\/jamforelse-av-adverb-i-hebreisk-grammatik\/#breadcrumb\",\"itemListElement\":[{\"@type\":\"ListItem\",\"position\":1,\"name\":\"Homepage\",\"item\":\"https:\/\/talkpal.ai\/sv\/\"},{\"@type\":\"ListItem\",\"position\":2,\"name\":\"J\u00e4mf\u00f6relse av adverb i hebreisk grammatik\"}]},{\"@type\":\"WebSite\",\"@id\":\"https:\/\/talkpal.ai\/sv\/#website\",\"url\":\"https:\/\/talkpal.ai\/sv\/\",\"name\":\"Talkpal\",\"description\":\"AI Language Learning\",\"publisher\":{\"@id\":\"https:\/\/talkpal.ai\/sv\/#organization\"},\"alternateName\":\"Talkpal AI\",\"potentialAction\":[{\"@type\":\"SearchAction\",\"target\":{\"@type\":\"EntryPoint\",\"urlTemplate\":\"https:\/\/talkpal.ai\/sv\/?s={search_term_string}\"},\"query-input\":{\"@type\":\"PropertyValueSpecification\",\"valueRequired\":true,\"valueName\":\"search_term_string\"}}],\"inLanguage\":\"sv-SE\"},{\"@type\":\"Organization\",\"@id\":\"https:\/\/talkpal.ai\/sv\/#organization\",\"name\":\"Talkpal, Inc.\",\"alternateName\":\"Talkpal AI\",\"url\":\"https:\/\/talkpal.ai\/sv\/\",\"logo\":{\"@type\":\"ImageObject\",\"inLanguage\":\"sv-SE\",\"@id\":\"https:\/\/talkpal.ai\/sv\/#\/schema\/logo\/image\/\",\"url\":\"https:\/\/talkpal.ai\/wp-content\/uploads\/2024\/03\/Talkpal-Logo-Icon.png\",\"contentUrl\":\"https:\/\/talkpal.ai\/wp-content\/uploads\/2024\/03\/Talkpal-Logo-Icon.png\",\"width\":2880,\"height\":2880,\"caption\":\"Talkpal, Inc.\"},\"image\":{\"@id\":\"https:\/\/talkpal.ai\/sv\/#\/schema\/logo\/image\/\"},\"sameAs\":[\"https:\/\/www.facebook.com\/profile.php?id=100090733639311\",\"https:\/\/x.com\/talkpalai\",\"https:\/\/www.linkedin.com\/company\/talkpal\/\",\"https:\/\/www.youtube.com\/@TalkPal\/\",\"https:\/\/www.tiktok.com\/@talkpal\",\"https:\/\/www.instagram.com\/talkpal_ai\/\",\"https:\/\/www.crunchbase.com\/organization\/talkpal-9cde\",\"https:\/\/www.g2.com\/products\/talkpal-for-business\/\",\"https:\/\/www.trustpilot.com\/review\/talkpal.ai\",\"https:\/\/www.capterra.com\/p\/10006800\/TalkPal\/\"],\"description\":\"Talkpal is a language learning web and mobile education app, powered by the latest AI technologies, that provides engaging experiences to its customers in many different languages to help them improve their language skills. Users can chat about unlimited amount of topics with the app and use other modes to practice their language learning.\",\"email\":\"support@talkpal.ai\",\"legalName\":\"Talkpal, Inc.\",\"foundingDate\":\"2023-04-03\",\"duns\":\"118989042\",\"numberOfEmployees\":{\"@type\":\"QuantitativeValue\",\"minValue\":\"11\",\"maxValue\":\"50\"},\"publishingPrinciples\":\"https:\/\/talkpal.ai\/publishing-principles\/\",\"actionableFeedbackPolicy\":\"https:\/\/talkpal.ai\/actionable-feedback-policy\/\",\"correctionsPolicy\":\"https:\/\/talkpal.ai\/corrections-policy\/\",\"ethicsPolicy\":\"https:\/\/talkpal.ai\/ethics-policy\/\",\"diversityPolicy\":\"https:\/\/talkpal.ai\/diversity-policy\/\",\"diversityStaffingReport\":\"https:\/\/talkpal.ai\/diversity-policy\/\"}]}<\/script>\n<!-- \/ Yoast SEO Premium plugin. -->","yoast_head_json":{"title":"J\u00e4mf\u00f6relse av adverb i hebreisk grammatik - Talkpal","description":"Att f\u00f6rst\u00e5 och anv\u00e4nda j\u00e4mf\u00f6relse av adverb i hebreisk grammatik \u00e4r en viktig del f\u00f6r att beh\u00e4rska spr\u00e5ket p\u00e5 en h\u00f6gre niv\u00e5. Adverb, som beskriver verb,","robots":{"index":"index","follow":"follow","max-snippet":"max-snippet:-1","max-image-preview":"max-image-preview:large","max-video-preview":"max-video-preview:-1"},"canonical":"https:\/\/talkpal.ai\/sv\/grammar\/jamforelse-av-adverb-i-hebreisk-grammatik\/","og_locale":"sv_SE","og_type":"article","og_title":"J\u00e4mf\u00f6relse av adverb i hebreisk grammatik","og_description":"Att f\u00f6rst\u00e5 och anv\u00e4nda j\u00e4mf\u00f6relse av adverb i hebreisk grammatik \u00e4r en viktig del f\u00f6r att beh\u00e4rska spr\u00e5ket p\u00e5 en h\u00f6gre niv\u00e5. Adverb, som beskriver verb,","og_url":"https:\/\/talkpal.ai\/sv\/grammar\/jamforelse-av-adverb-i-hebreisk-grammatik\/","og_site_name":"Talkpal","article_publisher":"https:\/\/www.facebook.com\/profile.php?id=100090733639311","og_image":[{"width":2880,"height":1620,"url":"https:\/\/talkpal.ai\/wp-content\/uploads\/2025\/02\/Progress-tab-16_9.png","type":"image\/png"}],"twitter_card":"summary_large_image","twitter_site":"@talkpalai","twitter_misc":{"Ber\u00e4knad l\u00e4stid":"5 minuter"},"schema":{"@context":"https:\/\/schema.org","@graph":[{"@type":"WebPage","@id":"https:\/\/talkpal.ai\/sv\/grammar\/jamforelse-av-adverb-i-hebreisk-grammatik\/","url":"https:\/\/talkpal.ai\/sv\/grammar\/jamforelse-av-adverb-i-hebreisk-grammatik\/","name":"J\u00e4mf\u00f6relse av adverb i hebreisk grammatik - Talkpal","isPartOf":{"@id":"https:\/\/talkpal.ai\/sv\/#website"},"primaryImageOfPage":{"@id":"https:\/\/talkpal.ai\/sv\/grammar\/jamforelse-av-adverb-i-hebreisk-grammatik\/#primaryimage"},"image":{"@id":"https:\/\/talkpal.ai\/sv\/grammar\/jamforelse-av-adverb-i-hebreisk-grammatik\/#primaryimage"},"thumbnailUrl":"https:\/\/talkpal.ai\/wp-content\/uploads\/2025\/12\/student-memorizing-phrases-learning-languages.webp","datePublished":"2025-07-03T10:14:16+00:00","description":"Att f\u00f6rst\u00e5 och anv\u00e4nda j\u00e4mf\u00f6relse av adverb i hebreisk grammatik \u00e4r en viktig del f\u00f6r att beh\u00e4rska spr\u00e5ket p\u00e5 en h\u00f6gre niv\u00e5. Adverb, som beskriver verb,","breadcrumb":{"@id":"https:\/\/talkpal.ai\/sv\/grammar\/jamforelse-av-adverb-i-hebreisk-grammatik\/#breadcrumb"},"inLanguage":"sv-SE","potentialAction":[{"@type":"ReadAction","target":["https:\/\/talkpal.ai\/sv\/grammar\/jamforelse-av-adverb-i-hebreisk-grammatik\/"]}]},{"@type":"ImageObject","inLanguage":"sv-SE","@id":"https:\/\/talkpal.ai\/sv\/grammar\/jamforelse-av-adverb-i-hebreisk-grammatik\/#primaryimage","url":"https:\/\/talkpal.ai\/wp-content\/uploads\/2025\/12\/student-memorizing-phrases-learning-languages.webp","contentUrl":"https:\/\/talkpal.ai\/wp-content\/uploads\/2025\/12\/student-memorizing-phrases-learning-languages.webp","width":1200,"height":896,"caption":"A young man with glasses and headphones writes in a notebook to learn languages at a desk."},{"@type":"BreadcrumbList","@id":"https:\/\/talkpal.ai\/sv\/grammar\/jamforelse-av-adverb-i-hebreisk-grammatik\/#breadcrumb","itemListElement":[{"@type":"ListItem","position":1,"name":"Homepage","item":"https:\/\/talkpal.ai\/sv\/"},{"@type":"ListItem","position":2,"name":"J\u00e4mf\u00f6relse av adverb i hebreisk grammatik"}]},{"@type":"WebSite","@id":"https:\/\/talkpal.ai\/sv\/#website","url":"https:\/\/talkpal.ai\/sv\/","name":"Talkpal","description":"AI Language Learning","publisher":{"@id":"https:\/\/talkpal.ai\/sv\/#organization"},"alternateName":"Talkpal AI","potentialAction":[{"@type":"SearchAction","target":{"@type":"EntryPoint","urlTemplate":"https:\/\/talkpal.ai\/sv\/?s={search_term_string}"},"query-input":{"@type":"PropertyValueSpecification","valueRequired":true,"valueName":"search_term_string"}}],"inLanguage":"sv-SE"},{"@type":"Organization","@id":"https:\/\/talkpal.ai\/sv\/#organization","name":"Talkpal, Inc.","alternateName":"Talkpal AI","url":"https:\/\/talkpal.ai\/sv\/","logo":{"@type":"ImageObject","inLanguage":"sv-SE","@id":"https:\/\/talkpal.ai\/sv\/#\/schema\/logo\/image\/","url":"https:\/\/talkpal.ai\/wp-content\/uploads\/2024\/03\/Talkpal-Logo-Icon.png","contentUrl":"https:\/\/talkpal.ai\/wp-content\/uploads\/2024\/03\/Talkpal-Logo-Icon.png","width":2880,"height":2880,"caption":"Talkpal, Inc."},"image":{"@id":"https:\/\/talkpal.ai\/sv\/#\/schema\/logo\/image\/"},"sameAs":["https:\/\/www.facebook.com\/profile.php?id=100090733639311","https:\/\/x.com\/talkpalai","https:\/\/www.linkedin.com\/company\/talkpal\/","https:\/\/www.youtube.com\/@TalkPal\/","https:\/\/www.tiktok.com\/@talkpal","https:\/\/www.instagram.com\/talkpal_ai\/","https:\/\/www.crunchbase.com\/organization\/talkpal-9cde","https:\/\/www.g2.com\/products\/talkpal-for-business\/","https:\/\/www.trustpilot.com\/review\/talkpal.ai","https:\/\/www.capterra.com\/p\/10006800\/TalkPal\/"],"description":"Talkpal is a language learning web and mobile education app, powered by the latest AI technologies, that provides engaging experiences to its customers in many different languages to help them improve their language skills. Users can chat about unlimited amount of topics with the app and use other modes to practice their language learning.","email":"support@talkpal.ai","legalName":"Talkpal, Inc.","foundingDate":"2023-04-03","duns":"118989042","numberOfEmployees":{"@type":"QuantitativeValue","minValue":"11","maxValue":"50"},"publishingPrinciples":"https:\/\/talkpal.ai\/publishing-principles\/","actionableFeedbackPolicy":"https:\/\/talkpal.ai\/actionable-feedback-policy\/","correctionsPolicy":"https:\/\/talkpal.ai\/corrections-policy\/","ethicsPolicy":"https:\/\/talkpal.ai\/ethics-policy\/","diversityPolicy":"https:\/\/talkpal.ai\/diversity-policy\/","diversityStaffingReport":"https:\/\/talkpal.ai\/diversity-policy\/"}]}},"_links":{"self":[{"href":"https:\/\/talkpal.ai\/sv\/wp-json\/wp\/v2\/grammar\/1099865","targetHints":{"allow":["GET"]}}],"collection":[{"href":"https:\/\/talkpal.ai\/sv\/wp-json\/wp\/v2\/grammar"}],"about":[{"href":"https:\/\/talkpal.ai\/sv\/wp-json\/wp\/v2\/types\/grammar"}],"wp:featuredmedia":[{"embeddable":true,"href":"https:\/\/talkpal.ai\/sv\/wp-json\/wp\/v2\/media\/1527909"}],"wp:attachment":[{"href":"https:\/\/talkpal.ai\/sv\/wp-json\/wp\/v2\/media?parent=1099865"}],"wp:term":[{"taxonomy":"language","embeddable":true,"href":"https:\/\/talkpal.ai\/sv\/wp-json\/wp\/v2\/language?post=1099865"}],"curies":[{"name":"wp","href":"https:\/\/api.w.org\/{rel}","templated":true}]}}