{"id":1099849,"date":"2025-07-03T10:13:35","date_gmt":"2025-07-03T10:13:35","guid":{"rendered":"https:\/\/talkpal.ai\/grammar\/reflexiva-pronomen-i-hebreisk-grammatik\/"},"modified":"2025-07-03T10:13:35","modified_gmt":"2025-07-03T10:13:35","slug":"reflexiva-pronomen-i-hebreisk-grammatik","status":"publish","type":"grammar","link":"https:\/\/talkpal.ai\/sv\/grammar\/reflexiva-pronomen-i-hebreisk-grammatik\/","title":{"rendered":"Reflexiva pronomen i hebreisk grammatik"},"content":{"rendered":"<p>Att f\u00f6rst\u00e5 reflexiva pronomen i <a href=\"https:\/\/talkpal.ai\/hebrew-grammar\/\">hebreisk grammatik<\/a> \u00e4r avg\u00f6rande f\u00f6r att beh\u00e4rska spr\u00e5ket p\u00e5 en djupare niv\u00e5. Reflexiva pronomen anv\u00e4nds f\u00f6r att uttrycka att subjektet i en mening ocks\u00e5 \u00e4r objektet f\u00f6r handlingen, vilket \u00e4r vanligt i m\u00e5nga spr\u00e5k, inklusive <a href=\"https:\/\/talkpal.ai\/learn-hebrew\/\">hebreiska<\/a>. Genom att l\u00e4ra sig dessa pronomen kan man kommunicera mer precist och nyanserat. <a href=\"https:\/\/talkpal.ai\/ko\/ai-%ec%96%b8%ec%96%b4-%ea%b5%90%ec%82%ac\/\">Talkpal<\/a> \u00e4r en utm\u00e4rkt plattform f\u00f6r att l\u00e4ra sig reflexiva pronomen i hebreisk <a href=\"https:\/\/talkpal.ai\/fr\/les\/\">grammatik<\/a>, eftersom den kombinerar interaktivt l\u00e4rande med autentiska spr\u00e5k\u00f6vningar som st\u00e4rker f\u00f6rst\u00e5elsen.<\/p>\n<h2>Vad \u00e4r reflexiva pronomen i hebreisk grammatik?<\/h2>\n<p>Reflexiva pronomen i hebreiska anv\u00e4nds f\u00f6r att indikera att subjektet i en sats utf\u00f6r en handling p\u00e5 sig sj\u00e4lv. Detta \u00e4r liknande anv\u00e4ndningen i <a href=\"https:\/\/talkpal.ai\/learn-swedish\/\">svenska<\/a> och andra spr\u00e5k, men med sina egna grammatiska regler och former. I hebreiska kallas dessa pronomen ofta f\u00f6r <em>\u05e2\u05e6\u05de\u05d9<\/em> (atzmi) och liknande former beroende p\u00e5 person och genus.<\/p>\n<h3>Grundl\u00e4ggande funktion<\/h3>\n<p>Reflexiva pronomen l\u00e4nkar subjektet och objektet i en mening, vilket inneb\u00e4r att handlingen riktas tillbaka mot den som utf\u00f6r den. Exempel i svenska \u00e4r meningar som \u201cJag tv\u00e4ttar mig\u201d eller \u201cHon ser sig i spegeln\u201d. P\u00e5 hebreiska uttrycks detta med s\u00e4rskilda reflexiva former som anpassas efter person, k\u00f6n och antal.<\/p>\n<h2>De reflexiva pronomenens former i hebreiska<\/h2>\n<p>Hebreiska reflexiva pronomen \u00e4r inte separata ord som i svenska, utan ofta prefixed eller suffixade till verb eller anv\u00e4nds som sj\u00e4lvst\u00e4ndiga ord beroende p\u00e5 kontexten. Nedan f\u00f6ljer en detaljerad genomg\u00e5ng av de vanligaste formerna.<\/p>\n<h3>Reflexiva pronomen med suffix<\/h3>\n<p>I hebreiska kan reflexiva pronomen ofta uttryckas med hj\u00e4lp av suffix som l\u00e4ggs till verbet:<\/p>\n<ul>\n<li><strong>\u05e2\u05e6\u05de\u05d9 (atzmi)<\/&gt; \u2013 mig sj\u00e4lv (1:a person singular)&lt;\/li>\n<li><strong>\u05e2\u05e6\u05de\u05da (atzmecha \/ atzmach)<\/strong> \u2013 dig sj\u00e4lv (maskulin\/feminin singular)<\/li>\n<li><strong>\u05e2\u05e6\u05de\u05d5 (atzmo)<\/strong> \u2013 honom sj\u00e4lv (3:e person maskulin singular)<\/li>\n<li><strong>\u05e2\u05e6\u05de\u05d4 (atzma)<\/strong> \u2013 henne sj\u00e4lv (3:e person feminin singular)<\/li>\n<li><strong>\u05e2\u05e6\u05de\u05e0\u05d5 (atzmenu)<\/strong> \u2013 <a href=\"https:\/\/talkpal.ai\/locations\/language-courses-in-oss\/\">oss<\/a> sj\u00e4lva (1:a person plural)<\/li>\n<li><strong>\u05e2\u05e6\u05de\u05db\u05dd (atzmechem \/ atzmenach)<\/strong> \u2013 er sj\u00e4lva (2:a person plural maskulin\/feminin)<\/li>\n<li><strong>\u05e2\u05e6\u05de\u05dd (atzmam) \/ \u05e2\u05e6\u05de\u05dd (atzman)<\/strong> \u2013 dem sj\u00e4lva (3:e person plural)<\/li>\n<\/ul>\n<p>Dessa suffix kan kopplas till verb eller substantiv f\u00f6r att uttrycka reflexivitet.<\/p>\n<h3>Exempel p\u00e5 anv\u00e4ndning<\/h3>\n<ul>\n<li><em>\u05d0\u05e0\u05d9 \u05d0\u05d5\u05d4\u05d1 \u05d0\u05ea \u05e2\u05e6\u05de\u05d9<\/em> (Ani ohev et atzmi) \u2013 Jag \u00e4lskar mig sj\u00e4lv.<\/li>\n<li><em>\u05d0\u05ea\u05d4 \u05e6\u05e8\u05d9\u05da \u05dc\u05d4\u05d0\u05de\u05d9\u05df \u05d1\u05e2\u05e6\u05de\u05da<\/em> (Ata tsarikh le\u2019amin be\u2019atzmecha) \u2013 Du m\u00e5ste tro p\u00e5 dig sj\u00e4lv.<\/li>\n<li><em>\u05d4\u05d9\u05d0 \u05d3\u05d5\u05d0\u05d2\u05ea \u05dc\u05e2\u05e6\u05de\u05d4<\/em> (Hi do\u2019egat le\u2019atzma) \u2013 Hon bryr sig om sig sj\u00e4lv.<\/li>\n<\/ul>\n<h2>Hur reflexiva pronomen anv\u00e4nds i hebreiska verbformer<\/h2>\n<p>Hebreiska verb kan vara b\u00e5de transitiva och intransitiva, och reflexiva pronomen spelar en viktig roll f\u00f6r att skilja mellan dessa. <a href=\"https:\/\/talkpal.ai\/sv\/grammar\/reflexiva-verb-i-letisk-grammatik\/\">Reflexiva verb<\/a> indikerar att subjektet utf\u00f6r handlingen p\u00e5 sig sj\u00e4lv. I hebreiska finns s\u00e4rskilda verbformer som indikerar reflexivitet, och dessa \u00e4r vanliga i vardagligt tal.<\/p>\n<h3>Verb med reflexivt suffix<\/h3>\n<p>Reflexiva verb i hebreiska kan ha suffix som tydligt markerar att handlingen \u00e4r riktad tillbaka mot subjektet. Exempel p\u00e5 s\u00e5dana verb inkluderar:<\/p>\n<ul>\n<li><strong>\u05dc\u05d4\u05ea\u05dc\u05d1\u05e9<\/strong> (lehitlabesh) \u2013 att kl\u00e4 p\u00e5 sig<\/li>\n<li><strong>\u05dc\u05d4\u05ea\u05e4\u05dc\u05dc<\/strong> (lehitpalel) \u2013 att be (sig sj\u00e4lv)<\/li>\n<li><strong>\u05dc\u05d4\u05ea\u05e2\u05d5\u05e8\u05e8<\/strong> (lehit\u2019orer) \u2013 att vakna upp<\/li>\n<\/ul>\n<p>Dessa verb \u00e4r i den reflexiva formen och anv\u00e4nds med reflexiva pronomen f\u00f6r att f\u00f6rtydliga subjektets roll.<\/p>\n<h3>Anv\u00e4ndningsexempel med reflexiva verb<\/h3>\n<ul>\n<li><em>\u05d0\u05e0\u05d9 \u05de\u05ea\u05dc\u05d1\u05e9<\/em> (Ani mitlabesh) \u2013 Jag kl\u00e4r p\u00e5 mig.<\/li>\n<li><em>\u05d4\u05dd \u05de\u05ea\u05e4\u05dc\u05dc\u05d9\u05dd<\/em> (Hem mitpalelim) \u2013 De ber (sig sj\u00e4lva).<\/li>\n<li><em>\u05d0\u05ea\u05d4 \u05de\u05ea\u05e2\u05d5\u05e8\u05e8 \u05de\u05d5\u05e7\u05d3\u05dd<\/em> (Ata mitorer mukdam) \u2013 Du vaknar tidigt.<\/li>\n<\/ul>\n<h2>Skillnaden mellan reflexiva och andra pronomen i hebreiska<\/h2>\n<p>Det \u00e4r viktigt att skilja reflexiva pronomen fr\u00e5n possessiva och personliga pronomen i hebreiska, eftersom de har olika funktioner och former. Personliga pronomen refererar till subjekt eller objekt i en mening utan att n\u00f6dv\u00e4ndigtvis indikera reflexivitet, medan possessiva pronomen uttrycker \u00e4gande.<\/p>\n<ul>\n<li><strong>Personliga pronomen:<\/strong> \u05d0\u05e0\u05d9 (ani) \u2013 jag, \u05d0\u05ea\u05d4 (ata) \u2013 du, \u05d4\u05d5\u05d0 (hu) \u2013 han<\/li>\n<li><strong>Possessiva pronomen:<\/strong> \u05e9\u05dc\u05d9 (sheli) \u2013 min\/mitt, \u05e9\u05dc\u05da (shelcha\/shelach) \u2013 din\/ditt<\/li>\n<li><strong>Reflexiva pronomen:<\/strong> \u05e2\u05e6\u05de\u05d9 (atzmi) \u2013 mig sj\u00e4lv, \u05e2\u05e6\u05de\u05da (atzmecha\/atzmech) \u2013 dig sj\u00e4lv<\/li>\n<\/ul>\n<p>Att korrekt anv\u00e4nda reflexiva pronomen bidrar till tydlighet och undviker f\u00f6rvirring i kommunikationen.<\/p>\n<h2>Vanliga misstag vid anv\u00e4ndning av reflexiva pronomen i hebreiska<\/h2>\n<p>F\u00f6r den som l\u00e4r sig hebreiska kan reflexiva pronomen vara utmanande att anv\u00e4nda korrekt. H\u00e4r \u00e4r n\u00e5gra vanliga misstag att undvika:<\/p>\n<ul>\n<li><strong>Att f\u00f6rv\u00e4xla reflexiva pronomen med possessiva pronomen:<\/strong> Eftersom de kan likna varandra i form \u00e4r det viktigt att f\u00f6rst\u00e5 skillnaden i funktion.<\/li>\n<li><strong>Felaktig b\u00f6jning efter genus och antal:<\/strong> Reflexiva pronomen m\u00e5ste \u00f6verensst\u00e4mma med subjektet i k\u00f6n och antal.<\/li>\n<li><strong>Att utel\u00e4mna reflexivt pronomen d\u00e4r det beh\u00f6vs:<\/strong> Detta kan leda till oklar mening eller felaktig tolkning.<\/li>\n<li><strong>Att anv\u00e4nda reflexiva pronomen med verb som inte \u00e4r reflexiva:<\/strong> Detta kan skapa grammatiska fel.<\/li>\n<\/ul>\n<h2>Hur Talkpal kan hj\u00e4lpa dig att l\u00e4ra dig reflexiva pronomen i hebreiska<\/h2>\n<p>Talkpal \u00e4r en modern spr\u00e5kinl\u00e4rningsplattform som erbjuder skr\u00e4ddarsydda lektioner och interaktiva \u00f6vningar f\u00f6r att l\u00e4ra sig hebreiska, inklusive reflexiva pronomen. Plattformen fokuserar p\u00e5 praktisk anv\u00e4ndning och korrekt grammatik genom f\u00f6ljande funktioner:<\/p>\n<ul>\n<li><strong>Interaktiva \u00f6vningar:<\/strong> Tr\u00e4na reflexiva pronomen i varierande kontexter f\u00f6r att f\u00f6rst\u00e4rka inl\u00e4rningen.<\/li>\n<li><strong>Autentiska samtal:<\/strong> \u00d6va p\u00e5 att anv\u00e4nda reflexiva pronomen i naturliga dialoger med modersm\u00e5lstalare.<\/li>\n<li><strong>Personligt anpassade lektioner:<\/strong> Anpassa l\u00e4randet efter din niv\u00e5 och behov.<\/li>\n<li><strong>Omedelbar feedback:<\/strong> F\u00e5 r\u00e4ttningar och tips f\u00f6r att f\u00f6rb\u00e4ttra din grammatik och uttal.<\/li>\n<\/ul>\n<p>Genom att anv\u00e4nda Talkpal f\u00e5r du en effektiv och engagerande v\u00e4g att bem\u00e4stra reflexiva pronomen i hebreisk grammatik.<\/p>\n<h2>Sammanfattning<\/h2>\n<p>Reflexiva pronomen i hebreisk grammatik \u00e4r en grundl\u00e4ggande del f\u00f6r att uttrycka handlingar som riktas tillbaka mot subjektet. Genom att l\u00e4ra sig de olika formerna och hur de anv\u00e4nds i verb och satser kan du kommunicera mer exakt och naturligt p\u00e5 hebreiska. Det \u00e4r viktigt att skilja mellan reflexiva, personliga och possessiva pronomen f\u00f6r att undvika missf\u00f6rst\u00e5nd. Med hj\u00e4lp av moderna verktyg som Talkpal kan du snabbt f\u00f6rb\u00e4ttra din f\u00f6rst\u00e5else och anv\u00e4ndning av reflexiva pronomen, vilket g\u00f6r din spr\u00e5kinl\u00e4rning b\u00e5de effektiv och rolig.<\/p>\n","protected":false},"featured_media":1527665,"template":"","language":[7708,7728],"class_list":["post-1099849","grammar","type-grammar","status-publish","has-post-thumbnail","hentry","language-hebreiska","language-pronomen-bestamningsfaktorer-hebreisk-grammatik"],"acf":[],"yoast_head":"<!-- This site is optimized with the Yoast SEO Premium plugin v27.2 (Yoast SEO v27.2) - https:\/\/yoast.com\/product\/yoast-seo-premium-wordpress\/ -->\n<title>Reflexiva pronomen i hebreisk grammatik - Talkpal<\/title>\n<meta name=\"description\" content=\"Att f\u00f6rst\u00e5 reflexiva pronomen i hebreisk grammatik \u00e4r avg\u00f6rande f\u00f6r att beh\u00e4rska spr\u00e5ket p\u00e5 en djupare niv\u00e5. Reflexiva pronomen anv\u00e4nds f\u00f6r att uttrycka\" \/>\n<meta name=\"robots\" content=\"index, follow, max-snippet:-1, max-image-preview:large, max-video-preview:-1\" \/>\n<link rel=\"canonical\" href=\"https:\/\/talkpal.ai\/sv\/grammar\/reflexiva-pronomen-i-hebreisk-grammatik\/\" \/>\n<meta property=\"og:locale\" content=\"sv_SE\" \/>\n<meta property=\"og:type\" content=\"article\" \/>\n<meta property=\"og:title\" content=\"Reflexiva pronomen i hebreisk grammatik\" \/>\n<meta property=\"og:description\" content=\"Att f\u00f6rst\u00e5 reflexiva pronomen i hebreisk grammatik \u00e4r avg\u00f6rande f\u00f6r att beh\u00e4rska spr\u00e5ket p\u00e5 en djupare niv\u00e5. Reflexiva pronomen anv\u00e4nds f\u00f6r att uttrycka\" \/>\n<meta property=\"og:url\" content=\"https:\/\/talkpal.ai\/sv\/grammar\/reflexiva-pronomen-i-hebreisk-grammatik\/\" \/>\n<meta property=\"og:site_name\" content=\"Talkpal\" \/>\n<meta property=\"article:publisher\" content=\"https:\/\/www.facebook.com\/profile.php?id=100090733639311\" \/>\n<meta property=\"og:image\" content=\"https:\/\/talkpal.ai\/wp-content\/uploads\/2025\/02\/Progress-tab-16_9.png\" \/>\n\t<meta property=\"og:image:width\" content=\"2880\" \/>\n\t<meta property=\"og:image:height\" content=\"1620\" \/>\n\t<meta property=\"og:image:type\" content=\"image\/png\" \/>\n<meta name=\"twitter:card\" content=\"summary_large_image\" \/>\n<meta name=\"twitter:site\" content=\"@talkpalai\" \/>\n<meta name=\"twitter:label1\" content=\"Ber\u00e4knad l\u00e4stid\" \/>\n\t<meta name=\"twitter:data1\" content=\"5 minuter\" \/>\n<script type=\"application\/ld+json\" class=\"yoast-schema-graph\">{\"@context\":\"https:\/\/schema.org\",\"@graph\":[{\"@type\":\"WebPage\",\"@id\":\"https:\/\/talkpal.ai\/sv\/grammar\/reflexiva-pronomen-i-hebreisk-grammatik\/\",\"url\":\"https:\/\/talkpal.ai\/sv\/grammar\/reflexiva-pronomen-i-hebreisk-grammatik\/\",\"name\":\"Reflexiva pronomen i hebreisk grammatik - Talkpal\",\"isPartOf\":{\"@id\":\"https:\/\/talkpal.ai\/sv\/#website\"},\"primaryImageOfPage\":{\"@id\":\"https:\/\/talkpal.ai\/sv\/grammar\/reflexiva-pronomen-i-hebreisk-grammatik\/#primaryimage\"},\"image\":{\"@id\":\"https:\/\/talkpal.ai\/sv\/grammar\/reflexiva-pronomen-i-hebreisk-grammatik\/#primaryimage\"},\"thumbnailUrl\":\"https:\/\/talkpal.ai\/wp-content\/uploads\/2025\/12\/girl-is-learning-languages-on-campus.webp\",\"datePublished\":\"2025-07-03T10:13:35+00:00\",\"description\":\"Att f\u00f6rst\u00e5 reflexiva pronomen i hebreisk grammatik \u00e4r avg\u00f6rande f\u00f6r att beh\u00e4rska spr\u00e5ket p\u00e5 en djupare niv\u00e5. Reflexiva pronomen anv\u00e4nds f\u00f6r att uttrycka\",\"breadcrumb\":{\"@id\":\"https:\/\/talkpal.ai\/sv\/grammar\/reflexiva-pronomen-i-hebreisk-grammatik\/#breadcrumb\"},\"inLanguage\":\"sv-SE\",\"potentialAction\":[{\"@type\":\"ReadAction\",\"target\":[\"https:\/\/talkpal.ai\/sv\/grammar\/reflexiva-pronomen-i-hebreisk-grammatik\/\"]}]},{\"@type\":\"ImageObject\",\"inLanguage\":\"sv-SE\",\"@id\":\"https:\/\/talkpal.ai\/sv\/grammar\/reflexiva-pronomen-i-hebreisk-grammatik\/#primaryimage\",\"url\":\"https:\/\/talkpal.ai\/wp-content\/uploads\/2025\/12\/girl-is-learning-languages-on-campus.webp\",\"contentUrl\":\"https:\/\/talkpal.ai\/wp-content\/uploads\/2025\/12\/girl-is-learning-languages-on-campus.webp\",\"width\":1200,\"height\":896,\"caption\":\"A student with glasses and a bun sits on a bench and uses a laptop for learning languages.\"},{\"@type\":\"BreadcrumbList\",\"@id\":\"https:\/\/talkpal.ai\/sv\/grammar\/reflexiva-pronomen-i-hebreisk-grammatik\/#breadcrumb\",\"itemListElement\":[{\"@type\":\"ListItem\",\"position\":1,\"name\":\"Homepage\",\"item\":\"https:\/\/talkpal.ai\/sv\/\"},{\"@type\":\"ListItem\",\"position\":2,\"name\":\"Reflexiva pronomen i hebreisk grammatik\"}]},{\"@type\":\"WebSite\",\"@id\":\"https:\/\/talkpal.ai\/sv\/#website\",\"url\":\"https:\/\/talkpal.ai\/sv\/\",\"name\":\"Talkpal\",\"description\":\"AI Language Learning\",\"publisher\":{\"@id\":\"https:\/\/talkpal.ai\/sv\/#organization\"},\"alternateName\":\"Talkpal AI\",\"potentialAction\":[{\"@type\":\"SearchAction\",\"target\":{\"@type\":\"EntryPoint\",\"urlTemplate\":\"https:\/\/talkpal.ai\/sv\/?s={search_term_string}\"},\"query-input\":{\"@type\":\"PropertyValueSpecification\",\"valueRequired\":true,\"valueName\":\"search_term_string\"}}],\"inLanguage\":\"sv-SE\"},{\"@type\":\"Organization\",\"@id\":\"https:\/\/talkpal.ai\/sv\/#organization\",\"name\":\"Talkpal, Inc.\",\"alternateName\":\"Talkpal AI\",\"url\":\"https:\/\/talkpal.ai\/sv\/\",\"logo\":{\"@type\":\"ImageObject\",\"inLanguage\":\"sv-SE\",\"@id\":\"https:\/\/talkpal.ai\/sv\/#\/schema\/logo\/image\/\",\"url\":\"https:\/\/talkpal.ai\/wp-content\/uploads\/2024\/03\/Talkpal-Logo-Icon.png\",\"contentUrl\":\"https:\/\/talkpal.ai\/wp-content\/uploads\/2024\/03\/Talkpal-Logo-Icon.png\",\"width\":2880,\"height\":2880,\"caption\":\"Talkpal, Inc.\"},\"image\":{\"@id\":\"https:\/\/talkpal.ai\/sv\/#\/schema\/logo\/image\/\"},\"sameAs\":[\"https:\/\/www.facebook.com\/profile.php?id=100090733639311\",\"https:\/\/x.com\/talkpalai\",\"https:\/\/www.linkedin.com\/company\/talkpal\/\",\"https:\/\/www.youtube.com\/@TalkPal\/\",\"https:\/\/www.tiktok.com\/@talkpal\",\"https:\/\/www.instagram.com\/talkpal_ai\/\",\"https:\/\/www.crunchbase.com\/organization\/talkpal-9cde\",\"https:\/\/www.g2.com\/products\/talkpal-for-business\/\",\"https:\/\/www.trustpilot.com\/review\/talkpal.ai\",\"https:\/\/www.capterra.com\/p\/10006800\/TalkPal\/\"],\"description\":\"Talkpal is a language learning web and mobile education app, powered by the latest AI technologies, that provides engaging experiences to its customers in many different languages to help them improve their language skills. Users can chat about unlimited amount of topics with the app and use other modes to practice their language learning.\",\"email\":\"support@talkpal.ai\",\"legalName\":\"Talkpal, Inc.\",\"foundingDate\":\"2023-04-03\",\"duns\":\"118989042\",\"numberOfEmployees\":{\"@type\":\"QuantitativeValue\",\"minValue\":\"11\",\"maxValue\":\"50\"},\"publishingPrinciples\":\"https:\/\/talkpal.ai\/publishing-principles\/\",\"actionableFeedbackPolicy\":\"https:\/\/talkpal.ai\/actionable-feedback-policy\/\",\"correctionsPolicy\":\"https:\/\/talkpal.ai\/corrections-policy\/\",\"ethicsPolicy\":\"https:\/\/talkpal.ai\/ethics-policy\/\",\"diversityPolicy\":\"https:\/\/talkpal.ai\/diversity-policy\/\",\"diversityStaffingReport\":\"https:\/\/talkpal.ai\/diversity-policy\/\"}]}<\/script>\n<!-- \/ Yoast SEO Premium plugin. -->","yoast_head_json":{"title":"Reflexiva pronomen i hebreisk grammatik - Talkpal","description":"Att f\u00f6rst\u00e5 reflexiva pronomen i hebreisk grammatik \u00e4r avg\u00f6rande f\u00f6r att beh\u00e4rska spr\u00e5ket p\u00e5 en djupare niv\u00e5. Reflexiva pronomen anv\u00e4nds f\u00f6r att uttrycka","robots":{"index":"index","follow":"follow","max-snippet":"max-snippet:-1","max-image-preview":"max-image-preview:large","max-video-preview":"max-video-preview:-1"},"canonical":"https:\/\/talkpal.ai\/sv\/grammar\/reflexiva-pronomen-i-hebreisk-grammatik\/","og_locale":"sv_SE","og_type":"article","og_title":"Reflexiva pronomen i hebreisk grammatik","og_description":"Att f\u00f6rst\u00e5 reflexiva pronomen i hebreisk grammatik \u00e4r avg\u00f6rande f\u00f6r att beh\u00e4rska spr\u00e5ket p\u00e5 en djupare niv\u00e5. Reflexiva pronomen anv\u00e4nds f\u00f6r att uttrycka","og_url":"https:\/\/talkpal.ai\/sv\/grammar\/reflexiva-pronomen-i-hebreisk-grammatik\/","og_site_name":"Talkpal","article_publisher":"https:\/\/www.facebook.com\/profile.php?id=100090733639311","og_image":[{"width":2880,"height":1620,"url":"https:\/\/talkpal.ai\/wp-content\/uploads\/2025\/02\/Progress-tab-16_9.png","type":"image\/png"}],"twitter_card":"summary_large_image","twitter_site":"@talkpalai","twitter_misc":{"Ber\u00e4knad l\u00e4stid":"5 minuter"},"schema":{"@context":"https:\/\/schema.org","@graph":[{"@type":"WebPage","@id":"https:\/\/talkpal.ai\/sv\/grammar\/reflexiva-pronomen-i-hebreisk-grammatik\/","url":"https:\/\/talkpal.ai\/sv\/grammar\/reflexiva-pronomen-i-hebreisk-grammatik\/","name":"Reflexiva pronomen i hebreisk grammatik - Talkpal","isPartOf":{"@id":"https:\/\/talkpal.ai\/sv\/#website"},"primaryImageOfPage":{"@id":"https:\/\/talkpal.ai\/sv\/grammar\/reflexiva-pronomen-i-hebreisk-grammatik\/#primaryimage"},"image":{"@id":"https:\/\/talkpal.ai\/sv\/grammar\/reflexiva-pronomen-i-hebreisk-grammatik\/#primaryimage"},"thumbnailUrl":"https:\/\/talkpal.ai\/wp-content\/uploads\/2025\/12\/girl-is-learning-languages-on-campus.webp","datePublished":"2025-07-03T10:13:35+00:00","description":"Att f\u00f6rst\u00e5 reflexiva pronomen i hebreisk grammatik \u00e4r avg\u00f6rande f\u00f6r att beh\u00e4rska spr\u00e5ket p\u00e5 en djupare niv\u00e5. Reflexiva pronomen anv\u00e4nds f\u00f6r att uttrycka","breadcrumb":{"@id":"https:\/\/talkpal.ai\/sv\/grammar\/reflexiva-pronomen-i-hebreisk-grammatik\/#breadcrumb"},"inLanguage":"sv-SE","potentialAction":[{"@type":"ReadAction","target":["https:\/\/talkpal.ai\/sv\/grammar\/reflexiva-pronomen-i-hebreisk-grammatik\/"]}]},{"@type":"ImageObject","inLanguage":"sv-SE","@id":"https:\/\/talkpal.ai\/sv\/grammar\/reflexiva-pronomen-i-hebreisk-grammatik\/#primaryimage","url":"https:\/\/talkpal.ai\/wp-content\/uploads\/2025\/12\/girl-is-learning-languages-on-campus.webp","contentUrl":"https:\/\/talkpal.ai\/wp-content\/uploads\/2025\/12\/girl-is-learning-languages-on-campus.webp","width":1200,"height":896,"caption":"A student with glasses and a bun sits on a bench and uses a laptop for learning languages."},{"@type":"BreadcrumbList","@id":"https:\/\/talkpal.ai\/sv\/grammar\/reflexiva-pronomen-i-hebreisk-grammatik\/#breadcrumb","itemListElement":[{"@type":"ListItem","position":1,"name":"Homepage","item":"https:\/\/talkpal.ai\/sv\/"},{"@type":"ListItem","position":2,"name":"Reflexiva pronomen i hebreisk grammatik"}]},{"@type":"WebSite","@id":"https:\/\/talkpal.ai\/sv\/#website","url":"https:\/\/talkpal.ai\/sv\/","name":"Talkpal","description":"AI Language Learning","publisher":{"@id":"https:\/\/talkpal.ai\/sv\/#organization"},"alternateName":"Talkpal AI","potentialAction":[{"@type":"SearchAction","target":{"@type":"EntryPoint","urlTemplate":"https:\/\/talkpal.ai\/sv\/?s={search_term_string}"},"query-input":{"@type":"PropertyValueSpecification","valueRequired":true,"valueName":"search_term_string"}}],"inLanguage":"sv-SE"},{"@type":"Organization","@id":"https:\/\/talkpal.ai\/sv\/#organization","name":"Talkpal, Inc.","alternateName":"Talkpal AI","url":"https:\/\/talkpal.ai\/sv\/","logo":{"@type":"ImageObject","inLanguage":"sv-SE","@id":"https:\/\/talkpal.ai\/sv\/#\/schema\/logo\/image\/","url":"https:\/\/talkpal.ai\/wp-content\/uploads\/2024\/03\/Talkpal-Logo-Icon.png","contentUrl":"https:\/\/talkpal.ai\/wp-content\/uploads\/2024\/03\/Talkpal-Logo-Icon.png","width":2880,"height":2880,"caption":"Talkpal, Inc."},"image":{"@id":"https:\/\/talkpal.ai\/sv\/#\/schema\/logo\/image\/"},"sameAs":["https:\/\/www.facebook.com\/profile.php?id=100090733639311","https:\/\/x.com\/talkpalai","https:\/\/www.linkedin.com\/company\/talkpal\/","https:\/\/www.youtube.com\/@TalkPal\/","https:\/\/www.tiktok.com\/@talkpal","https:\/\/www.instagram.com\/talkpal_ai\/","https:\/\/www.crunchbase.com\/organization\/talkpal-9cde","https:\/\/www.g2.com\/products\/talkpal-for-business\/","https:\/\/www.trustpilot.com\/review\/talkpal.ai","https:\/\/www.capterra.com\/p\/10006800\/TalkPal\/"],"description":"Talkpal is a language learning web and mobile education app, powered by the latest AI technologies, that provides engaging experiences to its customers in many different languages to help them improve their language skills. Users can chat about unlimited amount of topics with the app and use other modes to practice their language learning.","email":"support@talkpal.ai","legalName":"Talkpal, Inc.","foundingDate":"2023-04-03","duns":"118989042","numberOfEmployees":{"@type":"QuantitativeValue","minValue":"11","maxValue":"50"},"publishingPrinciples":"https:\/\/talkpal.ai\/publishing-principles\/","actionableFeedbackPolicy":"https:\/\/talkpal.ai\/actionable-feedback-policy\/","correctionsPolicy":"https:\/\/talkpal.ai\/corrections-policy\/","ethicsPolicy":"https:\/\/talkpal.ai\/ethics-policy\/","diversityPolicy":"https:\/\/talkpal.ai\/diversity-policy\/","diversityStaffingReport":"https:\/\/talkpal.ai\/diversity-policy\/"}]}},"_links":{"self":[{"href":"https:\/\/talkpal.ai\/sv\/wp-json\/wp\/v2\/grammar\/1099849","targetHints":{"allow":["GET"]}}],"collection":[{"href":"https:\/\/talkpal.ai\/sv\/wp-json\/wp\/v2\/grammar"}],"about":[{"href":"https:\/\/talkpal.ai\/sv\/wp-json\/wp\/v2\/types\/grammar"}],"wp:featuredmedia":[{"embeddable":true,"href":"https:\/\/talkpal.ai\/sv\/wp-json\/wp\/v2\/media\/1527665"}],"wp:attachment":[{"href":"https:\/\/talkpal.ai\/sv\/wp-json\/wp\/v2\/media?parent=1099849"}],"wp:term":[{"taxonomy":"language","embeddable":true,"href":"https:\/\/talkpal.ai\/sv\/wp-json\/wp\/v2\/language?post=1099849"}],"curies":[{"name":"wp","href":"https:\/\/api.w.org\/{rel}","templated":true}]}}