{"id":1099682,"date":"2025-07-03T10:05:21","date_gmt":"2025-07-03T10:05:21","guid":{"rendered":"https:\/\/talkpal.ai\/grammar\/predikativa-adjektiv-i-galicisk-grammatik\/"},"modified":"2025-07-03T10:05:21","modified_gmt":"2025-07-03T10:05:21","slug":"predikativa-adjektiv-i-galicisk-grammatik","status":"publish","type":"grammar","link":"https:\/\/talkpal.ai\/sv\/grammar\/predikativa-adjektiv-i-galicisk-grammatik\/","title":{"rendered":"Predikativa adjektiv i galicisk grammatik"},"content":{"rendered":"<p>Att f\u00f6rst\u00e5 <a href=\"https:\/\/talkpal.ai\/sv\/grammar_exercises\/predikativa-adjektiv-ovningar-for-swahili-grammatik\/\">predikativa adjektiv<\/a> i <a href=\"https:\/\/talkpal.ai\/da\/laer-galicisk\/\">galicisk grammatik<\/a> \u00e4r avg\u00f6rande f\u00f6r alla som vill bem\u00e4stra detta rika och uttrycksfulla spr\u00e5k. <a href=\"https:\/\/talkpal.ai\/sv\/grammar_exercises\/predikativa-adjektiv-ovningar-for-swahili-grammatik\/\">Predikativa adjektiv<\/a> spelar en <a href=\"https:\/\/talkpal.ai\/locations\/language-courses-in-central\/\">central<\/a> roll i hur egenskaper och tillst\u00e5nd uttrycks i galiciskan, och de skiljer sig p\u00e5 viktiga s\u00e4tt fr\u00e5n attributiva adjektiv. F\u00f6r den som vill l\u00e4ra sig <a href=\"https:\/\/talkpal.ai\/learn-galician\/\">galiciska<\/a> p\u00e5 djupet \u00e4r det d\u00e4rf\u00f6r viktigt att f\u00f6rst\u00e5 dessa skillnader och anv\u00e4nda dem korrekt i b\u00e5de tal och skrift. Med hj\u00e4lp av verktyg som <a href=\"https:\/\/talkpal.ai\/ko\/ai-%ec%96%b8%ec%96%b4-%ea%b5%90%ec%82%ac\/\">Talkpal<\/a> kan man effektivt \u00f6va och f\u00f6rb\u00e4ttra sin f\u00f6rm\u00e5ga att anv\u00e4nda predikativa adjektiv i galicisk <a href=\"https:\/\/talkpal.ai\/fr\/les\/\">grammatik<\/a>, vilket ger en mer naturlig och flytande spr\u00e5kanv\u00e4ndning.<\/p>\n<h2>Vad \u00e4r predikativa adjektiv?<\/h2>\n<p>Predikativa adjektiv \u00e4r adjektiv som anv\u00e4nds f\u00f6r att beskriva subjektet i en sats via ett kopulativt verb, oftast verbet <em>ser<\/em> (att vara) eller <em>estar<\/em> (att befinna sig\/vara) i galiciskan. De skiljer sig fr\u00e5n attributiva adjektiv, som st\u00e5r direkt f\u00f6re eller efter ett substantiv och beskriver det mer direkt.<\/p>\n<h3>Exempel p\u00e5 predikativa adjektiv i galiciska<\/h3>\n<ul>\n<li><strong>Ela est\u00e1 cansada.<\/strong> (Hon \u00e4r tr\u00f6tt.) \u2013 H\u00e4r beskriver adjektivet <em>cansada<\/em> subjektet <em>Ela<\/em> via verbet <em>estar<\/em>.<\/li>\n<li><strong>O libro \u00e9 interesante.<\/strong> (Boken \u00e4r intressant.) \u2013 Adjektivet <em>interesante<\/em> beskriver subjektet <em>O libro<\/em> med hj\u00e4lp av verbet <em>ser<\/em>.<\/li>\n<\/ul>\n<h2>Skillnaden mellan predikativa och attributiva adjektiv<\/h2>\n<p>Det \u00e4r viktigt att skilja mellan predikativa och attributiva adjektiv f\u00f6r att korrekt kunna uttrycka sig p\u00e5 galiciska:<\/p>\n<ul>\n<li><strong>Attributiva adjektiv<\/strong> st\u00e5r direkt vid substantivet och \u00e4r en del av nominalfrasen: <em>un coche r\u00e1pido<\/em> (en snabb bil).<\/li>\n<li><strong>Predikativa adjektiv<\/strong> kopplas till subjektet via ett verb och st\u00e5r separat: <em>O coche \u00e9 r\u00e1pido<\/em> (Bilen \u00e4r snabb).<\/li>\n<\/ul>\n<p>Denna skillnad p\u00e5verkar b\u00e5de meningsbyggnad och betydelse i galiciska och \u00e4r grundl\u00e4ggande f\u00f6r att f\u00f6rst\u00e5 spr\u00e5ket p\u00e5 en djupare niv\u00e5.<\/p>\n<h2>Grammatiska regler f\u00f6r predikativa adjektiv i galicisk grammatik<\/h2>\n<p>Predikativa adjektiv i galiciskan f\u00f6ljer vissa viktiga grammatiska regler som \u00e4r n\u00f6dv\u00e4ndiga att k\u00e4nna till:<\/p>\n<h3>1. Kongruens i genus och numerus<\/h3>\n<p>Precis som i m\u00e5nga andra romanska spr\u00e5k m\u00e5ste predikativa adjektiv i galiciskan anpassas till subjektets genus (maskulinum\/femininum) och numerus (singular\/plural). Exempel:<\/p>\n<ul>\n<li><em>Ela est\u00e1 cansada.<\/em> (femininum singular)<\/li>\n<li><em>Eles est\u00e1n cansados.<\/em> (maskulinum plural)<\/li>\n<\/ul>\n<h3>2. Anv\u00e4ndning med kopulativa verb<\/h3>\n<p>Predikativa adjektiv anv\u00e4nds alltid tillsammans med kopulativa verb s\u00e5som <em>ser<\/em> och <em>estar<\/em>. Valet av verb kan \u00e4ndra betydelsen:<\/p>\n<ul>\n<li><em>Ser<\/em> indikerar ofta en permanent egenskap: <em>O ceo \u00e9 azul.<\/em> (Himlen \u00e4r bl\u00e5.)<\/li>\n<li><em>Estar<\/em> indikerar tempor\u00e4ra tillst\u00e5nd: <em>O ceo est\u00e1 azul pola tarde.<\/em> (Himlen \u00e4r bl\u00e5 p\u00e5 eftermiddagen.)<\/li>\n<\/ul>\n<h3>3. Placering av adjektivet<\/h3>\n<p>Till skillnad fr\u00e5n attributiva adjektiv placeras predikativa adjektiv alltid efter verbet:<\/p>\n<ul>\n<li><em>O neno est\u00e1 feliz.<\/em> (Pojken \u00e4r glad.)<\/li>\n<li>Ej: *<em>O neno feliz est\u00e1.<\/em><\/li>\n<\/ul>\n<h2>Vanliga predikativa adjektiv i galiciskan<\/h2>\n<p>Det finns flera adjektiv som ofta anv\u00e4nds predikativt i galiciskan. H\u00e4r \u00e4r n\u00e5gra exempel med deras svenska motsvarigheter:<\/p>\n<ul>\n<li><strong>Feliz<\/strong> \u2013 glad<\/li>\n<li><strong>Cansado\/a<\/strong> \u2013 tr\u00f6tt<\/li>\n<li><strong>Triste<\/strong> \u2013 ledsen<\/li>\n<li><strong>Interesante<\/strong> \u2013 intressant<\/li>\n<li><strong>Contento\/a<\/strong> \u2013 n\u00f6jd<\/li>\n<li><strong>Doente<\/strong> \u2013 sjuk<\/li>\n<\/ul>\n<h2>Vanliga misstag att undvika vid anv\u00e4ndning av predikativa adjektiv<\/h2>\n<p>M\u00e5nga spr\u00e5kstudenter som l\u00e4r sig galiciska g\u00f6r liknande misstag n\u00e4r det g\u00e4ller predikativa adjektiv. H\u00e4r \u00e4r n\u00e5gra vanliga fallgropar:<\/p>\n<ul>\n<li><strong>Fel genus eller numerus:<\/strong> Att inte anpassa adjektivet till subjektets genus och numerus, t.ex. <em>Ela est\u00e1 cansado<\/em> ist\u00e4llet f\u00f6r <em>Ela est\u00e1 cansada<\/em>.<\/li>\n<li><strong>Fel verb:<\/strong> Att anv\u00e4nda ett verb som inte \u00e4r kopulativt, t.ex. <em>Ela tem cansada<\/em> ist\u00e4llet f\u00f6r <em>Ela est\u00e1 cansada<\/em>.<\/li>\n<li><strong>Fel placering:<\/strong> Att placera predikativa adjektiv direkt efter substantivet utan verb, t.ex. <em>Ela cansada<\/em> ist\u00e4llet f\u00f6r <em>Ela est\u00e1 cansada<\/em>.<\/li>\n<\/ul>\n<h2>Hur Talkpal kan hj\u00e4lpa dig att l\u00e4ra dig predikativa adjektiv i galicisk grammatik<\/h2>\n<p>Talkpal \u00e4r en utm\u00e4rkt plattform f\u00f6r att l\u00e4ra sig galiciska, s\u00e4rskilt n\u00e4r det g\u00e4ller komplexa grammatiska strukturer som predikativa adjektiv. Genom interaktiva \u00f6vningar, samtalstr\u00e4ning och omedelbar feedback kan du:<\/p>\n<ul>\n<li>\u00d6va kongruens mellan adjektiv och subjekt i olika genus och numerus.<\/li>\n<li>L\u00e4ra dig skillnaderna mellan <em>ser<\/em> och <em>estar<\/em> i praktiken.<\/li>\n<li>F\u00e5 m\u00f6jlighet att anv\u00e4nda predikativa adjektiv i riktiga samtal och texter.<\/li>\n<li>Bygga upp ditt ordf\u00f6rr\u00e5d med vanliga och anv\u00e4ndbara adjektiv.<\/li>\n<\/ul>\n<p>Med Talkpal blir inl\u00e4rningen b\u00e5de effektiv och rolig, vilket \u00e4r nyckeln till att bem\u00e4stra predikativa adjektiv i galicisk grammatik.<\/p>\n<h2>Sammanfattning<\/h2>\n<p>Predikativa adjektiv \u00e4r en grundl\u00e4ggande del av galicisk grammatik och anv\u00e4nds f\u00f6r att uttrycka egenskaper och tillst\u00e5nd hos subjektet via kopulativa verb. Att beh\u00e4rska deras anv\u00e4ndning kr\u00e4ver f\u00f6rst\u00e5else f\u00f6r genus- och numeruskongruens, korrekt verbval och placering. Genom att undvika vanliga misstag och anv\u00e4nda resurser som Talkpal kan du snabbt f\u00f6rb\u00e4ttra din galiciska och uttrycka dig mer naturligt. Att l\u00e4ra sig dessa grammatiska regler \u00f6ppnar d\u00f6rrar till en djupare f\u00f6rst\u00e5else av galiciskan och dess nyanser.<\/p>\n","protected":false},"featured_media":1527624,"template":"","language":[7654,7636],"class_list":["post-1099682","grammar","type-grammar","status-publish","has-post-thumbnail","hentry","language-adjektiv-galicisk-grammatik","language-galiciska"],"acf":[],"yoast_head":"<!-- This site is optimized with the Yoast SEO Premium plugin v27.2 (Yoast SEO v27.2) - https:\/\/yoast.com\/product\/yoast-seo-premium-wordpress\/ -->\n<title>Predikativa adjektiv i galicisk grammatik - Talkpal<\/title>\n<meta name=\"description\" content=\"Att f\u00f6rst\u00e5 predikativa adjektiv i galicisk grammatik \u00e4r avg\u00f6rande f\u00f6r alla som vill bem\u00e4stra detta rika och uttrycksfulla spr\u00e5k. Predikativa adjektiv\" \/>\n<meta name=\"robots\" content=\"index, follow, max-snippet:-1, max-image-preview:large, max-video-preview:-1\" \/>\n<link rel=\"canonical\" href=\"https:\/\/talkpal.ai\/sv\/grammar\/predikativa-adjektiv-i-galicisk-grammatik\/\" \/>\n<meta property=\"og:locale\" content=\"sv_SE\" \/>\n<meta property=\"og:type\" content=\"article\" \/>\n<meta property=\"og:title\" content=\"Predikativa adjektiv i galicisk grammatik\" \/>\n<meta property=\"og:description\" content=\"Att f\u00f6rst\u00e5 predikativa adjektiv i galicisk grammatik \u00e4r avg\u00f6rande f\u00f6r alla som vill bem\u00e4stra detta rika och uttrycksfulla spr\u00e5k. Predikativa adjektiv\" \/>\n<meta property=\"og:url\" content=\"https:\/\/talkpal.ai\/sv\/grammar\/predikativa-adjektiv-i-galicisk-grammatik\/\" \/>\n<meta property=\"og:site_name\" content=\"Talkpal\" \/>\n<meta property=\"article:publisher\" content=\"https:\/\/www.facebook.com\/profile.php?id=100090733639311\" \/>\n<meta property=\"og:image\" content=\"https:\/\/talkpal.ai\/wp-content\/uploads\/2025\/02\/Progress-tab-16_9.png\" \/>\n\t<meta property=\"og:image:width\" content=\"2880\" \/>\n\t<meta property=\"og:image:height\" content=\"1620\" \/>\n\t<meta property=\"og:image:type\" content=\"image\/png\" \/>\n<meta name=\"twitter:card\" content=\"summary_large_image\" \/>\n<meta name=\"twitter:site\" content=\"@talkpalai\" \/>\n<meta name=\"twitter:label1\" content=\"Ber\u00e4knad l\u00e4stid\" \/>\n\t<meta name=\"twitter:data1\" content=\"4 minuter\" \/>\n<script type=\"application\/ld+json\" class=\"yoast-schema-graph\">{\"@context\":\"https:\/\/schema.org\",\"@graph\":[{\"@type\":\"WebPage\",\"@id\":\"https:\/\/talkpal.ai\/sv\/grammar\/predikativa-adjektiv-i-galicisk-grammatik\/\",\"url\":\"https:\/\/talkpal.ai\/sv\/grammar\/predikativa-adjektiv-i-galicisk-grammatik\/\",\"name\":\"Predikativa adjektiv i galicisk grammatik - Talkpal\",\"isPartOf\":{\"@id\":\"https:\/\/talkpal.ai\/sv\/#website\"},\"primaryImageOfPage\":{\"@id\":\"https:\/\/talkpal.ai\/sv\/grammar\/predikativa-adjektiv-i-galicisk-grammatik\/#primaryimage\"},\"image\":{\"@id\":\"https:\/\/talkpal.ai\/sv\/grammar\/predikativa-adjektiv-i-galicisk-grammatik\/#primaryimage\"},\"thumbnailUrl\":\"https:\/\/talkpal.ai\/wp-content\/uploads\/2025\/12\/couple-studies-together-to-learn-languages.webp\",\"datePublished\":\"2025-07-03T10:05:21+00:00\",\"description\":\"Att f\u00f6rst\u00e5 predikativa adjektiv i galicisk grammatik \u00e4r avg\u00f6rande f\u00f6r alla som vill bem\u00e4stra detta rika och uttrycksfulla spr\u00e5k. Predikativa adjektiv\",\"breadcrumb\":{\"@id\":\"https:\/\/talkpal.ai\/sv\/grammar\/predikativa-adjektiv-i-galicisk-grammatik\/#breadcrumb\"},\"inLanguage\":\"sv-SE\",\"potentialAction\":[{\"@type\":\"ReadAction\",\"target\":[\"https:\/\/talkpal.ai\/sv\/grammar\/predikativa-adjektiv-i-galicisk-grammatik\/\"]}]},{\"@type\":\"ImageObject\",\"inLanguage\":\"sv-SE\",\"@id\":\"https:\/\/talkpal.ai\/sv\/grammar\/predikativa-adjektiv-i-galicisk-grammatik\/#primaryimage\",\"url\":\"https:\/\/talkpal.ai\/wp-content\/uploads\/2025\/12\/couple-studies-together-to-learn-languages.webp\",\"contentUrl\":\"https:\/\/talkpal.ai\/wp-content\/uploads\/2025\/12\/couple-studies-together-to-learn-languages.webp\",\"width\":1200,\"height\":896,\"caption\":\"Two people talk at a caf\u00e9 table while learning languages near a window overlooking a scenic mountain valley.\"},{\"@type\":\"BreadcrumbList\",\"@id\":\"https:\/\/talkpal.ai\/sv\/grammar\/predikativa-adjektiv-i-galicisk-grammatik\/#breadcrumb\",\"itemListElement\":[{\"@type\":\"ListItem\",\"position\":1,\"name\":\"Homepage\",\"item\":\"https:\/\/talkpal.ai\/sv\/\"},{\"@type\":\"ListItem\",\"position\":2,\"name\":\"Predikativa adjektiv i galicisk grammatik\"}]},{\"@type\":\"WebSite\",\"@id\":\"https:\/\/talkpal.ai\/sv\/#website\",\"url\":\"https:\/\/talkpal.ai\/sv\/\",\"name\":\"Talkpal\",\"description\":\"AI Language Learning\",\"publisher\":{\"@id\":\"https:\/\/talkpal.ai\/sv\/#organization\"},\"alternateName\":\"Talkpal AI\",\"potentialAction\":[{\"@type\":\"SearchAction\",\"target\":{\"@type\":\"EntryPoint\",\"urlTemplate\":\"https:\/\/talkpal.ai\/sv\/?s={search_term_string}\"},\"query-input\":{\"@type\":\"PropertyValueSpecification\",\"valueRequired\":true,\"valueName\":\"search_term_string\"}}],\"inLanguage\":\"sv-SE\"},{\"@type\":\"Organization\",\"@id\":\"https:\/\/talkpal.ai\/sv\/#organization\",\"name\":\"Talkpal, Inc.\",\"alternateName\":\"Talkpal AI\",\"url\":\"https:\/\/talkpal.ai\/sv\/\",\"logo\":{\"@type\":\"ImageObject\",\"inLanguage\":\"sv-SE\",\"@id\":\"https:\/\/talkpal.ai\/sv\/#\/schema\/logo\/image\/\",\"url\":\"https:\/\/talkpal.ai\/wp-content\/uploads\/2024\/03\/Talkpal-Logo-Icon.png\",\"contentUrl\":\"https:\/\/talkpal.ai\/wp-content\/uploads\/2024\/03\/Talkpal-Logo-Icon.png\",\"width\":2880,\"height\":2880,\"caption\":\"Talkpal, Inc.\"},\"image\":{\"@id\":\"https:\/\/talkpal.ai\/sv\/#\/schema\/logo\/image\/\"},\"sameAs\":[\"https:\/\/www.facebook.com\/profile.php?id=100090733639311\",\"https:\/\/x.com\/talkpalai\",\"https:\/\/www.linkedin.com\/company\/talkpal\/\",\"https:\/\/www.youtube.com\/@TalkPal\/\",\"https:\/\/www.tiktok.com\/@talkpal\",\"https:\/\/www.instagram.com\/talkpal_ai\/\",\"https:\/\/www.crunchbase.com\/organization\/talkpal-9cde\",\"https:\/\/www.g2.com\/products\/talkpal-for-business\/\",\"https:\/\/www.trustpilot.com\/review\/talkpal.ai\",\"https:\/\/www.capterra.com\/p\/10006800\/TalkPal\/\"],\"description\":\"Talkpal is a language learning web and mobile education app, powered by the latest AI technologies, that provides engaging experiences to its customers in many different languages to help them improve their language skills. Users can chat about unlimited amount of topics with the app and use other modes to practice their language learning.\",\"email\":\"support@talkpal.ai\",\"legalName\":\"Talkpal, Inc.\",\"foundingDate\":\"2023-04-03\",\"duns\":\"118989042\",\"numberOfEmployees\":{\"@type\":\"QuantitativeValue\",\"minValue\":\"11\",\"maxValue\":\"50\"},\"publishingPrinciples\":\"https:\/\/talkpal.ai\/publishing-principles\/\",\"actionableFeedbackPolicy\":\"https:\/\/talkpal.ai\/actionable-feedback-policy\/\",\"correctionsPolicy\":\"https:\/\/talkpal.ai\/corrections-policy\/\",\"ethicsPolicy\":\"https:\/\/talkpal.ai\/ethics-policy\/\",\"diversityPolicy\":\"https:\/\/talkpal.ai\/diversity-policy\/\",\"diversityStaffingReport\":\"https:\/\/talkpal.ai\/diversity-policy\/\"}]}<\/script>\n<!-- \/ Yoast SEO Premium plugin. -->","yoast_head_json":{"title":"Predikativa adjektiv i galicisk grammatik - Talkpal","description":"Att f\u00f6rst\u00e5 predikativa adjektiv i galicisk grammatik \u00e4r avg\u00f6rande f\u00f6r alla som vill bem\u00e4stra detta rika och uttrycksfulla spr\u00e5k. Predikativa adjektiv","robots":{"index":"index","follow":"follow","max-snippet":"max-snippet:-1","max-image-preview":"max-image-preview:large","max-video-preview":"max-video-preview:-1"},"canonical":"https:\/\/talkpal.ai\/sv\/grammar\/predikativa-adjektiv-i-galicisk-grammatik\/","og_locale":"sv_SE","og_type":"article","og_title":"Predikativa adjektiv i galicisk grammatik","og_description":"Att f\u00f6rst\u00e5 predikativa adjektiv i galicisk grammatik \u00e4r avg\u00f6rande f\u00f6r alla som vill bem\u00e4stra detta rika och uttrycksfulla spr\u00e5k. Predikativa adjektiv","og_url":"https:\/\/talkpal.ai\/sv\/grammar\/predikativa-adjektiv-i-galicisk-grammatik\/","og_site_name":"Talkpal","article_publisher":"https:\/\/www.facebook.com\/profile.php?id=100090733639311","og_image":[{"width":2880,"height":1620,"url":"https:\/\/talkpal.ai\/wp-content\/uploads\/2025\/02\/Progress-tab-16_9.png","type":"image\/png"}],"twitter_card":"summary_large_image","twitter_site":"@talkpalai","twitter_misc":{"Ber\u00e4knad l\u00e4stid":"4 minuter"},"schema":{"@context":"https:\/\/schema.org","@graph":[{"@type":"WebPage","@id":"https:\/\/talkpal.ai\/sv\/grammar\/predikativa-adjektiv-i-galicisk-grammatik\/","url":"https:\/\/talkpal.ai\/sv\/grammar\/predikativa-adjektiv-i-galicisk-grammatik\/","name":"Predikativa adjektiv i galicisk grammatik - Talkpal","isPartOf":{"@id":"https:\/\/talkpal.ai\/sv\/#website"},"primaryImageOfPage":{"@id":"https:\/\/talkpal.ai\/sv\/grammar\/predikativa-adjektiv-i-galicisk-grammatik\/#primaryimage"},"image":{"@id":"https:\/\/talkpal.ai\/sv\/grammar\/predikativa-adjektiv-i-galicisk-grammatik\/#primaryimage"},"thumbnailUrl":"https:\/\/talkpal.ai\/wp-content\/uploads\/2025\/12\/couple-studies-together-to-learn-languages.webp","datePublished":"2025-07-03T10:05:21+00:00","description":"Att f\u00f6rst\u00e5 predikativa adjektiv i galicisk grammatik \u00e4r avg\u00f6rande f\u00f6r alla som vill bem\u00e4stra detta rika och uttrycksfulla spr\u00e5k. Predikativa adjektiv","breadcrumb":{"@id":"https:\/\/talkpal.ai\/sv\/grammar\/predikativa-adjektiv-i-galicisk-grammatik\/#breadcrumb"},"inLanguage":"sv-SE","potentialAction":[{"@type":"ReadAction","target":["https:\/\/talkpal.ai\/sv\/grammar\/predikativa-adjektiv-i-galicisk-grammatik\/"]}]},{"@type":"ImageObject","inLanguage":"sv-SE","@id":"https:\/\/talkpal.ai\/sv\/grammar\/predikativa-adjektiv-i-galicisk-grammatik\/#primaryimage","url":"https:\/\/talkpal.ai\/wp-content\/uploads\/2025\/12\/couple-studies-together-to-learn-languages.webp","contentUrl":"https:\/\/talkpal.ai\/wp-content\/uploads\/2025\/12\/couple-studies-together-to-learn-languages.webp","width":1200,"height":896,"caption":"Two people talk at a caf\u00e9 table while learning languages near a window overlooking a scenic mountain valley."},{"@type":"BreadcrumbList","@id":"https:\/\/talkpal.ai\/sv\/grammar\/predikativa-adjektiv-i-galicisk-grammatik\/#breadcrumb","itemListElement":[{"@type":"ListItem","position":1,"name":"Homepage","item":"https:\/\/talkpal.ai\/sv\/"},{"@type":"ListItem","position":2,"name":"Predikativa adjektiv i galicisk grammatik"}]},{"@type":"WebSite","@id":"https:\/\/talkpal.ai\/sv\/#website","url":"https:\/\/talkpal.ai\/sv\/","name":"Talkpal","description":"AI Language Learning","publisher":{"@id":"https:\/\/talkpal.ai\/sv\/#organization"},"alternateName":"Talkpal AI","potentialAction":[{"@type":"SearchAction","target":{"@type":"EntryPoint","urlTemplate":"https:\/\/talkpal.ai\/sv\/?s={search_term_string}"},"query-input":{"@type":"PropertyValueSpecification","valueRequired":true,"valueName":"search_term_string"}}],"inLanguage":"sv-SE"},{"@type":"Organization","@id":"https:\/\/talkpal.ai\/sv\/#organization","name":"Talkpal, Inc.","alternateName":"Talkpal AI","url":"https:\/\/talkpal.ai\/sv\/","logo":{"@type":"ImageObject","inLanguage":"sv-SE","@id":"https:\/\/talkpal.ai\/sv\/#\/schema\/logo\/image\/","url":"https:\/\/talkpal.ai\/wp-content\/uploads\/2024\/03\/Talkpal-Logo-Icon.png","contentUrl":"https:\/\/talkpal.ai\/wp-content\/uploads\/2024\/03\/Talkpal-Logo-Icon.png","width":2880,"height":2880,"caption":"Talkpal, Inc."},"image":{"@id":"https:\/\/talkpal.ai\/sv\/#\/schema\/logo\/image\/"},"sameAs":["https:\/\/www.facebook.com\/profile.php?id=100090733639311","https:\/\/x.com\/talkpalai","https:\/\/www.linkedin.com\/company\/talkpal\/","https:\/\/www.youtube.com\/@TalkPal\/","https:\/\/www.tiktok.com\/@talkpal","https:\/\/www.instagram.com\/talkpal_ai\/","https:\/\/www.crunchbase.com\/organization\/talkpal-9cde","https:\/\/www.g2.com\/products\/talkpal-for-business\/","https:\/\/www.trustpilot.com\/review\/talkpal.ai","https:\/\/www.capterra.com\/p\/10006800\/TalkPal\/"],"description":"Talkpal is a language learning web and mobile education app, powered by the latest AI technologies, that provides engaging experiences to its customers in many different languages to help them improve their language skills. Users can chat about unlimited amount of topics with the app and use other modes to practice their language learning.","email":"support@talkpal.ai","legalName":"Talkpal, Inc.","foundingDate":"2023-04-03","duns":"118989042","numberOfEmployees":{"@type":"QuantitativeValue","minValue":"11","maxValue":"50"},"publishingPrinciples":"https:\/\/talkpal.ai\/publishing-principles\/","actionableFeedbackPolicy":"https:\/\/talkpal.ai\/actionable-feedback-policy\/","correctionsPolicy":"https:\/\/talkpal.ai\/corrections-policy\/","ethicsPolicy":"https:\/\/talkpal.ai\/ethics-policy\/","diversityPolicy":"https:\/\/talkpal.ai\/diversity-policy\/","diversityStaffingReport":"https:\/\/talkpal.ai\/diversity-policy\/"}]}},"_links":{"self":[{"href":"https:\/\/talkpal.ai\/sv\/wp-json\/wp\/v2\/grammar\/1099682","targetHints":{"allow":["GET"]}}],"collection":[{"href":"https:\/\/talkpal.ai\/sv\/wp-json\/wp\/v2\/grammar"}],"about":[{"href":"https:\/\/talkpal.ai\/sv\/wp-json\/wp\/v2\/types\/grammar"}],"wp:featuredmedia":[{"embeddable":true,"href":"https:\/\/talkpal.ai\/sv\/wp-json\/wp\/v2\/media\/1527624"}],"wp:attachment":[{"href":"https:\/\/talkpal.ai\/sv\/wp-json\/wp\/v2\/media?parent=1099682"}],"wp:term":[{"taxonomy":"language","embeddable":true,"href":"https:\/\/talkpal.ai\/sv\/wp-json\/wp\/v2\/language?post=1099682"}],"curies":[{"name":"wp","href":"https:\/\/api.w.org\/{rel}","templated":true}]}}