{"id":1099016,"date":"2025-07-03T09:32:03","date_gmt":"2025-07-03T09:32:03","guid":{"rendered":"https:\/\/talkpal.ai\/grammar\/adverb-of-degree-i-vitryska-grammatiken\/"},"modified":"2025-07-03T09:32:03","modified_gmt":"2025-07-03T09:32:03","slug":"adverb-of-degree-i-vitryska-grammatiken","status":"publish","type":"grammar","link":"https:\/\/talkpal.ai\/sv\/grammar\/adverb-of-degree-i-vitryska-grammatiken\/","title":{"rendered":"Adverb of Degree i vitryska grammatiken"},"content":{"rendered":"<p>Att f\u00f6rst\u00e5 och korrekt anv\u00e4nda <a href=\"https:\/\/talkpal.ai\/sv\/grammar\/adverb-av-grad-i-afrikaans-grammatik\/\">adverb av grad<\/a> i <a href=\"https:\/\/talkpal.ai\/sv\/grammar\/obestamd-artikel-i-vitryska-grammatiken\/\">vitryska grammatiken<\/a> \u00e4r avg\u00f6rande f\u00f6r att uttrycka nyanser av intensitet och kvantitet i spr\u00e5ket. Dessa adverb hj\u00e4lper till att modifiera adjektiv, verb och andra adverb f\u00f6r att f\u00f6rmedla hur mycket eller i vilken grad n\u00e5got h\u00e4nder eller beskrivs. <a href=\"https:\/\/talkpal.ai\/ko\/ai-%ec%96%b8%ec%96%b4-%ea%b5%90%ec%82%ac\/\">Talkpal<\/a> \u00e4r en utm\u00e4rkt plattform f\u00f6r att l\u00e4ra sig dessa viktiga grammatiska element i <a href=\"https:\/\/talkpal.ai\/learn-belarusian\/\">vitryska<\/a>, eftersom den kombinerar interaktiva \u00f6vningar med autentiska exempel som underl\u00e4ttar inl\u00e4rningen. I denna artikel kommer vi att utforska vad adverb av grad \u00e4r, deras funktion i vitryska, vanliga exempel och hur man effektivt anv\u00e4nder dem i tal och skrift.<\/p>\n<h2>Vad \u00e4r adverb av grad i vitryska grammatiken?<\/h2>\n<p>Adverb av grad, eller \u0441\u0442\u0435\u043f\u0435\u043d\u043d\u044b\u044f \u043f\u0440\u044b\u0441\u043b\u043e\u045e\u0456 p\u00e5 vitryska, \u00e4r ord som beskriver intensiteten eller graden av en handling, ett tillst\u00e5nd eller en egenskap. De fungerar som modifierare och kan p\u00e5verka betydelsen av adjektiv, verb eller andra adverb f\u00f6r att ge en mer exakt beskrivning.<\/p>\n<p>Exempelvis i meningen:<\/p>\n<ul>\n<li><em>\u0451\u043d \u0432\u0435\u043b\u044c\u043c\u0456 \u0445\u0443\u0442\u043a\u0430 \u0431\u044f\u0436\u044b\u0446\u044c<\/em> \u2013 &#8221;han springer v\u00e4ldigt snabbt&#8221;<\/li>\n<\/ul>\n<p>h\u00e4r modifierar adverbet <strong>\u0432\u0435\u043b\u044c\u043c\u0456<\/strong> (v\u00e4ldigt) adverbet <em>\u0445\u0443\u0442\u043a\u0430<\/em> (snabbt) och f\u00f6rst\u00e4rker graden av handlingen.<\/p>\n<h3>Funktion och betydelse<\/h3>\n<p>Adverb av grad har flera viktiga funktioner i vitryska:<\/p>\n<ul>\n<li><strong>F\u00f6rst\u00e4rkning:<\/strong> De kan f\u00f6rst\u00e4rka eller intensifiera betydelsen, t.ex. <em>\u0432\u0435\u043b\u044c\u043c\u0456<\/em> (mycket), <em>\u043d\u0430\u0434\u0437\u0432\u044b\u0447\u0430\u0439<\/em> (extremt).<\/li>\n<li><strong>F\u00f6rsvagning:<\/strong> De kan ocks\u00e5 mildra eller minska graden, t.ex. <em>\u0442\u0440\u043e\u0445\u0456<\/em> (lite), <em>\u0441\u043b\u0435\u0433\u043a\u0430<\/em> (svagt).<\/li>\n<li><strong>J\u00e4mf\u00f6relse:<\/strong> De hj\u00e4lper till att uttrycka j\u00e4mf\u00f6relser i grad, t.ex. <em>\u0431\u043e\u043b\u044c\u0448<\/em> (mer), <em>\u043c\u0435\u043d\u0448<\/em> (mindre).<\/li>\n<\/ul>\n<h2>Vanliga adverb av grad i vitryska<\/h2>\n<p><a href=\"https:\/\/talkpal.ai\/culture\/how-do-i-use-det-finns-correctly\/\">Det finns<\/a> en rad vanliga adverb som anv\u00e4nds f\u00f6r att uttrycka olika niv\u00e5er av grad i vitryska. H\u00e4r \u00e4r n\u00e5gra av de mest frekventa:<\/p>\n<table>\n<thead>\n<tr>\n<th>Adverb<\/th>\n<th>Betydelse<\/th>\n<th>Anv\u00e4ndningsexempel<\/th>\n<\/tr>\n<\/thead>\n<tbody>\n<tr>\n<td>\u0432\u0435\u043b\u044c\u043c\u0456<\/td>\n<td>mycket, v\u00e4ldigt<\/td>\n<td>\u042f \u0432\u0435\u043b\u044c\u043c\u0456 \u0440\u0430\u0434\u044b \u0446\u044f\u0431\u0435 \u0431\u0430\u0447\u044b\u0446\u044c. (Jag \u00e4r v\u00e4ldigt glad att se dig.)<\/td>\n<\/tr>\n<tr>\n<td>\u0442\u0440\u043e\u0445\u0456<\/td>\n<td>lite, n\u00e5got<\/td>\n<td>\u0401\u043d \u0442\u0440\u043e\u0445\u0456 \u0441\u0442\u0430\u043c\u0456\u045e\u0441\u044f. (Han \u00e4r lite tr\u00f6tt.)<\/td>\n<\/tr>\n<tr>\n<td>\u043d\u0430\u0434\u0437\u0432\u044b\u0447\u0430\u0439<\/td>\n<td>extremt, ovanligt<\/td>\n<td>\u0413\u044d\u0442\u0430 \u043d\u0430\u0434\u0437\u0432\u044b\u0447\u0430\u0439 \u0432\u0430\u0436\u043d\u0430. (Det h\u00e4r \u00e4r extremt viktigt.)<\/td>\n<\/tr>\n<tr>\n<td>\u0431\u043e\u043b\u044c\u0448<\/td>\n<td>mer<\/td>\n<td>\u042f \u0445\u0430\u0447\u0443 \u0431\u043e\u043b\u044c\u0448 \u043a\u0430\u0432\u044b. (Jag vill ha mer kaffe.)<\/td>\n<\/tr>\n<tr>\n<td>\u043c\u0435\u043d\u0448<\/td>\n<td>mindre<\/td>\n<td>\u0401\u043d \u043c\u0435\u043d\u0448 \u0430\u043a\u0442\u044b\u045e\u043d\u044b \u0446\u044f\u043f\u0435\u0440. (Han \u00e4r mindre aktiv nu.)<\/td>\n<\/tr>\n<tr>\n<td>\u0437\u0443\u0441\u0456\u043c<\/td>\n<td>helt, fullst\u00e4ndigt<\/td>\n<td>\u042f \u0437\u0443\u0441\u0456\u043c \u0437\u0433\u043e\u0434\u0437\u0435\u043d \u0437 \u0442\u0430\u0431\u043e\u0439. (Jag h\u00e5ller helt med dig.)<\/td>\n<\/tr>\n<\/tbody>\n<\/table>\n<h3>Nyansskillnader i anv\u00e4ndning<\/h3>\n<p>Det \u00e4r viktigt att notera att \u00e4ven om adverb som <em>\u0432\u0435\u043b\u044c\u043c\u0456<\/em> och <em>\u043d\u0430\u0434\u0437\u0432\u044b\u0447\u0430\u0439<\/em> b\u00e5da uttrycker h\u00f6g grad, kan deras nyanser skilja sig. <em>\u0412\u0435\u043b\u044c\u043c\u0456<\/em> \u00e4r mer allm\u00e4nt och vardagligt, medan <em>\u043d\u0430\u0434\u0437\u0432\u044b\u0447\u0430\u0439<\/em> ofta anv\u00e4nds i mer formella eller starka uttryck.<\/p>\n<h2>Hur man anv\u00e4nder adverb av grad i meningar<\/h2>\n<p>Att placera adverben r\u00e4tt i meningen \u00e4r avg\u00f6rande f\u00f6r klarhet och korrekthet. I vitryska placeras adverb av grad oftast f\u00f6re det ord de modifierar.<\/p>\n<h3>Modifiera adjektiv<\/h3>\n<p>Adverb av grad placeras direkt f\u00f6re adjektivet f\u00f6r att f\u00f6rst\u00e4rka eller f\u00f6rsvaga dess betydelse:<\/p>\n<ul>\n<li><em>\u0433\u044d\u0442\u0430 \u0432\u0435\u043b\u044c\u043c\u0456 \u0434\u043e\u0431\u0440\u0430\u044f \u043a\u043d\u0456\u0433\u0430<\/em> \u2013 &#8221;det h\u00e4r \u00e4r en v\u00e4ldigt <a href=\"https:\/\/talkpal.ai\/locations\/learn-english-in-bra\/\">bra<\/a> bok&#8221;<\/li>\n<li><em>\u044f\u043d\u0430 \u0442\u0440\u043e\u0445\u0456 \u0441\u0442\u043e\u043c\u043b\u0435\u043d\u0430\u044f<\/em> \u2013 &#8221;hon \u00e4r lite tr\u00f6tt&#8221;<\/li>\n<\/ul>\n<h3>Modifiera verb<\/h3>\n<p>N\u00e4r de modifierar verb placeras adverben vanligtvis f\u00f6re verbet eller n\u00e4ra det beroende p\u00e5 meningsstrukturen:<\/p>\n<ul>\n<li><em>\u0451\u043d \u0432\u0435\u043b\u044c\u043c\u0456 \u0445\u0443\u0442\u043a\u0430 \u0431\u044f\u0436\u044b\u0446\u044c<\/em> \u2013 &#8221;han springer v\u00e4ldigt snabbt&#8221;<\/li>\n<li><em>\u044f \u0442\u0440\u043e\u0445\u0456 \u0430\u0434\u043a\u043b\u0430\u0434\u0430\u044e \u043f\u0440\u0430\u0446\u0443<\/em> \u2013 &#8221;jag skjuter upp jobbet lite&#8221;<\/li>\n<\/ul>\n<h3>Modifiera andra adverb<\/h3>\n<p>Adverb av grad kan ocks\u00e5 f\u00f6rst\u00e4rka andra adverb:<\/p>\n<ul>\n<li><em>\u0451\u043d \u0432\u0435\u043b\u044c\u043c\u0456 \u0434\u043e\u0431\u0440\u0430 \u0441\u043f\u044f\u0432\u0430\u0435<\/em> \u2013 &#8221;han sjunger v\u00e4ldigt bra&#8221; (<em>\u0432\u0435\u043b\u044c\u043c\u0456<\/em> modifierar <em>\u0434\u043e\u0431\u0440\u0430<\/em>)<\/li>\n<li><em>\u044f\u043d\u0430 \u043a\u0440\u044b\u0445\u0443 \u043f\u0430\u0432\u043e\u043b\u044c\u043d\u0435\u0439 \u0456\u0434\u0437\u0435<\/em> \u2013 &#8221;hon g\u00e5r n\u00e5got l\u00e5ngsammare&#8221;<\/li>\n<\/ul>\n<h2>S\u00e4rskilda regler och undantag<\/h2>\n<p>I vitryska finns det vissa regler och undantag som \u00e4r viktiga att k\u00e4nna till f\u00f6r att anv\u00e4nda adverb av grad korrekt.<\/p>\n<h3>Negativa konstruktioner<\/h3>\n<p>N\u00e4r en mening \u00e4r negativ kan adverbet av grad p\u00e5verka meningsbetydelsen och placeringen:<\/p>\n<ul>\n<li><em>\u0451\u043d \u043d\u0435 \u0432\u0435\u043b\u044c\u043c\u0456 \u0448\u0447\u0430\u0441\u043b\u0456\u0432\u044b<\/em> \u2013 &#8221;han \u00e4r inte s\u00e4rskilt lycklig&#8221;<\/li>\n<li><em>\u044f \u043d\u0435 \u0437\u0443\u0441\u0456\u043c \u0437\u0433\u043e\u0434\u0437\u0435\u043d<\/em> \u2013 &#8221;jag h\u00e5ller inte helt med&#8221;<\/li>\n<\/ul>\n<h3>F\u00f6rst\u00e4rkningsord och adverb av grad<\/h3>\n<p>Ibland kan adverb av grad kombineras med andra f\u00f6rst\u00e4rkningsord f\u00f6r att skapa \u00e4nnu starkare uttryck:<\/p>\n<ul>\n<li><em>\u0432\u0435\u043b\u044c\u043c\u0456 \u0432\u0435\u043b\u044c\u043c\u0456 \u0434\u043e\u0431\u0440\u0430<\/em> \u2013 &#8221;mycket, mycket bra&#8221;<\/li>\n<li><em>\u0437\u0443\u0441\u0456\u043c \u0432\u0435\u043b\u044c\u043c\u0456 \u0432\u0430\u0436\u043d\u0430<\/em> \u2013 &#8221;helt och h\u00e5llet v\u00e4ldigt viktigt&#8221;<\/li>\n<\/ul>\n<p>Dock b\u00f6r denna typ av f\u00f6rst\u00e4rkning anv\u00e4ndas sparsamt f\u00f6r att undvika \u00f6verdrifter.<\/p>\n<h2>Tips f\u00f6r att l\u00e4ra sig adverb av grad i vitryska<\/h2>\n<p>Att bem\u00e4stra adverb av grad kr\u00e4ver \u00f6vning och exponering f\u00f6r spr\u00e5ket i olika sammanhang. H\u00e4r \u00e4r n\u00e5gra effektiva tips:<\/p>\n<ul>\n<li><strong>Anv\u00e4nd Talkpal:<\/strong> Talkpal erbjuder interaktiva lektioner och konversations\u00f6vningar som hj\u00e4lper dig att anv\u00e4nda adverb av grad naturligt.<\/li>\n<li><strong>Lyssna p\u00e5 autentiskt tal:<\/strong> Genom att lyssna p\u00e5 vitryska podcasts, filmer och samtal kan du h\u00f6ra hur dessa adverb anv\u00e4nds i vardagligt tal.<\/li>\n<li><strong>G\u00f6r skriftliga \u00f6vningar:<\/strong> Skriv meningar d\u00e4r du varierar adverb av grad f\u00f6r att k\u00e4nna skillnaderna i nyanser.<\/li>\n<li><strong>L\u00e4r dig synonymer:<\/strong> M\u00e5nga adverb av grad har synonymer med olika styrkor \u2013 att k\u00e4nna till dem ger dig st\u00f6rre uttrycksbredd.<\/li>\n<li><strong>Praktisera med modersm\u00e5lstalare:<\/strong> Att f\u00e5 feedback fr\u00e5n en inf\u00f6dd talare hj\u00e4lper dig att undvika vanliga misstag.<\/li>\n<\/ul>\n<h2>Vanliga misstag att undvika<\/h2>\n<p>H\u00e4r \u00e4r n\u00e5gra fallgropar som spr\u00e5kstuderande ofta st\u00f6ter p\u00e5 n\u00e4r de l\u00e4r sig adverb av grad i vitryska:<\/p>\n<ul>\n<li><strong>Felaktig placering:<\/strong> Placera alltid adverbet n\u00e4ra det ord det modifierar f\u00f6r att undvika oklarheter.<\/li>\n<li><strong>\u00d6veranv\u00e4ndning:<\/strong> Undvik att stapla flera f\u00f6rst\u00e4rkningsadverb, vilket kan g\u00f6ra spr\u00e5ket onaturligt.<\/li>\n<li><strong>F\u00f6rv\u00e4xling av betydelser:<\/strong> Var medveten om nyansskillnader mellan liknande adverb som <em>\u0432\u0435\u043b\u044c\u043c\u0456<\/em> och <em>\u043d\u0430\u0434\u0437\u0432\u044b\u0447\u0430\u0439<\/em>.<\/li>\n<li><strong>Gl\u00f6mma negationens p\u00e5verkan:<\/strong> Negation kan \u00e4ndra hur adverb av grad ska tolkas i meningen.<\/li>\n<\/ul>\n<h2>Sammanfattning<\/h2>\n<p>Adverb av grad \u00e4r en grundl\u00e4ggande del av vitryska grammatiken som m\u00f6jligg\u00f6r precisa och nyanserade uttryck av intensitet och m\u00e4ngd. Genom att anv\u00e4nda dessa adverb korrekt kan du f\u00f6rb\u00e4ttra b\u00e5de din skriftliga och muntliga kommunikation betydligt. Plattformar som Talkpal erbjuder en effektiv v\u00e4g att l\u00e4ra sig och \u00f6va dessa viktiga grammatiska strukturer genom praktiska och interaktiva metoder. Genom att f\u00f6rst\u00e5 deras funktion, vanliga exempel och regler samt genom att undvika vanliga misstag, kan du snabbt utveckla dina kunskaper i vitryska och kommunicera mer flytande och naturligt.<\/p>\n","protected":false},"featured_media":1527828,"template":"","language":[7753,7733],"class_list":["post-1099016","grammar","type-grammar","status-publish","has-post-thumbnail","hentry","language-adverb-vitrysk-grammatik","language-vitryska"],"acf":[],"yoast_head":"<!-- This site is optimized with the Yoast SEO Premium plugin v27.2 (Yoast SEO v27.2) - https:\/\/yoast.com\/product\/yoast-seo-premium-wordpress\/ -->\n<title>Adverb of Degree i vitryska grammatiken - Talkpal<\/title>\n<meta name=\"description\" content=\"Att f\u00f6rst\u00e5 och korrekt anv\u00e4nda adverb av grad i vitryska grammatiken \u00e4r avg\u00f6rande f\u00f6r att uttrycka nyanser av intensitet och kvantitet i spr\u00e5ket. Dessa\" \/>\n<meta name=\"robots\" content=\"index, follow, max-snippet:-1, max-image-preview:large, max-video-preview:-1\" \/>\n<link rel=\"canonical\" href=\"https:\/\/talkpal.ai\/sv\/grammar\/adverb-of-degree-i-vitryska-grammatiken\/\" \/>\n<meta property=\"og:locale\" content=\"sv_SE\" \/>\n<meta property=\"og:type\" content=\"article\" \/>\n<meta property=\"og:title\" content=\"Adverb of Degree i vitryska grammatiken\" \/>\n<meta property=\"og:description\" content=\"Att f\u00f6rst\u00e5 och korrekt anv\u00e4nda adverb av grad i vitryska grammatiken \u00e4r avg\u00f6rande f\u00f6r att uttrycka nyanser av intensitet och kvantitet i spr\u00e5ket. Dessa\" \/>\n<meta property=\"og:url\" content=\"https:\/\/talkpal.ai\/sv\/grammar\/adverb-of-degree-i-vitryska-grammatiken\/\" \/>\n<meta property=\"og:site_name\" content=\"Talkpal\" \/>\n<meta property=\"article:publisher\" content=\"https:\/\/www.facebook.com\/profile.php?id=100090733639311\" \/>\n<meta property=\"og:image\" content=\"https:\/\/talkpal.ai\/wp-content\/uploads\/2025\/02\/Progress-tab-16_9.png\" \/>\n\t<meta property=\"og:image:width\" content=\"2880\" \/>\n\t<meta property=\"og:image:height\" content=\"1620\" \/>\n\t<meta property=\"og:image:type\" content=\"image\/png\" \/>\n<meta name=\"twitter:card\" content=\"summary_large_image\" \/>\n<meta name=\"twitter:site\" content=\"@talkpalai\" \/>\n<meta name=\"twitter:label1\" content=\"Ber\u00e4knad l\u00e4stid\" \/>\n\t<meta name=\"twitter:data1\" content=\"5 minuter\" \/>\n<script type=\"application\/ld+json\" class=\"yoast-schema-graph\">{\"@context\":\"https:\/\/schema.org\",\"@graph\":[{\"@type\":\"WebPage\",\"@id\":\"https:\/\/talkpal.ai\/sv\/grammar\/adverb-of-degree-i-vitryska-grammatiken\/\",\"url\":\"https:\/\/talkpal.ai\/sv\/grammar\/adverb-of-degree-i-vitryska-grammatiken\/\",\"name\":\"Adverb of Degree i vitryska grammatiken - Talkpal\",\"isPartOf\":{\"@id\":\"https:\/\/talkpal.ai\/sv\/#website\"},\"primaryImageOfPage\":{\"@id\":\"https:\/\/talkpal.ai\/sv\/grammar\/adverb-of-degree-i-vitryska-grammatiken\/#primaryimage\"},\"image\":{\"@id\":\"https:\/\/talkpal.ai\/sv\/grammar\/adverb-of-degree-i-vitryska-grammatiken\/#primaryimage\"},\"thumbnailUrl\":\"https:\/\/talkpal.ai\/wp-content\/uploads\/2025\/12\/paper-is-signed-while-learning-languages.webp\",\"datePublished\":\"2025-07-03T09:32:03+00:00\",\"description\":\"Att f\u00f6rst\u00e5 och korrekt anv\u00e4nda adverb av grad i vitryska grammatiken \u00e4r avg\u00f6rande f\u00f6r att uttrycka nyanser av intensitet och kvantitet i spr\u00e5ket. Dessa\",\"breadcrumb\":{\"@id\":\"https:\/\/talkpal.ai\/sv\/grammar\/adverb-of-degree-i-vitryska-grammatiken\/#breadcrumb\"},\"inLanguage\":\"sv-SE\",\"potentialAction\":[{\"@type\":\"ReadAction\",\"target\":[\"https:\/\/talkpal.ai\/sv\/grammar\/adverb-of-degree-i-vitryska-grammatiken\/\"]}]},{\"@type\":\"ImageObject\",\"inLanguage\":\"sv-SE\",\"@id\":\"https:\/\/talkpal.ai\/sv\/grammar\/adverb-of-degree-i-vitryska-grammatiken\/#primaryimage\",\"url\":\"https:\/\/talkpal.ai\/wp-content\/uploads\/2025\/12\/paper-is-signed-while-learning-languages.webp\",\"contentUrl\":\"https:\/\/talkpal.ai\/wp-content\/uploads\/2025\/12\/paper-is-signed-while-learning-languages.webp\",\"width\":1200,\"height\":896,\"caption\":\"A student takes notes to learn languages at a long desk with a view of a city campus at sunset.\"},{\"@type\":\"BreadcrumbList\",\"@id\":\"https:\/\/talkpal.ai\/sv\/grammar\/adverb-of-degree-i-vitryska-grammatiken\/#breadcrumb\",\"itemListElement\":[{\"@type\":\"ListItem\",\"position\":1,\"name\":\"Homepage\",\"item\":\"https:\/\/talkpal.ai\/sv\/\"},{\"@type\":\"ListItem\",\"position\":2,\"name\":\"Adverb of Degree i vitryska grammatiken\"}]},{\"@type\":\"WebSite\",\"@id\":\"https:\/\/talkpal.ai\/sv\/#website\",\"url\":\"https:\/\/talkpal.ai\/sv\/\",\"name\":\"Talkpal\",\"description\":\"AI Language Learning\",\"publisher\":{\"@id\":\"https:\/\/talkpal.ai\/sv\/#organization\"},\"alternateName\":\"Talkpal AI\",\"potentialAction\":[{\"@type\":\"SearchAction\",\"target\":{\"@type\":\"EntryPoint\",\"urlTemplate\":\"https:\/\/talkpal.ai\/sv\/?s={search_term_string}\"},\"query-input\":{\"@type\":\"PropertyValueSpecification\",\"valueRequired\":true,\"valueName\":\"search_term_string\"}}],\"inLanguage\":\"sv-SE\"},{\"@type\":\"Organization\",\"@id\":\"https:\/\/talkpal.ai\/sv\/#organization\",\"name\":\"Talkpal, Inc.\",\"alternateName\":\"Talkpal AI\",\"url\":\"https:\/\/talkpal.ai\/sv\/\",\"logo\":{\"@type\":\"ImageObject\",\"inLanguage\":\"sv-SE\",\"@id\":\"https:\/\/talkpal.ai\/sv\/#\/schema\/logo\/image\/\",\"url\":\"https:\/\/talkpal.ai\/wp-content\/uploads\/2024\/03\/Talkpal-Logo-Icon.png\",\"contentUrl\":\"https:\/\/talkpal.ai\/wp-content\/uploads\/2024\/03\/Talkpal-Logo-Icon.png\",\"width\":2880,\"height\":2880,\"caption\":\"Talkpal, Inc.\"},\"image\":{\"@id\":\"https:\/\/talkpal.ai\/sv\/#\/schema\/logo\/image\/\"},\"sameAs\":[\"https:\/\/www.facebook.com\/profile.php?id=100090733639311\",\"https:\/\/x.com\/talkpalai\",\"https:\/\/www.linkedin.com\/company\/talkpal\/\",\"https:\/\/www.youtube.com\/@TalkPal\/\",\"https:\/\/www.tiktok.com\/@talkpal\",\"https:\/\/www.instagram.com\/talkpal_ai\/\",\"https:\/\/www.crunchbase.com\/organization\/talkpal-9cde\",\"https:\/\/www.g2.com\/products\/talkpal-for-business\/\",\"https:\/\/www.trustpilot.com\/review\/talkpal.ai\",\"https:\/\/www.capterra.com\/p\/10006800\/TalkPal\/\"],\"description\":\"Talkpal is a language learning web and mobile education app, powered by the latest AI technologies, that provides engaging experiences to its customers in many different languages to help them improve their language skills. Users can chat about unlimited amount of topics with the app and use other modes to practice their language learning.\",\"email\":\"support@talkpal.ai\",\"legalName\":\"Talkpal, Inc.\",\"foundingDate\":\"2023-04-03\",\"duns\":\"118989042\",\"numberOfEmployees\":{\"@type\":\"QuantitativeValue\",\"minValue\":\"11\",\"maxValue\":\"50\"},\"publishingPrinciples\":\"https:\/\/talkpal.ai\/publishing-principles\/\",\"actionableFeedbackPolicy\":\"https:\/\/talkpal.ai\/actionable-feedback-policy\/\",\"correctionsPolicy\":\"https:\/\/talkpal.ai\/corrections-policy\/\",\"ethicsPolicy\":\"https:\/\/talkpal.ai\/ethics-policy\/\",\"diversityPolicy\":\"https:\/\/talkpal.ai\/diversity-policy\/\",\"diversityStaffingReport\":\"https:\/\/talkpal.ai\/diversity-policy\/\"}]}<\/script>\n<!-- \/ Yoast SEO Premium plugin. -->","yoast_head_json":{"title":"Adverb of Degree i vitryska grammatiken - Talkpal","description":"Att f\u00f6rst\u00e5 och korrekt anv\u00e4nda adverb av grad i vitryska grammatiken \u00e4r avg\u00f6rande f\u00f6r att uttrycka nyanser av intensitet och kvantitet i spr\u00e5ket. Dessa","robots":{"index":"index","follow":"follow","max-snippet":"max-snippet:-1","max-image-preview":"max-image-preview:large","max-video-preview":"max-video-preview:-1"},"canonical":"https:\/\/talkpal.ai\/sv\/grammar\/adverb-of-degree-i-vitryska-grammatiken\/","og_locale":"sv_SE","og_type":"article","og_title":"Adverb of Degree i vitryska grammatiken","og_description":"Att f\u00f6rst\u00e5 och korrekt anv\u00e4nda adverb av grad i vitryska grammatiken \u00e4r avg\u00f6rande f\u00f6r att uttrycka nyanser av intensitet och kvantitet i spr\u00e5ket. Dessa","og_url":"https:\/\/talkpal.ai\/sv\/grammar\/adverb-of-degree-i-vitryska-grammatiken\/","og_site_name":"Talkpal","article_publisher":"https:\/\/www.facebook.com\/profile.php?id=100090733639311","og_image":[{"width":2880,"height":1620,"url":"https:\/\/talkpal.ai\/wp-content\/uploads\/2025\/02\/Progress-tab-16_9.png","type":"image\/png"}],"twitter_card":"summary_large_image","twitter_site":"@talkpalai","twitter_misc":{"Ber\u00e4knad l\u00e4stid":"5 minuter"},"schema":{"@context":"https:\/\/schema.org","@graph":[{"@type":"WebPage","@id":"https:\/\/talkpal.ai\/sv\/grammar\/adverb-of-degree-i-vitryska-grammatiken\/","url":"https:\/\/talkpal.ai\/sv\/grammar\/adverb-of-degree-i-vitryska-grammatiken\/","name":"Adverb of Degree i vitryska grammatiken - Talkpal","isPartOf":{"@id":"https:\/\/talkpal.ai\/sv\/#website"},"primaryImageOfPage":{"@id":"https:\/\/talkpal.ai\/sv\/grammar\/adverb-of-degree-i-vitryska-grammatiken\/#primaryimage"},"image":{"@id":"https:\/\/talkpal.ai\/sv\/grammar\/adverb-of-degree-i-vitryska-grammatiken\/#primaryimage"},"thumbnailUrl":"https:\/\/talkpal.ai\/wp-content\/uploads\/2025\/12\/paper-is-signed-while-learning-languages.webp","datePublished":"2025-07-03T09:32:03+00:00","description":"Att f\u00f6rst\u00e5 och korrekt anv\u00e4nda adverb av grad i vitryska grammatiken \u00e4r avg\u00f6rande f\u00f6r att uttrycka nyanser av intensitet och kvantitet i spr\u00e5ket. Dessa","breadcrumb":{"@id":"https:\/\/talkpal.ai\/sv\/grammar\/adverb-of-degree-i-vitryska-grammatiken\/#breadcrumb"},"inLanguage":"sv-SE","potentialAction":[{"@type":"ReadAction","target":["https:\/\/talkpal.ai\/sv\/grammar\/adverb-of-degree-i-vitryska-grammatiken\/"]}]},{"@type":"ImageObject","inLanguage":"sv-SE","@id":"https:\/\/talkpal.ai\/sv\/grammar\/adverb-of-degree-i-vitryska-grammatiken\/#primaryimage","url":"https:\/\/talkpal.ai\/wp-content\/uploads\/2025\/12\/paper-is-signed-while-learning-languages.webp","contentUrl":"https:\/\/talkpal.ai\/wp-content\/uploads\/2025\/12\/paper-is-signed-while-learning-languages.webp","width":1200,"height":896,"caption":"A student takes notes to learn languages at a long desk with a view of a city campus at sunset."},{"@type":"BreadcrumbList","@id":"https:\/\/talkpal.ai\/sv\/grammar\/adverb-of-degree-i-vitryska-grammatiken\/#breadcrumb","itemListElement":[{"@type":"ListItem","position":1,"name":"Homepage","item":"https:\/\/talkpal.ai\/sv\/"},{"@type":"ListItem","position":2,"name":"Adverb of Degree i vitryska grammatiken"}]},{"@type":"WebSite","@id":"https:\/\/talkpal.ai\/sv\/#website","url":"https:\/\/talkpal.ai\/sv\/","name":"Talkpal","description":"AI Language Learning","publisher":{"@id":"https:\/\/talkpal.ai\/sv\/#organization"},"alternateName":"Talkpal AI","potentialAction":[{"@type":"SearchAction","target":{"@type":"EntryPoint","urlTemplate":"https:\/\/talkpal.ai\/sv\/?s={search_term_string}"},"query-input":{"@type":"PropertyValueSpecification","valueRequired":true,"valueName":"search_term_string"}}],"inLanguage":"sv-SE"},{"@type":"Organization","@id":"https:\/\/talkpal.ai\/sv\/#organization","name":"Talkpal, Inc.","alternateName":"Talkpal AI","url":"https:\/\/talkpal.ai\/sv\/","logo":{"@type":"ImageObject","inLanguage":"sv-SE","@id":"https:\/\/talkpal.ai\/sv\/#\/schema\/logo\/image\/","url":"https:\/\/talkpal.ai\/wp-content\/uploads\/2024\/03\/Talkpal-Logo-Icon.png","contentUrl":"https:\/\/talkpal.ai\/wp-content\/uploads\/2024\/03\/Talkpal-Logo-Icon.png","width":2880,"height":2880,"caption":"Talkpal, Inc."},"image":{"@id":"https:\/\/talkpal.ai\/sv\/#\/schema\/logo\/image\/"},"sameAs":["https:\/\/www.facebook.com\/profile.php?id=100090733639311","https:\/\/x.com\/talkpalai","https:\/\/www.linkedin.com\/company\/talkpal\/","https:\/\/www.youtube.com\/@TalkPal\/","https:\/\/www.tiktok.com\/@talkpal","https:\/\/www.instagram.com\/talkpal_ai\/","https:\/\/www.crunchbase.com\/organization\/talkpal-9cde","https:\/\/www.g2.com\/products\/talkpal-for-business\/","https:\/\/www.trustpilot.com\/review\/talkpal.ai","https:\/\/www.capterra.com\/p\/10006800\/TalkPal\/"],"description":"Talkpal is a language learning web and mobile education app, powered by the latest AI technologies, that provides engaging experiences to its customers in many different languages to help them improve their language skills. Users can chat about unlimited amount of topics with the app and use other modes to practice their language learning.","email":"support@talkpal.ai","legalName":"Talkpal, Inc.","foundingDate":"2023-04-03","duns":"118989042","numberOfEmployees":{"@type":"QuantitativeValue","minValue":"11","maxValue":"50"},"publishingPrinciples":"https:\/\/talkpal.ai\/publishing-principles\/","actionableFeedbackPolicy":"https:\/\/talkpal.ai\/actionable-feedback-policy\/","correctionsPolicy":"https:\/\/talkpal.ai\/corrections-policy\/","ethicsPolicy":"https:\/\/talkpal.ai\/ethics-policy\/","diversityPolicy":"https:\/\/talkpal.ai\/diversity-policy\/","diversityStaffingReport":"https:\/\/talkpal.ai\/diversity-policy\/"}]}},"_links":{"self":[{"href":"https:\/\/talkpal.ai\/sv\/wp-json\/wp\/v2\/grammar\/1099016","targetHints":{"allow":["GET"]}}],"collection":[{"href":"https:\/\/talkpal.ai\/sv\/wp-json\/wp\/v2\/grammar"}],"about":[{"href":"https:\/\/talkpal.ai\/sv\/wp-json\/wp\/v2\/types\/grammar"}],"wp:featuredmedia":[{"embeddable":true,"href":"https:\/\/talkpal.ai\/sv\/wp-json\/wp\/v2\/media\/1527828"}],"wp:attachment":[{"href":"https:\/\/talkpal.ai\/sv\/wp-json\/wp\/v2\/media?parent=1099016"}],"wp:term":[{"taxonomy":"language","embeddable":true,"href":"https:\/\/talkpal.ai\/sv\/wp-json\/wp\/v2\/language?post=1099016"}],"curies":[{"name":"wp","href":"https:\/\/api.w.org\/{rel}","templated":true}]}}