{"id":1099012,"date":"2025-07-03T09:31:56","date_gmt":"2025-07-03T09:31:56","guid":{"rendered":"https:\/\/talkpal.ai\/grammar\/adverb-of-frequency-i-vitryska-grammatiken\/"},"modified":"2025-07-03T09:31:56","modified_gmt":"2025-07-03T09:31:56","slug":"adverb-of-frequency-i-vitryska-grammatiken","status":"publish","type":"grammar","link":"https:\/\/talkpal.ai\/sv\/grammar\/adverb-of-frequency-i-vitryska-grammatiken\/","title":{"rendered":"Adverb of Frequency i vitryska grammatiken"},"content":{"rendered":"<p>Att bem\u00e4stra <a href=\"https:\/\/talkpal.ai\/sv\/grammar\/adverb-av-frekvens-i-armenisk-grammatik\/\">adverb av frekvens<\/a> i <a href=\"https:\/\/talkpal.ai\/sv\/grammar\/obestamd-artikel-i-vitryska-grammatiken\/\">vitryska grammatiken<\/a> \u00e4r en viktig del f\u00f6r alla som vill l\u00e4ra sig spr\u00e5ket p\u00e5 djupet. Dessa adverb hj\u00e4lper till att uttrycka hur ofta en handling sker, vilket \u00e4r avg\u00f6rande f\u00f6r att kommunicera tydligt och naturligt. Genom att f\u00f6rst\u00e5 och anv\u00e4nda dessa ord korrekt kan du f\u00f6rb\u00e4ttra b\u00e5de din skriftliga och muntliga f\u00f6rm\u00e5ga i <a href=\"https:\/\/talkpal.ai\/learn-belarusian\/\">vitryska<\/a>. <a href=\"https:\/\/talkpal.ai\/ko\/ai-%ec%96%b8%ec%96%b4-%ea%b5%90%ec%82%ac\/\">Talkpal<\/a> \u00e4r en utm\u00e4rkt plattform f\u00f6r att l\u00e4ra sig just detta, eftersom den erbjuder interaktiva \u00f6vningar och praktiska exempel som g\u00f6r inl\u00e4rningen b\u00e5de effektiv och rolig.<\/p>\n<h2>Vad \u00e4r adverb av frekvens i vitryska?<\/h2>\n<p>Adverb av frekvens beskriver hur ofta en handling eller ett tillst\u00e5nd intr\u00e4ffar. I vitryska, liksom i m\u00e5nga andra spr\u00e5k, anv\u00e4nds dessa adverb f\u00f6r att ange regelbundenhet, vanor eller tidsintervaller i <a href=\"https:\/\/talkpal.ai\/contact\/\">samband<\/a> med verb.<\/p>\n<h3>Definition och funktion<\/h3>\n<ul>\n<li><strong>Definition:<\/strong> Ord som anger hur ofta n\u00e5got h\u00e4nder, t.ex. alltid, ofta, s\u00e4llan.<\/li>\n<li><strong>Funktion:<\/strong> Modifierar verb f\u00f6r att ge mer information om tid eller frekvens.<\/li>\n<\/ul>\n<h3>Varf\u00f6r \u00e4r de viktiga?<\/h3>\n<p>Att anv\u00e4nda adverb av frekvens korrekt g\u00f6r spr\u00e5ket mer nyanserat och precist. Det hj\u00e4lper till att:<\/p>\n<ul>\n<li>F\u00f6rst\u00e5 vanor och rutiner<\/li>\n<li>Ge tydliga tidsramar<\/li>\n<li>Skapa mer naturliga konversationer<\/li>\n<\/ul>\n<h2>Vanliga adverb av frekvens i vitryska<\/h2>\n<p>Nedan f\u00f6ljer en lista \u00f6ver de mest anv\u00e4nda adverben av frekvens i vitryska, tillsammans med deras <a href=\"https:\/\/talkpal.ai\/learn-swedish\/\">svenska<\/a> motsvarigheter och exempel p\u00e5 anv\u00e4ndning.<\/p>\n<table>\n<thead>\n<tr>\n<th>Vitryska<\/th>\n<th>Svenska<\/th>\n<th>Exempel<\/th>\n<\/tr>\n<\/thead>\n<tbody>\n<tr>\n<td>\u0437\u0430\u045e\u0441\u0451\u0434\u044b (zau\u017edy)<\/td>\n<td>alltid<\/td>\n<td>\u042f \u0437\u0430\u045e\u0441\u0451\u0434\u044b \u0447\u044b\u0442\u0430\u044e \u043f\u0435\u0440\u0430\u0434 \u0441\u043d\u043e\u043c. (Jag l\u00e4ser alltid f\u00f6re s\u00e4ngg\u00e5endet.)<\/td>\n<\/tr>\n<tr>\n<td>\u0447\u0430\u0441\u0442\u0430 (\u010dasta)<\/td>\n<td>ofta<\/td>\n<td>\u0401\u043d \u0447\u0430\u0441\u0442\u0430 \u0445\u043e\u0434\u0437\u0456\u0446\u044c \u0443 \u043a\u0456\u043d\u043e. (Han g\u00e5r ofta p\u00e5 bio.)<\/td>\n<\/tr>\n<tr>\n<td>\u0440\u044d\u0434\u043a\u0430 (redka)<\/td>\n<td>s\u00e4llan<\/td>\n<td>\u041c\u044b \u0440\u044d\u0434\u043a\u0430 \u044f\u043c\u043e \u045e \u0440\u044d\u0441\u0442\u0430\u0440\u0430\u043d\u0435. (Vi \u00e4ter s\u00e4llan p\u00e5 restaurang.)<\/td>\n<\/tr>\n<tr>\n<td>\u0456\u043d\u0448\u044b \u0440\u0430\u0437 (in\u0161y raz)<\/td>\n<td>ibland<\/td>\n<td>\u042f \u0456\u043d\u0448\u044b \u0440\u0430\u0437 \u0433\u0443\u043b\u044f\u044e \u045e \u043f\u0430\u0440\u043a\u0443. (Ibland promenerar jag i parken.)<\/td>\n<\/tr>\n<tr>\n<td>\u0447\u0430\u0441\u0430\u043c (\u010dasam)<\/td>\n<td>ibland<\/td>\n<td>\u0427\u0430\u0441\u0430\u043c \u044f \u043f\u0440\u0430\u0446\u0443\u044e \u0437 \u0434\u043e\u043c\u0443. (Ibland arbetar jag hemifr\u00e5n.)<\/td>\n<\/tr>\n<tr>\n<td>\u043d\u0456\u043a\u0430\u043b\u0456 (nikali)<\/td>\n<td>aldrig<\/td>\n<td>\u0401\u043d \u043d\u0456\u043a\u043e\u043b\u0456 \u043d\u0435 \u043f\u0430\u043b\u0456\u0446\u044c. (Han r\u00f6ker aldrig.)<\/td>\n<\/tr>\n<\/tbody>\n<\/table>\n<h2>Anv\u00e4ndning av adverb av frekvens i vitryska meningar<\/h2>\n<p>F\u00f6r att anv\u00e4nda adverb av frekvens korrekt i vitryska \u00e4r det viktigt att placera dem p\u00e5 r\u00e4tt plats i meningen. H\u00e4r g\u00e5r vi igenom grundl\u00e4ggande regler och exempel.<\/p>\n<h3>Placering i meningen<\/h3>\n<ul>\n<li><strong>Vanligtvis f\u00f6re verbet:<\/strong> Adverbet placeras ofta direkt f\u00f6re huvudverbet.<\/li>\n<li><strong>Efter hj\u00e4lpverb:<\/strong> Om en mening inneh\u00e5ller ett hj\u00e4lpverb placeras adverbet mellan hj\u00e4lpverbet och huvudverbet.<\/li>\n<li><strong>I negativa meningar:<\/strong> Adverbet placeras vanligen f\u00f6re det negativa ordet.<\/li>\n<\/ul>\n<h3>Exempel p\u00e5 placering<\/h3>\n<ul>\n<li>\u042f <strong>\u0447\u0430\u0441\u0442\u0430<\/strong> \u043d\u0430\u0432\u0435\u0434\u0432\u0430\u044e \u0441\u0432\u0430\u0456\u0445 \u0441\u044f\u0431\u0440\u043e\u045e. (Jag bes\u00f6ker ofta mina v\u00e4nner.)<\/li>\n<li>\u042f <strong>\u0431\u0443\u0434\u0443 \u0437\u0430\u045e\u0441\u0451\u0434\u044b<\/strong> \u0434\u0430\u043f\u0430\u043c\u0430\u0433\u0430\u0446\u044c \u0442\u0430\u0431\u0435. (Jag kommer alltid att hj\u00e4lpa dig.)<\/li>\n<li>\u042f <strong>\u043d\u0456\u043a\u0430\u043b\u0456<\/strong> <a href=\"https:\/\/talkpal.ai\/talkpal-new-years-discount\/\">\u043d\u0435<\/a> \u0433\u043b\u044f\u0434\u0437\u0435\u045e \u0433\u044d\u0442\u044b \u0444\u0456\u043b\u044c\u043c. (Jag har aldrig sett den h\u00e4r filmen.)<\/li>\n<\/ul>\n<h2>Skillnader mellan vitryska och svenska adverb av frekvens<\/h2>\n<p>Trots likheter i betydelse skiljer sig anv\u00e4ndningen av adverb av frekvens mellan vitryska och <a href=\"https:\/\/talkpal.ai\/learn-swedish\/\">svenska<\/a> p\u00e5 vissa viktiga punkter.<\/p>\n<h3>Grammatiska skillnader<\/h3>\n<ul>\n<li>P\u00e5 vitryska \u00e4r adverben oftast of\u00f6r\u00e4nderliga, medan svenska har vissa adverb som kan b\u00f6jas eller modifieras.<\/li>\n<li>Placeringen av adverben i meningen \u00e4r mer flexibel i svenska \u00e4n i vitryska.<\/li>\n<li>Vitryska anv\u00e4nder ibland dubbla adverb f\u00f6r att f\u00f6rst\u00e4rka frekvensen, n\u00e5got som \u00e4r mindre vanligt i svenska.<\/li>\n<\/ul>\n<h3>Praktiska tips f\u00f6r svenska talare<\/h3>\n<ul>\n<li>Var noga med ordningen \u2013 vitryska kr\u00e4ver ofta striktare placering av adverben.<\/li>\n<li>L\u00e4r dig de vanligaste adverben i vitryska och \u00f6va p\u00e5 deras anv\u00e4ndning i meningar.<\/li>\n<li>Anv\u00e4nd resurser som Talkpal f\u00f6r att f\u00e5 feedback och exempel fr\u00e5n modersm\u00e5lstalare.<\/li>\n<\/ul>\n<h2>Hur man l\u00e4r sig adverb av frekvens i vitryska effektivt<\/h2>\n<p>Att l\u00e4ra sig adverb av frekvens i vitryska kan vara utmanande, men med r\u00e4tt metoder blir processen b\u00e5de smidig och effektiv.<\/p>\n<h3>Strategier och metoder<\/h3>\n<ul>\n<li><strong>Interaktiv inl\u00e4rning:<\/strong> Anv\u00e4nd digitala plattformar som Talkpal f\u00f6r att \u00f6va i realtid.<\/li>\n<li><strong>Praktiska exempel:<\/strong> Skriv egna meningar och f\u00e5 dem r\u00e4ttade av l\u00e4rare eller modersm\u00e5lstalare.<\/li>\n<li><strong>Lyssna och h\u00e4rma:<\/strong> Lyssna p\u00e5 vitryska dialoger och notera hur adverben anv\u00e4nds i naturligt tal.<\/li>\n<li><strong>Repetera regelbundet:<\/strong> Repetition \u00e4r nyckeln till att internalisera adverbens placering och betydelse.<\/li>\n<\/ul>\n<h3>Anv\u00e4nd Talkpal f\u00f6r att f\u00f6rb\u00e4ttra dina kunskaper<\/h3>\n<p>Talkpal \u00e4r en specialiserad spr\u00e5kinl\u00e4rningsapp som erbjuder:<\/p>\n<ul>\n<li>Interaktiva lektioner med fokus p\u00e5 grammatik och ordf\u00f6rr\u00e5d<\/li>\n<li>Personlig feedback fr\u00e5n modersm\u00e5lstalare<\/li>\n<li>\u00d6vningar med fokus p\u00e5 adverb av frekvens och andra viktiga grammatiska omr\u00e5den<\/li>\n<li>Flexibelt l\u00e4rande som passar b\u00e5de nyb\u00f6rjare och avancerade studenter<\/li>\n<\/ul>\n<h2>Sammanfattning<\/h2>\n<p>Adverb av frekvens \u00e4r en grundl\u00e4ggande del av vitryska grammatiken som hj\u00e4lper dig att uttrycka hur ofta n\u00e5got h\u00e4nder. Genom att f\u00f6rst\u00e5 deras betydelse, l\u00e4ra dig de vanligaste orden och deras placering i meningar kan du kommunicera mer effektivt och naturligt p\u00e5 vitryska. Skillnaderna mellan svenska och vitryska adverb av frekvens kan vara subtila men viktiga att bem\u00e4stra f\u00f6r att undvika missf\u00f6rst\u00e5nd. Med hj\u00e4lp av verktyg som Talkpal kan du snabbt f\u00f6rb\u00e4ttra dina kunskaper och f\u00e5 v\u00e4rdefull \u00f6vning med riktiga samtal.<\/p>\n","protected":false},"featured_media":1527719,"template":"","language":[7753,7733],"class_list":["post-1099012","grammar","type-grammar","status-publish","has-post-thumbnail","hentry","language-adverb-vitrysk-grammatik","language-vitryska"],"acf":[],"yoast_head":"<!-- This site is optimized with the Yoast SEO Premium plugin v27.2 (Yoast SEO v27.2) - https:\/\/yoast.com\/product\/yoast-seo-premium-wordpress\/ -->\n<title>Adverb of Frequency i vitryska grammatiken - Talkpal<\/title>\n<meta name=\"description\" content=\"Att bem\u00e4stra adverb av frekvens i vitryska grammatiken \u00e4r en viktig del f\u00f6r alla som vill l\u00e4ra sig spr\u00e5ket p\u00e5 djupet. Dessa adverb hj\u00e4lper till att\" \/>\n<meta name=\"robots\" content=\"index, follow, max-snippet:-1, max-image-preview:large, max-video-preview:-1\" \/>\n<link rel=\"canonical\" href=\"https:\/\/talkpal.ai\/sv\/grammar\/adverb-of-frequency-i-vitryska-grammatiken\/\" \/>\n<meta property=\"og:locale\" content=\"sv_SE\" \/>\n<meta property=\"og:type\" content=\"article\" \/>\n<meta property=\"og:title\" content=\"Adverb of Frequency i vitryska grammatiken\" \/>\n<meta property=\"og:description\" content=\"Att bem\u00e4stra adverb av frekvens i vitryska grammatiken \u00e4r en viktig del f\u00f6r alla som vill l\u00e4ra sig spr\u00e5ket p\u00e5 djupet. Dessa adverb hj\u00e4lper till att\" \/>\n<meta property=\"og:url\" content=\"https:\/\/talkpal.ai\/sv\/grammar\/adverb-of-frequency-i-vitryska-grammatiken\/\" \/>\n<meta property=\"og:site_name\" content=\"Talkpal\" \/>\n<meta property=\"article:publisher\" content=\"https:\/\/www.facebook.com\/profile.php?id=100090733639311\" \/>\n<meta property=\"og:image\" content=\"https:\/\/talkpal.ai\/wp-content\/uploads\/2025\/02\/Progress-tab-16_9.png\" \/>\n\t<meta property=\"og:image:width\" content=\"2880\" \/>\n\t<meta property=\"og:image:height\" content=\"1620\" \/>\n\t<meta property=\"og:image:type\" content=\"image\/png\" \/>\n<meta name=\"twitter:card\" content=\"summary_large_image\" \/>\n<meta name=\"twitter:site\" content=\"@talkpalai\" \/>\n<meta name=\"twitter:label1\" content=\"Ber\u00e4knad l\u00e4stid\" \/>\n\t<meta name=\"twitter:data1\" content=\"4 minuter\" \/>\n<script type=\"application\/ld+json\" class=\"yoast-schema-graph\">{\"@context\":\"https:\/\/schema.org\",\"@graph\":[{\"@type\":\"WebPage\",\"@id\":\"https:\/\/talkpal.ai\/sv\/grammar\/adverb-of-frequency-i-vitryska-grammatiken\/\",\"url\":\"https:\/\/talkpal.ai\/sv\/grammar\/adverb-of-frequency-i-vitryska-grammatiken\/\",\"name\":\"Adverb of Frequency i vitryska grammatiken - Talkpal\",\"isPartOf\":{\"@id\":\"https:\/\/talkpal.ai\/sv\/#website\"},\"primaryImageOfPage\":{\"@id\":\"https:\/\/talkpal.ai\/sv\/grammar\/adverb-of-frequency-i-vitryska-grammatiken\/#primaryimage\"},\"image\":{\"@id\":\"https:\/\/talkpal.ai\/sv\/grammar\/adverb-of-frequency-i-vitryska-grammatiken\/#primaryimage\"},\"thumbnailUrl\":\"https:\/\/talkpal.ai\/wp-content\/uploads\/2025\/12\/laptop-is-viewed-while-learning-languages.webp\",\"datePublished\":\"2025-07-03T09:31:56+00:00\",\"description\":\"Att bem\u00e4stra adverb av frekvens i vitryska grammatiken \u00e4r en viktig del f\u00f6r alla som vill l\u00e4ra sig spr\u00e5ket p\u00e5 djupet. Dessa adverb hj\u00e4lper till att\",\"breadcrumb\":{\"@id\":\"https:\/\/talkpal.ai\/sv\/grammar\/adverb-of-frequency-i-vitryska-grammatiken\/#breadcrumb\"},\"inLanguage\":\"sv-SE\",\"potentialAction\":[{\"@type\":\"ReadAction\",\"target\":[\"https:\/\/talkpal.ai\/sv\/grammar\/adverb-of-frequency-i-vitryska-grammatiken\/\"]}]},{\"@type\":\"ImageObject\",\"inLanguage\":\"sv-SE\",\"@id\":\"https:\/\/talkpal.ai\/sv\/grammar\/adverb-of-frequency-i-vitryska-grammatiken\/#primaryimage\",\"url\":\"https:\/\/talkpal.ai\/wp-content\/uploads\/2025\/12\/laptop-is-viewed-while-learning-languages.webp\",\"contentUrl\":\"https:\/\/talkpal.ai\/wp-content\/uploads\/2025\/12\/laptop-is-viewed-while-learning-languages.webp\",\"width\":1200,\"height\":896,\"caption\":\"A laptop screen is viewed by three students while learning languages under overhead library lights.\"},{\"@type\":\"BreadcrumbList\",\"@id\":\"https:\/\/talkpal.ai\/sv\/grammar\/adverb-of-frequency-i-vitryska-grammatiken\/#breadcrumb\",\"itemListElement\":[{\"@type\":\"ListItem\",\"position\":1,\"name\":\"Homepage\",\"item\":\"https:\/\/talkpal.ai\/sv\/\"},{\"@type\":\"ListItem\",\"position\":2,\"name\":\"Adverb of Frequency i vitryska grammatiken\"}]},{\"@type\":\"WebSite\",\"@id\":\"https:\/\/talkpal.ai\/sv\/#website\",\"url\":\"https:\/\/talkpal.ai\/sv\/\",\"name\":\"Talkpal\",\"description\":\"AI Language Learning\",\"publisher\":{\"@id\":\"https:\/\/talkpal.ai\/sv\/#organization\"},\"alternateName\":\"Talkpal AI\",\"potentialAction\":[{\"@type\":\"SearchAction\",\"target\":{\"@type\":\"EntryPoint\",\"urlTemplate\":\"https:\/\/talkpal.ai\/sv\/?s={search_term_string}\"},\"query-input\":{\"@type\":\"PropertyValueSpecification\",\"valueRequired\":true,\"valueName\":\"search_term_string\"}}],\"inLanguage\":\"sv-SE\"},{\"@type\":\"Organization\",\"@id\":\"https:\/\/talkpal.ai\/sv\/#organization\",\"name\":\"Talkpal, Inc.\",\"alternateName\":\"Talkpal AI\",\"url\":\"https:\/\/talkpal.ai\/sv\/\",\"logo\":{\"@type\":\"ImageObject\",\"inLanguage\":\"sv-SE\",\"@id\":\"https:\/\/talkpal.ai\/sv\/#\/schema\/logo\/image\/\",\"url\":\"https:\/\/talkpal.ai\/wp-content\/uploads\/2024\/03\/Talkpal-Logo-Icon.png\",\"contentUrl\":\"https:\/\/talkpal.ai\/wp-content\/uploads\/2024\/03\/Talkpal-Logo-Icon.png\",\"width\":2880,\"height\":2880,\"caption\":\"Talkpal, Inc.\"},\"image\":{\"@id\":\"https:\/\/talkpal.ai\/sv\/#\/schema\/logo\/image\/\"},\"sameAs\":[\"https:\/\/www.facebook.com\/profile.php?id=100090733639311\",\"https:\/\/x.com\/talkpalai\",\"https:\/\/www.linkedin.com\/company\/talkpal\/\",\"https:\/\/www.youtube.com\/@TalkPal\/\",\"https:\/\/www.tiktok.com\/@talkpal\",\"https:\/\/www.instagram.com\/talkpal_ai\/\",\"https:\/\/www.crunchbase.com\/organization\/talkpal-9cde\",\"https:\/\/www.g2.com\/products\/talkpal-for-business\/\",\"https:\/\/www.trustpilot.com\/review\/talkpal.ai\",\"https:\/\/www.capterra.com\/p\/10006800\/TalkPal\/\"],\"description\":\"Talkpal is a language learning web and mobile education app, powered by the latest AI technologies, that provides engaging experiences to its customers in many different languages to help them improve their language skills. Users can chat about unlimited amount of topics with the app and use other modes to practice their language learning.\",\"email\":\"support@talkpal.ai\",\"legalName\":\"Talkpal, Inc.\",\"foundingDate\":\"2023-04-03\",\"duns\":\"118989042\",\"numberOfEmployees\":{\"@type\":\"QuantitativeValue\",\"minValue\":\"11\",\"maxValue\":\"50\"},\"publishingPrinciples\":\"https:\/\/talkpal.ai\/publishing-principles\/\",\"actionableFeedbackPolicy\":\"https:\/\/talkpal.ai\/actionable-feedback-policy\/\",\"correctionsPolicy\":\"https:\/\/talkpal.ai\/corrections-policy\/\",\"ethicsPolicy\":\"https:\/\/talkpal.ai\/ethics-policy\/\",\"diversityPolicy\":\"https:\/\/talkpal.ai\/diversity-policy\/\",\"diversityStaffingReport\":\"https:\/\/talkpal.ai\/diversity-policy\/\"}]}<\/script>\n<!-- \/ Yoast SEO Premium plugin. -->","yoast_head_json":{"title":"Adverb of Frequency i vitryska grammatiken - Talkpal","description":"Att bem\u00e4stra adverb av frekvens i vitryska grammatiken \u00e4r en viktig del f\u00f6r alla som vill l\u00e4ra sig spr\u00e5ket p\u00e5 djupet. Dessa adverb hj\u00e4lper till att","robots":{"index":"index","follow":"follow","max-snippet":"max-snippet:-1","max-image-preview":"max-image-preview:large","max-video-preview":"max-video-preview:-1"},"canonical":"https:\/\/talkpal.ai\/sv\/grammar\/adverb-of-frequency-i-vitryska-grammatiken\/","og_locale":"sv_SE","og_type":"article","og_title":"Adverb of Frequency i vitryska grammatiken","og_description":"Att bem\u00e4stra adverb av frekvens i vitryska grammatiken \u00e4r en viktig del f\u00f6r alla som vill l\u00e4ra sig spr\u00e5ket p\u00e5 djupet. Dessa adverb hj\u00e4lper till att","og_url":"https:\/\/talkpal.ai\/sv\/grammar\/adverb-of-frequency-i-vitryska-grammatiken\/","og_site_name":"Talkpal","article_publisher":"https:\/\/www.facebook.com\/profile.php?id=100090733639311","og_image":[{"width":2880,"height":1620,"url":"https:\/\/talkpal.ai\/wp-content\/uploads\/2025\/02\/Progress-tab-16_9.png","type":"image\/png"}],"twitter_card":"summary_large_image","twitter_site":"@talkpalai","twitter_misc":{"Ber\u00e4knad l\u00e4stid":"4 minuter"},"schema":{"@context":"https:\/\/schema.org","@graph":[{"@type":"WebPage","@id":"https:\/\/talkpal.ai\/sv\/grammar\/adverb-of-frequency-i-vitryska-grammatiken\/","url":"https:\/\/talkpal.ai\/sv\/grammar\/adverb-of-frequency-i-vitryska-grammatiken\/","name":"Adverb of Frequency i vitryska grammatiken - Talkpal","isPartOf":{"@id":"https:\/\/talkpal.ai\/sv\/#website"},"primaryImageOfPage":{"@id":"https:\/\/talkpal.ai\/sv\/grammar\/adverb-of-frequency-i-vitryska-grammatiken\/#primaryimage"},"image":{"@id":"https:\/\/talkpal.ai\/sv\/grammar\/adverb-of-frequency-i-vitryska-grammatiken\/#primaryimage"},"thumbnailUrl":"https:\/\/talkpal.ai\/wp-content\/uploads\/2025\/12\/laptop-is-viewed-while-learning-languages.webp","datePublished":"2025-07-03T09:31:56+00:00","description":"Att bem\u00e4stra adverb av frekvens i vitryska grammatiken \u00e4r en viktig del f\u00f6r alla som vill l\u00e4ra sig spr\u00e5ket p\u00e5 djupet. Dessa adverb hj\u00e4lper till att","breadcrumb":{"@id":"https:\/\/talkpal.ai\/sv\/grammar\/adverb-of-frequency-i-vitryska-grammatiken\/#breadcrumb"},"inLanguage":"sv-SE","potentialAction":[{"@type":"ReadAction","target":["https:\/\/talkpal.ai\/sv\/grammar\/adverb-of-frequency-i-vitryska-grammatiken\/"]}]},{"@type":"ImageObject","inLanguage":"sv-SE","@id":"https:\/\/talkpal.ai\/sv\/grammar\/adverb-of-frequency-i-vitryska-grammatiken\/#primaryimage","url":"https:\/\/talkpal.ai\/wp-content\/uploads\/2025\/12\/laptop-is-viewed-while-learning-languages.webp","contentUrl":"https:\/\/talkpal.ai\/wp-content\/uploads\/2025\/12\/laptop-is-viewed-while-learning-languages.webp","width":1200,"height":896,"caption":"A laptop screen is viewed by three students while learning languages under overhead library lights."},{"@type":"BreadcrumbList","@id":"https:\/\/talkpal.ai\/sv\/grammar\/adverb-of-frequency-i-vitryska-grammatiken\/#breadcrumb","itemListElement":[{"@type":"ListItem","position":1,"name":"Homepage","item":"https:\/\/talkpal.ai\/sv\/"},{"@type":"ListItem","position":2,"name":"Adverb of Frequency i vitryska grammatiken"}]},{"@type":"WebSite","@id":"https:\/\/talkpal.ai\/sv\/#website","url":"https:\/\/talkpal.ai\/sv\/","name":"Talkpal","description":"AI Language Learning","publisher":{"@id":"https:\/\/talkpal.ai\/sv\/#organization"},"alternateName":"Talkpal AI","potentialAction":[{"@type":"SearchAction","target":{"@type":"EntryPoint","urlTemplate":"https:\/\/talkpal.ai\/sv\/?s={search_term_string}"},"query-input":{"@type":"PropertyValueSpecification","valueRequired":true,"valueName":"search_term_string"}}],"inLanguage":"sv-SE"},{"@type":"Organization","@id":"https:\/\/talkpal.ai\/sv\/#organization","name":"Talkpal, Inc.","alternateName":"Talkpal AI","url":"https:\/\/talkpal.ai\/sv\/","logo":{"@type":"ImageObject","inLanguage":"sv-SE","@id":"https:\/\/talkpal.ai\/sv\/#\/schema\/logo\/image\/","url":"https:\/\/talkpal.ai\/wp-content\/uploads\/2024\/03\/Talkpal-Logo-Icon.png","contentUrl":"https:\/\/talkpal.ai\/wp-content\/uploads\/2024\/03\/Talkpal-Logo-Icon.png","width":2880,"height":2880,"caption":"Talkpal, Inc."},"image":{"@id":"https:\/\/talkpal.ai\/sv\/#\/schema\/logo\/image\/"},"sameAs":["https:\/\/www.facebook.com\/profile.php?id=100090733639311","https:\/\/x.com\/talkpalai","https:\/\/www.linkedin.com\/company\/talkpal\/","https:\/\/www.youtube.com\/@TalkPal\/","https:\/\/www.tiktok.com\/@talkpal","https:\/\/www.instagram.com\/talkpal_ai\/","https:\/\/www.crunchbase.com\/organization\/talkpal-9cde","https:\/\/www.g2.com\/products\/talkpal-for-business\/","https:\/\/www.trustpilot.com\/review\/talkpal.ai","https:\/\/www.capterra.com\/p\/10006800\/TalkPal\/"],"description":"Talkpal is a language learning web and mobile education app, powered by the latest AI technologies, that provides engaging experiences to its customers in many different languages to help them improve their language skills. Users can chat about unlimited amount of topics with the app and use other modes to practice their language learning.","email":"support@talkpal.ai","legalName":"Talkpal, Inc.","foundingDate":"2023-04-03","duns":"118989042","numberOfEmployees":{"@type":"QuantitativeValue","minValue":"11","maxValue":"50"},"publishingPrinciples":"https:\/\/talkpal.ai\/publishing-principles\/","actionableFeedbackPolicy":"https:\/\/talkpal.ai\/actionable-feedback-policy\/","correctionsPolicy":"https:\/\/talkpal.ai\/corrections-policy\/","ethicsPolicy":"https:\/\/talkpal.ai\/ethics-policy\/","diversityPolicy":"https:\/\/talkpal.ai\/diversity-policy\/","diversityStaffingReport":"https:\/\/talkpal.ai\/diversity-policy\/"}]}},"_links":{"self":[{"href":"https:\/\/talkpal.ai\/sv\/wp-json\/wp\/v2\/grammar\/1099012","targetHints":{"allow":["GET"]}}],"collection":[{"href":"https:\/\/talkpal.ai\/sv\/wp-json\/wp\/v2\/grammar"}],"about":[{"href":"https:\/\/talkpal.ai\/sv\/wp-json\/wp\/v2\/types\/grammar"}],"wp:featuredmedia":[{"embeddable":true,"href":"https:\/\/talkpal.ai\/sv\/wp-json\/wp\/v2\/media\/1527719"}],"wp:attachment":[{"href":"https:\/\/talkpal.ai\/sv\/wp-json\/wp\/v2\/media?parent=1099012"}],"wp:term":[{"taxonomy":"language","embeddable":true,"href":"https:\/\/talkpal.ai\/sv\/wp-json\/wp\/v2\/language?post=1099012"}],"curies":[{"name":"wp","href":"https:\/\/api.w.org\/{rel}","templated":true}]}}