{"id":1098724,"date":"2025-07-03T09:17:26","date_gmt":"2025-07-03T09:17:26","guid":{"rendered":"https:\/\/talkpal.ai\/grammar\/adverb-of-time-i-afrikaans-grammatik\/"},"modified":"2025-07-03T09:17:26","modified_gmt":"2025-07-03T09:17:26","slug":"adverb-of-time-i-afrikaans-grammatik","status":"publish","type":"grammar","link":"https:\/\/talkpal.ai\/sv\/grammar\/adverb-of-time-i-afrikaans-grammatik\/","title":{"rendered":"Adverb of Time i afrikaans grammatik"},"content":{"rendered":"<p>Att f\u00f6rst\u00e5 och korrekt anv\u00e4nda tidsadverb i <a href=\"https:\/\/talkpal.ai\/es\/gramatica-afrikaans\/\">afrikaans grammatik<\/a> \u00e4r avg\u00f6rande f\u00f6r att uttrycka tid p\u00e5 ett tydligt och naturligt s\u00e4tt. Tidsadverb hj\u00e4lper till att beskriva n\u00e4r en handling sker, vilket g\u00f6r kommunikationen mer exakt och levande. F\u00f6r spr\u00e5kstudenter och entusiaster \u00e4r det viktigt att l\u00e4ra sig dessa ord och deras placering i meningar f\u00f6r att beh\u00e4rska <a href=\"https:\/\/talkpal.ai\/learn-afrikaans\/\">afrikaans<\/a> spr\u00e5ket fullt ut. <a href=\"https:\/\/talkpal.ai\/ko\/ai-%ec%96%b8%ec%96%b4-%ea%b5%90%ec%82%ac\/\">Talkpal<\/a> erbjuder en utm\u00e4rkt plattform f\u00f6r att l\u00e4ra sig och \u00f6va p\u00e5 tidsadverb i afrikaans, vilket g\u00f6r inl\u00e4rningen b\u00e5de effektiv och rolig.<\/p>\n<h2>Vad \u00e4r Adverb of Time i Afrikaans?<\/h2>\n<p><a href=\"https:\/\/talkpal.ai\/sv\/grammar\/adverb-of-time-i-azerbajdzjansk-grammatik\/\">Adverb of Time<\/a>, eller tidsadverb, \u00e4r ord eller fraser som beskriver tidpunkten f\u00f6r en handling eller h\u00e4ndelse i en mening. I afrikaans anv\u00e4nds dessa adverb f\u00f6r att ange n\u00e4r n\u00e5got h\u00e4nder, har h\u00e4nt eller kommer att h\u00e4nda. De \u00e4r viktiga f\u00f6r att ge kontext och klarg\u00f6ra tidsaspekter i kommunikationen.<\/p>\n<h3>Exempel p\u00e5 vanliga tidsadverb i afrikaans<\/h3>\n<ul>\n<li><strong>nou<\/strong> \u2013 nu, just nu<\/li>\n<li><strong>vandag<\/strong> \u2013 idag<\/li>\n<li><strong>gister<\/strong> \u2013 ig\u00e5r<\/li>\n<li><strong>more<\/strong> \u2013 imorgon<\/li>\n<li><strong>nou-net<\/strong> \u2013 just nu, precis<\/li>\n<li><strong>almal<\/strong> \u2013 <a href=\"https:\/\/talkpal.ai\/locations\/learn-english-in-redan\/\">redan<\/a><\/li>\n<li><strong>binnekort<\/strong> \u2013 snart<\/li>\n<li><strong>vaak<\/strong> \u2013 ofta<\/li>\n<li><strong>nog<\/strong> \u2013 fortfarande, \u00e4nnu<\/li>\n<li><strong>eens<\/strong> \u2013 en g\u00e5ng<\/li>\n<\/ul>\n<h2>Hur anv\u00e4nds tidsadverb i afrikaans grammatik?<\/h2>\n<p>I afrikaans placeras tidsadverb vanligtvis i b\u00f6rjan eller slutet av en mening, men kan ocks\u00e5 placeras n\u00e4ra verbet f\u00f6r att betona tidpunkten. Det finns dock vissa regler och m\u00f6nster som \u00e4r viktiga att f\u00f6rst\u00e5 f\u00f6r korrekt anv\u00e4ndning.<\/p>\n<h3>Placering av tidsadverb<\/h3>\n<ul>\n<li><strong>I b\u00f6rjan av meningen:<\/strong> F\u00f6r att s\u00e4tta fokus p\u00e5 tidpunkten.<br \/>\n    <br \/><em>Exempel:<\/em> <em>Vandag gaan ek skool toe.<\/em> (Idag g\u00e5r jag till skolan.)<\/li>\n<li><strong>Efter det finita verbet:<\/strong> Vanligt i negationer eller fr\u00e5gor.<br \/>\n    <br \/><em>Exempel:<\/em> <em>Ek het gister huis toe gegaan.<\/em> (Jag gick hem ig\u00e5r.)<\/li>\n<li><strong>I slutet av meningen:<\/strong> F\u00f6r att l\u00e4gga till information om tid.<br \/>\n    <br \/><em>Exempel:<\/em> <em>Ons sien mekaar later.<\/em> (Vi ses senare.)<\/li>\n<\/ul>\n<h3>Tidsadverb och verbtider<\/h3>\n<p>Tidsadverb hj\u00e4lper till att best\u00e4mma verbets tempus i afrikaans. Till exempel:<\/p>\n<ul>\n<li><strong>Gister<\/strong> signalerar f\u00f6rfluten tid (preteritum).<br \/>\n    <br \/>Exempel: <em>Hy het gister die boek gelees.<\/em> (Han l\u00e4ste boken ig\u00e5r.)<\/li>\n<li><strong>Nou<\/strong> eller <strong>vandag<\/strong> anv\u00e4nds f\u00f6r nutid.<br \/>\n    <br \/>Exempel: <em>Sy werk nou.<\/em> (Hon arbetar nu.)<\/li>\n<li><strong>More<\/strong> eller <strong>binnekort<\/strong> antyder framtid.<br \/>\n    <br \/>Exempel: <em>Ons sal more gaan.<\/em> (Vi ska g\u00e5 imorgon.)<\/li>\n<\/ul>\n<h2>Typer av Adverb of Time i Afrikaans<\/h2>\n<p>Tidsadverb kan delas in i flera kategorier beroende p\u00e5 vilken typ av tidsinformation de f\u00f6rmedlar.<\/p>\n<h3>1. Specifika tidpunkter<\/h3>\n<ul>\n<li><strong>Vandag<\/strong> \u2013 idag<\/li>\n<li><strong>Gister<\/strong> \u2013 ig\u00e5r<\/li>\n<li><strong>More<\/strong> \u2013 imorgon<\/li>\n<li><strong>Vanaand<\/strong> \u2013 ikv\u00e4ll<\/li>\n<\/ul>\n<h3>2. Frekvensadverb<\/h3>\n<p>Dessa tidsadverb beskriver hur ofta n\u00e5got h\u00e4nder.<\/p>\n<ul>\n<li><strong>Vaak<\/strong> \u2013 ofta<\/li>\n<li><strong>Selde<\/strong> \u2013 s\u00e4llan<\/li>\n<li><strong>Somtyds<\/strong> \u2013 ibland<\/li>\n<li><strong>Altyd<\/strong> \u2013 alltid<\/li>\n<\/ul>\n<h3>3. Varaktighet och tidsintervall<\/h3>\n<ul>\n<li><strong>Lank<\/strong> \u2013 l\u00e4nge<\/li>\n<li><strong>Onlangs<\/strong> \u2013 nyligen<\/li>\n<li><strong>Nou-net<\/strong> \u2013 just nu<\/li>\n<\/ul>\n<h3>4. Relativa tidsadverb<\/h3>\n<ul>\n<li><strong>Almal<\/strong> \u2013 redan<\/li>\n<li><strong>Nog<\/strong> \u2013 fortfarande<\/li>\n<li><strong>Toe<\/strong> \u2013 d\u00e5 (i det f\u00f6rflutna)<\/li>\n<\/ul>\n<h2>Vanliga misstag vid anv\u00e4ndning av tidsadverb i afrikaans<\/h2>\n<p>Spr\u00e5kinl\u00e4rare g\u00f6r ofta vissa vanliga fel med tidsadverb, som \u00e4r viktiga att k\u00e4nna till f\u00f6r att undvika missf\u00f6rst\u00e5nd.<\/p>\n<ul>\n<li><strong>Fel placering av tidsadverb:<\/strong> Att placera tidsadverb f\u00f6r l\u00e5ngt fr\u00e5n verbet kan g\u00f6ra meningen otydlig. Exempelvis \u00e4r det b\u00e4ttre att s\u00e4ga <em>Ek het gister die boek gelees<\/em> ist\u00e4llet f\u00f6r <em>Ek het die boek gelees gister<\/em>.<\/li>\n<li><strong>F\u00f6rv\u00e4xling mellan nutid och framtid:<\/strong> Anv\u00e4ndning av <em>nou<\/em> ist\u00e4llet f\u00f6r <em>more<\/em> n\u00e4r man menar framtid kan skapa f\u00f6rvirring.<\/li>\n<li><strong>\u00d6veranv\u00e4ndning av tidsadverb:<\/strong> Att anv\u00e4nda flera tidsadverb i samma mening \u00e4r ofta on\u00f6digt och kan verka \u00f6verdrivet.<\/li>\n<\/ul>\n<h2>Hur Talkpal kan hj\u00e4lpa dig att l\u00e4ra dig Adverb of Time i Afrikaans<\/h2>\n<p>Talkpal \u00e4r en innovativ spr\u00e5kplattform som erbjuder interaktiva \u00f6vningar och lektioner f\u00f6r att f\u00f6rb\u00e4ttra din f\u00f6rst\u00e5else av afrikaans grammatik, inklusive anv\u00e4ndningen av tidsadverb. Med Talkpal f\u00e5r du:<\/p>\n<ul>\n<li><strong>Personliga lektioner:<\/strong> Anpassade efter din niv\u00e5 och inl\u00e4rningsstil.<\/li>\n<li><strong>Praktiska \u00f6vningar:<\/strong> Fokuserade p\u00e5 att anv\u00e4nda tidsadverb korrekt i olika sammanhang.<\/li>\n<li><strong>Omfattande feedback:<\/strong> Hj\u00e4lper dig att r\u00e4tta misstag och f\u00f6rb\u00e4ttra dina f\u00e4rdigheter.<\/li>\n<li><strong>Flexibelt l\u00e4rande:<\/strong> L\u00e4r n\u00e4r och var du vill via mobilen eller datorn.<\/li>\n<\/ul>\n<p>Genom att anv\u00e4nda Talkpal kan du snabbt bli s\u00e4ker p\u00e5 att anv\u00e4nda adverb of time i afrikaans grammatik och d\u00e4rmed kommunicera mer effektivt och naturligt.<\/p>\n<h2>Tips f\u00f6r att bem\u00e4stra tidsadverb i afrikaans<\/h2>\n<ul>\n<li><strong>\u00d6va regelbundet:<\/strong> Anv\u00e4nd tidsadverb i vardagliga meningar och skriv\u00f6vningar.<\/li>\n<li><strong>Lyssna och l\u00e4s:<\/strong> Studera autentiskt afrikaans material som nyheter, samtal och b\u00f6cker.<\/li>\n<li><strong>Anv\u00e4nd flashcards:<\/strong> Skapa kort med olika tidsadverb f\u00f6r att memorera deras betydelse och anv\u00e4ndning.<\/li>\n<li><strong>Delta i samtal:<\/strong> Prata med modersm\u00e5lstalare eller anv\u00e4nd spr\u00e5kutbytesplattformar f\u00f6r att praktisera.<\/li>\n<li><strong>Fokusera p\u00e5 placering:<\/strong> L\u00e4r dig var tidsadverben ska placeras i olika meningstyper f\u00f6r att undvika fel.<\/li>\n<\/ul>\n<h2>Sammanfattning<\/h2>\n<p>Tidsadverb \u00e4r en grundl\u00e4ggande del av afrikaans grammatik som g\u00f6r det m\u00f6jligt att uttrycka n\u00e4r n\u00e5got h\u00e4nder p\u00e5 ett precist s\u00e4tt. Genom att l\u00e4ra sig vanliga tidsadverb och deras korrekta placering i meningar kan du f\u00f6rb\u00e4ttra din kommunikationsf\u00f6rm\u00e5ga avsev\u00e4rt. Plattformar som Talkpal erbjuder en effektiv och engagerande metod f\u00f6r att bem\u00e4stra dessa viktiga grammatikdelar. Med regelbunden \u00f6vning och r\u00e4tt resurser blir du snart s\u00e4ker p\u00e5 att anv\u00e4nda adverb of time i afrikaans naturligt och korrekt.<\/p>\n","protected":false},"featured_media":1527944,"template":"","language":[7597,7577],"class_list":["post-1098724","grammar","type-grammar","status-publish","has-post-thumbnail","hentry","language-adverb-afrikaans-grammatik","language-afrikaans-sv"],"acf":[],"yoast_head":"<!-- This site is optimized with the Yoast SEO Premium plugin v27.2 (Yoast SEO v27.2) - https:\/\/yoast.com\/product\/yoast-seo-premium-wordpress\/ -->\n<title>Adverb of Time i afrikaans grammatik - Talkpal<\/title>\n<meta name=\"description\" content=\"Att f\u00f6rst\u00e5 och korrekt anv\u00e4nda tidsadverb i afrikaans grammatik \u00e4r avg\u00f6rande f\u00f6r att uttrycka tid p\u00e5 ett tydligt och naturligt s\u00e4tt. Tidsadverb hj\u00e4lper\" \/>\n<meta name=\"robots\" content=\"index, follow, max-snippet:-1, max-image-preview:large, max-video-preview:-1\" \/>\n<link rel=\"canonical\" href=\"https:\/\/talkpal.ai\/sv\/grammar\/adverb-of-time-i-afrikaans-grammatik\/\" \/>\n<meta property=\"og:locale\" content=\"sv_SE\" \/>\n<meta property=\"og:type\" content=\"article\" \/>\n<meta property=\"og:title\" content=\"Adverb of Time i afrikaans grammatik\" \/>\n<meta property=\"og:description\" content=\"Att f\u00f6rst\u00e5 och korrekt anv\u00e4nda tidsadverb i afrikaans grammatik \u00e4r avg\u00f6rande f\u00f6r att uttrycka tid p\u00e5 ett tydligt och naturligt s\u00e4tt. Tidsadverb hj\u00e4lper\" \/>\n<meta property=\"og:url\" content=\"https:\/\/talkpal.ai\/sv\/grammar\/adverb-of-time-i-afrikaans-grammatik\/\" \/>\n<meta property=\"og:site_name\" content=\"Talkpal\" \/>\n<meta property=\"article:publisher\" content=\"https:\/\/www.facebook.com\/profile.php?id=100090733639311\" \/>\n<meta property=\"og:image\" content=\"https:\/\/talkpal.ai\/wp-content\/uploads\/2025\/02\/Progress-tab-16_9.png\" \/>\n\t<meta property=\"og:image:width\" content=\"2880\" \/>\n\t<meta property=\"og:image:height\" content=\"1620\" \/>\n\t<meta property=\"og:image:type\" content=\"image\/png\" \/>\n<meta name=\"twitter:card\" content=\"summary_large_image\" \/>\n<meta name=\"twitter:site\" content=\"@talkpalai\" \/>\n<meta name=\"twitter:label1\" content=\"Ber\u00e4knad l\u00e4stid\" \/>\n\t<meta name=\"twitter:data1\" content=\"4 minuter\" \/>\n<script type=\"application\/ld+json\" class=\"yoast-schema-graph\">{\"@context\":\"https:\/\/schema.org\",\"@graph\":[{\"@type\":\"WebPage\",\"@id\":\"https:\/\/talkpal.ai\/sv\/grammar\/adverb-of-time-i-afrikaans-grammatik\/\",\"url\":\"https:\/\/talkpal.ai\/sv\/grammar\/adverb-of-time-i-afrikaans-grammatik\/\",\"name\":\"Adverb of Time i afrikaans grammatik - Talkpal\",\"isPartOf\":{\"@id\":\"https:\/\/talkpal.ai\/sv\/#website\"},\"primaryImageOfPage\":{\"@id\":\"https:\/\/talkpal.ai\/sv\/grammar\/adverb-of-time-i-afrikaans-grammatik\/#primaryimage\"},\"image\":{\"@id\":\"https:\/\/talkpal.ai\/sv\/grammar\/adverb-of-time-i-afrikaans-grammatik\/#primaryimage\"},\"thumbnailUrl\":\"https:\/\/talkpal.ai\/wp-content\/uploads\/2025\/12\/students-in-library-learning-languages.webp\",\"datePublished\":\"2025-07-03T09:17:26+00:00\",\"description\":\"Att f\u00f6rst\u00e5 och korrekt anv\u00e4nda tidsadverb i afrikaans grammatik \u00e4r avg\u00f6rande f\u00f6r att uttrycka tid p\u00e5 ett tydligt och naturligt s\u00e4tt. Tidsadverb hj\u00e4lper\",\"breadcrumb\":{\"@id\":\"https:\/\/talkpal.ai\/sv\/grammar\/adverb-of-time-i-afrikaans-grammatik\/#breadcrumb\"},\"inLanguage\":\"sv-SE\",\"potentialAction\":[{\"@type\":\"ReadAction\",\"target\":[\"https:\/\/talkpal.ai\/sv\/grammar\/adverb-of-time-i-afrikaans-grammatik\/\"]}]},{\"@type\":\"ImageObject\",\"inLanguage\":\"sv-SE\",\"@id\":\"https:\/\/talkpal.ai\/sv\/grammar\/adverb-of-time-i-afrikaans-grammatik\/#primaryimage\",\"url\":\"https:\/\/talkpal.ai\/wp-content\/uploads\/2025\/12\/students-in-library-learning-languages.webp\",\"contentUrl\":\"https:\/\/talkpal.ai\/wp-content\/uploads\/2025\/12\/students-in-library-learning-languages.webp\",\"width\":1200,\"height\":896,\"caption\":\"Many students sit at long tables in a large library while focused on learning languages.\"},{\"@type\":\"BreadcrumbList\",\"@id\":\"https:\/\/talkpal.ai\/sv\/grammar\/adverb-of-time-i-afrikaans-grammatik\/#breadcrumb\",\"itemListElement\":[{\"@type\":\"ListItem\",\"position\":1,\"name\":\"Homepage\",\"item\":\"https:\/\/talkpal.ai\/sv\/\"},{\"@type\":\"ListItem\",\"position\":2,\"name\":\"Adverb of Time i afrikaans grammatik\"}]},{\"@type\":\"WebSite\",\"@id\":\"https:\/\/talkpal.ai\/sv\/#website\",\"url\":\"https:\/\/talkpal.ai\/sv\/\",\"name\":\"Talkpal\",\"description\":\"AI Language Learning\",\"publisher\":{\"@id\":\"https:\/\/talkpal.ai\/sv\/#organization\"},\"alternateName\":\"Talkpal AI\",\"potentialAction\":[{\"@type\":\"SearchAction\",\"target\":{\"@type\":\"EntryPoint\",\"urlTemplate\":\"https:\/\/talkpal.ai\/sv\/?s={search_term_string}\"},\"query-input\":{\"@type\":\"PropertyValueSpecification\",\"valueRequired\":true,\"valueName\":\"search_term_string\"}}],\"inLanguage\":\"sv-SE\"},{\"@type\":\"Organization\",\"@id\":\"https:\/\/talkpal.ai\/sv\/#organization\",\"name\":\"Talkpal, Inc.\",\"alternateName\":\"Talkpal AI\",\"url\":\"https:\/\/talkpal.ai\/sv\/\",\"logo\":{\"@type\":\"ImageObject\",\"inLanguage\":\"sv-SE\",\"@id\":\"https:\/\/talkpal.ai\/sv\/#\/schema\/logo\/image\/\",\"url\":\"https:\/\/talkpal.ai\/wp-content\/uploads\/2024\/03\/Talkpal-Logo-Icon.png\",\"contentUrl\":\"https:\/\/talkpal.ai\/wp-content\/uploads\/2024\/03\/Talkpal-Logo-Icon.png\",\"width\":2880,\"height\":2880,\"caption\":\"Talkpal, Inc.\"},\"image\":{\"@id\":\"https:\/\/talkpal.ai\/sv\/#\/schema\/logo\/image\/\"},\"sameAs\":[\"https:\/\/www.facebook.com\/profile.php?id=100090733639311\",\"https:\/\/x.com\/talkpalai\",\"https:\/\/www.linkedin.com\/company\/talkpal\/\",\"https:\/\/www.youtube.com\/@TalkPal\/\",\"https:\/\/www.tiktok.com\/@talkpal\",\"https:\/\/www.instagram.com\/talkpal_ai\/\",\"https:\/\/www.crunchbase.com\/organization\/talkpal-9cde\",\"https:\/\/www.g2.com\/products\/talkpal-for-business\/\",\"https:\/\/www.trustpilot.com\/review\/talkpal.ai\",\"https:\/\/www.capterra.com\/p\/10006800\/TalkPal\/\"],\"description\":\"Talkpal is a language learning web and mobile education app, powered by the latest AI technologies, that provides engaging experiences to its customers in many different languages to help them improve their language skills. Users can chat about unlimited amount of topics with the app and use other modes to practice their language learning.\",\"email\":\"support@talkpal.ai\",\"legalName\":\"Talkpal, Inc.\",\"foundingDate\":\"2023-04-03\",\"duns\":\"118989042\",\"numberOfEmployees\":{\"@type\":\"QuantitativeValue\",\"minValue\":\"11\",\"maxValue\":\"50\"},\"publishingPrinciples\":\"https:\/\/talkpal.ai\/publishing-principles\/\",\"actionableFeedbackPolicy\":\"https:\/\/talkpal.ai\/actionable-feedback-policy\/\",\"correctionsPolicy\":\"https:\/\/talkpal.ai\/corrections-policy\/\",\"ethicsPolicy\":\"https:\/\/talkpal.ai\/ethics-policy\/\",\"diversityPolicy\":\"https:\/\/talkpal.ai\/diversity-policy\/\",\"diversityStaffingReport\":\"https:\/\/talkpal.ai\/diversity-policy\/\"}]}<\/script>\n<!-- \/ Yoast SEO Premium plugin. -->","yoast_head_json":{"title":"Adverb of Time i afrikaans grammatik - Talkpal","description":"Att f\u00f6rst\u00e5 och korrekt anv\u00e4nda tidsadverb i afrikaans grammatik \u00e4r avg\u00f6rande f\u00f6r att uttrycka tid p\u00e5 ett tydligt och naturligt s\u00e4tt. Tidsadverb hj\u00e4lper","robots":{"index":"index","follow":"follow","max-snippet":"max-snippet:-1","max-image-preview":"max-image-preview:large","max-video-preview":"max-video-preview:-1"},"canonical":"https:\/\/talkpal.ai\/sv\/grammar\/adverb-of-time-i-afrikaans-grammatik\/","og_locale":"sv_SE","og_type":"article","og_title":"Adverb of Time i afrikaans grammatik","og_description":"Att f\u00f6rst\u00e5 och korrekt anv\u00e4nda tidsadverb i afrikaans grammatik \u00e4r avg\u00f6rande f\u00f6r att uttrycka tid p\u00e5 ett tydligt och naturligt s\u00e4tt. Tidsadverb hj\u00e4lper","og_url":"https:\/\/talkpal.ai\/sv\/grammar\/adverb-of-time-i-afrikaans-grammatik\/","og_site_name":"Talkpal","article_publisher":"https:\/\/www.facebook.com\/profile.php?id=100090733639311","og_image":[{"width":2880,"height":1620,"url":"https:\/\/talkpal.ai\/wp-content\/uploads\/2025\/02\/Progress-tab-16_9.png","type":"image\/png"}],"twitter_card":"summary_large_image","twitter_site":"@talkpalai","twitter_misc":{"Ber\u00e4knad l\u00e4stid":"4 minuter"},"schema":{"@context":"https:\/\/schema.org","@graph":[{"@type":"WebPage","@id":"https:\/\/talkpal.ai\/sv\/grammar\/adverb-of-time-i-afrikaans-grammatik\/","url":"https:\/\/talkpal.ai\/sv\/grammar\/adverb-of-time-i-afrikaans-grammatik\/","name":"Adverb of Time i afrikaans grammatik - Talkpal","isPartOf":{"@id":"https:\/\/talkpal.ai\/sv\/#website"},"primaryImageOfPage":{"@id":"https:\/\/talkpal.ai\/sv\/grammar\/adverb-of-time-i-afrikaans-grammatik\/#primaryimage"},"image":{"@id":"https:\/\/talkpal.ai\/sv\/grammar\/adverb-of-time-i-afrikaans-grammatik\/#primaryimage"},"thumbnailUrl":"https:\/\/talkpal.ai\/wp-content\/uploads\/2025\/12\/students-in-library-learning-languages.webp","datePublished":"2025-07-03T09:17:26+00:00","description":"Att f\u00f6rst\u00e5 och korrekt anv\u00e4nda tidsadverb i afrikaans grammatik \u00e4r avg\u00f6rande f\u00f6r att uttrycka tid p\u00e5 ett tydligt och naturligt s\u00e4tt. Tidsadverb hj\u00e4lper","breadcrumb":{"@id":"https:\/\/talkpal.ai\/sv\/grammar\/adverb-of-time-i-afrikaans-grammatik\/#breadcrumb"},"inLanguage":"sv-SE","potentialAction":[{"@type":"ReadAction","target":["https:\/\/talkpal.ai\/sv\/grammar\/adverb-of-time-i-afrikaans-grammatik\/"]}]},{"@type":"ImageObject","inLanguage":"sv-SE","@id":"https:\/\/talkpal.ai\/sv\/grammar\/adverb-of-time-i-afrikaans-grammatik\/#primaryimage","url":"https:\/\/talkpal.ai\/wp-content\/uploads\/2025\/12\/students-in-library-learning-languages.webp","contentUrl":"https:\/\/talkpal.ai\/wp-content\/uploads\/2025\/12\/students-in-library-learning-languages.webp","width":1200,"height":896,"caption":"Many students sit at long tables in a large library while focused on learning languages."},{"@type":"BreadcrumbList","@id":"https:\/\/talkpal.ai\/sv\/grammar\/adverb-of-time-i-afrikaans-grammatik\/#breadcrumb","itemListElement":[{"@type":"ListItem","position":1,"name":"Homepage","item":"https:\/\/talkpal.ai\/sv\/"},{"@type":"ListItem","position":2,"name":"Adverb of Time i afrikaans grammatik"}]},{"@type":"WebSite","@id":"https:\/\/talkpal.ai\/sv\/#website","url":"https:\/\/talkpal.ai\/sv\/","name":"Talkpal","description":"AI Language Learning","publisher":{"@id":"https:\/\/talkpal.ai\/sv\/#organization"},"alternateName":"Talkpal AI","potentialAction":[{"@type":"SearchAction","target":{"@type":"EntryPoint","urlTemplate":"https:\/\/talkpal.ai\/sv\/?s={search_term_string}"},"query-input":{"@type":"PropertyValueSpecification","valueRequired":true,"valueName":"search_term_string"}}],"inLanguage":"sv-SE"},{"@type":"Organization","@id":"https:\/\/talkpal.ai\/sv\/#organization","name":"Talkpal, Inc.","alternateName":"Talkpal AI","url":"https:\/\/talkpal.ai\/sv\/","logo":{"@type":"ImageObject","inLanguage":"sv-SE","@id":"https:\/\/talkpal.ai\/sv\/#\/schema\/logo\/image\/","url":"https:\/\/talkpal.ai\/wp-content\/uploads\/2024\/03\/Talkpal-Logo-Icon.png","contentUrl":"https:\/\/talkpal.ai\/wp-content\/uploads\/2024\/03\/Talkpal-Logo-Icon.png","width":2880,"height":2880,"caption":"Talkpal, Inc."},"image":{"@id":"https:\/\/talkpal.ai\/sv\/#\/schema\/logo\/image\/"},"sameAs":["https:\/\/www.facebook.com\/profile.php?id=100090733639311","https:\/\/x.com\/talkpalai","https:\/\/www.linkedin.com\/company\/talkpal\/","https:\/\/www.youtube.com\/@TalkPal\/","https:\/\/www.tiktok.com\/@talkpal","https:\/\/www.instagram.com\/talkpal_ai\/","https:\/\/www.crunchbase.com\/organization\/talkpal-9cde","https:\/\/www.g2.com\/products\/talkpal-for-business\/","https:\/\/www.trustpilot.com\/review\/talkpal.ai","https:\/\/www.capterra.com\/p\/10006800\/TalkPal\/"],"description":"Talkpal is a language learning web and mobile education app, powered by the latest AI technologies, that provides engaging experiences to its customers in many different languages to help them improve their language skills. Users can chat about unlimited amount of topics with the app and use other modes to practice their language learning.","email":"support@talkpal.ai","legalName":"Talkpal, Inc.","foundingDate":"2023-04-03","duns":"118989042","numberOfEmployees":{"@type":"QuantitativeValue","minValue":"11","maxValue":"50"},"publishingPrinciples":"https:\/\/talkpal.ai\/publishing-principles\/","actionableFeedbackPolicy":"https:\/\/talkpal.ai\/actionable-feedback-policy\/","correctionsPolicy":"https:\/\/talkpal.ai\/corrections-policy\/","ethicsPolicy":"https:\/\/talkpal.ai\/ethics-policy\/","diversityPolicy":"https:\/\/talkpal.ai\/diversity-policy\/","diversityStaffingReport":"https:\/\/talkpal.ai\/diversity-policy\/"}]}},"_links":{"self":[{"href":"https:\/\/talkpal.ai\/sv\/wp-json\/wp\/v2\/grammar\/1098724","targetHints":{"allow":["GET"]}}],"collection":[{"href":"https:\/\/talkpal.ai\/sv\/wp-json\/wp\/v2\/grammar"}],"about":[{"href":"https:\/\/talkpal.ai\/sv\/wp-json\/wp\/v2\/types\/grammar"}],"wp:featuredmedia":[{"embeddable":true,"href":"https:\/\/talkpal.ai\/sv\/wp-json\/wp\/v2\/media\/1527944"}],"wp:attachment":[{"href":"https:\/\/talkpal.ai\/sv\/wp-json\/wp\/v2\/media?parent=1098724"}],"wp:term":[{"taxonomy":"language","embeddable":true,"href":"https:\/\/talkpal.ai\/sv\/wp-json\/wp\/v2\/language?post=1098724"}],"curies":[{"name":"wp","href":"https:\/\/api.w.org\/{rel}","templated":true}]}}