{"id":1098531,"date":"2025-07-03T09:07:54","date_gmt":"2025-07-03T09:07:54","guid":{"rendered":"https:\/\/talkpal.ai\/grammar\/posicao-och-portugisisk-grammatik\/"},"modified":"2025-07-03T09:07:54","modified_gmt":"2025-07-03T09:07:54","slug":"posicao-och-portugisisk-grammatik","status":"publish","type":"grammar","link":"https:\/\/talkpal.ai\/sv\/grammar\/posicao-och-portugisisk-grammatik\/","title":{"rendered":"Posi\u00e7\u00e3o och portugisisk grammatik"},"content":{"rendered":"<p>Att beh\u00e4rska positionen av ord och strukturen i <a href=\"https:\/\/talkpal.ai\/da\/lektioner-i-portugisisk\/\">portugisisk grammatik<\/a> \u00e4r avg\u00f6rande f\u00f6r att kunna kommunicera effektivt p\u00e5 spr\u00e5ket. Oavsett om du \u00e4r nyb\u00f6rjare eller vill f\u00f6rdjupa dina kunskaper, kan en djupare f\u00f6rst\u00e5else f\u00f6r hur ord placeras i meningar och hur grammatiska regler fungerar hj\u00e4lpa dig att undvika vanliga misstag och uttrycka dig mer naturligt. <a href=\"https:\/\/talkpal.ai\/ko\/ai-%ec%96%b8%ec%96%b4-%ea%b5%90%ec%82%ac\/\">Talkpal<\/a> erbjuder ett interaktivt och engagerande <a href=\"https:\/\/talkpal.ai\/best-way-to-learn\/\">s\u00e4tt att l\u00e4ra<\/a> sig b\u00e5de position och <a href=\"https:\/\/talkpal.ai\/learn-portuguese\/\">portugisisk<\/a> <a href=\"https:\/\/talkpal.ai\/fr\/les\/\">grammatik<\/a>, vilket g\u00f6r spr\u00e5kinl\u00e4rningen b\u00e5de rolig och effektiv.<\/p>\n<h2>Vad inneb\u00e4r &#8221;Posi\u00e7\u00e3o&#8221; i portugisisk grammatik?<\/h2>\n<p>Ordet &#8221;posi\u00e7\u00e3o&#8221; betyder &#8221;position&#8221; eller &#8221;placering&#8221; och i grammatiksammanhang handlar det om var ord och fraser placeras i en mening. I portugisiskan \u00e4r positionen av ord inte bara viktig f\u00f6r meningsbyggnaden utan p\u00e5verkar ocks\u00e5 betydelsen och tonfallet.<\/p>\n<h3>Grundl\u00e4ggande ordf\u00f6ljd i portugisiska meningar<\/h3>\n<p>Den typiska ordf\u00f6ljden i <a href=\"https:\/\/talkpal.ai\/learn-portuguese\/\">portugisiska<\/a> \u00e4r:<\/p>\n<ul>\n<li><strong>Subjekt + Verb + Objekt (SVO)<\/strong> \u2013 exempel: <em>Ela (subjekt) come (verb) ma\u00e7\u00e3 (objekt)<\/em> (Hon \u00e4ter ett \u00e4pple).<\/li>\n<\/ul>\n<p>Denna struktur \u00e4r ganska lik den <a href=\"https:\/\/talkpal.ai\/learn-swedish\/\">svenska<\/a> och <a href=\"https:\/\/talkpal.ai\/learn-english-with-ai\/\">engelska<\/a>, men <a href=\"https:\/\/talkpal.ai\/culture\/how-do-i-use-det-finns-correctly\/\">det finns<\/a> viktiga skillnader att vara medveten om, s\u00e4rskilt n\u00e4r det g\u00e4ller placeringen av adjektiv, pronomen och adverb.<\/p>\n<h2>Placering av adjektiv i portugisiskan<\/h2>\n<p>En av de mest utm\u00e4rkande skillnaderna i portugisisk grammatik \u00e4r hur adjektiv placeras i f\u00f6rh\u00e5llande till substantiv.<\/p>\n<ul>\n<li><strong>Vanlig placering:<\/strong> Adjektivet kommer oftast efter substantivet. Exempel: <em>um carro vermelho<\/em> (en r\u00f6d bil).<\/li>\n<li><strong>Undantag:<\/strong> Adjektivet kan ibland placeras f\u00f6re substantivet f\u00f6r att ge en mer poetisk eller emotionell ton, eller f\u00f6r att f\u00f6r\u00e4ndra betydelsen. Exempel: <em>um grande homem<\/em> (en stor man i betydelsen betydelsefull), j\u00e4mf\u00f6rt med <em>um homem grande<\/em> (en storv\u00e4xt man).<\/li>\n<\/ul>\n<p>Denna positionering p\u00e5verkar hur meningar uppfattas och \u00e4r en viktig del av spr\u00e5kinl\u00e4rningen.<\/p>\n<h2>Pronomen och deras position i portugisiskan<\/h2>\n<p>Pronomen har en flexibel men reglerad placering som ofta skiljer sig fr\u00e5n svenska. Det finns tre huvudtyper av pronomen i portugisiskan som p\u00e5verkas av positionen:<\/p>\n<ul>\n<li><strong>Kloniska pronomen (objektspronomen):<\/strong> Dessa placeras vanligtvis f\u00f6re verbet i p\u00e5st\u00e5endesatser (exempel: <em>Eu te amo<\/em> \u2013 Jag \u00e4lskar dig), men kan ocks\u00e5 placeras efter verbet i imperativ och infinitiv (exempel: <em>Ama-me!<\/em> \u2013 \u00c4lska mig!).<\/li>\n<li><strong>Reflexiva pronomen:<\/strong> F\u00f6rekommer ofta tillsammans med verb och f\u00f6ljer samma placeringsregler som kloniska pronomen.<\/li>\n<li><strong>Betonade pronomen:<\/strong> Dessa anv\u00e4nds f\u00f6r att betona subjekt eller objekt och placeras oftast efter prepositioner (exempel: <em>Com ela<\/em> \u2013 Med henne).<\/li>\n<\/ul>\n<p>Att l\u00e4ra sig r\u00e4tt placering av pronomen \u00e4r viktigt f\u00f6r att undvika f\u00f6rvirring och f\u00f6r att uttrycka sig korrekt.<\/p>\n<h2>Adverbens placering i portugisisk grammatik<\/h2>\n<p>Adverb \u00e4r ord som beskriver verb, adjektiv eller andra adverb och deras position kan variera beroende p\u00e5 vad som ska betonas.<\/p>\n<ul>\n<li><strong>Vanlig placering:<\/strong> Adverbet placeras ofta efter verbet. Exempel: <em>Ele corre rapidamente<\/em> (Han springer snabbt).<\/li>\n<li><strong>F\u00f6re verbet:<\/strong> Om adverbet ska betona verbet kan det placeras f\u00f6re verbet. Exempel: <em>Rapidamente, ele correu<\/em> (Snabbt sprang han).<\/li>\n<li><strong>Vid negation:<\/strong> Negationsordet <em>n\u00e3o<\/em> placeras f\u00f6re verbet. Exempel: <em>Ela n\u00e3o fuma<\/em> (Hon r\u00f6ker inte).<\/li>\n<\/ul>\n<h2>Satsordning vid fr\u00e5gor och negationer<\/h2>\n<p>Ordf\u00f6ljden f\u00f6r\u00e4ndras ofta i fr\u00e5gor och nekande satser:<\/p>\n<ul>\n<li><strong>Fr\u00e5gor:<\/strong> Portugisiska anv\u00e4nder oftast en omv\u00e4nd ordf\u00f6ljd eller fr\u00e5geord i b\u00f6rjan av meningen. Exempel: <em>Voc\u00ea gosta de caf\u00e9?<\/em> (Gillar du kaffe?) eller <em>Onde voc\u00ea mora?<\/em> (Var bor du?).<\/li>\n<li><strong>Negation:<\/strong> Negationsordet <em>n\u00e3o<\/em> placeras f\u00f6re verbet. Exempel: <em>Eu n\u00e3o entendo<\/em> (Jag f\u00f6rst\u00e5r inte).<\/li>\n<\/ul>\n<h2>Vanliga utmaningar med position i portugisisk grammatik<\/h2>\n<p>Det finns flera utmaningar som inl\u00e4rare ofta st\u00f6ter p\u00e5 n\u00e4r det g\u00e4ller positionen av ord i portugisiska meningar:<\/p>\n<ul>\n<li><strong>Placering av pronomen:<\/strong> Skillnader mellan pre- och postverbal placering kan vara f\u00f6rvirrande.<\/li>\n<li><strong>Adjektivets flexibla position:<\/strong> Att veta n\u00e4r adjektivet ska placeras f\u00f6re eller efter substantivet f\u00f6r att \u00e4ndra betydelse.<\/li>\n<li><strong>Adverbens placering:<\/strong> Att v\u00e4lja r\u00e4tt plats f\u00f6r adverb f\u00f6r att f\u00e5 korrekt betoning.<\/li>\n<li><strong>Ordf\u00f6ljd i fr\u00e5gor:<\/strong> Att f\u00f6rst\u00e5 n\u00e4r inversion kr\u00e4vs och n\u00e4r den inte g\u00f6r det.<\/li>\n<\/ul>\n<h2>Tips f\u00f6r att l\u00e4ra sig position och portugisisk grammatik effektivt<\/h2>\n<p>F\u00f6r att bem\u00e4stra portugisisk grammatik och position, h\u00e4r \u00e4r n\u00e5gra anv\u00e4ndbara strategier:<\/p>\n<ul>\n<li><strong>\u00d6va regelbundet med autentiska texter:<\/strong> L\u00e4s portugisiska b\u00f6cker, tidningsartiklar och lyssna p\u00e5 podcasts f\u00f6r att se hur positionen anv\u00e4nds i verkliga sammanhang.<\/li>\n<li><strong>Anv\u00e4nd interaktiva verktyg som Talkpal:<\/strong> Talkpal erbjuder \u00f6vningar och samtal som hj\u00e4lper dig att internalisera r\u00e4tt ordplacering och grammatikregler.<\/li>\n<li><strong>Skapa egna meningar:<\/strong> Skriv och tala f\u00f6r att aktivt anv\u00e4nda grammatikreglerna och positionerna.<\/li>\n<li><strong>Fokusera p\u00e5 en aspekt i taget:<\/strong> B\u00f6rja med grundl\u00e4ggande ordf\u00f6ljd och bygg sedan p\u00e5 med mer komplexa regler som pronomenplacering och adjektivposition.<\/li>\n<li><strong>F\u00e5 feedback:<\/strong> Korrigering fr\u00e5n l\u00e4rare eller spr\u00e5kpartners \u00e4r ov\u00e4rderligt f\u00f6r att undvika inl\u00e4rningsfel.<\/li>\n<\/ul>\n<h2>Varf\u00f6r Talkpal \u00e4r ett utm\u00e4rkt val f\u00f6r att l\u00e4ra sig portugisisk position och grammatik<\/h2>\n<p>Talkpal \u00e4r en modern spr\u00e5kinl\u00e4rningsplattform som kombinerar teknik och pedagogik f\u00f6r att g\u00f6ra inl\u00e4rningen av portugisisk grammatik och position b\u00e5de enkel och rolig. H\u00e4r \u00e4r n\u00e5gra f\u00f6rdelar:<\/p>\n<ul>\n<li><strong>Interaktiva lektioner:<\/strong> Som engagerar dig i praktiska \u00f6vningar med fokus p\u00e5 position och grammatik.<\/li>\n<li><strong>Personlig anpassning:<\/strong> Lektioner anpassas efter din niv\u00e5 och inl\u00e4rningstempo.<\/li>\n<li><strong>Taligenk\u00e4nning:<\/strong> G\u00f6r att du kan \u00f6va uttal och position i talet, vilket \u00e4r nyckeln till flytande kommunikation.<\/li>\n<li><strong>Kulturell kontext:<\/strong> Inneh\u00e5ll som hj\u00e4lper dig att f\u00f6rst\u00e5 hur position och grammatik anv\u00e4nds i vardagligt tal och skrift.<\/li>\n<li><strong>Flexibilitet:<\/strong> L\u00e4r dig n\u00e4r och var som helst, vilket g\u00f6r det l\u00e4ttare att uppr\u00e4tth\u00e5lla en regelbunden studieplan.<\/li>\n<\/ul>\n<h2>Sammanfattning<\/h2>\n<p>Att f\u00f6rst\u00e5 och bem\u00e4stra positionen av ord i portugisisk grammatik \u00e4r en grundl\u00e4ggande del av spr\u00e5kinl\u00e4rningen som p\u00e5verkar b\u00e5de skrift och tal. Genom att l\u00e4ra sig r\u00e4tt ordf\u00f6ljd, placering av adjektiv, pronomen och adverb kan du uttrycka dig mer korrekt och naturligt. Trots utmaningarna \u00e4r det m\u00f6jligt att utveckla en stark grammatisk f\u00f6rm\u00e5ga med r\u00e4tt verktyg och metoder. Plattformar som Talkpal erbjuder en effektiv och interaktiv v\u00e4g till att f\u00f6rb\u00e4ttra din portugisiska, s\u00e4rskilt n\u00e4r det g\u00e4ller position och grammatik.<\/p>\n","protected":false},"featured_media":1527990,"template":"","language":[7518,7502],"class_list":["post-1098531","grammar","type-grammar","status-publish","has-post-thumbnail","hentry","language-adjektiv-portugisisk-grammatik","language-portugisiska"],"acf":[],"yoast_head":"<!-- This site is optimized with the Yoast SEO Premium plugin v27.2 (Yoast SEO v27.2) - https:\/\/yoast.com\/product\/yoast-seo-premium-wordpress\/ -->\n<title>Posi\u00e7\u00e3o och portugisisk grammatik - Talkpal<\/title>\n<meta name=\"description\" content=\"Att beh\u00e4rska positionen av ord och strukturen i portugisisk grammatik \u00e4r avg\u00f6rande f\u00f6r att kunna kommunicera effektivt p\u00e5 spr\u00e5ket. Oavsett om du \u00e4r\" \/>\n<meta name=\"robots\" content=\"index, follow, max-snippet:-1, max-image-preview:large, max-video-preview:-1\" \/>\n<link rel=\"canonical\" href=\"https:\/\/talkpal.ai\/sv\/grammar\/posicao-och-portugisisk-grammatik\/\" \/>\n<meta property=\"og:locale\" content=\"sv_SE\" \/>\n<meta property=\"og:type\" content=\"article\" \/>\n<meta property=\"og:title\" content=\"Posi\u00e7\u00e3o och portugisisk grammatik\" \/>\n<meta property=\"og:description\" content=\"Att beh\u00e4rska positionen av ord och strukturen i portugisisk grammatik \u00e4r avg\u00f6rande f\u00f6r att kunna kommunicera effektivt p\u00e5 spr\u00e5ket. Oavsett om du \u00e4r\" \/>\n<meta property=\"og:url\" content=\"https:\/\/talkpal.ai\/sv\/grammar\/posicao-och-portugisisk-grammatik\/\" \/>\n<meta property=\"og:site_name\" content=\"Talkpal\" \/>\n<meta property=\"article:publisher\" content=\"https:\/\/www.facebook.com\/profile.php?id=100090733639311\" \/>\n<meta property=\"og:image\" content=\"https:\/\/talkpal.ai\/wp-content\/uploads\/2025\/02\/Progress-tab-16_9.png\" \/>\n\t<meta property=\"og:image:width\" content=\"2880\" \/>\n\t<meta property=\"og:image:height\" content=\"1620\" \/>\n\t<meta property=\"og:image:type\" content=\"image\/png\" \/>\n<meta name=\"twitter:card\" content=\"summary_large_image\" \/>\n<meta name=\"twitter:site\" content=\"@talkpalai\" \/>\n<meta name=\"twitter:label1\" content=\"Ber\u00e4knad l\u00e4stid\" \/>\n\t<meta name=\"twitter:data1\" content=\"5 minuter\" \/>\n<script type=\"application\/ld+json\" class=\"yoast-schema-graph\">{\"@context\":\"https:\/\/schema.org\",\"@graph\":[{\"@type\":\"WebPage\",\"@id\":\"https:\/\/talkpal.ai\/sv\/grammar\/posicao-och-portugisisk-grammatik\/\",\"url\":\"https:\/\/talkpal.ai\/sv\/grammar\/posicao-och-portugisisk-grammatik\/\",\"name\":\"Posi\u00e7\u00e3o och portugisisk grammatik - Talkpal\",\"isPartOf\":{\"@id\":\"https:\/\/talkpal.ai\/sv\/#website\"},\"primaryImageOfPage\":{\"@id\":\"https:\/\/talkpal.ai\/sv\/grammar\/posicao-och-portugisisk-grammatik\/#primaryimage\"},\"image\":{\"@id\":\"https:\/\/talkpal.ai\/sv\/grammar\/posicao-och-portugisisk-grammatik\/#primaryimage\"},\"thumbnailUrl\":\"https:\/\/talkpal.ai\/wp-content\/uploads\/2025\/12\/students-use-computers-to-learn-languages.webp\",\"datePublished\":\"2025-07-03T09:07:54+00:00\",\"description\":\"Att beh\u00e4rska positionen av ord och strukturen i portugisisk grammatik \u00e4r avg\u00f6rande f\u00f6r att kunna kommunicera effektivt p\u00e5 spr\u00e5ket. Oavsett om du \u00e4r\",\"breadcrumb\":{\"@id\":\"https:\/\/talkpal.ai\/sv\/grammar\/posicao-och-portugisisk-grammatik\/#breadcrumb\"},\"inLanguage\":\"sv-SE\",\"potentialAction\":[{\"@type\":\"ReadAction\",\"target\":[\"https:\/\/talkpal.ai\/sv\/grammar\/posicao-och-portugisisk-grammatik\/\"]}]},{\"@type\":\"ImageObject\",\"inLanguage\":\"sv-SE\",\"@id\":\"https:\/\/talkpal.ai\/sv\/grammar\/posicao-och-portugisisk-grammatik\/#primaryimage\",\"url\":\"https:\/\/talkpal.ai\/wp-content\/uploads\/2025\/12\/students-use-computers-to-learn-languages.webp\",\"contentUrl\":\"https:\/\/talkpal.ai\/wp-content\/uploads\/2025\/12\/students-use-computers-to-learn-languages.webp\",\"width\":1200,\"height\":896,\"caption\":\"Two rows of students use computer monitors for learning languages in a large, multi-level library.\"},{\"@type\":\"BreadcrumbList\",\"@id\":\"https:\/\/talkpal.ai\/sv\/grammar\/posicao-och-portugisisk-grammatik\/#breadcrumb\",\"itemListElement\":[{\"@type\":\"ListItem\",\"position\":1,\"name\":\"Homepage\",\"item\":\"https:\/\/talkpal.ai\/sv\/\"},{\"@type\":\"ListItem\",\"position\":2,\"name\":\"Posi\u00e7\u00e3o och portugisisk grammatik\"}]},{\"@type\":\"WebSite\",\"@id\":\"https:\/\/talkpal.ai\/sv\/#website\",\"url\":\"https:\/\/talkpal.ai\/sv\/\",\"name\":\"Talkpal\",\"description\":\"AI Language Learning\",\"publisher\":{\"@id\":\"https:\/\/talkpal.ai\/sv\/#organization\"},\"alternateName\":\"Talkpal AI\",\"potentialAction\":[{\"@type\":\"SearchAction\",\"target\":{\"@type\":\"EntryPoint\",\"urlTemplate\":\"https:\/\/talkpal.ai\/sv\/?s={search_term_string}\"},\"query-input\":{\"@type\":\"PropertyValueSpecification\",\"valueRequired\":true,\"valueName\":\"search_term_string\"}}],\"inLanguage\":\"sv-SE\"},{\"@type\":\"Organization\",\"@id\":\"https:\/\/talkpal.ai\/sv\/#organization\",\"name\":\"Talkpal, Inc.\",\"alternateName\":\"Talkpal AI\",\"url\":\"https:\/\/talkpal.ai\/sv\/\",\"logo\":{\"@type\":\"ImageObject\",\"inLanguage\":\"sv-SE\",\"@id\":\"https:\/\/talkpal.ai\/sv\/#\/schema\/logo\/image\/\",\"url\":\"https:\/\/talkpal.ai\/wp-content\/uploads\/2024\/03\/Talkpal-Logo-Icon.png\",\"contentUrl\":\"https:\/\/talkpal.ai\/wp-content\/uploads\/2024\/03\/Talkpal-Logo-Icon.png\",\"width\":2880,\"height\":2880,\"caption\":\"Talkpal, Inc.\"},\"image\":{\"@id\":\"https:\/\/talkpal.ai\/sv\/#\/schema\/logo\/image\/\"},\"sameAs\":[\"https:\/\/www.facebook.com\/profile.php?id=100090733639311\",\"https:\/\/x.com\/talkpalai\",\"https:\/\/www.linkedin.com\/company\/talkpal\/\",\"https:\/\/www.youtube.com\/@TalkPal\/\",\"https:\/\/www.tiktok.com\/@talkpal\",\"https:\/\/www.instagram.com\/talkpal_ai\/\",\"https:\/\/www.crunchbase.com\/organization\/talkpal-9cde\",\"https:\/\/www.g2.com\/products\/talkpal-for-business\/\",\"https:\/\/www.trustpilot.com\/review\/talkpal.ai\",\"https:\/\/www.capterra.com\/p\/10006800\/TalkPal\/\"],\"description\":\"Talkpal is a language learning web and mobile education app, powered by the latest AI technologies, that provides engaging experiences to its customers in many different languages to help them improve their language skills. Users can chat about unlimited amount of topics with the app and use other modes to practice their language learning.\",\"email\":\"support@talkpal.ai\",\"legalName\":\"Talkpal, Inc.\",\"foundingDate\":\"2023-04-03\",\"duns\":\"118989042\",\"numberOfEmployees\":{\"@type\":\"QuantitativeValue\",\"minValue\":\"11\",\"maxValue\":\"50\"},\"publishingPrinciples\":\"https:\/\/talkpal.ai\/publishing-principles\/\",\"actionableFeedbackPolicy\":\"https:\/\/talkpal.ai\/actionable-feedback-policy\/\",\"correctionsPolicy\":\"https:\/\/talkpal.ai\/corrections-policy\/\",\"ethicsPolicy\":\"https:\/\/talkpal.ai\/ethics-policy\/\",\"diversityPolicy\":\"https:\/\/talkpal.ai\/diversity-policy\/\",\"diversityStaffingReport\":\"https:\/\/talkpal.ai\/diversity-policy\/\"}]}<\/script>\n<!-- \/ Yoast SEO Premium plugin. -->","yoast_head_json":{"title":"Posi\u00e7\u00e3o och portugisisk grammatik - Talkpal","description":"Att beh\u00e4rska positionen av ord och strukturen i portugisisk grammatik \u00e4r avg\u00f6rande f\u00f6r att kunna kommunicera effektivt p\u00e5 spr\u00e5ket. Oavsett om du \u00e4r","robots":{"index":"index","follow":"follow","max-snippet":"max-snippet:-1","max-image-preview":"max-image-preview:large","max-video-preview":"max-video-preview:-1"},"canonical":"https:\/\/talkpal.ai\/sv\/grammar\/posicao-och-portugisisk-grammatik\/","og_locale":"sv_SE","og_type":"article","og_title":"Posi\u00e7\u00e3o och portugisisk grammatik","og_description":"Att beh\u00e4rska positionen av ord och strukturen i portugisisk grammatik \u00e4r avg\u00f6rande f\u00f6r att kunna kommunicera effektivt p\u00e5 spr\u00e5ket. Oavsett om du \u00e4r","og_url":"https:\/\/talkpal.ai\/sv\/grammar\/posicao-och-portugisisk-grammatik\/","og_site_name":"Talkpal","article_publisher":"https:\/\/www.facebook.com\/profile.php?id=100090733639311","og_image":[{"width":2880,"height":1620,"url":"https:\/\/talkpal.ai\/wp-content\/uploads\/2025\/02\/Progress-tab-16_9.png","type":"image\/png"}],"twitter_card":"summary_large_image","twitter_site":"@talkpalai","twitter_misc":{"Ber\u00e4knad l\u00e4stid":"5 minuter"},"schema":{"@context":"https:\/\/schema.org","@graph":[{"@type":"WebPage","@id":"https:\/\/talkpal.ai\/sv\/grammar\/posicao-och-portugisisk-grammatik\/","url":"https:\/\/talkpal.ai\/sv\/grammar\/posicao-och-portugisisk-grammatik\/","name":"Posi\u00e7\u00e3o och portugisisk grammatik - Talkpal","isPartOf":{"@id":"https:\/\/talkpal.ai\/sv\/#website"},"primaryImageOfPage":{"@id":"https:\/\/talkpal.ai\/sv\/grammar\/posicao-och-portugisisk-grammatik\/#primaryimage"},"image":{"@id":"https:\/\/talkpal.ai\/sv\/grammar\/posicao-och-portugisisk-grammatik\/#primaryimage"},"thumbnailUrl":"https:\/\/talkpal.ai\/wp-content\/uploads\/2025\/12\/students-use-computers-to-learn-languages.webp","datePublished":"2025-07-03T09:07:54+00:00","description":"Att beh\u00e4rska positionen av ord och strukturen i portugisisk grammatik \u00e4r avg\u00f6rande f\u00f6r att kunna kommunicera effektivt p\u00e5 spr\u00e5ket. Oavsett om du \u00e4r","breadcrumb":{"@id":"https:\/\/talkpal.ai\/sv\/grammar\/posicao-och-portugisisk-grammatik\/#breadcrumb"},"inLanguage":"sv-SE","potentialAction":[{"@type":"ReadAction","target":["https:\/\/talkpal.ai\/sv\/grammar\/posicao-och-portugisisk-grammatik\/"]}]},{"@type":"ImageObject","inLanguage":"sv-SE","@id":"https:\/\/talkpal.ai\/sv\/grammar\/posicao-och-portugisisk-grammatik\/#primaryimage","url":"https:\/\/talkpal.ai\/wp-content\/uploads\/2025\/12\/students-use-computers-to-learn-languages.webp","contentUrl":"https:\/\/talkpal.ai\/wp-content\/uploads\/2025\/12\/students-use-computers-to-learn-languages.webp","width":1200,"height":896,"caption":"Two rows of students use computer monitors for learning languages in a large, multi-level library."},{"@type":"BreadcrumbList","@id":"https:\/\/talkpal.ai\/sv\/grammar\/posicao-och-portugisisk-grammatik\/#breadcrumb","itemListElement":[{"@type":"ListItem","position":1,"name":"Homepage","item":"https:\/\/talkpal.ai\/sv\/"},{"@type":"ListItem","position":2,"name":"Posi\u00e7\u00e3o och portugisisk grammatik"}]},{"@type":"WebSite","@id":"https:\/\/talkpal.ai\/sv\/#website","url":"https:\/\/talkpal.ai\/sv\/","name":"Talkpal","description":"AI Language Learning","publisher":{"@id":"https:\/\/talkpal.ai\/sv\/#organization"},"alternateName":"Talkpal AI","potentialAction":[{"@type":"SearchAction","target":{"@type":"EntryPoint","urlTemplate":"https:\/\/talkpal.ai\/sv\/?s={search_term_string}"},"query-input":{"@type":"PropertyValueSpecification","valueRequired":true,"valueName":"search_term_string"}}],"inLanguage":"sv-SE"},{"@type":"Organization","@id":"https:\/\/talkpal.ai\/sv\/#organization","name":"Talkpal, Inc.","alternateName":"Talkpal AI","url":"https:\/\/talkpal.ai\/sv\/","logo":{"@type":"ImageObject","inLanguage":"sv-SE","@id":"https:\/\/talkpal.ai\/sv\/#\/schema\/logo\/image\/","url":"https:\/\/talkpal.ai\/wp-content\/uploads\/2024\/03\/Talkpal-Logo-Icon.png","contentUrl":"https:\/\/talkpal.ai\/wp-content\/uploads\/2024\/03\/Talkpal-Logo-Icon.png","width":2880,"height":2880,"caption":"Talkpal, Inc."},"image":{"@id":"https:\/\/talkpal.ai\/sv\/#\/schema\/logo\/image\/"},"sameAs":["https:\/\/www.facebook.com\/profile.php?id=100090733639311","https:\/\/x.com\/talkpalai","https:\/\/www.linkedin.com\/company\/talkpal\/","https:\/\/www.youtube.com\/@TalkPal\/","https:\/\/www.tiktok.com\/@talkpal","https:\/\/www.instagram.com\/talkpal_ai\/","https:\/\/www.crunchbase.com\/organization\/talkpal-9cde","https:\/\/www.g2.com\/products\/talkpal-for-business\/","https:\/\/www.trustpilot.com\/review\/talkpal.ai","https:\/\/www.capterra.com\/p\/10006800\/TalkPal\/"],"description":"Talkpal is a language learning web and mobile education app, powered by the latest AI technologies, that provides engaging experiences to its customers in many different languages to help them improve their language skills. Users can chat about unlimited amount of topics with the app and use other modes to practice their language learning.","email":"support@talkpal.ai","legalName":"Talkpal, Inc.","foundingDate":"2023-04-03","duns":"118989042","numberOfEmployees":{"@type":"QuantitativeValue","minValue":"11","maxValue":"50"},"publishingPrinciples":"https:\/\/talkpal.ai\/publishing-principles\/","actionableFeedbackPolicy":"https:\/\/talkpal.ai\/actionable-feedback-policy\/","correctionsPolicy":"https:\/\/talkpal.ai\/corrections-policy\/","ethicsPolicy":"https:\/\/talkpal.ai\/ethics-policy\/","diversityPolicy":"https:\/\/talkpal.ai\/diversity-policy\/","diversityStaffingReport":"https:\/\/talkpal.ai\/diversity-policy\/"}]}},"_links":{"self":[{"href":"https:\/\/talkpal.ai\/sv\/wp-json\/wp\/v2\/grammar\/1098531","targetHints":{"allow":["GET"]}}],"collection":[{"href":"https:\/\/talkpal.ai\/sv\/wp-json\/wp\/v2\/grammar"}],"about":[{"href":"https:\/\/talkpal.ai\/sv\/wp-json\/wp\/v2\/types\/grammar"}],"wp:featuredmedia":[{"embeddable":true,"href":"https:\/\/talkpal.ai\/sv\/wp-json\/wp\/v2\/media\/1527990"}],"wp:attachment":[{"href":"https:\/\/talkpal.ai\/sv\/wp-json\/wp\/v2\/media?parent=1098531"}],"wp:term":[{"taxonomy":"language","embeddable":true,"href":"https:\/\/talkpal.ai\/sv\/wp-json\/wp\/v2\/language?post=1098531"}],"curies":[{"name":"wp","href":"https:\/\/api.w.org\/{rel}","templated":true}]}}