{"id":1098500,"date":"2025-07-03T09:06:21","date_gmt":"2025-07-03T09:06:21","guid":{"rendered":"https:\/\/talkpal.ai\/grammar\/preterito-mais-que-perfeito-jamforelse-i-portugisisk-grammatik\/"},"modified":"2025-07-03T09:06:21","modified_gmt":"2025-07-03T09:06:21","slug":"preterito-mais-que-perfeito-jamforelse-i-portugisisk-grammatik","status":"publish","type":"grammar","link":"https:\/\/talkpal.ai\/sv\/grammar\/preterito-mais-que-perfeito-jamforelse-i-portugisisk-grammatik\/","title":{"rendered":"Pret\u00e9rito\/Mais-que-perfeito J\u00e4mf\u00f6relse i portugisisk grammatik"},"content":{"rendered":"<p>Att beh\u00e4rska de olika verbtiderna i <a href=\"https:\/\/talkpal.ai\/da\/lektioner-i-portugisisk\/\">portugisisk grammatik<\/a> \u00e4r avg\u00f6rande f\u00f6r att uttrycka sig korrekt och nyanserat, s\u00e4rskilt n\u00e4r det g\u00e4ller handlingar som intr\u00e4ffat i det f\u00f6rflutna. Tv\u00e5 av de viktigaste tiderna att f\u00f6rst\u00e5 \u00e4r pret\u00e9rito och mais-que-perfeito, vilka b\u00e5da anv\u00e4nds f\u00f6r att beskriva f\u00f6rflutna h\u00e4ndelser men p\u00e5 olika s\u00e4tt och med olika betydelser. Genom att j\u00e4mf\u00f6ra dessa tv\u00e5 verbtider kan spr\u00e5kinl\u00e4rare f\u00e5 en djupare f\u00f6rst\u00e5else f\u00f6r tidsaspekter och kronologi i <a href=\"https:\/\/talkpal.ai\/learn-portuguese\/\">portugisiska<\/a> meningar. <a href=\"https:\/\/talkpal.ai\/ko\/ai-%ec%96%b8%ec%96%b4-%ea%b5%90%ec%82%ac\/\">Talkpal<\/a> \u00e4r en utm\u00e4rkt plattform f\u00f6r att \u00f6va och l\u00e4ra sig dessa verbtider effektivt, vilket g\u00f6r spr\u00e5kinl\u00e4rningen b\u00e5de strukturerad och rolig.<\/p>\n<h2>Vad \u00e4r Pret\u00e9rito i portugisisk grammatik?<\/h2>\n<p>Pret\u00e9rito, ofta kallad <a href=\"https:\/\/talkpal.ai\/grammar\/preterite-perfect-in-portuguese-grammar\/\">pret\u00e9rito perfeito<\/a>, \u00e4r en av de vanligaste verbformerna f\u00f6r att uttrycka handlingar som har avslutats i det f\u00f6rflutna. Den anv\u00e4nds f\u00f6r att beskriva h\u00e4ndelser som \u00e4r tydligt avgr\u00e4nsade i tid och anses vara avslutade, utan direkt koppling till nuet.<\/p>\n<h3>Anv\u00e4ndningsomr\u00e5den f\u00f6r Pret\u00e9rito<\/h3>\n<ul>\n<li>Beskriva en avslutad handling eller h\u00e4ndelse: <em>Eu comi uma ma\u00e7\u00e3.<\/em> (Jag \u00e5t ett \u00e4pple.)<\/li>\n<li>Ber\u00e4tta om en serie avslutade handlingar: <em>Ontem estudei, trabalhei e descansei.<\/em> (Ig\u00e5r studerade jag, arbetade och vilade.)<\/li>\n<li>Markera en specifik tidpunkt i det f\u00f6rflutna: <em>Ele chegou \u00e0s oito.<\/em> (Han kom klockan \u00e5tta.)<\/li>\n<\/ul>\n<h3>Bildning av Pret\u00e9rito perfeito<\/h3>\n<p>Pret\u00e9rito perfekt bildas med olika \u00e4ndelser beroende p\u00e5 verbets grupp (-ar, -er, -ir):<\/p>\n<ul>\n<li><strong>-ar:<\/strong> falar \u2192 falei, falaste, falou, fal\u00e1mos, falaram<\/li>\n<li><strong>-er:<\/strong> comer \u2192 comi, comeste, comeu, comemos, comeram<\/li>\n<li><strong>-ir:<\/strong> partir \u2192 parti, partiste, partiu, partimos, partiram<\/li>\n<\/ul>\n<h2>Vad \u00e4r Mais-que-perfeito?<\/h2>\n<p>Mais-que-perfeito, \u00e4ven kallad pluskvamperfekt p\u00e5 <a href=\"https:\/\/talkpal.ai\/learn-swedish\/\">svenska<\/a>, uttrycker en handling som intr\u00e4ffade och avslutades innan en annan handling i det f\u00f6rflutna. Det anv\u00e4nds f\u00f6r att visa en tidigare f\u00f6rfluten tidpunkt i f\u00f6rh\u00e5llande till en annan f\u00f6rfluten h\u00e4ndelse.<\/p>\n<h3>Anv\u00e4ndningsomr\u00e5den f\u00f6r Mais-que-perfeito<\/h3>\n<ul>\n<li>Beskriva en handling som hade \u00e4gt rum innan en annan f\u00f6rfluten handling: <em>Quando cheguei, ele j\u00e1 tinha sa\u00eddo.<\/em> (N\u00e4r jag kom, hade han <a href=\"https:\/\/talkpal.ai\/locations\/learn-english-in-redan\/\">redan<\/a> g\u00e5tt.)<\/li>\n<li>F\u00f6r att uttrycka en f\u00f6rfluten fullbordad handling som \u00e4r relevant f\u00f6r en annan f\u00f6rfluten situation.<\/li>\n<\/ul>\n<h3>Bildning av Mais-que-perfeito<\/h3>\n<p><a href=\"https:\/\/talkpal.ai\/culture\/how-do-i-use-det-finns-correctly\/\">Det finns<\/a> tv\u00e5 huvudsakliga former av mais-que-perfeito i portugisiskan: syntetisk och analytisk.<\/p>\n<h4>Syntetisk form<\/h4>\n<p>Denna form anv\u00e4nds fr\u00e4mst i formellt skriftspr\u00e5k och \u00e4r mindre vanlig i vardagligt tal. Den bildas med specifika \u00e4ndelser:<\/p>\n<ul>\n<li><strong>-ar:<\/strong> falar \u2192 falara, falaras, falara, fal\u00e1ramos, falaram<\/li>\n<li><strong>-er:<\/strong> comer \u2192 comera, comeras, comera, com\u00earamos, comeram<\/li>\n<li><strong>-ir:<\/strong> partir \u2192 partira, partiras, partira, part\u00edramos, partiram<\/li>\n<\/ul>\n<h4>Analytisk form<\/h4>\n<p>Den analytiska formen \u00e4r vanligare i tal och bildas med hj\u00e4lp av hj\u00e4lppartikeln <em>ter<\/em> eller <em>haver<\/em> i <a href=\"https:\/\/talkpal.ai\/grammar\/preterito-imperfeito-in-portuguese-grammar\/\">pret\u00e9rito imperfeito<\/a> plus perfekt particip:<\/p>\n<ul>\n<li><em>Eu tinha falado<\/em> (Jag hade talat)<\/li>\n<li><em>Ela havia comido<\/em> (Hon hade \u00e4tit)<\/li>\n<\/ul>\n<h2>J\u00e4mf\u00f6relse mellan Pret\u00e9rito och Mais-que-perfeito<\/h2>\n<p>Att f\u00f6rst\u00e5 skillnaden mellan pret\u00e9rito och mais-que-perfeito \u00e4r avg\u00f6rande f\u00f6r korrekt tidsordning i ber\u00e4ttelser och diskussioner. H\u00e4r \u00e4r en j\u00e4mf\u00f6relse som tydligg\u00f6r deras anv\u00e4ndning och funktion.<\/p>\n<h3>Tidsaspekt och kronologi<\/h3>\n<ul>\n<li><strong>Pret\u00e9rito:<\/strong> Beskriver en avslutad handling i det f\u00f6rflutna utan att relatera till n\u00e5gon annan handling.<\/li>\n<li><strong>Mais-que-perfeito:<\/strong> Anv\u00e4nds f\u00f6r att uttrycka att en handling hade avslutats innan en annan f\u00f6rfluten handling intr\u00e4ffade.<\/li>\n<\/ul>\n<h3>Exempel p\u00e5 skillnader<\/h3>\n<ul>\n<li><em>Pret\u00e9rito:<\/em> Ele saiu cedo. (Han gick tidigt.) \u2013 En avslutad handling vid en best\u00e4md tid.<\/li>\n<li><em>Mais-que-perfeito:<\/em> Ele j\u00e1 tinha sa\u00eddo quando cheguei. (Han hade redan g\u00e5tt n\u00e4r jag kom.) \u2013 Handlingen att g\u00e5 skedde f\u00f6re en annan f\u00f6rfluten handling.<\/li>\n<\/ul>\n<h3>Formellhet och anv\u00e4ndning<\/h3>\n<ul>\n<li><strong>Pret\u00e9rito:<\/strong> Vanligt i b\u00e5de tal och skrift.<\/li>\n<li><strong>Mais-que-perfeito syntetisk form:<\/strong> Mer formell, fr\u00e4mst i skrift.<\/li>\n<li><strong>Mais-que-perfeito analytisk form:<\/strong> Vanlig i b\u00e5de formellt och informellt tal.<\/li>\n<\/ul>\n<h2>Tips f\u00f6r att l\u00e4ra sig och anv\u00e4nda Pret\u00e9rito och Mais-que-perfeito<\/h2>\n<p>Att f\u00f6rst\u00e5 och anv\u00e4nda dessa verbtider korrekt kr\u00e4ver \u00f6vning och medvetenhet om deras funktion i meningar. H\u00e4r \u00e4r n\u00e5gra praktiska tips:<\/p>\n<ul>\n<li><strong>Studera exempelmeningar:<\/strong> J\u00e4mf\u00f6r meningar d\u00e4r b\u00e5da tiderna anv\u00e4nds f\u00f6r att tydligg\u00f6ra skillnader.<\/li>\n<li><strong>\u00d6va verbb\u00f6jningar:<\/strong> L\u00e4r dig de olika \u00e4ndelserna f\u00f6r b\u00e5da tiderna f\u00f6r varje verbgrupp.<\/li>\n<li><strong>Anv\u00e4nd Talkpal:<\/strong> Plattformen erbjuder interaktiva \u00f6vningar och konversations\u00f6vningar som hj\u00e4lper dig att internalisera anv\u00e4ndningen av pret\u00e9rito och mais-que-perfeito.<\/li>\n<li><strong>Skapa egna ber\u00e4ttelser:<\/strong> F\u00f6rs\u00f6k skriva eller ber\u00e4tta historier d\u00e4r du medvetet anv\u00e4nder b\u00e5da verbtiderna f\u00f6r att beskriva handlingars kronologi.<\/li>\n<li><strong>Lyssna och l\u00e4s:<\/strong> Konsumera portugisiskt inneh\u00e5ll \u2013 filmer, poddar, b\u00f6cker \u2013 och notera hur dessa verbtider anv\u00e4nds i naturligt spr\u00e5k.<\/li>\n<\/ul>\n<h2>Vanliga misstag att undvika<\/h2>\n<p>Spr\u00e5kinl\u00e4rare g\u00f6r ofta vissa vanliga misstag n\u00e4r de anv\u00e4nder pret\u00e9rito och mais-que-perfeito:<\/p>\n<ul>\n<li><strong>F\u00f6rv\u00e4xling av tidsordningen:<\/strong> Att anv\u00e4nda pret\u00e9rito n\u00e4r mais-que-perfeito borde anv\u00e4ndas f\u00f6r att visa att en handling skedde f\u00f6re en annan.<\/li>\n<li><strong>Felaktig b\u00f6jning:<\/strong> Att blanda \u00e4ndelser mellan verbgrupper eller mellan syntetisk och analytisk form.<\/li>\n<li><strong>\u00d6veranv\u00e4ndning av syntetisk form:<\/strong> S\u00e4rskilt i tal kan detta l\u00e5ta onaturligt eller alltf\u00f6r formellt.<\/li>\n<li><strong>Undvik att ignorera kontext:<\/strong> Vissa meningar kr\u00e4ver tydlig tidsmark\u00f6r f\u00f6r att v\u00e4lja r\u00e4tt verbtid.<\/li>\n<\/ul>\n<h2>Sammanfattning<\/h2>\n<p>Pret\u00e9rito och mais-que-perfeito \u00e4r tv\u00e5 fundamentala verbtider i portugisisk grammatik som hj\u00e4lper till att uttrycka olika nyanser av det f\u00f6rflutna. Pret\u00e9rito anv\u00e4nds f\u00f6r att beskriva avslutade handlingar vid en specifik tidpunkt, medan mais-que-perfeito visar att en handling hade avslutats innan en annan f\u00f6rfluten handling. Genom att f\u00f6rst\u00e5 skillnaderna och \u00f6va regelbundet, g\u00e4rna med hj\u00e4lp av verktyg som Talkpal, kan spr\u00e5kinl\u00e4rare f\u00f6rb\u00e4ttra sin f\u00f6rm\u00e5ga att kommunicera tydligt och korrekt p\u00e5 portugisiska. Att beh\u00e4rska dessa tider \u00f6ppnar d\u00f6rrar till mer avancerad spr\u00e5kf\u00f6rst\u00e5else och ger en stabil grund f\u00f6r att uttrycka komplexa tidsrelationer.<\/p>\n","protected":false},"featured_media":1527657,"template":"","language":[7508,7502],"class_list":["post-1098500","grammar","type-grammar","status-publish","has-post-thumbnail","hentry","language-jamforelse-av-tempus-portugisisk-grammatik","language-portugisiska"],"acf":[],"yoast_head":"<!-- This site is optimized with the Yoast SEO Premium plugin v27.2 (Yoast SEO v27.2) - https:\/\/yoast.com\/product\/yoast-seo-premium-wordpress\/ -->\n<title>Pret\u00e9rito\/Mais-que-perfeito J\u00e4mf\u00f6relse i portugisisk grammatik - Talkpal<\/title>\n<meta name=\"description\" content=\"Att beh\u00e4rska de olika verbtiderna i portugisisk grammatik \u00e4r avg\u00f6rande f\u00f6r att uttrycka sig korrekt och nyanserat, s\u00e4rskilt n\u00e4r det g\u00e4ller handlingar som\" \/>\n<meta name=\"robots\" content=\"index, follow, max-snippet:-1, max-image-preview:large, max-video-preview:-1\" \/>\n<link rel=\"canonical\" href=\"https:\/\/talkpal.ai\/sv\/grammar\/preterito-mais-que-perfeito-jamforelse-i-portugisisk-grammatik\/\" \/>\n<meta property=\"og:locale\" content=\"sv_SE\" \/>\n<meta property=\"og:type\" content=\"article\" \/>\n<meta property=\"og:title\" content=\"Pret\u00e9rito\/Mais-que-perfeito J\u00e4mf\u00f6relse i portugisisk grammatik\" \/>\n<meta property=\"og:description\" content=\"Att beh\u00e4rska de olika verbtiderna i portugisisk grammatik \u00e4r avg\u00f6rande f\u00f6r att uttrycka sig korrekt och nyanserat, s\u00e4rskilt n\u00e4r det g\u00e4ller handlingar som\" \/>\n<meta property=\"og:url\" content=\"https:\/\/talkpal.ai\/sv\/grammar\/preterito-mais-que-perfeito-jamforelse-i-portugisisk-grammatik\/\" \/>\n<meta property=\"og:site_name\" content=\"Talkpal\" \/>\n<meta property=\"article:publisher\" content=\"https:\/\/www.facebook.com\/profile.php?id=100090733639311\" \/>\n<meta property=\"og:image\" content=\"https:\/\/talkpal.ai\/wp-content\/uploads\/2025\/02\/Progress-tab-16_9.png\" \/>\n\t<meta property=\"og:image:width\" content=\"2880\" \/>\n\t<meta property=\"og:image:height\" content=\"1620\" \/>\n\t<meta property=\"og:image:type\" content=\"image\/png\" \/>\n<meta name=\"twitter:card\" content=\"summary_large_image\" \/>\n<meta name=\"twitter:site\" content=\"@talkpalai\" \/>\n<meta name=\"twitter:label1\" content=\"Ber\u00e4knad l\u00e4stid\" \/>\n\t<meta name=\"twitter:data1\" content=\"5 minuter\" \/>\n<script type=\"application\/ld+json\" class=\"yoast-schema-graph\">{\"@context\":\"https:\/\/schema.org\",\"@graph\":[{\"@type\":\"WebPage\",\"@id\":\"https:\/\/talkpal.ai\/sv\/grammar\/preterito-mais-que-perfeito-jamforelse-i-portugisisk-grammatik\/\",\"url\":\"https:\/\/talkpal.ai\/sv\/grammar\/preterito-mais-que-perfeito-jamforelse-i-portugisisk-grammatik\/\",\"name\":\"Pret\u00e9rito\/Mais-que-perfeito J\u00e4mf\u00f6relse i portugisisk grammatik - Talkpal\",\"isPartOf\":{\"@id\":\"https:\/\/talkpal.ai\/sv\/#website\"},\"primaryImageOfPage\":{\"@id\":\"https:\/\/talkpal.ai\/sv\/grammar\/preterito-mais-que-perfeito-jamforelse-i-portugisisk-grammatik\/#primaryimage\"},\"image\":{\"@id\":\"https:\/\/talkpal.ai\/sv\/grammar\/preterito-mais-que-perfeito-jamforelse-i-portugisisk-grammatik\/#primaryimage\"},\"thumbnailUrl\":\"https:\/\/talkpal.ai\/wp-content\/uploads\/2025\/12\/four-students-use-laptops-to-learn-languages.webp\",\"datePublished\":\"2025-07-03T09:06:21+00:00\",\"description\":\"Att beh\u00e4rska de olika verbtiderna i portugisisk grammatik \u00e4r avg\u00f6rande f\u00f6r att uttrycka sig korrekt och nyanserat, s\u00e4rskilt n\u00e4r det g\u00e4ller handlingar som\",\"breadcrumb\":{\"@id\":\"https:\/\/talkpal.ai\/sv\/grammar\/preterito-mais-que-perfeito-jamforelse-i-portugisisk-grammatik\/#breadcrumb\"},\"inLanguage\":\"sv-SE\",\"potentialAction\":[{\"@type\":\"ReadAction\",\"target\":[\"https:\/\/talkpal.ai\/sv\/grammar\/preterito-mais-que-perfeito-jamforelse-i-portugisisk-grammatik\/\"]}]},{\"@type\":\"ImageObject\",\"inLanguage\":\"sv-SE\",\"@id\":\"https:\/\/talkpal.ai\/sv\/grammar\/preterito-mais-que-perfeito-jamforelse-i-portugisisk-grammatik\/#primaryimage\",\"url\":\"https:\/\/talkpal.ai\/wp-content\/uploads\/2025\/12\/four-students-use-laptops-to-learn-languages.webp\",\"contentUrl\":\"https:\/\/talkpal.ai\/wp-content\/uploads\/2025\/12\/four-students-use-laptops-to-learn-languages.webp\",\"width\":1200,\"height\":896,\"caption\":\"Four students sit around a table and use laptops while learning languages in a bright office at sunset.\"},{\"@type\":\"BreadcrumbList\",\"@id\":\"https:\/\/talkpal.ai\/sv\/grammar\/preterito-mais-que-perfeito-jamforelse-i-portugisisk-grammatik\/#breadcrumb\",\"itemListElement\":[{\"@type\":\"ListItem\",\"position\":1,\"name\":\"Homepage\",\"item\":\"https:\/\/talkpal.ai\/sv\/\"},{\"@type\":\"ListItem\",\"position\":2,\"name\":\"Pret\u00e9rito\/Mais-que-perfeito J\u00e4mf\u00f6relse i portugisisk grammatik\"}]},{\"@type\":\"WebSite\",\"@id\":\"https:\/\/talkpal.ai\/sv\/#website\",\"url\":\"https:\/\/talkpal.ai\/sv\/\",\"name\":\"Talkpal\",\"description\":\"AI Language Learning\",\"publisher\":{\"@id\":\"https:\/\/talkpal.ai\/sv\/#organization\"},\"alternateName\":\"Talkpal AI\",\"potentialAction\":[{\"@type\":\"SearchAction\",\"target\":{\"@type\":\"EntryPoint\",\"urlTemplate\":\"https:\/\/talkpal.ai\/sv\/?s={search_term_string}\"},\"query-input\":{\"@type\":\"PropertyValueSpecification\",\"valueRequired\":true,\"valueName\":\"search_term_string\"}}],\"inLanguage\":\"sv-SE\"},{\"@type\":\"Organization\",\"@id\":\"https:\/\/talkpal.ai\/sv\/#organization\",\"name\":\"Talkpal, Inc.\",\"alternateName\":\"Talkpal AI\",\"url\":\"https:\/\/talkpal.ai\/sv\/\",\"logo\":{\"@type\":\"ImageObject\",\"inLanguage\":\"sv-SE\",\"@id\":\"https:\/\/talkpal.ai\/sv\/#\/schema\/logo\/image\/\",\"url\":\"https:\/\/talkpal.ai\/wp-content\/uploads\/2024\/03\/Talkpal-Logo-Icon.png\",\"contentUrl\":\"https:\/\/talkpal.ai\/wp-content\/uploads\/2024\/03\/Talkpal-Logo-Icon.png\",\"width\":2880,\"height\":2880,\"caption\":\"Talkpal, Inc.\"},\"image\":{\"@id\":\"https:\/\/talkpal.ai\/sv\/#\/schema\/logo\/image\/\"},\"sameAs\":[\"https:\/\/www.facebook.com\/profile.php?id=100090733639311\",\"https:\/\/x.com\/talkpalai\",\"https:\/\/www.linkedin.com\/company\/talkpal\/\",\"https:\/\/www.youtube.com\/@TalkPal\/\",\"https:\/\/www.tiktok.com\/@talkpal\",\"https:\/\/www.instagram.com\/talkpal_ai\/\",\"https:\/\/www.crunchbase.com\/organization\/talkpal-9cde\",\"https:\/\/www.g2.com\/products\/talkpal-for-business\/\",\"https:\/\/www.trustpilot.com\/review\/talkpal.ai\",\"https:\/\/www.capterra.com\/p\/10006800\/TalkPal\/\"],\"description\":\"Talkpal is a language learning web and mobile education app, powered by the latest AI technologies, that provides engaging experiences to its customers in many different languages to help them improve their language skills. Users can chat about unlimited amount of topics with the app and use other modes to practice their language learning.\",\"email\":\"support@talkpal.ai\",\"legalName\":\"Talkpal, Inc.\",\"foundingDate\":\"2023-04-03\",\"duns\":\"118989042\",\"numberOfEmployees\":{\"@type\":\"QuantitativeValue\",\"minValue\":\"11\",\"maxValue\":\"50\"},\"publishingPrinciples\":\"https:\/\/talkpal.ai\/publishing-principles\/\",\"actionableFeedbackPolicy\":\"https:\/\/talkpal.ai\/actionable-feedback-policy\/\",\"correctionsPolicy\":\"https:\/\/talkpal.ai\/corrections-policy\/\",\"ethicsPolicy\":\"https:\/\/talkpal.ai\/ethics-policy\/\",\"diversityPolicy\":\"https:\/\/talkpal.ai\/diversity-policy\/\",\"diversityStaffingReport\":\"https:\/\/talkpal.ai\/diversity-policy\/\"}]}<\/script>\n<!-- \/ Yoast SEO Premium plugin. -->","yoast_head_json":{"title":"Pret\u00e9rito\/Mais-que-perfeito J\u00e4mf\u00f6relse i portugisisk grammatik - Talkpal","description":"Att beh\u00e4rska de olika verbtiderna i portugisisk grammatik \u00e4r avg\u00f6rande f\u00f6r att uttrycka sig korrekt och nyanserat, s\u00e4rskilt n\u00e4r det g\u00e4ller handlingar som","robots":{"index":"index","follow":"follow","max-snippet":"max-snippet:-1","max-image-preview":"max-image-preview:large","max-video-preview":"max-video-preview:-1"},"canonical":"https:\/\/talkpal.ai\/sv\/grammar\/preterito-mais-que-perfeito-jamforelse-i-portugisisk-grammatik\/","og_locale":"sv_SE","og_type":"article","og_title":"Pret\u00e9rito\/Mais-que-perfeito J\u00e4mf\u00f6relse i portugisisk grammatik","og_description":"Att beh\u00e4rska de olika verbtiderna i portugisisk grammatik \u00e4r avg\u00f6rande f\u00f6r att uttrycka sig korrekt och nyanserat, s\u00e4rskilt n\u00e4r det g\u00e4ller handlingar som","og_url":"https:\/\/talkpal.ai\/sv\/grammar\/preterito-mais-que-perfeito-jamforelse-i-portugisisk-grammatik\/","og_site_name":"Talkpal","article_publisher":"https:\/\/www.facebook.com\/profile.php?id=100090733639311","og_image":[{"width":2880,"height":1620,"url":"https:\/\/talkpal.ai\/wp-content\/uploads\/2025\/02\/Progress-tab-16_9.png","type":"image\/png"}],"twitter_card":"summary_large_image","twitter_site":"@talkpalai","twitter_misc":{"Ber\u00e4knad l\u00e4stid":"5 minuter"},"schema":{"@context":"https:\/\/schema.org","@graph":[{"@type":"WebPage","@id":"https:\/\/talkpal.ai\/sv\/grammar\/preterito-mais-que-perfeito-jamforelse-i-portugisisk-grammatik\/","url":"https:\/\/talkpal.ai\/sv\/grammar\/preterito-mais-que-perfeito-jamforelse-i-portugisisk-grammatik\/","name":"Pret\u00e9rito\/Mais-que-perfeito J\u00e4mf\u00f6relse i portugisisk grammatik - Talkpal","isPartOf":{"@id":"https:\/\/talkpal.ai\/sv\/#website"},"primaryImageOfPage":{"@id":"https:\/\/talkpal.ai\/sv\/grammar\/preterito-mais-que-perfeito-jamforelse-i-portugisisk-grammatik\/#primaryimage"},"image":{"@id":"https:\/\/talkpal.ai\/sv\/grammar\/preterito-mais-que-perfeito-jamforelse-i-portugisisk-grammatik\/#primaryimage"},"thumbnailUrl":"https:\/\/talkpal.ai\/wp-content\/uploads\/2025\/12\/four-students-use-laptops-to-learn-languages.webp","datePublished":"2025-07-03T09:06:21+00:00","description":"Att beh\u00e4rska de olika verbtiderna i portugisisk grammatik \u00e4r avg\u00f6rande f\u00f6r att uttrycka sig korrekt och nyanserat, s\u00e4rskilt n\u00e4r det g\u00e4ller handlingar som","breadcrumb":{"@id":"https:\/\/talkpal.ai\/sv\/grammar\/preterito-mais-que-perfeito-jamforelse-i-portugisisk-grammatik\/#breadcrumb"},"inLanguage":"sv-SE","potentialAction":[{"@type":"ReadAction","target":["https:\/\/talkpal.ai\/sv\/grammar\/preterito-mais-que-perfeito-jamforelse-i-portugisisk-grammatik\/"]}]},{"@type":"ImageObject","inLanguage":"sv-SE","@id":"https:\/\/talkpal.ai\/sv\/grammar\/preterito-mais-que-perfeito-jamforelse-i-portugisisk-grammatik\/#primaryimage","url":"https:\/\/talkpal.ai\/wp-content\/uploads\/2025\/12\/four-students-use-laptops-to-learn-languages.webp","contentUrl":"https:\/\/talkpal.ai\/wp-content\/uploads\/2025\/12\/four-students-use-laptops-to-learn-languages.webp","width":1200,"height":896,"caption":"Four students sit around a table and use laptops while learning languages in a bright office at sunset."},{"@type":"BreadcrumbList","@id":"https:\/\/talkpal.ai\/sv\/grammar\/preterito-mais-que-perfeito-jamforelse-i-portugisisk-grammatik\/#breadcrumb","itemListElement":[{"@type":"ListItem","position":1,"name":"Homepage","item":"https:\/\/talkpal.ai\/sv\/"},{"@type":"ListItem","position":2,"name":"Pret\u00e9rito\/Mais-que-perfeito J\u00e4mf\u00f6relse i portugisisk grammatik"}]},{"@type":"WebSite","@id":"https:\/\/talkpal.ai\/sv\/#website","url":"https:\/\/talkpal.ai\/sv\/","name":"Talkpal","description":"AI Language Learning","publisher":{"@id":"https:\/\/talkpal.ai\/sv\/#organization"},"alternateName":"Talkpal AI","potentialAction":[{"@type":"SearchAction","target":{"@type":"EntryPoint","urlTemplate":"https:\/\/talkpal.ai\/sv\/?s={search_term_string}"},"query-input":{"@type":"PropertyValueSpecification","valueRequired":true,"valueName":"search_term_string"}}],"inLanguage":"sv-SE"},{"@type":"Organization","@id":"https:\/\/talkpal.ai\/sv\/#organization","name":"Talkpal, Inc.","alternateName":"Talkpal AI","url":"https:\/\/talkpal.ai\/sv\/","logo":{"@type":"ImageObject","inLanguage":"sv-SE","@id":"https:\/\/talkpal.ai\/sv\/#\/schema\/logo\/image\/","url":"https:\/\/talkpal.ai\/wp-content\/uploads\/2024\/03\/Talkpal-Logo-Icon.png","contentUrl":"https:\/\/talkpal.ai\/wp-content\/uploads\/2024\/03\/Talkpal-Logo-Icon.png","width":2880,"height":2880,"caption":"Talkpal, Inc."},"image":{"@id":"https:\/\/talkpal.ai\/sv\/#\/schema\/logo\/image\/"},"sameAs":["https:\/\/www.facebook.com\/profile.php?id=100090733639311","https:\/\/x.com\/talkpalai","https:\/\/www.linkedin.com\/company\/talkpal\/","https:\/\/www.youtube.com\/@TalkPal\/","https:\/\/www.tiktok.com\/@talkpal","https:\/\/www.instagram.com\/talkpal_ai\/","https:\/\/www.crunchbase.com\/organization\/talkpal-9cde","https:\/\/www.g2.com\/products\/talkpal-for-business\/","https:\/\/www.trustpilot.com\/review\/talkpal.ai","https:\/\/www.capterra.com\/p\/10006800\/TalkPal\/"],"description":"Talkpal is a language learning web and mobile education app, powered by the latest AI technologies, that provides engaging experiences to its customers in many different languages to help them improve their language skills. Users can chat about unlimited amount of topics with the app and use other modes to practice their language learning.","email":"support@talkpal.ai","legalName":"Talkpal, Inc.","foundingDate":"2023-04-03","duns":"118989042","numberOfEmployees":{"@type":"QuantitativeValue","minValue":"11","maxValue":"50"},"publishingPrinciples":"https:\/\/talkpal.ai\/publishing-principles\/","actionableFeedbackPolicy":"https:\/\/talkpal.ai\/actionable-feedback-policy\/","correctionsPolicy":"https:\/\/talkpal.ai\/corrections-policy\/","ethicsPolicy":"https:\/\/talkpal.ai\/ethics-policy\/","diversityPolicy":"https:\/\/talkpal.ai\/diversity-policy\/","diversityStaffingReport":"https:\/\/talkpal.ai\/diversity-policy\/"}]}},"_links":{"self":[{"href":"https:\/\/talkpal.ai\/sv\/wp-json\/wp\/v2\/grammar\/1098500","targetHints":{"allow":["GET"]}}],"collection":[{"href":"https:\/\/talkpal.ai\/sv\/wp-json\/wp\/v2\/grammar"}],"about":[{"href":"https:\/\/talkpal.ai\/sv\/wp-json\/wp\/v2\/types\/grammar"}],"wp:featuredmedia":[{"embeddable":true,"href":"https:\/\/talkpal.ai\/sv\/wp-json\/wp\/v2\/media\/1527657"}],"wp:attachment":[{"href":"https:\/\/talkpal.ai\/sv\/wp-json\/wp\/v2\/media?parent=1098500"}],"wp:term":[{"taxonomy":"language","embeddable":true,"href":"https:\/\/talkpal.ai\/sv\/wp-json\/wp\/v2\/language?post=1098500"}],"curies":[{"name":"wp","href":"https:\/\/api.w.org\/{rel}","templated":true}]}}