{"id":1098491,"date":"2025-07-03T09:05:50","date_gmt":"2025-07-03T09:05:50","guid":{"rendered":"https:\/\/talkpal.ai\/grammar\/past-perfect-och-portugisisk-grammatik\/"},"modified":"2025-07-03T09:05:50","modified_gmt":"2025-07-03T09:05:50","slug":"past-perfect-och-portugisisk-grammatik","status":"publish","type":"grammar","link":"https:\/\/talkpal.ai\/sv\/grammar\/past-perfect-och-portugisisk-grammatik\/","title":{"rendered":"Past Perfect och portugisisk grammatik"},"content":{"rendered":"<p>Att bem\u00e4stra tempusformer i fr\u00e4mmande spr\u00e5k \u00e4r avg\u00f6rande f\u00f6r att kunna uttrycka sig korrekt och f\u00f6rst\u00e5 nyanser i kommunikationen. <a href=\"https:\/\/talkpal.ai\/fr\/grammar\/past-perfect-en-grammaire-ourdou\/\">Past Perfect<\/a>, eller pluskvamperfekt, \u00e4r en viktig tempusform i b\u00e5de <a href=\"https:\/\/talkpal.ai\/learn-english-with-ai\/\">engelska<\/a> och <a href=\"https:\/\/talkpal.ai\/learn-portuguese\/\">portugisiska<\/a> som beskriver handlingar som avslutats innan en annan h\u00e4ndelse i det f\u00f6rflutna. F\u00f6r dem som vill l\u00e4ra sig <a href=\"https:\/\/talkpal.ai\/da\/lektioner-i-portugisisk\/\">portugisisk grammatik<\/a> och s\u00e4rskilt hur man anv\u00e4nder Past Perfect korrekt, \u00e4r <a href=\"https:\/\/talkpal.ai\/ko\/ai-%ec%96%b8%ec%96%b4-%ea%b5%90%ec%82%ac\/\">Talkpal<\/a> en utm\u00e4rkt plattform som erbjuder interaktiva lektioner och \u00f6vningar f\u00f6r att p\u00e5 ett effektivt s\u00e4tt f\u00f6rb\u00e4ttra spr\u00e5kkunskaperna.<\/p>\n<h2>Vad \u00e4r Past Perfect i portugisisk grammatik?<\/h2>\n<p>Past Perfect, eller pluskvamperfekt, \u00e4r en verbform som anv\u00e4nds f\u00f6r att uttrycka en handling som hade avslutats innan en annan handling \u00e4gde rum i det f\u00f6rflutna. P\u00e5 portugisiska kallas denna tempusform f\u00f6r <em>pret\u00e9rito mais-que-perfeito<\/em>. Det \u00e4r en viktig del av spr\u00e5ket som hj\u00e4lper till att skapa en tydlig tidslinje i ber\u00e4ttelser och beskrivningar.<\/p>\n<h3>Funktion och anv\u00e4ndning<\/h3>\n<p><a href=\"https:\/\/talkpal.ai\/grammar\/preterito-mais-que-perfeito-comparison-in-portuguese-grammar\/\">Pret\u00e9rito mais-que-perfeito<\/a> anv\u00e4nds f\u00f6r att:<\/p>\n<ul>\n<li>Beskriva en handling som intr\u00e4ffade och avslutades innan en annan handling i det f\u00f6rflutna.<\/li>\n<li>Skapa en tidsm\u00e4ssig ordning i ber\u00e4ttelser eller redog\u00f6relser.<\/li>\n<li>Uttrycka n\u00e5got som h\u00e4nt tidigare \u00e4n en annan tidigare h\u00e4ndelse, vilket ger en djupare f\u00f6rst\u00e5else av tidsf\u00f6rlopp.<\/li>\n<\/ul>\n<p>Exempel p\u00e5 anv\u00e4ndning:<\/p>\n<ul>\n<li>Quando cheguei, ele <strong>j\u00e1 tinha sa\u00eddo<\/strong>. (N\u00e4r jag kom hade han redan g\u00e5tt.)<\/li>\n<li>Ela <strong>tinha estudado<\/strong> antes do exame. (Hon hade studerat innan provet.)<\/li>\n<\/ul>\n<h2>Hur bildas Past Perfect p\u00e5 portugisiska?<\/h2>\n<p>Det finns tv\u00e5 huvudsakliga s\u00e4tt att uttrycka Past Perfect p\u00e5 portugisiska: det syntetiska och det analytiska s\u00e4ttet.<\/p>\n<h3>1. Syntetiskt pret\u00e9rito mais-que-perfeito<\/h3>\n<p>Detta \u00e4r en enklare och mer formell form som ofta anv\u00e4nds i litteratur och formell skrift. Det bildas genom att b\u00f6ja verbet i en specifik pluskvamperfektform.<\/p>\n<ul>\n<li>Exempel med verbet <em>falar<\/em> (att prata):<\/li>\n<ul>\n<li>Eu <strong>falara<\/strong><\/li>\n<li>Tu <strong>falaras<\/strong><\/li>\n<li>Ele\/Ela <strong>falara<\/strong><\/li>\n<li>N\u00f3s <strong>fal\u00e1ramos<\/strong><\/li>\n<li>V\u00f3s <strong>fal\u00e1reis<\/strong><\/li>\n<li>Eles\/Elas <strong>falaram<\/strong><\/li>\n<\/ul>\n<\/ul>\n<p>Notera att denna form \u00e4r mindre vanlig i vardagligt tal och anv\u00e4nds oftare i skrift.<\/p>\n<h3>2. Analytiskt pret\u00e9rito mais-que-perfeito composto<\/h3>\n<p>Detta s\u00e4tt \u00e4r vanligare i tal och i informellt spr\u00e5kbruk. Det bildas genom att anv\u00e4nda imperfektformen av verbet <em>ter<\/em> eller <em>haver<\/em> f\u00f6ljt av perfekt particip av huvudverbet.<\/p>\n<ul>\n<li>Exempel med verbet <em>falar<\/em>:<\/li>\n<ul>\n<li>Eu <strong>tinha falado<\/strong><\/li>\n<li>Tu <strong>tinhas falado<\/strong><\/li>\n<li>Ele\/Ela <strong>tinha falado<\/strong><\/li>\n<li>N\u00f3s <strong>t\u00ednhamos falado<\/strong><\/li>\n<li>V\u00f3s <strong>t\u00ednheis falado<\/strong><\/li>\n<li>Eles\/Elas <strong>tinham falado<\/strong><\/li>\n<\/ul>\n<\/ul>\n<p>Denna form liknar engelska Past Perfect och \u00e4r ofta l\u00e4ttare att anv\u00e4nda f\u00f6r svenskar som l\u00e4r sig portugisiska.<\/p>\n<h2>Skillnader mellan engelska Past Perfect och portugisiska pret\u00e9rito mais-que-perfeito<\/h2>\n<p>\u00c4ven om engelska och portugisiska Past Perfect har liknande funktioner, finns det viktiga skillnader att k\u00e4nna till f\u00f6r att undvika missf\u00f6rst\u00e5nd.<\/p>\n<ul>\n<li><strong>Formell kontra informell anv\u00e4ndning:<\/strong> Portugisiska har en formell syntetisk form som inte finns i engelskan.<\/li>\n<li><strong>Verbformer:<\/strong> Portugisiska kan anv\u00e4nda tv\u00e5 olika s\u00e4tt att bilda tempusformen, medan engelska endast har en konstruktion med &#8221;had + verbets perfekt particip.&#8221;<\/li>\n<li><strong>Anv\u00e4ndningsfrekvens:<\/strong> I vardagligt tal f\u00f6redras den analytiska formen i portugisiska, medan engelska Past Perfect \u00e4r standard i b\u00e5de tal och skrift.<\/li>\n<\/ul>\n<h2>Vanliga misstag att undvika n\u00e4r man l\u00e4r sig Past Perfect p\u00e5 portugisiska<\/h2>\n<p>M\u00e5nga spr\u00e5kstudenter st\u00f6ter p\u00e5 liknande utmaningar n\u00e4r de l\u00e4r sig Past Perfect p\u00e5 portugisiska. H\u00e4r \u00e4r n\u00e5gra vanliga misstag och tips f\u00f6r att undvika dem:<\/p>\n<ul>\n<li><strong>Att blanda ihop tempusformer:<\/strong> Anv\u00e4nd inte imperfekt eller perfekt ist\u00e4llet f\u00f6r pluskvamperfekt n\u00e4r du vill uttrycka en handling som avslutats f\u00f6re en annan i det f\u00f6rflutna.<\/li>\n<li><strong>Felaktig b\u00f6jning av verb:<\/strong> Var noggrann med verbb\u00f6jning, speciellt i den syntetiska formen som har unika \u00e4ndelser.<\/li>\n<li><strong>Undvik att anv\u00e4nda syntetisk form i vardagligt tal:<\/strong> Om du \u00e4r os\u00e4ker, anv\u00e4nd den analytiska formen med &#8221;tinha&#8221; + perfekt particip.<\/li>\n<li><strong>Felaktigt anv\u00e4ndande av hj\u00e4lpverben:<\/strong> Kom ih\u00e5g att anv\u00e4nda <em>ter<\/em> eller <em>haver<\/em> korrekt i sammansatta tempusformer.<\/li>\n<\/ul>\n<h2>Tips f\u00f6r att l\u00e4ra sig Past Perfect och portugisisk grammatik effektivt<\/h2>\n<p>Att l\u00e4ra sig Past Perfect och portugisisk grammatik kr\u00e4ver \u00f6vning och f\u00f6rst\u00e5else f\u00f6r b\u00e5de teori och praktisk anv\u00e4ndning. H\u00e4r \u00e4r n\u00e5gra tips som kan hj\u00e4lpa dig p\u00e5 v\u00e4gen:<\/p>\n<ul>\n<li><strong>Anv\u00e4nd Talkpal:<\/strong> Talkpal erbjuder interaktiva lektioner och \u00f6vningar som \u00e4r skr\u00e4ddarsydda f\u00f6r att hj\u00e4lpa dig f\u00f6rst\u00e5 och anv\u00e4nda Past Perfect i portugisiska p\u00e5 ett naturligt s\u00e4tt.<\/li>\n<li><strong>Lyssna och upprepa:<\/strong> Att h\u00f6ra hur modersm\u00e5lstalare anv\u00e4nder tempusformer hj\u00e4lper dig att internalisera r\u00e4tt anv\u00e4ndning.<\/li>\n<li><strong>Tr\u00e4na p\u00e5 konjugationer:<\/strong> Skapa tabeller och \u00f6va regelbundet p\u00e5 b\u00e5de syntetisk och analytisk form.<\/li>\n<li><strong>Skriv egna meningar:<\/strong> Praktisk till\u00e4mpning \u00e4r nyckeln till att bef\u00e4sta kunskapen.<\/li>\n<li><strong>J\u00e4mf\u00f6r med engelska:<\/strong> Anv\u00e4nd din kunskap i engelska Past Perfect f\u00f6r att f\u00f6rst\u00e5 portugisisk anv\u00e4ndning b\u00e4ttre.<\/li>\n<\/ul>\n<h2>Sammanfattning<\/h2>\n<p>Past Perfect, eller <a href=\"https:\/\/talkpal.ai\/grammar\/preterito-mais-que-perfeito-comparison-in-portuguese-grammar\/\">pret\u00e9rito mais-que-perfeito<\/a>, \u00e4r en viktig och anv\u00e4ndbar tempusform i portugisisk grammatik som uttrycker handlingar avslutade f\u00f6re en annan tidigare h\u00e4ndelse. Med tv\u00e5 s\u00e4tt att bilda denna tempusform \u2013 syntetisk och analytisk \u2013 erbjuder portugiskan b\u00e5de formella och vardagliga uttryckss\u00e4tt. F\u00f6r nyb\u00f6rjare och avancerade studenter \u00e4r det viktigt att f\u00f6rst\u00e5 skillnaderna mellan dessa former och att undvika vanliga misstag. Genom att anv\u00e4nda resurser som Talkpal kan du effektivt f\u00f6rb\u00e4ttra din grammatiska f\u00f6rst\u00e5else och din f\u00f6rm\u00e5ga att anv\u00e4nda Past Perfect korrekt i portugisiska, vilket \u00e4r ett stort steg mot flytande och exakt spr\u00e5kbruk.<\/p>\n","protected":false},"featured_media":1528072,"template":"","language":[7502,7504],"class_list":["post-1098491","grammar","type-grammar","status-publish","has-post-thumbnail","hentry","language-portugisiska","language-tempus-indikativ-portugisisk-grammatik"],"acf":[],"yoast_head":"<!-- This site is optimized with the Yoast SEO Premium plugin v27.2 (Yoast SEO v27.2) - https:\/\/yoast.com\/product\/yoast-seo-premium-wordpress\/ -->\n<title>Past Perfect och portugisisk grammatik - Talkpal<\/title>\n<meta name=\"description\" content=\"Att bem\u00e4stra tempusformer i fr\u00e4mmande spr\u00e5k \u00e4r avg\u00f6rande f\u00f6r att kunna uttrycka sig korrekt och f\u00f6rst\u00e5 nyanser i kommunikationen. Past Perfect, eller\" \/>\n<meta name=\"robots\" content=\"index, follow, max-snippet:-1, max-image-preview:large, max-video-preview:-1\" \/>\n<link rel=\"canonical\" href=\"https:\/\/talkpal.ai\/sv\/grammar\/past-perfect-och-portugisisk-grammatik\/\" \/>\n<meta property=\"og:locale\" content=\"sv_SE\" \/>\n<meta property=\"og:type\" content=\"article\" \/>\n<meta property=\"og:title\" content=\"Past Perfect och portugisisk grammatik\" \/>\n<meta property=\"og:description\" content=\"Att bem\u00e4stra tempusformer i fr\u00e4mmande spr\u00e5k \u00e4r avg\u00f6rande f\u00f6r att kunna uttrycka sig korrekt och f\u00f6rst\u00e5 nyanser i kommunikationen. Past Perfect, eller\" \/>\n<meta property=\"og:url\" content=\"https:\/\/talkpal.ai\/sv\/grammar\/past-perfect-och-portugisisk-grammatik\/\" \/>\n<meta property=\"og:site_name\" content=\"Talkpal\" \/>\n<meta property=\"article:publisher\" content=\"https:\/\/www.facebook.com\/profile.php?id=100090733639311\" \/>\n<meta property=\"og:image\" content=\"https:\/\/talkpal.ai\/wp-content\/uploads\/2025\/02\/Progress-tab-16_9.png\" \/>\n\t<meta property=\"og:image:width\" content=\"2880\" \/>\n\t<meta property=\"og:image:height\" content=\"1620\" \/>\n\t<meta property=\"og:image:type\" content=\"image\/png\" \/>\n<meta name=\"twitter:card\" content=\"summary_large_image\" \/>\n<meta name=\"twitter:site\" content=\"@talkpalai\" \/>\n<meta name=\"twitter:label1\" content=\"Ber\u00e4knad l\u00e4stid\" \/>\n\t<meta name=\"twitter:data1\" content=\"5 minuter\" \/>\n<script type=\"application\/ld+json\" class=\"yoast-schema-graph\">{\"@context\":\"https:\/\/schema.org\",\"@graph\":[{\"@type\":\"WebPage\",\"@id\":\"https:\/\/talkpal.ai\/sv\/grammar\/past-perfect-och-portugisisk-grammatik\/\",\"url\":\"https:\/\/talkpal.ai\/sv\/grammar\/past-perfect-och-portugisisk-grammatik\/\",\"name\":\"Past Perfect och portugisisk grammatik - Talkpal\",\"isPartOf\":{\"@id\":\"https:\/\/talkpal.ai\/sv\/#website\"},\"primaryImageOfPage\":{\"@id\":\"https:\/\/talkpal.ai\/sv\/grammar\/past-perfect-och-portugisisk-grammatik\/#primaryimage\"},\"image\":{\"@id\":\"https:\/\/talkpal.ai\/sv\/grammar\/past-perfect-och-portugisisk-grammatik\/#primaryimage\"},\"thumbnailUrl\":\"https:\/\/talkpal.ai\/wp-content\/uploads\/2025\/12\/using-textbook-to-learn-languages.webp\",\"datePublished\":\"2025-07-03T09:05:50+00:00\",\"description\":\"Att bem\u00e4stra tempusformer i fr\u00e4mmande spr\u00e5k \u00e4r avg\u00f6rande f\u00f6r att kunna uttrycka sig korrekt och f\u00f6rst\u00e5 nyanser i kommunikationen. Past Perfect, eller\",\"breadcrumb\":{\"@id\":\"https:\/\/talkpal.ai\/sv\/grammar\/past-perfect-och-portugisisk-grammatik\/#breadcrumb\"},\"inLanguage\":\"sv-SE\",\"potentialAction\":[{\"@type\":\"ReadAction\",\"target\":[\"https:\/\/talkpal.ai\/sv\/grammar\/past-perfect-och-portugisisk-grammatik\/\"]}]},{\"@type\":\"ImageObject\",\"inLanguage\":\"sv-SE\",\"@id\":\"https:\/\/talkpal.ai\/sv\/grammar\/past-perfect-och-portugisisk-grammatik\/#primaryimage\",\"url\":\"https:\/\/talkpal.ai\/wp-content\/uploads\/2025\/12\/using-textbook-to-learn-languages.webp\",\"contentUrl\":\"https:\/\/talkpal.ai\/wp-content\/uploads\/2025\/12\/using-textbook-to-learn-languages.webp\",\"width\":1200,\"height\":896,\"caption\":\"A young man with curly hair and glasses looks at an open textbook to learn languages.\"},{\"@type\":\"BreadcrumbList\",\"@id\":\"https:\/\/talkpal.ai\/sv\/grammar\/past-perfect-och-portugisisk-grammatik\/#breadcrumb\",\"itemListElement\":[{\"@type\":\"ListItem\",\"position\":1,\"name\":\"Homepage\",\"item\":\"https:\/\/talkpal.ai\/sv\/\"},{\"@type\":\"ListItem\",\"position\":2,\"name\":\"Past Perfect och portugisisk grammatik\"}]},{\"@type\":\"WebSite\",\"@id\":\"https:\/\/talkpal.ai\/sv\/#website\",\"url\":\"https:\/\/talkpal.ai\/sv\/\",\"name\":\"Talkpal\",\"description\":\"AI Language Learning\",\"publisher\":{\"@id\":\"https:\/\/talkpal.ai\/sv\/#organization\"},\"alternateName\":\"Talkpal AI\",\"potentialAction\":[{\"@type\":\"SearchAction\",\"target\":{\"@type\":\"EntryPoint\",\"urlTemplate\":\"https:\/\/talkpal.ai\/sv\/?s={search_term_string}\"},\"query-input\":{\"@type\":\"PropertyValueSpecification\",\"valueRequired\":true,\"valueName\":\"search_term_string\"}}],\"inLanguage\":\"sv-SE\"},{\"@type\":\"Organization\",\"@id\":\"https:\/\/talkpal.ai\/sv\/#organization\",\"name\":\"Talkpal, Inc.\",\"alternateName\":\"Talkpal AI\",\"url\":\"https:\/\/talkpal.ai\/sv\/\",\"logo\":{\"@type\":\"ImageObject\",\"inLanguage\":\"sv-SE\",\"@id\":\"https:\/\/talkpal.ai\/sv\/#\/schema\/logo\/image\/\",\"url\":\"https:\/\/talkpal.ai\/wp-content\/uploads\/2024\/03\/Talkpal-Logo-Icon.png\",\"contentUrl\":\"https:\/\/talkpal.ai\/wp-content\/uploads\/2024\/03\/Talkpal-Logo-Icon.png\",\"width\":2880,\"height\":2880,\"caption\":\"Talkpal, Inc.\"},\"image\":{\"@id\":\"https:\/\/talkpal.ai\/sv\/#\/schema\/logo\/image\/\"},\"sameAs\":[\"https:\/\/www.facebook.com\/profile.php?id=100090733639311\",\"https:\/\/x.com\/talkpalai\",\"https:\/\/www.linkedin.com\/company\/talkpal\/\",\"https:\/\/www.youtube.com\/@TalkPal\/\",\"https:\/\/www.tiktok.com\/@talkpal\",\"https:\/\/www.instagram.com\/talkpal_ai\/\",\"https:\/\/www.crunchbase.com\/organization\/talkpal-9cde\",\"https:\/\/www.g2.com\/products\/talkpal-for-business\/\",\"https:\/\/www.trustpilot.com\/review\/talkpal.ai\",\"https:\/\/www.capterra.com\/p\/10006800\/TalkPal\/\"],\"description\":\"Talkpal is a language learning web and mobile education app, powered by the latest AI technologies, that provides engaging experiences to its customers in many different languages to help them improve their language skills. Users can chat about unlimited amount of topics with the app and use other modes to practice their language learning.\",\"email\":\"support@talkpal.ai\",\"legalName\":\"Talkpal, Inc.\",\"foundingDate\":\"2023-04-03\",\"duns\":\"118989042\",\"numberOfEmployees\":{\"@type\":\"QuantitativeValue\",\"minValue\":\"11\",\"maxValue\":\"50\"},\"publishingPrinciples\":\"https:\/\/talkpal.ai\/publishing-principles\/\",\"actionableFeedbackPolicy\":\"https:\/\/talkpal.ai\/actionable-feedback-policy\/\",\"correctionsPolicy\":\"https:\/\/talkpal.ai\/corrections-policy\/\",\"ethicsPolicy\":\"https:\/\/talkpal.ai\/ethics-policy\/\",\"diversityPolicy\":\"https:\/\/talkpal.ai\/diversity-policy\/\",\"diversityStaffingReport\":\"https:\/\/talkpal.ai\/diversity-policy\/\"}]}<\/script>\n<!-- \/ Yoast SEO Premium plugin. -->","yoast_head_json":{"title":"Past Perfect och portugisisk grammatik - Talkpal","description":"Att bem\u00e4stra tempusformer i fr\u00e4mmande spr\u00e5k \u00e4r avg\u00f6rande f\u00f6r att kunna uttrycka sig korrekt och f\u00f6rst\u00e5 nyanser i kommunikationen. Past Perfect, eller","robots":{"index":"index","follow":"follow","max-snippet":"max-snippet:-1","max-image-preview":"max-image-preview:large","max-video-preview":"max-video-preview:-1"},"canonical":"https:\/\/talkpal.ai\/sv\/grammar\/past-perfect-och-portugisisk-grammatik\/","og_locale":"sv_SE","og_type":"article","og_title":"Past Perfect och portugisisk grammatik","og_description":"Att bem\u00e4stra tempusformer i fr\u00e4mmande spr\u00e5k \u00e4r avg\u00f6rande f\u00f6r att kunna uttrycka sig korrekt och f\u00f6rst\u00e5 nyanser i kommunikationen. Past Perfect, eller","og_url":"https:\/\/talkpal.ai\/sv\/grammar\/past-perfect-och-portugisisk-grammatik\/","og_site_name":"Talkpal","article_publisher":"https:\/\/www.facebook.com\/profile.php?id=100090733639311","og_image":[{"width":2880,"height":1620,"url":"https:\/\/talkpal.ai\/wp-content\/uploads\/2025\/02\/Progress-tab-16_9.png","type":"image\/png"}],"twitter_card":"summary_large_image","twitter_site":"@talkpalai","twitter_misc":{"Ber\u00e4knad l\u00e4stid":"5 minuter"},"schema":{"@context":"https:\/\/schema.org","@graph":[{"@type":"WebPage","@id":"https:\/\/talkpal.ai\/sv\/grammar\/past-perfect-och-portugisisk-grammatik\/","url":"https:\/\/talkpal.ai\/sv\/grammar\/past-perfect-och-portugisisk-grammatik\/","name":"Past Perfect och portugisisk grammatik - Talkpal","isPartOf":{"@id":"https:\/\/talkpal.ai\/sv\/#website"},"primaryImageOfPage":{"@id":"https:\/\/talkpal.ai\/sv\/grammar\/past-perfect-och-portugisisk-grammatik\/#primaryimage"},"image":{"@id":"https:\/\/talkpal.ai\/sv\/grammar\/past-perfect-och-portugisisk-grammatik\/#primaryimage"},"thumbnailUrl":"https:\/\/talkpal.ai\/wp-content\/uploads\/2025\/12\/using-textbook-to-learn-languages.webp","datePublished":"2025-07-03T09:05:50+00:00","description":"Att bem\u00e4stra tempusformer i fr\u00e4mmande spr\u00e5k \u00e4r avg\u00f6rande f\u00f6r att kunna uttrycka sig korrekt och f\u00f6rst\u00e5 nyanser i kommunikationen. Past Perfect, eller","breadcrumb":{"@id":"https:\/\/talkpal.ai\/sv\/grammar\/past-perfect-och-portugisisk-grammatik\/#breadcrumb"},"inLanguage":"sv-SE","potentialAction":[{"@type":"ReadAction","target":["https:\/\/talkpal.ai\/sv\/grammar\/past-perfect-och-portugisisk-grammatik\/"]}]},{"@type":"ImageObject","inLanguage":"sv-SE","@id":"https:\/\/talkpal.ai\/sv\/grammar\/past-perfect-och-portugisisk-grammatik\/#primaryimage","url":"https:\/\/talkpal.ai\/wp-content\/uploads\/2025\/12\/using-textbook-to-learn-languages.webp","contentUrl":"https:\/\/talkpal.ai\/wp-content\/uploads\/2025\/12\/using-textbook-to-learn-languages.webp","width":1200,"height":896,"caption":"A young man with curly hair and glasses looks at an open textbook to learn languages."},{"@type":"BreadcrumbList","@id":"https:\/\/talkpal.ai\/sv\/grammar\/past-perfect-och-portugisisk-grammatik\/#breadcrumb","itemListElement":[{"@type":"ListItem","position":1,"name":"Homepage","item":"https:\/\/talkpal.ai\/sv\/"},{"@type":"ListItem","position":2,"name":"Past Perfect och portugisisk grammatik"}]},{"@type":"WebSite","@id":"https:\/\/talkpal.ai\/sv\/#website","url":"https:\/\/talkpal.ai\/sv\/","name":"Talkpal","description":"AI Language Learning","publisher":{"@id":"https:\/\/talkpal.ai\/sv\/#organization"},"alternateName":"Talkpal AI","potentialAction":[{"@type":"SearchAction","target":{"@type":"EntryPoint","urlTemplate":"https:\/\/talkpal.ai\/sv\/?s={search_term_string}"},"query-input":{"@type":"PropertyValueSpecification","valueRequired":true,"valueName":"search_term_string"}}],"inLanguage":"sv-SE"},{"@type":"Organization","@id":"https:\/\/talkpal.ai\/sv\/#organization","name":"Talkpal, Inc.","alternateName":"Talkpal AI","url":"https:\/\/talkpal.ai\/sv\/","logo":{"@type":"ImageObject","inLanguage":"sv-SE","@id":"https:\/\/talkpal.ai\/sv\/#\/schema\/logo\/image\/","url":"https:\/\/talkpal.ai\/wp-content\/uploads\/2024\/03\/Talkpal-Logo-Icon.png","contentUrl":"https:\/\/talkpal.ai\/wp-content\/uploads\/2024\/03\/Talkpal-Logo-Icon.png","width":2880,"height":2880,"caption":"Talkpal, Inc."},"image":{"@id":"https:\/\/talkpal.ai\/sv\/#\/schema\/logo\/image\/"},"sameAs":["https:\/\/www.facebook.com\/profile.php?id=100090733639311","https:\/\/x.com\/talkpalai","https:\/\/www.linkedin.com\/company\/talkpal\/","https:\/\/www.youtube.com\/@TalkPal\/","https:\/\/www.tiktok.com\/@talkpal","https:\/\/www.instagram.com\/talkpal_ai\/","https:\/\/www.crunchbase.com\/organization\/talkpal-9cde","https:\/\/www.g2.com\/products\/talkpal-for-business\/","https:\/\/www.trustpilot.com\/review\/talkpal.ai","https:\/\/www.capterra.com\/p\/10006800\/TalkPal\/"],"description":"Talkpal is a language learning web and mobile education app, powered by the latest AI technologies, that provides engaging experiences to its customers in many different languages to help them improve their language skills. Users can chat about unlimited amount of topics with the app and use other modes to practice their language learning.","email":"support@talkpal.ai","legalName":"Talkpal, Inc.","foundingDate":"2023-04-03","duns":"118989042","numberOfEmployees":{"@type":"QuantitativeValue","minValue":"11","maxValue":"50"},"publishingPrinciples":"https:\/\/talkpal.ai\/publishing-principles\/","actionableFeedbackPolicy":"https:\/\/talkpal.ai\/actionable-feedback-policy\/","correctionsPolicy":"https:\/\/talkpal.ai\/corrections-policy\/","ethicsPolicy":"https:\/\/talkpal.ai\/ethics-policy\/","diversityPolicy":"https:\/\/talkpal.ai\/diversity-policy\/","diversityStaffingReport":"https:\/\/talkpal.ai\/diversity-policy\/"}]}},"_links":{"self":[{"href":"https:\/\/talkpal.ai\/sv\/wp-json\/wp\/v2\/grammar\/1098491","targetHints":{"allow":["GET"]}}],"collection":[{"href":"https:\/\/talkpal.ai\/sv\/wp-json\/wp\/v2\/grammar"}],"about":[{"href":"https:\/\/talkpal.ai\/sv\/wp-json\/wp\/v2\/types\/grammar"}],"wp:featuredmedia":[{"embeddable":true,"href":"https:\/\/talkpal.ai\/sv\/wp-json\/wp\/v2\/media\/1528072"}],"wp:attachment":[{"href":"https:\/\/talkpal.ai\/sv\/wp-json\/wp\/v2\/media?parent=1098491"}],"wp:term":[{"taxonomy":"language","embeddable":true,"href":"https:\/\/talkpal.ai\/sv\/wp-json\/wp\/v2\/language?post=1098491"}],"curies":[{"name":"wp","href":"https:\/\/api.w.org\/{rel}","templated":true}]}}