{"id":1098486,"date":"2025-07-03T09:05:34","date_gmt":"2025-07-03T09:05:34","guid":{"rendered":"https:\/\/talkpal.ai\/grammar\/preterite-i-portugisisk-grammatik\/"},"modified":"2025-07-03T09:05:34","modified_gmt":"2025-07-03T09:05:34","slug":"preterite-i-portugisisk-grammatik","status":"publish","type":"grammar","link":"https:\/\/talkpal.ai\/sv\/grammar\/preterite-i-portugisisk-grammatik\/","title":{"rendered":"Preterite i portugisisk grammatik"},"content":{"rendered":"<p>Att beh\u00e4rska preteritum i <a href=\"https:\/\/talkpal.ai\/da\/lektioner-i-portugisisk\/\">portugisisk grammatik<\/a> \u00e4r avg\u00f6rande f\u00f6r att kunna uttrycka handlingar som intr\u00e4ffat och avslutats i det f\u00f6rflutna. Det \u00e4r en av de mest anv\u00e4nda tempusformerna och spelar en <a href=\"https:\/\/talkpal.ai\/locations\/language-courses-in-central\/\">central<\/a> roll i b\u00e5de tal och skrift. Genom att f\u00f6rst\u00e5 hur preterite fungerar i <a href=\"https:\/\/talkpal.ai\/learn-portuguese\/\">portugisiska<\/a> kan du kommunicera effektivt och naturligt. <a href=\"https:\/\/talkpal.ai\/ko\/ai-%ec%96%b8%ec%96%b4-%ea%b5%90%ec%82%ac\/\">Talkpal<\/a> \u00e4r en utm\u00e4rkt plattform f\u00f6r att l\u00e4ra sig detta tempus, eftersom den erbjuder interaktiva \u00f6vningar och riktiga konversationsm\u00f6jligheter som g\u00f6r inl\u00e4rningen b\u00e5de effektiv och rolig.<\/p>\n<h2>Vad \u00e4r preteritum i portugisisk grammatik?<\/h2>\n<p>Preteritum, eller <em>pret\u00e9rito perfeito<\/em> som det kallas p\u00e5 portugisiska, \u00e4r en verbform som anv\u00e4nds f\u00f6r att beskriva handlingar som har avslutats i det f\u00f6rflutna. Det motsvarar oftast det <a href=\"https:\/\/talkpal.ai\/learn-swedish\/\">svenska<\/a> preteritum, s\u00e5som &#8221;jag \u00e5t&#8221;, &#8221;hon gick&#8221; eller &#8221;de s\u00e5g&#8221;. Detta tempus \u00e4r viktigt f\u00f6r att ber\u00e4tta om specifika h\u00e4ndelser och handlingar som har ett tydligt slut.<\/p>\n<h3>Funktion och anv\u00e4ndning<\/h3>\n<ul>\n<li><strong>Avslutade handlingar:<\/strong> Preteritum anv\u00e4nds f\u00f6r att beskriva handlingar som \u00e4r fullbordade.<\/li>\n<li><strong>Tidsmark\u00f6rer:<\/strong> Vanligtvis anv\u00e4nds preteritum tillsammans med tidsuttryck som &#8221;ontem&#8221; (ig\u00e5r), &#8221;ano passado&#8221; (f\u00f6rra \u00e5ret), eller &#8221;na semana passada&#8221; (f\u00f6rra veckan).<\/li>\n<li><strong>Ber\u00e4ttelser och anekdoter:<\/strong> Det \u00e4r det mest naturliga tempus f\u00f6r att \u00e5terge h\u00e4ndelser i ber\u00e4ttelser.<\/li>\n<\/ul>\n<h2>Hur bildas preteritum i portugisiska?<\/h2>\n<p>Bildningen av preteritum varierar beroende p\u00e5 verbgrupp (-ar, -er, -ir). <a href=\"https:\/\/talkpal.ai\/culture\/how-do-i-use-det-finns-correctly\/\">Det finns<\/a> regelbundna och <a href=\"https:\/\/talkpal.ai\/sv\/grammar\/oregelbundna-verb-i-armenisk-grammatik\/\">oregelbundna verb<\/a>, och det \u00e4r viktigt att k\u00e4nna till b\u00e5da f\u00f6r att kunna anv\u00e4nda preteritum korrekt.<\/p>\n<h3>Regelbunden b\u00f6jning<\/h3>\n<h4>Verb som slutar p\u00e5 -ar<\/h4>\n<p>F\u00f6r verb som slutar p\u00e5 -ar, byts \u00e4ndelsen ut p\u00e5 f\u00f6ljande s\u00e4tt:<\/p>\n<ul>\n<li>Eu <strong>falei<\/strong> (jag talade)<\/li>\n<li>Tu <strong>falaste<\/strong> (du talade)<\/li>\n<li>Ele\/Ela\/Voc\u00ea <strong>falou<\/strong> (han\/hon\/ni talade)<\/li>\n<li>N\u00f3s <strong>fal\u00e1mos<\/strong> (vi talade)<\/li>\n<li>V\u00f3s <strong>falastes<\/strong> (ni talade)<\/li>\n<li>Eles\/Elas\/Voc\u00eas <strong>falaram<\/strong> (de talade)<\/li>\n<\/ul>\n<h4>Verb som slutar p\u00e5 -er<\/h4>\n<ul>\n<li>Eu <strong>comi<\/strong> (jag \u00e5t)<\/li>\n<li>Tu <strong>comeste<\/strong> (du \u00e5t)<\/li>\n<li>Ele\/Ela\/Voc\u00ea <strong>comeu<\/strong> (han\/hon\/ni \u00e5t)<\/li>\n<li>N\u00f3s <strong>comemos<\/strong> (vi \u00e5t)<\/li>\n<li>V\u00f3s <strong>comestes<\/strong> (ni \u00e5t)<\/li>\n<li>Eles\/Elas\/Voc\u00eas <strong>comeram<\/strong> (de \u00e5t)<\/li>\n<\/ul>\n<h4>Verb som slutar p\u00e5 -ir<\/h4>\n<ul>\n<li>Eu <strong>parti<\/strong> (jag l\u00e4mnade)<\/li>\n<li>Tu <strong>partiste<\/strong> (du l\u00e4mnade)<\/li>\n<li>Ele\/Ela\/Voc\u00ea <strong>partiu<\/strong> (han\/hon\/ni l\u00e4mnade)<\/li>\n<li>N\u00f3s <strong>partimos<\/strong> (vi l\u00e4mnade)<\/li>\n<li>V\u00f3s <strong>partistes<\/strong> (ni l\u00e4mnade)<\/li>\n<li>Eles\/Elas\/Voc\u00eas <strong>partiram<\/strong> (de l\u00e4mnade)<\/li>\n<\/ul>\n<h3>Oregelbundna verb i preteritum<\/h3>\n<p>Oregelbundna verb f\u00f6ljer inte ovanst\u00e5ende m\u00f6nster och m\u00e5ste l\u00e4ras in individuellt. H\u00e4r \u00e4r n\u00e5gra vanliga exempel:<\/p>\n<ul>\n<li><strong>Ser\/Ir<\/strong> (att vara\/att g\u00e5): Eu fui, Tu foste, Ele foi, N\u00f3s fomos, V\u00f3s fostes, Eles foram<\/li>\n<li><strong>Ter<\/strong> (att ha): Eu tive, Tu tiveste, Ele teve, N\u00f3s tivemos, V\u00f3s tivestes, Eles tiveram<\/li>\n<li><strong>Estar<\/strong> (att vara, tillf\u00e4lligt): Eu estive, Tu estiveste, Ele esteve, N\u00f3s estivemos, V\u00f3s estivestes, Eles estiveram<\/li>\n<li><strong>Fazer<\/strong> (att g\u00f6ra): Eu fiz, Tu fizeste, Ele fez, N\u00f3s fizemos, V\u00f3s fizestes, Eles fizeram<\/li>\n<\/ul>\n<h2>Skillnaden mellan preteritum och imperfektum<\/h2>\n<p>Det \u00e4r viktigt att skilja preteritum fr\u00e5n imperfektum (<em>pret\u00e9rito imperfeito<\/em>), som ocks\u00e5 beskriver det f\u00f6rflutna men med olika anv\u00e4ndningsomr\u00e5den.<\/p>\n<h3>Preteritum<\/h3>\n<ul>\n<li>Anv\u00e4nds f\u00f6r avslutade handlingar och specifika h\u00e4ndelser i det f\u00f6rflutna.<\/li>\n<li>Exempel: <em>Ontem, eu viajei para Lisboa.<\/em> (Ig\u00e5r reste jag till Lissabon.)<\/li>\n<\/ul>\n<h3>Imperfektum<\/h3>\n<ul>\n<li>Anv\u00e4nds f\u00f6r p\u00e5g\u00e5ende eller vanem\u00e4ssiga handlingar i det f\u00f6rflutna, eller f\u00f6r att beskriva bakgrund.<\/li>\n<li>Exempel: <em>Quando eu era crian\u00e7a, eu viajava muito.<\/em> (N\u00e4r jag var barn reste jag mycket.)<\/li>\n<\/ul>\n<h2>Tips f\u00f6r att l\u00e4ra sig preteritum i portugisisk grammatik<\/h2>\n<p>Att l\u00e4ra sig preteritum effektivt kr\u00e4ver \u00f6vning och r\u00e4tt metodik. H\u00e4r \u00e4r n\u00e5gra anv\u00e4ndbara tips:<\/p>\n<ul>\n<li><strong>\u00d6va regelbundet:<\/strong> Repetera b\u00f6jningarna varje dag f\u00f6r att bef\u00e4sta minnet.<\/li>\n<li><strong>Anv\u00e4nd kontext:<\/strong> Skriv eller prata om verkliga situationer i det f\u00f6rflutna.<\/li>\n<li><strong>L\u00e4r dig oregelbundna verb:<\/strong> Skapa flashcards och fokusera extra p\u00e5 dessa.<\/li>\n<li><strong>Lyssna och h\u00e4rma:<\/strong> Anv\u00e4nd podcasts, filmer och samtal f\u00f6r att h\u00f6ra preteritum i naturligt sammanhang.<\/li>\n<li><strong>Anv\u00e4nd digitala verktyg:<\/strong> Plattformar som Talkpal erbjuder interaktiva \u00f6vningar och m\u00f6jligheten att \u00f6va med modersm\u00e5lstalare, vilket g\u00f6r inl\u00e4rningen mer levande och effektiv.<\/li>\n<\/ul>\n<h2>Vanliga misstag att undvika<\/h2>\n<p>N\u00e4r du l\u00e4r dig preteritum i portugisisk grammatik \u00e4r det vanligt att g\u00f6ra vissa misstag. H\u00e4r \u00e4r n\u00e5gra vanliga fallgropar att vara uppm\u00e4rksam p\u00e5:<\/p>\n<ul>\n<li><strong>F\u00f6rv\u00e4xling med imperfektum:<\/strong> Att anv\u00e4nda preteritum f\u00f6r p\u00e5g\u00e5ende eller vana handlingar i det f\u00f6rflutna kan leda till missf\u00f6rst\u00e5nd.<\/li>\n<li><strong>Bristande konjugation av oregelbundna verb:<\/strong> Att anv\u00e4nda regelbundna m\u00f6nster p\u00e5 oregelbundna verb \u00e4r ett vanligt fel.<\/li>\n<li><strong>Felaktig anv\u00e4ndning av personliga pronomen:<\/strong> Att gl\u00f6mma att anpassa verb\u00e4ndelser efter subjektet kan g\u00f6ra meningar obegripliga.<\/li>\n<\/ul>\n<h2>Sammanfattning<\/h2>\n<p>Preteritum \u00e4r en grundl\u00e4ggande del av portugisisk grammatik som anv\u00e4nds f\u00f6r att beskriva avslutade handlingar i det f\u00f6rflutna. Genom att l\u00e4ra sig b\u00e5de regelbunden och oregelbunden b\u00f6jning av verb kan du uttrycka dig korrekt och naturligt. Att f\u00f6rst\u00e5 skillnaden mellan preteritum och imperfektum \u00e4r ocks\u00e5 avg\u00f6rande f\u00f6r att undvika missf\u00f6rst\u00e5nd. Med hj\u00e4lp av interaktiva verktyg som Talkpal kan du snabbare och enklare bem\u00e4stra denna tidsform. Kontinuerlig \u00f6vning, b\u00e5de skriftligt och muntligt, \u00e4r nyckeln till framg\u00e5ng i din portugisiska spr\u00e5kinl\u00e4rning.<\/p>\n","protected":false},"featured_media":1527753,"template":"","language":[7502,7504],"class_list":["post-1098486","grammar","type-grammar","status-publish","has-post-thumbnail","hentry","language-portugisiska","language-tempus-indikativ-portugisisk-grammatik"],"acf":[],"yoast_head":"<!-- This site is optimized with the Yoast SEO Premium plugin v27.2 (Yoast SEO v27.2) - https:\/\/yoast.com\/product\/yoast-seo-premium-wordpress\/ -->\n<title>Preterite i portugisisk grammatik - Talkpal<\/title>\n<meta name=\"description\" content=\"Att beh\u00e4rska preteritum i portugisisk grammatik \u00e4r avg\u00f6rande f\u00f6r att kunna uttrycka handlingar som intr\u00e4ffat och avslutats i det f\u00f6rflutna. Det \u00e4r en av\" \/>\n<meta name=\"robots\" content=\"index, follow, max-snippet:-1, max-image-preview:large, max-video-preview:-1\" \/>\n<link rel=\"canonical\" href=\"https:\/\/talkpal.ai\/sv\/grammar\/preterite-i-portugisisk-grammatik\/\" \/>\n<meta property=\"og:locale\" content=\"sv_SE\" \/>\n<meta property=\"og:type\" content=\"article\" \/>\n<meta property=\"og:title\" content=\"Preterite i portugisisk grammatik\" \/>\n<meta property=\"og:description\" content=\"Att beh\u00e4rska preteritum i portugisisk grammatik \u00e4r avg\u00f6rande f\u00f6r att kunna uttrycka handlingar som intr\u00e4ffat och avslutats i det f\u00f6rflutna. Det \u00e4r en av\" \/>\n<meta property=\"og:url\" content=\"https:\/\/talkpal.ai\/sv\/grammar\/preterite-i-portugisisk-grammatik\/\" \/>\n<meta property=\"og:site_name\" content=\"Talkpal\" \/>\n<meta property=\"article:publisher\" content=\"https:\/\/www.facebook.com\/profile.php?id=100090733639311\" \/>\n<meta property=\"og:image\" content=\"https:\/\/talkpal.ai\/wp-content\/uploads\/2025\/02\/Progress-tab-16_9.png\" \/>\n\t<meta property=\"og:image:width\" content=\"2880\" \/>\n\t<meta property=\"og:image:height\" content=\"1620\" \/>\n\t<meta property=\"og:image:type\" content=\"image\/png\" \/>\n<meta name=\"twitter:card\" content=\"summary_large_image\" \/>\n<meta name=\"twitter:site\" content=\"@talkpalai\" \/>\n<meta name=\"twitter:label1\" content=\"Ber\u00e4knad l\u00e4stid\" \/>\n\t<meta name=\"twitter:data1\" content=\"5 minuter\" \/>\n<script type=\"application\/ld+json\" class=\"yoast-schema-graph\">{\"@context\":\"https:\/\/schema.org\",\"@graph\":[{\"@type\":\"WebPage\",\"@id\":\"https:\/\/talkpal.ai\/sv\/grammar\/preterite-i-portugisisk-grammatik\/\",\"url\":\"https:\/\/talkpal.ai\/sv\/grammar\/preterite-i-portugisisk-grammatik\/\",\"name\":\"Preterite i portugisisk grammatik - Talkpal\",\"isPartOf\":{\"@id\":\"https:\/\/talkpal.ai\/sv\/#website\"},\"primaryImageOfPage\":{\"@id\":\"https:\/\/talkpal.ai\/sv\/grammar\/preterite-i-portugisisk-grammatik\/#primaryimage\"},\"image\":{\"@id\":\"https:\/\/talkpal.ai\/sv\/grammar\/preterite-i-portugisisk-grammatik\/#primaryimage\"},\"thumbnailUrl\":\"https:\/\/talkpal.ai\/wp-content\/uploads\/2025\/12\/library-is-entered-to-learn-languages.webp\",\"datePublished\":\"2025-07-03T09:05:34+00:00\",\"description\":\"Att beh\u00e4rska preteritum i portugisisk grammatik \u00e4r avg\u00f6rande f\u00f6r att kunna uttrycka handlingar som intr\u00e4ffat och avslutats i det f\u00f6rflutna. Det \u00e4r en av\",\"breadcrumb\":{\"@id\":\"https:\/\/talkpal.ai\/sv\/grammar\/preterite-i-portugisisk-grammatik\/#breadcrumb\"},\"inLanguage\":\"sv-SE\",\"potentialAction\":[{\"@type\":\"ReadAction\",\"target\":[\"https:\/\/talkpal.ai\/sv\/grammar\/preterite-i-portugisisk-grammatik\/\"]}]},{\"@type\":\"ImageObject\",\"inLanguage\":\"sv-SE\",\"@id\":\"https:\/\/talkpal.ai\/sv\/grammar\/preterite-i-portugisisk-grammatik\/#primaryimage\",\"url\":\"https:\/\/talkpal.ai\/wp-content\/uploads\/2025\/12\/library-is-entered-to-learn-languages.webp\",\"contentUrl\":\"https:\/\/talkpal.ai\/wp-content\/uploads\/2025\/12\/library-is-entered-to-learn-languages.webp\",\"width\":1200,\"height\":896,\"caption\":\"Students sit at small tables in a cozy library while learning languages.\"},{\"@type\":\"BreadcrumbList\",\"@id\":\"https:\/\/talkpal.ai\/sv\/grammar\/preterite-i-portugisisk-grammatik\/#breadcrumb\",\"itemListElement\":[{\"@type\":\"ListItem\",\"position\":1,\"name\":\"Homepage\",\"item\":\"https:\/\/talkpal.ai\/sv\/\"},{\"@type\":\"ListItem\",\"position\":2,\"name\":\"Preterite i portugisisk grammatik\"}]},{\"@type\":\"WebSite\",\"@id\":\"https:\/\/talkpal.ai\/sv\/#website\",\"url\":\"https:\/\/talkpal.ai\/sv\/\",\"name\":\"Talkpal\",\"description\":\"AI Language Learning\",\"publisher\":{\"@id\":\"https:\/\/talkpal.ai\/sv\/#organization\"},\"alternateName\":\"Talkpal AI\",\"potentialAction\":[{\"@type\":\"SearchAction\",\"target\":{\"@type\":\"EntryPoint\",\"urlTemplate\":\"https:\/\/talkpal.ai\/sv\/?s={search_term_string}\"},\"query-input\":{\"@type\":\"PropertyValueSpecification\",\"valueRequired\":true,\"valueName\":\"search_term_string\"}}],\"inLanguage\":\"sv-SE\"},{\"@type\":\"Organization\",\"@id\":\"https:\/\/talkpal.ai\/sv\/#organization\",\"name\":\"Talkpal, Inc.\",\"alternateName\":\"Talkpal AI\",\"url\":\"https:\/\/talkpal.ai\/sv\/\",\"logo\":{\"@type\":\"ImageObject\",\"inLanguage\":\"sv-SE\",\"@id\":\"https:\/\/talkpal.ai\/sv\/#\/schema\/logo\/image\/\",\"url\":\"https:\/\/talkpal.ai\/wp-content\/uploads\/2024\/03\/Talkpal-Logo-Icon.png\",\"contentUrl\":\"https:\/\/talkpal.ai\/wp-content\/uploads\/2024\/03\/Talkpal-Logo-Icon.png\",\"width\":2880,\"height\":2880,\"caption\":\"Talkpal, Inc.\"},\"image\":{\"@id\":\"https:\/\/talkpal.ai\/sv\/#\/schema\/logo\/image\/\"},\"sameAs\":[\"https:\/\/www.facebook.com\/profile.php?id=100090733639311\",\"https:\/\/x.com\/talkpalai\",\"https:\/\/www.linkedin.com\/company\/talkpal\/\",\"https:\/\/www.youtube.com\/@TalkPal\/\",\"https:\/\/www.tiktok.com\/@talkpal\",\"https:\/\/www.instagram.com\/talkpal_ai\/\",\"https:\/\/www.crunchbase.com\/organization\/talkpal-9cde\",\"https:\/\/www.g2.com\/products\/talkpal-for-business\/\",\"https:\/\/www.trustpilot.com\/review\/talkpal.ai\",\"https:\/\/www.capterra.com\/p\/10006800\/TalkPal\/\"],\"description\":\"Talkpal is a language learning web and mobile education app, powered by the latest AI technologies, that provides engaging experiences to its customers in many different languages to help them improve their language skills. Users can chat about unlimited amount of topics with the app and use other modes to practice their language learning.\",\"email\":\"support@talkpal.ai\",\"legalName\":\"Talkpal, Inc.\",\"foundingDate\":\"2023-04-03\",\"duns\":\"118989042\",\"numberOfEmployees\":{\"@type\":\"QuantitativeValue\",\"minValue\":\"11\",\"maxValue\":\"50\"},\"publishingPrinciples\":\"https:\/\/talkpal.ai\/publishing-principles\/\",\"actionableFeedbackPolicy\":\"https:\/\/talkpal.ai\/actionable-feedback-policy\/\",\"correctionsPolicy\":\"https:\/\/talkpal.ai\/corrections-policy\/\",\"ethicsPolicy\":\"https:\/\/talkpal.ai\/ethics-policy\/\",\"diversityPolicy\":\"https:\/\/talkpal.ai\/diversity-policy\/\",\"diversityStaffingReport\":\"https:\/\/talkpal.ai\/diversity-policy\/\"}]}<\/script>\n<!-- \/ Yoast SEO Premium plugin. -->","yoast_head_json":{"title":"Preterite i portugisisk grammatik - Talkpal","description":"Att beh\u00e4rska preteritum i portugisisk grammatik \u00e4r avg\u00f6rande f\u00f6r att kunna uttrycka handlingar som intr\u00e4ffat och avslutats i det f\u00f6rflutna. Det \u00e4r en av","robots":{"index":"index","follow":"follow","max-snippet":"max-snippet:-1","max-image-preview":"max-image-preview:large","max-video-preview":"max-video-preview:-1"},"canonical":"https:\/\/talkpal.ai\/sv\/grammar\/preterite-i-portugisisk-grammatik\/","og_locale":"sv_SE","og_type":"article","og_title":"Preterite i portugisisk grammatik","og_description":"Att beh\u00e4rska preteritum i portugisisk grammatik \u00e4r avg\u00f6rande f\u00f6r att kunna uttrycka handlingar som intr\u00e4ffat och avslutats i det f\u00f6rflutna. Det \u00e4r en av","og_url":"https:\/\/talkpal.ai\/sv\/grammar\/preterite-i-portugisisk-grammatik\/","og_site_name":"Talkpal","article_publisher":"https:\/\/www.facebook.com\/profile.php?id=100090733639311","og_image":[{"width":2880,"height":1620,"url":"https:\/\/talkpal.ai\/wp-content\/uploads\/2025\/02\/Progress-tab-16_9.png","type":"image\/png"}],"twitter_card":"summary_large_image","twitter_site":"@talkpalai","twitter_misc":{"Ber\u00e4knad l\u00e4stid":"5 minuter"},"schema":{"@context":"https:\/\/schema.org","@graph":[{"@type":"WebPage","@id":"https:\/\/talkpal.ai\/sv\/grammar\/preterite-i-portugisisk-grammatik\/","url":"https:\/\/talkpal.ai\/sv\/grammar\/preterite-i-portugisisk-grammatik\/","name":"Preterite i portugisisk grammatik - Talkpal","isPartOf":{"@id":"https:\/\/talkpal.ai\/sv\/#website"},"primaryImageOfPage":{"@id":"https:\/\/talkpal.ai\/sv\/grammar\/preterite-i-portugisisk-grammatik\/#primaryimage"},"image":{"@id":"https:\/\/talkpal.ai\/sv\/grammar\/preterite-i-portugisisk-grammatik\/#primaryimage"},"thumbnailUrl":"https:\/\/talkpal.ai\/wp-content\/uploads\/2025\/12\/library-is-entered-to-learn-languages.webp","datePublished":"2025-07-03T09:05:34+00:00","description":"Att beh\u00e4rska preteritum i portugisisk grammatik \u00e4r avg\u00f6rande f\u00f6r att kunna uttrycka handlingar som intr\u00e4ffat och avslutats i det f\u00f6rflutna. Det \u00e4r en av","breadcrumb":{"@id":"https:\/\/talkpal.ai\/sv\/grammar\/preterite-i-portugisisk-grammatik\/#breadcrumb"},"inLanguage":"sv-SE","potentialAction":[{"@type":"ReadAction","target":["https:\/\/talkpal.ai\/sv\/grammar\/preterite-i-portugisisk-grammatik\/"]}]},{"@type":"ImageObject","inLanguage":"sv-SE","@id":"https:\/\/talkpal.ai\/sv\/grammar\/preterite-i-portugisisk-grammatik\/#primaryimage","url":"https:\/\/talkpal.ai\/wp-content\/uploads\/2025\/12\/library-is-entered-to-learn-languages.webp","contentUrl":"https:\/\/talkpal.ai\/wp-content\/uploads\/2025\/12\/library-is-entered-to-learn-languages.webp","width":1200,"height":896,"caption":"Students sit at small tables in a cozy library while learning languages."},{"@type":"BreadcrumbList","@id":"https:\/\/talkpal.ai\/sv\/grammar\/preterite-i-portugisisk-grammatik\/#breadcrumb","itemListElement":[{"@type":"ListItem","position":1,"name":"Homepage","item":"https:\/\/talkpal.ai\/sv\/"},{"@type":"ListItem","position":2,"name":"Preterite i portugisisk grammatik"}]},{"@type":"WebSite","@id":"https:\/\/talkpal.ai\/sv\/#website","url":"https:\/\/talkpal.ai\/sv\/","name":"Talkpal","description":"AI Language Learning","publisher":{"@id":"https:\/\/talkpal.ai\/sv\/#organization"},"alternateName":"Talkpal AI","potentialAction":[{"@type":"SearchAction","target":{"@type":"EntryPoint","urlTemplate":"https:\/\/talkpal.ai\/sv\/?s={search_term_string}"},"query-input":{"@type":"PropertyValueSpecification","valueRequired":true,"valueName":"search_term_string"}}],"inLanguage":"sv-SE"},{"@type":"Organization","@id":"https:\/\/talkpal.ai\/sv\/#organization","name":"Talkpal, Inc.","alternateName":"Talkpal AI","url":"https:\/\/talkpal.ai\/sv\/","logo":{"@type":"ImageObject","inLanguage":"sv-SE","@id":"https:\/\/talkpal.ai\/sv\/#\/schema\/logo\/image\/","url":"https:\/\/talkpal.ai\/wp-content\/uploads\/2024\/03\/Talkpal-Logo-Icon.png","contentUrl":"https:\/\/talkpal.ai\/wp-content\/uploads\/2024\/03\/Talkpal-Logo-Icon.png","width":2880,"height":2880,"caption":"Talkpal, Inc."},"image":{"@id":"https:\/\/talkpal.ai\/sv\/#\/schema\/logo\/image\/"},"sameAs":["https:\/\/www.facebook.com\/profile.php?id=100090733639311","https:\/\/x.com\/talkpalai","https:\/\/www.linkedin.com\/company\/talkpal\/","https:\/\/www.youtube.com\/@TalkPal\/","https:\/\/www.tiktok.com\/@talkpal","https:\/\/www.instagram.com\/talkpal_ai\/","https:\/\/www.crunchbase.com\/organization\/talkpal-9cde","https:\/\/www.g2.com\/products\/talkpal-for-business\/","https:\/\/www.trustpilot.com\/review\/talkpal.ai","https:\/\/www.capterra.com\/p\/10006800\/TalkPal\/"],"description":"Talkpal is a language learning web and mobile education app, powered by the latest AI technologies, that provides engaging experiences to its customers in many different languages to help them improve their language skills. Users can chat about unlimited amount of topics with the app and use other modes to practice their language learning.","email":"support@talkpal.ai","legalName":"Talkpal, Inc.","foundingDate":"2023-04-03","duns":"118989042","numberOfEmployees":{"@type":"QuantitativeValue","minValue":"11","maxValue":"50"},"publishingPrinciples":"https:\/\/talkpal.ai\/publishing-principles\/","actionableFeedbackPolicy":"https:\/\/talkpal.ai\/actionable-feedback-policy\/","correctionsPolicy":"https:\/\/talkpal.ai\/corrections-policy\/","ethicsPolicy":"https:\/\/talkpal.ai\/ethics-policy\/","diversityPolicy":"https:\/\/talkpal.ai\/diversity-policy\/","diversityStaffingReport":"https:\/\/talkpal.ai\/diversity-policy\/"}]}},"_links":{"self":[{"href":"https:\/\/talkpal.ai\/sv\/wp-json\/wp\/v2\/grammar\/1098486","targetHints":{"allow":["GET"]}}],"collection":[{"href":"https:\/\/talkpal.ai\/sv\/wp-json\/wp\/v2\/grammar"}],"about":[{"href":"https:\/\/talkpal.ai\/sv\/wp-json\/wp\/v2\/types\/grammar"}],"wp:featuredmedia":[{"embeddable":true,"href":"https:\/\/talkpal.ai\/sv\/wp-json\/wp\/v2\/media\/1527753"}],"wp:attachment":[{"href":"https:\/\/talkpal.ai\/sv\/wp-json\/wp\/v2\/media?parent=1098486"}],"wp:term":[{"taxonomy":"language","embeddable":true,"href":"https:\/\/talkpal.ai\/sv\/wp-json\/wp\/v2\/language?post=1098486"}],"curies":[{"name":"wp","href":"https:\/\/api.w.org\/{rel}","templated":true}]}}