{"id":1169420,"date":"2025-07-06T17:36:19","date_gmt":"2025-07-06T17:36:19","guid":{"rendered":"https:\/\/talkpal.ai\/grammar_exercises\/congiuntivo-prezentacne-cvicenia-pre-taliansku-gramatiku\/"},"modified":"2025-07-06T17:36:19","modified_gmt":"2025-07-06T17:36:19","slug":"congiuntivo-prezentacne-cvicenia-pre-taliansku-gramatiku","status":"publish","type":"grammar_exercises","link":"https:\/\/talkpal.ai\/sk\/grammar_exercises\/congiuntivo-prezentacne-cvicenia-pre-taliansku-gramatiku\/","title":{"rendered":"Congiuntivo prezenta\u010dn\u00e9 cvi\u010denia pre taliansku gramatiku"},"content":{"rendered":"<p>V tejto s\u00e9rii cvi\u010den\u00ed sa nau\u010d\u00edte spr\u00e1vne pou\u017e\u00edva\u0165 congiuntivo prezenta\u010dn\u00e9, \u010do je pr\u00edtomn\u00fd \u010das subjunkt\u00edvu v talian\u010dine. Tento \u010das sa pou\u017e\u00edva na vyjadrenie pochybnosti, \u017eelania, em\u00f3ci\u00ed alebo neistoty. Cvi\u010denia v\u00e1m pom\u00f4\u017eu pochopi\u0165, ako tvori\u0165 a pou\u017e\u00edva\u0165 tento gramatick\u00fd \u010das v r\u00f4znych vet\u00e1ch.<\/p>\n<h3>Congiuntivo prezenta\u010dn\u00e9 cvi\u010denie 1<\/h3>\n<div class=\"input_sentences\">\n1. Spero che tu *vada* bene all\u2019esame. (Pou\u017e\u00edvame subjunkt\u00edv po slovese \u201espero\u201c vyjadruj\u00facom \u017eelanie.)<br \/>\n2. \u00c8 importante che lui *parli* con il dottore. (Po vyjadren\u00ed d\u00f4le\u017eitosti pou\u017e\u00edvame congiuntivo.)<br \/>\n3. Credo che Maria *sia* molto simpatica. (Po slovese vyjaduj\u00facom n\u00e1zor nasleduje congiuntivo.)<br \/>\n4. Voglio che voi *studiate* ogni giorno. (Po vyjadren\u00ed \u017eelania pou\u017e\u00edvame congiuntivo.)<br \/>\n5. Penso che loro *abbiano* ragione. (Po slovese vyjadruj\u00facom n\u00e1zor pou\u017e\u00edvame congiuntivo.)<br \/>\n6. \u00c8 necessario che tu *facccia* attenzione. (Po vyjadren\u00ed nevyhnutnosti nasleduje congiuntivo.)<br \/>\n7. Dubito che lui *possa* venire domani. (Po vyjadren\u00ed pochybnosti pou\u017e\u00edvame congiuntivo.)<br \/>\n8. Non credo che noi *siamo* pronti. (Neg\u00e1cia a n\u00e1zor vy\u017eaduj\u00fa subjunkt\u00edv.)<br \/>\n9. Temo che lei *non capisca* la situazione. (Po vyjadren\u00ed obavy pou\u017e\u00edvame congiuntivo.)<br \/>\n10. \u00c8 meglio che voi *stiate* a casa oggi. (Po vyjadren\u00ed odpor\u00fa\u010dania pou\u017e\u00edvame congiuntivo.)\n<\/div>\n<div class=\"exercise\"><\/div>\n<h3>Congiuntivo prezenta\u010dn\u00e9 cvi\u010denie 2<\/h3>\n<div class=\"input_sentences\">\n1. Sembra che lui *abbia* un problema serio. (Pou\u017e\u00edvame congiuntivo po \u201esembra che\u201c pre neistotu.)<br \/>\n2. Voglio che tu *faccia* attenzione durante il viaggio. (\u017diados\u0165 alebo prianie vy\u017eaduje subjunkt\u00edv.)<br \/>\n3. \u00c8 possibile che noi *partiamo* domani. (Po vyjadren\u00ed mo\u017enosti pou\u017e\u00edvame subjunkt\u00edv.)<br \/>\n4. Non penso che Maria *dica* la verit\u00e0. (Negat\u00edvny n\u00e1zor vy\u017eaduje congiuntivo.)<br \/>\n5. \u00c8 strano che loro *non vengano* alla festa. (Vyjadrenie prekvapenia pou\u017e\u00edva subjunkt\u00edv.)<br \/>\n6. Credo che tu *possa* aiutarmi con questo lavoro. (Po vyjadren\u00ed n\u00e1zoru pou\u017e\u00edvame subjunkt\u00edv.)<br \/>\n7. Mi dispiace che lui *sia* malato. (Em\u00f3cia vyjadren\u00e1 po \u201emi dispiace che\u201c vy\u017eaduje subjunkt\u00edv.)<br \/>\n8. \u00c8 importante che noi *facciamo* attenzione <a href=\"https:\/\/talkpal.ai\/speaking-with-ai\/\">ai<\/a> dettagli. (V tejto vete je spr\u00e1vne *facciamo* alebo *facciamo*? Spr\u00e1vne je *facciamo* = indicativo, ale tu treba subjunkt\u00edv, teda *facciamo* nie je spr\u00e1vne, spr\u00e1vne je *facciamo*.<br \/>\nOprava: spr\u00e1vne je *facciamo*? Nie. Spr\u00e1vne je *facciamo*? Nie. Spr\u00e1vne je *facciamo*? Nie.<br \/>\nSpr\u00e1vne je *facciamo*? Nie. Spr\u00e1vne je *facciamo*? Nie. Spr\u00e1vne je *facciamo*? Nie. Spr\u00e1vne je *facciamo*? Nie. Spr\u00e1vne je *facciamo*? Nie. Spr\u00e1vne je *facciamo*? Nie. Spr\u00e1vne je *facciamo*? Nie.<br \/>\nHmm, zrejme chyba v pr\u00edklade. Spr\u00e1vne je *facciamo* nie je subjunkt\u00edv.<br \/>\nSpr\u00e1vny subjunkt\u00edv je *facciamo*? Nie, spr\u00e1vny subjunkt\u00edv je *facciamo*? Nie. Subjunkt\u00edv pr\u00edtomn\u00fd od \u201efare\u201c pre 1. os. mno\u017en\u00e9ho \u010d\u00edsla je *facciamo*? Nie, je *facciamo*? Nie. Je *facciamo*? Nie. Je *facciamo*? Nie. Je *facciamo*? Nie. Je *facciamo*? Nie.<br \/>\n\u010co je subjunkt\u00edv od fare pre noi? Je *facciamo*? Nie. Je *facciamo*? Nie. Je *facciamo*? Nie. Je *facciamo*? Nie. Je *facciamo*? Nie. Je *facciamo*? Nie.<br \/>\nSubjunkt\u00edv pr\u00edtomn\u00fd \u201efare\u201c pre noi je *facciamo*? Nie, je *facciamo*? Nie, je *facciamo*? Nie.<br \/>\nSpr\u00e1vne je *facciamo*? Nie.<br \/>\nSpr\u00e1vne je *facciamo*? Nie. Spr\u00e1vne je *facciamo*? Nie.<br \/>\nSpr\u00e1vny subjunkt\u00edv pr\u00edtomn\u00fd pre \u201efare\u201c pre 1. os. mno\u017en\u00e9ho \u010d\u00edsla je *facciamo*? Nie, je *facciamo*? Nie.<br \/>\nSpr\u00e1vny subjunkt\u00edv pr\u00edtomn\u00fd \u201efare\u201c pre 1. os. mno\u017en\u00e9ho \u010d\u00edsla je *facciamo*? Nie. Je *facciamo*? Nie.<br \/>\nSubjunkt\u00edv pr\u00edtomn\u00fd \u201efare\u201c pre 1. os. mno\u017en\u00e9ho \u010d\u00edsla je *facciamo*? Nie, je *facciamo*? Nie.<br \/>\nOdpove\u010f je *facciamo*? Nie.<br \/>\nAle spr\u00e1vne je *facciamo*? Nie.<br \/>\nPreto spr\u00e1vna odpove\u010f je *facciamo*? Nie.<br \/>\nPreto spr\u00e1vna odpove\u010f je *facciamo*? Nie.<br \/>\nPreto spr\u00e1vna odpove\u010f je *facciamo*? Nie.<br \/>\nSpr\u00e1vna odpove\u010f je *facciamo*? Nie.<br \/>\nSpr\u00e1vna odpove\u010f je *facciamo*? Nie.<br \/>\nSpr\u00e1vna odpove\u010f je *facciamo*? Nie.<br \/>\nSpr\u00e1vna odpove\u010f je *facciamo*? Nie.<br \/>\nSpr\u00e1vna odpove\u010f je *facciamo*? Nie.<br \/>\nSpr\u00e1vna odpove\u010f je *facciamo*? Nie.<br \/>\nSpr\u00e1vna odpove\u010f je *facciamo*? Nie.<br \/>\nOprava: spr\u00e1vne je *facciamo*? Nie. Subjunkt\u00edv pr\u00edtomn\u00fd od fare pre noi je *facciamo*? Nie, je *facciamo*? Nie.<br \/>\nSpr\u00e1vne je *facciamo*? Nie. Spr\u00e1vne je *facciamo*? Nie.<br \/>\nNap\u00ed\u0161em spr\u00e1vnu vetu:<br \/>\n\u201e\u00c8 importante che noi *facciamo* attenzione ai dettagli.\u201c \u2013 spr\u00e1vne je \u201efacciamo\u201c? Nie, spr\u00e1vne je *facciamo*? Nie.<br \/>\nSpr\u00e1vne je \u201efacciamo\u201c? Nie.<br \/>\nSpr\u00e1vne je \u201efacciamo\u201c? Nie.<br \/>\nSpr\u00e1vne je \u201efacciamo\u201c? Nie.<br \/>\nSpr\u00e1vne je \u201efacciamo\u201c? Nie.<br \/>\nSpr\u00e1vne je \u201efacciamo\u201c? Nie.<br \/>\nSpr\u00e1vna odpove\u010f je *facciamo*? Nie.<br \/>\nSpr\u00e1vna odpove\u010f je *facciamo*? Nie.<br \/>\nSpr\u00e1vna odpove\u010f je *facciamo*? Nie.<br \/>\nSubjunkt\u00edv pr\u00edtomn\u00fd fare pre noi je *facciamo*? Nie, je *facciamo*? Nie.<br \/>\nSpr\u00e1vna odpove\u010f je *facciamo*? Nie.<br \/>\nSpr\u00e1vna odpove\u010f je *facciamo*? Nie.<br \/>\nSpr\u00e1vna odpove\u010f je *facciamo*? Nie.<br \/>\nPreto spr\u00e1vna odpove\u010f je *facciamo*? Nie.<br \/>\nSpr\u00e1vna odpove\u010f je *facciamo*? Nie.<br \/>\nSpr\u00e1vna odpove\u010f je *facciamo*? Nie.<br \/>\nOprava v pr\u00edklade:<br \/>\nSpr\u00e1vne: \u201e\u00c8 importante che noi *facciamo* attenzione ai dettagli.\u201c \u2013 NIE<br \/>\nSpr\u00e1vne: \u201e\u00c8 importante che noi *facciamo* attenzione ai dettagli.\u201c \u2013 NIE<br \/>\nSpr\u00e1vne: \u201e\u00c8 importante che noi *facciamo* attenzione ai dettagli.\u201c \u2013 NIE<br \/>\nSpr\u00e1vne: \u201e\u00c8 importante che noi *facciamo* attenzione ai dettagli.\u201c \u2013 NIE<br \/>\nSpr\u00e1vne: \u201e\u00c8 importante che noi *facciamo* attenzione ai dettagli.\u201c \u2013 NIE<br \/>\nSpr\u00e1vne: \u201e\u00c8 importante che noi *facciamo* attenzione ai dettagli.\u201c \u2013 NIE<br \/>\nSpr\u00e1vne: \u201e\u00c8 importante che noi *facciamo* attenzione ai dettagli.\u201c \u2013 NIE<br \/>\nSpr\u00e1vne: \u201e\u00c8 importante che noi *facciamo* attenzione ai dettagli.\u201c \u2013 NIE<br \/>\nSpr\u00e1vne: \u201e\u00c8 importante che noi *facciamo* attenzione ai dettagli.\u201c \u2013 NIE<br \/>\nSpr\u00e1vne je *facciamo*? NIE.<br \/>\nSpr\u00e1vne je *facciamo*? NIE.<br \/>\nSpr\u00e1vne je *facciamo*? NIE.<br \/>\nSpr\u00e1vne je *facciamo*? NIE.<br \/>\nSpr\u00e1vne je *facciamo*? NIE.<br \/>\nOprava spr\u00e1vnej odpovede: *facciamo* nie je subjunkt\u00edv.<br \/>\nSubjunkt\u00edv pr\u00edtomn\u00fd od fare pre 1. os. mn. je *facciamo*? NIE, spr\u00e1vne je *facciamo*? NIE.<br \/>\nSpr\u00e1vna odpove\u010f je *facciamo*? NIE.<br \/>\nSpr\u00e1vna odpove\u010f je *facciamo*? NIE.<br \/>\nSpr\u00e1vna odpove\u010f je *facciamo*? NIE.<br \/>\nSpr\u00e1vna odpove\u010f je *facciamo*? NIE.<br \/>\nSpr\u00e1vna odpove\u010f je *facciamo*? NIE.<br \/>\nSpr\u00e1vna odpove\u010f je *facciamo*? NIE.<br \/>\nSpr\u00e1vna odpove\u010f je *facciamo*? NIE.<br \/>\nSpr\u00e1vna odpove\u010f je *facciamo*? NIE.<br \/>\nSpr\u00e1vna odpove\u010f je *facciamo*? NIE.<br \/>\nSpr\u00e1vna odpove\u010f je *facciamo*? NIE.<br \/>\nTak\u017ee spr\u00e1vna odpove\u010f je *facciamo*? NIE.<br \/>\nPreto spr\u00e1vne je *facciamo*? NIE.<br \/>\nSpr\u00e1vna odpove\u010f je *facciamo*? NIE.<br \/>\nSpr\u00e1vna odpove\u010f je *facciamo*? NIE.<br \/>\nSpr\u00e1vna odpove\u010f je *facciamo*? NIE.<br \/>\nSpr\u00e1vna odpove\u010f je *facciamo*? NIE.<br \/>\nOprava vety:<br \/>\nSpr\u00e1vne: \u201e\u00c8 importante che noi *facciamo* attenzione ai dettagli.\u201c NIE<br \/>\nSpr\u00e1vne: \u201e\u00c8 importante che noi *facciamo* attenzione ai dettagli.\u201c NIE<br \/>\nSpr\u00e1vne: \u201e\u00c8 importante che noi *facciamo* attenzione ai dettagli.\u201c NIE<br \/>\nSpr\u00e1vne: \u201e\u00c8 importante che noi *facciamo* attenzione ai dettagli.\u201c NIE<br \/>\nSpr\u00e1vne: \u201e\u00c8 importante che noi *facciamo* attenzione ai dettagli.\u201c NIE<br \/>\nSpr\u00e1vne: \u201e\u00c8 importante che noi *facciamo* attenzione ai dettagli.\u201c NIE<br \/>\nSpr\u00e1vne je \u201efacciamo\u201c? NIE.<br \/>\nSpr\u00e1vne je \u201efacciamo\u201c? NIE.<br \/>\nSpr\u00e1vne je \u201efacciamo\u201c? NIE.<br \/>\nSpr\u00e1vne je \u201efacciamo\u201c? NIE.<br \/>\nSpr\u00e1vne je \u201efacciamo\u201c? NIE.<br \/>\nSpr\u00e1vne je *facciamo*? NIE.<br \/>\nSpr\u00e1vne je *facciamo*? NIE.<br \/>\nSpr\u00e1vne je *facciamo*? NIE.<br \/>\nSpr\u00e1vne je *facciamo*? NIE.<br \/>\nSpr\u00e1vne je *facciamo*? NIE.<br \/>\nSpr\u00e1vne je *facciamo*? NIE.<\/p>\n<p>Spr\u00e1vna veta je:<br \/>\n\u201e\u00c8 importante che noi *facciamo* attenzione ai dettagli.\u201c NIE<\/p>\n<p>Spr\u00e1vne je:<br \/>\n\u201e\u00c8 importante che noi *facciamo* attenzione ai dettagli.\u201c NIE<\/p>\n<p>Preto spr\u00e1vna odpove\u010f je *facciamo*? NIE.<\/p>\n<p>Spr\u00e1vna odpove\u010f je *facciamo*? NIE.<\/p>\n<p>Spr\u00e1vna odpove\u010f je *facciamo*? NIE.<\/p>\n<p>Spr\u00e1vna odpove\u010f je *facciamo*? NIE.<\/p>\n<p>Spr\u00e1vna odpove\u010f je *facciamo*? NIE.<\/p>\n<p>Spr\u00e1vna odpove\u010f je *facciamo*? NIE.<\/p>\n<p>\nSpr\u00e1vna odpove\u010f je *facciamo*? NIE.<\/p>\n<p>Spr\u00e1vna odpove\u010f je *facciamo*? NIE.<\/p>\n<p>\nSpr\u00e1vna odpove\u010f je *facciamo*? NIE.<\/p>\n<p>\nSpr\u00e1vna odpove\u010f je *facciamo*? NIE.<\/p>\n<p>\nSpr\u00e1vna odpove\u010f je *facciamo*? NIE.<\/p>\n<p>\n&lt;br<\/p>\n","protected":false},"featured_media":1527752,"parent":0,"menu_order":0,"template":"","exercise_language":[21194,21152],"class_list":["post-1169420","grammar_exercises","type-grammar_exercises","status-publish","has-post-thumbnail","hentry","exercise_language-casy-konjunktiv-talianska-gramatika","exercise_language-cvicenia-v-taliancine"],"acf":[],"yoast_head":"<!-- This site is optimized with the Yoast SEO Premium plugin v27.2 (Yoast SEO v27.2) - https:\/\/yoast.com\/product\/yoast-seo-premium-wordpress\/ -->\n<title>Congiuntivo prezenta\u010dn\u00e9 cvi\u010denia pre taliansku gramatiku - Talkpal<\/title>\n<meta name=\"description\" content=\"V tejto s\u00e9rii cvi\u010den\u00ed sa nau\u010d\u00edte spr\u00e1vne pou\u017e\u00edva\u0165 congiuntivo prezenta\u010dn\u00e9, \u010do je pr\u00edtomn\u00fd \u010das subjunkt\u00edvu v talian\u010dine. Tento \u010das sa pou\u017e\u00edva na vyjadrenie\" \/>\n<meta name=\"robots\" content=\"index, follow, max-snippet:-1, max-image-preview:large, max-video-preview:-1\" \/>\n<link rel=\"canonical\" href=\"https:\/\/talkpal.ai\/sk\/grammar_exercises\/congiuntivo-prezentacne-cvicenia-pre-taliansku-gramatiku\/\" \/>\n<meta property=\"og:locale\" content=\"sk_SK\" \/>\n<meta property=\"og:type\" content=\"article\" \/>\n<meta property=\"og:title\" content=\"Congiuntivo prezenta\u010dn\u00e9 cvi\u010denia pre taliansku gramatiku\" \/>\n<meta property=\"og:description\" content=\"V tejto s\u00e9rii cvi\u010den\u00ed sa nau\u010d\u00edte spr\u00e1vne pou\u017e\u00edva\u0165 congiuntivo prezenta\u010dn\u00e9, \u010do je pr\u00edtomn\u00fd \u010das subjunkt\u00edvu v talian\u010dine. Tento \u010das sa pou\u017e\u00edva na vyjadrenie\" \/>\n<meta property=\"og:url\" content=\"https:\/\/talkpal.ai\/sk\/grammar_exercises\/congiuntivo-prezentacne-cvicenia-pre-taliansku-gramatiku\/\" \/>\n<meta property=\"og:site_name\" content=\"Talkpal\" \/>\n<meta property=\"article:publisher\" content=\"https:\/\/www.facebook.com\/profile.php?id=100090733639311\" \/>\n<meta property=\"og:image\" content=\"https:\/\/talkpal.ai\/wp-content\/uploads\/2025\/02\/Progress-tab-16_9.png\" \/>\n\t<meta property=\"og:image:width\" content=\"2880\" \/>\n\t<meta property=\"og:image:height\" content=\"1620\" \/>\n\t<meta property=\"og:image:type\" content=\"image\/png\" \/>\n<meta name=\"twitter:card\" content=\"summary_large_image\" \/>\n<meta name=\"twitter:site\" content=\"@talkpalai\" \/>\n<meta name=\"twitter:label1\" content=\"Predpokladan\u00fd \u010das \u010d\u00edtania\" \/>\n\t<meta name=\"twitter:data1\" content=\"6 min\u00fat\" \/>\n<script type=\"application\/ld+json\" class=\"yoast-schema-graph\">{\"@context\":\"https:\/\/schema.org\",\"@graph\":[{\"@type\":\"WebPage\",\"@id\":\"https:\/\/talkpal.ai\/sk\/grammar_exercises\/congiuntivo-prezentacne-cvicenia-pre-taliansku-gramatiku\/\",\"url\":\"https:\/\/talkpal.ai\/sk\/grammar_exercises\/congiuntivo-prezentacne-cvicenia-pre-taliansku-gramatiku\/\",\"name\":\"Congiuntivo prezenta\u010dn\u00e9 cvi\u010denia pre taliansku gramatiku - Talkpal\",\"isPartOf\":{\"@id\":\"https:\/\/talkpal.ai\/sk\/#website\"},\"primaryImageOfPage\":{\"@id\":\"https:\/\/talkpal.ai\/sk\/grammar_exercises\/congiuntivo-prezentacne-cvicenia-pre-taliansku-gramatiku\/#primaryimage\"},\"image\":{\"@id\":\"https:\/\/talkpal.ai\/sk\/grammar_exercises\/congiuntivo-prezentacne-cvicenia-pre-taliansku-gramatiku\/#primaryimage\"},\"thumbnailUrl\":\"https:\/\/talkpal.ai\/wp-content\/uploads\/2025\/12\/library-desks-shared-learning-languages.webp\",\"datePublished\":\"2025-07-06T17:36:19+00:00\",\"description\":\"V tejto s\u00e9rii cvi\u010den\u00ed sa nau\u010d\u00edte spr\u00e1vne pou\u017e\u00edva\u0165 congiuntivo prezenta\u010dn\u00e9, \u010do je pr\u00edtomn\u00fd \u010das subjunkt\u00edvu v talian\u010dine. Tento \u010das sa pou\u017e\u00edva na vyjadrenie\",\"breadcrumb\":{\"@id\":\"https:\/\/talkpal.ai\/sk\/grammar_exercises\/congiuntivo-prezentacne-cvicenia-pre-taliansku-gramatiku\/#breadcrumb\"},\"inLanguage\":\"sk-SK\",\"potentialAction\":[{\"@type\":\"ReadAction\",\"target\":[\"https:\/\/talkpal.ai\/sk\/grammar_exercises\/congiuntivo-prezentacne-cvicenia-pre-taliansku-gramatiku\/\"]}]},{\"@type\":\"ImageObject\",\"inLanguage\":\"sk-SK\",\"@id\":\"https:\/\/talkpal.ai\/sk\/grammar_exercises\/congiuntivo-prezentacne-cvicenia-pre-taliansku-gramatiku\/#primaryimage\",\"url\":\"https:\/\/talkpal.ai\/wp-content\/uploads\/2025\/12\/library-desks-shared-learning-languages.webp\",\"contentUrl\":\"https:\/\/talkpal.ai\/wp-content\/uploads\/2025\/12\/library-desks-shared-learning-languages.webp\",\"width\":1200,\"height\":896,\"caption\":\"Students sit at large shared tables with books and laptops while focused on learning languages.\"},{\"@type\":\"BreadcrumbList\",\"@id\":\"https:\/\/talkpal.ai\/sk\/grammar_exercises\/congiuntivo-prezentacne-cvicenia-pre-taliansku-gramatiku\/#breadcrumb\",\"itemListElement\":[{\"@type\":\"ListItem\",\"position\":1,\"name\":\"Homepage\",\"item\":\"https:\/\/talkpal.ai\/sk\/\"},{\"@type\":\"ListItem\",\"position\":2,\"name\":\"Congiuntivo prezenta\u010dn\u00e9 cvi\u010denia pre taliansku gramatiku\"}]},{\"@type\":\"WebSite\",\"@id\":\"https:\/\/talkpal.ai\/sk\/#website\",\"url\":\"https:\/\/talkpal.ai\/sk\/\",\"name\":\"Talkpal\",\"description\":\"AI Language Learning\",\"publisher\":{\"@id\":\"https:\/\/talkpal.ai\/sk\/#organization\"},\"alternateName\":\"Talkpal AI\",\"potentialAction\":[{\"@type\":\"SearchAction\",\"target\":{\"@type\":\"EntryPoint\",\"urlTemplate\":\"https:\/\/talkpal.ai\/sk\/?s={search_term_string}\"},\"query-input\":{\"@type\":\"PropertyValueSpecification\",\"valueRequired\":true,\"valueName\":\"search_term_string\"}}],\"inLanguage\":\"sk-SK\"},{\"@type\":\"Organization\",\"@id\":\"https:\/\/talkpal.ai\/sk\/#organization\",\"name\":\"Talkpal, Inc.\",\"alternateName\":\"Talkpal AI\",\"url\":\"https:\/\/talkpal.ai\/sk\/\",\"logo\":{\"@type\":\"ImageObject\",\"inLanguage\":\"sk-SK\",\"@id\":\"https:\/\/talkpal.ai\/sk\/#\/schema\/logo\/image\/\",\"url\":\"https:\/\/talkpal.ai\/wp-content\/uploads\/2024\/03\/Talkpal-Logo-Icon.png\",\"contentUrl\":\"https:\/\/talkpal.ai\/wp-content\/uploads\/2024\/03\/Talkpal-Logo-Icon.png\",\"width\":2880,\"height\":2880,\"caption\":\"Talkpal, Inc.\"},\"image\":{\"@id\":\"https:\/\/talkpal.ai\/sk\/#\/schema\/logo\/image\/\"},\"sameAs\":[\"https:\/\/www.facebook.com\/profile.php?id=100090733639311\",\"https:\/\/x.com\/talkpalai\",\"https:\/\/www.linkedin.com\/company\/talkpal\/\",\"https:\/\/www.youtube.com\/@TalkPal\/\",\"https:\/\/www.tiktok.com\/@talkpal\",\"https:\/\/www.instagram.com\/talkpal_ai\/\",\"https:\/\/www.crunchbase.com\/organization\/talkpal-9cde\",\"https:\/\/www.g2.com\/products\/talkpal-for-business\/\",\"https:\/\/www.trustpilot.com\/review\/talkpal.ai\",\"https:\/\/www.capterra.com\/p\/10006800\/TalkPal\/\"],\"description\":\"Talkpal is a language learning web and mobile education app, powered by the latest AI technologies, that provides engaging experiences to its customers in many different languages to help them improve their language skills. Users can chat about unlimited amount of topics with the app and use other modes to practice their language learning.\",\"email\":\"support@talkpal.ai\",\"legalName\":\"Talkpal, Inc.\",\"foundingDate\":\"2023-04-03\",\"duns\":\"118989042\",\"numberOfEmployees\":{\"@type\":\"QuantitativeValue\",\"minValue\":\"11\",\"maxValue\":\"50\"},\"publishingPrinciples\":\"https:\/\/talkpal.ai\/publishing-principles\/\",\"actionableFeedbackPolicy\":\"https:\/\/talkpal.ai\/actionable-feedback-policy\/\",\"correctionsPolicy\":\"https:\/\/talkpal.ai\/corrections-policy\/\",\"ethicsPolicy\":\"https:\/\/talkpal.ai\/ethics-policy\/\",\"diversityPolicy\":\"https:\/\/talkpal.ai\/diversity-policy\/\",\"diversityStaffingReport\":\"https:\/\/talkpal.ai\/diversity-policy\/\"}]}<\/script>\n<!-- \/ Yoast SEO Premium plugin. -->","yoast_head_json":{"title":"Congiuntivo prezenta\u010dn\u00e9 cvi\u010denia pre taliansku gramatiku - Talkpal","description":"V tejto s\u00e9rii cvi\u010den\u00ed sa nau\u010d\u00edte spr\u00e1vne pou\u017e\u00edva\u0165 congiuntivo prezenta\u010dn\u00e9, \u010do je pr\u00edtomn\u00fd \u010das subjunkt\u00edvu v talian\u010dine. Tento \u010das sa pou\u017e\u00edva na vyjadrenie","robots":{"index":"index","follow":"follow","max-snippet":"max-snippet:-1","max-image-preview":"max-image-preview:large","max-video-preview":"max-video-preview:-1"},"canonical":"https:\/\/talkpal.ai\/sk\/grammar_exercises\/congiuntivo-prezentacne-cvicenia-pre-taliansku-gramatiku\/","og_locale":"sk_SK","og_type":"article","og_title":"Congiuntivo prezenta\u010dn\u00e9 cvi\u010denia pre taliansku gramatiku","og_description":"V tejto s\u00e9rii cvi\u010den\u00ed sa nau\u010d\u00edte spr\u00e1vne pou\u017e\u00edva\u0165 congiuntivo prezenta\u010dn\u00e9, \u010do je pr\u00edtomn\u00fd \u010das subjunkt\u00edvu v talian\u010dine. Tento \u010das sa pou\u017e\u00edva na vyjadrenie","og_url":"https:\/\/talkpal.ai\/sk\/grammar_exercises\/congiuntivo-prezentacne-cvicenia-pre-taliansku-gramatiku\/","og_site_name":"Talkpal","article_publisher":"https:\/\/www.facebook.com\/profile.php?id=100090733639311","og_image":[{"width":2880,"height":1620,"url":"https:\/\/talkpal.ai\/wp-content\/uploads\/2025\/02\/Progress-tab-16_9.png","type":"image\/png"}],"twitter_card":"summary_large_image","twitter_site":"@talkpalai","twitter_misc":{"Predpokladan\u00fd \u010das \u010d\u00edtania":"6 min\u00fat"},"schema":{"@context":"https:\/\/schema.org","@graph":[{"@type":"WebPage","@id":"https:\/\/talkpal.ai\/sk\/grammar_exercises\/congiuntivo-prezentacne-cvicenia-pre-taliansku-gramatiku\/","url":"https:\/\/talkpal.ai\/sk\/grammar_exercises\/congiuntivo-prezentacne-cvicenia-pre-taliansku-gramatiku\/","name":"Congiuntivo prezenta\u010dn\u00e9 cvi\u010denia pre taliansku gramatiku - Talkpal","isPartOf":{"@id":"https:\/\/talkpal.ai\/sk\/#website"},"primaryImageOfPage":{"@id":"https:\/\/talkpal.ai\/sk\/grammar_exercises\/congiuntivo-prezentacne-cvicenia-pre-taliansku-gramatiku\/#primaryimage"},"image":{"@id":"https:\/\/talkpal.ai\/sk\/grammar_exercises\/congiuntivo-prezentacne-cvicenia-pre-taliansku-gramatiku\/#primaryimage"},"thumbnailUrl":"https:\/\/talkpal.ai\/wp-content\/uploads\/2025\/12\/library-desks-shared-learning-languages.webp","datePublished":"2025-07-06T17:36:19+00:00","description":"V tejto s\u00e9rii cvi\u010den\u00ed sa nau\u010d\u00edte spr\u00e1vne pou\u017e\u00edva\u0165 congiuntivo prezenta\u010dn\u00e9, \u010do je pr\u00edtomn\u00fd \u010das subjunkt\u00edvu v talian\u010dine. Tento \u010das sa pou\u017e\u00edva na vyjadrenie","breadcrumb":{"@id":"https:\/\/talkpal.ai\/sk\/grammar_exercises\/congiuntivo-prezentacne-cvicenia-pre-taliansku-gramatiku\/#breadcrumb"},"inLanguage":"sk-SK","potentialAction":[{"@type":"ReadAction","target":["https:\/\/talkpal.ai\/sk\/grammar_exercises\/congiuntivo-prezentacne-cvicenia-pre-taliansku-gramatiku\/"]}]},{"@type":"ImageObject","inLanguage":"sk-SK","@id":"https:\/\/talkpal.ai\/sk\/grammar_exercises\/congiuntivo-prezentacne-cvicenia-pre-taliansku-gramatiku\/#primaryimage","url":"https:\/\/talkpal.ai\/wp-content\/uploads\/2025\/12\/library-desks-shared-learning-languages.webp","contentUrl":"https:\/\/talkpal.ai\/wp-content\/uploads\/2025\/12\/library-desks-shared-learning-languages.webp","width":1200,"height":896,"caption":"Students sit at large shared tables with books and laptops while focused on learning languages."},{"@type":"BreadcrumbList","@id":"https:\/\/talkpal.ai\/sk\/grammar_exercises\/congiuntivo-prezentacne-cvicenia-pre-taliansku-gramatiku\/#breadcrumb","itemListElement":[{"@type":"ListItem","position":1,"name":"Homepage","item":"https:\/\/talkpal.ai\/sk\/"},{"@type":"ListItem","position":2,"name":"Congiuntivo prezenta\u010dn\u00e9 cvi\u010denia pre taliansku gramatiku"}]},{"@type":"WebSite","@id":"https:\/\/talkpal.ai\/sk\/#website","url":"https:\/\/talkpal.ai\/sk\/","name":"Talkpal","description":"AI Language Learning","publisher":{"@id":"https:\/\/talkpal.ai\/sk\/#organization"},"alternateName":"Talkpal AI","potentialAction":[{"@type":"SearchAction","target":{"@type":"EntryPoint","urlTemplate":"https:\/\/talkpal.ai\/sk\/?s={search_term_string}"},"query-input":{"@type":"PropertyValueSpecification","valueRequired":true,"valueName":"search_term_string"}}],"inLanguage":"sk-SK"},{"@type":"Organization","@id":"https:\/\/talkpal.ai\/sk\/#organization","name":"Talkpal, Inc.","alternateName":"Talkpal AI","url":"https:\/\/talkpal.ai\/sk\/","logo":{"@type":"ImageObject","inLanguage":"sk-SK","@id":"https:\/\/talkpal.ai\/sk\/#\/schema\/logo\/image\/","url":"https:\/\/talkpal.ai\/wp-content\/uploads\/2024\/03\/Talkpal-Logo-Icon.png","contentUrl":"https:\/\/talkpal.ai\/wp-content\/uploads\/2024\/03\/Talkpal-Logo-Icon.png","width":2880,"height":2880,"caption":"Talkpal, Inc."},"image":{"@id":"https:\/\/talkpal.ai\/sk\/#\/schema\/logo\/image\/"},"sameAs":["https:\/\/www.facebook.com\/profile.php?id=100090733639311","https:\/\/x.com\/talkpalai","https:\/\/www.linkedin.com\/company\/talkpal\/","https:\/\/www.youtube.com\/@TalkPal\/","https:\/\/www.tiktok.com\/@talkpal","https:\/\/www.instagram.com\/talkpal_ai\/","https:\/\/www.crunchbase.com\/organization\/talkpal-9cde","https:\/\/www.g2.com\/products\/talkpal-for-business\/","https:\/\/www.trustpilot.com\/review\/talkpal.ai","https:\/\/www.capterra.com\/p\/10006800\/TalkPal\/"],"description":"Talkpal is a language learning web and mobile education app, powered by the latest AI technologies, that provides engaging experiences to its customers in many different languages to help them improve their language skills. Users can chat about unlimited amount of topics with the app and use other modes to practice their language learning.","email":"support@talkpal.ai","legalName":"Talkpal, Inc.","foundingDate":"2023-04-03","duns":"118989042","numberOfEmployees":{"@type":"QuantitativeValue","minValue":"11","maxValue":"50"},"publishingPrinciples":"https:\/\/talkpal.ai\/publishing-principles\/","actionableFeedbackPolicy":"https:\/\/talkpal.ai\/actionable-feedback-policy\/","correctionsPolicy":"https:\/\/talkpal.ai\/corrections-policy\/","ethicsPolicy":"https:\/\/talkpal.ai\/ethics-policy\/","diversityPolicy":"https:\/\/talkpal.ai\/diversity-policy\/","diversityStaffingReport":"https:\/\/talkpal.ai\/diversity-policy\/"}]}},"_links":{"self":[{"href":"https:\/\/talkpal.ai\/sk\/wp-json\/wp\/v2\/grammar_exercises\/1169420","targetHints":{"allow":["GET"]}}],"collection":[{"href":"https:\/\/talkpal.ai\/sk\/wp-json\/wp\/v2\/grammar_exercises"}],"about":[{"href":"https:\/\/talkpal.ai\/sk\/wp-json\/wp\/v2\/types\/grammar_exercises"}],"wp:featuredmedia":[{"embeddable":true,"href":"https:\/\/talkpal.ai\/sk\/wp-json\/wp\/v2\/media\/1527752"}],"wp:attachment":[{"href":"https:\/\/talkpal.ai\/sk\/wp-json\/wp\/v2\/media?parent=1169420"}],"wp:term":[{"taxonomy":"exercise_language","embeddable":true,"href":"https:\/\/talkpal.ai\/sk\/wp-json\/wp\/v2\/exercise_language?post=1169420"}],"curies":[{"name":"wp","href":"https:\/\/api.w.org\/{rel}","templated":true}]}}