{"id":1169253,"date":"2025-07-06T17:33:33","date_gmt":"2025-07-06T17:33:33","guid":{"rendered":"https:\/\/talkpal.ai\/grammar_exercises\/pronoms-reflexifs-cvicenia-pre-francuzsku-gramatiku\/"},"modified":"2025-07-06T17:33:33","modified_gmt":"2025-07-06T17:33:33","slug":"pronoms-reflexifs-cvicenia-pre-francuzsku-gramatiku","status":"publish","type":"grammar_exercises","link":"https:\/\/talkpal.ai\/sk\/grammar_exercises\/pronoms-reflexifs-cvicenia-pre-francuzsku-gramatiku\/","title":{"rendered":"Pronoms r\u00e9flexifs Cvi\u010denia pre franc\u00fazsku gramatiku"},"content":{"rendered":"<p>V tomto cvi\u010den\u00ed sa nau\u010d\u00edte pou\u017e\u00edva\u0165 franc\u00fazske zvratn\u00e9 z\u00e1men\u00e1 (<a href=\"https:\/\/talkpal.ai\/ar\/grammar_exercises\/pronoms-reflexifs-%d8%aa%d9%85%d8%a7%d8%b1%d9%8a%d9%86-%d9%84%d9%84%d9%82%d9%88%d8%a7%d8%b9%d8%af-%d8%a7%d9%84%d9%81%d8%b1%d9%86%d8%b3%d9%8a%d8%a9\/\">pronoms r\u00e9flexifs<\/a>). Tieto z\u00e1men\u00e1 sa pou\u017e\u00edvaj\u00fa, ke\u010f podmet aj predmet vety ozna\u010duj\u00fa t\u00fa ist\u00fa osobu alebo vec, napr\u00edklad pri vyjadrovan\u00ed reflex\u00edvnych \u010dinov. V nasleduj\u00facich cvi\u010deniach dopln\u00edte spr\u00e1vne zvratn\u00e9 z\u00e1meno pod\u013ea kontextu vety.<\/p>\n<h3>Pronoms r\u00e9flexifs &#8211; Cvi\u010denie 1: Doplnte spr\u00e1vne zvratn\u00e9 z\u00e1meno<\/h3>\n<div class=\"input_sentences\">\n1. Je *me* lave les mains. (Pou\u017eite zvratn\u00e9 z\u00e1meno pre &#8222;ja&#8220; v prvej osobe jednotn\u00e9ho \u010d\u00edsla).<br \/>\n2. Tu *te* regardes dans le miroir. (Pou\u017eite zvratn\u00e9 z\u00e1meno pre &#8222;ty&#8220; v druhej osobe jednotn\u00e9ho \u010d\u00edsla).<br \/>\n3. Il *se* brosse les dents chaque matin. (Pou\u017eite zvratn\u00e9 z\u00e1meno pre &#8222;on\/ono&#8220; v tretej osobe jednotn\u00e9ho \u010d\u00edsla).<br \/>\n4. Nous *nous* r\u00e9veillons t\u00f4t le dimanche. (Pou\u017eite zvratn\u00e9 z\u00e1meno pre &#8222;my&#8220; v prvej osobe mno\u017en\u00e9ho \u010d\u00edsla).<br \/>\n5. Vous *vous* habillez rapidement. (Pou\u017eite zvratn\u00e9 z\u00e1meno pre &#8222;vy&#8220; v druhej osobe mno\u017en\u00e9ho \u010d\u00edsla).<br \/>\n6. Elles *se* maquillent avant la f\u00eate. (Pou\u017eite zvratn\u00e9 z\u00e1meno pre &#8222;ony&#8220; v tretej osobe mno\u017en\u00e9ho \u010d\u00edsla \u017eensk\u00e9ho rodu).<br \/>\n7. Tu *t\u2019*endors souvent devant la t\u00e9l\u00e9. (Pou\u017eite zvratn\u00e9 z\u00e1meno pre &#8222;ty&#8220; s elid\u00e1ciou pred samohl\u00e1skou).<br \/>\n8. Il *se* couche tard pendant la semaine. (Pou\u017eite zvratn\u00e9 z\u00e1meno pre &#8222;on\/ono&#8220; v tretej osobe jednotn\u00e9ho \u010d\u00edsla).<br \/>\n9. Nous *nous* promenons dans le parc. (Pou\u017eite zvratn\u00e9 z\u00e1meno pre &#8222;my&#8220; v prvej osobe mno\u017en\u00e9ho \u010d\u00edsla).<br \/>\n10. Vous *vous* amusez bien \u00e0 la f\u00eate. (Pou\u017eite zvratn\u00e9 z\u00e1meno pre &#8222;vy&#8220; v druhej osobe mno\u017en\u00e9ho \u010d\u00edsla).\n<\/div>\n<div class=\"exercise\"><\/div>\n<h3>Pronoms r\u00e9flexifs &#8211; Cvi\u010denie 2: Vyberte spr\u00e1vne zvratn\u00e9 z\u00e1meno pod\u013ea osoby<\/h3>\n<div class=\"input_sentences\">\n1. Je *me* pr\u00e9pare pour l&#8217;\u00e9cole. (Prv\u00e1 osoba jednotn\u00e9ho \u010d\u00edsla, zvratn\u00e9 z\u00e1meno pred slovesom za\u010d\u00ednaj\u00facim na spoluhl\u00e1sku).<br \/>\n2. Tu *te* laves avant le d\u00eener. (Druh\u00e1 osoba jednotn\u00e9ho \u010d\u00edsla, zvratn\u00e9 z\u00e1meno pred slovesom za\u010d\u00ednaj\u00facim na spoluhl\u00e1sku).<br \/>\n3. Elle *se* coiffe rapidement. (Tretia osoba jednotn\u00e9ho \u010d\u00edsla, \u017eensk\u00fd rod).<br \/>\n4. Nous *nous* reposons apr\u00e8s le travail. (Prv\u00e1 osoba mno\u017en\u00e9ho \u010d\u00edsla).<br \/>\n5. Vous *vous* souvenez de cette histoire. (Druh\u00e1 osoba mno\u017en\u00e9ho \u010d\u00edsla).<br \/>\n6. Ils *se* disputent souvent. (Tretia osoba mno\u017en\u00e9ho \u010d\u00edsla, mu\u017esk\u00fd rod).<br \/>\n7. Je *m\u2019*endors toujours t\u00f4t. (Prv\u00e1 osoba jednotn\u00e9ho \u010d\u00edsla, elid\u00e1cia pred samohl\u00e1skou).<br \/>\n8. Tu *t\u2019*inqui\u00e8tes pour rien. (Druh\u00e1 osoba jednotn\u00e9ho \u010d\u00edsla, elid\u00e1cia pred samohl\u00e1skou).<br \/>\n9. Elle *se* pr\u00e9pare pour la comp\u00e9tition. (Tretia osoba jednotn\u00e9ho \u010d\u00edsla, \u017eensk\u00fd rod).<br \/>\n10. Nous *nous* lavons les mains <a href=\"https:\/\/talkpal.ai\/culture\/what-is-the-difference-between-avant-de-and-avant-que\/\">avant de<\/a> manger. (Prv\u00e1 osoba mno\u017en\u00e9ho \u010d\u00edsla).\n<\/div>\n<div class=\"exercise\"><\/div>\n","protected":false},"featured_media":1528109,"parent":0,"menu_order":0,"template":"","exercise_language":[21151,21177],"class_list":["post-1169253","grammar_exercises","type-grammar_exercises","status-publish","has-post-thumbnail","hentry","exercise_language-francuzske-cvicenia","exercise_language-zamena-a-determinanty-francuzska-gramatika"],"acf":[],"yoast_head":"<!-- This site is optimized with the Yoast SEO Premium plugin v27.2 (Yoast SEO v27.2) - https:\/\/yoast.com\/product\/yoast-seo-premium-wordpress\/ -->\n<title>Pronoms r\u00e9flexifs Cvi\u010denia pre franc\u00fazsku gramatiku - Talkpal<\/title>\n<meta name=\"description\" content=\"V tomto cvi\u010den\u00ed sa nau\u010d\u00edte pou\u017e\u00edva\u0165 franc\u00fazske zvratn\u00e9 z\u00e1men\u00e1 (pronoms r\u00e9flexifs). Tieto z\u00e1men\u00e1 sa pou\u017e\u00edvaj\u00fa, ke\u010f podmet aj predmet vety ozna\u010duj\u00fa t\u00fa ist\u00fa\" \/>\n<meta name=\"robots\" content=\"index, follow, max-snippet:-1, max-image-preview:large, max-video-preview:-1\" \/>\n<link rel=\"canonical\" href=\"https:\/\/talkpal.ai\/sk\/grammar_exercises\/pronoms-reflexifs-cvicenia-pre-francuzsku-gramatiku\/\" \/>\n<meta property=\"og:locale\" content=\"sk_SK\" \/>\n<meta property=\"og:type\" content=\"article\" \/>\n<meta property=\"og:title\" content=\"Pronoms r\u00e9flexifs Cvi\u010denia pre franc\u00fazsku gramatiku\" \/>\n<meta property=\"og:description\" content=\"V tomto cvi\u010den\u00ed sa nau\u010d\u00edte pou\u017e\u00edva\u0165 franc\u00fazske zvratn\u00e9 z\u00e1men\u00e1 (pronoms r\u00e9flexifs). Tieto z\u00e1men\u00e1 sa pou\u017e\u00edvaj\u00fa, ke\u010f podmet aj predmet vety ozna\u010duj\u00fa t\u00fa ist\u00fa\" \/>\n<meta property=\"og:url\" content=\"https:\/\/talkpal.ai\/sk\/grammar_exercises\/pronoms-reflexifs-cvicenia-pre-francuzsku-gramatiku\/\" \/>\n<meta property=\"og:site_name\" content=\"Talkpal\" \/>\n<meta property=\"article:publisher\" content=\"https:\/\/www.facebook.com\/profile.php?id=100090733639311\" \/>\n<meta property=\"og:image\" content=\"https:\/\/talkpal.ai\/wp-content\/uploads\/2025\/02\/Progress-tab-16_9.png\" \/>\n\t<meta property=\"og:image:width\" content=\"2880\" \/>\n\t<meta property=\"og:image:height\" content=\"1620\" \/>\n\t<meta property=\"og:image:type\" content=\"image\/png\" \/>\n<meta name=\"twitter:card\" content=\"summary_large_image\" \/>\n<meta name=\"twitter:site\" content=\"@talkpalai\" \/>\n<meta name=\"twitter:label1\" content=\"Predpokladan\u00fd \u010das \u010d\u00edtania\" \/>\n\t<meta name=\"twitter:data1\" content=\"2 min\u00faty\" \/>\n<script type=\"application\/ld+json\" class=\"yoast-schema-graph\">{\"@context\":\"https:\/\/schema.org\",\"@graph\":[{\"@type\":\"WebPage\",\"@id\":\"https:\/\/talkpal.ai\/sk\/grammar_exercises\/pronoms-reflexifs-cvicenia-pre-francuzsku-gramatiku\/\",\"url\":\"https:\/\/talkpal.ai\/sk\/grammar_exercises\/pronoms-reflexifs-cvicenia-pre-francuzsku-gramatiku\/\",\"name\":\"Pronoms r\u00e9flexifs Cvi\u010denia pre franc\u00fazsku gramatiku - Talkpal\",\"isPartOf\":{\"@id\":\"https:\/\/talkpal.ai\/sk\/#website\"},\"primaryImageOfPage\":{\"@id\":\"https:\/\/talkpal.ai\/sk\/grammar_exercises\/pronoms-reflexifs-cvicenia-pre-francuzsku-gramatiku\/#primaryimage\"},\"image\":{\"@id\":\"https:\/\/talkpal.ai\/sk\/grammar_exercises\/pronoms-reflexifs-cvicenia-pre-francuzsku-gramatiku\/#primaryimage\"},\"thumbnailUrl\":\"https:\/\/talkpal.ai\/wp-content\/uploads\/2025\/12\/workbook-is-studied-while-learning-languages.webp\",\"datePublished\":\"2025-07-06T17:33:33+00:00\",\"description\":\"V tomto cvi\u010den\u00ed sa nau\u010d\u00edte pou\u017e\u00edva\u0165 franc\u00fazske zvratn\u00e9 z\u00e1men\u00e1 (pronoms r\u00e9flexifs). Tieto z\u00e1men\u00e1 sa pou\u017e\u00edvaj\u00fa, ke\u010f podmet aj predmet vety ozna\u010duj\u00fa t\u00fa ist\u00fa\",\"breadcrumb\":{\"@id\":\"https:\/\/talkpal.ai\/sk\/grammar_exercises\/pronoms-reflexifs-cvicenia-pre-francuzsku-gramatiku\/#breadcrumb\"},\"inLanguage\":\"sk-SK\",\"potentialAction\":[{\"@type\":\"ReadAction\",\"target\":[\"https:\/\/talkpal.ai\/sk\/grammar_exercises\/pronoms-reflexifs-cvicenia-pre-francuzsku-gramatiku\/\"]}]},{\"@type\":\"ImageObject\",\"inLanguage\":\"sk-SK\",\"@id\":\"https:\/\/talkpal.ai\/sk\/grammar_exercises\/pronoms-reflexifs-cvicenia-pre-francuzsku-gramatiku\/#primaryimage\",\"url\":\"https:\/\/talkpal.ai\/wp-content\/uploads\/2025\/12\/workbook-is-studied-while-learning-languages.webp\",\"contentUrl\":\"https:\/\/talkpal.ai\/wp-content\/uploads\/2025\/12\/workbook-is-studied-while-learning-languages.webp\",\"width\":1200,\"height\":896,\"caption\":\"Students sit at a shared desk while learning languages with books and digital tools.\"},{\"@type\":\"BreadcrumbList\",\"@id\":\"https:\/\/talkpal.ai\/sk\/grammar_exercises\/pronoms-reflexifs-cvicenia-pre-francuzsku-gramatiku\/#breadcrumb\",\"itemListElement\":[{\"@type\":\"ListItem\",\"position\":1,\"name\":\"Homepage\",\"item\":\"https:\/\/talkpal.ai\/sk\/\"},{\"@type\":\"ListItem\",\"position\":2,\"name\":\"Pronoms r\u00e9flexifs Cvi\u010denia pre franc\u00fazsku gramatiku\"}]},{\"@type\":\"WebSite\",\"@id\":\"https:\/\/talkpal.ai\/sk\/#website\",\"url\":\"https:\/\/talkpal.ai\/sk\/\",\"name\":\"Talkpal\",\"description\":\"AI Language Learning\",\"publisher\":{\"@id\":\"https:\/\/talkpal.ai\/sk\/#organization\"},\"alternateName\":\"Talkpal AI\",\"potentialAction\":[{\"@type\":\"SearchAction\",\"target\":{\"@type\":\"EntryPoint\",\"urlTemplate\":\"https:\/\/talkpal.ai\/sk\/?s={search_term_string}\"},\"query-input\":{\"@type\":\"PropertyValueSpecification\",\"valueRequired\":true,\"valueName\":\"search_term_string\"}}],\"inLanguage\":\"sk-SK\"},{\"@type\":\"Organization\",\"@id\":\"https:\/\/talkpal.ai\/sk\/#organization\",\"name\":\"Talkpal, Inc.\",\"alternateName\":\"Talkpal AI\",\"url\":\"https:\/\/talkpal.ai\/sk\/\",\"logo\":{\"@type\":\"ImageObject\",\"inLanguage\":\"sk-SK\",\"@id\":\"https:\/\/talkpal.ai\/sk\/#\/schema\/logo\/image\/\",\"url\":\"https:\/\/talkpal.ai\/wp-content\/uploads\/2024\/03\/Talkpal-Logo-Icon.png\",\"contentUrl\":\"https:\/\/talkpal.ai\/wp-content\/uploads\/2024\/03\/Talkpal-Logo-Icon.png\",\"width\":2880,\"height\":2880,\"caption\":\"Talkpal, Inc.\"},\"image\":{\"@id\":\"https:\/\/talkpal.ai\/sk\/#\/schema\/logo\/image\/\"},\"sameAs\":[\"https:\/\/www.facebook.com\/profile.php?id=100090733639311\",\"https:\/\/x.com\/talkpalai\",\"https:\/\/www.linkedin.com\/company\/talkpal\/\",\"https:\/\/www.youtube.com\/@TalkPal\/\",\"https:\/\/www.tiktok.com\/@talkpal\",\"https:\/\/www.instagram.com\/talkpal_ai\/\",\"https:\/\/www.crunchbase.com\/organization\/talkpal-9cde\",\"https:\/\/www.g2.com\/products\/talkpal-for-business\/\",\"https:\/\/www.trustpilot.com\/review\/talkpal.ai\",\"https:\/\/www.capterra.com\/p\/10006800\/TalkPal\/\"],\"description\":\"Talkpal is a language learning web and mobile education app, powered by the latest AI technologies, that provides engaging experiences to its customers in many different languages to help them improve their language skills. Users can chat about unlimited amount of topics with the app and use other modes to practice their language learning.\",\"email\":\"support@talkpal.ai\",\"legalName\":\"Talkpal, Inc.\",\"foundingDate\":\"2023-04-03\",\"duns\":\"118989042\",\"numberOfEmployees\":{\"@type\":\"QuantitativeValue\",\"minValue\":\"11\",\"maxValue\":\"50\"},\"publishingPrinciples\":\"https:\/\/talkpal.ai\/publishing-principles\/\",\"actionableFeedbackPolicy\":\"https:\/\/talkpal.ai\/actionable-feedback-policy\/\",\"correctionsPolicy\":\"https:\/\/talkpal.ai\/corrections-policy\/\",\"ethicsPolicy\":\"https:\/\/talkpal.ai\/ethics-policy\/\",\"diversityPolicy\":\"https:\/\/talkpal.ai\/diversity-policy\/\",\"diversityStaffingReport\":\"https:\/\/talkpal.ai\/diversity-policy\/\"}]}<\/script>\n<!-- \/ Yoast SEO Premium plugin. -->","yoast_head_json":{"title":"Pronoms r\u00e9flexifs Cvi\u010denia pre franc\u00fazsku gramatiku - Talkpal","description":"V tomto cvi\u010den\u00ed sa nau\u010d\u00edte pou\u017e\u00edva\u0165 franc\u00fazske zvratn\u00e9 z\u00e1men\u00e1 (pronoms r\u00e9flexifs). Tieto z\u00e1men\u00e1 sa pou\u017e\u00edvaj\u00fa, ke\u010f podmet aj predmet vety ozna\u010duj\u00fa t\u00fa ist\u00fa","robots":{"index":"index","follow":"follow","max-snippet":"max-snippet:-1","max-image-preview":"max-image-preview:large","max-video-preview":"max-video-preview:-1"},"canonical":"https:\/\/talkpal.ai\/sk\/grammar_exercises\/pronoms-reflexifs-cvicenia-pre-francuzsku-gramatiku\/","og_locale":"sk_SK","og_type":"article","og_title":"Pronoms r\u00e9flexifs Cvi\u010denia pre franc\u00fazsku gramatiku","og_description":"V tomto cvi\u010den\u00ed sa nau\u010d\u00edte pou\u017e\u00edva\u0165 franc\u00fazske zvratn\u00e9 z\u00e1men\u00e1 (pronoms r\u00e9flexifs). Tieto z\u00e1men\u00e1 sa pou\u017e\u00edvaj\u00fa, ke\u010f podmet aj predmet vety ozna\u010duj\u00fa t\u00fa ist\u00fa","og_url":"https:\/\/talkpal.ai\/sk\/grammar_exercises\/pronoms-reflexifs-cvicenia-pre-francuzsku-gramatiku\/","og_site_name":"Talkpal","article_publisher":"https:\/\/www.facebook.com\/profile.php?id=100090733639311","og_image":[{"width":2880,"height":1620,"url":"https:\/\/talkpal.ai\/wp-content\/uploads\/2025\/02\/Progress-tab-16_9.png","type":"image\/png"}],"twitter_card":"summary_large_image","twitter_site":"@talkpalai","twitter_misc":{"Predpokladan\u00fd \u010das \u010d\u00edtania":"2 min\u00faty"},"schema":{"@context":"https:\/\/schema.org","@graph":[{"@type":"WebPage","@id":"https:\/\/talkpal.ai\/sk\/grammar_exercises\/pronoms-reflexifs-cvicenia-pre-francuzsku-gramatiku\/","url":"https:\/\/talkpal.ai\/sk\/grammar_exercises\/pronoms-reflexifs-cvicenia-pre-francuzsku-gramatiku\/","name":"Pronoms r\u00e9flexifs Cvi\u010denia pre franc\u00fazsku gramatiku - Talkpal","isPartOf":{"@id":"https:\/\/talkpal.ai\/sk\/#website"},"primaryImageOfPage":{"@id":"https:\/\/talkpal.ai\/sk\/grammar_exercises\/pronoms-reflexifs-cvicenia-pre-francuzsku-gramatiku\/#primaryimage"},"image":{"@id":"https:\/\/talkpal.ai\/sk\/grammar_exercises\/pronoms-reflexifs-cvicenia-pre-francuzsku-gramatiku\/#primaryimage"},"thumbnailUrl":"https:\/\/talkpal.ai\/wp-content\/uploads\/2025\/12\/workbook-is-studied-while-learning-languages.webp","datePublished":"2025-07-06T17:33:33+00:00","description":"V tomto cvi\u010den\u00ed sa nau\u010d\u00edte pou\u017e\u00edva\u0165 franc\u00fazske zvratn\u00e9 z\u00e1men\u00e1 (pronoms r\u00e9flexifs). Tieto z\u00e1men\u00e1 sa pou\u017e\u00edvaj\u00fa, ke\u010f podmet aj predmet vety ozna\u010duj\u00fa t\u00fa ist\u00fa","breadcrumb":{"@id":"https:\/\/talkpal.ai\/sk\/grammar_exercises\/pronoms-reflexifs-cvicenia-pre-francuzsku-gramatiku\/#breadcrumb"},"inLanguage":"sk-SK","potentialAction":[{"@type":"ReadAction","target":["https:\/\/talkpal.ai\/sk\/grammar_exercises\/pronoms-reflexifs-cvicenia-pre-francuzsku-gramatiku\/"]}]},{"@type":"ImageObject","inLanguage":"sk-SK","@id":"https:\/\/talkpal.ai\/sk\/grammar_exercises\/pronoms-reflexifs-cvicenia-pre-francuzsku-gramatiku\/#primaryimage","url":"https:\/\/talkpal.ai\/wp-content\/uploads\/2025\/12\/workbook-is-studied-while-learning-languages.webp","contentUrl":"https:\/\/talkpal.ai\/wp-content\/uploads\/2025\/12\/workbook-is-studied-while-learning-languages.webp","width":1200,"height":896,"caption":"Students sit at a shared desk while learning languages with books and digital tools."},{"@type":"BreadcrumbList","@id":"https:\/\/talkpal.ai\/sk\/grammar_exercises\/pronoms-reflexifs-cvicenia-pre-francuzsku-gramatiku\/#breadcrumb","itemListElement":[{"@type":"ListItem","position":1,"name":"Homepage","item":"https:\/\/talkpal.ai\/sk\/"},{"@type":"ListItem","position":2,"name":"Pronoms r\u00e9flexifs Cvi\u010denia pre franc\u00fazsku gramatiku"}]},{"@type":"WebSite","@id":"https:\/\/talkpal.ai\/sk\/#website","url":"https:\/\/talkpal.ai\/sk\/","name":"Talkpal","description":"AI Language Learning","publisher":{"@id":"https:\/\/talkpal.ai\/sk\/#organization"},"alternateName":"Talkpal AI","potentialAction":[{"@type":"SearchAction","target":{"@type":"EntryPoint","urlTemplate":"https:\/\/talkpal.ai\/sk\/?s={search_term_string}"},"query-input":{"@type":"PropertyValueSpecification","valueRequired":true,"valueName":"search_term_string"}}],"inLanguage":"sk-SK"},{"@type":"Organization","@id":"https:\/\/talkpal.ai\/sk\/#organization","name":"Talkpal, Inc.","alternateName":"Talkpal AI","url":"https:\/\/talkpal.ai\/sk\/","logo":{"@type":"ImageObject","inLanguage":"sk-SK","@id":"https:\/\/talkpal.ai\/sk\/#\/schema\/logo\/image\/","url":"https:\/\/talkpal.ai\/wp-content\/uploads\/2024\/03\/Talkpal-Logo-Icon.png","contentUrl":"https:\/\/talkpal.ai\/wp-content\/uploads\/2024\/03\/Talkpal-Logo-Icon.png","width":2880,"height":2880,"caption":"Talkpal, Inc."},"image":{"@id":"https:\/\/talkpal.ai\/sk\/#\/schema\/logo\/image\/"},"sameAs":["https:\/\/www.facebook.com\/profile.php?id=100090733639311","https:\/\/x.com\/talkpalai","https:\/\/www.linkedin.com\/company\/talkpal\/","https:\/\/www.youtube.com\/@TalkPal\/","https:\/\/www.tiktok.com\/@talkpal","https:\/\/www.instagram.com\/talkpal_ai\/","https:\/\/www.crunchbase.com\/organization\/talkpal-9cde","https:\/\/www.g2.com\/products\/talkpal-for-business\/","https:\/\/www.trustpilot.com\/review\/talkpal.ai","https:\/\/www.capterra.com\/p\/10006800\/TalkPal\/"],"description":"Talkpal is a language learning web and mobile education app, powered by the latest AI technologies, that provides engaging experiences to its customers in many different languages to help them improve their language skills. Users can chat about unlimited amount of topics with the app and use other modes to practice their language learning.","email":"support@talkpal.ai","legalName":"Talkpal, Inc.","foundingDate":"2023-04-03","duns":"118989042","numberOfEmployees":{"@type":"QuantitativeValue","minValue":"11","maxValue":"50"},"publishingPrinciples":"https:\/\/talkpal.ai\/publishing-principles\/","actionableFeedbackPolicy":"https:\/\/talkpal.ai\/actionable-feedback-policy\/","correctionsPolicy":"https:\/\/talkpal.ai\/corrections-policy\/","ethicsPolicy":"https:\/\/talkpal.ai\/ethics-policy\/","diversityPolicy":"https:\/\/talkpal.ai\/diversity-policy\/","diversityStaffingReport":"https:\/\/talkpal.ai\/diversity-policy\/"}]}},"_links":{"self":[{"href":"https:\/\/talkpal.ai\/sk\/wp-json\/wp\/v2\/grammar_exercises\/1169253","targetHints":{"allow":["GET"]}}],"collection":[{"href":"https:\/\/talkpal.ai\/sk\/wp-json\/wp\/v2\/grammar_exercises"}],"about":[{"href":"https:\/\/talkpal.ai\/sk\/wp-json\/wp\/v2\/types\/grammar_exercises"}],"wp:featuredmedia":[{"embeddable":true,"href":"https:\/\/talkpal.ai\/sk\/wp-json\/wp\/v2\/media\/1528109"}],"wp:attachment":[{"href":"https:\/\/talkpal.ai\/sk\/wp-json\/wp\/v2\/media?parent=1169253"}],"wp:term":[{"taxonomy":"exercise_language","embeddable":true,"href":"https:\/\/talkpal.ai\/sk\/wp-json\/wp\/v2\/exercise_language?post=1169253"}],"curies":[{"name":"wp","href":"https:\/\/api.w.org\/{rel}","templated":true}]}}