{"id":1169219,"date":"2025-07-06T17:33:00","date_gmt":"2025-07-06T17:33:00","guid":{"rendered":"https:\/\/talkpal.ai\/grammar_exercises\/indirekte-rede-cvicenia-z-nemeckej-gramatiky\/"},"modified":"2025-07-06T17:33:00","modified_gmt":"2025-07-06T17:33:00","slug":"indirekte-rede-cvicenia-z-nemeckej-gramatiky","status":"publish","type":"grammar_exercises","link":"https:\/\/talkpal.ai\/sk\/grammar_exercises\/indirekte-rede-cvicenia-z-nemeckej-gramatiky\/","title":{"rendered":"Indirekte Rede Cvi\u010denia z nemeckej gramatiky"},"content":{"rendered":"<p><a href=\"https:\/\/talkpal.ai\/ar\/grammar_exercises\/indirekte-rede-%d8%aa%d9%85%d8%a7%d8%b1%d9%8a%d9%86-%d9%84%d9%84%d9%82%d9%88%d8%a7%d8%b9%d8%af-%d8%a7%d9%84%d8%a3%d9%84%d9%85%d8%a7%d9%86%d9%8a%d8%a9\/\">Indirekte Rede<\/a> (nepriama re\u010d) je sp\u00f4sob, ako v nem\u010dine vyjadri\u0165, \u010do niekto povedal, bez priameho citovania. V nepriamej re\u010di sa \u010dasto men\u00ed \u010das slovesa a pou\u017eije sa spojka \u201edass\u201c alebo ved\u013eaj\u0161ia veta so zmenou vetn\u00e9ho poriadku. V t\u00fdchto cvi\u010deniach si precvi\u010d\u00edme spr\u00e1vne pou\u017eitie nepriamych re\u010d\u00ed v r\u00f4znych \u010dasoch.<\/p>\n<h3>Indirekte Rede \u2013 Prezent (pr\u00edtomn\u00fd \u010das)<\/h3>\n<div class=\"input_sentences\">\n1. Er sagt, er *kommt* morgen. (Pou\u017ei pr\u00edtomn\u00fd \u010das slovesa kommen v nepriamej re\u010di)<br \/>\n2. Sie meint, sie *hat* keine Zeit. (Pou\u017ei pr\u00edtomn\u00fd \u010das slovesa haben v nepriamej re\u010di)<br \/>\n3. Er behauptet, er *wei\u00df* die Antwort. (Pou\u017ei pr\u00edtomn\u00fd \u010das slovesa wissen v nepriamej re\u010di)<br \/>\n4. Sie sagt, sie *m\u00f6chte* ein Buch lesen. (Pou\u017ei pr\u00edtomn\u00fd \u010das slovesa m\u00f6chten v nepriamej re\u010di)<br \/>\n5. Er erkl\u00e4rt, er *arbeitet* heute nicht. (Pou\u017ei pr\u00edtomn\u00fd \u010das slovesa arbeiten v nepriamej re\u010di)<br \/>\n6. Sie erz\u00e4hlt, sie *f\u00e4hrt* n\u00e4chste Woche nach <a href=\"https:\/\/talkpal.ai\/locations\/language-courses-in-berlin\/\">Berlin<\/a>. (Pou\u017ei pr\u00edtomn\u00fd \u010das slovesa fahren v nepriamej re\u010di)<br \/>\n7. Er sagt, er *kann* gut kochen. (Pou\u017ei pr\u00edtomn\u00fd \u010das slovesa k\u00f6nnen v nepriamej re\u010di)<br \/>\n8. Sie meint, sie *sieht* den Film sp\u00e4ter. (Pou\u017ei pr\u00edtomn\u00fd \u010das slovesa sehen v nepriamej re\u010di)<br \/>\n9. Er sagt, er *lernt* <a href=\"https:\/\/talkpal.ai\/learn-german\/\">Deutsch<\/a>. (Pou\u017ei pr\u00edtomn\u00fd \u010das slovesa lernen v nepriamej re\u010di)<br \/>\n10. Sie behauptet, sie *findet* die L\u00f6sung. (Pou\u017ei pr\u00edtomn\u00fd \u010das slovesa finden v nepriamej re\u010di)\n<\/div>\n<div class=\"exercise\"><\/div>\n<h3>Indirekte Rede \u2013 Pr\u00e4teritum a Perfekt (minul\u00fd \u010das)<\/h3>\n<div class=\"input_sentences\">\n1. Er sagte, er *kam* gestern sp\u00e4t nach Hause. (Pou\u017ei pr\u00e4teritum slovesa kommen v nepriamej re\u010di)<br \/>\n2. Sie meinte, sie *hatte* keine Zeit. (Pou\u017ei pr\u00e4teritum slovesa haben v nepriamej re\u010di)<br \/>\n3. Er erkl\u00e4rte, er *wusste* die Antwort nicht. (Pou\u017ei pr\u00e4teritum slovesa wissen v nepriamej re\u010di)<br \/>\n4. Sie sagte, sie *m\u00f6chte* das Buch gelesen haben. (Pou\u017ei perfekt alebo konjunkt\u00edv pod\u013ea nepriamej re\u010di)<br \/>\n5. Er erz\u00e4hlte, er *arbeitete* den ganzen Tag. (Pou\u017ei pr\u00e4teritum slovesa arbeiten v nepriamej re\u010di)<br \/>\n6. Sie sagte, sie *ist* nach Berlin gefahren. (Pou\u017ei perfekt slovesa fahren v nepriamej re\u010di)<br \/>\n7. Er behauptete, er *konnte* gut kochen. (Pou\u017ei pr\u00e4teritum slovesa k\u00f6nnen v nepriamej re\u010di)<br \/>\n8. Sie sagte, sie *hatte* den Film gesehen. (Pou\u017ei perfekt slovesa sehen v nepriamej re\u010di)<br \/>\n9. Er meinte, er *lernte* Deutsch in der Schule. (Pou\u017ei pr\u00e4teritum slovesa lernen v nepriamej re\u010di)<br \/>\n10. Sie erkl\u00e4rte, sie *fand* die L\u00f6sung nicht. (Pou\u017ei pr\u00e4teritum slovesa finden v nepriamej re\u010di)\n<\/div>\n<div class=\"exercise\"><\/div>\n","protected":false},"featured_media":1528065,"parent":0,"menu_order":0,"template":"","exercise_language":[21149,21172],"class_list":["post-1169219","grammar_exercises","type-grammar_exercises","status-publish","has-post-thumbnail","hentry","exercise_language-nemecke-cvicenia","exercise_language-struktura-vety-nemecka-gramatika"],"acf":[],"yoast_head":"<!-- This site is optimized with the Yoast SEO Premium plugin v27.2 (Yoast SEO v27.2) - https:\/\/yoast.com\/product\/yoast-seo-premium-wordpress\/ -->\n<title>Indirekte Rede Cvi\u010denia z nemeckej gramatiky - Talkpal<\/title>\n<meta name=\"description\" content=\"Indirekte Rede (nepriama re\u010d) je sp\u00f4sob, ako v nem\u010dine vyjadri\u0165, \u010do niekto povedal, bez priameho citovania. V nepriamej re\u010di sa \u010dasto men\u00ed \u010das slovesa a\" \/>\n<meta name=\"robots\" content=\"index, follow, max-snippet:-1, max-image-preview:large, max-video-preview:-1\" \/>\n<link rel=\"canonical\" href=\"https:\/\/talkpal.ai\/sk\/grammar_exercises\/indirekte-rede-cvicenia-z-nemeckej-gramatiky\/\" \/>\n<meta property=\"og:locale\" content=\"sk_SK\" \/>\n<meta property=\"og:type\" content=\"article\" \/>\n<meta property=\"og:title\" content=\"Indirekte Rede Cvi\u010denia z nemeckej gramatiky\" \/>\n<meta property=\"og:description\" content=\"Indirekte Rede (nepriama re\u010d) je sp\u00f4sob, ako v nem\u010dine vyjadri\u0165, \u010do niekto povedal, bez priameho citovania. V nepriamej re\u010di sa \u010dasto men\u00ed \u010das slovesa a\" \/>\n<meta property=\"og:url\" content=\"https:\/\/talkpal.ai\/sk\/grammar_exercises\/indirekte-rede-cvicenia-z-nemeckej-gramatiky\/\" \/>\n<meta property=\"og:site_name\" content=\"Talkpal\" \/>\n<meta property=\"article:publisher\" content=\"https:\/\/www.facebook.com\/profile.php?id=100090733639311\" \/>\n<meta property=\"og:image\" content=\"https:\/\/talkpal.ai\/wp-content\/uploads\/2025\/02\/Progress-tab-16_9.png\" \/>\n\t<meta property=\"og:image:width\" content=\"2880\" \/>\n\t<meta property=\"og:image:height\" content=\"1620\" \/>\n\t<meta property=\"og:image:type\" content=\"image\/png\" \/>\n<meta name=\"twitter:card\" content=\"summary_large_image\" \/>\n<meta name=\"twitter:site\" content=\"@talkpalai\" \/>\n<meta name=\"twitter:label1\" content=\"Predpokladan\u00fd \u010das \u010d\u00edtania\" \/>\n\t<meta name=\"twitter:data1\" content=\"2 min\u00faty\" \/>\n<script type=\"application\/ld+json\" class=\"yoast-schema-graph\">{\"@context\":\"https:\/\/schema.org\",\"@graph\":[{\"@type\":\"WebPage\",\"@id\":\"https:\/\/talkpal.ai\/sk\/grammar_exercises\/indirekte-rede-cvicenia-z-nemeckej-gramatiky\/\",\"url\":\"https:\/\/talkpal.ai\/sk\/grammar_exercises\/indirekte-rede-cvicenia-z-nemeckej-gramatiky\/\",\"name\":\"Indirekte Rede Cvi\u010denia z nemeckej gramatiky - Talkpal\",\"isPartOf\":{\"@id\":\"https:\/\/talkpal.ai\/sk\/#website\"},\"primaryImageOfPage\":{\"@id\":\"https:\/\/talkpal.ai\/sk\/grammar_exercises\/indirekte-rede-cvicenia-z-nemeckej-gramatiky\/#primaryimage\"},\"image\":{\"@id\":\"https:\/\/talkpal.ai\/sk\/grammar_exercises\/indirekte-rede-cvicenia-z-nemeckej-gramatiky\/#primaryimage\"},\"thumbnailUrl\":\"https:\/\/talkpal.ai\/wp-content\/uploads\/2025\/12\/two-student-wear-headphones-to-learning-languages.webp\",\"datePublished\":\"2025-07-06T17:33:00+00:00\",\"description\":\"Indirekte Rede (nepriama re\u010d) je sp\u00f4sob, ako v nem\u010dine vyjadri\u0165, \u010do niekto povedal, bez priameho citovania. V nepriamej re\u010di sa \u010dasto men\u00ed \u010das slovesa a\",\"breadcrumb\":{\"@id\":\"https:\/\/talkpal.ai\/sk\/grammar_exercises\/indirekte-rede-cvicenia-z-nemeckej-gramatiky\/#breadcrumb\"},\"inLanguage\":\"sk-SK\",\"potentialAction\":[{\"@type\":\"ReadAction\",\"target\":[\"https:\/\/talkpal.ai\/sk\/grammar_exercises\/indirekte-rede-cvicenia-z-nemeckej-gramatiky\/\"]}]},{\"@type\":\"ImageObject\",\"inLanguage\":\"sk-SK\",\"@id\":\"https:\/\/talkpal.ai\/sk\/grammar_exercises\/indirekte-rede-cvicenia-z-nemeckej-gramatiky\/#primaryimage\",\"url\":\"https:\/\/talkpal.ai\/wp-content\/uploads\/2025\/12\/two-student-wear-headphones-to-learning-languages.webp\",\"contentUrl\":\"https:\/\/talkpal.ai\/wp-content\/uploads\/2025\/12\/two-student-wear-headphones-to-learning-languages.webp\",\"width\":1200,\"height\":896,\"caption\":\"Headphones are worn by students taking notes while learning languages at a table in a dimly lit library.\"},{\"@type\":\"BreadcrumbList\",\"@id\":\"https:\/\/talkpal.ai\/sk\/grammar_exercises\/indirekte-rede-cvicenia-z-nemeckej-gramatiky\/#breadcrumb\",\"itemListElement\":[{\"@type\":\"ListItem\",\"position\":1,\"name\":\"Homepage\",\"item\":\"https:\/\/talkpal.ai\/sk\/\"},{\"@type\":\"ListItem\",\"position\":2,\"name\":\"Indirekte Rede Cvi\u010denia z nemeckej gramatiky\"}]},{\"@type\":\"WebSite\",\"@id\":\"https:\/\/talkpal.ai\/sk\/#website\",\"url\":\"https:\/\/talkpal.ai\/sk\/\",\"name\":\"Talkpal\",\"description\":\"AI Language Learning\",\"publisher\":{\"@id\":\"https:\/\/talkpal.ai\/sk\/#organization\"},\"alternateName\":\"Talkpal AI\",\"potentialAction\":[{\"@type\":\"SearchAction\",\"target\":{\"@type\":\"EntryPoint\",\"urlTemplate\":\"https:\/\/talkpal.ai\/sk\/?s={search_term_string}\"},\"query-input\":{\"@type\":\"PropertyValueSpecification\",\"valueRequired\":true,\"valueName\":\"search_term_string\"}}],\"inLanguage\":\"sk-SK\"},{\"@type\":\"Organization\",\"@id\":\"https:\/\/talkpal.ai\/sk\/#organization\",\"name\":\"Talkpal, Inc.\",\"alternateName\":\"Talkpal AI\",\"url\":\"https:\/\/talkpal.ai\/sk\/\",\"logo\":{\"@type\":\"ImageObject\",\"inLanguage\":\"sk-SK\",\"@id\":\"https:\/\/talkpal.ai\/sk\/#\/schema\/logo\/image\/\",\"url\":\"https:\/\/talkpal.ai\/wp-content\/uploads\/2024\/03\/Talkpal-Logo-Icon.png\",\"contentUrl\":\"https:\/\/talkpal.ai\/wp-content\/uploads\/2024\/03\/Talkpal-Logo-Icon.png\",\"width\":2880,\"height\":2880,\"caption\":\"Talkpal, Inc.\"},\"image\":{\"@id\":\"https:\/\/talkpal.ai\/sk\/#\/schema\/logo\/image\/\"},\"sameAs\":[\"https:\/\/www.facebook.com\/profile.php?id=100090733639311\",\"https:\/\/x.com\/talkpalai\",\"https:\/\/www.linkedin.com\/company\/talkpal\/\",\"https:\/\/www.youtube.com\/@TalkPal\/\",\"https:\/\/www.tiktok.com\/@talkpal\",\"https:\/\/www.instagram.com\/talkpal_ai\/\",\"https:\/\/www.crunchbase.com\/organization\/talkpal-9cde\",\"https:\/\/www.g2.com\/products\/talkpal-for-business\/\",\"https:\/\/www.trustpilot.com\/review\/talkpal.ai\",\"https:\/\/www.capterra.com\/p\/10006800\/TalkPal\/\"],\"description\":\"Talkpal is a language learning web and mobile education app, powered by the latest AI technologies, that provides engaging experiences to its customers in many different languages to help them improve their language skills. Users can chat about unlimited amount of topics with the app and use other modes to practice their language learning.\",\"email\":\"support@talkpal.ai\",\"legalName\":\"Talkpal, Inc.\",\"foundingDate\":\"2023-04-03\",\"duns\":\"118989042\",\"numberOfEmployees\":{\"@type\":\"QuantitativeValue\",\"minValue\":\"11\",\"maxValue\":\"50\"},\"publishingPrinciples\":\"https:\/\/talkpal.ai\/publishing-principles\/\",\"actionableFeedbackPolicy\":\"https:\/\/talkpal.ai\/actionable-feedback-policy\/\",\"correctionsPolicy\":\"https:\/\/talkpal.ai\/corrections-policy\/\",\"ethicsPolicy\":\"https:\/\/talkpal.ai\/ethics-policy\/\",\"diversityPolicy\":\"https:\/\/talkpal.ai\/diversity-policy\/\",\"diversityStaffingReport\":\"https:\/\/talkpal.ai\/diversity-policy\/\"}]}<\/script>\n<!-- \/ Yoast SEO Premium plugin. -->","yoast_head_json":{"title":"Indirekte Rede Cvi\u010denia z nemeckej gramatiky - Talkpal","description":"Indirekte Rede (nepriama re\u010d) je sp\u00f4sob, ako v nem\u010dine vyjadri\u0165, \u010do niekto povedal, bez priameho citovania. V nepriamej re\u010di sa \u010dasto men\u00ed \u010das slovesa a","robots":{"index":"index","follow":"follow","max-snippet":"max-snippet:-1","max-image-preview":"max-image-preview:large","max-video-preview":"max-video-preview:-1"},"canonical":"https:\/\/talkpal.ai\/sk\/grammar_exercises\/indirekte-rede-cvicenia-z-nemeckej-gramatiky\/","og_locale":"sk_SK","og_type":"article","og_title":"Indirekte Rede Cvi\u010denia z nemeckej gramatiky","og_description":"Indirekte Rede (nepriama re\u010d) je sp\u00f4sob, ako v nem\u010dine vyjadri\u0165, \u010do niekto povedal, bez priameho citovania. V nepriamej re\u010di sa \u010dasto men\u00ed \u010das slovesa a","og_url":"https:\/\/talkpal.ai\/sk\/grammar_exercises\/indirekte-rede-cvicenia-z-nemeckej-gramatiky\/","og_site_name":"Talkpal","article_publisher":"https:\/\/www.facebook.com\/profile.php?id=100090733639311","og_image":[{"width":2880,"height":1620,"url":"https:\/\/talkpal.ai\/wp-content\/uploads\/2025\/02\/Progress-tab-16_9.png","type":"image\/png"}],"twitter_card":"summary_large_image","twitter_site":"@talkpalai","twitter_misc":{"Predpokladan\u00fd \u010das \u010d\u00edtania":"2 min\u00faty"},"schema":{"@context":"https:\/\/schema.org","@graph":[{"@type":"WebPage","@id":"https:\/\/talkpal.ai\/sk\/grammar_exercises\/indirekte-rede-cvicenia-z-nemeckej-gramatiky\/","url":"https:\/\/talkpal.ai\/sk\/grammar_exercises\/indirekte-rede-cvicenia-z-nemeckej-gramatiky\/","name":"Indirekte Rede Cvi\u010denia z nemeckej gramatiky - Talkpal","isPartOf":{"@id":"https:\/\/talkpal.ai\/sk\/#website"},"primaryImageOfPage":{"@id":"https:\/\/talkpal.ai\/sk\/grammar_exercises\/indirekte-rede-cvicenia-z-nemeckej-gramatiky\/#primaryimage"},"image":{"@id":"https:\/\/talkpal.ai\/sk\/grammar_exercises\/indirekte-rede-cvicenia-z-nemeckej-gramatiky\/#primaryimage"},"thumbnailUrl":"https:\/\/talkpal.ai\/wp-content\/uploads\/2025\/12\/two-student-wear-headphones-to-learning-languages.webp","datePublished":"2025-07-06T17:33:00+00:00","description":"Indirekte Rede (nepriama re\u010d) je sp\u00f4sob, ako v nem\u010dine vyjadri\u0165, \u010do niekto povedal, bez priameho citovania. V nepriamej re\u010di sa \u010dasto men\u00ed \u010das slovesa a","breadcrumb":{"@id":"https:\/\/talkpal.ai\/sk\/grammar_exercises\/indirekte-rede-cvicenia-z-nemeckej-gramatiky\/#breadcrumb"},"inLanguage":"sk-SK","potentialAction":[{"@type":"ReadAction","target":["https:\/\/talkpal.ai\/sk\/grammar_exercises\/indirekte-rede-cvicenia-z-nemeckej-gramatiky\/"]}]},{"@type":"ImageObject","inLanguage":"sk-SK","@id":"https:\/\/talkpal.ai\/sk\/grammar_exercises\/indirekte-rede-cvicenia-z-nemeckej-gramatiky\/#primaryimage","url":"https:\/\/talkpal.ai\/wp-content\/uploads\/2025\/12\/two-student-wear-headphones-to-learning-languages.webp","contentUrl":"https:\/\/talkpal.ai\/wp-content\/uploads\/2025\/12\/two-student-wear-headphones-to-learning-languages.webp","width":1200,"height":896,"caption":"Headphones are worn by students taking notes while learning languages at a table in a dimly lit library."},{"@type":"BreadcrumbList","@id":"https:\/\/talkpal.ai\/sk\/grammar_exercises\/indirekte-rede-cvicenia-z-nemeckej-gramatiky\/#breadcrumb","itemListElement":[{"@type":"ListItem","position":1,"name":"Homepage","item":"https:\/\/talkpal.ai\/sk\/"},{"@type":"ListItem","position":2,"name":"Indirekte Rede Cvi\u010denia z nemeckej gramatiky"}]},{"@type":"WebSite","@id":"https:\/\/talkpal.ai\/sk\/#website","url":"https:\/\/talkpal.ai\/sk\/","name":"Talkpal","description":"AI Language Learning","publisher":{"@id":"https:\/\/talkpal.ai\/sk\/#organization"},"alternateName":"Talkpal AI","potentialAction":[{"@type":"SearchAction","target":{"@type":"EntryPoint","urlTemplate":"https:\/\/talkpal.ai\/sk\/?s={search_term_string}"},"query-input":{"@type":"PropertyValueSpecification","valueRequired":true,"valueName":"search_term_string"}}],"inLanguage":"sk-SK"},{"@type":"Organization","@id":"https:\/\/talkpal.ai\/sk\/#organization","name":"Talkpal, Inc.","alternateName":"Talkpal AI","url":"https:\/\/talkpal.ai\/sk\/","logo":{"@type":"ImageObject","inLanguage":"sk-SK","@id":"https:\/\/talkpal.ai\/sk\/#\/schema\/logo\/image\/","url":"https:\/\/talkpal.ai\/wp-content\/uploads\/2024\/03\/Talkpal-Logo-Icon.png","contentUrl":"https:\/\/talkpal.ai\/wp-content\/uploads\/2024\/03\/Talkpal-Logo-Icon.png","width":2880,"height":2880,"caption":"Talkpal, Inc."},"image":{"@id":"https:\/\/talkpal.ai\/sk\/#\/schema\/logo\/image\/"},"sameAs":["https:\/\/www.facebook.com\/profile.php?id=100090733639311","https:\/\/x.com\/talkpalai","https:\/\/www.linkedin.com\/company\/talkpal\/","https:\/\/www.youtube.com\/@TalkPal\/","https:\/\/www.tiktok.com\/@talkpal","https:\/\/www.instagram.com\/talkpal_ai\/","https:\/\/www.crunchbase.com\/organization\/talkpal-9cde","https:\/\/www.g2.com\/products\/talkpal-for-business\/","https:\/\/www.trustpilot.com\/review\/talkpal.ai","https:\/\/www.capterra.com\/p\/10006800\/TalkPal\/"],"description":"Talkpal is a language learning web and mobile education app, powered by the latest AI technologies, that provides engaging experiences to its customers in many different languages to help them improve their language skills. Users can chat about unlimited amount of topics with the app and use other modes to practice their language learning.","email":"support@talkpal.ai","legalName":"Talkpal, Inc.","foundingDate":"2023-04-03","duns":"118989042","numberOfEmployees":{"@type":"QuantitativeValue","minValue":"11","maxValue":"50"},"publishingPrinciples":"https:\/\/talkpal.ai\/publishing-principles\/","actionableFeedbackPolicy":"https:\/\/talkpal.ai\/actionable-feedback-policy\/","correctionsPolicy":"https:\/\/talkpal.ai\/corrections-policy\/","ethicsPolicy":"https:\/\/talkpal.ai\/ethics-policy\/","diversityPolicy":"https:\/\/talkpal.ai\/diversity-policy\/","diversityStaffingReport":"https:\/\/talkpal.ai\/diversity-policy\/"}]}},"_links":{"self":[{"href":"https:\/\/talkpal.ai\/sk\/wp-json\/wp\/v2\/grammar_exercises\/1169219","targetHints":{"allow":["GET"]}}],"collection":[{"href":"https:\/\/talkpal.ai\/sk\/wp-json\/wp\/v2\/grammar_exercises"}],"about":[{"href":"https:\/\/talkpal.ai\/sk\/wp-json\/wp\/v2\/types\/grammar_exercises"}],"wp:featuredmedia":[{"embeddable":true,"href":"https:\/\/talkpal.ai\/sk\/wp-json\/wp\/v2\/media\/1528065"}],"wp:attachment":[{"href":"https:\/\/talkpal.ai\/sk\/wp-json\/wp\/v2\/media?parent=1169219"}],"wp:term":[{"taxonomy":"exercise_language","embeddable":true,"href":"https:\/\/talkpal.ai\/sk\/wp-json\/wp\/v2\/exercise_language?post=1169219"}],"curies":[{"name":"wp","href":"https:\/\/api.w.org\/{rel}","templated":true}]}}