{"id":1169193,"date":"2025-07-06T17:32:31","date_gmt":"2025-07-06T17:32:31","guid":{"rendered":"https:\/\/talkpal.ai\/grammar_exercises\/artikel-cvicenia-z-nemeckej-gramatiky\/"},"modified":"2025-07-06T17:32:31","modified_gmt":"2025-07-06T17:32:31","slug":"artikel-cvicenia-z-nemeckej-gramatiky","status":"publish","type":"grammar_exercises","link":"https:\/\/talkpal.ai\/sk\/grammar_exercises\/artikel-cvicenia-z-nemeckej-gramatiky\/","title":{"rendered":"Artikel Cvi\u010denia z nemeckej gramatiky"},"content":{"rendered":"<p>V t\u00fdchto cvi\u010deniach sa zameriame na spr\u00e1vne pou\u017e\u00edvanie nemeck\u00fdch \u010dlenov (der, die, das) v r\u00f4znych vet\u00e1ch. Nau\u010d\u00edte sa vybra\u0165 spr\u00e1vny \u010dlen pod\u013ea rodu a p\u00e1du podstatn\u00e9ho mena. Ka\u017ed\u00e1 veta obsahuje n\u00e1povedu v sloven\u010dine, ktor\u00e1 v\u00e1m pom\u00f4\u017ee spr\u00e1vne vyplni\u0165 \u010dlen.<\/p>\n<h3>Artikel Cvi\u010denia z nemeckej gramatiky \u2013 \u010cleny v nominat\u00edve<\/h3>\n<div class=\"input_sentences\">\n1. *Der* Mann ist sehr freundlich. (Pou\u017eite spr\u00e1vny ur\u010dit\u00fd \u010dlen pre mu\u017esk\u00fd rod v nominat\u00edve.)<br \/>\n2. Ich sehe *die* Frau im Park. (Pou\u017eite spr\u00e1vny ur\u010dit\u00fd \u010dlen pre \u017eensk\u00fd rod v nominat\u00edve.)<br \/>\n3. *Das* Kind spielt im Garten. (Pou\u017eite spr\u00e1vny ur\u010dit\u00fd \u010dlen pre stredn\u00fd rod v nominat\u00edve.)<br \/>\n4. *Der* Hund l\u00e4uft schnell. (Pou\u017eite spr\u00e1vny ur\u010dit\u00fd \u010dlen pre mu\u017esk\u00fd rod v nominat\u00edve.)<br \/>\n5. *Die* Katze schl\u00e4ft auf dem Sofa. (Pou\u017eite spr\u00e1vny ur\u010dit\u00fd \u010dlen pre \u017eensk\u00fd rod v nominat\u00edve.)<br \/>\n6. *Das* Auto ist neu. (Pou\u017eite spr\u00e1vny ur\u010dit\u00fd \u010dlen pre stredn\u00fd rod v nominat\u00edve.)<br \/>\n7. *Der* <a href=\"https:\/\/talkpal.ai\/talkpal-discount-for-teachers\/\">Lehrer<\/a> erkl\u00e4rt die <a href=\"https:\/\/talkpal.ai\/fr\/les\/\">Grammatik<\/a>. (Pou\u017eite spr\u00e1vny ur\u010dit\u00fd \u010dlen pre mu\u017esk\u00fd rod v nominat\u00edve.)<br \/>\n8. *Die* Blume ist sch\u00f6n. (Pou\u017eite spr\u00e1vny ur\u010dit\u00fd \u010dlen pre \u017eensk\u00fd rod v nominat\u00edve.)<br \/>\n9. *Das* Buch liegt auf dem Tisch. (Pou\u017eite spr\u00e1vny ur\u010dit\u00fd \u010dlen pre stredn\u00fd rod v nominat\u00edve.)<br \/>\n10. *Der* Apfel ist rot. (Pou\u017eite spr\u00e1vny ur\u010dit\u00fd \u010dlen pre mu\u017esk\u00fd rod v nominat\u00edve.)\n<\/div>\n<div class=\"exercise\"><\/div>\n<h3>Artikel Cvi\u010denia z nemeckej gramatiky \u2013 \u010cleny v akuzat\u00edve<\/h3>\n<div class=\"input_sentences\">\n1. Ich kaufe *den* Stuhl. (Pou\u017eite spr\u00e1vny ur\u010dit\u00fd \u010dlen pre mu\u017esk\u00fd rod v akuzat\u00edve.)<br \/>\n2. Sie sieht *die* Lampe. (Pou\u017eite spr\u00e1vny ur\u010dit\u00fd \u010dlen pre \u017eensk\u00fd rod v akuzat\u00edve.)<br \/>\n3. Er hat *das* Buch gelesen. (Pou\u017eite spr\u00e1vny ur\u010dit\u00fd \u010dlen pre stredn\u00fd rod v akuzat\u00edve.)<br \/>\n4. Wir suchen *den* Ball. (Pou\u017eite spr\u00e1vny ur\u010dit\u00fd \u010dlen pre mu\u017esk\u00fd rod v akuzat\u00edve.)<br \/>\n5. Du hast *die* Tasche verloren. (Pou\u017eite spr\u00e1vny ur\u010dit\u00fd \u010dlen pre \u017eensk\u00fd rod v akuzat\u00edve.)<br \/>\n6. Ich finde *das* Kleid sch\u00f6n. (Pou\u017eite spr\u00e1vny ur\u010dit\u00fd \u010dlen pre stredn\u00fd rod v akuzat\u00edve.)<br \/>\n7. Sie liebt *den* Hund. (Pou\u017eite spr\u00e1vny ur\u010dit\u00fd \u010dlen pre mu\u017esk\u00fd rod v akuzat\u00edve.)<br \/>\n8. Er kauft *die* Zeitung. (Pou\u017eite spr\u00e1vny ur\u010dit\u00fd \u010dlen pre \u017eensk\u00fd rod v akuzat\u00edve.)<br \/>\n9. Wir <a href=\"https:\/\/talkpal.ai\/locations\/language-courses-in-essen\/\">essen<\/a> *das* Obst. (Pou\u017eite spr\u00e1vny ur\u010dit\u00fd \u010dlen pre stredn\u00fd rod v akuzat\u00edve.)<br \/>\n10. Ich sehe *den* Baum. (Pou\u017eite spr\u00e1vny ur\u010dit\u00fd \u010dlen pre mu\u017esk\u00fd rod v akuzat\u00edve.)\n<\/div>\n<div class=\"exercise\"><\/div>\n","protected":false},"featured_media":1528113,"parent":0,"menu_order":0,"template":"","exercise_language":[21149,21166],"class_list":["post-1169193","grammar_exercises","type-grammar_exercises","status-publish","has-post-thumbnail","hentry","exercise_language-nemecke-cvicenia","exercise_language-podstatne-mena-a-cleny-nemecka-gramatika"],"acf":[],"yoast_head":"<!-- This site is optimized with the Yoast SEO Premium plugin v27.2 (Yoast SEO v27.2) - https:\/\/yoast.com\/product\/yoast-seo-premium-wordpress\/ -->\n<title>Artikel Cvi\u010denia z nemeckej gramatiky - Talkpal<\/title>\n<meta name=\"description\" content=\"V t\u00fdchto cvi\u010deniach sa zameriame na spr\u00e1vne pou\u017e\u00edvanie nemeck\u00fdch \u010dlenov (der, die, das) v r\u00f4znych vet\u00e1ch. Nau\u010d\u00edte sa vybra\u0165 spr\u00e1vny \u010dlen pod\u013ea rodu a p\u00e1du\" \/>\n<meta name=\"robots\" content=\"index, follow, max-snippet:-1, max-image-preview:large, max-video-preview:-1\" \/>\n<link rel=\"canonical\" href=\"https:\/\/talkpal.ai\/sk\/grammar_exercises\/artikel-cvicenia-z-nemeckej-gramatiky\/\" \/>\n<meta property=\"og:locale\" content=\"sk_SK\" \/>\n<meta property=\"og:type\" content=\"article\" \/>\n<meta property=\"og:title\" content=\"Artikel Cvi\u010denia z nemeckej gramatiky\" \/>\n<meta property=\"og:description\" content=\"V t\u00fdchto cvi\u010deniach sa zameriame na spr\u00e1vne pou\u017e\u00edvanie nemeck\u00fdch \u010dlenov (der, die, das) v r\u00f4znych vet\u00e1ch. Nau\u010d\u00edte sa vybra\u0165 spr\u00e1vny \u010dlen pod\u013ea rodu a p\u00e1du\" \/>\n<meta property=\"og:url\" content=\"https:\/\/talkpal.ai\/sk\/grammar_exercises\/artikel-cvicenia-z-nemeckej-gramatiky\/\" \/>\n<meta property=\"og:site_name\" content=\"Talkpal\" \/>\n<meta property=\"article:publisher\" content=\"https:\/\/www.facebook.com\/profile.php?id=100090733639311\" \/>\n<meta property=\"og:image\" content=\"https:\/\/talkpal.ai\/wp-content\/uploads\/2025\/02\/Progress-tab-16_9.png\" \/>\n\t<meta property=\"og:image:width\" content=\"2880\" \/>\n\t<meta property=\"og:image:height\" content=\"1620\" \/>\n\t<meta property=\"og:image:type\" content=\"image\/png\" \/>\n<meta name=\"twitter:card\" content=\"summary_large_image\" \/>\n<meta name=\"twitter:site\" content=\"@talkpalai\" \/>\n<meta name=\"twitter:label1\" content=\"Predpokladan\u00fd \u010das \u010d\u00edtania\" \/>\n\t<meta name=\"twitter:data1\" content=\"2 min\u00faty\" \/>\n<script type=\"application\/ld+json\" class=\"yoast-schema-graph\">{\"@context\":\"https:\/\/schema.org\",\"@graph\":[{\"@type\":\"WebPage\",\"@id\":\"https:\/\/talkpal.ai\/sk\/grammar_exercises\/artikel-cvicenia-z-nemeckej-gramatiky\/\",\"url\":\"https:\/\/talkpal.ai\/sk\/grammar_exercises\/artikel-cvicenia-z-nemeckej-gramatiky\/\",\"name\":\"Artikel Cvi\u010denia z nemeckej gramatiky - Talkpal\",\"isPartOf\":{\"@id\":\"https:\/\/talkpal.ai\/sk\/#website\"},\"primaryImageOfPage\":{\"@id\":\"https:\/\/talkpal.ai\/sk\/grammar_exercises\/artikel-cvicenia-z-nemeckej-gramatiky\/#primaryimage\"},\"image\":{\"@id\":\"https:\/\/talkpal.ai\/sk\/grammar_exercises\/artikel-cvicenia-z-nemeckej-gramatiky\/#primaryimage\"},\"thumbnailUrl\":\"https:\/\/talkpal.ai\/wp-content\/uploads\/2025\/12\/workspace-is-shared-learning-languages.webp\",\"datePublished\":\"2025-07-06T17:32:31+00:00\",\"description\":\"V t\u00fdchto cvi\u010deniach sa zameriame na spr\u00e1vne pou\u017e\u00edvanie nemeck\u00fdch \u010dlenov (der, die, das) v r\u00f4znych vet\u00e1ch. Nau\u010d\u00edte sa vybra\u0165 spr\u00e1vny \u010dlen pod\u013ea rodu a p\u00e1du\",\"breadcrumb\":{\"@id\":\"https:\/\/talkpal.ai\/sk\/grammar_exercises\/artikel-cvicenia-z-nemeckej-gramatiky\/#breadcrumb\"},\"inLanguage\":\"sk-SK\",\"potentialAction\":[{\"@type\":\"ReadAction\",\"target\":[\"https:\/\/talkpal.ai\/sk\/grammar_exercises\/artikel-cvicenia-z-nemeckej-gramatiky\/\"]}]},{\"@type\":\"ImageObject\",\"inLanguage\":\"sk-SK\",\"@id\":\"https:\/\/talkpal.ai\/sk\/grammar_exercises\/artikel-cvicenia-z-nemeckej-gramatiky\/#primaryimage\",\"url\":\"https:\/\/talkpal.ai\/wp-content\/uploads\/2025\/12\/workspace-is-shared-learning-languages.webp\",\"contentUrl\":\"https:\/\/talkpal.ai\/wp-content\/uploads\/2025\/12\/workspace-is-shared-learning-languages.webp\",\"width\":1200,\"height\":896,\"caption\":\"A library workspace is shared by three students as they use a laptop for learning languages.\"},{\"@type\":\"BreadcrumbList\",\"@id\":\"https:\/\/talkpal.ai\/sk\/grammar_exercises\/artikel-cvicenia-z-nemeckej-gramatiky\/#breadcrumb\",\"itemListElement\":[{\"@type\":\"ListItem\",\"position\":1,\"name\":\"Homepage\",\"item\":\"https:\/\/talkpal.ai\/sk\/\"},{\"@type\":\"ListItem\",\"position\":2,\"name\":\"Artikel Cvi\u010denia z nemeckej gramatiky\"}]},{\"@type\":\"WebSite\",\"@id\":\"https:\/\/talkpal.ai\/sk\/#website\",\"url\":\"https:\/\/talkpal.ai\/sk\/\",\"name\":\"Talkpal\",\"description\":\"AI Language Learning\",\"publisher\":{\"@id\":\"https:\/\/talkpal.ai\/sk\/#organization\"},\"alternateName\":\"Talkpal AI\",\"potentialAction\":[{\"@type\":\"SearchAction\",\"target\":{\"@type\":\"EntryPoint\",\"urlTemplate\":\"https:\/\/talkpal.ai\/sk\/?s={search_term_string}\"},\"query-input\":{\"@type\":\"PropertyValueSpecification\",\"valueRequired\":true,\"valueName\":\"search_term_string\"}}],\"inLanguage\":\"sk-SK\"},{\"@type\":\"Organization\",\"@id\":\"https:\/\/talkpal.ai\/sk\/#organization\",\"name\":\"Talkpal, Inc.\",\"alternateName\":\"Talkpal AI\",\"url\":\"https:\/\/talkpal.ai\/sk\/\",\"logo\":{\"@type\":\"ImageObject\",\"inLanguage\":\"sk-SK\",\"@id\":\"https:\/\/talkpal.ai\/sk\/#\/schema\/logo\/image\/\",\"url\":\"https:\/\/talkpal.ai\/wp-content\/uploads\/2024\/03\/Talkpal-Logo-Icon.png\",\"contentUrl\":\"https:\/\/talkpal.ai\/wp-content\/uploads\/2024\/03\/Talkpal-Logo-Icon.png\",\"width\":2880,\"height\":2880,\"caption\":\"Talkpal, Inc.\"},\"image\":{\"@id\":\"https:\/\/talkpal.ai\/sk\/#\/schema\/logo\/image\/\"},\"sameAs\":[\"https:\/\/www.facebook.com\/profile.php?id=100090733639311\",\"https:\/\/x.com\/talkpalai\",\"https:\/\/www.linkedin.com\/company\/talkpal\/\",\"https:\/\/www.youtube.com\/@TalkPal\/\",\"https:\/\/www.tiktok.com\/@talkpal\",\"https:\/\/www.instagram.com\/talkpal_ai\/\",\"https:\/\/www.crunchbase.com\/organization\/talkpal-9cde\",\"https:\/\/www.g2.com\/products\/talkpal-for-business\/\",\"https:\/\/www.trustpilot.com\/review\/talkpal.ai\",\"https:\/\/www.capterra.com\/p\/10006800\/TalkPal\/\"],\"description\":\"Talkpal is a language learning web and mobile education app, powered by the latest AI technologies, that provides engaging experiences to its customers in many different languages to help them improve their language skills. Users can chat about unlimited amount of topics with the app and use other modes to practice their language learning.\",\"email\":\"support@talkpal.ai\",\"legalName\":\"Talkpal, Inc.\",\"foundingDate\":\"2023-04-03\",\"duns\":\"118989042\",\"numberOfEmployees\":{\"@type\":\"QuantitativeValue\",\"minValue\":\"11\",\"maxValue\":\"50\"},\"publishingPrinciples\":\"https:\/\/talkpal.ai\/publishing-principles\/\",\"actionableFeedbackPolicy\":\"https:\/\/talkpal.ai\/actionable-feedback-policy\/\",\"correctionsPolicy\":\"https:\/\/talkpal.ai\/corrections-policy\/\",\"ethicsPolicy\":\"https:\/\/talkpal.ai\/ethics-policy\/\",\"diversityPolicy\":\"https:\/\/talkpal.ai\/diversity-policy\/\",\"diversityStaffingReport\":\"https:\/\/talkpal.ai\/diversity-policy\/\"}]}<\/script>\n<!-- \/ Yoast SEO Premium plugin. -->","yoast_head_json":{"title":"Artikel Cvi\u010denia z nemeckej gramatiky - Talkpal","description":"V t\u00fdchto cvi\u010deniach sa zameriame na spr\u00e1vne pou\u017e\u00edvanie nemeck\u00fdch \u010dlenov (der, die, das) v r\u00f4znych vet\u00e1ch. Nau\u010d\u00edte sa vybra\u0165 spr\u00e1vny \u010dlen pod\u013ea rodu a p\u00e1du","robots":{"index":"index","follow":"follow","max-snippet":"max-snippet:-1","max-image-preview":"max-image-preview:large","max-video-preview":"max-video-preview:-1"},"canonical":"https:\/\/talkpal.ai\/sk\/grammar_exercises\/artikel-cvicenia-z-nemeckej-gramatiky\/","og_locale":"sk_SK","og_type":"article","og_title":"Artikel Cvi\u010denia z nemeckej gramatiky","og_description":"V t\u00fdchto cvi\u010deniach sa zameriame na spr\u00e1vne pou\u017e\u00edvanie nemeck\u00fdch \u010dlenov (der, die, das) v r\u00f4znych vet\u00e1ch. Nau\u010d\u00edte sa vybra\u0165 spr\u00e1vny \u010dlen pod\u013ea rodu a p\u00e1du","og_url":"https:\/\/talkpal.ai\/sk\/grammar_exercises\/artikel-cvicenia-z-nemeckej-gramatiky\/","og_site_name":"Talkpal","article_publisher":"https:\/\/www.facebook.com\/profile.php?id=100090733639311","og_image":[{"width":2880,"height":1620,"url":"https:\/\/talkpal.ai\/wp-content\/uploads\/2025\/02\/Progress-tab-16_9.png","type":"image\/png"}],"twitter_card":"summary_large_image","twitter_site":"@talkpalai","twitter_misc":{"Predpokladan\u00fd \u010das \u010d\u00edtania":"2 min\u00faty"},"schema":{"@context":"https:\/\/schema.org","@graph":[{"@type":"WebPage","@id":"https:\/\/talkpal.ai\/sk\/grammar_exercises\/artikel-cvicenia-z-nemeckej-gramatiky\/","url":"https:\/\/talkpal.ai\/sk\/grammar_exercises\/artikel-cvicenia-z-nemeckej-gramatiky\/","name":"Artikel Cvi\u010denia z nemeckej gramatiky - Talkpal","isPartOf":{"@id":"https:\/\/talkpal.ai\/sk\/#website"},"primaryImageOfPage":{"@id":"https:\/\/talkpal.ai\/sk\/grammar_exercises\/artikel-cvicenia-z-nemeckej-gramatiky\/#primaryimage"},"image":{"@id":"https:\/\/talkpal.ai\/sk\/grammar_exercises\/artikel-cvicenia-z-nemeckej-gramatiky\/#primaryimage"},"thumbnailUrl":"https:\/\/talkpal.ai\/wp-content\/uploads\/2025\/12\/workspace-is-shared-learning-languages.webp","datePublished":"2025-07-06T17:32:31+00:00","description":"V t\u00fdchto cvi\u010deniach sa zameriame na spr\u00e1vne pou\u017e\u00edvanie nemeck\u00fdch \u010dlenov (der, die, das) v r\u00f4znych vet\u00e1ch. Nau\u010d\u00edte sa vybra\u0165 spr\u00e1vny \u010dlen pod\u013ea rodu a p\u00e1du","breadcrumb":{"@id":"https:\/\/talkpal.ai\/sk\/grammar_exercises\/artikel-cvicenia-z-nemeckej-gramatiky\/#breadcrumb"},"inLanguage":"sk-SK","potentialAction":[{"@type":"ReadAction","target":["https:\/\/talkpal.ai\/sk\/grammar_exercises\/artikel-cvicenia-z-nemeckej-gramatiky\/"]}]},{"@type":"ImageObject","inLanguage":"sk-SK","@id":"https:\/\/talkpal.ai\/sk\/grammar_exercises\/artikel-cvicenia-z-nemeckej-gramatiky\/#primaryimage","url":"https:\/\/talkpal.ai\/wp-content\/uploads\/2025\/12\/workspace-is-shared-learning-languages.webp","contentUrl":"https:\/\/talkpal.ai\/wp-content\/uploads\/2025\/12\/workspace-is-shared-learning-languages.webp","width":1200,"height":896,"caption":"A library workspace is shared by three students as they use a laptop for learning languages."},{"@type":"BreadcrumbList","@id":"https:\/\/talkpal.ai\/sk\/grammar_exercises\/artikel-cvicenia-z-nemeckej-gramatiky\/#breadcrumb","itemListElement":[{"@type":"ListItem","position":1,"name":"Homepage","item":"https:\/\/talkpal.ai\/sk\/"},{"@type":"ListItem","position":2,"name":"Artikel Cvi\u010denia z nemeckej gramatiky"}]},{"@type":"WebSite","@id":"https:\/\/talkpal.ai\/sk\/#website","url":"https:\/\/talkpal.ai\/sk\/","name":"Talkpal","description":"AI Language Learning","publisher":{"@id":"https:\/\/talkpal.ai\/sk\/#organization"},"alternateName":"Talkpal AI","potentialAction":[{"@type":"SearchAction","target":{"@type":"EntryPoint","urlTemplate":"https:\/\/talkpal.ai\/sk\/?s={search_term_string}"},"query-input":{"@type":"PropertyValueSpecification","valueRequired":true,"valueName":"search_term_string"}}],"inLanguage":"sk-SK"},{"@type":"Organization","@id":"https:\/\/talkpal.ai\/sk\/#organization","name":"Talkpal, Inc.","alternateName":"Talkpal AI","url":"https:\/\/talkpal.ai\/sk\/","logo":{"@type":"ImageObject","inLanguage":"sk-SK","@id":"https:\/\/talkpal.ai\/sk\/#\/schema\/logo\/image\/","url":"https:\/\/talkpal.ai\/wp-content\/uploads\/2024\/03\/Talkpal-Logo-Icon.png","contentUrl":"https:\/\/talkpal.ai\/wp-content\/uploads\/2024\/03\/Talkpal-Logo-Icon.png","width":2880,"height":2880,"caption":"Talkpal, Inc."},"image":{"@id":"https:\/\/talkpal.ai\/sk\/#\/schema\/logo\/image\/"},"sameAs":["https:\/\/www.facebook.com\/profile.php?id=100090733639311","https:\/\/x.com\/talkpalai","https:\/\/www.linkedin.com\/company\/talkpal\/","https:\/\/www.youtube.com\/@TalkPal\/","https:\/\/www.tiktok.com\/@talkpal","https:\/\/www.instagram.com\/talkpal_ai\/","https:\/\/www.crunchbase.com\/organization\/talkpal-9cde","https:\/\/www.g2.com\/products\/talkpal-for-business\/","https:\/\/www.trustpilot.com\/review\/talkpal.ai","https:\/\/www.capterra.com\/p\/10006800\/TalkPal\/"],"description":"Talkpal is a language learning web and mobile education app, powered by the latest AI technologies, that provides engaging experiences to its customers in many different languages to help them improve their language skills. Users can chat about unlimited amount of topics with the app and use other modes to practice their language learning.","email":"support@talkpal.ai","legalName":"Talkpal, Inc.","foundingDate":"2023-04-03","duns":"118989042","numberOfEmployees":{"@type":"QuantitativeValue","minValue":"11","maxValue":"50"},"publishingPrinciples":"https:\/\/talkpal.ai\/publishing-principles\/","actionableFeedbackPolicy":"https:\/\/talkpal.ai\/actionable-feedback-policy\/","correctionsPolicy":"https:\/\/talkpal.ai\/corrections-policy\/","ethicsPolicy":"https:\/\/talkpal.ai\/ethics-policy\/","diversityPolicy":"https:\/\/talkpal.ai\/diversity-policy\/","diversityStaffingReport":"https:\/\/talkpal.ai\/diversity-policy\/"}]}},"_links":{"self":[{"href":"https:\/\/talkpal.ai\/sk\/wp-json\/wp\/v2\/grammar_exercises\/1169193","targetHints":{"allow":["GET"]}}],"collection":[{"href":"https:\/\/talkpal.ai\/sk\/wp-json\/wp\/v2\/grammar_exercises"}],"about":[{"href":"https:\/\/talkpal.ai\/sk\/wp-json\/wp\/v2\/types\/grammar_exercises"}],"wp:featuredmedia":[{"embeddable":true,"href":"https:\/\/talkpal.ai\/sk\/wp-json\/wp\/v2\/media\/1528113"}],"wp:attachment":[{"href":"https:\/\/talkpal.ai\/sk\/wp-json\/wp\/v2\/media?parent=1169193"}],"wp:term":[{"taxonomy":"exercise_language","embeddable":true,"href":"https:\/\/talkpal.ai\/sk\/wp-json\/wp\/v2\/exercise_language?post=1169193"}],"curies":[{"name":"wp","href":"https:\/\/api.w.org\/{rel}","templated":true}]}}