{"id":1169183,"date":"2025-07-06T17:32:25","date_gmt":"2025-07-06T17:32:25","guid":{"rendered":"https:\/\/talkpal.ai\/grammar_exercises\/modalverben-cvicenia-z-nemeckej-gramatiky\/"},"modified":"2025-07-06T17:32:25","modified_gmt":"2025-07-06T17:32:25","slug":"modalverben-cvicenia-z-nemeckej-gramatiky","status":"publish","type":"grammar_exercises","link":"https:\/\/talkpal.ai\/sk\/grammar_exercises\/modalverben-cvicenia-z-nemeckej-gramatiky\/","title":{"rendered":"Modalverben Cvi\u010denia z nemeckej gramatiky"},"content":{"rendered":"<p><a href=\"https:\/\/talkpal.ai\/de\/grammar\/deutsche-grammatik-die-modalverben\/\">Modalverben<\/a> s\u00fa d\u00f4le\u017eitou s\u00fa\u010das\u0165ou nemeckej gramatiky a pou\u017e\u00edvaj\u00fa sa na vyjadrenie schopnosti, povinnosti, \u017eelania alebo mo\u017enosti. V t\u00fdchto cvi\u010deniach si precvi\u010d\u00edme pou\u017eitie najbe\u017enej\u0161\u00edch mod\u00e1lnych slovies ako k\u00f6nnen, m\u00fcssen, d\u00fcrfen, wollen a sollen v r\u00f4znych kontextoch.<\/p>\n<h3>Modalverben Cvi\u010denie 1: Pou\u017eitie spr\u00e1vneho mod\u00e1lneho slovesa<\/h3>\n<div class=\"input_sentences\">\n1. Ich *kann* gut <a href=\"https:\/\/talkpal.ai\/speaking-german\/\">Deutsch sprechen<\/a>. (Hint: vyjadruje schopnos\u0165 alebo mo\u017enos\u0165)<br \/>\n2. Du *musst* jeden Tag lernen. (Hint: vyjadruje povinnos\u0165 alebo nutnos\u0165)<br \/>\n3. Wir *d\u00fcrfen* hier nicht rauchen. (Hint: vyjadruje z\u00e1kaz alebo povolenie)<br \/>\n4. Er *will* ins Kino gehen. (Hint: vyjadruje \u017eelanie alebo v\u00f4\u013eu)<br \/>\n5. Ihr *sollt* mehr Wasser trinken. (Hint: vyjadruje odpor\u00fa\u010danie alebo radu)<br \/>\n6. Sie *k\u00f6nnen* morgen kommen. (Hint: vyjadruje mo\u017enos\u0165 alebo schopnos\u0165)<br \/>\n7. Ich *muss* fr\u00fch aufstehen. (Hint: vyjadruje povinnos\u0165)<br \/>\n8. Du *darfst* das Buch ausleihen. (Hint: vyjadruje povolenie)<br \/>\n9. Wir *wollen* eine Party machen. (Hint: vyjadruje pl\u00e1n alebo z\u00e1mer)<br \/>\n10. Ihr *sollt* h\u00f6flich sein. (Hint: vyjadruje odpor\u00fa\u010danie alebo mor\u00e1lnu povinnos\u0165)\n<\/div>\n<div class=\"exercise\"><\/div>\n<h3>Modalverben Cvi\u010denie 2: Vyber spr\u00e1vne mod\u00e1lne sloveso<\/h3>\n<div class=\"input_sentences\">\n1. Kannst du mir helfen? (Hint: ot\u00e1zka o schopnosti alebo mo\u017enosti, spr\u00e1vny tvar mod\u00e1lneho slovesa \u201ek\u00f6nnen\u201c je *)* *kannst*).<br \/>\n2. Wir m\u00fcssen jetzt gehen. (Hint: vyjadruje nutnos\u0165 alebo povinnos\u0165, spr\u00e1vny tvar mod\u00e1lneho slovesa \u201em\u00fcssen\u201c je *)* *m\u00fcssen*).<br \/>\n3. Darf ich hier sitzen? (Hint: p\u00fdta sa na povolenie, spr\u00e1vny tvar mod\u00e1lneho slovesa \u201ed\u00fcrfen\u201c je *)* *darf*).<br \/>\n4. Sie will Arzt werden. (Hint: vyjadruje \u017eelanie alebo pl\u00e1n, spr\u00e1vny tvar mod\u00e1lneho slovesa \u201ewollen\u201c je *)* *will*).<br \/>\n5. Du sollst deine Hausaufgaben machen. (Hint: vyjadruje odpor\u00fa\u010danie alebo povinnos\u0165, spr\u00e1vny tvar mod\u00e1lneho slovesa \u201esollen\u201c je *)* *sollst*).<br \/>\n6. Ich kann heute nicht kommen. (Hint: vyjadruje schopnos\u0165 alebo mo\u017enos\u0165, spr\u00e1vny tvar mod\u00e1lneho slovesa \u201ek\u00f6nnen\u201c je *)* *kann*).<br \/>\n7. Ihr m\u00fcsst leise sein. (Hint: vyjadruje nutnos\u0165 alebo pr\u00edkaz, spr\u00e1vny tvar mod\u00e1lneho slovesa \u201em\u00fcssen\u201c je *)* *m\u00fcsst*).<br \/>\n8. Darf ich das Fenster \u00f6ffnen? (Hint: p\u00fdta sa na povolenie, spr\u00e1vny tvar mod\u00e1lneho slovesa \u201ed\u00fcrfen\u201c je *)* *darf*).<br \/>\n9. Wir wollen ins Restaurant gehen. (Hint: vyjadruje z\u00e1mer alebo pl\u00e1n, spr\u00e1vny tvar mod\u00e1lneho slovesa \u201ewollen\u201c je *)* *wollen*).<br \/>\n10. Sie sollen mehr Obst <a href=\"https:\/\/talkpal.ai\/locations\/language-courses-in-essen\/\">essen<\/a>. (Hint: vyjadruje odpor\u00fa\u010danie alebo radu, spr\u00e1vny tvar mod\u00e1lneho slovesa \u201esollen\u201c je *)* *sollen*).\n<\/div>\n<div class=\"exercise\"><\/div>\n","protected":false},"featured_media":1529663,"parent":0,"menu_order":0,"template":"","exercise_language":[21149,21165],"class_list":["post-1169183","grammar_exercises","type-grammar_exercises","status-publish","has-post-thumbnail","hentry","exercise_language-nemecke-cvicenia","exercise_language-slovesa-nemecka-gramatika-sk"],"acf":[],"yoast_head":"<!-- This site is optimized with the Yoast SEO Premium plugin v27.2 (Yoast SEO v27.2) - https:\/\/yoast.com\/product\/yoast-seo-premium-wordpress\/ -->\n<title>Modalverben Cvi\u010denia z nemeckej gramatiky - Talkpal<\/title>\n<meta name=\"description\" content=\"Modalverben s\u00fa d\u00f4le\u017eitou s\u00fa\u010das\u0165ou nemeckej gramatiky a pou\u017e\u00edvaj\u00fa sa na vyjadrenie schopnosti, povinnosti, \u017eelania alebo mo\u017enosti. V t\u00fdchto cvi\u010deniach si\" \/>\n<meta name=\"robots\" content=\"index, follow, max-snippet:-1, max-image-preview:large, max-video-preview:-1\" \/>\n<link rel=\"canonical\" href=\"https:\/\/talkpal.ai\/sk\/grammar_exercises\/modalverben-cvicenia-z-nemeckej-gramatiky\/\" \/>\n<meta property=\"og:locale\" content=\"sk_SK\" \/>\n<meta property=\"og:type\" content=\"article\" \/>\n<meta property=\"og:title\" content=\"Modalverben Cvi\u010denia z nemeckej gramatiky\" \/>\n<meta property=\"og:description\" content=\"Modalverben s\u00fa d\u00f4le\u017eitou s\u00fa\u010das\u0165ou nemeckej gramatiky a pou\u017e\u00edvaj\u00fa sa na vyjadrenie schopnosti, povinnosti, \u017eelania alebo mo\u017enosti. V t\u00fdchto cvi\u010deniach si\" \/>\n<meta property=\"og:url\" content=\"https:\/\/talkpal.ai\/sk\/grammar_exercises\/modalverben-cvicenia-z-nemeckej-gramatiky\/\" \/>\n<meta property=\"og:site_name\" content=\"Talkpal\" \/>\n<meta property=\"article:publisher\" content=\"https:\/\/www.facebook.com\/profile.php?id=100090733639311\" \/>\n<meta property=\"og:image\" content=\"https:\/\/talkpal.ai\/wp-content\/uploads\/2025\/02\/Progress-tab-16_9.png\" \/>\n\t<meta property=\"og:image:width\" content=\"2880\" \/>\n\t<meta property=\"og:image:height\" content=\"1620\" \/>\n\t<meta property=\"og:image:type\" content=\"image\/png\" \/>\n<meta name=\"twitter:card\" content=\"summary_large_image\" \/>\n<meta name=\"twitter:site\" content=\"@talkpalai\" \/>\n<meta name=\"twitter:label1\" content=\"Predpokladan\u00fd \u010das \u010d\u00edtania\" \/>\n\t<meta name=\"twitter:data1\" content=\"2 min\u00faty\" \/>\n<script type=\"application\/ld+json\" class=\"yoast-schema-graph\">{\"@context\":\"https:\/\/schema.org\",\"@graph\":[{\"@type\":\"WebPage\",\"@id\":\"https:\/\/talkpal.ai\/sk\/grammar_exercises\/modalverben-cvicenia-z-nemeckej-gramatiky\/\",\"url\":\"https:\/\/talkpal.ai\/sk\/grammar_exercises\/modalverben-cvicenia-z-nemeckej-gramatiky\/\",\"name\":\"Modalverben Cvi\u010denia z nemeckej gramatiky - Talkpal\",\"isPartOf\":{\"@id\":\"https:\/\/talkpal.ai\/sk\/#website\"},\"primaryImageOfPage\":{\"@id\":\"https:\/\/talkpal.ai\/sk\/grammar_exercises\/modalverben-cvicenia-z-nemeckej-gramatiky\/#primaryimage\"},\"image\":{\"@id\":\"https:\/\/talkpal.ai\/sk\/grammar_exercises\/modalverben-cvicenia-z-nemeckej-gramatiky\/#primaryimage\"},\"thumbnailUrl\":\"https:\/\/talkpal.ai\/wp-content\/uploads\/2025\/12\/three-people-are-learning-languages-on-laptop.webp\",\"datePublished\":\"2025-07-06T17:32:25+00:00\",\"description\":\"Modalverben s\u00fa d\u00f4le\u017eitou s\u00fa\u010das\u0165ou nemeckej gramatiky a pou\u017e\u00edvaj\u00fa sa na vyjadrenie schopnosti, povinnosti, \u017eelania alebo mo\u017enosti. V t\u00fdchto cvi\u010deniach si\",\"breadcrumb\":{\"@id\":\"https:\/\/talkpal.ai\/sk\/grammar_exercises\/modalverben-cvicenia-z-nemeckej-gramatiky\/#breadcrumb\"},\"inLanguage\":\"sk-SK\",\"potentialAction\":[{\"@type\":\"ReadAction\",\"target\":[\"https:\/\/talkpal.ai\/sk\/grammar_exercises\/modalverben-cvicenia-z-nemeckej-gramatiky\/\"]}]},{\"@type\":\"ImageObject\",\"inLanguage\":\"sk-SK\",\"@id\":\"https:\/\/talkpal.ai\/sk\/grammar_exercises\/modalverben-cvicenia-z-nemeckej-gramatiky\/#primaryimage\",\"url\":\"https:\/\/talkpal.ai\/wp-content\/uploads\/2025\/12\/three-people-are-learning-languages-on-laptop.webp\",\"contentUrl\":\"https:\/\/talkpal.ai\/wp-content\/uploads\/2025\/12\/three-people-are-learning-languages-on-laptop.webp\",\"width\":1200,\"height\":896,\"caption\":\"Three students focus on a laptop and open books while learning languages together.\"},{\"@type\":\"BreadcrumbList\",\"@id\":\"https:\/\/talkpal.ai\/sk\/grammar_exercises\/modalverben-cvicenia-z-nemeckej-gramatiky\/#breadcrumb\",\"itemListElement\":[{\"@type\":\"ListItem\",\"position\":1,\"name\":\"Homepage\",\"item\":\"https:\/\/talkpal.ai\/sk\/\"},{\"@type\":\"ListItem\",\"position\":2,\"name\":\"Modalverben Cvi\u010denia z nemeckej gramatiky\"}]},{\"@type\":\"WebSite\",\"@id\":\"https:\/\/talkpal.ai\/sk\/#website\",\"url\":\"https:\/\/talkpal.ai\/sk\/\",\"name\":\"Talkpal\",\"description\":\"AI Language Learning\",\"publisher\":{\"@id\":\"https:\/\/talkpal.ai\/sk\/#organization\"},\"alternateName\":\"Talkpal AI\",\"potentialAction\":[{\"@type\":\"SearchAction\",\"target\":{\"@type\":\"EntryPoint\",\"urlTemplate\":\"https:\/\/talkpal.ai\/sk\/?s={search_term_string}\"},\"query-input\":{\"@type\":\"PropertyValueSpecification\",\"valueRequired\":true,\"valueName\":\"search_term_string\"}}],\"inLanguage\":\"sk-SK\"},{\"@type\":\"Organization\",\"@id\":\"https:\/\/talkpal.ai\/sk\/#organization\",\"name\":\"Talkpal, Inc.\",\"alternateName\":\"Talkpal AI\",\"url\":\"https:\/\/talkpal.ai\/sk\/\",\"logo\":{\"@type\":\"ImageObject\",\"inLanguage\":\"sk-SK\",\"@id\":\"https:\/\/talkpal.ai\/sk\/#\/schema\/logo\/image\/\",\"url\":\"https:\/\/talkpal.ai\/wp-content\/uploads\/2024\/03\/Talkpal-Logo-Icon.png\",\"contentUrl\":\"https:\/\/talkpal.ai\/wp-content\/uploads\/2024\/03\/Talkpal-Logo-Icon.png\",\"width\":2880,\"height\":2880,\"caption\":\"Talkpal, Inc.\"},\"image\":{\"@id\":\"https:\/\/talkpal.ai\/sk\/#\/schema\/logo\/image\/\"},\"sameAs\":[\"https:\/\/www.facebook.com\/profile.php?id=100090733639311\",\"https:\/\/x.com\/talkpalai\",\"https:\/\/www.linkedin.com\/company\/talkpal\/\",\"https:\/\/www.youtube.com\/@TalkPal\/\",\"https:\/\/www.tiktok.com\/@talkpal\",\"https:\/\/www.instagram.com\/talkpal_ai\/\",\"https:\/\/www.crunchbase.com\/organization\/talkpal-9cde\",\"https:\/\/www.g2.com\/products\/talkpal-for-business\/\",\"https:\/\/www.trustpilot.com\/review\/talkpal.ai\",\"https:\/\/www.capterra.com\/p\/10006800\/TalkPal\/\"],\"description\":\"Talkpal is a language learning web and mobile education app, powered by the latest AI technologies, that provides engaging experiences to its customers in many different languages to help them improve their language skills. Users can chat about unlimited amount of topics with the app and use other modes to practice their language learning.\",\"email\":\"support@talkpal.ai\",\"legalName\":\"Talkpal, Inc.\",\"foundingDate\":\"2023-04-03\",\"duns\":\"118989042\",\"numberOfEmployees\":{\"@type\":\"QuantitativeValue\",\"minValue\":\"11\",\"maxValue\":\"50\"},\"publishingPrinciples\":\"https:\/\/talkpal.ai\/publishing-principles\/\",\"actionableFeedbackPolicy\":\"https:\/\/talkpal.ai\/actionable-feedback-policy\/\",\"correctionsPolicy\":\"https:\/\/talkpal.ai\/corrections-policy\/\",\"ethicsPolicy\":\"https:\/\/talkpal.ai\/ethics-policy\/\",\"diversityPolicy\":\"https:\/\/talkpal.ai\/diversity-policy\/\",\"diversityStaffingReport\":\"https:\/\/talkpal.ai\/diversity-policy\/\"}]}<\/script>\n<!-- \/ Yoast SEO Premium plugin. -->","yoast_head_json":{"title":"Modalverben Cvi\u010denia z nemeckej gramatiky - Talkpal","description":"Modalverben s\u00fa d\u00f4le\u017eitou s\u00fa\u010das\u0165ou nemeckej gramatiky a pou\u017e\u00edvaj\u00fa sa na vyjadrenie schopnosti, povinnosti, \u017eelania alebo mo\u017enosti. V t\u00fdchto cvi\u010deniach si","robots":{"index":"index","follow":"follow","max-snippet":"max-snippet:-1","max-image-preview":"max-image-preview:large","max-video-preview":"max-video-preview:-1"},"canonical":"https:\/\/talkpal.ai\/sk\/grammar_exercises\/modalverben-cvicenia-z-nemeckej-gramatiky\/","og_locale":"sk_SK","og_type":"article","og_title":"Modalverben Cvi\u010denia z nemeckej gramatiky","og_description":"Modalverben s\u00fa d\u00f4le\u017eitou s\u00fa\u010das\u0165ou nemeckej gramatiky a pou\u017e\u00edvaj\u00fa sa na vyjadrenie schopnosti, povinnosti, \u017eelania alebo mo\u017enosti. V t\u00fdchto cvi\u010deniach si","og_url":"https:\/\/talkpal.ai\/sk\/grammar_exercises\/modalverben-cvicenia-z-nemeckej-gramatiky\/","og_site_name":"Talkpal","article_publisher":"https:\/\/www.facebook.com\/profile.php?id=100090733639311","og_image":[{"width":2880,"height":1620,"url":"https:\/\/talkpal.ai\/wp-content\/uploads\/2025\/02\/Progress-tab-16_9.png","type":"image\/png"}],"twitter_card":"summary_large_image","twitter_site":"@talkpalai","twitter_misc":{"Predpokladan\u00fd \u010das \u010d\u00edtania":"2 min\u00faty"},"schema":{"@context":"https:\/\/schema.org","@graph":[{"@type":"WebPage","@id":"https:\/\/talkpal.ai\/sk\/grammar_exercises\/modalverben-cvicenia-z-nemeckej-gramatiky\/","url":"https:\/\/talkpal.ai\/sk\/grammar_exercises\/modalverben-cvicenia-z-nemeckej-gramatiky\/","name":"Modalverben Cvi\u010denia z nemeckej gramatiky - Talkpal","isPartOf":{"@id":"https:\/\/talkpal.ai\/sk\/#website"},"primaryImageOfPage":{"@id":"https:\/\/talkpal.ai\/sk\/grammar_exercises\/modalverben-cvicenia-z-nemeckej-gramatiky\/#primaryimage"},"image":{"@id":"https:\/\/talkpal.ai\/sk\/grammar_exercises\/modalverben-cvicenia-z-nemeckej-gramatiky\/#primaryimage"},"thumbnailUrl":"https:\/\/talkpal.ai\/wp-content\/uploads\/2025\/12\/three-people-are-learning-languages-on-laptop.webp","datePublished":"2025-07-06T17:32:25+00:00","description":"Modalverben s\u00fa d\u00f4le\u017eitou s\u00fa\u010das\u0165ou nemeckej gramatiky a pou\u017e\u00edvaj\u00fa sa na vyjadrenie schopnosti, povinnosti, \u017eelania alebo mo\u017enosti. V t\u00fdchto cvi\u010deniach si","breadcrumb":{"@id":"https:\/\/talkpal.ai\/sk\/grammar_exercises\/modalverben-cvicenia-z-nemeckej-gramatiky\/#breadcrumb"},"inLanguage":"sk-SK","potentialAction":[{"@type":"ReadAction","target":["https:\/\/talkpal.ai\/sk\/grammar_exercises\/modalverben-cvicenia-z-nemeckej-gramatiky\/"]}]},{"@type":"ImageObject","inLanguage":"sk-SK","@id":"https:\/\/talkpal.ai\/sk\/grammar_exercises\/modalverben-cvicenia-z-nemeckej-gramatiky\/#primaryimage","url":"https:\/\/talkpal.ai\/wp-content\/uploads\/2025\/12\/three-people-are-learning-languages-on-laptop.webp","contentUrl":"https:\/\/talkpal.ai\/wp-content\/uploads\/2025\/12\/three-people-are-learning-languages-on-laptop.webp","width":1200,"height":896,"caption":"Three students focus on a laptop and open books while learning languages together."},{"@type":"BreadcrumbList","@id":"https:\/\/talkpal.ai\/sk\/grammar_exercises\/modalverben-cvicenia-z-nemeckej-gramatiky\/#breadcrumb","itemListElement":[{"@type":"ListItem","position":1,"name":"Homepage","item":"https:\/\/talkpal.ai\/sk\/"},{"@type":"ListItem","position":2,"name":"Modalverben Cvi\u010denia z nemeckej gramatiky"}]},{"@type":"WebSite","@id":"https:\/\/talkpal.ai\/sk\/#website","url":"https:\/\/talkpal.ai\/sk\/","name":"Talkpal","description":"AI Language Learning","publisher":{"@id":"https:\/\/talkpal.ai\/sk\/#organization"},"alternateName":"Talkpal AI","potentialAction":[{"@type":"SearchAction","target":{"@type":"EntryPoint","urlTemplate":"https:\/\/talkpal.ai\/sk\/?s={search_term_string}"},"query-input":{"@type":"PropertyValueSpecification","valueRequired":true,"valueName":"search_term_string"}}],"inLanguage":"sk-SK"},{"@type":"Organization","@id":"https:\/\/talkpal.ai\/sk\/#organization","name":"Talkpal, Inc.","alternateName":"Talkpal AI","url":"https:\/\/talkpal.ai\/sk\/","logo":{"@type":"ImageObject","inLanguage":"sk-SK","@id":"https:\/\/talkpal.ai\/sk\/#\/schema\/logo\/image\/","url":"https:\/\/talkpal.ai\/wp-content\/uploads\/2024\/03\/Talkpal-Logo-Icon.png","contentUrl":"https:\/\/talkpal.ai\/wp-content\/uploads\/2024\/03\/Talkpal-Logo-Icon.png","width":2880,"height":2880,"caption":"Talkpal, Inc."},"image":{"@id":"https:\/\/talkpal.ai\/sk\/#\/schema\/logo\/image\/"},"sameAs":["https:\/\/www.facebook.com\/profile.php?id=100090733639311","https:\/\/x.com\/talkpalai","https:\/\/www.linkedin.com\/company\/talkpal\/","https:\/\/www.youtube.com\/@TalkPal\/","https:\/\/www.tiktok.com\/@talkpal","https:\/\/www.instagram.com\/talkpal_ai\/","https:\/\/www.crunchbase.com\/organization\/talkpal-9cde","https:\/\/www.g2.com\/products\/talkpal-for-business\/","https:\/\/www.trustpilot.com\/review\/talkpal.ai","https:\/\/www.capterra.com\/p\/10006800\/TalkPal\/"],"description":"Talkpal is a language learning web and mobile education app, powered by the latest AI technologies, that provides engaging experiences to its customers in many different languages to help them improve their language skills. Users can chat about unlimited amount of topics with the app and use other modes to practice their language learning.","email":"support@talkpal.ai","legalName":"Talkpal, Inc.","foundingDate":"2023-04-03","duns":"118989042","numberOfEmployees":{"@type":"QuantitativeValue","minValue":"11","maxValue":"50"},"publishingPrinciples":"https:\/\/talkpal.ai\/publishing-principles\/","actionableFeedbackPolicy":"https:\/\/talkpal.ai\/actionable-feedback-policy\/","correctionsPolicy":"https:\/\/talkpal.ai\/corrections-policy\/","ethicsPolicy":"https:\/\/talkpal.ai\/ethics-policy\/","diversityPolicy":"https:\/\/talkpal.ai\/diversity-policy\/","diversityStaffingReport":"https:\/\/talkpal.ai\/diversity-policy\/"}]}},"_links":{"self":[{"href":"https:\/\/talkpal.ai\/sk\/wp-json\/wp\/v2\/grammar_exercises\/1169183","targetHints":{"allow":["GET"]}}],"collection":[{"href":"https:\/\/talkpal.ai\/sk\/wp-json\/wp\/v2\/grammar_exercises"}],"about":[{"href":"https:\/\/talkpal.ai\/sk\/wp-json\/wp\/v2\/types\/grammar_exercises"}],"wp:featuredmedia":[{"embeddable":true,"href":"https:\/\/talkpal.ai\/sk\/wp-json\/wp\/v2\/media\/1529663"}],"wp:attachment":[{"href":"https:\/\/talkpal.ai\/sk\/wp-json\/wp\/v2\/media?parent=1169183"}],"wp:term":[{"taxonomy":"exercise_language","embeddable":true,"href":"https:\/\/talkpal.ai\/sk\/wp-json\/wp\/v2\/exercise_language?post=1169183"}],"curies":[{"name":"wp","href":"https:\/\/api.w.org\/{rel}","templated":true}]}}