{"id":1169178,"date":"2025-07-06T17:32:19","date_gmt":"2025-07-06T17:32:19","guid":{"rendered":"https:\/\/talkpal.ai\/grammar_exercises\/unregelmasige-verben-cvicenia-z-nemeckej-gramatiky\/"},"modified":"2025-07-06T17:32:19","modified_gmt":"2025-07-06T17:32:19","slug":"unregelmasige-verben-cvicenia-z-nemeckej-gramatiky","status":"publish","type":"grammar_exercises","link":"https:\/\/talkpal.ai\/sk\/grammar_exercises\/unregelmasige-verben-cvicenia-z-nemeckej-gramatiky\/","title":{"rendered":"Unregelm\u00e4\u00dfige Verben Cvi\u010denia z nemeckej gramatiky"},"content":{"rendered":"<p>V t\u00fdchto cvi\u010deniach si precvi\u010d\u00edte pou\u017eitie nepravideln\u00fdch slovies v nem\u010dine. Ka\u017ed\u00e1 veta obsahuje sloveso v minulom \u010dase (Pr\u00e4teritum), ktor\u00e9 mus\u00edte spr\u00e1vne doplni\u0165. Pozor na spr\u00e1vny tvar, preto\u017ee tieto sloves\u00e1 nemaj\u00fa pravideln\u00fd tvar minul\u00e9ho \u010dasu.<\/p>\n<h3>Unregelm\u00e4\u00dfige Verben Cvi\u010denia \u2013 Pr\u00e4teritum 1<\/h3>\n<div class=\"input_sentences\">\n1. Gestern *ging* ich in die Schule. (minul\u00fd \u010das od \u201egehen\u201c \u2013 \u00eds\u0165)<br \/>\n2. Du *kamst* sp\u00e4t nach Hause. (minul\u00fd \u010das od \u201ekommen\u201c \u2013 pr\u00eds\u0165)<br \/>\n3. Er *sah* einen Film im Kino. (minul\u00fd \u010das od \u201esehen\u201c \u2013 vidie\u0165)<br \/>\n4. Wir *fuhren* mit dem <a href=\"https:\/\/talkpal.ai\/locations\/language-courses-in-zug\/\">Zug<\/a> nach <a href=\"https:\/\/talkpal.ai\/locations\/language-courses-in-berlin\/\">Berlin<\/a>. (minul\u00fd \u010das od \u201efahren\u201c \u2013 \u00eds\u0165, jazdi\u0165)<br \/>\n5. Ihr *nahmt* das Buch aus dem Regal. (minul\u00fd \u010das od \u201enehmen\u201c \u2013 vzia\u0165)<br \/>\n6. Sie *schliefen* lange am Wochenende. (minul\u00fd \u010das od \u201eschlafen\u201c \u2013 spa\u0165)<br \/>\n7. Ich *a\u00df* einen Apfel zum Fr\u00fchst\u00fcck. (minul\u00fd \u010das od \u201eessen\u201c \u2013 jes\u0165)<br \/>\n8. Du *sprachst* mit deinem Freund. (minul\u00fd \u010das od \u201esprechen\u201c \u2013 hovori\u0165)<br \/>\n9. Er *half* seiner Mutter im Garten. (minul\u00fd \u010das od \u201ehelfen\u201c \u2013 pom\u00e1ha\u0165)<br \/>\n10. Wir *tranken* Wasser nach dem Sport. (minul\u00fd \u010das od \u201etrinken\u201c \u2013 pi\u0165)\n<\/div>\n<div class=\"exercise\"><\/div>\n<h3>Unregelm\u00e4\u00dfige Verben Cvi\u010denia \u2013 Pr\u00e4teritum 2<\/h3>\n<div class=\"input_sentences\">\n1. Ich *fand* den Schl\u00fcssel unter dem Tisch. (minul\u00fd \u010das od \u201efinden\u201c \u2013 n\u00e1js\u0165)<br \/>\n2. Du *bliebst* zu Hause wegen des Regens. (minul\u00fd \u010das od \u201ebleiben\u201c \u2013 zosta\u0165)<br \/>\n3. Er *schrieb* einen Brief an seinen Freund. (minul\u00fd \u010das od \u201eschreiben\u201c \u2013 p\u00edsa\u0165)<br \/>\n4. Wir *lie\u00dfen* das Auto vor dem Haus. (minul\u00fd \u010das od \u201elassen\u201c \u2013 necha\u0165)<br \/>\n5. Ihr *ranntet* schnell zum Bus. (minul\u00fd \u010das od \u201erennen\u201c \u2013 be\u017ea\u0165)<br \/>\n6. Sie *trugen* schwere Taschen. (minul\u00fd \u010das od \u201etragen\u201c \u2013 nies\u0165)<br \/>\n7. Ich *wurde* gestern krank. (minul\u00fd \u010das od \u201ewerden\u201c \u2013 sta\u0165 sa)<br \/>\n8. Du *durftest* nicht sp\u00e4t bleiben. (minul\u00fd \u010das od \u201ed\u00fcrfen\u201c \u2013 smie\u0165)<br \/>\n9. Er *konnte* gut schwimmen. (minul\u00fd \u010das od \u201ek\u00f6nnen\u201c \u2013 vedie\u0165, m\u00f4c\u0165)<br \/>\n10. Wir *sangen* ein Lied im Chor. (minul\u00fd \u010das od \u201esingen\u201c \u2013 spieva\u0165)\n<\/div>\n<div class=\"exercise\"><\/div>\n","protected":false},"featured_media":1527896,"parent":0,"menu_order":0,"template":"","exercise_language":[21164,21149],"class_list":["post-1169178","grammar_exercises","type-grammar_exercises","status-publish","has-post-thumbnail","hentry","exercise_language-casy-nemecka-gramatika-sk","exercise_language-nemecke-cvicenia"],"acf":[],"yoast_head":"<!-- This site is optimized with the Yoast SEO Premium plugin v27.2 (Yoast SEO v27.2) - https:\/\/yoast.com\/product\/yoast-seo-premium-wordpress\/ -->\n<title>Unregelm\u00e4\u00dfige Verben Cvi\u010denia z nemeckej gramatiky - Talkpal<\/title>\n<meta name=\"description\" content=\"V t\u00fdchto cvi\u010deniach si precvi\u010d\u00edte pou\u017eitie nepravideln\u00fdch slovies v nem\u010dine. Ka\u017ed\u00e1 veta obsahuje sloveso v minulom \u010dase (Pr\u00e4teritum), ktor\u00e9 mus\u00edte spr\u00e1vne\" \/>\n<meta name=\"robots\" content=\"index, follow, max-snippet:-1, max-image-preview:large, max-video-preview:-1\" \/>\n<link rel=\"canonical\" href=\"https:\/\/talkpal.ai\/sk\/grammar_exercises\/unregelmasige-verben-cvicenia-z-nemeckej-gramatiky\/\" \/>\n<meta property=\"og:locale\" content=\"sk_SK\" \/>\n<meta property=\"og:type\" content=\"article\" \/>\n<meta property=\"og:title\" content=\"Unregelm\u00e4\u00dfige Verben Cvi\u010denia z nemeckej gramatiky\" \/>\n<meta property=\"og:description\" content=\"V t\u00fdchto cvi\u010deniach si precvi\u010d\u00edte pou\u017eitie nepravideln\u00fdch slovies v nem\u010dine. Ka\u017ed\u00e1 veta obsahuje sloveso v minulom \u010dase (Pr\u00e4teritum), ktor\u00e9 mus\u00edte spr\u00e1vne\" \/>\n<meta property=\"og:url\" content=\"https:\/\/talkpal.ai\/sk\/grammar_exercises\/unregelmasige-verben-cvicenia-z-nemeckej-gramatiky\/\" \/>\n<meta property=\"og:site_name\" content=\"Talkpal\" \/>\n<meta property=\"article:publisher\" content=\"https:\/\/www.facebook.com\/profile.php?id=100090733639311\" \/>\n<meta property=\"og:image\" content=\"https:\/\/talkpal.ai\/wp-content\/uploads\/2025\/02\/Progress-tab-16_9.png\" \/>\n\t<meta property=\"og:image:width\" content=\"2880\" \/>\n\t<meta property=\"og:image:height\" content=\"1620\" \/>\n\t<meta property=\"og:image:type\" content=\"image\/png\" \/>\n<meta name=\"twitter:card\" content=\"summary_large_image\" \/>\n<meta name=\"twitter:site\" content=\"@talkpalai\" \/>\n<meta name=\"twitter:label1\" content=\"Predpokladan\u00fd \u010das \u010d\u00edtania\" \/>\n\t<meta name=\"twitter:data1\" content=\"1 min\u00fata\" \/>\n<script type=\"application\/ld+json\" class=\"yoast-schema-graph\">{\"@context\":\"https:\/\/schema.org\",\"@graph\":[{\"@type\":\"WebPage\",\"@id\":\"https:\/\/talkpal.ai\/sk\/grammar_exercises\/unregelmasige-verben-cvicenia-z-nemeckej-gramatiky\/\",\"url\":\"https:\/\/talkpal.ai\/sk\/grammar_exercises\/unregelmasige-verben-cvicenia-z-nemeckej-gramatiky\/\",\"name\":\"Unregelm\u00e4\u00dfige Verben Cvi\u010denia z nemeckej gramatiky - Talkpal\",\"isPartOf\":{\"@id\":\"https:\/\/talkpal.ai\/sk\/#website\"},\"primaryImageOfPage\":{\"@id\":\"https:\/\/talkpal.ai\/sk\/grammar_exercises\/unregelmasige-verben-cvicenia-z-nemeckej-gramatiky\/#primaryimage\"},\"image\":{\"@id\":\"https:\/\/talkpal.ai\/sk\/grammar_exercises\/unregelmasige-verben-cvicenia-z-nemeckej-gramatiky\/#primaryimage\"},\"thumbnailUrl\":\"https:\/\/talkpal.ai\/wp-content\/uploads\/2025\/12\/student-is-learning-languages-in-classroom.webp\",\"datePublished\":\"2025-07-06T17:32:19+00:00\",\"description\":\"V t\u00fdchto cvi\u010deniach si precvi\u010d\u00edte pou\u017eitie nepravideln\u00fdch slovies v nem\u010dine. Ka\u017ed\u00e1 veta obsahuje sloveso v minulom \u010dase (Pr\u00e4teritum), ktor\u00e9 mus\u00edte spr\u00e1vne\",\"breadcrumb\":{\"@id\":\"https:\/\/talkpal.ai\/sk\/grammar_exercises\/unregelmasige-verben-cvicenia-z-nemeckej-gramatiky\/#breadcrumb\"},\"inLanguage\":\"sk-SK\",\"potentialAction\":[{\"@type\":\"ReadAction\",\"target\":[\"https:\/\/talkpal.ai\/sk\/grammar_exercises\/unregelmasige-verben-cvicenia-z-nemeckej-gramatiky\/\"]}]},{\"@type\":\"ImageObject\",\"inLanguage\":\"sk-SK\",\"@id\":\"https:\/\/talkpal.ai\/sk\/grammar_exercises\/unregelmasige-verben-cvicenia-z-nemeckej-gramatiky\/#primaryimage\",\"url\":\"https:\/\/talkpal.ai\/wp-content\/uploads\/2025\/12\/student-is-learning-languages-in-classroom.webp\",\"contentUrl\":\"https:\/\/talkpal.ai\/wp-content\/uploads\/2025\/12\/student-is-learning-languages-in-classroom.webp\",\"width\":1200,\"height\":896,\"caption\":\"A student with curly hair takes notes while learning languages in a large, sunny classroom.\"},{\"@type\":\"BreadcrumbList\",\"@id\":\"https:\/\/talkpal.ai\/sk\/grammar_exercises\/unregelmasige-verben-cvicenia-z-nemeckej-gramatiky\/#breadcrumb\",\"itemListElement\":[{\"@type\":\"ListItem\",\"position\":1,\"name\":\"Homepage\",\"item\":\"https:\/\/talkpal.ai\/sk\/\"},{\"@type\":\"ListItem\",\"position\":2,\"name\":\"Unregelm\u00e4\u00dfige Verben Cvi\u010denia z nemeckej gramatiky\"}]},{\"@type\":\"WebSite\",\"@id\":\"https:\/\/talkpal.ai\/sk\/#website\",\"url\":\"https:\/\/talkpal.ai\/sk\/\",\"name\":\"Talkpal\",\"description\":\"AI Language Learning\",\"publisher\":{\"@id\":\"https:\/\/talkpal.ai\/sk\/#organization\"},\"alternateName\":\"Talkpal AI\",\"potentialAction\":[{\"@type\":\"SearchAction\",\"target\":{\"@type\":\"EntryPoint\",\"urlTemplate\":\"https:\/\/talkpal.ai\/sk\/?s={search_term_string}\"},\"query-input\":{\"@type\":\"PropertyValueSpecification\",\"valueRequired\":true,\"valueName\":\"search_term_string\"}}],\"inLanguage\":\"sk-SK\"},{\"@type\":\"Organization\",\"@id\":\"https:\/\/talkpal.ai\/sk\/#organization\",\"name\":\"Talkpal, Inc.\",\"alternateName\":\"Talkpal AI\",\"url\":\"https:\/\/talkpal.ai\/sk\/\",\"logo\":{\"@type\":\"ImageObject\",\"inLanguage\":\"sk-SK\",\"@id\":\"https:\/\/talkpal.ai\/sk\/#\/schema\/logo\/image\/\",\"url\":\"https:\/\/talkpal.ai\/wp-content\/uploads\/2024\/03\/Talkpal-Logo-Icon.png\",\"contentUrl\":\"https:\/\/talkpal.ai\/wp-content\/uploads\/2024\/03\/Talkpal-Logo-Icon.png\",\"width\":2880,\"height\":2880,\"caption\":\"Talkpal, Inc.\"},\"image\":{\"@id\":\"https:\/\/talkpal.ai\/sk\/#\/schema\/logo\/image\/\"},\"sameAs\":[\"https:\/\/www.facebook.com\/profile.php?id=100090733639311\",\"https:\/\/x.com\/talkpalai\",\"https:\/\/www.linkedin.com\/company\/talkpal\/\",\"https:\/\/www.youtube.com\/@TalkPal\/\",\"https:\/\/www.tiktok.com\/@talkpal\",\"https:\/\/www.instagram.com\/talkpal_ai\/\",\"https:\/\/www.crunchbase.com\/organization\/talkpal-9cde\",\"https:\/\/www.g2.com\/products\/talkpal-for-business\/\",\"https:\/\/www.trustpilot.com\/review\/talkpal.ai\",\"https:\/\/www.capterra.com\/p\/10006800\/TalkPal\/\"],\"description\":\"Talkpal is a language learning web and mobile education app, powered by the latest AI technologies, that provides engaging experiences to its customers in many different languages to help them improve their language skills. Users can chat about unlimited amount of topics with the app and use other modes to practice their language learning.\",\"email\":\"support@talkpal.ai\",\"legalName\":\"Talkpal, Inc.\",\"foundingDate\":\"2023-04-03\",\"duns\":\"118989042\",\"numberOfEmployees\":{\"@type\":\"QuantitativeValue\",\"minValue\":\"11\",\"maxValue\":\"50\"},\"publishingPrinciples\":\"https:\/\/talkpal.ai\/publishing-principles\/\",\"actionableFeedbackPolicy\":\"https:\/\/talkpal.ai\/actionable-feedback-policy\/\",\"correctionsPolicy\":\"https:\/\/talkpal.ai\/corrections-policy\/\",\"ethicsPolicy\":\"https:\/\/talkpal.ai\/ethics-policy\/\",\"diversityPolicy\":\"https:\/\/talkpal.ai\/diversity-policy\/\",\"diversityStaffingReport\":\"https:\/\/talkpal.ai\/diversity-policy\/\"}]}<\/script>\n<!-- \/ Yoast SEO Premium plugin. -->","yoast_head_json":{"title":"Unregelm\u00e4\u00dfige Verben Cvi\u010denia z nemeckej gramatiky - Talkpal","description":"V t\u00fdchto cvi\u010deniach si precvi\u010d\u00edte pou\u017eitie nepravideln\u00fdch slovies v nem\u010dine. Ka\u017ed\u00e1 veta obsahuje sloveso v minulom \u010dase (Pr\u00e4teritum), ktor\u00e9 mus\u00edte spr\u00e1vne","robots":{"index":"index","follow":"follow","max-snippet":"max-snippet:-1","max-image-preview":"max-image-preview:large","max-video-preview":"max-video-preview:-1"},"canonical":"https:\/\/talkpal.ai\/sk\/grammar_exercises\/unregelmasige-verben-cvicenia-z-nemeckej-gramatiky\/","og_locale":"sk_SK","og_type":"article","og_title":"Unregelm\u00e4\u00dfige Verben Cvi\u010denia z nemeckej gramatiky","og_description":"V t\u00fdchto cvi\u010deniach si precvi\u010d\u00edte pou\u017eitie nepravideln\u00fdch slovies v nem\u010dine. Ka\u017ed\u00e1 veta obsahuje sloveso v minulom \u010dase (Pr\u00e4teritum), ktor\u00e9 mus\u00edte spr\u00e1vne","og_url":"https:\/\/talkpal.ai\/sk\/grammar_exercises\/unregelmasige-verben-cvicenia-z-nemeckej-gramatiky\/","og_site_name":"Talkpal","article_publisher":"https:\/\/www.facebook.com\/profile.php?id=100090733639311","og_image":[{"width":2880,"height":1620,"url":"https:\/\/talkpal.ai\/wp-content\/uploads\/2025\/02\/Progress-tab-16_9.png","type":"image\/png"}],"twitter_card":"summary_large_image","twitter_site":"@talkpalai","twitter_misc":{"Predpokladan\u00fd \u010das \u010d\u00edtania":"1 min\u00fata"},"schema":{"@context":"https:\/\/schema.org","@graph":[{"@type":"WebPage","@id":"https:\/\/talkpal.ai\/sk\/grammar_exercises\/unregelmasige-verben-cvicenia-z-nemeckej-gramatiky\/","url":"https:\/\/talkpal.ai\/sk\/grammar_exercises\/unregelmasige-verben-cvicenia-z-nemeckej-gramatiky\/","name":"Unregelm\u00e4\u00dfige Verben Cvi\u010denia z nemeckej gramatiky - Talkpal","isPartOf":{"@id":"https:\/\/talkpal.ai\/sk\/#website"},"primaryImageOfPage":{"@id":"https:\/\/talkpal.ai\/sk\/grammar_exercises\/unregelmasige-verben-cvicenia-z-nemeckej-gramatiky\/#primaryimage"},"image":{"@id":"https:\/\/talkpal.ai\/sk\/grammar_exercises\/unregelmasige-verben-cvicenia-z-nemeckej-gramatiky\/#primaryimage"},"thumbnailUrl":"https:\/\/talkpal.ai\/wp-content\/uploads\/2025\/12\/student-is-learning-languages-in-classroom.webp","datePublished":"2025-07-06T17:32:19+00:00","description":"V t\u00fdchto cvi\u010deniach si precvi\u010d\u00edte pou\u017eitie nepravideln\u00fdch slovies v nem\u010dine. Ka\u017ed\u00e1 veta obsahuje sloveso v minulom \u010dase (Pr\u00e4teritum), ktor\u00e9 mus\u00edte spr\u00e1vne","breadcrumb":{"@id":"https:\/\/talkpal.ai\/sk\/grammar_exercises\/unregelmasige-verben-cvicenia-z-nemeckej-gramatiky\/#breadcrumb"},"inLanguage":"sk-SK","potentialAction":[{"@type":"ReadAction","target":["https:\/\/talkpal.ai\/sk\/grammar_exercises\/unregelmasige-verben-cvicenia-z-nemeckej-gramatiky\/"]}]},{"@type":"ImageObject","inLanguage":"sk-SK","@id":"https:\/\/talkpal.ai\/sk\/grammar_exercises\/unregelmasige-verben-cvicenia-z-nemeckej-gramatiky\/#primaryimage","url":"https:\/\/talkpal.ai\/wp-content\/uploads\/2025\/12\/student-is-learning-languages-in-classroom.webp","contentUrl":"https:\/\/talkpal.ai\/wp-content\/uploads\/2025\/12\/student-is-learning-languages-in-classroom.webp","width":1200,"height":896,"caption":"A student with curly hair takes notes while learning languages in a large, sunny classroom."},{"@type":"BreadcrumbList","@id":"https:\/\/talkpal.ai\/sk\/grammar_exercises\/unregelmasige-verben-cvicenia-z-nemeckej-gramatiky\/#breadcrumb","itemListElement":[{"@type":"ListItem","position":1,"name":"Homepage","item":"https:\/\/talkpal.ai\/sk\/"},{"@type":"ListItem","position":2,"name":"Unregelm\u00e4\u00dfige Verben Cvi\u010denia z nemeckej gramatiky"}]},{"@type":"WebSite","@id":"https:\/\/talkpal.ai\/sk\/#website","url":"https:\/\/talkpal.ai\/sk\/","name":"Talkpal","description":"AI Language Learning","publisher":{"@id":"https:\/\/talkpal.ai\/sk\/#organization"},"alternateName":"Talkpal AI","potentialAction":[{"@type":"SearchAction","target":{"@type":"EntryPoint","urlTemplate":"https:\/\/talkpal.ai\/sk\/?s={search_term_string}"},"query-input":{"@type":"PropertyValueSpecification","valueRequired":true,"valueName":"search_term_string"}}],"inLanguage":"sk-SK"},{"@type":"Organization","@id":"https:\/\/talkpal.ai\/sk\/#organization","name":"Talkpal, Inc.","alternateName":"Talkpal AI","url":"https:\/\/talkpal.ai\/sk\/","logo":{"@type":"ImageObject","inLanguage":"sk-SK","@id":"https:\/\/talkpal.ai\/sk\/#\/schema\/logo\/image\/","url":"https:\/\/talkpal.ai\/wp-content\/uploads\/2024\/03\/Talkpal-Logo-Icon.png","contentUrl":"https:\/\/talkpal.ai\/wp-content\/uploads\/2024\/03\/Talkpal-Logo-Icon.png","width":2880,"height":2880,"caption":"Talkpal, Inc."},"image":{"@id":"https:\/\/talkpal.ai\/sk\/#\/schema\/logo\/image\/"},"sameAs":["https:\/\/www.facebook.com\/profile.php?id=100090733639311","https:\/\/x.com\/talkpalai","https:\/\/www.linkedin.com\/company\/talkpal\/","https:\/\/www.youtube.com\/@TalkPal\/","https:\/\/www.tiktok.com\/@talkpal","https:\/\/www.instagram.com\/talkpal_ai\/","https:\/\/www.crunchbase.com\/organization\/talkpal-9cde","https:\/\/www.g2.com\/products\/talkpal-for-business\/","https:\/\/www.trustpilot.com\/review\/talkpal.ai","https:\/\/www.capterra.com\/p\/10006800\/TalkPal\/"],"description":"Talkpal is a language learning web and mobile education app, powered by the latest AI technologies, that provides engaging experiences to its customers in many different languages to help them improve their language skills. Users can chat about unlimited amount of topics with the app and use other modes to practice their language learning.","email":"support@talkpal.ai","legalName":"Talkpal, Inc.","foundingDate":"2023-04-03","duns":"118989042","numberOfEmployees":{"@type":"QuantitativeValue","minValue":"11","maxValue":"50"},"publishingPrinciples":"https:\/\/talkpal.ai\/publishing-principles\/","actionableFeedbackPolicy":"https:\/\/talkpal.ai\/actionable-feedback-policy\/","correctionsPolicy":"https:\/\/talkpal.ai\/corrections-policy\/","ethicsPolicy":"https:\/\/talkpal.ai\/ethics-policy\/","diversityPolicy":"https:\/\/talkpal.ai\/diversity-policy\/","diversityStaffingReport":"https:\/\/talkpal.ai\/diversity-policy\/"}]}},"_links":{"self":[{"href":"https:\/\/talkpal.ai\/sk\/wp-json\/wp\/v2\/grammar_exercises\/1169178","targetHints":{"allow":["GET"]}}],"collection":[{"href":"https:\/\/talkpal.ai\/sk\/wp-json\/wp\/v2\/grammar_exercises"}],"about":[{"href":"https:\/\/talkpal.ai\/sk\/wp-json\/wp\/v2\/types\/grammar_exercises"}],"wp:featuredmedia":[{"embeddable":true,"href":"https:\/\/talkpal.ai\/sk\/wp-json\/wp\/v2\/media\/1527896"}],"wp:attachment":[{"href":"https:\/\/talkpal.ai\/sk\/wp-json\/wp\/v2\/media?parent=1169178"}],"wp:term":[{"taxonomy":"exercise_language","embeddable":true,"href":"https:\/\/talkpal.ai\/sk\/wp-json\/wp\/v2\/exercise_language?post=1169178"}],"curies":[{"name":"wp","href":"https:\/\/api.w.org\/{rel}","templated":true}]}}