{"id":1080533,"date":"2025-07-02T00:20:37","date_gmt":"2025-07-02T00:20:37","guid":{"rendered":"https:\/\/talkpal.ai\/grammar\/pronombres-reflexivos-v-spanielskej-gramatike\/"},"modified":"2025-07-02T00:20:37","modified_gmt":"2025-07-02T00:20:37","slug":"pronombres-reflexivos-v-spanielskej-gramatike","status":"publish","type":"grammar","link":"https:\/\/talkpal.ai\/sk\/grammar\/pronombres-reflexivos-v-spanielskej-gramatike\/","title":{"rendered":"Pronombres reflexivos v \u0161panielskej gramatike"},"content":{"rendered":"<p><a href=\"https:\/\/talkpal.ai\/sk\/najlepsi-kurz-spanielciny-rychle-a-efektivne-ucenie-jazykov\/\">\u0160panielska gramatika<\/a> je bohat\u00e1 na rozmanit\u00e9 jazykov\u00e9 prostriedky, medzi ktor\u00e9 patria aj reflex\u00edvne z\u00e1men\u00e1, zn\u00e1me ako &#8222;pronombres reflexivos&#8220;. Tieto z\u00e1men\u00e1 zohr\u00e1vaj\u00fa v ka\u017edodennej komunik\u00e1cii d\u00f4le\u017eit\u00fa \u00falohu a ich spr\u00e1vne pou\u017e\u00edvanie je k\u013e\u00fa\u010dov\u00e9 pre plynul\u00fd a spr\u00e1vny prejav v \u0161paniel\u010dine. Ak sa chcete nau\u010di\u0165 spr\u00e1vne pou\u017e\u00edva\u0165 <a href=\"https:\/\/talkpal.ai\/ar\/grammar_exercises\/pronombres-reflexivos-%d8%aa%d9%85%d8%a7%d8%b1%d9%8a%d9%86-%d9%84%d9%82%d9%88%d8%a7%d8%b9%d8%af-%d8%a7%d9%84%d9%84%d8%ba%d8%a9-%d8%a7%d9%84%d8%a5%d8%b3%d8%a8%d8%a7%d9%86%d9%8a%d8%a9\/\">pronombres reflexivos<\/a> v <a href=\"https:\/\/talkpal.ai\/sk\/grammar\/posicion-v-spanielskej-gramatike\/\">\u0161panielskej gramatike<\/a>, <a href=\"https:\/\/talkpal.ai\/ko\/ai-%ec%96%b8%ec%96%b4-%ea%b5%90%ec%82%ac\/\">Talkpal<\/a> je skvel\u00fd sp\u00f4sob, ako si t\u00fato t\u00e9mu precvi\u010di\u0165 a osvoji\u0165. V tomto \u010dl\u00e1nku sa podrobne pozrieme na v\u00fdznam, pou\u017eitie, r\u00f4zne typy reflex\u00edvnych z\u00e1men, ich gramatick\u00e9 pravidl\u00e1 a \u010dast\u00e9 chyby, ktor\u00fdm sa treba vyhn\u00fa\u0165. <\/p>\n<h2>\u010co s\u00fa pronombres reflexivos?<\/h2>\n<p>Reflex\u00edvne z\u00e1men\u00e1 v \u0161paniel\u010dine s\u00fa z\u00e1men\u00e1, ktor\u00e9 ozna\u010duj\u00fa, \u017ee podmet vykon\u00e1va \u010dinnos\u0165 s\u00e1m na sebe. To znamen\u00e1, \u017ee osoba alebo vec, ktor\u00e1 vykon\u00e1va <a href=\"https:\/\/talkpal.ai\/locations\/language-courses-in-dej\/\">dej<\/a>, je z\u00e1rove\u0148 pr\u00edjemcom tohto deja. Tieto z\u00e1men\u00e1 sa \u010dasto vyskytuj\u00fa s reflex\u00edvnymi slovesami, ktor\u00e9 v sloven\u010dine spravidla preklad\u00e1me s predponou &#8222;sa&#8220; (napr. umy\u0165 sa, obliec\u0165 sa).<\/p>\n<h3>Z\u00e1kladn\u00e9 reflex\u00edvne z\u00e1men\u00e1 v \u0161paniel\u010dine<\/h3>\n<p>V \u0161panielskej gramatike existuje \u0161es\u0165 z\u00e1kladn\u00fdch reflex\u00edvnych z\u00e1men, ktor\u00e9 sa menia pod\u013ea osoby:<\/p>\n<ul>\n<li><strong>me<\/strong> \u2013 1. osoba jednotn\u00e9ho \u010d\u00edsla (ja)<\/li>\n<li><strong>te<\/strong> \u2013 2. osoba jednotn\u00e9ho \u010d\u00edsla (ty)<\/li>\n<li><strong>se<\/strong> \u2013 3. osoba jednotn\u00e9ho \u010d\u00edsla (on, ona, vykanie) a v\u0161etky osoby mno\u017en\u00e9ho \u010d\u00edsla v zdvorilostnej forme<\/li>\n<li><strong>nos<\/strong> \u2013 1. osoba mno\u017en\u00e9ho \u010d\u00edsla (my)<\/li>\n<li><strong>os<\/strong> \u2013 2. osoba mno\u017en\u00e9ho \u010d\u00edsla (vy \u2013 v \u0160panielsku)<\/li>\n<li><strong>se<\/strong> \u2013 3. osoba mno\u017en\u00e9ho \u010d\u00edsla (oni, ony, vykanie)<\/li>\n<\/ul>\n<p>Pr\u00edklady:<\/p>\n<ul>\n<li><em>Me<\/em> lavo las manos. \u2013 Um\u00fdvam si ruky.<\/li>\n<li><em>Te<\/em> levantas temprano. \u2013 Vst\u00e1va\u0161 skoro.<\/li>\n<li><em>Se<\/em> viste r\u00e1pidamente. \u2013 R\u00fdchlo sa oblieka.<\/li>\n<li><em>Nos<\/em> duchamos despu\u00e9s de correr. \u2013 Sprchujeme sa po behan\u00ed.<\/li>\n<li><em>Os<\/em> acost\u00e1is tarde. \u2013 Chod\u00edte spa\u0165 neskoro.<\/li>\n<li><em>Se<\/em> peinan antes de salir. \u2013 \u010ce\u0161\u00fa sa pred odchodom.<\/li>\n<\/ul>\n<h2>Kedy pou\u017e\u00edvame reflex\u00edvne z\u00e1men\u00e1?<\/h2>\n<p>Reflex\u00edvne z\u00e1men\u00e1 v \u0161panielskej gramatike pou\u017e\u00edvame najm\u00e4 v t\u00fdchto pr\u00edpadoch:<\/p>\n<ul>\n<li>Pri sloves\u00e1ch, kde podmet vykon\u00e1va \u010dinnos\u0165 s\u00e1m na sebe (napr. um\u00fdva\u0165 sa, oblieka\u0165 sa).<\/li>\n<li>Pri opisovan\u00ed ka\u017edodenn\u00fdch rut\u00edn (napr. vst\u00e1va\u0165, \u010desa\u0165 sa, sprchova\u0165 sa).<\/li>\n<li>Pri vyjadren\u00ed vz\u00e1jomnosti (reciprocalita) \u2013 ke\u010f dvaja alebo viacer\u00ed \u00fa\u010dastn\u00edci vykon\u00e1vaj\u00fa \u010dinnos\u0165 na sebe navz\u00e1jom.<\/li>\n<li>V niektor\u00fdch pr\u00edpadoch, kde reflex\u00edvne z\u00e1meno men\u00ed v\u00fdznam slovesa (napr. ir = \u00eds\u0165, irse = od\u00eds\u0165).<\/li>\n<\/ul>\n<h3>Pr\u00edklady reflex\u00edvnych slovies<\/h3>\n<ul>\n<li><strong>levantarse<\/strong> \u2013 vst\u00e1va\u0165<\/li>\n<li><strong>ducharse<\/strong> \u2013 sprchova\u0165 sa<\/li>\n<li><strong>afeitarse<\/strong> \u2013 holi\u0165 sa<\/li>\n<li><strong>vestirse<\/strong> \u2013 oblieka\u0165 sa<\/li>\n<li><strong>sentarse<\/strong> \u2013 sadn\u00fa\u0165 si<\/li>\n<li><strong>dormirse<\/strong> \u2013 zaspa\u0165<\/li>\n<li><strong>irse<\/strong> \u2013 od\u00eds\u0165<\/li>\n<li><strong>acostarse<\/strong> \u2013 \u00eds\u0165 spa\u0165<\/li>\n<\/ul>\n<h2>Postavenie reflex\u00edvnych z\u00e1men vo vete<\/h2>\n<p>Reflex\u00edvne z\u00e1meno sa v \u0161paniel\u010dine zvy\u010dajne umiest\u0148uje pred sloveso (ak je \u010dasovan\u00e9), alebo sa pripoj\u00ed na koniec slovesa vo forme infinit\u00edvu, gerundia alebo rozkazu.<\/p>\n<h3>Pred slovesom:<\/h3>\n<ul>\n<li><em>Me levanto<\/em> a las siete. \u2013 Vst\u00e1vam o siedmej.<\/li>\n<li><em>Te duchas<\/em> despu\u00e9s del trabajo. \u2013 Sprchuje\u0161 sa po pr\u00e1ci.<\/li>\n<\/ul>\n<h3>Za slovesom (pripojen\u00e9 ku koncovke):<\/h3>\n<ul>\n<li>Voy a <em>lavarme<\/em> las manos. \u2013 Idem si umy\u0165 ruky.<\/li>\n<li>Est\u00e1 <em>visti\u00e9ndose<\/em>. \u2013 Oblek\u00e1 sa. (doslovne: Je obliekanie sa.)<\/li>\n<li>\u00a1<em>Lev\u00e1ntate<\/em>! \u2013 Vsta\u0148!<\/li>\n<\/ul>\n<h2>Rozdiel medzi reflex\u00edvnymi a nereflex\u00edvnymi slovesami<\/h2>\n<p>Mnoh\u00e9 \u0161panielske sloves\u00e1 m\u00f4\u017eu by\u0165 pou\u017eit\u00e9 bu\u010f reflex\u00edvne, alebo nereflex\u00edvne, pri\u010dom v\u00fdznam sa m\u00f4\u017ee zmeni\u0165:<\/p>\n<ul>\n<li><strong>Llamar<\/strong> \u2013 vola\u0165 (niekoho)<br \/>\n    <br \/><strong>Llamarse<\/strong> \u2013 vola\u0165 sa (ma\u0165 meno)<\/li>\n<li><strong>Ir<\/strong> \u2013 \u00eds\u0165<br \/>\n    <br \/><strong>Irse<\/strong> \u2013 od\u00eds\u0165<\/li>\n<li><strong>Quedar<\/strong> \u2013 zosta\u0165, dohodn\u00fa\u0165 si stretnutie<br \/>\n    <br \/><strong>Quedarse<\/strong> \u2013 zosta\u0165 niekde (zotrva\u0165 na mieste)<\/li>\n<li><strong>Poner<\/strong> \u2013 polo\u017ei\u0165, da\u0165<br \/>\n    <br \/><strong>Ponerse<\/strong> \u2013 obliec\u0165 si (nie\u010do), <a href=\"https:\/\/talkpal.ai\/ko\/ai-%ec%96%b8%ec%96%b4-%ea%b5%90%ec%82%ac\/\">za\u010da\u0165<\/a> by\u0165 (nejak\u00fd\/\u00e1)<\/li>\n<\/ul>\n<h3>Pr\u00edklady:<\/h3>\n<ul>\n<li><em>Llamo<\/em> a mi amigo. \u2013 Vol\u00e1m kamar\u00e1tovi.<\/li>\n<li><em>Me llamo<\/em> Juan. \u2013 Vol\u00e1m sa Juan.<\/li>\n<li><em>Pongo<\/em> el libro en <a href=\"https:\/\/talkpal.ai\/locations\/language-courses-in-la-mesa\/\">la mesa<\/a>. \u2013 Polo\u017e\u00edm knihu na st\u00f4l.<\/li>\n<li><em>Me pongo<\/em> la chaqueta. \u2013 Obliekam si bundu.<\/li>\n<\/ul>\n<h2>Reciprocalita: Vz\u00e1jomn\u00e9 reflex\u00edvne z\u00e1men\u00e1<\/h2>\n<p>Reflex\u00edvne z\u00e1men\u00e1 sa pou\u017e\u00edvaj\u00fa aj pri vyjadren\u00ed vz\u00e1jomnosti, ke\u010f dve alebo viac os\u00f4b vykon\u00e1va \u010dinnos\u0165 navz\u00e1jom:<\/p>\n<ul>\n<li><em>Nos vemos<\/em> todos los d\u00edas. \u2013 Vid\u00edme sa ka\u017ed\u00fd de\u0148.<\/li>\n<li><em>Se abrazan<\/em> al despedirse. \u2013 Obj\u00edmaj\u00fa sa pri l\u00fa\u010den\u00ed.<\/li>\n<li><em>Os llam\u00e1is<\/em> por tel\u00e9fono cada semana. \u2013 Vol\u00e1te si ka\u017ed\u00fd t\u00fd\u017ede\u0148.<\/li>\n<\/ul>\n<p>V tomto pr\u00edpade je reflex\u00edvne z\u00e1meno prelo\u017een\u00e9 do sloven\u010diny ako &#8222;sa&#8220; alebo &#8222;si navz\u00e1jom&#8220;.<\/p>\n<h2>Zvl\u00e1\u0161tnosti a \u010dast\u00e9 chyby pri pou\u017e\u00edvan\u00ed pronombres reflexivos<\/h2>\n<p>Pri u\u010den\u00ed \u0161panielskych reflex\u00edvnych z\u00e1men sa \u010dasto stret\u00e1vame s niektor\u00fdmi \u0161pecifick\u00fdmi javmi a \u010dast\u00fdmi chybami:<\/p>\n<h3>Naj\u010dastej\u0161ie chyby:<\/h3>\n<ul>\n<li>Pou\u017eitie reflex\u00edvneho z\u00e1mena tam, kde nie je potrebn\u00e9.<\/li>\n<li>Vynechanie reflex\u00edvneho z\u00e1mena pri sloves\u00e1ch, ktor\u00e9 ho vy\u017eaduj\u00fa.<\/li>\n<li>Zamie\u0148anie reflex\u00edvnych z\u00e1men s osobn\u00fdmi z\u00e1menami.<\/li>\n<li>Nespr\u00e1vny slovosled reflex\u00edvneho z\u00e1mena vo vete.<\/li>\n<\/ul>\n<h3>Pr\u00edklady nespr\u00e1vneho pou\u017eitia:<\/h3>\n<ul>\n<li><em>~Lavo las manos<\/em> namiesto spr\u00e1vneho <em>Me lavo las manos<\/em>.<\/li>\n<li><em>~Se va a dormir<\/em> bez z\u00e1mena v rozkazovacej vete, spr\u00e1vne <em>\u00a1Du\u00e9rmete!<\/em>.<\/li>\n<\/ul>\n<h2>Reflex\u00edvne z\u00e1men\u00e1 v r\u00f4znych \u010dasoch a sp\u00f4soboch<\/h2>\n<p>Reflex\u00edvne z\u00e1men\u00e1 sa prisp\u00f4sobuj\u00fa v\u0161etk\u00fdm \u010dasom a sp\u00f4sobom. Ich poz\u00edcia a tvar ost\u00e1vaj\u00fa rovnak\u00e9, ale slovesn\u00fd tvar sa men\u00ed pod\u013ea \u010dasu, sp\u00f4sobu a osoby.<\/p>\n<h3>Pr\u00edklady v r\u00f4znych \u010dasoch:<\/h3>\n<ul>\n<li><strong>Pr\u00edtomn\u00fd \u010das:<\/strong> <em>Me levanto<\/em> temprano. \u2013 Vst\u00e1vam skoro.<\/li>\n<li><strong>Minul\u00fd \u010das (pret\u00e9rito perfecto):<\/strong> <em>Me he levantado<\/em> temprano. \u2013 Vstal som skoro.<\/li>\n<li><strong>Bud\u00faci \u010das:<\/strong> <em>Me voy a levantar<\/em> temprano. \u2013 Vstanem skoro.<\/li>\n<li><strong>Podmie\u0148ovac\u00ed sp\u00f4sob:<\/strong> <em>Me levantar\u00eda<\/em> temprano si pudiera. \u2013 Vstal by som skoro, keby som mohol.<\/li>\n<\/ul>\n<h2>Rozkazovac\u00ed sp\u00f4sob a reflex\u00edvne z\u00e1men\u00e1<\/h2>\n<p>V rozkazovacom sp\u00f4sobe (imperat\u00edve) sa reflex\u00edvne z\u00e1meno prip\u00e1ja priamo ku slovesu:<\/p>\n<ul>\n<li><em>\u00a1Lev\u00e1ntate!<\/em> \u2013 Vsta\u0148!<\/li>\n<li><em>\u00a1V\u00edstete!<\/em> \u2013 Oble\u010d sa!<\/li>\n<li><em>\u00a1Si\u00e9ntense!<\/em> \u2013 Sadnite si!<\/li>\n<\/ul>\n<p>Pozor na zmeny v pr\u00edzvuku: pri prip\u00e1jan\u00ed z\u00e1mena k slovesu sa \u010dasto prid\u00e1va pr\u00edzvuk (tilde), aby bola zachovan\u00e1 spr\u00e1vna v\u00fdslovnos\u0165.<\/p>\n<h2>V\u00fdznamn\u00fd rozdiel: Pronombres reflexivos vs. Pronombres rec\u00edprocos<\/h2>\n<p>Aj ke\u010f sa reflex\u00edvne z\u00e1men\u00e1 pou\u017e\u00edvaj\u00fa na ozna\u010denie, \u017ee podmet vykon\u00e1va \u010dinnos\u0165 na sebe, v mno\u017enom \u010d\u00edsle m\u00f4\u017eu vyjadrova\u0165 aj vz\u00e1jomnos\u0165 (reciprocalitu). V takom pr\u00edpade z\u00e1meno &#8222;se&#8220; alebo &#8222;nos&#8220; znamen\u00e1 &#8222;navz\u00e1jom&#8220;.<\/p>\n<ul>\n<li><em>Nos escribimos<\/em> cada semana. \u2013 P\u00ed\u0161eme si navz\u00e1jom ka\u017ed\u00fd t\u00fd\u017ede\u0148.<\/li>\n<li><em>Se respetan<\/em> mucho. \u2013 Ve\u013emi sa navz\u00e1jom re\u0161pektuj\u00fa.<\/li>\n<\/ul>\n<h2>Pre\u010do je d\u00f4le\u017eit\u00e9 ovl\u00e1da\u0165 pronombres reflexivos?<\/h2>\n<p>Ovl\u00e1danie reflex\u00edvnych z\u00e1men je nevyhnutn\u00e9 pre:<\/p>\n<ul>\n<li>Spr\u00e1vne pochopenie a tvorbu be\u017en\u00fdch fr\u00e1z a viet v \u0161paniel\u010dine.<\/li>\n<li>Vyjadrenie ka\u017edodenn\u00fdch \u010dinnost\u00ed a rut\u00edn.<\/li>\n<li>Rozli\u0161ovanie v\u00fdznamu medzi podobn\u00fdmi slovesami.<\/li>\n<li>Efekt\u00edvnu komunik\u00e1ciu v re\u00e1lnych situ\u00e1ci\u00e1ch.<\/li>\n<\/ul>\n<p>Navy\u0161e, spr\u00e1vne pou\u017e\u00edvanie pronombres reflexivos ukazuje na pokro\u010dil\u00fa \u00farove\u0148 znalosti \u0161panielskeho jazyka a zlep\u0161uje sebavedomie pri rozpr\u00e1van\u00ed.<\/p>\n<h2>Tipy a triky na zvl\u00e1dnutie reflex\u00edvnych z\u00e1men<\/h2>\n<ul>\n<li>Precvi\u010dujte si reflex\u00edvne sloves\u00e1 v kontexte ka\u017edodenn\u00fdch \u010dinnost\u00ed.<\/li>\n<li>U\u010dte sa cel\u00e9 fr\u00e1zy, nielen izolovan\u00e9 sloves\u00e1 a z\u00e1men\u00e1.<\/li>\n<li>V\u0161\u00edmajte si, ako sa men\u00ed v\u00fdznam slovies s reflex\u00edvnym z\u00e1menom.<\/li>\n<li>Pou\u017e\u00edvajte online n\u00e1stroje, ako je <strong>Talkpal<\/strong>, na precvi\u010dovanie v praxi.<\/li>\n<li>Po\u010d\u00favajte a sledujte \u0161panielske konverz\u00e1cie, aby ste si osvojili prirodzen\u00e9 pou\u017eitie reflex\u00edvnych z\u00e1men.<\/li>\n<\/ul>\n<h2>Z\u00e1ver<\/h2>\n<p>Reflex\u00edvne z\u00e1men\u00e1 \u2013 pronombres reflexivos \u2013 predstavuj\u00fa z\u00e1kladn\u00fd prvok \u0161panielskej gramatiky, ktor\u00fd je potrebn\u00e9 ovl\u00e1da\u0165 pre spr\u00e1vnu, plynul\u00fa a efekt\u00edvnu komunik\u00e1ciu. Znalos\u0165 ich pou\u017eitia v\u00e1m umo\u017en\u00ed lep\u0161ie rozumie\u0165 a tvori\u0165 vety v \u0161paniel\u010dine, od ka\u017edodenn\u00fdch rut\u00edn a\u017e po zlo\u017eitej\u0161ie jazykov\u00e9 \u0161trukt\u00fary. Ak chcete svoje znalosti reflex\u00edvnych z\u00e1men rozvin\u00fa\u0165 na vy\u0161\u0161iu \u00farove\u0148, ur\u010dite vyu\u017eite modern\u00e9 vzdel\u00e1vacie platformy, ako je Talkpal, ktor\u00e9 v\u00e1m umo\u017enia precvi\u010di\u0165 si t\u00fato t\u00e9mu interakt\u00edvne a z\u00e1bavne. Ovl\u00e1danie pronombres reflexivos je k\u013e\u00fa\u010dom k \u00faspe\u0161n\u00e9mu zvl\u00e1dnutiu \u0161panielskeho jazyka.<\/p>\n","protected":false},"featured_media":1527610,"template":"","language":[12946,12952],"class_list":["post-1080533","grammar","type-grammar","status-publish","has-post-thumbnail","hentry","language-spanielcina","language-zamena-spanielska-gramatika"],"acf":[],"yoast_head":"<!-- This site is optimized with the Yoast SEO Premium plugin v27.2 (Yoast SEO v27.2) - https:\/\/yoast.com\/product\/yoast-seo-premium-wordpress\/ -->\n<title>Pronombres reflexivos v \u0161panielskej gramatike - Talkpal<\/title>\n<meta name=\"description\" content=\"\u0160panielska gramatika je bohat\u00e1 na rozmanit\u00e9 jazykov\u00e9 prostriedky, medzi ktor\u00e9 patria aj reflex\u00edvne z\u00e1men\u00e1, zn\u00e1me ako &quot;pronombres reflexivos&quot;. Tieto z\u00e1men\u00e1\" \/>\n<meta name=\"robots\" content=\"index, follow, max-snippet:-1, max-image-preview:large, max-video-preview:-1\" \/>\n<link rel=\"canonical\" href=\"https:\/\/talkpal.ai\/sk\/grammar\/pronombres-reflexivos-v-spanielskej-gramatike\/\" \/>\n<meta property=\"og:locale\" content=\"sk_SK\" \/>\n<meta property=\"og:type\" content=\"article\" \/>\n<meta property=\"og:title\" content=\"Pronombres reflexivos v \u0161panielskej gramatike\" \/>\n<meta property=\"og:description\" content=\"\u0160panielska gramatika je bohat\u00e1 na rozmanit\u00e9 jazykov\u00e9 prostriedky, medzi ktor\u00e9 patria aj reflex\u00edvne z\u00e1men\u00e1, zn\u00e1me ako &quot;pronombres reflexivos&quot;. Tieto z\u00e1men\u00e1\" \/>\n<meta property=\"og:url\" content=\"https:\/\/talkpal.ai\/sk\/grammar\/pronombres-reflexivos-v-spanielskej-gramatike\/\" \/>\n<meta property=\"og:site_name\" content=\"Talkpal\" \/>\n<meta property=\"article:publisher\" content=\"https:\/\/www.facebook.com\/profile.php?id=100090733639311\" \/>\n<meta property=\"og:image\" content=\"https:\/\/talkpal.ai\/wp-content\/uploads\/2025\/02\/Progress-tab-16_9.png\" \/>\n\t<meta property=\"og:image:width\" content=\"2880\" \/>\n\t<meta property=\"og:image:height\" content=\"1620\" \/>\n\t<meta property=\"og:image:type\" content=\"image\/png\" \/>\n<meta name=\"twitter:card\" content=\"summary_large_image\" \/>\n<meta name=\"twitter:site\" content=\"@talkpalai\" \/>\n<meta name=\"twitter:label1\" content=\"Predpokladan\u00fd \u010das \u010d\u00edtania\" \/>\n\t<meta name=\"twitter:data1\" content=\"7 min\u00fat\" \/>\n<script type=\"application\/ld+json\" class=\"yoast-schema-graph\">{\"@context\":\"https:\/\/schema.org\",\"@graph\":[{\"@type\":\"WebPage\",\"@id\":\"https:\/\/talkpal.ai\/sk\/grammar\/pronombres-reflexivos-v-spanielskej-gramatike\/\",\"url\":\"https:\/\/talkpal.ai\/sk\/grammar\/pronombres-reflexivos-v-spanielskej-gramatike\/\",\"name\":\"Pronombres reflexivos v \u0161panielskej gramatike - Talkpal\",\"isPartOf\":{\"@id\":\"https:\/\/talkpal.ai\/sk\/#website\"},\"primaryImageOfPage\":{\"@id\":\"https:\/\/talkpal.ai\/sk\/grammar\/pronombres-reflexivos-v-spanielskej-gramatike\/#primaryimage\"},\"image\":{\"@id\":\"https:\/\/talkpal.ai\/sk\/grammar\/pronombres-reflexivos-v-spanielskej-gramatike\/#primaryimage\"},\"thumbnailUrl\":\"https:\/\/talkpal.ai\/wp-content\/uploads\/2025\/12\/books-are-used-to-learn-languages.webp\",\"datePublished\":\"2025-07-02T00:20:37+00:00\",\"description\":\"\u0160panielska gramatika je bohat\u00e1 na rozmanit\u00e9 jazykov\u00e9 prostriedky, medzi ktor\u00e9 patria aj reflex\u00edvne z\u00e1men\u00e1, zn\u00e1me ako \\\"pronombres reflexivos\\\". Tieto z\u00e1men\u00e1\",\"breadcrumb\":{\"@id\":\"https:\/\/talkpal.ai\/sk\/grammar\/pronombres-reflexivos-v-spanielskej-gramatike\/#breadcrumb\"},\"inLanguage\":\"sk-SK\",\"potentialAction\":[{\"@type\":\"ReadAction\",\"target\":[\"https:\/\/talkpal.ai\/sk\/grammar\/pronombres-reflexivos-v-spanielskej-gramatike\/\"]}]},{\"@type\":\"ImageObject\",\"inLanguage\":\"sk-SK\",\"@id\":\"https:\/\/talkpal.ai\/sk\/grammar\/pronombres-reflexivos-v-spanielskej-gramatike\/#primaryimage\",\"url\":\"https:\/\/talkpal.ai\/wp-content\/uploads\/2025\/12\/books-are-used-to-learn-languages.webp\",\"contentUrl\":\"https:\/\/talkpal.ai\/wp-content\/uploads\/2025\/12\/books-are-used-to-learn-languages.webp\",\"width\":1200,\"height\":896,\"caption\":\"Four students work at laptops in a bright, modern library hall to learn languages.\"},{\"@type\":\"BreadcrumbList\",\"@id\":\"https:\/\/talkpal.ai\/sk\/grammar\/pronombres-reflexivos-v-spanielskej-gramatike\/#breadcrumb\",\"itemListElement\":[{\"@type\":\"ListItem\",\"position\":1,\"name\":\"Homepage\",\"item\":\"https:\/\/talkpal.ai\/sk\/\"},{\"@type\":\"ListItem\",\"position\":2,\"name\":\"Pronombres reflexivos v \u0161panielskej gramatike\"}]},{\"@type\":\"WebSite\",\"@id\":\"https:\/\/talkpal.ai\/sk\/#website\",\"url\":\"https:\/\/talkpal.ai\/sk\/\",\"name\":\"Talkpal\",\"description\":\"AI Language Learning\",\"publisher\":{\"@id\":\"https:\/\/talkpal.ai\/sk\/#organization\"},\"alternateName\":\"Talkpal AI\",\"potentialAction\":[{\"@type\":\"SearchAction\",\"target\":{\"@type\":\"EntryPoint\",\"urlTemplate\":\"https:\/\/talkpal.ai\/sk\/?s={search_term_string}\"},\"query-input\":{\"@type\":\"PropertyValueSpecification\",\"valueRequired\":true,\"valueName\":\"search_term_string\"}}],\"inLanguage\":\"sk-SK\"},{\"@type\":\"Organization\",\"@id\":\"https:\/\/talkpal.ai\/sk\/#organization\",\"name\":\"Talkpal, Inc.\",\"alternateName\":\"Talkpal AI\",\"url\":\"https:\/\/talkpal.ai\/sk\/\",\"logo\":{\"@type\":\"ImageObject\",\"inLanguage\":\"sk-SK\",\"@id\":\"https:\/\/talkpal.ai\/sk\/#\/schema\/logo\/image\/\",\"url\":\"https:\/\/talkpal.ai\/wp-content\/uploads\/2024\/03\/Talkpal-Logo-Icon.png\",\"contentUrl\":\"https:\/\/talkpal.ai\/wp-content\/uploads\/2024\/03\/Talkpal-Logo-Icon.png\",\"width\":2880,\"height\":2880,\"caption\":\"Talkpal, Inc.\"},\"image\":{\"@id\":\"https:\/\/talkpal.ai\/sk\/#\/schema\/logo\/image\/\"},\"sameAs\":[\"https:\/\/www.facebook.com\/profile.php?id=100090733639311\",\"https:\/\/x.com\/talkpalai\",\"https:\/\/www.linkedin.com\/company\/talkpal\/\",\"https:\/\/www.youtube.com\/@TalkPal\/\",\"https:\/\/www.tiktok.com\/@talkpal\",\"https:\/\/www.instagram.com\/talkpal_ai\/\",\"https:\/\/www.crunchbase.com\/organization\/talkpal-9cde\",\"https:\/\/www.g2.com\/products\/talkpal-for-business\/\",\"https:\/\/www.trustpilot.com\/review\/talkpal.ai\",\"https:\/\/www.capterra.com\/p\/10006800\/TalkPal\/\"],\"description\":\"Talkpal is a language learning web and mobile education app, powered by the latest AI technologies, that provides engaging experiences to its customers in many different languages to help them improve their language skills. Users can chat about unlimited amount of topics with the app and use other modes to practice their language learning.\",\"email\":\"support@talkpal.ai\",\"legalName\":\"Talkpal, Inc.\",\"foundingDate\":\"2023-04-03\",\"duns\":\"118989042\",\"numberOfEmployees\":{\"@type\":\"QuantitativeValue\",\"minValue\":\"11\",\"maxValue\":\"50\"},\"publishingPrinciples\":\"https:\/\/talkpal.ai\/publishing-principles\/\",\"actionableFeedbackPolicy\":\"https:\/\/talkpal.ai\/actionable-feedback-policy\/\",\"correctionsPolicy\":\"https:\/\/talkpal.ai\/corrections-policy\/\",\"ethicsPolicy\":\"https:\/\/talkpal.ai\/ethics-policy\/\",\"diversityPolicy\":\"https:\/\/talkpal.ai\/diversity-policy\/\",\"diversityStaffingReport\":\"https:\/\/talkpal.ai\/diversity-policy\/\"}]}<\/script>\n<!-- \/ Yoast SEO Premium plugin. -->","yoast_head_json":{"title":"Pronombres reflexivos v \u0161panielskej gramatike - Talkpal","description":"\u0160panielska gramatika je bohat\u00e1 na rozmanit\u00e9 jazykov\u00e9 prostriedky, medzi ktor\u00e9 patria aj reflex\u00edvne z\u00e1men\u00e1, zn\u00e1me ako \"pronombres reflexivos\". Tieto z\u00e1men\u00e1","robots":{"index":"index","follow":"follow","max-snippet":"max-snippet:-1","max-image-preview":"max-image-preview:large","max-video-preview":"max-video-preview:-1"},"canonical":"https:\/\/talkpal.ai\/sk\/grammar\/pronombres-reflexivos-v-spanielskej-gramatike\/","og_locale":"sk_SK","og_type":"article","og_title":"Pronombres reflexivos v \u0161panielskej gramatike","og_description":"\u0160panielska gramatika je bohat\u00e1 na rozmanit\u00e9 jazykov\u00e9 prostriedky, medzi ktor\u00e9 patria aj reflex\u00edvne z\u00e1men\u00e1, zn\u00e1me ako \"pronombres reflexivos\". Tieto z\u00e1men\u00e1","og_url":"https:\/\/talkpal.ai\/sk\/grammar\/pronombres-reflexivos-v-spanielskej-gramatike\/","og_site_name":"Talkpal","article_publisher":"https:\/\/www.facebook.com\/profile.php?id=100090733639311","og_image":[{"width":2880,"height":1620,"url":"https:\/\/talkpal.ai\/wp-content\/uploads\/2025\/02\/Progress-tab-16_9.png","type":"image\/png"}],"twitter_card":"summary_large_image","twitter_site":"@talkpalai","twitter_misc":{"Predpokladan\u00fd \u010das \u010d\u00edtania":"7 min\u00fat"},"schema":{"@context":"https:\/\/schema.org","@graph":[{"@type":"WebPage","@id":"https:\/\/talkpal.ai\/sk\/grammar\/pronombres-reflexivos-v-spanielskej-gramatike\/","url":"https:\/\/talkpal.ai\/sk\/grammar\/pronombres-reflexivos-v-spanielskej-gramatike\/","name":"Pronombres reflexivos v \u0161panielskej gramatike - Talkpal","isPartOf":{"@id":"https:\/\/talkpal.ai\/sk\/#website"},"primaryImageOfPage":{"@id":"https:\/\/talkpal.ai\/sk\/grammar\/pronombres-reflexivos-v-spanielskej-gramatike\/#primaryimage"},"image":{"@id":"https:\/\/talkpal.ai\/sk\/grammar\/pronombres-reflexivos-v-spanielskej-gramatike\/#primaryimage"},"thumbnailUrl":"https:\/\/talkpal.ai\/wp-content\/uploads\/2025\/12\/books-are-used-to-learn-languages.webp","datePublished":"2025-07-02T00:20:37+00:00","description":"\u0160panielska gramatika je bohat\u00e1 na rozmanit\u00e9 jazykov\u00e9 prostriedky, medzi ktor\u00e9 patria aj reflex\u00edvne z\u00e1men\u00e1, zn\u00e1me ako \"pronombres reflexivos\". Tieto z\u00e1men\u00e1","breadcrumb":{"@id":"https:\/\/talkpal.ai\/sk\/grammar\/pronombres-reflexivos-v-spanielskej-gramatike\/#breadcrumb"},"inLanguage":"sk-SK","potentialAction":[{"@type":"ReadAction","target":["https:\/\/talkpal.ai\/sk\/grammar\/pronombres-reflexivos-v-spanielskej-gramatike\/"]}]},{"@type":"ImageObject","inLanguage":"sk-SK","@id":"https:\/\/talkpal.ai\/sk\/grammar\/pronombres-reflexivos-v-spanielskej-gramatike\/#primaryimage","url":"https:\/\/talkpal.ai\/wp-content\/uploads\/2025\/12\/books-are-used-to-learn-languages.webp","contentUrl":"https:\/\/talkpal.ai\/wp-content\/uploads\/2025\/12\/books-are-used-to-learn-languages.webp","width":1200,"height":896,"caption":"Four students work at laptops in a bright, modern library hall to learn languages."},{"@type":"BreadcrumbList","@id":"https:\/\/talkpal.ai\/sk\/grammar\/pronombres-reflexivos-v-spanielskej-gramatike\/#breadcrumb","itemListElement":[{"@type":"ListItem","position":1,"name":"Homepage","item":"https:\/\/talkpal.ai\/sk\/"},{"@type":"ListItem","position":2,"name":"Pronombres reflexivos v \u0161panielskej gramatike"}]},{"@type":"WebSite","@id":"https:\/\/talkpal.ai\/sk\/#website","url":"https:\/\/talkpal.ai\/sk\/","name":"Talkpal","description":"AI Language Learning","publisher":{"@id":"https:\/\/talkpal.ai\/sk\/#organization"},"alternateName":"Talkpal AI","potentialAction":[{"@type":"SearchAction","target":{"@type":"EntryPoint","urlTemplate":"https:\/\/talkpal.ai\/sk\/?s={search_term_string}"},"query-input":{"@type":"PropertyValueSpecification","valueRequired":true,"valueName":"search_term_string"}}],"inLanguage":"sk-SK"},{"@type":"Organization","@id":"https:\/\/talkpal.ai\/sk\/#organization","name":"Talkpal, Inc.","alternateName":"Talkpal AI","url":"https:\/\/talkpal.ai\/sk\/","logo":{"@type":"ImageObject","inLanguage":"sk-SK","@id":"https:\/\/talkpal.ai\/sk\/#\/schema\/logo\/image\/","url":"https:\/\/talkpal.ai\/wp-content\/uploads\/2024\/03\/Talkpal-Logo-Icon.png","contentUrl":"https:\/\/talkpal.ai\/wp-content\/uploads\/2024\/03\/Talkpal-Logo-Icon.png","width":2880,"height":2880,"caption":"Talkpal, Inc."},"image":{"@id":"https:\/\/talkpal.ai\/sk\/#\/schema\/logo\/image\/"},"sameAs":["https:\/\/www.facebook.com\/profile.php?id=100090733639311","https:\/\/x.com\/talkpalai","https:\/\/www.linkedin.com\/company\/talkpal\/","https:\/\/www.youtube.com\/@TalkPal\/","https:\/\/www.tiktok.com\/@talkpal","https:\/\/www.instagram.com\/talkpal_ai\/","https:\/\/www.crunchbase.com\/organization\/talkpal-9cde","https:\/\/www.g2.com\/products\/talkpal-for-business\/","https:\/\/www.trustpilot.com\/review\/talkpal.ai","https:\/\/www.capterra.com\/p\/10006800\/TalkPal\/"],"description":"Talkpal is a language learning web and mobile education app, powered by the latest AI technologies, that provides engaging experiences to its customers in many different languages to help them improve their language skills. Users can chat about unlimited amount of topics with the app and use other modes to practice their language learning.","email":"support@talkpal.ai","legalName":"Talkpal, Inc.","foundingDate":"2023-04-03","duns":"118989042","numberOfEmployees":{"@type":"QuantitativeValue","minValue":"11","maxValue":"50"},"publishingPrinciples":"https:\/\/talkpal.ai\/publishing-principles\/","actionableFeedbackPolicy":"https:\/\/talkpal.ai\/actionable-feedback-policy\/","correctionsPolicy":"https:\/\/talkpal.ai\/corrections-policy\/","ethicsPolicy":"https:\/\/talkpal.ai\/ethics-policy\/","diversityPolicy":"https:\/\/talkpal.ai\/diversity-policy\/","diversityStaffingReport":"https:\/\/talkpal.ai\/diversity-policy\/"}]}},"_links":{"self":[{"href":"https:\/\/talkpal.ai\/sk\/wp-json\/wp\/v2\/grammar\/1080533","targetHints":{"allow":["GET"]}}],"collection":[{"href":"https:\/\/talkpal.ai\/sk\/wp-json\/wp\/v2\/grammar"}],"about":[{"href":"https:\/\/talkpal.ai\/sk\/wp-json\/wp\/v2\/types\/grammar"}],"wp:featuredmedia":[{"embeddable":true,"href":"https:\/\/talkpal.ai\/sk\/wp-json\/wp\/v2\/media\/1527610"}],"wp:attachment":[{"href":"https:\/\/talkpal.ai\/sk\/wp-json\/wp\/v2\/media?parent=1080533"}],"wp:term":[{"taxonomy":"language","embeddable":true,"href":"https:\/\/talkpal.ai\/sk\/wp-json\/wp\/v2\/language?post=1080533"}],"curies":[{"name":"wp","href":"https:\/\/api.w.org\/{rel}","templated":true}]}}