{"id":1080524,"date":"2025-07-02T00:20:01","date_gmt":"2025-07-02T00:20:01","guid":{"rendered":"https:\/\/talkpal.ai\/grammar\/nombres-individuales-colectivos-y-compuestos-v-spanielskej-gramatike\/"},"modified":"2025-07-02T00:20:01","modified_gmt":"2025-07-02T00:20:01","slug":"nombres-individuales-colectivos-y-compuestos-v-spanielskej-gramatike","status":"publish","type":"grammar","link":"https:\/\/talkpal.ai\/sk\/grammar\/nombres-individuales-colectivos-y-compuestos-v-spanielskej-gramatike\/","title":{"rendered":"Nombres individuales, colectivos y compuestos v \u0161panielskej gramatike"},"content":{"rendered":"<p><a href=\"https:\/\/talkpal.ai\/learn-spanish\/\">\u0160paniel\u010dina<\/a> patr\u00ed medzi najpopul\u00e1rnej\u0161ie cudzie <a href=\"https:\/\/talkpal.ai\/what-language-is-spoken-on-the-international-space-station\/\">jazyky<\/a> na svete a jej <a href=\"https:\/\/talkpal.ai\/sq\/gramatika\/\">gramatika<\/a> pon\u00faka mnoho zauj\u00edmav\u00fdch aspektov, ktor\u00e9 s\u00fa k\u013e\u00fa\u010dov\u00e9 pre spr\u00e1vne ovl\u00e1danie jazyka. Jednou z d\u00f4le\u017eit\u00fdch oblast\u00ed s\u00fa podstatn\u00e9 men\u00e1 a ich klasifik\u00e1cia. V tomto \u010dl\u00e1nku si podrobne vysvetl\u00edme, \u010do s\u00fa to <a href=\"https:\/\/talkpal.ai\/pl\/grammar\/nombres-individuales-colectivos-y-compuestos-w-gramatyce-hiszpanskiej\/\">nombres individuales, colectivos y compuestos<\/a> v <a href=\"https:\/\/talkpal.ai\/sk\/grammar\/posicion-v-spanielskej-gramatike\/\">\u0161panielskej gramatike<\/a>, ak\u00fd je medzi nimi rozdiel, ako ich spr\u00e1vne rozpozn\u00e1va\u0165 a pou\u017e\u00edva\u0165. Vysvetl\u00edme si tie\u017e praktick\u00e9 pr\u00edklady a tipy na ich zvl\u00e1dnutie. Ak sa chcete v tejto t\u00e9me zdokonali\u0165, <a href=\"https:\/\/talkpal.ai\/ko\/ai-%ec%96%b8%ec%96%b4-%ea%b5%90%ec%82%ac\/\">Talkpal<\/a> je v\u00fdborn\u00fdm n\u00e1strojom na <a href=\"https:\/\/talkpal.ai\/sk\/ucenie\/\">u\u010denie sa<\/a> \u0161panielskej gramatiky, vr\u00e1tane rozpozn\u00e1vania a spr\u00e1vneho pou\u017e\u00edvania r\u00f4znych typov podstatn\u00fdch mien.<\/p>\n<h2>\u010co s\u00fa podstatn\u00e9 men\u00e1 v \u0161paniel\u010dine?<\/h2>\n<p>Podstatn\u00e9 men\u00e1 (sustantivos alebo nombres) s\u00fa slov\u00e1, ktor\u00e9 pomen\u00favaj\u00fa osoby, zvierat\u00e1, veci, miesta, pojmy alebo pocity. V \u0161panielskej gramatike ich m\u00f4\u017eeme klasifikova\u0165 r\u00f4znymi sp\u00f4sobmi \u2013 pod\u013ea rodu, \u010d\u00edsla, ale aj pod\u013ea v\u00fdznamu. Pr\u00e1ve klasifik\u00e1cia pod\u013ea v\u00fdznamu je z\u00e1kladom pre rozdelenie na nombres individuales, colectivos a compuestos.<\/p>\n<h2>Nombres individuales \u2013 individu\u00e1lne podstatn\u00e9 men\u00e1<\/h2>\n<p>Nombres individuales ozna\u010duj\u00fa jednu konkr\u00e9tnu osobu, zviera alebo vec. Ide o be\u017en\u00e9 podstatn\u00e9 men\u00e1, ktor\u00e9 pomen\u00favaj\u00fa jednotku samostatne, bez oh\u013eadu na po\u010det.<\/p>\n<h3>Charakteristika nombres individuales:<\/h3>\n<ul>\n<li>Ozna\u010duj\u00fa jednotlivca alebo jednu vec.<\/li>\n<li>Nie s\u00fa zoskupen\u00e9 do skupiny alebo kolekt\u00edvu.<\/li>\n<li>Maj\u00fa jednotn\u00e9 (singul\u00e1rne) aj mno\u017en\u00e9 \u010d\u00edslo.<\/li>\n<\/ul>\n<h3>Pr\u00edklady nombres individuales:<\/h3>\n<ul>\n<li><strong>perro<\/strong> \u2013 pes<\/li>\n<li><strong>ni\u00f1a<\/strong> \u2013 diev\u010da<\/li>\n<li><strong>\u00e1rbol<\/strong> \u2013 strom<\/li>\n<li><strong>libro<\/strong> \u2013 kniha<\/li>\n<li><strong>ciudad<\/strong> \u2013 mesto<\/li>\n<\/ul>\n<p>Nombres individuales sa pou\u017e\u00edvaj\u00fa vtedy, ke\u010f chceme zd\u00f4razni\u0165 jednotlivos\u0165 alebo samostatnos\u0165 danej entity.<\/p>\n<h2>Nombres colectivos \u2013 kolekt\u00edvne podstatn\u00e9 men\u00e1<\/h2>\n<p>Nombres colectivos s\u00fa podstatn\u00e9 men\u00e1, ktor\u00e9 vyjadruj\u00fa skupinu alebo mno\u017estvo jednotlivcov, zvierat \u010di vec\u00ed, pri\u010dom maj\u00fa formu jednotn\u00e9ho \u010d\u00edsla. To znamen\u00e1, \u017ee aj ke\u010f ozna\u010duj\u00fa viacero \u010dlenov, gramaticky sa spr\u00e1vaj\u00fa ako jednotn\u00e9 \u010d\u00edslo.<\/p>\n<h3>Charakteristika nombres colectivos:<\/h3>\n<ul>\n<li>Ozna\u010duj\u00fa skupinu alebo kolekt\u00edv zlo\u017een\u00fd z viacer\u00fdch jednotlivcov toho ist\u00e9ho druhu.<\/li>\n<li>Maj\u00fa formu jednotn\u00e9ho \u010d\u00edsla, no v\u00fdznamovo vyjadruj\u00fa mno\u017estvo.<\/li>\n<li>Sl\u00fa\u017eia na zoskupovanie rovnak\u00fdch prvkov pod jedno slovo.<\/li>\n<\/ul>\n<h3>Pr\u00edklady nombres colectivos:<\/h3>\n<ul>\n<li><strong>manada<\/strong> \u2013 st\u00e1do (skupina zvierat, napr. vlkov, kon\u00ed)<\/li>\n<li><strong>flota<\/strong> \u2013 flotila (s\u00fabor lod\u00ed)<\/li>\n<li><strong>arboleda<\/strong> \u2013 h\u00e1j (skupina stromov)<\/li>\n<li><strong>equipo<\/strong> \u2013 t\u00edm (skupina \u013eud\u00ed spolupracuj\u00facich na \u00falohe alebo v \u0161porte)<\/li>\n<li><strong>gente<\/strong> \u2013 \u013eudia (skupina os\u00f4b)<\/li>\n<\/ul>\n<h3>D\u00f4le\u017eit\u00e9 pozn\u00e1mky k nombres colectivos:<\/h3>\n<ul>\n<li>Aj ke\u010f kolekt\u00edvne podstatn\u00e9 meno ozna\u010duje viacero jednotlivcov, vety s nimi zost\u00e1vaj\u00fa v jednotnom \u010d\u00edsle. Napr.: <em>La manada corre r\u00e1pido.<\/em> (St\u00e1do be\u017e\u00ed r\u00fdchlo.)<\/li>\n<li>Mno\u017en\u00e9 \u010d\u00edslo kolekt\u00edvnych podstatn\u00fdch mien (napr. <em>manadas<\/em>) ozna\u010duje viacero skup\u00edn (napr. viacero st\u00e1d).<\/li>\n<\/ul>\n<h2>Nombres compuestos \u2013 zlo\u017een\u00e9 podstatn\u00e9 men\u00e1<\/h2>\n<p>Nombres compuestos s\u00fa podstatn\u00e9 men\u00e1 vytvoren\u00e9 spojen\u00edm dvoch alebo viacer\u00fdch slov, z ktor\u00fdch aspo\u0148 jedno je podstatn\u00e9 meno. V \u0161paniel\u010dine ide \u010dasto o kombin\u00e1ciu podstatn\u00e9ho mena a pr\u00eddavn\u00e9ho mena, pr\u00edpadne dvoch podstatn\u00fdch mien \u010di in\u00fdch slovn\u00fdch druhov.<\/p>\n<h3>Charakteristika nombres compuestos:<\/h3>\n<ul>\n<li>Vznikaj\u00fa spojen\u00edm dvoch alebo viacer\u00fdch slov do jedn\u00e9ho slova.<\/li>\n<li>V\u00fdznam \u010dasto nie je len s\u00fa\u010dtom v\u00fdznamov jednotliv\u00fdch \u010dast\u00ed, ale vytv\u00e1ra nov\u00fd pojem.<\/li>\n<li>V \u0161paniel\u010dine s\u00fa zlo\u017een\u00e9 podstatn\u00e9 men\u00e1 \u010dasto mu\u017esk\u00e9ho rodu a v mno\u017enom \u010d\u00edsle sa men\u00ed iba druh\u00e1 \u010das\u0165 slova.<\/li>\n<\/ul>\n<h3>Sp\u00f4soby tvorby nombres compuestos:<\/h3>\n<ul>\n<li><strong>Podstatn\u00e9 meno + podstatn\u00e9 meno<\/strong>: <em>paraguas<\/em> (d\u00e1\u017e\u010f + voda = d\u00e1\u017ednik), <em>abrelatas<\/em> (otvori\u0165 + konzervy = otv\u00e1ra\u010d na konzervy)<\/li>\n<li><strong>Sloveso + podstatn\u00e9 meno<\/strong>: <em>salvavidas<\/em> (zachr\u00e1ni\u0165 + \u017eivot = z\u00e1chrann\u00fd p\u00e1s)<\/li>\n<li><strong>Podstatn\u00e9 meno + pr\u00eddavn\u00e9 meno<\/strong>: <em>hombre rana<\/em> (\u010dlovek \u017eaba = pot\u00e1pa\u010d), <em>coche cama<\/em> (auto poste\u013e = l\u00f4\u017ekov\u00e9 auto vo vlaku)<\/li>\n<\/ul>\n<h3>Pr\u00edklady nombres compuestos:<\/h3>\n<ul>\n<li><strong>parabrisas<\/strong> \u2013 \u010deln\u00e9 sklo (vietor + l\u00e1ma\u0165)<\/li>\n<li><strong>cumplea\u00f1os<\/strong> \u2013 narodeniny (plni\u0165 + roky)<\/li>\n<li><strong>sacapuntas<\/strong> \u2013 str\u00fahadlo (vytiahnu\u0165 + hroty)<\/li>\n<li><strong>lavaplatos<\/strong> \u2013 um\u00fdva\u010dka riadu (um\u00fdva\u0165 + taniere)<\/li>\n<li><strong>portavoz<\/strong> \u2013 hovorca (nosi\u0165 + hlas)<\/li>\n<\/ul>\n<h3>Gramatick\u00e9 vlastnosti nombres compuestos:<\/h3>\n<ul>\n<li>Vo v\u00e4\u010d\u0161ine pr\u00edpadov s\u00fa mu\u017esk\u00e9ho rodu: <em>el paraguas, el sacapuntas<\/em>.<\/li>\n<li>V mno\u017enom \u010d\u00edsle sa men\u00ed iba druh\u00e1 \u010das\u0165 slova: <em>los paraguas, los sacapuntas<\/em>.<\/li>\n<li>Niekedy sa m\u00f4\u017eu p\u00edsa\u0165 spolu (jedno slovo) alebo zvl\u00e1\u0161\u0165 (dve slov\u00e1): <em>hombre rana<\/em>.<\/li>\n<\/ul>\n<h2>Rozdiely medzi nombres individuales, colectivos y compuestos<\/h2>\n<p>Aby ste spr\u00e1vne rozli\u0161ovali tieto tri typy podstatn\u00fdch mien, je u\u017eito\u010dn\u00e9 si zapam\u00e4ta\u0165 nasleduj\u00face rozdiely:<\/p>\n<table>\n<tr>\n<th>Typ podstatn\u00e9ho mena<\/th>\n<th>Charakteristika<\/th>\n<th>Pr\u00edklad<\/th>\n<\/tr>\n<tr>\n<td>Nombres individuales<\/td>\n<td>Ozna\u010duje jednu osobu, zviera alebo vec<\/td>\n<td>perro, \u00e1rbol, casa<\/td>\n<\/tr>\n<tr>\n<td>Nombres colectivos<\/td>\n<td>Ozna\u010duje skupinu alebo kolekt\u00edv rovnak\u00fdch prvkov v jednotnom \u010d\u00edsle<\/td>\n<td>manada, equipo, flota<\/td>\n<\/tr>\n<tr>\n<td>Nombres compuestos<\/td>\n<td>Zlo\u017een\u00e9 z dvoch alebo viacer\u00fdch slov, vytv\u00e1raj\u00fa nov\u00e9 v\u00fdznamy<\/td>\n<td>paraguas, sacapuntas, cumplea\u00f1os<\/td>\n<\/tr>\n<\/table>\n<h2>Pre\u010do je d\u00f4le\u017eit\u00e9 ovl\u00e1da\u0165 tieto typy podstatn\u00fdch mien?<\/h2>\n<p>Poznanie rozdielov medzi nombres individuales, colectivos a compuestos v\u00e1m umo\u017en\u00ed:<\/p>\n<ul>\n<li>Pou\u017e\u00edva\u0165 \u0161paniel\u010dinu presnej\u0161ie a zrozumite\u013enej\u0161ie.<\/li>\n<li>Spr\u00e1vne sklada\u0165 vety a vyjadrova\u0165 sa bez gramatick\u00fdch ch\u00fdb.<\/li>\n<li>Lep\u0161ie rozumie\u0165 textom a konverz\u00e1ci\u00e1m v \u0161paniel\u010dine.<\/li>\n<li>Rozpozna\u0165 jemn\u00e9 v\u00fdznamov\u00e9 nuansy medzi jednotliv\u00fdmi slovami.<\/li>\n<\/ul>\n<p>V jazykov\u00fdch testoch aj v be\u017enej komunik\u00e1cii \u010dasto naraz\u00edte na \u00falohy, ktor\u00e9 vy\u017eaduj\u00fa rozoznanie t\u00fdchto typov podstatn\u00fdch mien. Ovl\u00e1danie tejto oblasti v\u00e1m teda v\u00fdrazne pom\u00f4\u017ee v \u00faspe\u0161nom zvl\u00e1dnut\u00ed <a href=\"https:\/\/talkpal.ai\/sk\/kurzy-spanielskeho-jazyka\/\">\u0161panielskeho jazyka<\/a>.<\/p>\n<h2>Praktick\u00e9 tipy na u\u010denie a rozpozn\u00e1vanie nombres individuales, colectivos y compuestos<\/h2>\n<ul>\n<li>Pri \u010d\u00edtan\u00ed alebo po\u010d\u00favan\u00ed si v\u0161\u00edmajte, \u010di podstatn\u00e9 meno ozna\u010duje jednotlivca, skupinu alebo vzniklo spojen\u00edm viacer\u00fdch slov.<\/li>\n<li>Vytv\u00e1rajte si vlastn\u00e9 zoznamy pr\u00edkladov pre ka\u017ed\u00fd typ podstatn\u00e9ho mena.<\/li>\n<li>Precvi\u010dujte si tvorbu mno\u017en\u00e9ho \u010d\u00edsla pri kolekt\u00edvnych a zlo\u017een\u00fdch podstatn\u00fdch men\u00e1ch.<\/li>\n<li>U\u010dte sa pomocou interakt\u00edvnych aplik\u00e1ci\u00ed, ako je Talkpal, kde m\u00f4\u017eete tieto typy podstatn\u00fdch mien rozpozn\u00e1va\u0165 a pou\u017e\u00edva\u0165 v kontexte.<\/li>\n<li>Vyu\u017e\u00edvajte obr\u00e1zkov\u00e9 karti\u010dky alebo mind mapy na vizualiz\u00e1ciu a zapam\u00e4tanie si rozdielov.<\/li>\n<\/ul>\n<h2>Naj\u010dastej\u0161ie chyby pri pou\u017e\u00edvan\u00ed jednotliv\u00fdch typov podstatn\u00fdch mien<\/h2>\n<ul>\n<li><strong>Z\u00e1m\u011bna nombres individuales a colectivos:<\/strong> Mnoh\u00ed \u0161tudenti si myslia, \u017ee <em>gente<\/em> je mno\u017en\u00e9 \u010d\u00edslo, no je to kolekt\u00edvne podstatn\u00e9 meno v jednotnom \u010d\u00edsle.<\/li>\n<li><strong>Chybn\u00e9 mno\u017en\u00e9 \u010d\u00edslo u nombres compuestos:<\/strong> Niektor\u00ed robia chybu, ke\u010f sa sna\u017eia meni\u0165 prv\u00fa aj druh\u00fa \u010das\u0165 slova, napr. <em>paraguases<\/em> namiesto spr\u00e1vneho <em>paraguas<\/em>.<\/li>\n<li><strong>Pou\u017e\u00edvanie nespr\u00e1vneho rodu:<\/strong> V\u00e4\u010d\u0161ina zlo\u017een\u00fdch podstatn\u00fdch mien je mu\u017esk\u00e9ho rodu, aj ke\u010f sa m\u00f4\u017eu vz\u0165ahova\u0165 na \u017eensk\u00e9 predmety.<\/li>\n<\/ul>\n<h2>U\u017eito\u010dn\u00e9 cvi\u010denia na precvi\u010denie<\/h2>\n<ul>\n<li>Rozde\u013ete nasleduj\u00face slov\u00e1 pod\u013ea typu podstatn\u00e9ho mena: <em>flor, bosque, sacapuntas, ni\u00f1o, colmena, lavaplatos<\/em>.<\/li>\n<li>N\u00e1jdite v \u0161panielskom texte pr\u00edklady jednotliv\u00fdch typov podstatn\u00fdch mien a ur\u010dte ich typ.<\/li>\n<li>Vytvorte vlastn\u00e9 vety so v\u0161etk\u00fdmi tromi typmi podstatn\u00fdch mien.<\/li>\n<\/ul>\n<h2>Z\u00e1ver<\/h2>\n<p>Spr\u00e1vne rozpoznanie a pou\u017e\u00edvanie nombres individuales, colectivos y compuestos je nevyhnutn\u00e9 pre ka\u017ed\u00e9ho, kto chce ovl\u00e1da\u0165 \u0161panielsku gramatiku na pokro\u010dilej \u00farovni. V\u010faka t\u00fdmto znalostiam budete vedie\u0165 presnej\u0161ie vyjadri\u0165 svoje my\u0161lienky a rozumie\u0165 nuans\u00e1m v \u0161paniel\u010dine. Nezab\u00fadajte, \u017ee pravideln\u00e9 precvi\u010dovanie, \u010d\u00edtanie a vyu\u017e\u00edvanie modern\u00fdch jazykov\u00fdch n\u00e1strojov, ako je Talkpal, s\u00fa k\u013e\u00fa\u010dom k \u00faspe\u0161n\u00e9mu zvl\u00e1dnutiu tejto \u010dasti gramatiky. Ak budete tieto typy podstatn\u00fdch mien d\u00f4kladne rozli\u0161ova\u0165, va\u0161a komunik\u00e1cia v \u0161paniel\u010dine bude plynulej\u0161ia a profesion\u00e1lnej\u0161ia.<\/p>\n","protected":false},"featured_media":1527864,"template":"","language":[12950,12946],"class_list":["post-1080524","grammar","type-grammar","status-publish","has-post-thumbnail","hentry","language-podstatne-mena-spanielska-gramatika","language-spanielcina"],"acf":[],"yoast_head":"<!-- This site is optimized with the Yoast SEO Premium plugin v27.2 (Yoast SEO v27.2) - https:\/\/yoast.com\/product\/yoast-seo-premium-wordpress\/ -->\n<title>Nombres individuales, colectivos y compuestos v \u0161panielskej gramatike - Talkpal<\/title>\n<meta name=\"description\" content=\"\u0160paniel\u010dina patr\u00ed medzi najpopul\u00e1rnej\u0161ie cudzie jazyky na svete a jej gramatika pon\u00faka mnoho zauj\u00edmav\u00fdch aspektov, ktor\u00e9 s\u00fa k\u013e\u00fa\u010dov\u00e9 pre spr\u00e1vne ovl\u00e1danie\" \/>\n<meta name=\"robots\" content=\"index, follow, max-snippet:-1, max-image-preview:large, max-video-preview:-1\" \/>\n<link rel=\"canonical\" href=\"https:\/\/talkpal.ai\/sk\/grammar\/nombres-individuales-colectivos-y-compuestos-v-spanielskej-gramatike\/\" \/>\n<meta property=\"og:locale\" content=\"sk_SK\" \/>\n<meta property=\"og:type\" content=\"article\" \/>\n<meta property=\"og:title\" content=\"Nombres individuales, colectivos y compuestos v \u0161panielskej gramatike\" \/>\n<meta property=\"og:description\" content=\"\u0160paniel\u010dina patr\u00ed medzi najpopul\u00e1rnej\u0161ie cudzie jazyky na svete a jej gramatika pon\u00faka mnoho zauj\u00edmav\u00fdch aspektov, ktor\u00e9 s\u00fa k\u013e\u00fa\u010dov\u00e9 pre spr\u00e1vne ovl\u00e1danie\" \/>\n<meta property=\"og:url\" content=\"https:\/\/talkpal.ai\/sk\/grammar\/nombres-individuales-colectivos-y-compuestos-v-spanielskej-gramatike\/\" \/>\n<meta property=\"og:site_name\" content=\"Talkpal\" \/>\n<meta property=\"article:publisher\" content=\"https:\/\/www.facebook.com\/profile.php?id=100090733639311\" \/>\n<meta property=\"og:image\" content=\"https:\/\/talkpal.ai\/wp-content\/uploads\/2025\/02\/Progress-tab-16_9.png\" \/>\n\t<meta property=\"og:image:width\" content=\"2880\" \/>\n\t<meta property=\"og:image:height\" content=\"1620\" \/>\n\t<meta property=\"og:image:type\" content=\"image\/png\" \/>\n<meta name=\"twitter:card\" content=\"summary_large_image\" \/>\n<meta name=\"twitter:site\" content=\"@talkpalai\" \/>\n<meta name=\"twitter:label1\" content=\"Predpokladan\u00fd \u010das \u010d\u00edtania\" \/>\n\t<meta name=\"twitter:data1\" content=\"6 min\u00fat\" \/>\n<script type=\"application\/ld+json\" class=\"yoast-schema-graph\">{\"@context\":\"https:\/\/schema.org\",\"@graph\":[{\"@type\":\"WebPage\",\"@id\":\"https:\/\/talkpal.ai\/sk\/grammar\/nombres-individuales-colectivos-y-compuestos-v-spanielskej-gramatike\/\",\"url\":\"https:\/\/talkpal.ai\/sk\/grammar\/nombres-individuales-colectivos-y-compuestos-v-spanielskej-gramatike\/\",\"name\":\"Nombres individuales, colectivos y compuestos v \u0161panielskej gramatike - Talkpal\",\"isPartOf\":{\"@id\":\"https:\/\/talkpal.ai\/sk\/#website\"},\"primaryImageOfPage\":{\"@id\":\"https:\/\/talkpal.ai\/sk\/grammar\/nombres-individuales-colectivos-y-compuestos-v-spanielskej-gramatike\/#primaryimage\"},\"image\":{\"@id\":\"https:\/\/talkpal.ai\/sk\/grammar\/nombres-individuales-colectivos-y-compuestos-v-spanielskej-gramatike\/#primaryimage\"},\"thumbnailUrl\":\"https:\/\/talkpal.ai\/wp-content\/uploads\/2025\/12\/person-researches-culture-to-learn-languages.webp\",\"datePublished\":\"2025-07-02T00:20:01+00:00\",\"description\":\"\u0160paniel\u010dina patr\u00ed medzi najpopul\u00e1rnej\u0161ie cudzie jazyky na svete a jej gramatika pon\u00faka mnoho zauj\u00edmav\u00fdch aspektov, ktor\u00e9 s\u00fa k\u013e\u00fa\u010dov\u00e9 pre spr\u00e1vne ovl\u00e1danie\",\"breadcrumb\":{\"@id\":\"https:\/\/talkpal.ai\/sk\/grammar\/nombres-individuales-colectivos-y-compuestos-v-spanielskej-gramatike\/#breadcrumb\"},\"inLanguage\":\"sk-SK\",\"potentialAction\":[{\"@type\":\"ReadAction\",\"target\":[\"https:\/\/talkpal.ai\/sk\/grammar\/nombres-individuales-colectivos-y-compuestos-v-spanielskej-gramatike\/\"]}]},{\"@type\":\"ImageObject\",\"inLanguage\":\"sk-SK\",\"@id\":\"https:\/\/talkpal.ai\/sk\/grammar\/nombres-individuales-colectivos-y-compuestos-v-spanielskej-gramatike\/#primaryimage\",\"url\":\"https:\/\/talkpal.ai\/wp-content\/uploads\/2025\/12\/person-researches-culture-to-learn-languages.webp\",\"contentUrl\":\"https:\/\/talkpal.ai\/wp-content\/uploads\/2025\/12\/person-researches-culture-to-learn-languages.webp\",\"width\":1200,\"height\":896,\"caption\":\"A woman reads several open books while learning languages at a table during a golden sunset.\"},{\"@type\":\"BreadcrumbList\",\"@id\":\"https:\/\/talkpal.ai\/sk\/grammar\/nombres-individuales-colectivos-y-compuestos-v-spanielskej-gramatike\/#breadcrumb\",\"itemListElement\":[{\"@type\":\"ListItem\",\"position\":1,\"name\":\"Homepage\",\"item\":\"https:\/\/talkpal.ai\/sk\/\"},{\"@type\":\"ListItem\",\"position\":2,\"name\":\"Nombres individuales, colectivos y compuestos v \u0161panielskej gramatike\"}]},{\"@type\":\"WebSite\",\"@id\":\"https:\/\/talkpal.ai\/sk\/#website\",\"url\":\"https:\/\/talkpal.ai\/sk\/\",\"name\":\"Talkpal\",\"description\":\"AI Language Learning\",\"publisher\":{\"@id\":\"https:\/\/talkpal.ai\/sk\/#organization\"},\"alternateName\":\"Talkpal AI\",\"potentialAction\":[{\"@type\":\"SearchAction\",\"target\":{\"@type\":\"EntryPoint\",\"urlTemplate\":\"https:\/\/talkpal.ai\/sk\/?s={search_term_string}\"},\"query-input\":{\"@type\":\"PropertyValueSpecification\",\"valueRequired\":true,\"valueName\":\"search_term_string\"}}],\"inLanguage\":\"sk-SK\"},{\"@type\":\"Organization\",\"@id\":\"https:\/\/talkpal.ai\/sk\/#organization\",\"name\":\"Talkpal, Inc.\",\"alternateName\":\"Talkpal AI\",\"url\":\"https:\/\/talkpal.ai\/sk\/\",\"logo\":{\"@type\":\"ImageObject\",\"inLanguage\":\"sk-SK\",\"@id\":\"https:\/\/talkpal.ai\/sk\/#\/schema\/logo\/image\/\",\"url\":\"https:\/\/talkpal.ai\/wp-content\/uploads\/2024\/03\/Talkpal-Logo-Icon.png\",\"contentUrl\":\"https:\/\/talkpal.ai\/wp-content\/uploads\/2024\/03\/Talkpal-Logo-Icon.png\",\"width\":2880,\"height\":2880,\"caption\":\"Talkpal, Inc.\"},\"image\":{\"@id\":\"https:\/\/talkpal.ai\/sk\/#\/schema\/logo\/image\/\"},\"sameAs\":[\"https:\/\/www.facebook.com\/profile.php?id=100090733639311\",\"https:\/\/x.com\/talkpalai\",\"https:\/\/www.linkedin.com\/company\/talkpal\/\",\"https:\/\/www.youtube.com\/@TalkPal\/\",\"https:\/\/www.tiktok.com\/@talkpal\",\"https:\/\/www.instagram.com\/talkpal_ai\/\",\"https:\/\/www.crunchbase.com\/organization\/talkpal-9cde\",\"https:\/\/www.g2.com\/products\/talkpal-for-business\/\",\"https:\/\/www.trustpilot.com\/review\/talkpal.ai\",\"https:\/\/www.capterra.com\/p\/10006800\/TalkPal\/\"],\"description\":\"Talkpal is a language learning web and mobile education app, powered by the latest AI technologies, that provides engaging experiences to its customers in many different languages to help them improve their language skills. Users can chat about unlimited amount of topics with the app and use other modes to practice their language learning.\",\"email\":\"support@talkpal.ai\",\"legalName\":\"Talkpal, Inc.\",\"foundingDate\":\"2023-04-03\",\"duns\":\"118989042\",\"numberOfEmployees\":{\"@type\":\"QuantitativeValue\",\"minValue\":\"11\",\"maxValue\":\"50\"},\"publishingPrinciples\":\"https:\/\/talkpal.ai\/publishing-principles\/\",\"actionableFeedbackPolicy\":\"https:\/\/talkpal.ai\/actionable-feedback-policy\/\",\"correctionsPolicy\":\"https:\/\/talkpal.ai\/corrections-policy\/\",\"ethicsPolicy\":\"https:\/\/talkpal.ai\/ethics-policy\/\",\"diversityPolicy\":\"https:\/\/talkpal.ai\/diversity-policy\/\",\"diversityStaffingReport\":\"https:\/\/talkpal.ai\/diversity-policy\/\"}]}<\/script>\n<!-- \/ Yoast SEO Premium plugin. -->","yoast_head_json":{"title":"Nombres individuales, colectivos y compuestos v \u0161panielskej gramatike - Talkpal","description":"\u0160paniel\u010dina patr\u00ed medzi najpopul\u00e1rnej\u0161ie cudzie jazyky na svete a jej gramatika pon\u00faka mnoho zauj\u00edmav\u00fdch aspektov, ktor\u00e9 s\u00fa k\u013e\u00fa\u010dov\u00e9 pre spr\u00e1vne ovl\u00e1danie","robots":{"index":"index","follow":"follow","max-snippet":"max-snippet:-1","max-image-preview":"max-image-preview:large","max-video-preview":"max-video-preview:-1"},"canonical":"https:\/\/talkpal.ai\/sk\/grammar\/nombres-individuales-colectivos-y-compuestos-v-spanielskej-gramatike\/","og_locale":"sk_SK","og_type":"article","og_title":"Nombres individuales, colectivos y compuestos v \u0161panielskej gramatike","og_description":"\u0160paniel\u010dina patr\u00ed medzi najpopul\u00e1rnej\u0161ie cudzie jazyky na svete a jej gramatika pon\u00faka mnoho zauj\u00edmav\u00fdch aspektov, ktor\u00e9 s\u00fa k\u013e\u00fa\u010dov\u00e9 pre spr\u00e1vne ovl\u00e1danie","og_url":"https:\/\/talkpal.ai\/sk\/grammar\/nombres-individuales-colectivos-y-compuestos-v-spanielskej-gramatike\/","og_site_name":"Talkpal","article_publisher":"https:\/\/www.facebook.com\/profile.php?id=100090733639311","og_image":[{"width":2880,"height":1620,"url":"https:\/\/talkpal.ai\/wp-content\/uploads\/2025\/02\/Progress-tab-16_9.png","type":"image\/png"}],"twitter_card":"summary_large_image","twitter_site":"@talkpalai","twitter_misc":{"Predpokladan\u00fd \u010das \u010d\u00edtania":"6 min\u00fat"},"schema":{"@context":"https:\/\/schema.org","@graph":[{"@type":"WebPage","@id":"https:\/\/talkpal.ai\/sk\/grammar\/nombres-individuales-colectivos-y-compuestos-v-spanielskej-gramatike\/","url":"https:\/\/talkpal.ai\/sk\/grammar\/nombres-individuales-colectivos-y-compuestos-v-spanielskej-gramatike\/","name":"Nombres individuales, colectivos y compuestos v \u0161panielskej gramatike - Talkpal","isPartOf":{"@id":"https:\/\/talkpal.ai\/sk\/#website"},"primaryImageOfPage":{"@id":"https:\/\/talkpal.ai\/sk\/grammar\/nombres-individuales-colectivos-y-compuestos-v-spanielskej-gramatike\/#primaryimage"},"image":{"@id":"https:\/\/talkpal.ai\/sk\/grammar\/nombres-individuales-colectivos-y-compuestos-v-spanielskej-gramatike\/#primaryimage"},"thumbnailUrl":"https:\/\/talkpal.ai\/wp-content\/uploads\/2025\/12\/person-researches-culture-to-learn-languages.webp","datePublished":"2025-07-02T00:20:01+00:00","description":"\u0160paniel\u010dina patr\u00ed medzi najpopul\u00e1rnej\u0161ie cudzie jazyky na svete a jej gramatika pon\u00faka mnoho zauj\u00edmav\u00fdch aspektov, ktor\u00e9 s\u00fa k\u013e\u00fa\u010dov\u00e9 pre spr\u00e1vne ovl\u00e1danie","breadcrumb":{"@id":"https:\/\/talkpal.ai\/sk\/grammar\/nombres-individuales-colectivos-y-compuestos-v-spanielskej-gramatike\/#breadcrumb"},"inLanguage":"sk-SK","potentialAction":[{"@type":"ReadAction","target":["https:\/\/talkpal.ai\/sk\/grammar\/nombres-individuales-colectivos-y-compuestos-v-spanielskej-gramatike\/"]}]},{"@type":"ImageObject","inLanguage":"sk-SK","@id":"https:\/\/talkpal.ai\/sk\/grammar\/nombres-individuales-colectivos-y-compuestos-v-spanielskej-gramatike\/#primaryimage","url":"https:\/\/talkpal.ai\/wp-content\/uploads\/2025\/12\/person-researches-culture-to-learn-languages.webp","contentUrl":"https:\/\/talkpal.ai\/wp-content\/uploads\/2025\/12\/person-researches-culture-to-learn-languages.webp","width":1200,"height":896,"caption":"A woman reads several open books while learning languages at a table during a golden sunset."},{"@type":"BreadcrumbList","@id":"https:\/\/talkpal.ai\/sk\/grammar\/nombres-individuales-colectivos-y-compuestos-v-spanielskej-gramatike\/#breadcrumb","itemListElement":[{"@type":"ListItem","position":1,"name":"Homepage","item":"https:\/\/talkpal.ai\/sk\/"},{"@type":"ListItem","position":2,"name":"Nombres individuales, colectivos y compuestos v \u0161panielskej gramatike"}]},{"@type":"WebSite","@id":"https:\/\/talkpal.ai\/sk\/#website","url":"https:\/\/talkpal.ai\/sk\/","name":"Talkpal","description":"AI Language Learning","publisher":{"@id":"https:\/\/talkpal.ai\/sk\/#organization"},"alternateName":"Talkpal AI","potentialAction":[{"@type":"SearchAction","target":{"@type":"EntryPoint","urlTemplate":"https:\/\/talkpal.ai\/sk\/?s={search_term_string}"},"query-input":{"@type":"PropertyValueSpecification","valueRequired":true,"valueName":"search_term_string"}}],"inLanguage":"sk-SK"},{"@type":"Organization","@id":"https:\/\/talkpal.ai\/sk\/#organization","name":"Talkpal, Inc.","alternateName":"Talkpal AI","url":"https:\/\/talkpal.ai\/sk\/","logo":{"@type":"ImageObject","inLanguage":"sk-SK","@id":"https:\/\/talkpal.ai\/sk\/#\/schema\/logo\/image\/","url":"https:\/\/talkpal.ai\/wp-content\/uploads\/2024\/03\/Talkpal-Logo-Icon.png","contentUrl":"https:\/\/talkpal.ai\/wp-content\/uploads\/2024\/03\/Talkpal-Logo-Icon.png","width":2880,"height":2880,"caption":"Talkpal, Inc."},"image":{"@id":"https:\/\/talkpal.ai\/sk\/#\/schema\/logo\/image\/"},"sameAs":["https:\/\/www.facebook.com\/profile.php?id=100090733639311","https:\/\/x.com\/talkpalai","https:\/\/www.linkedin.com\/company\/talkpal\/","https:\/\/www.youtube.com\/@TalkPal\/","https:\/\/www.tiktok.com\/@talkpal","https:\/\/www.instagram.com\/talkpal_ai\/","https:\/\/www.crunchbase.com\/organization\/talkpal-9cde","https:\/\/www.g2.com\/products\/talkpal-for-business\/","https:\/\/www.trustpilot.com\/review\/talkpal.ai","https:\/\/www.capterra.com\/p\/10006800\/TalkPal\/"],"description":"Talkpal is a language learning web and mobile education app, powered by the latest AI technologies, that provides engaging experiences to its customers in many different languages to help them improve their language skills. Users can chat about unlimited amount of topics with the app and use other modes to practice their language learning.","email":"support@talkpal.ai","legalName":"Talkpal, Inc.","foundingDate":"2023-04-03","duns":"118989042","numberOfEmployees":{"@type":"QuantitativeValue","minValue":"11","maxValue":"50"},"publishingPrinciples":"https:\/\/talkpal.ai\/publishing-principles\/","actionableFeedbackPolicy":"https:\/\/talkpal.ai\/actionable-feedback-policy\/","correctionsPolicy":"https:\/\/talkpal.ai\/corrections-policy\/","ethicsPolicy":"https:\/\/talkpal.ai\/ethics-policy\/","diversityPolicy":"https:\/\/talkpal.ai\/diversity-policy\/","diversityStaffingReport":"https:\/\/talkpal.ai\/diversity-policy\/"}]}},"_links":{"self":[{"href":"https:\/\/talkpal.ai\/sk\/wp-json\/wp\/v2\/grammar\/1080524","targetHints":{"allow":["GET"]}}],"collection":[{"href":"https:\/\/talkpal.ai\/sk\/wp-json\/wp\/v2\/grammar"}],"about":[{"href":"https:\/\/talkpal.ai\/sk\/wp-json\/wp\/v2\/types\/grammar"}],"wp:featuredmedia":[{"embeddable":true,"href":"https:\/\/talkpal.ai\/sk\/wp-json\/wp\/v2\/media\/1527864"}],"wp:attachment":[{"href":"https:\/\/talkpal.ai\/sk\/wp-json\/wp\/v2\/media?parent=1080524"}],"wp:term":[{"taxonomy":"language","embeddable":true,"href":"https:\/\/talkpal.ai\/sk\/wp-json\/wp\/v2\/language?post=1080524"}],"curies":[{"name":"wp","href":"https:\/\/api.w.org\/{rel}","templated":true}]}}