{"id":1080476,"date":"2025-07-02T00:16:07","date_gmt":"2025-07-02T00:16:07","guid":{"rendered":"https:\/\/talkpal.ai\/grammar\/pronoms-adverbiaux-vo-francuzskej-gramatike\/"},"modified":"2025-07-02T00:16:07","modified_gmt":"2025-07-02T00:16:07","slug":"pronoms-adverbiaux-vo-francuzskej-gramatike","status":"publish","type":"grammar","link":"https:\/\/talkpal.ai\/sk\/grammar\/pronoms-adverbiaux-vo-francuzskej-gramatike\/","title":{"rendered":"Pronoms adverbiaux vo franc\u00fazskej gramatike"},"content":{"rendered":"<p>V behu franc\u00fazskej gramatiky sa m\u00f4\u017eete stretn\u00fa\u0165 s pojmom pronom adverbiaux, teda pr\u00edslovkov\u00e9 z\u00e1men\u00e1. Tieto mal\u00e9, ale siln\u00e9 jazykov\u00e9 jednotky maj\u00fa v\u00fdznamn\u00fd vplyv na spr\u00e1vnu tvorbu viet a plynul\u00e9 vyjadrovanie sa vo franc\u00faz\u0161tine. Spr\u00e1vne pou\u017e\u00edvanie <a href=\"https:\/\/talkpal.ai\/zh-hans\/grammar_exercises\/pronoms-adverbiaux-%e6%b3%95%e8%af%ad%e8%af%ad%e6%b3%95%e7%bb%83%e4%b9%a0\/\">pronoms adverbiaux<\/a> nielen\u017ee zlep\u0161\u00ed va\u0161u gramatiku, ale tie\u017e dod\u00e1 va\u0161ej komunik\u00e1cii prirodzenos\u0165 a plynulos\u0165, ktor\u00fa rodil\u00ed hovoriaci o\u010dak\u00e1vaj\u00fa. Ak sa chcete nau\u010di\u0165 efekt\u00edvne pou\u017e\u00edva\u0165 tieto z\u00e1men\u00e1 a zvl\u00e1dnu\u0165 ich nuansy, <a href=\"https:\/\/talkpal.ai\/ko\/ai-%ec%96%b8%ec%96%b4-%ea%b5%90%ec%82%ac\/\">Talkpal<\/a> je v\u00fdborn\u00fdm n\u00e1strojom, ktor\u00fd v\u00e1m umo\u017en\u00ed tr\u00e9nova\u0165 a precvi\u010dova\u0165 franc\u00fazsku gramatiku v kontexte. V tomto \u010dl\u00e1nku sa podrobne pozrieme na v\u0161etko, \u010do potrebujete vedie\u0165 o pronoms adverbiaux vo franc\u00fazskej gramatike.<\/p>\n<h2>\u010co s\u00fa pronoms adverbiaux vo franc\u00fazskej gramatike?<\/h2>\n<p>Pr\u00edslovkov\u00e9 z\u00e1men\u00e1, zn\u00e1me ako pronoms adverbiaux, s\u00fa \u0161pecifick\u00fdm druhom z\u00e1men vo franc\u00faz\u0161tine. Ich hlavnou funkciou je nahr\u00e1dza\u0165 ur\u010dit\u00e9 slov\u00e1 alebo skupiny slov vo vete, predov\u0161etk\u00fdm predlo\u017ekov\u00e9 fr\u00e1zy, a t\u00fdm zjednodu\u0161i\u0165 a skr\u00e1ti\u0165 vetu. Dve najd\u00f4le\u017eitej\u0161ie pr\u00edslovkov\u00e9 z\u00e1men\u00e1 vo franc\u00faz\u0161tine s\u00fa <b>y<\/b> a <b>en<\/b>.<\/p>\n<h3>Y \u2013 Z\u00e1meno pre miesto a predlo\u017eku \u201e\u00e0\u201c<\/h3>\n<p>&#8211; <b>Y<\/b> sa pou\u017e\u00edva na nahradenie:<br \/>\n  &#8211; Miesta, ktor\u00e9 je vo vete vyjadren\u00e9 predlo\u017ekou (naj\u010dastej\u0161ie <i>\u00e0, chez, dans, sur, sous<\/i>).<br \/>\n  &#8211; Ne\u017eiv\u00fdch podstatn\u00fdch mien, na ktor\u00e9 sa odkazuje predlo\u017ekou <i>\u00e0<\/i>.<\/p>\n<p><b>Pr\u00edklady:<\/b><\/p>\n<ul>\n<li>Tu vas <b>\u00e0 Paris<\/b>? \u2013 Oui, j\u2019<b>y<\/b> vais.<\/li>\n<li>Elle pense <b>\u00e0 son travail<\/b>. \u2013 Elle <b>y<\/b> pense.<\/li>\n<\/ul>\n<h3>En \u2013 Z\u00e1meno pre mno\u017estvo a predlo\u017eku \u201ede\u201c<\/h3>\n<p>&#8211; <b>En<\/b> sa pou\u017e\u00edva na nahradenie:<br \/>\n  &#8211; Fr\u00e1zy za\u010d\u00ednaj\u00facej predlo\u017ekou <i>de<\/i> (o, z, zo).<br \/>\n  &#8211; Mno\u017estva alebo ne\u0161pecifikovan\u00e9ho mno\u017estva nie\u010doho.<br \/>\n  &#8211; Podstatn\u00fdch mien s neur\u010dit\u00fdm alebo \u010d\u00edseln\u00fdm v\u00fdrazom.<\/p>\n<p><b>Pr\u00edklady:<\/b><\/p>\n<ul>\n<li>Tu veux <b>du pain<\/b>? \u2013 Oui, j\u2019<b>en<\/b> veux.<\/li>\n<li>Il parle <b>de son projet<\/b>. \u2013 Il <b>en<\/b> parle.<\/li>\n<li>J\u2019ai <b>trois pommes<\/b>. \u2013 J\u2019<b>en<\/b> <a href=\"https:\/\/talkpal.ai\/speaking-with-ai\/\">ai<\/a> trois.<\/li>\n<\/ul>\n<h2>Pravidl\u00e1 pou\u017e\u00edvania pronoms adverbiaux<\/h2>\n<p>Aby ste spr\u00e1vne pou\u017e\u00edvali pr\u00edslovkov\u00e9 z\u00e1men\u00e1 vo franc\u00faz\u0161tine, je potrebn\u00e9 dodr\u017eiava\u0165 nieko\u013eko z\u00e1kladn\u00fdch pravidiel:<\/p>\n<h3>Poriadok slov vo vete<\/h3>\n<p>&#8211; Pronom adverbial (y, en) sa vo franc\u00fazskych vet\u00e1ch umiest\u0148uje:<br \/>\n  &#8211; <b>Pred sloveso<\/b> v jednoduch\u00fdch \u010dasoch.<br \/>\n  &#8211; <b>Pred pomocn\u00e9 sloveso<\/b> v zlo\u017een\u00fdch \u010dasoch.<br \/>\n  &#8211; Pri z\u00e1pore medzi nega\u010dn\u00fa \u010das\u0165 a sloveso.<br \/>\n  &#8211; V infinit\u00edvnych v\u00e4zb\u00e1ch pred infinit\u00edv.<\/p>\n<p><b>Pr\u00edklady:<\/b><\/p>\n<ul>\n<li>J\u2019<b>y<\/b> vais.<\/li>\n<li>Je n\u2019<b>en<\/b> veux pas.<\/li>\n<li>Je vais <b>y<\/b> aller.<\/li>\n<\/ul>\n<h3>S\u00fa\u010dasn\u00e9 pou\u017eitie viacer\u00fdch z\u00e1men<\/h3>\n<p>Ak sa vo vete nach\u00e1dza viac z\u00e1men, existuje pevne stanoven\u00fd poriadok:<\/p>\n<ol>\n<li>me, te, se, nous, vous<\/li>\n<li>le, la, les<\/li>\n<li>lui, leur<\/li>\n<li>y<\/li>\n<li>en<\/li>\n<\/ol>\n<p><b>Pr\u00edklad:<\/b><\/p>\n<ul>\n<li>Tu donnes des conseils \u00e0 Paul? \u2013 Oui, je <b>lui en<\/b> donne.<\/li>\n<\/ul>\n<h2>Kedy sa pou\u017e\u00edva z\u00e1meno Y?<\/h2>\n<h3>1. Nahradenie miesta<\/h3>\n<ul>\n<li>Ak je vo vete miesto uveden\u00e9 s predlo\u017ekou (\u00e0, chez, dans, sur, sous), pou\u017eite y.<\/li>\n<li>Pr\u00edklad: Je vais <b>\u00e0 l\u2019\u00e9cole<\/b>. \u2013 J\u2019<b>y<\/b> vais.<\/li>\n<\/ul>\n<h3>2. Nahradenie ne\u017eiv\u00e9ho predmetu s predlo\u017ekou \u201e\u00e0\u201c<\/h3>\n<ul>\n<li>Ak je podstatn\u00e9 meno ne\u017eiv\u00e9 a je spojen\u00e9 s predlo\u017ekou \u00e0, pou\u017eite y.<\/li>\n<li>Pr\u00edklad: Il r\u00e9pond <b>\u00e0 la question<\/b>. \u2013 Il <b>y<\/b> r\u00e9pond.<\/li>\n<\/ul>\n<h3>3. V\u00fdrazy so slovesami myslenia a z\u00e1ujmu<\/h3>\n<ul>\n<li>Ak sloveso vy\u017eaduje predlo\u017eku \u00e0 a odkazuje na vec, pou\u017eite y.<\/li>\n<li>Pr\u00edklad: Tu penses <b>\u00e0 ton avenir<\/b>? \u2013 Oui, j\u2019<b>y<\/b> pense.<\/li>\n<\/ul>\n<h2>Kedy sa pou\u017e\u00edva z\u00e1meno En?<\/h2>\n<h3>1. Nahradenie predlo\u017ekovej fr\u00e1zy s \u201ede\u201c<\/h3>\n<ul>\n<li>Ak je vo vete predlo\u017eka de, pou\u017eite en.<\/li>\n<li>Pr\u00edklad: Il parle <b>de son voyage<\/b>. \u2013 Il <b>en<\/b> parle.<\/li>\n<\/ul>\n<h3>2. Vyjadrenie mno\u017estva<\/h3>\n<ul>\n<li>Ak hovor\u00edme o mno\u017estve alebo neur\u010ditom po\u010dte, en nahr\u00e1dza cel\u00e9 spojenie.<\/li>\n<li>Pr\u00edklad: Tu veux <b>du lait<\/b>? \u2013 Oui, j\u2019<b>en<\/b> veux.<\/li>\n<li>Pr\u00edklad s \u010d\u00edslovkou: Tu as <b>trois chats<\/b>? \u2013 Oui, j\u2019<b>en<\/b> ai trois.<\/li>\n<\/ul>\n<h3>3. Nahradenie slovesa so z\u00e1menom \u201ede\u201c<\/h3>\n<ul>\n<li>Ak sloveso vy\u017eaduje predlo\u017eku de, pou\u017eite en.<\/li>\n<li>Pr\u00edklad: Il se souvient <b>de cette histoire<\/b>. \u2013 Il s\u2019<b>en<\/b> souvient.<\/li>\n<\/ul>\n<h2>Rozdiely a \u010dast\u00e9 chyby pri pou\u017e\u00edvan\u00ed y a en<\/h2>\n<p>Pri u\u010den\u00ed sa franc\u00fazskych pr\u00edslovkov\u00fdch z\u00e1men sa <a href=\"https:\/\/talkpal.ai\/talkpal-discount-for-students\/\">\u0161tudenti<\/a> \u010dasto dop\u00fa\u0161\u0165aj\u00fa typick\u00fdch ch\u00fdb. Naj\u010dastej\u0161ie chyby s\u00fa:<\/p>\n<ul>\n<li>Zamie\u0148anie y a en \u2013 Pam\u00e4tajte, \u017ee <b>y<\/b> je pre miesta a <i>\u00e0 + ne\u017eiv\u00e9<\/i>, <b>en<\/b> pre <i>de<\/i> a mno\u017estvo.<\/li>\n<li>Zabudnutie na spr\u00e1vny slovosled \u2013 Z\u00e1men\u00e1 patria <b>pred sloveso<\/b>, nie za\u0148.<\/li>\n<li>Chyby pri kombinovan\u00ed viacer\u00fdch z\u00e1men \u2013 Dodr\u017eiavajte v\u017edy spr\u00e1vne poradie z\u00e1men.<\/li>\n<\/ul>\n<h2>Praktick\u00e9 cvi\u010denia a tipy na u\u010denie<\/h2>\n<p>Aby ste si pou\u017e\u00edvanie pronoms adverbiaux osvojili, odpor\u00fa\u010dame:<\/p>\n<ul>\n<li>Precvi\u010dujte prepisovanie viet s predlo\u017ekov\u00fdmi fr\u00e1zami na vety s y alebo en.<\/li>\n<li>Vytvorte si vlastn\u00e9 pr\u00edklady na ka\u017ed\u00e9 pravidlo.<\/li>\n<li>\u010c\u00edtajte franc\u00fazske texty a sledujte, ako rodil\u00ed hovoriaci pou\u017e\u00edvaj\u00fa y a en v re\u00e1lnom kontexte.<\/li>\n<li>Vyu\u017e\u00edvajte Talkpal na simul\u00e1ciu konverz\u00e1ci\u00ed, kde budete musie\u0165 spont\u00e1nne nahradi\u0165 fr\u00e1zy spr\u00e1vnymi z\u00e1menami.<\/li>\n<\/ul>\n<h2>Pre\u010do je ovl\u00e1danie pronoms adverbiaux d\u00f4le\u017eit\u00e9?<\/h2>\n<p>Ovl\u00e1danie y a en je nevyhnutn\u00e9 pre:<\/p>\n<ul>\n<li>Spr\u00e1vnu franc\u00fazsku syntax a gramatiku.<\/li>\n<li>Prirodzenos\u0165 a plynulos\u0165 v \u00fastnom i p\u00edsomnom prejave.<\/li>\n<li>Porozumenie franc\u00fazskym m\u00e9di\u00e1m, knih\u00e1m a konverz\u00e1ci\u00e1m bez potreby zd\u013ahav\u00fdch opisov.<\/li>\n<\/ul>\n<p>Bez spr\u00e1vneho pou\u017e\u00edvania pronoms adverbiaux bude va\u0161a franc\u00faz\u0161tina znie\u0165 neprirodzene a m\u00f4\u017ee vies\u0165 k nedorozumeniam.<\/p>\n<h2>Naj\u010dastej\u0161ie ot\u00e1zky o pronoms adverbiaux<\/h2>\n<h3>1. M\u00f4\u017eem pou\u017ei\u0165 y a en pre osoby?<\/h3>\n<p>Nie, vo v\u00e4\u010d\u0161ine pr\u00edpadov sa y a en <b>nepou\u017e\u00edvaj\u00fa na osoby<\/b>, ale na veci, miesta a abstraktn\u00e9 pojmy. Pre osoby pou\u017eite <a href=\"https:\/\/talkpal.ai\/sk\/grammar\/pronomi-personali-v-talianskej-gramatike\/\">osobn\u00e9 z\u00e1men\u00e1<\/a> (lui, leur, le, la, les).<\/p>\n<h3>2. Ako zist\u00edm, \u010di m\u00e1m pou\u017ei\u0165 y alebo en?<\/h3>\n<p>&#8211; Skontrolujte predlo\u017eku: <b>\u00e0<\/b> (y), <b>de<\/b> (en).<br \/>\n&#8211; Skontrolujte, \u010di ide o miesto alebo mno\u017estvo.<\/p>\n<h3>3. \u010co ak je vo vete \u010d\u00edslo?<\/h3>\n<p>Ak je vo vete \u010d\u00edseln\u00fd \u00fadaj, pou\u017eite en a \u010d\u00edslo ost\u00e1va na konci vety.<br \/>\nPr\u00edklad: Tu as trois pommes? \u2013 Oui, j\u2019<b>en<\/b> ai trois.<\/p>\n<h2>U\u017eito\u010dn\u00e9 fr\u00e1zy a modelov\u00e9 vety s y a en<\/h2>\n<ul>\n<li>J\u2019y pense. \u2013 Mysl\u00edm na to.<\/li>\n<li>Nous en parlons. \u2013 O tom hovor\u00edme.<\/li>\n<li>Ils y vont. \u2013 Id\u00fa tam.<\/li>\n<li>Elle en a besoin. \u2013 Potrebuje to.<\/li>\n<li>Tu en veux? \u2013 Chce\u0161 to?<\/li>\n<\/ul>\n<h2>Tipy na efekt\u00edvne u\u010denie pronoms adverbiaux s Talkpal<\/h2>\n<p>Talkpal je modern\u00e1 <a href=\"https:\/\/talkpal.ai\/es\/descargar-la-aplicacion-talkpal-para-android-e-ios\/\">aplik\u00e1cia<\/a> na u\u010denie jazykov, ktor\u00e1 v\u00e1m umo\u017en\u00ed:<\/p>\n<ul>\n<li>Simulova\u0165 re\u00e1lne konverz\u00e1cie s d\u00f4razom na spr\u00e1vne pou\u017e\u00edvanie y a en.<\/li>\n<li>Precvi\u010di\u0165 si tvorbu viet v r\u00f4znych \u010dasoch a situ\u00e1ci\u00e1ch.<\/li>\n<li>Z\u00edska\u0165 sp\u00e4tn\u00fa v\u00e4zbu na va\u0161e odpovede a opravi\u0165 pr\u00edpadn\u00e9 chyby.<\/li>\n<li>Tr\u00e9nova\u0165 porozumenie i produkciu jazyka v interakt\u00edvnom prostred\u00ed.<\/li>\n<\/ul>\n<p>Pravideln\u00e9 pou\u017e\u00edvanie Talkpal v\u00e1m pom\u00f4\u017ee r\u00fdchlo a efekt\u00edvne zvl\u00e1dnu\u0165 spr\u00e1vne pou\u017e\u00edvanie pr\u00edslovkov\u00fdch z\u00e1men vo franc\u00faz\u0161tine.<\/p>\n<h2>Z\u00e1ver<\/h2>\n<p>Pronoms adverbiaux patria medzi z\u00e1kladn\u00e9 stavebn\u00e9 kamene franc\u00fazskej gramatiky. Spr\u00e1vne zvl\u00e1dnutie z\u00e1men y a en z\u00e1sadne ovplyvn\u00ed va\u0161u schopnos\u0165 plynulo, spr\u00e1vne a prirodzene komunikova\u0165 po franc\u00fazsky. Za\u010dle\u0148te ich do svojho jazykov\u00e9ho tr\u00e9ningu, vyu\u017e\u00edvajte n\u00e1stroje ako Talkpal a \u010doskoro zist\u00edte, \u017ee franc\u00fazske vety s\u00fa pre v\u00e1s jednoduch\u0161ie a zrozumite\u013enej\u0161ie. Nezabudnite, \u017ee prax je k\u013e\u00fa\u010dom k \u00faspechu \u2013 \u010d\u00edm viac budete y a en pou\u017e\u00edva\u0165, t\u00fdm r\u00fdchlej\u0161ie sa stan\u00fa va\u0161ou druhou prirodzenos\u0165ou. Vydajte sa na cestu k plynulej franc\u00faz\u0161tine s istotou a spr\u00e1vnou gramatikou!<\/p>\n","protected":false},"featured_media":1527678,"template":"","language":[12968,12973],"class_list":["post-1080476","grammar","type-grammar","status-publish","has-post-thumbnail","hentry","language-francuzsky","language-zamena-a-determinanty-francuzska-gramatika"],"acf":[],"yoast_head":"<!-- This site is optimized with the Yoast SEO Premium plugin v27.2 (Yoast SEO v27.2) - https:\/\/yoast.com\/product\/yoast-seo-premium-wordpress\/ -->\n<title>Pronoms adverbiaux vo franc\u00fazskej gramatike - Talkpal<\/title>\n<meta name=\"description\" content=\"V behu franc\u00fazskej gramatiky sa m\u00f4\u017eete stretn\u00fa\u0165 s pojmom pronom adverbiaux, teda pr\u00edslovkov\u00e9 z\u00e1men\u00e1. Tieto mal\u00e9, ale siln\u00e9 jazykov\u00e9 jednotky maj\u00fa v\u00fdznamn\u00fd\" \/>\n<meta name=\"robots\" content=\"index, follow, max-snippet:-1, max-image-preview:large, max-video-preview:-1\" \/>\n<link rel=\"canonical\" href=\"https:\/\/talkpal.ai\/sk\/grammar\/pronoms-adverbiaux-vo-francuzskej-gramatike\/\" \/>\n<meta property=\"og:locale\" content=\"sk_SK\" \/>\n<meta property=\"og:type\" content=\"article\" \/>\n<meta property=\"og:title\" content=\"Pronoms adverbiaux vo franc\u00fazskej gramatike\" \/>\n<meta property=\"og:description\" content=\"V behu franc\u00fazskej gramatiky sa m\u00f4\u017eete stretn\u00fa\u0165 s pojmom pronom adverbiaux, teda pr\u00edslovkov\u00e9 z\u00e1men\u00e1. Tieto mal\u00e9, ale siln\u00e9 jazykov\u00e9 jednotky maj\u00fa v\u00fdznamn\u00fd\" \/>\n<meta property=\"og:url\" content=\"https:\/\/talkpal.ai\/sk\/grammar\/pronoms-adverbiaux-vo-francuzskej-gramatike\/\" \/>\n<meta property=\"og:site_name\" content=\"Talkpal\" \/>\n<meta property=\"article:publisher\" content=\"https:\/\/www.facebook.com\/profile.php?id=100090733639311\" \/>\n<meta property=\"og:image\" content=\"https:\/\/talkpal.ai\/wp-content\/uploads\/2025\/02\/Progress-tab-16_9.png\" \/>\n\t<meta property=\"og:image:width\" content=\"2880\" \/>\n\t<meta property=\"og:image:height\" content=\"1620\" \/>\n\t<meta property=\"og:image:type\" content=\"image\/png\" \/>\n<meta name=\"twitter:card\" content=\"summary_large_image\" \/>\n<meta name=\"twitter:site\" content=\"@talkpalai\" \/>\n<meta name=\"twitter:label1\" content=\"Predpokladan\u00fd \u010das \u010d\u00edtania\" \/>\n\t<meta name=\"twitter:data1\" content=\"6 min\u00fat\" \/>\n<script type=\"application\/ld+json\" class=\"yoast-schema-graph\">{\"@context\":\"https:\/\/schema.org\",\"@graph\":[{\"@type\":\"WebPage\",\"@id\":\"https:\/\/talkpal.ai\/sk\/grammar\/pronoms-adverbiaux-vo-francuzskej-gramatike\/\",\"url\":\"https:\/\/talkpal.ai\/sk\/grammar\/pronoms-adverbiaux-vo-francuzskej-gramatike\/\",\"name\":\"Pronoms adverbiaux vo franc\u00fazskej gramatike - Talkpal\",\"isPartOf\":{\"@id\":\"https:\/\/talkpal.ai\/sk\/#website\"},\"primaryImageOfPage\":{\"@id\":\"https:\/\/talkpal.ai\/sk\/grammar\/pronoms-adverbiaux-vo-francuzskej-gramatike\/#primaryimage\"},\"image\":{\"@id\":\"https:\/\/talkpal.ai\/sk\/grammar\/pronoms-adverbiaux-vo-francuzskej-gramatike\/#primaryimage\"},\"thumbnailUrl\":\"https:\/\/talkpal.ai\/wp-content\/uploads\/2025\/12\/group-discussing-lessons-learning-languages.webp\",\"datePublished\":\"2025-07-02T00:16:07+00:00\",\"description\":\"V behu franc\u00fazskej gramatiky sa m\u00f4\u017eete stretn\u00fa\u0165 s pojmom pronom adverbiaux, teda pr\u00edslovkov\u00e9 z\u00e1men\u00e1. Tieto mal\u00e9, ale siln\u00e9 jazykov\u00e9 jednotky maj\u00fa v\u00fdznamn\u00fd\",\"breadcrumb\":{\"@id\":\"https:\/\/talkpal.ai\/sk\/grammar\/pronoms-adverbiaux-vo-francuzskej-gramatike\/#breadcrumb\"},\"inLanguage\":\"sk-SK\",\"potentialAction\":[{\"@type\":\"ReadAction\",\"target\":[\"https:\/\/talkpal.ai\/sk\/grammar\/pronoms-adverbiaux-vo-francuzskej-gramatike\/\"]}]},{\"@type\":\"ImageObject\",\"inLanguage\":\"sk-SK\",\"@id\":\"https:\/\/talkpal.ai\/sk\/grammar\/pronoms-adverbiaux-vo-francuzskej-gramatike\/#primaryimage\",\"url\":\"https:\/\/talkpal.ai\/wp-content\/uploads\/2025\/12\/group-discussing-lessons-learning-languages.webp\",\"contentUrl\":\"https:\/\/talkpal.ai\/wp-content\/uploads\/2025\/12\/group-discussing-lessons-learning-languages.webp\",\"width\":1200,\"height\":896,\"caption\":\"Four people sit at a table and discuss their work while learning languages in a library.\"},{\"@type\":\"BreadcrumbList\",\"@id\":\"https:\/\/talkpal.ai\/sk\/grammar\/pronoms-adverbiaux-vo-francuzskej-gramatike\/#breadcrumb\",\"itemListElement\":[{\"@type\":\"ListItem\",\"position\":1,\"name\":\"Homepage\",\"item\":\"https:\/\/talkpal.ai\/sk\/\"},{\"@type\":\"ListItem\",\"position\":2,\"name\":\"Pronoms adverbiaux vo franc\u00fazskej gramatike\"}]},{\"@type\":\"WebSite\",\"@id\":\"https:\/\/talkpal.ai\/sk\/#website\",\"url\":\"https:\/\/talkpal.ai\/sk\/\",\"name\":\"Talkpal\",\"description\":\"AI Language Learning\",\"publisher\":{\"@id\":\"https:\/\/talkpal.ai\/sk\/#organization\"},\"alternateName\":\"Talkpal AI\",\"potentialAction\":[{\"@type\":\"SearchAction\",\"target\":{\"@type\":\"EntryPoint\",\"urlTemplate\":\"https:\/\/talkpal.ai\/sk\/?s={search_term_string}\"},\"query-input\":{\"@type\":\"PropertyValueSpecification\",\"valueRequired\":true,\"valueName\":\"search_term_string\"}}],\"inLanguage\":\"sk-SK\"},{\"@type\":\"Organization\",\"@id\":\"https:\/\/talkpal.ai\/sk\/#organization\",\"name\":\"Talkpal, Inc.\",\"alternateName\":\"Talkpal AI\",\"url\":\"https:\/\/talkpal.ai\/sk\/\",\"logo\":{\"@type\":\"ImageObject\",\"inLanguage\":\"sk-SK\",\"@id\":\"https:\/\/talkpal.ai\/sk\/#\/schema\/logo\/image\/\",\"url\":\"https:\/\/talkpal.ai\/wp-content\/uploads\/2024\/03\/Talkpal-Logo-Icon.png\",\"contentUrl\":\"https:\/\/talkpal.ai\/wp-content\/uploads\/2024\/03\/Talkpal-Logo-Icon.png\",\"width\":2880,\"height\":2880,\"caption\":\"Talkpal, Inc.\"},\"image\":{\"@id\":\"https:\/\/talkpal.ai\/sk\/#\/schema\/logo\/image\/\"},\"sameAs\":[\"https:\/\/www.facebook.com\/profile.php?id=100090733639311\",\"https:\/\/x.com\/talkpalai\",\"https:\/\/www.linkedin.com\/company\/talkpal\/\",\"https:\/\/www.youtube.com\/@TalkPal\/\",\"https:\/\/www.tiktok.com\/@talkpal\",\"https:\/\/www.instagram.com\/talkpal_ai\/\",\"https:\/\/www.crunchbase.com\/organization\/talkpal-9cde\",\"https:\/\/www.g2.com\/products\/talkpal-for-business\/\",\"https:\/\/www.trustpilot.com\/review\/talkpal.ai\",\"https:\/\/www.capterra.com\/p\/10006800\/TalkPal\/\"],\"description\":\"Talkpal is a language learning web and mobile education app, powered by the latest AI technologies, that provides engaging experiences to its customers in many different languages to help them improve their language skills. Users can chat about unlimited amount of topics with the app and use other modes to practice their language learning.\",\"email\":\"support@talkpal.ai\",\"legalName\":\"Talkpal, Inc.\",\"foundingDate\":\"2023-04-03\",\"duns\":\"118989042\",\"numberOfEmployees\":{\"@type\":\"QuantitativeValue\",\"minValue\":\"11\",\"maxValue\":\"50\"},\"publishingPrinciples\":\"https:\/\/talkpal.ai\/publishing-principles\/\",\"actionableFeedbackPolicy\":\"https:\/\/talkpal.ai\/actionable-feedback-policy\/\",\"correctionsPolicy\":\"https:\/\/talkpal.ai\/corrections-policy\/\",\"ethicsPolicy\":\"https:\/\/talkpal.ai\/ethics-policy\/\",\"diversityPolicy\":\"https:\/\/talkpal.ai\/diversity-policy\/\",\"diversityStaffingReport\":\"https:\/\/talkpal.ai\/diversity-policy\/\"}]}<\/script>\n<!-- \/ Yoast SEO Premium plugin. -->","yoast_head_json":{"title":"Pronoms adverbiaux vo franc\u00fazskej gramatike - Talkpal","description":"V behu franc\u00fazskej gramatiky sa m\u00f4\u017eete stretn\u00fa\u0165 s pojmom pronom adverbiaux, teda pr\u00edslovkov\u00e9 z\u00e1men\u00e1. Tieto mal\u00e9, ale siln\u00e9 jazykov\u00e9 jednotky maj\u00fa v\u00fdznamn\u00fd","robots":{"index":"index","follow":"follow","max-snippet":"max-snippet:-1","max-image-preview":"max-image-preview:large","max-video-preview":"max-video-preview:-1"},"canonical":"https:\/\/talkpal.ai\/sk\/grammar\/pronoms-adverbiaux-vo-francuzskej-gramatike\/","og_locale":"sk_SK","og_type":"article","og_title":"Pronoms adverbiaux vo franc\u00fazskej gramatike","og_description":"V behu franc\u00fazskej gramatiky sa m\u00f4\u017eete stretn\u00fa\u0165 s pojmom pronom adverbiaux, teda pr\u00edslovkov\u00e9 z\u00e1men\u00e1. Tieto mal\u00e9, ale siln\u00e9 jazykov\u00e9 jednotky maj\u00fa v\u00fdznamn\u00fd","og_url":"https:\/\/talkpal.ai\/sk\/grammar\/pronoms-adverbiaux-vo-francuzskej-gramatike\/","og_site_name":"Talkpal","article_publisher":"https:\/\/www.facebook.com\/profile.php?id=100090733639311","og_image":[{"width":2880,"height":1620,"url":"https:\/\/talkpal.ai\/wp-content\/uploads\/2025\/02\/Progress-tab-16_9.png","type":"image\/png"}],"twitter_card":"summary_large_image","twitter_site":"@talkpalai","twitter_misc":{"Predpokladan\u00fd \u010das \u010d\u00edtania":"6 min\u00fat"},"schema":{"@context":"https:\/\/schema.org","@graph":[{"@type":"WebPage","@id":"https:\/\/talkpal.ai\/sk\/grammar\/pronoms-adverbiaux-vo-francuzskej-gramatike\/","url":"https:\/\/talkpal.ai\/sk\/grammar\/pronoms-adverbiaux-vo-francuzskej-gramatike\/","name":"Pronoms adverbiaux vo franc\u00fazskej gramatike - Talkpal","isPartOf":{"@id":"https:\/\/talkpal.ai\/sk\/#website"},"primaryImageOfPage":{"@id":"https:\/\/talkpal.ai\/sk\/grammar\/pronoms-adverbiaux-vo-francuzskej-gramatike\/#primaryimage"},"image":{"@id":"https:\/\/talkpal.ai\/sk\/grammar\/pronoms-adverbiaux-vo-francuzskej-gramatike\/#primaryimage"},"thumbnailUrl":"https:\/\/talkpal.ai\/wp-content\/uploads\/2025\/12\/group-discussing-lessons-learning-languages.webp","datePublished":"2025-07-02T00:16:07+00:00","description":"V behu franc\u00fazskej gramatiky sa m\u00f4\u017eete stretn\u00fa\u0165 s pojmom pronom adverbiaux, teda pr\u00edslovkov\u00e9 z\u00e1men\u00e1. Tieto mal\u00e9, ale siln\u00e9 jazykov\u00e9 jednotky maj\u00fa v\u00fdznamn\u00fd","breadcrumb":{"@id":"https:\/\/talkpal.ai\/sk\/grammar\/pronoms-adverbiaux-vo-francuzskej-gramatike\/#breadcrumb"},"inLanguage":"sk-SK","potentialAction":[{"@type":"ReadAction","target":["https:\/\/talkpal.ai\/sk\/grammar\/pronoms-adverbiaux-vo-francuzskej-gramatike\/"]}]},{"@type":"ImageObject","inLanguage":"sk-SK","@id":"https:\/\/talkpal.ai\/sk\/grammar\/pronoms-adverbiaux-vo-francuzskej-gramatike\/#primaryimage","url":"https:\/\/talkpal.ai\/wp-content\/uploads\/2025\/12\/group-discussing-lessons-learning-languages.webp","contentUrl":"https:\/\/talkpal.ai\/wp-content\/uploads\/2025\/12\/group-discussing-lessons-learning-languages.webp","width":1200,"height":896,"caption":"Four people sit at a table and discuss their work while learning languages in a library."},{"@type":"BreadcrumbList","@id":"https:\/\/talkpal.ai\/sk\/grammar\/pronoms-adverbiaux-vo-francuzskej-gramatike\/#breadcrumb","itemListElement":[{"@type":"ListItem","position":1,"name":"Homepage","item":"https:\/\/talkpal.ai\/sk\/"},{"@type":"ListItem","position":2,"name":"Pronoms adverbiaux vo franc\u00fazskej gramatike"}]},{"@type":"WebSite","@id":"https:\/\/talkpal.ai\/sk\/#website","url":"https:\/\/talkpal.ai\/sk\/","name":"Talkpal","description":"AI Language Learning","publisher":{"@id":"https:\/\/talkpal.ai\/sk\/#organization"},"alternateName":"Talkpal AI","potentialAction":[{"@type":"SearchAction","target":{"@type":"EntryPoint","urlTemplate":"https:\/\/talkpal.ai\/sk\/?s={search_term_string}"},"query-input":{"@type":"PropertyValueSpecification","valueRequired":true,"valueName":"search_term_string"}}],"inLanguage":"sk-SK"},{"@type":"Organization","@id":"https:\/\/talkpal.ai\/sk\/#organization","name":"Talkpal, Inc.","alternateName":"Talkpal AI","url":"https:\/\/talkpal.ai\/sk\/","logo":{"@type":"ImageObject","inLanguage":"sk-SK","@id":"https:\/\/talkpal.ai\/sk\/#\/schema\/logo\/image\/","url":"https:\/\/talkpal.ai\/wp-content\/uploads\/2024\/03\/Talkpal-Logo-Icon.png","contentUrl":"https:\/\/talkpal.ai\/wp-content\/uploads\/2024\/03\/Talkpal-Logo-Icon.png","width":2880,"height":2880,"caption":"Talkpal, Inc."},"image":{"@id":"https:\/\/talkpal.ai\/sk\/#\/schema\/logo\/image\/"},"sameAs":["https:\/\/www.facebook.com\/profile.php?id=100090733639311","https:\/\/x.com\/talkpalai","https:\/\/www.linkedin.com\/company\/talkpal\/","https:\/\/www.youtube.com\/@TalkPal\/","https:\/\/www.tiktok.com\/@talkpal","https:\/\/www.instagram.com\/talkpal_ai\/","https:\/\/www.crunchbase.com\/organization\/talkpal-9cde","https:\/\/www.g2.com\/products\/talkpal-for-business\/","https:\/\/www.trustpilot.com\/review\/talkpal.ai","https:\/\/www.capterra.com\/p\/10006800\/TalkPal\/"],"description":"Talkpal is a language learning web and mobile education app, powered by the latest AI technologies, that provides engaging experiences to its customers in many different languages to help them improve their language skills. Users can chat about unlimited amount of topics with the app and use other modes to practice their language learning.","email":"support@talkpal.ai","legalName":"Talkpal, Inc.","foundingDate":"2023-04-03","duns":"118989042","numberOfEmployees":{"@type":"QuantitativeValue","minValue":"11","maxValue":"50"},"publishingPrinciples":"https:\/\/talkpal.ai\/publishing-principles\/","actionableFeedbackPolicy":"https:\/\/talkpal.ai\/actionable-feedback-policy\/","correctionsPolicy":"https:\/\/talkpal.ai\/corrections-policy\/","ethicsPolicy":"https:\/\/talkpal.ai\/ethics-policy\/","diversityPolicy":"https:\/\/talkpal.ai\/diversity-policy\/","diversityStaffingReport":"https:\/\/talkpal.ai\/diversity-policy\/"}]}},"_links":{"self":[{"href":"https:\/\/talkpal.ai\/sk\/wp-json\/wp\/v2\/grammar\/1080476","targetHints":{"allow":["GET"]}}],"collection":[{"href":"https:\/\/talkpal.ai\/sk\/wp-json\/wp\/v2\/grammar"}],"about":[{"href":"https:\/\/talkpal.ai\/sk\/wp-json\/wp\/v2\/types\/grammar"}],"wp:featuredmedia":[{"embeddable":true,"href":"https:\/\/talkpal.ai\/sk\/wp-json\/wp\/v2\/media\/1527678"}],"wp:attachment":[{"href":"https:\/\/talkpal.ai\/sk\/wp-json\/wp\/v2\/media?parent=1080476"}],"wp:term":[{"taxonomy":"language","embeddable":true,"href":"https:\/\/talkpal.ai\/sk\/wp-json\/wp\/v2\/language?post=1080476"}],"curies":[{"name":"wp","href":"https:\/\/api.w.org\/{rel}","templated":true}]}}